{"id":2585,"date":"2016-11-09T21:46:54","date_gmt":"2016-11-09T21:46:54","guid":{"rendered":"http:\/\/blogsaverroes.juntadeandalucia.es\/ceipelzargal\/?page_id=2585"},"modified":"2021-11-04T17:30:57","modified_gmt":"2021-11-04T17:30:57","slug":"consejo-infantil-del-parque-de-las-ciencias-de-granada","status":"publish","type":"page","link":"https:\/\/blogsaverroes.juntadeandalucia.es\/ceipelzargal\/biblioteca\/consejo-infantil-del-parque-de-las-ciencias-de-granada\/","title":{"rendered":"Consejo Infantil del Parque de las Ciencias de Granada"},"content":{"rendered":"<p style=\"text-align: justify\"><a href=\"http:\/\/blogsaverroes.juntadeandalucia.es\/ceipelzargal\/files\/2016\/11\/iconoConsejoP.gif\"><img loading=\"lazy\" decoding=\"async\" class=\"alignright size-full wp-image-2587\" src=\"http:\/\/blogsaverroes.juntadeandalucia.es\/ceipelzargal\/files\/2016\/11\/iconoConsejoP.gif\" alt=\"iconoConsejoP\" width=\"100\" height=\"88\"><\/a><\/p>\n<p><img loading=\"lazy\" decoding=\"async\" class=\"alignleft size-medium wp-image-4615\" src=\"https:\/\/blogsaverroes.juntadeandalucia.es\/ceipelzargal\/files\/2021\/04\/Captura-300x43.png\" alt=\"\" width=\"300\" height=\"43\" srcset=\"https:\/\/blogsaverroes.juntadeandalucia.es\/ceipelzargal\/files\/2021\/04\/Captura-300x43.png 300w, https:\/\/blogsaverroes.juntadeandalucia.es\/ceipelzargal\/files\/2021\/04\/Captura-768x110.png 768w, https:\/\/blogsaverroes.juntadeandalucia.es\/ceipelzargal\/files\/2021\/04\/Captura-700x100.png 700w, https:\/\/blogsaverroes.juntadeandalucia.es\/ceipelzargal\/files\/2021\/04\/Captura.png 979w\" sizes=\"(max-width: 300px) 100vw, 300px\" \/><\/p>\n<p>&nbsp;<\/p>\n<p>&nbsp;<\/p>\n<p>CURSO 21-22<\/p>\n<p><a href=\"https:\/\/blogsaverroes.juntadeandalucia.es\/ceipelzargal\/files\/2021\/10\/CONSEJEROS-INFANTIL-PARQUE-DE-LAS-CIENCIAS-2022-sin-apellidos.jpg\"><img loading=\"lazy\" decoding=\"async\" class=\"alignleft size-medium wp-image-4837\" src=\"https:\/\/blogsaverroes.juntadeandalucia.es\/ceipelzargal\/files\/2021\/10\/CONSEJEROS-INFANTIL-PARQUE-DE-LAS-CIENCIAS-2022-sin-apellidos-300x206.jpg\" alt=\"\" width=\"300\" height=\"206\" srcset=\"https:\/\/blogsaverroes.juntadeandalucia.es\/ceipelzargal\/files\/2021\/10\/CONSEJEROS-INFANTIL-PARQUE-DE-LAS-CIENCIAS-2022-sin-apellidos-300x206.jpg 300w, https:\/\/blogsaverroes.juntadeandalucia.es\/ceipelzargal\/files\/2021\/10\/CONSEJEROS-INFANTIL-PARQUE-DE-LAS-CIENCIAS-2022-sin-apellidos-1024x704.jpg 1024w, https:\/\/blogsaverroes.juntadeandalucia.es\/ceipelzargal\/files\/2021\/10\/CONSEJEROS-INFANTIL-PARQUE-DE-LAS-CIENCIAS-2022-sin-apellidos-768x528.jpg 768w, https:\/\/blogsaverroes.juntadeandalucia.es\/ceipelzargal\/files\/2021\/10\/CONSEJEROS-INFANTIL-PARQUE-DE-LAS-CIENCIAS-2022-sin-apellidos-1536x1057.jpg 1536w, https:\/\/blogsaverroes.juntadeandalucia.es\/ceipelzargal\/files\/2021\/10\/CONSEJEROS-INFANTIL-PARQUE-DE-LAS-CIENCIAS-2022-sin-apellidos-700x481.jpg 700w, https:\/\/blogsaverroes.juntadeandalucia.es\/ceipelzargal\/files\/2021\/10\/CONSEJEROS-INFANTIL-PARQUE-DE-LAS-CIENCIAS-2022-sin-apellidos.jpg 1600w\" sizes=\"(max-width: 300px) 100vw, 300px\" \/><\/a> <a href=\"https:\/\/blogsaverroes.juntadeandalucia.es\/ceipelzargal\/files\/2021\/10\/CONSEJEROS-INFANTIL-PARQUE-DE-LAS-CIENCIAS-21-22-6\u00ba.jpg\"><img loading=\"lazy\" decoding=\"async\" class=\"alignleft size-medium wp-image-4836\" src=\"https:\/\/blogsaverroes.juntadeandalucia.es\/ceipelzargal\/files\/2021\/10\/CONSEJEROS-INFANTIL-PARQUE-DE-LAS-CIENCIAS-21-22-6\u00ba-300x212.jpg\" alt=\"\" width=\"300\" height=\"212\" srcset=\"https:\/\/blogsaverroes.juntadeandalucia.es\/ceipelzargal\/files\/2021\/10\/CONSEJEROS-INFANTIL-PARQUE-DE-LAS-CIENCIAS-21-22-6\u00ba-300x212.jpg 300w, https:\/\/blogsaverroes.juntadeandalucia.es\/ceipelzargal\/files\/2021\/10\/CONSEJEROS-INFANTIL-PARQUE-DE-LAS-CIENCIAS-21-22-6\u00ba-1024x724.jpg 1024w, https:\/\/blogsaverroes.juntadeandalucia.es\/ceipelzargal\/files\/2021\/10\/CONSEJEROS-INFANTIL-PARQUE-DE-LAS-CIENCIAS-21-22-6\u00ba-768x543.jpg 768w, https:\/\/blogsaverroes.juntadeandalucia.es\/ceipelzargal\/files\/2021\/10\/CONSEJEROS-INFANTIL-PARQUE-DE-LAS-CIENCIAS-21-22-6\u00ba-1536x1086.jpg 1536w, https:\/\/blogsaverroes.juntadeandalucia.es\/ceipelzargal\/files\/2021\/10\/CONSEJEROS-INFANTIL-PARQUE-DE-LAS-CIENCIAS-21-22-6\u00ba-2048x1447.jpg 2048w, https:\/\/blogsaverroes.juntadeandalucia.es\/ceipelzargal\/files\/2021\/10\/CONSEJEROS-INFANTIL-PARQUE-DE-LAS-CIENCIAS-21-22-6\u00ba-700x495.jpg 700w, https:\/\/blogsaverroes.juntadeandalucia.es\/ceipelzargal\/files\/2021\/10\/CONSEJEROS-INFANTIL-PARQUE-DE-LAS-CIENCIAS-21-22-6\u00ba.jpg 1600w\" sizes=\"(max-width: 300px) 100vw, 300px\" \/><\/a><\/p>\n<p>&nbsp;<\/p>\n<p>&nbsp;<\/p>\n<p>&nbsp;<\/p>\n<p>&nbsp;<\/p>\n<p>&nbsp;<\/p>\n<p>&nbsp;<\/p>\n<p>&nbsp;<\/p>\n<p>&nbsp;<\/p>\n<p>&nbsp;<\/p>\n<p>&nbsp;<\/p>\n<p>&nbsp;<\/p>\n<p>CURSO 2020-21<\/p>\n<p><strong>CONSEJEROS-AS:<\/strong><\/p>\n<p><img loading=\"lazy\" decoding=\"async\" class=\"alignleft size-medium wp-image-4670\" src=\"https:\/\/blogsaverroes.juntadeandalucia.es\/ceipelzargal\/files\/2021\/05\/CONSEJEROS-6\u00ba-300x206.png\" alt=\"\" width=\"300\" height=\"206\" srcset=\"https:\/\/blogsaverroes.juntadeandalucia.es\/ceipelzargal\/files\/2021\/05\/CONSEJEROS-6\u00ba-300x206.png 300w, https:\/\/blogsaverroes.juntadeandalucia.es\/ceipelzargal\/files\/2021\/05\/CONSEJEROS-6\u00ba-768x528.png 768w, https:\/\/blogsaverroes.juntadeandalucia.es\/ceipelzargal\/files\/2021\/05\/CONSEJEROS-6\u00ba-700x481.png 700w, https:\/\/blogsaverroes.juntadeandalucia.es\/ceipelzargal\/files\/2021\/05\/CONSEJEROS-6\u00ba.png 982w\" sizes=\"(max-width: 300px) 100vw, 300px\" \/> <img loading=\"lazy\" decoding=\"async\" class=\"alignleft size-medium wp-image-4668\" src=\"https:\/\/blogsaverroes.juntadeandalucia.es\/ceipelzargal\/files\/2021\/05\/Captura-3-300x183.png\" alt=\"\" width=\"300\" height=\"183\" srcset=\"https:\/\/blogsaverroes.juntadeandalucia.es\/ceipelzargal\/files\/2021\/05\/Captura-3-300x183.png 300w, https:\/\/blogsaverroes.juntadeandalucia.es\/ceipelzargal\/files\/2021\/05\/Captura-3-1024x626.png 1024w, https:\/\/blogsaverroes.juntadeandalucia.es\/ceipelzargal\/files\/2021\/05\/Captura-3-768x469.png 768w, https:\/\/blogsaverroes.juntadeandalucia.es\/ceipelzargal\/files\/2021\/05\/Captura-3-268x164.png 268w, https:\/\/blogsaverroes.juntadeandalucia.es\/ceipelzargal\/files\/2021\/05\/Captura-3-700x428.png 700w, https:\/\/blogsaverroes.juntadeandalucia.es\/ceipelzargal\/files\/2021\/05\/Captura-3.png 1067w\" sizes=\"(max-width: 300px) 100vw, 300px\" \/><\/p>\n<p>&nbsp;<\/p>\n<p>&nbsp;<\/p>\n<p>&nbsp;<\/p>\n<p>&nbsp;<\/p>\n<p>&nbsp;<\/p>\n<p style=\"text-align: center\"><img loading=\"lazy\" decoding=\"async\" class=\"alignleft size-medium wp-image-4673\" src=\"https:\/\/blogsaverroes.juntadeandalucia.es\/ceipelzargal\/files\/2021\/05\/WhatsApp-Image-2021-05-14-at-16.02.31-2-300x165.jpeg\" alt=\"\" width=\"300\" height=\"165\" srcset=\"https:\/\/blogsaverroes.juntadeandalucia.es\/ceipelzargal\/files\/2021\/05\/WhatsApp-Image-2021-05-14-at-16.02.31-2-300x165.jpeg 300w, https:\/\/blogsaverroes.juntadeandalucia.es\/ceipelzargal\/files\/2021\/05\/WhatsApp-Image-2021-05-14-at-16.02.31-2-1024x565.jpeg 1024w, https:\/\/blogsaverroes.juntadeandalucia.es\/ceipelzargal\/files\/2021\/05\/WhatsApp-Image-2021-05-14-at-16.02.31-2-768x424.jpeg 768w, https:\/\/blogsaverroes.juntadeandalucia.es\/ceipelzargal\/files\/2021\/05\/WhatsApp-Image-2021-05-14-at-16.02.31-2-1536x847.jpeg 1536w, https:\/\/blogsaverroes.juntadeandalucia.es\/ceipelzargal\/files\/2021\/05\/WhatsApp-Image-2021-05-14-at-16.02.31-2-700x386.jpeg 700w, https:\/\/blogsaverroes.juntadeandalucia.es\/ceipelzargal\/files\/2021\/05\/WhatsApp-Image-2021-05-14-at-16.02.31-2.jpeg 1600w\" sizes=\"(max-width: 300px) 100vw, 300px\" \/> <img loading=\"lazy\" decoding=\"async\" class=\"alignleft size-medium wp-image-4674\" src=\"https:\/\/blogsaverroes.juntadeandalucia.es\/ceipelzargal\/files\/2021\/05\/WhatsApp-Image-2021-05-14-at-16.02.31-4-300x185.jpeg\" alt=\"\" width=\"300\" height=\"185\" srcset=\"https:\/\/blogsaverroes.juntadeandalucia.es\/ceipelzargal\/files\/2021\/05\/WhatsApp-Image-2021-05-14-at-16.02.31-4-300x185.jpeg 300w, https:\/\/blogsaverroes.juntadeandalucia.es\/ceipelzargal\/files\/2021\/05\/WhatsApp-Image-2021-05-14-at-16.02.31-4-1024x630.jpeg 1024w, https:\/\/blogsaverroes.juntadeandalucia.es\/ceipelzargal\/files\/2021\/05\/WhatsApp-Image-2021-05-14-at-16.02.31-4-768x473.jpeg 768w, https:\/\/blogsaverroes.juntadeandalucia.es\/ceipelzargal\/files\/2021\/05\/WhatsApp-Image-2021-05-14-at-16.02.31-4-1536x946.jpeg 1536w, https:\/\/blogsaverroes.juntadeandalucia.es\/ceipelzargal\/files\/2021\/05\/WhatsApp-Image-2021-05-14-at-16.02.31-4-332x205.jpeg 332w, https:\/\/blogsaverroes.juntadeandalucia.es\/ceipelzargal\/files\/2021\/05\/WhatsApp-Image-2021-05-14-at-16.02.31-4-268x164.jpeg 268w, https:\/\/blogsaverroes.juntadeandalucia.es\/ceipelzargal\/files\/2021\/05\/WhatsApp-Image-2021-05-14-at-16.02.31-4-700x431.jpeg 700w, https:\/\/blogsaverroes.juntadeandalucia.es\/ceipelzargal\/files\/2021\/05\/WhatsApp-Image-2021-05-14-at-16.02.31-4.jpeg 1600w\" sizes=\"(max-width: 300px) 100vw, 300px\" \/><\/p>\n<p>&nbsp;<\/p>\n<p>&nbsp;<\/p>\n<p>&nbsp;<\/p>\n<p>&nbsp;<\/p>\n<p>&nbsp;<\/p>\n<p>Nuestro centro pertenece al Consejo Infantil del Parque de las Ciencias de Granada. Junto con nosotros est\u00e1n: Caja Granada, CEIP Abencerrajes y CEIP Sierra Nevada.<\/p>\n<p>Cada a\u00f1o dos consejeros-as por clase pertenecientes al tercer ciclo (5\u00ba y 6\u00aa) acuden al Parque de las Ciencias para hacer sugerencias sobre el Parque que quieren y c\u00f3mo lo quieren. La actividad es muy interesante.<\/p>\n<p>Cada vez que tenemos reuniones escuchan a sus clases traslad\u00e1ndole posteriormente los acuerdos que se han alcanzado.<\/p>\n<p style=\"text-align: center\"><span style=\"color: #008000\"><a href=\"http:\/\/consejoinfantilpc.blogspot.com.es\/\"><strong><span style=\"color: #008000\">CLIC AQU\u00cd PARA IR AL BLOG DEL CONSEJO INFANTIL<\/span><\/strong><\/a><\/span><\/p>\n<p><span style=\"font-size: 16pt\">Noticias de los consejeros del CEIP EL ZARGAL<\/span><\/p>\n<p style=\"text-align: justify\"><a href=\"http:\/\/blogsaverroes.juntadeandalucia.es\/ceipelzargal\/files\/2016\/11\/iconoConsejoP.gif\">2\u00aa reuni\u00f2n 2017\/2018<\/a><\/p>\n<p>Tal como quedamos en la pasada reuni\u00f3n en la biblioteca del colegio os dejo los enlaces con la informaci\u00f3n sobre la expo de FRATO<\/p>\n<p><a href=\"https:\/\/blogsaverroes.juntadeandalucia.es\/ceipelzargal\/files\/2016\/11\/Triptico_FRATO.pdf\">Tr\u00edptico exposici\u00f3n FRATO<\/a><\/p>\n<p><a href=\"https:\/\/blogsaverroes.juntadeandalucia.es\/ceipelzargal\/files\/2018\/01\/Dossier_de_prensa_FRATO_2016.pdf\">Dossier de prensa exposici\u00f3n de FRATO<\/a><\/p>\n<p>Por otra parte os detallo el orden del d\u00eda para la reuni\u00f3n del pr\u00f3ximo d\u00eda 25:<\/p>\n<p><span style=\"font-family: Calibri, Verdana, Helvetica, Arial\">Segunda reuni\u00f3n Consejo Infantil, 25 de enero a las 10h:<br \/>\n<\/span><\/p>\n<ol>\n<li><span style=\"font-family: Calibri, Verdana, Helvetica, Arial\">Videoconferencia con el Consejo Infantil del Museo de las Artes y las Ciencias de Valencia. Como en la anterior ocasi\u00f3n&nbsp;<b>dos alumnos por centro para hablar<\/b>&nbsp;y el resto, atr\u00e1s, con la posibilidad de participar si lo desean. Para esta videoconferencia nos vamos a centrar en los siguientes puntos que pod\u00e9is ir adelantando con los consejeros y consejeras:<br \/>\n<\/span><\/p>\n<ul>\n<li><span style=\"font-family: Calibri, Verdana, Helvetica, Arial\">Saludo entre Consejos<\/span><\/li>\n<li><span style=\"font-family: Calibri, Verdana, Helvetica, Arial\"><span style=\"color: #0000ff\">Intervenci\u00f3n Consejo Valencia, donde nos cuentan su experiencia de visita la Exposici\u00f3n Frato. Para que los chicos contextualicen la exposici\u00f3n de Frato os dejo una serie de documentos con informaci\u00f3n sobre la exposici\u00f3n<\/span><\/span><\/li>\n<li><span style=\"font-family: Calibri, Verdana, Helvetica, Arial\">Informaci\u00f3n sobre el Blog del Consejo Infantil Parque de las Ciencias: informaci\u00f3n, contenido, creaci\u00f3n y uso del mismo.&nbsp; <b>(El CEIP EL ZARGAL se encargar\u00e1 de desarrollarlo y defenderlo en la videoconferencia).<\/b><\/span><\/li>\n<li><span style=\"font-family: Calibri, Verdana, Helvetica, Arial\"><span style=\"color: #0000ff\">El Consejo de Valencia nos pone al corriente de los avances que se han hecho en la propuesta de hacer un blog conjunto.<\/span><\/span><\/li>\n<li><span style=\"font-family: Calibri, Verdana, Helvetica, Arial\">Propuesta de acciones a realizar por parte de los Consejos durante sus futuras &nbsp;visitas profesionales a los respectivos Museo.&nbsp;<b>(El CEIP Sierra Nevada se encargar\u00e1 de desarrollarlo y defenderlo en la videoconferencia)<\/b><b>.<\/b><\/span><\/li>\n<li><span style=\"font-family: Calibri, Verdana, Helvetica, Arial\"><span style=\"color: #0000ff\">Fedback Valencia<\/span><\/span><\/li>\n<li><span style=\"font-family: Calibri, Verdana, Helvetica, Arial\">Propuestas de petici\u00f3n a la direcci\u00f3n del Museo para solicitar realizar una visita profesional al Museo de Valencia. A<b>&nbsp;realizar entre dos centros<\/b>, para este punto os pedir\u00eda que me indicarais quienes se encargar\u00e1 de desarrollarlo y defenderlo en la videoconferencia.<br \/>\n<\/span><\/li>\n<\/ul>\n<\/li>\n<li><span style=\"font-family: Calibri, Verdana, Helvetica, Arial\">Procedimiento para que los chicos y chicas puedan hacer entradas en el blog.<\/span><\/li>\n<li><span style=\"font-family: Calibri, Verdana, Helvetica, Arial\">Visita de la oficina ESERO<\/span><\/li>\n<li><span style=\"font-family: Calibri, Verdana, Helvetica, Arial\">Foto de familia para la Web y el Blog<\/span><\/li>\n<\/ol>\n<p>FIN<\/p>\n<p style=\"text-align: justify\">1\u00aa reuni\u00f3n 2017\/2018<\/p>\n<p style=\"text-align: justify\">Para la pr\u00f3xima reuni\u00f3n del d\u00eda 27 de abril os dejo el orden del d\u00eda:<\/p>\n<ol>\n<li>Visita y demostraciones de las actividades que se ofertan en el taller &nbsp;de Robots.<\/li>\n<li>Visita guiada a la Exposici\u00f3n<\/li>\n<li>Seg\u00fan vayamos de tiempo nos podemos reunir para recoger las aportaciones al documento de Derechos y Deberes que presentaron el grupo del Colegio Caja de Ahorros ( os lo adjunto de nuevo)<br \/>\n<h3><a href=\"http:\/\/blogsaverroes.juntadeandalucia.es\/ceipelzargal\/files\/2017\/04\/DERECHOS-Y-DEBERES-copia-2.pptx\">ENLACE A LA PRESENTACI\u00d3N<\/a><\/h3>\n<\/li>\n<li>Otros<\/li>\n<\/ol>\n<p style=\"text-align: justify\">El pasado d\u00eda 3 de noviembre tuvo lugar la primera reuni\u00f3n del curso 2016\/2017 del Consejo Infantil del Parque de las Ciencias de Granada. Esta ha sido la primera ocasi\u00f3n en la que formalmente han participado el alumnado del CEIP El Zargal. Nuestros alumnos y alumnas expresaron una gran ilusi\u00f3n por la importancia de sentir que todas sus aportaciones e ideas pudieran ser o\u00eddos y tomadas en consideraci\u00f3n con respeto por el Consejo Infantil. Todos se sintieron bien acogidos y como miembros de una \u00abfamilia\u00bb.<\/p>\n<h2 style=\"text-align: justify\"><a href=\"http:\/\/consejoinfantilpc.blogspot.com.es\/\">A partir de ahora podr\u00e1s leer todo sobre el Consejo Infantil en el BLOG DEL CONSEJO INFANTIL DEL PARQUE DE LAS CIENCIAS (vis\u00edtalo en este enlace)<\/a><\/h2>\n<p style=\"text-align: justify\"><a href=\"http:\/\/blogsaverroes.juntadeandalucia.es\/ceipelzargal\/files\/2016\/11\/Consejo-Infantil-Zargal.png\"><img loading=\"lazy\" decoding=\"async\" class=\"alignright size-large wp-image-2588\" src=\"http:\/\/blogsaverroes.juntadeandalucia.es\/ceipelzargal\/files\/2016\/11\/Consejo-Infantil-Zargal-1024x451.png\" alt=\"Consejo Infantil Zargal\" width=\"660\" height=\"291\" srcset=\"https:\/\/blogsaverroes.juntadeandalucia.es\/ceipelzargal\/files\/2016\/11\/Consejo-Infantil-Zargal-1024x451.png 1024w, https:\/\/blogsaverroes.juntadeandalucia.es\/ceipelzargal\/files\/2016\/11\/Consejo-Infantil-Zargal-300x132.png 300w, https:\/\/blogsaverroes.juntadeandalucia.es\/ceipelzargal\/files\/2016\/11\/Consejo-Infantil-Zargal-700x308.png 700w, https:\/\/blogsaverroes.juntadeandalucia.es\/ceipelzargal\/files\/2016\/11\/Consejo-Infantil-Zargal.png 1600w\" sizes=\"(max-width: 660px) 100vw, 660px\" \/><\/a><\/p>\n","protected":false},"excerpt":{"rendered":"<p>&nbsp; &nbsp; CURSO 21-22 &nbsp; &nbsp; &nbsp; &nbsp; &nbsp; &nbsp; &nbsp; &nbsp; &nbsp; &nbsp; &nbsp; CURSO 2020-21 CONSEJEROS-AS: &nbsp; &nbsp; &nbsp; &nbsp; &nbsp; &nbsp; &nbsp; &nbsp; &nbsp; &nbsp; Nuestro centro pertenece al Consejo Infantil del Parque de las Ciencias de Granada. Junto con nosotros est\u00e1n: Caja Granada, CEIP Abencerrajes y CEIP Sierra Nevada. Cada a\u00f1o [&hellip;]<\/p>\n","protected":false},"author":3817,"featured_media":4671,"parent":113,"menu_order":0,"comment_status":"open","ping_status":"open","template":"","meta":{"ngg_post_thumbnail":0,"footnotes":"","_mc_calendar":[]},"aioseo_notices":[],"_links":{"self":[{"href":"https:\/\/blogsaverroes.juntadeandalucia.es\/ceipelzargal\/wp-json\/wp\/v2\/pages\/2585"}],"collection":[{"href":"https:\/\/blogsaverroes.juntadeandalucia.es\/ceipelzargal\/wp-json\/wp\/v2\/pages"}],"about":[{"href":"https:\/\/blogsaverroes.juntadeandalucia.es\/ceipelzargal\/wp-json\/wp\/v2\/types\/page"}],"author":[{"embeddable":true,"href":"https:\/\/blogsaverroes.juntadeandalucia.es\/ceipelzargal\/wp-json\/wp\/v2\/users\/3817"}],"replies":[{"embeddable":true,"href":"https:\/\/blogsaverroes.juntadeandalucia.es\/ceipelzargal\/wp-json\/wp\/v2\/comments?post=2585"}],"version-history":[{"count":14,"href":"https:\/\/blogsaverroes.juntadeandalucia.es\/ceipelzargal\/wp-json\/wp\/v2\/pages\/2585\/revisions"}],"predecessor-version":[{"id":4896,"href":"https:\/\/blogsaverroes.juntadeandalucia.es\/ceipelzargal\/wp-json\/wp\/v2\/pages\/2585\/revisions\/4896"}],"up":[{"embeddable":true,"href":"https:\/\/blogsaverroes.juntadeandalucia.es\/ceipelzargal\/wp-json\/wp\/v2\/pages\/113"}],"wp:featuredmedia":[{"embeddable":true,"href":"https:\/\/blogsaverroes.juntadeandalucia.es\/ceipelzargal\/wp-json\/wp\/v2\/media\/4671"}],"wp:attachment":[{"href":"https:\/\/blogsaverroes.juntadeandalucia.es\/ceipelzargal\/wp-json\/wp\/v2\/media?parent=2585"}],"curies":[{"name":"wp","href":"https:\/\/api.w.org\/{rel}","templated":true}]}}