{"id":870,"date":"2015-03-16T07:24:27","date_gmt":"2015-03-16T07:24:27","guid":{"rendered":"http:\/\/blogsaverroes.juntadeandalucia.es\/pre\/ceip\/?page_id=103"},"modified":"2024-02-22T11:01:23","modified_gmt":"2024-02-22T11:01:23","slug":"aula-matinal","status":"publish","type":"page","link":"https:\/\/blogsaverroes.juntadeandalucia.es\/ceipelzargal\/aula-matinal\/","title":{"rendered":"Aula Matinal"},"content":{"rendered":"<p><a href=\"http:\/\/blogsaverroes.juntadeandalucia.es\/ceipelzargal\/files\/2015\/03\/20160919_090514.jpg\"><img loading=\"lazy\" decoding=\"async\" class=\" wp-image-2353 aligncenter\" src=\"http:\/\/blogsaverroes.juntadeandalucia.es\/ceipelzargal\/files\/2015\/03\/20160919_090514-300x105.jpg\" alt=\"20160919_090514\" width=\"337\" height=\"126\"><\/a><\/p>\n<p style=\"text-align: justify\"><strong>Actividades Deportivas Mancha Real C.P.M. S.L., es la empresa que gestiona el servicio de aula <\/strong><strong>matinal en nuestro centro educativo en el curso escolar 2023\/2024.<\/strong><\/p>\n<p>ACTIVIDADES CPM<br \/>\nAvda. Juan Carlos I, 28 Bj.<br \/>\nMancha Real. JA\u00c9N.<br \/>\nTel\/Fax: 953.352.972<br \/>\ninfo@actividadescpm.com<\/p>\n<p style=\"text-align: justify\">El <strong>Aula Matinal<\/strong> abre a las 7.30 horas de lunes a viernes, ofreciendo actividades diversas a los estudiantes hasta las 09:00 horas&nbsp; que es cuando comienza del horario lectivo.<\/p>\n<p>Informaci\u00f3n sobre cobros:<\/p>\n<p>Para gestionar bien el cobro de los diferentes recibos del servicio de aula matinal, indicamos unas pautas para una mejor comunicaci\u00f3n entre las partes:<br \/>\n1.- El cobro de recibos de aula matinal se realiza por domiciliaci\u00f3n bancaria seg\u00fan el n\u00famero de cuenta indicado por cada familia al realizar la inscripci\u00f3n al servicio en el centro educativo.<br \/>\n2.- Dicho cobro se realizar\u00e1 siempre a mes vencido, es decir, una vez que haya concluido el mes de servicio (entre el 1 y el 10 del mes posterior) siempre por domiciliaci\u00f3n bancaria como hemos indicado anteriormente.<br \/>\n3.- Si la familia realiza un cambio de n\u00famero de cuenta, debe informarlo en la secretar\u00eda del centro educativo, pero tambi\u00e9n a la empresa por las v\u00edas que indicamos a continuaci\u00f3n para que no haya problemas a la hora del cobro:<br \/>\n*V\u00eda telef\u00f3nica: 953352972(de 9 a 13:30 de lunes a viernes)<br \/>\n*V\u00eda email: info@actividadescpm.com<br \/>\n4.- Si se produce una devoluci\u00f3n de forma no justificada, el gasto ocasionado por dicha devoluci\u00f3n, ser\u00e1 asumido por la familia.<br \/>\n5.- Las familias se podr\u00e1n poner en contacto con la empresa para cualquier consulta o duda referente al servicio de aula matinal por las v\u00edas indicadas anteriormente.<br \/>\n6.- La empresa emitir\u00e1 mensualmente los recibos con el nombre de Actividades CPM, para que al verlo sep\u00e1is que se trata del recibo de aula matinal.<br \/>\nOs facilitamos los precios p\u00fablicos aprobados para el curso 2023-2024 para el servicio de aula matinal, seg\u00fan el Acuerdo de 27 de julio de 2023, del Consejo de Gobierno, por los que se fija la cuant\u00eda de los precios p\u00fablicos de los servicios complementarios de aula matinal, comedor escolar y actividades extraescolares. Son los siguientes: (la bonificaci\u00f3n deben solicitarla en el centro educativo para que se pueda aplicar si la tuvieran).<\/p>\n<table style=\"width: 114.394%;height: 522px\" width=\"707\">\n<tbody>\n<tr>\n<td style=\"width: 24.2424%\" width=\"168\">Bonificaci\u00f3n aplicada<\/td>\n<td style=\"width: 30.6061%\" width=\"217\">Precio por d\u00eda suelto<\/td>\n<td style=\"width: 56.2582%\" width=\"322\">Precio mensual(m\u00e1s de 13 d\u00edas de asistencia)<\/td>\n<\/tr>\n<tr>\n<td style=\"width: 24.2424%\" width=\"168\">0%<\/td>\n<td style=\"width: 30.6061%\" width=\"217\">&nbsp;&nbsp;&nbsp;&nbsp;&nbsp;&nbsp;&nbsp;&nbsp;&nbsp;&nbsp;&nbsp;&nbsp;&nbsp;&nbsp;&nbsp;&nbsp;&nbsp;&nbsp;&nbsp;&nbsp; 1,33\u20ac &nbsp;&nbsp;&nbsp;&nbsp;&nbsp;&nbsp;&nbsp;&nbsp;&nbsp;&nbsp;&nbsp;&nbsp;&nbsp;&nbsp;&nbsp;&nbsp;&nbsp;&nbsp;&nbsp; &nbsp;<\/td>\n<td style=\"width: 56.2582%\" width=\"322\">17,51\u20ac<\/td>\n<\/tr>\n<tr>\n<td style=\"width: 24.2424%\" width=\"168\">10%<\/td>\n<td style=\"width: 30.6061%\" width=\"217\">1,20\u20ac<\/td>\n<td style=\"width: 56.2582%\" width=\"322\">15,76\u20ac<\/td>\n<\/tr>\n<tr>\n<td style=\"width: 24.2424%\" width=\"168\">18%<\/td>\n<td style=\"width: 30.6061%\" width=\"217\">1,09\u20ac<\/td>\n<td style=\"width: 56.2582%\" width=\"322\">14,36\u20ac<\/td>\n<\/tr>\n<tr>\n<td style=\"width: 24.2424%\" width=\"168\">26%<\/td>\n<td style=\"width: 30.6061%\" width=\"217\">0,98\u20ac<\/td>\n<td style=\"width: 56.2582%\" width=\"322\">12,96\u20ac<\/td>\n<\/tr>\n<tr>\n<td style=\"width: 24.2424%\" width=\"168\">34%<\/td>\n<td style=\"width: 30.6061%\" width=\"217\">0,88\u20ac<\/td>\n<td style=\"width: 56.2582%\" width=\"322\">11,55\u20ac<\/td>\n<\/tr>\n<tr>\n<td style=\"width: 24.2424%\" width=\"168\">42%<\/td>\n<td style=\"width: 30.6061%\" width=\"217\">0,77\u20ac<\/td>\n<td style=\"width: 56.2582%\" width=\"322\">10,16\u20ac<\/td>\n<\/tr>\n<tr>\n<td style=\"width: 24.2424%\" width=\"168\">50%<\/td>\n<td style=\"width: 30.6061%\" width=\"217\">0,66\u20ac<\/td>\n<td style=\"width: 56.2582%\" width=\"322\">8,75\u20ac<\/td>\n<\/tr>\n<tr>\n<td style=\"width: 24.2424%\" width=\"168\">100%<\/td>\n<td style=\"width: 30.6061%\" width=\"217\">0\u20ac<\/td>\n<td style=\"width: 56.2582%\" width=\"322\">0\u20ac<\/td>\n<\/tr>\n<\/tbody>\n<\/table>\n<p>&nbsp;<\/p>\n<p style=\"text-align: justify\">Puede&nbsp;utilizarse&nbsp;cualquier d\u00eda <span style=\"text-decoration: underline\"><b>previa inscripci\u00f3n en Secretar\u00eda y <\/b><b><u>domiciliaci\u00f3n<\/u><\/b><b> bancaria<\/b><\/span>.<\/p>\n<p style=\"text-align: justify\"><strong>Solicitudes: Los impresos de solicitud de inscripci\u00f3n se podr\u00e1n recoger y entregar en la Secretar\u00eda del centro o descargar en el siguiente enlace:<\/strong><\/p>\n<ul>\n<li><a href=\"https:\/\/blogsaverroes.juntadeandalucia.es\/ceipelzargal\/files\/2017\/06\/IMPRESO-SOLICITUDES-CONJUNTAS-217_18.pdf\">Impreso solicitud INSCRIPCI\u00d3N Aula Matinal<\/a><\/li>\n<li><a href=\"https:\/\/blogsaverroes.juntadeandalucia.es\/ceipelzargal\/files\/2017\/06\/IMPRESO-BONIFICACION-17_18.pdf\">Impreso solicitud BONIFICACI\u00d3N Servicios de Centro<\/a><\/li>\n<li>Solicitud&nbsp;<a href=\"https:\/\/blogsaverroes.juntadeandalucia.es\/ceipelzargal\/files\/2017\/11\/solicitud_baja_paf.pdf\"><strong>BAJA<\/strong>&nbsp;en servicios complementarios (Aula Matinal)<\/a><\/li>\n<\/ul>\n<p style=\"text-align: center\"><a href=\"https:\/\/blogsaverroes.juntadeandalucia.es\/ceipelzargal\/files\/2024\/02\/GESTI\u00d3N-COBRO-DE-RECIBOS-AULA-MATINAL.pdf\">GESTI\u00d3N COBRO DE RECIBOS AULA MATINAL<\/a><\/p>\n<p style=\"text-align: center\"><a href=\"https:\/\/blogsaverroes.juntadeandalucia.es\/ceipelzargal\/files\/2024\/02\/Manual-funcionamiento-Acceso-Familiar-Atenea.pdf\">Manual funcionamiento Acceso Familiar Atenea<\/a><\/p>\n<p>&nbsp;<\/p>\n<p>&nbsp;<\/p>\n<h2>&nbsp;<\/h2>\n<p>&nbsp;<\/p>\n<p>&nbsp;<\/p>\n<p>&nbsp;<\/p>\n","protected":false},"excerpt":{"rendered":"<p>Actividades Deportivas Mancha Real C.P.M. S.L., es la empresa que gestiona el servicio de aula matinal en nuestro centro educativo en el curso escolar 2023\/2024. ACTIVIDADES CPM Avda. Juan Carlos I, 28 Bj. Mancha Real. JA\u00c9N. Tel\/Fax: 953.352.972 info@actividadescpm.com El Aula Matinal abre a las 7.30 horas de lunes a viernes, ofreciendo actividades diversas a [&hellip;]<\/p>\n","protected":false},"author":1,"featured_media":0,"parent":0,"menu_order":0,"comment_status":"closed","ping_status":"open","template":"","meta":{"ngg_post_thumbnail":0,"footnotes":"","_mc_calendar":[]},"aioseo_notices":[],"_links":{"self":[{"href":"https:\/\/blogsaverroes.juntadeandalucia.es\/ceipelzargal\/wp-json\/wp\/v2\/pages\/870"}],"collection":[{"href":"https:\/\/blogsaverroes.juntadeandalucia.es\/ceipelzargal\/wp-json\/wp\/v2\/pages"}],"about":[{"href":"https:\/\/blogsaverroes.juntadeandalucia.es\/ceipelzargal\/wp-json\/wp\/v2\/types\/page"}],"author":[{"embeddable":true,"href":"https:\/\/blogsaverroes.juntadeandalucia.es\/ceipelzargal\/wp-json\/wp\/v2\/users\/1"}],"replies":[{"embeddable":true,"href":"https:\/\/blogsaverroes.juntadeandalucia.es\/ceipelzargal\/wp-json\/wp\/v2\/comments?post=870"}],"version-history":[{"count":22,"href":"https:\/\/blogsaverroes.juntadeandalucia.es\/ceipelzargal\/wp-json\/wp\/v2\/pages\/870\/revisions"}],"predecessor-version":[{"id":5773,"href":"https:\/\/blogsaverroes.juntadeandalucia.es\/ceipelzargal\/wp-json\/wp\/v2\/pages\/870\/revisions\/5773"}],"wp:attachment":[{"href":"https:\/\/blogsaverroes.juntadeandalucia.es\/ceipelzargal\/wp-json\/wp\/v2\/media?parent=870"}],"curies":[{"name":"wp","href":"https:\/\/api.w.org\/{rel}","templated":true}]}}