{"id":1725,"date":"2015-05-21T19:52:41","date_gmt":"2015-05-21T19:52:41","guid":{"rendered":"https:\/\/blogsaverroes.juntadeandalucia.es\/ceipenebral\/?page_id=1725"},"modified":"2021-12-15T17:27:52","modified_gmt":"2021-12-15T17:27:52","slug":"informacion","status":"publish","type":"page","link":"https:\/\/blogsaverroes.juntadeandalucia.es\/ceipenebral\/","title":{"rendered":"INICIO"},"content":{"rendered":"<h4 style=\"text-align: center\"><strong><a href=\"https:\/\/blogsaverroes.juntadeandalucia.es\/ceipenebral\/files\/2020\/11\/logo-peque.png\"><img loading=\"lazy\" decoding=\"async\" class=\"alignnone size-full wp-image-2218 aligncenter\" src=\"https:\/\/blogsaverroes.juntadeandalucia.es\/ceipenebral\/files\/2020\/11\/logo-peque.png\" alt=\"\" width=\"119\" height=\"113\" srcset=\"https:\/\/blogsaverroes.juntadeandalucia.es\/ceipenebral\/files\/2020\/11\/logo-peque.png 119w, https:\/\/blogsaverroes.juntadeandalucia.es\/ceipenebral\/files\/2020\/11\/logo-peque-24x24.png 24w, https:\/\/blogsaverroes.juntadeandalucia.es\/ceipenebral\/files\/2020\/11\/logo-peque-36x34.png 36w, https:\/\/blogsaverroes.juntadeandalucia.es\/ceipenebral\/files\/2020\/11\/logo-peque-48x46.png 48w\" sizes=\"(max-width: 119px) 100vw, 119px\" \/><\/a>CEIP E<\/strong><strong>NEBRAL <\/strong><\/h4>\n<h4 style=\"text-align: center\"><strong>Este centro educativo lucha d\u00eda a d\u00eda por formar al futuro de ma\u00f1ana<\/strong><\/h4>\n<table style=\"height: 302px;width: 92.9529%\" width=\"637\">\n<tbody>\n<tr>\n<td style=\"width: 100%;text-align: center\">El Colegio Enebral fue inaugurado el 22 de diciembre de 1.987.<\/td>\n<\/tr>\n<tr>\n<td style=\"text-align: center;width: 100%\"><a href=\"https:\/\/blogsaverroes.juntadeandalucia.es\/ceipenebral\/files\/2020\/11\/imnaguracion.jpg\"><img loading=\"lazy\" decoding=\"async\" class=\"alignnone wp-image-2235\" src=\"https:\/\/blogsaverroes.juntadeandalucia.es\/ceipenebral\/files\/2020\/11\/imnaguracion.jpg\" alt=\"\" width=\"191\" height=\"289\" srcset=\"https:\/\/blogsaverroes.juntadeandalucia.es\/ceipenebral\/files\/2020\/11\/imnaguracion.jpg 770w, https:\/\/blogsaverroes.juntadeandalucia.es\/ceipenebral\/files\/2020\/11\/imnaguracion-198x300.jpg 198w, https:\/\/blogsaverroes.juntadeandalucia.es\/ceipenebral\/files\/2020\/11\/imnaguracion-677x1024.jpg 677w, https:\/\/blogsaverroes.juntadeandalucia.es\/ceipenebral\/files\/2020\/11\/imnaguracion-768x1162.jpg 768w, https:\/\/blogsaverroes.juntadeandalucia.es\/ceipenebral\/files\/2020\/11\/imnaguracion-16x24.jpg 16w, https:\/\/blogsaverroes.juntadeandalucia.es\/ceipenebral\/files\/2020\/11\/imnaguracion-24x36.jpg 24w, https:\/\/blogsaverroes.juntadeandalucia.es\/ceipenebral\/files\/2020\/11\/imnaguracion-32x48.jpg 32w\" sizes=\"(max-width: 191px) 100vw, 191px\" \/><\/a> <a href=\"https:\/\/blogsaverroes.juntadeandalucia.es\/ceipenebral\/files\/2020\/11\/imnaguracion_002.jpg\"><img loading=\"lazy\" decoding=\"async\" class=\"alignnone wp-image-2236\" src=\"https:\/\/blogsaverroes.juntadeandalucia.es\/ceipenebral\/files\/2020\/11\/imnaguracion_002.jpg\" alt=\"\" width=\"191\" height=\"287\" srcset=\"https:\/\/blogsaverroes.juntadeandalucia.es\/ceipenebral\/files\/2020\/11\/imnaguracion_002.jpg 767w, https:\/\/blogsaverroes.juntadeandalucia.es\/ceipenebral\/files\/2020\/11\/imnaguracion_002-200x300.jpg 200w, https:\/\/blogsaverroes.juntadeandalucia.es\/ceipenebral\/files\/2020\/11\/imnaguracion_002-682x1024.jpg 682w, https:\/\/blogsaverroes.juntadeandalucia.es\/ceipenebral\/files\/2020\/11\/imnaguracion_002-16x24.jpg 16w, https:\/\/blogsaverroes.juntadeandalucia.es\/ceipenebral\/files\/2020\/11\/imnaguracion_002-24x36.jpg 24w, https:\/\/blogsaverroes.juntadeandalucia.es\/ceipenebral\/files\/2020\/11\/imnaguracion_002-32x48.jpg 32w\" sizes=\"(max-width: 191px) 100vw, 191px\" \/><\/a><\/td>\n<\/tr>\n<tr>\n<td style=\"text-align: left;width: 100%\">\n<p style=\"font-weight: 400\">El<strong>&nbsp;<\/strong>&nbsp;<strong>C.E.I.P. \u201cEnebral\u201d<\/strong>&nbsp;se encuentra ubicado en&nbsp;<strong>Punta Umbr\u00eda<\/strong>, una localidad costera de la provincia de Huelva cuya principal actividad es la pesca. Actualmente el sector no pasa por buenos momentos y este hecho hace que el paro sea un grave problema, paliado en parte por el empleo que genera el sector tur\u00edstico en \u00e9poca estival.<\/p>\n<p style=\"font-weight: 400\">De forma progresiva se est\u00e1 produciendo la incorporaci\u00f3n de familias inmigrantes procedentes de otras culturas que en la mayor\u00eda de los casos se integran sin excesivas dificultades.<\/p>\n<\/td>\n<\/tr>\n<tr>\n<td style=\"text-align: left;width: 100%\"><a href=\"https:\/\/blogsaverroes.juntadeandalucia.es\/ceipenebral\/files\/2020\/11\/puntaumbria.jpg\"><img loading=\"lazy\" decoding=\"async\" class=\"wp-image-2237 aligncenter\" src=\"https:\/\/blogsaverroes.juntadeandalucia.es\/ceipenebral\/files\/2020\/11\/puntaumbria.jpg\" alt=\"\" width=\"364\" height=\"286\" srcset=\"https:\/\/blogsaverroes.juntadeandalucia.es\/ceipenebral\/files\/2020\/11\/puntaumbria.jpg 690w, https:\/\/blogsaverroes.juntadeandalucia.es\/ceipenebral\/files\/2020\/11\/puntaumbria-300x235.jpg 300w, https:\/\/blogsaverroes.juntadeandalucia.es\/ceipenebral\/files\/2020\/11\/puntaumbria-24x19.jpg 24w, https:\/\/blogsaverroes.juntadeandalucia.es\/ceipenebral\/files\/2020\/11\/puntaumbria-36x28.jpg 36w, https:\/\/blogsaverroes.juntadeandalucia.es\/ceipenebral\/files\/2020\/11\/puntaumbria-48x38.jpg 48w\" sizes=\"(max-width: 364px) 100vw, 364px\" \/><\/a><\/td>\n<\/tr>\n<tr>\n<td style=\"text-align: center;width: 100%\"><iframe loading=\"lazy\" src=\"https:\/\/www.youtube.com\/embed\/HPKg9okCzRo\" width=\"425\" height=\"344\" frameborder=\"0\"><\/iframe><\/td>\n<\/tr>\n<tr>\n<td style=\"text-align: left;width: 100%\">\n<p style=\"text-align: center\"><a title=\"http:\/\/www.ayto-puntaumbria.es\/municipio_1024.php\" href=\"http:\/\/www.puntaumbria.es\/opencms\/opencms\/puntaumbria\" target=\"_blank\" rel=\"noopener noreferrer\">Ayuntamiento de Punta Umbr\u00eda<\/a><\/p>\n<\/td>\n<\/tr>\n<tr>\n<td style=\"text-align: left;width: 100%\"><strong>&nbsp;\u00bfC\u00d3MO ES&nbsp;NUESTRO COLE?<\/strong><\/td>\n<\/tr>\n<tr>\n<td style=\"width: 100%\"><img loading=\"lazy\" decoding=\"async\" class=\"wp-image-2256 alignright\" src=\"https:\/\/blogsaverroes.juntadeandalucia.es\/ceipenebral\/files\/2020\/11\/PISTA_DELANTEB.jpg\" alt=\"\" width=\"329\" height=\"247\" srcset=\"https:\/\/blogsaverroes.juntadeandalucia.es\/ceipenebral\/files\/2020\/11\/PISTA_DELANTEB.jpg 1500w, https:\/\/blogsaverroes.juntadeandalucia.es\/ceipenebral\/files\/2020\/11\/PISTA_DELANTEB-300x225.jpg 300w, https:\/\/blogsaverroes.juntadeandalucia.es\/ceipenebral\/files\/2020\/11\/PISTA_DELANTEB-1024x768.jpg 1024w, https:\/\/blogsaverroes.juntadeandalucia.es\/ceipenebral\/files\/2020\/11\/PISTA_DELANTEB-768x576.jpg 768w, https:\/\/blogsaverroes.juntadeandalucia.es\/ceipenebral\/files\/2020\/11\/PISTA_DELANTEB-24x18.jpg 24w, https:\/\/blogsaverroes.juntadeandalucia.es\/ceipenebral\/files\/2020\/11\/PISTA_DELANTEB-36x27.jpg 36w, https:\/\/blogsaverroes.juntadeandalucia.es\/ceipenebral\/files\/2020\/11\/PISTA_DELANTEB-48x36.jpg 48w\" sizes=\"(max-width: 329px) 100vw, 329px\" \/>Nuestro centro es de una sola l\u00ednea, con tres unidades de Educaci\u00f3n Infantil, seis de Educaci\u00f3n Primaria, un aula de Pedagog\u00eda Terap\u00e9utica y un aula de Audici\u00f3n y Lenguaje.<\/p>\n<p><a href=\"https:\/\/blogsaverroes.juntadeandalucia.es\/ceipenebral\/files\/2020\/11\/PISTA_B.jpg\"><img loading=\"lazy\" decoding=\"async\" class=\"wp-image-2255 alignleft\" src=\"https:\/\/blogsaverroes.juntadeandalucia.es\/ceipenebral\/files\/2020\/11\/PISTA_B.jpg\" alt=\"\" width=\"262\" height=\"197\" srcset=\"https:\/\/blogsaverroes.juntadeandalucia.es\/ceipenebral\/files\/2020\/11\/PISTA_B.jpg 1500w, https:\/\/blogsaverroes.juntadeandalucia.es\/ceipenebral\/files\/2020\/11\/PISTA_B-300x225.jpg 300w, https:\/\/blogsaverroes.juntadeandalucia.es\/ceipenebral\/files\/2020\/11\/PISTA_B-1024x768.jpg 1024w, https:\/\/blogsaverroes.juntadeandalucia.es\/ceipenebral\/files\/2020\/11\/PISTA_B-768x576.jpg 768w, https:\/\/blogsaverroes.juntadeandalucia.es\/ceipenebral\/files\/2020\/11\/PISTA_B-24x18.jpg 24w, https:\/\/blogsaverroes.juntadeandalucia.es\/ceipenebral\/files\/2020\/11\/PISTA_B-36x27.jpg 36w, https:\/\/blogsaverroes.juntadeandalucia.es\/ceipenebral\/files\/2020\/11\/PISTA_B-48x36.jpg 48w\" sizes=\"(max-width: 262px) 100vw, 262px\" \/><\/a><\/p>\n<p>&nbsp;<\/p>\n<p>&nbsp;<\/p>\n<p>&nbsp;<\/p>\n<p>&nbsp;<\/p>\n<p>Pista deportiva y patios de Recreo.<a href=\"https:\/\/blogsaverroes.juntadeandalucia.es\/ceipenebral\/files\/2020\/11\/PATIO_INFANTIL2B.jpg\"><img loading=\"lazy\" decoding=\"async\" class=\"wp-image-2254 alignright\" src=\"https:\/\/blogsaverroes.juntadeandalucia.es\/ceipenebral\/files\/2020\/11\/PATIO_INFANTIL2B.jpg\" alt=\"\" width=\"301\" height=\"225\" srcset=\"https:\/\/blogsaverroes.juntadeandalucia.es\/ceipenebral\/files\/2020\/11\/PATIO_INFANTIL2B.jpg 1500w, https:\/\/blogsaverroes.juntadeandalucia.es\/ceipenebral\/files\/2020\/11\/PATIO_INFANTIL2B-300x225.jpg 300w, https:\/\/blogsaverroes.juntadeandalucia.es\/ceipenebral\/files\/2020\/11\/PATIO_INFANTIL2B-1024x768.jpg 1024w, https:\/\/blogsaverroes.juntadeandalucia.es\/ceipenebral\/files\/2020\/11\/PATIO_INFANTIL2B-768x576.jpg 768w, https:\/\/blogsaverroes.juntadeandalucia.es\/ceipenebral\/files\/2020\/11\/PATIO_INFANTIL2B-24x18.jpg 24w, https:\/\/blogsaverroes.juntadeandalucia.es\/ceipenebral\/files\/2020\/11\/PATIO_INFANTIL2B-36x27.jpg 36w, https:\/\/blogsaverroes.juntadeandalucia.es\/ceipenebral\/files\/2020\/11\/PATIO_INFANTIL2B-48x36.jpg 48w\" sizes=\"(max-width: 301px) 100vw, 301px\" \/><\/a><\/p>\n<p>&nbsp;<\/p>\n<p>&nbsp;<\/p>\n<p>&nbsp;<\/p>\n<p>&nbsp;<\/p>\n<p>&nbsp;<\/p>\n<p style=\"font-weight: 400\"><strong>Edificio principal<\/strong>:<\/p>\n<p style=\"font-weight: 400\">&#8211; Planta baja: Direcci\u00f3n y Secretar\u00eda, cinco aulas (tres de infantil y dos de primaria), sala de profesorado, una sala de tutor\u00eda, aula de Pedagog\u00eda Terap\u00e9utica,&nbsp; aula de audici\u00f3n y lenguaje, aseos de infantil y primaria y&nbsp; sala del conserje.&nbsp;&nbsp;&nbsp;&nbsp;<\/p>\n<p style=\"font-weight: 400\">&#8211; Planta superior: Cuatro aulas. Biblioteca, aula de compensatoria\/apoyo y aseos.<\/p>\n<p><a href=\"https:\/\/blogsaverroes.juntadeandalucia.es\/ceipenebral\/files\/2020\/11\/PASILLOB.jpg\"><img loading=\"lazy\" decoding=\"async\" class=\"alignnone wp-image-2253\" src=\"https:\/\/blogsaverroes.juntadeandalucia.es\/ceipenebral\/files\/2020\/11\/PASILLOB.jpg\" alt=\"\" width=\"302\" height=\"227\" srcset=\"https:\/\/blogsaverroes.juntadeandalucia.es\/ceipenebral\/files\/2020\/11\/PASILLOB.jpg 1500w, https:\/\/blogsaverroes.juntadeandalucia.es\/ceipenebral\/files\/2020\/11\/PASILLOB-300x225.jpg 300w, https:\/\/blogsaverroes.juntadeandalucia.es\/ceipenebral\/files\/2020\/11\/PASILLOB-1024x768.jpg 1024w, https:\/\/blogsaverroes.juntadeandalucia.es\/ceipenebral\/files\/2020\/11\/PASILLOB-768x576.jpg 768w, https:\/\/blogsaverroes.juntadeandalucia.es\/ceipenebral\/files\/2020\/11\/PASILLOB-24x18.jpg 24w, https:\/\/blogsaverroes.juntadeandalucia.es\/ceipenebral\/files\/2020\/11\/PASILLOB-36x27.jpg 36w, https:\/\/blogsaverroes.juntadeandalucia.es\/ceipenebral\/files\/2020\/11\/PASILLOB-48x36.jpg 48w\" sizes=\"(max-width: 302px) 100vw, 302px\" \/>&nbsp;&nbsp; <\/a><a href=\"https:\/\/blogsaverroes.juntadeandalucia.es\/ceipenebral\/files\/2020\/11\/INFANTILB.jpg\"><img loading=\"lazy\" decoding=\"async\" class=\"alignnone wp-image-2252\" src=\"https:\/\/blogsaverroes.juntadeandalucia.es\/ceipenebral\/files\/2020\/11\/INFANTILB.jpg\" alt=\"\" width=\"305\" height=\"229\" srcset=\"https:\/\/blogsaverroes.juntadeandalucia.es\/ceipenebral\/files\/2020\/11\/INFANTILB.jpg 1500w, https:\/\/blogsaverroes.juntadeandalucia.es\/ceipenebral\/files\/2020\/11\/INFANTILB-300x225.jpg 300w, https:\/\/blogsaverroes.juntadeandalucia.es\/ceipenebral\/files\/2020\/11\/INFANTILB-1024x768.jpg 1024w, https:\/\/blogsaverroes.juntadeandalucia.es\/ceipenebral\/files\/2020\/11\/INFANTILB-768x576.jpg 768w, https:\/\/blogsaverroes.juntadeandalucia.es\/ceipenebral\/files\/2020\/11\/INFANTILB-24x18.jpg 24w, https:\/\/blogsaverroes.juntadeandalucia.es\/ceipenebral\/files\/2020\/11\/INFANTILB-36x27.jpg 36w, https:\/\/blogsaverroes.juntadeandalucia.es\/ceipenebral\/files\/2020\/11\/INFANTILB-48x36.jpg 48w\" sizes=\"(max-width: 305px) 100vw, 305px\" \/><\/a><\/p>\n<p style=\"font-weight: 400\"><strong>Edificio anexo<\/strong>:&nbsp;&nbsp;<\/p>\n<p style=\"font-weight: 400\">&#8211; Un aula espec\u00edfica para el desarrollo del ingl\u00e9s y Aula Matinal<\/p>\n<p style=\"font-weight: 400\">&nbsp;&#8211; Comedor<\/p>\n<p>&#8211; Aseos exteriores<\/p>\n<p>&#8211; Almac\u00e9n de material deportivo<\/p>\n<p style=\"font-weight: 400\">&nbsp;<\/p>\n<p style=\"font-weight: 400\"><a href=\"https:\/\/blogsaverroes.juntadeandalucia.es\/ceipenebral\/files\/2020\/11\/COMEDORB.jpg\"><img loading=\"lazy\" decoding=\"async\" class=\"wp-image-2251 aligncenter\" src=\"https:\/\/blogsaverroes.juntadeandalucia.es\/ceipenebral\/files\/2020\/11\/COMEDORB.jpg\" alt=\"\" width=\"320\" height=\"240\" srcset=\"https:\/\/blogsaverroes.juntadeandalucia.es\/ceipenebral\/files\/2020\/11\/COMEDORB.jpg 1500w, https:\/\/blogsaverroes.juntadeandalucia.es\/ceipenebral\/files\/2020\/11\/COMEDORB-300x225.jpg 300w, https:\/\/blogsaverroes.juntadeandalucia.es\/ceipenebral\/files\/2020\/11\/COMEDORB-1024x768.jpg 1024w, https:\/\/blogsaverroes.juntadeandalucia.es\/ceipenebral\/files\/2020\/11\/COMEDORB-768x576.jpg 768w, https:\/\/blogsaverroes.juntadeandalucia.es\/ceipenebral\/files\/2020\/11\/COMEDORB-24x18.jpg 24w, https:\/\/blogsaverroes.juntadeandalucia.es\/ceipenebral\/files\/2020\/11\/COMEDORB-36x27.jpg 36w, https:\/\/blogsaverroes.juntadeandalucia.es\/ceipenebral\/files\/2020\/11\/COMEDORB-48x36.jpg 48w\" sizes=\"(max-width: 320px) 100vw, 320px\" \/><\/a><\/p>\n<\/td>\n<\/tr>\n<tr>\n<td style=\"width: 100%\" data-wp-editing=\"1\">\n<p align=\"justify\"><strong>SOMOS&#8230;&#8230;..<\/strong><\/p>\n<p align=\"justify\">&nbsp;<a href=\"https:\/\/blogsaverroes.juntadeandalucia.es\/ceipenebral\/files\/2020\/11\/ecoescuela.png\"><img loading=\"lazy\" decoding=\"async\" class=\"alignnone wp-image-2261\" src=\"https:\/\/blogsaverroes.juntadeandalucia.es\/ceipenebral\/files\/2020\/11\/ecoescuela.png\" alt=\"\" width=\"242\" height=\"175\" srcset=\"https:\/\/blogsaverroes.juntadeandalucia.es\/ceipenebral\/files\/2020\/11\/ecoescuela.png 264w, https:\/\/blogsaverroes.juntadeandalucia.es\/ceipenebral\/files\/2020\/11\/ecoescuela-24x17.png 24w, https:\/\/blogsaverroes.juntadeandalucia.es\/ceipenebral\/files\/2020\/11\/ecoescuela-36x26.png 36w, https:\/\/blogsaverroes.juntadeandalucia.es\/ceipenebral\/files\/2020\/11\/ecoescuela-48x35.png 48w\" sizes=\"(max-width: 242px) 100vw, 242px\" \/><\/a><a href=\"https:\/\/blogsaverroes.juntadeandalucia.es\/ceipenebral\/files\/2020\/11\/bilingue.jpg\"><img loading=\"lazy\" decoding=\"async\" class=\"alignnone wp-image-2260\" src=\"https:\/\/blogsaverroes.juntadeandalucia.es\/ceipenebral\/files\/2020\/11\/bilingue.jpg\" alt=\"\" width=\"248\" height=\"139\" srcset=\"https:\/\/blogsaverroes.juntadeandalucia.es\/ceipenebral\/files\/2020\/11\/bilingue.jpg 300w, https:\/\/blogsaverroes.juntadeandalucia.es\/ceipenebral\/files\/2020\/11\/bilingue-24x13.jpg 24w, https:\/\/blogsaverroes.juntadeandalucia.es\/ceipenebral\/files\/2020\/11\/bilingue-36x20.jpg 36w, https:\/\/blogsaverroes.juntadeandalucia.es\/ceipenebral\/files\/2020\/11\/bilingue-48x27.jpg 48w\" sizes=\"(max-width: 248px) 100vw, 248px\" \/><\/a><img loading=\"lazy\" decoding=\"async\" class=\"wp-image-2266 alignleft\" style=\"color: #333333;text-align: start\" src=\"https:\/\/blogsaverroes.juntadeandalucia.es\/ceipenebral\/files\/2020\/11\/tic.png\" alt=\"\" width=\"186\" height=\"136\" srcset=\"https:\/\/blogsaverroes.juntadeandalucia.es\/ceipenebral\/files\/2020\/11\/tic.png 400w, https:\/\/blogsaverroes.juntadeandalucia.es\/ceipenebral\/files\/2020\/11\/tic-300x219.png 300w, https:\/\/blogsaverroes.juntadeandalucia.es\/ceipenebral\/files\/2020\/11\/tic-24x18.png 24w, https:\/\/blogsaverroes.juntadeandalucia.es\/ceipenebral\/files\/2020\/11\/tic-36x26.png 36w, https:\/\/blogsaverroes.juntadeandalucia.es\/ceipenebral\/files\/2020\/11\/tic-48x35.png 48w\" sizes=\"(max-width: 186px) 100vw, 186px\" \/><a href=\"https:\/\/blogsaverroes.juntadeandalucia.es\/ceipenebral\/files\/2020\/11\/igualdad.jpg\"><img loading=\"lazy\" decoding=\"async\" class=\"wp-image-2263 alignright\" src=\"https:\/\/blogsaverroes.juntadeandalucia.es\/ceipenebral\/files\/2020\/11\/igualdad.jpg\" alt=\"\" width=\"273\" height=\"569\" srcset=\"https:\/\/blogsaverroes.juntadeandalucia.es\/ceipenebral\/files\/2020\/11\/igualdad.jpg 671w, https:\/\/blogsaverroes.juntadeandalucia.es\/ceipenebral\/files\/2020\/11\/igualdad-144x300.jpg 144w, https:\/\/blogsaverroes.juntadeandalucia.es\/ceipenebral\/files\/2020\/11\/igualdad-491x1024.jpg 491w, https:\/\/blogsaverroes.juntadeandalucia.es\/ceipenebral\/files\/2020\/11\/igualdad-12x24.jpg 12w, https:\/\/blogsaverroes.juntadeandalucia.es\/ceipenebral\/files\/2020\/11\/igualdad-17x36.jpg 17w, https:\/\/blogsaverroes.juntadeandalucia.es\/ceipenebral\/files\/2020\/11\/igualdad-23x48.jpg 23w\" sizes=\"(max-width: 273px) 100vw, 273px\" \/><\/a><\/p>\n<p>&nbsp;<\/p>\n<p><img loading=\"lazy\" decoding=\"async\" class=\"wp-image-2259 alignleft\" src=\"https:\/\/blogsaverroes.juntadeandalucia.es\/ceipenebral\/files\/2020\/11\/biblioteca.jpg\" alt=\"\" width=\"167\" height=\"236\" srcset=\"https:\/\/blogsaverroes.juntadeandalucia.es\/ceipenebral\/files\/2020\/11\/biblioteca.jpg 189w, https:\/\/blogsaverroes.juntadeandalucia.es\/ceipenebral\/files\/2020\/11\/biblioteca-17x24.jpg 17w, https:\/\/blogsaverroes.juntadeandalucia.es\/ceipenebral\/files\/2020\/11\/biblioteca-25x36.jpg 25w, https:\/\/blogsaverroes.juntadeandalucia.es\/ceipenebral\/files\/2020\/11\/biblioteca-34x48.jpg 34w\" sizes=\"(max-width: 167px) 100vw, 167px\" \/><\/p>\n<p align=\"justify\"><a href=\"https:\/\/blogsaverroes.juntadeandalucia.es\/ceipenebral\/files\/2020\/11\/fruta.jpg\"><img loading=\"lazy\" decoding=\"async\" class=\"wp-image-2262 alignright\" src=\"https:\/\/blogsaverroes.juntadeandalucia.es\/ceipenebral\/files\/2020\/11\/fruta.jpg\" alt=\"\" width=\"202\" height=\"202\" srcset=\"https:\/\/blogsaverroes.juntadeandalucia.es\/ceipenebral\/files\/2020\/11\/fruta.jpg 224w, https:\/\/blogsaverroes.juntadeandalucia.es\/ceipenebral\/files\/2020\/11\/fruta-150x150.jpg 150w, https:\/\/blogsaverroes.juntadeandalucia.es\/ceipenebral\/files\/2020\/11\/fruta-100x100.jpg 100w, https:\/\/blogsaverroes.juntadeandalucia.es\/ceipenebral\/files\/2020\/11\/fruta-24x24.jpg 24w, https:\/\/blogsaverroes.juntadeandalucia.es\/ceipenebral\/files\/2020\/11\/fruta-36x36.jpg 36w, https:\/\/blogsaverroes.juntadeandalucia.es\/ceipenebral\/files\/2020\/11\/fruta-48x48.jpg 48w\" sizes=\"(max-width: 202px) 100vw, 202px\" \/><\/a><a href=\"https:\/\/blogsaverroes.juntadeandalucia.es\/ceipenebral\/files\/2020\/11\/paz.jpg\"><img loading=\"lazy\" decoding=\"async\" class=\"alignnone wp-image-2265\" src=\"https:\/\/blogsaverroes.juntadeandalucia.es\/ceipenebral\/files\/2020\/11\/paz.jpg\" alt=\"\" width=\"405\" height=\"186\" srcset=\"https:\/\/blogsaverroes.juntadeandalucia.es\/ceipenebral\/files\/2020\/11\/paz.jpg 331w, https:\/\/blogsaverroes.juntadeandalucia.es\/ceipenebral\/files\/2020\/11\/paz-300x138.jpg 300w, https:\/\/blogsaverroes.juntadeandalucia.es\/ceipenebral\/files\/2020\/11\/paz-24x11.jpg 24w, https:\/\/blogsaverroes.juntadeandalucia.es\/ceipenebral\/files\/2020\/11\/paz-36x17.jpg 36w, https:\/\/blogsaverroes.juntadeandalucia.es\/ceipenebral\/files\/2020\/11\/paz-48x22.jpg 48w\" sizes=\"(max-width: 405px) 100vw, 405px\" \/><\/a><a href=\"https:\/\/blogsaverroes.juntadeandalucia.es\/ceipenebral\/files\/2020\/11\/images-1.jpg\"><img loading=\"lazy\" decoding=\"async\" class=\" wp-image-2264 alignleft\" src=\"https:\/\/blogsaverroes.juntadeandalucia.es\/ceipenebral\/files\/2020\/11\/images-1.jpg\" alt=\"\" width=\"707\" height=\"332\" srcset=\"https:\/\/blogsaverroes.juntadeandalucia.es\/ceipenebral\/files\/2020\/11\/images-1.jpg 328w, https:\/\/blogsaverroes.juntadeandalucia.es\/ceipenebral\/files\/2020\/11\/images-1-300x141.jpg 300w, https:\/\/blogsaverroes.juntadeandalucia.es\/ceipenebral\/files\/2020\/11\/images-1-24x11.jpg 24w, https:\/\/blogsaverroes.juntadeandalucia.es\/ceipenebral\/files\/2020\/11\/images-1-36x17.jpg 36w, https:\/\/blogsaverroes.juntadeandalucia.es\/ceipenebral\/files\/2020\/11\/images-1-48x23.jpg 48w\" sizes=\"(max-width: 707px) 100vw, 707px\" \/><\/a><\/p>\n<\/td>\n<\/tr>\n<\/tbody>\n<\/table>\n<p>&nbsp;<\/p>\n","protected":false},"excerpt":{"rendered":"<p>CEIP ENEBRAL Este centro educativo lucha d\u00eda a d\u00eda por formar al futuro de ma\u00f1ana El Colegio Enebral fue inaugurado el 22 de diciembre de 1.987. El&nbsp;&nbsp;C.E.I.P. \u201cEnebral\u201d&nbsp;se encuentra ubicado en&nbsp;Punta Umbr\u00eda, una localidad&#46;&#46;&#46;<\/p>\n","protected":false},"author":1,"featured_media":0,"parent":0,"menu_order":0,"comment_status":"closed","ping_status":"closed","template":"","meta":{"ngg_post_thumbnail":0,"footnotes":"","_mc_calendar":[]},"aioseo_notices":[],"_links":{"self":[{"href":"https:\/\/blogsaverroes.juntadeandalucia.es\/ceipenebral\/wp-json\/wp\/v2\/pages\/1725"}],"collection":[{"href":"https:\/\/blogsaverroes.juntadeandalucia.es\/ceipenebral\/wp-json\/wp\/v2\/pages"}],"about":[{"href":"https:\/\/blogsaverroes.juntadeandalucia.es\/ceipenebral\/wp-json\/wp\/v2\/types\/page"}],"author":[{"embeddable":true,"href":"https:\/\/blogsaverroes.juntadeandalucia.es\/ceipenebral\/wp-json\/wp\/v2\/users\/1"}],"replies":[{"embeddable":true,"href":"https:\/\/blogsaverroes.juntadeandalucia.es\/ceipenebral\/wp-json\/wp\/v2\/comments?post=1725"}],"version-history":[{"count":10,"href":"https:\/\/blogsaverroes.juntadeandalucia.es\/ceipenebral\/wp-json\/wp\/v2\/pages\/1725\/revisions"}],"predecessor-version":[{"id":2628,"href":"https:\/\/blogsaverroes.juntadeandalucia.es\/ceipenebral\/wp-json\/wp\/v2\/pages\/1725\/revisions\/2628"}],"wp:attachment":[{"href":"https:\/\/blogsaverroes.juntadeandalucia.es\/ceipenebral\/wp-json\/wp\/v2\/media?parent=1725"}],"curies":[{"name":"wp","href":"https:\/\/api.w.org\/{rel}","templated":true}]}}