{"id":2326,"date":"2020-11-20T11:40:56","date_gmt":"2020-11-20T11:40:56","guid":{"rendered":"https:\/\/blogsaverroes.juntadeandalucia.es\/ceipenebral\/?page_id=2326"},"modified":"2024-11-08T11:26:06","modified_gmt":"2024-11-08T11:26:06","slug":"claustro-2","status":"publish","type":"page","link":"https:\/\/blogsaverroes.juntadeandalucia.es\/ceipenebral\/claustro-2\/","title":{"rendered":"Claustro"},"content":{"rendered":"<h2><strong><span style=\"color: #008000\">Maestros y maestras del curso 2024\/2025<\/span><\/strong><\/h2>\n<p>\u200b<\/p>\n<table style=\"border-collapse: collapse;width: 100%;height: 247px\">\n<tbody>\n<tr style=\"height: 10px\">\n<td style=\"width: 50%;height: 10px\">\n<p style=\"text-align: center\"><a href=\"mailto:rnieper250@g.educaand.es\">rnieper250@g.educaand.es<\/a><\/p>\n<\/td>\n<td style=\"width: 50%;height: 10px\"><strong>Raquel Nieto Peral<\/strong><\/p>\n<p>Tutora de infantil de 3 a\u00f1os<\/td>\n<\/tr>\n<\/tbody>\n<\/table>\n<table style=\"border-collapse: collapse;width: 100.128%;height: 426px\">\n<tbody>\n<tr style=\"height: 233px\">\n<td style=\"width: 40.1308%;text-align: center;height: 233px\"><img loading=\"lazy\" decoding=\"async\" class=\"aligncenter wp-image-2475\" src=\"https:\/\/blogsaverroes.juntadeandalucia.es\/ceipenebral\/files\/2020\/12\/monica-777x1024.jpeg\" alt=\"\" width=\"141\" height=\"186\" srcset=\"https:\/\/blogsaverroes.juntadeandalucia.es\/ceipenebral\/files\/2020\/12\/monica-777x1024.jpeg 777w, https:\/\/blogsaverroes.juntadeandalucia.es\/ceipenebral\/files\/2020\/12\/monica-228x300.jpeg 228w, https:\/\/blogsaverroes.juntadeandalucia.es\/ceipenebral\/files\/2020\/12\/monica-768x1012.jpeg 768w, https:\/\/blogsaverroes.juntadeandalucia.es\/ceipenebral\/files\/2020\/12\/monica-18x24.jpeg 18w, https:\/\/blogsaverroes.juntadeandalucia.es\/ceipenebral\/files\/2020\/12\/monica-27x36.jpeg 27w, https:\/\/blogsaverroes.juntadeandalucia.es\/ceipenebral\/files\/2020\/12\/monica-36x48.jpeg 36w, https:\/\/blogsaverroes.juntadeandalucia.es\/ceipenebral\/files\/2020\/12\/monica.jpeg 1079w\" sizes=\"(max-width: 141px) 100vw, 141px\" \/><a href=\"mailto:mmarmel280@g.educaand.es\">mmarmel280@g.educaand.es<\/a><\/td>\n<td style=\"width: 39.2984%;height: 233px\"><strong>M\u00f3nica&nbsp;Mart\u00edn Melgarejo<\/strong><\/p>\n<p>Tutora de Infantil de 4 a\u00f1os<\/p>\n<p>Coordinadora del Ciclo de Infantil<\/p>\n<p>Coordinadora del Programa \u00abECOESCUELA\u00bb<\/td>\n<\/tr>\n<tr style=\"height: 39px\">\n<td style=\"width: 40.1308%;height: 39px;text-align: center\"><img loading=\"lazy\" decoding=\"async\" class=\"aligncenter wp-image-2471\" src=\"https:\/\/blogsaverroes.juntadeandalucia.es\/ceipenebral\/files\/2020\/12\/isabel.jpeg\" alt=\"\" width=\"146\" height=\"186\" srcset=\"https:\/\/blogsaverroes.juntadeandalucia.es\/ceipenebral\/files\/2020\/12\/isabel.jpeg 378w, https:\/\/blogsaverroes.juntadeandalucia.es\/ceipenebral\/files\/2020\/12\/isabel-235x300.jpeg 235w, https:\/\/blogsaverroes.juntadeandalucia.es\/ceipenebral\/files\/2020\/12\/isabel-19x24.jpeg 19w, https:\/\/blogsaverroes.juntadeandalucia.es\/ceipenebral\/files\/2020\/12\/isabel-28x36.jpeg 28w, https:\/\/blogsaverroes.juntadeandalucia.es\/ceipenebral\/files\/2020\/12\/isabel-38x48.jpeg 38w\" sizes=\"(max-width: 146px) 100vw, 146px\" \/><a href=\"mailto:imaralv937@g.educaand.es\">imaralv937@g.educaand.es<\/a><\/td>\n<td style=\"width: 39.2984%;height: 39px\"><strong>Isabel&nbsp;Mart\u00edn \u00c1lvarez<\/strong><\/p>\n<p>Tutora de Infantil de 5 a\u00f1os<\/td>\n<\/tr>\n<tr style=\"height: 10px\">\n<td style=\"width: 40.1308%;height: 10px;text-align: center\"><a href=\"mailto:idellop654@g.educaand.es\">idellop654@g.educaand.es<\/a><\/td>\n<td style=\"width: 39.2984%;height: 24px;text-align: center\">\n<p style=\"text-align: left\"><strong>Israel Delgado L\u00f3pez<\/strong><\/p>\n<p style=\"text-align: left\">Tutor de 1\u00ba de Primaria<\/p>\n<p style=\"text-align: left\">Maestro E. F\u00edsica de 1\u00ba, 3\u00ba y 4\u00ba<\/p>\n<\/td>\n<\/tr>\n<tr style=\"height: 24px\">\n<td style=\"width: 40.1308%;height: 24px;text-align: center\"><img loading=\"lazy\" decoding=\"async\" class=\"aligncenter wp-image-2290\" src=\"https:\/\/blogsaverroes.juntadeandalucia.es\/ceipenebral\/files\/2020\/11\/NIEVES-768x1024.jpg\" alt=\"\" width=\"141\" height=\"188\" srcset=\"https:\/\/blogsaverroes.juntadeandalucia.es\/ceipenebral\/files\/2020\/11\/NIEVES-768x1024.jpg 768w, https:\/\/blogsaverroes.juntadeandalucia.es\/ceipenebral\/files\/2020\/11\/NIEVES-225x300.jpg 225w, https:\/\/blogsaverroes.juntadeandalucia.es\/ceipenebral\/files\/2020\/11\/NIEVES-18x24.jpg 18w, https:\/\/blogsaverroes.juntadeandalucia.es\/ceipenebral\/files\/2020\/11\/NIEVES-27x36.jpg 27w, https:\/\/blogsaverroes.juntadeandalucia.es\/ceipenebral\/files\/2020\/11\/NIEVES-36x48.jpg 36w, https:\/\/blogsaverroes.juntadeandalucia.es\/ceipenebral\/files\/2020\/11\/NIEVES.jpg 946w\" sizes=\"(max-width: 141px) 100vw, 141px\" \/><a href=\"mailto:maguflo677@g.educaand.es\">maguflo677@g.educaand.es&nbsp;<\/a><\/td>\n<td style=\"width: 39.2984%;height: 24px\"><strong>Mar\u00eda Nieves Aguaded Flores<\/strong><\/p>\n<p>Tutora de 3\u00ba de Primaria<\/p>\n<p>&nbsp;<\/p>\n<p>&nbsp;<\/td>\n<\/tr>\n<tr style=\"height: 24px\">\n<td style=\"width: 40.1308%;height: 24px;text-align: center\"><img loading=\"lazy\" decoding=\"async\" class=\"aligncenter wp-image-2580\" src=\"https:\/\/blogsaverroes.juntadeandalucia.es\/ceipenebral\/files\/2021\/12\/ana.jpeg\" alt=\"\" width=\"142\" height=\"194\" srcset=\"https:\/\/blogsaverroes.juntadeandalucia.es\/ceipenebral\/files\/2021\/12\/ana.jpeg 249w, https:\/\/blogsaverroes.juntadeandalucia.es\/ceipenebral\/files\/2021\/12\/ana-220x300.jpeg 220w\" sizes=\"(max-width: 142px) 100vw, 142px\" \/><a href=\"mailto:aguemar587@g.educaand.es\">aguemar587@g.educaand.es<\/a><\/td>\n<td style=\"width: 39.2984%;height: 24px\"><strong>Ana Guerrero M\u00e1rquez<\/strong><\/p>\n<p>Tutora de 4\u00ba de primaria<\/p>\n<p>Maestra de Franc\u00e9s<\/td>\n<\/tr>\n<tr style=\"height: 24px\">\n<td style=\"width: 40.1308%;height: 24px;text-align: center\"><a href=\"https:\/\/blogsaverroes.juntadeandalucia.es\/ceipenebral\/files\/2021\/12\/pp1.jpeg\"><img loading=\"lazy\" decoding=\"async\" class=\"aligncenter wp-image-2581\" src=\"https:\/\/blogsaverroes.juntadeandalucia.es\/ceipenebral\/files\/2021\/12\/pp1.jpeg\" alt=\"\" width=\"127\" height=\"168\"><\/a><a href=\"mailto:amaresc184@g.educaand.es\">amaresc184@g.educaand.es<\/a><\/td>\n<td style=\"width: 39.2984%;height: 24px\"><strong>Carolina Martag\u00f3n&nbsp;<\/strong><b>Escamilla<\/b><\/p>\n<p>Tutora de 6\u00ba de Primaria<\/p>\n<p><span style=\"font-family: inherit;font-size: inherit\">Maestra de M\u00fasica<\/span><\/td>\n<\/tr>\n<tr style=\"height: 24px\">\n<td style=\"width: 40.1308%;height: 24px;text-align: center\"><a href=\"https:\/\/blogsaverroes.juntadeandalucia.es\/ceipenebral\/files\/2021\/12\/gema.jpeg\"><img loading=\"lazy\" decoding=\"async\" class=\"aligncenter wp-image-2606\" src=\"https:\/\/blogsaverroes.juntadeandalucia.es\/ceipenebral\/files\/2021\/12\/gema.jpeg\" alt=\"\" width=\"136\" height=\"199\" srcset=\"https:\/\/blogsaverroes.juntadeandalucia.es\/ceipenebral\/files\/2021\/12\/gema.jpeg 485w, https:\/\/blogsaverroes.juntadeandalucia.es\/ceipenebral\/files\/2021\/12\/gema-205x300.jpeg 205w\" sizes=\"(max-width: 136px) 100vw, 136px\" \/><\/a><a href=\"mailto:gvarnar425@g.educand.es\">gvarnar425@g.educand.es<\/a><\/td>\n<td style=\"width: 39.2984%;height: 24px\"><strong>Gema Vargas Naranjo<\/strong><\/p>\n<p>Maestra de Ingl\u00e9s<\/td>\n<\/tr>\n<tr style=\"height: 24px\">\n<td style=\"width: 40.1308%;height: 24px;text-align: center\"><a href=\"mailto:jrodjar305@g.educaand.es\">jrodjar305@g.educaand.es<\/a><\/td>\n<td style=\"width: 39.2984%;height: 24px\"><strong>Juan Jos\u00e9 Rodr\u00edguez Jara<\/strong><\/p>\n<p>Tutor de 2\u00ba de Primaria<\/p>\n<p>Maestro de Educaci\u00f3n F\u00edsica de 2\u00ba, 5\u00ba y 6\u00ba.<\/p>\n<p>&nbsp;<\/td>\n<\/tr>\n<\/tbody>\n<\/table>\n<table style=\"border-collapse: collapse;width: 100%;height: 1067px\">\n<tbody>\n<tr style=\"height: 233px\">\n<td style=\"width: 50%;text-align: center;height: 233px\"><a href=\"mailto:sgomdom887@g.educaand.es\">sgomdom887@g.educaand.es<\/a><\/td>\n<td style=\"width: 50%;height: 233px\"><strong>Sara G\u00f3mez Dom\u00ednguez<\/strong><\/p>\n<p>Maestra de Religi\u00f3n Cat\u00f3lica<\/td>\n<\/tr>\n<tr style=\"height: 255px\">\n<td style=\"width: 50%;text-align: center;height: 255px\"><a href=\"https:\/\/blogsaverroes.juntadeandalucia.es\/ceipenebral\/files\/2021\/12\/felix.jpg\"><img loading=\"lazy\" decoding=\"async\" class=\"aligncenter wp-image-2584\" src=\"https:\/\/blogsaverroes.juntadeandalucia.es\/ceipenebral\/files\/2021\/12\/felix-820x1024.jpg\" alt=\"\" width=\"133\" height=\"166\" srcset=\"https:\/\/blogsaverroes.juntadeandalucia.es\/ceipenebral\/files\/2021\/12\/felix-820x1024.jpg 820w, https:\/\/blogsaverroes.juntadeandalucia.es\/ceipenebral\/files\/2021\/12\/felix-240x300.jpg 240w, https:\/\/blogsaverroes.juntadeandalucia.es\/ceipenebral\/files\/2021\/12\/felix-768x959.jpg 768w, https:\/\/blogsaverroes.juntadeandalucia.es\/ceipenebral\/files\/2021\/12\/felix.jpg 919w\" sizes=\"(max-width: 133px) 100vw, 133px\" \/><\/a><\/p>\n<p><a href=\"mailto:fbeario253@g.educaand.es\">fbeario253@g.educaand.es<\/a><\/td>\n<td style=\"width: 50%;height: 255px\"><b>F\u00e9lix<\/b><strong>&nbsp;Beas del R\u00edo<\/strong><\/p>\n<p>Maestro de Biling\u00fce<\/p>\n<p>Coordinador de \u00abPlan de Salud Laboral y P.R.L.\u00bb<\/td>\n<\/tr>\n<tr style=\"height: 240px\">\n<td style=\"width: 50%;text-align: center;height: 240px\"><img loading=\"lazy\" decoding=\"async\" class=\"\" src=\"https:\/\/blogsaverroes.juntadeandalucia.es\/ceipenebral\/files\/2024\/11\/Imagen-de-WhatsApp-2024-11-08-a-las-11.14.26_10361524.jpg\" width=\"133\" height=\"184\"><\/p>\n<p>josefa.tirador.perez@ceipenebral.com<\/td>\n<td style=\"width: 50%;height: 240px\"><strong>Josefa&nbsp;Tirador P\u00e9rez<\/strong><\/p>\n<p>Maestra de Apoyo a la Compensatoria<\/p>\n<p>Coordinadora de 2\u00ba Ciclo de Primaria<\/p>\n<p>Coordinadora del Plan de Igualdad<\/p>\n<p>Coordinadora del Programa CIMA<\/td>\n<\/tr>\n<tr style=\"height: 285px\">\n<td style=\"width: 50%;height: 244px\">\n<p style=\"text-align: center\"><a href=\"https:\/\/blogsaverroes.juntadeandalucia.es\/ceipenebral\/files\/2020\/12\/blanca.jpeg\"><img loading=\"lazy\" decoding=\"async\" class=\"aligncenter wp-image-2468\" src=\"https:\/\/blogsaverroes.juntadeandalucia.es\/ceipenebral\/files\/2020\/12\/blanca-870x1024.jpeg\" alt=\"\" width=\"155\" height=\"183\" srcset=\"https:\/\/blogsaverroes.juntadeandalucia.es\/ceipenebral\/files\/2020\/12\/blanca-870x1024.jpeg 870w, https:\/\/blogsaverroes.juntadeandalucia.es\/ceipenebral\/files\/2020\/12\/blanca-255x300.jpeg 255w, https:\/\/blogsaverroes.juntadeandalucia.es\/ceipenebral\/files\/2020\/12\/blanca-768x904.jpeg 768w, https:\/\/blogsaverroes.juntadeandalucia.es\/ceipenebral\/files\/2020\/12\/blanca-20x24.jpeg 20w, https:\/\/blogsaverroes.juntadeandalucia.es\/ceipenebral\/files\/2020\/12\/blanca-31x36.jpeg 31w, https:\/\/blogsaverroes.juntadeandalucia.es\/ceipenebral\/files\/2020\/12\/blanca-41x48.jpeg 41w, https:\/\/blogsaverroes.juntadeandalucia.es\/ceipenebral\/files\/2020\/12\/blanca.jpeg 1300w\" sizes=\"(max-width: 155px) 100vw, 155px\" \/><\/a><a href=\"mailto:blanca.vaz.vera@ceipenebral.com\">blanca.vaz.vera@ceipenebral.com<\/a><\/p>\n<\/td>\n<td style=\"width: 50%;height: 244px\"><strong>Mar\u00eda Blanca&nbsp;Vaz Vera<\/strong><\/p>\n<p>Maestra de Pedagog\u00eda Terap\u00e9utica<\/p>\n<p>Coordinadora del Equipo de Apoyo<\/p>\n<p>Coordinadora del Plan ComunicA<\/p>\n<p>&nbsp;<\/td>\n<\/tr>\n<tr style=\"height: 24px\">\n<td style=\"width: 50%;height: 24px;text-align: center\"><a href=\"https:\/\/blogsaverroes.juntadeandalucia.es\/ceipenebral\/files\/2020\/12\/ana-logopeda.jpeg\"><img loading=\"lazy\" decoding=\"async\" class=\"aligncenter wp-image-2467\" src=\"https:\/\/blogsaverroes.juntadeandalucia.es\/ceipenebral\/files\/2020\/12\/ana-logopeda.jpeg\" alt=\"\" width=\"166\" height=\"181\" srcset=\"https:\/\/blogsaverroes.juntadeandalucia.es\/ceipenebral\/files\/2020\/12\/ana-logopeda.jpeg 634w, https:\/\/blogsaverroes.juntadeandalucia.es\/ceipenebral\/files\/2020\/12\/ana-logopeda-274x300.jpeg 274w, https:\/\/blogsaverroes.juntadeandalucia.es\/ceipenebral\/files\/2020\/12\/ana-logopeda-22x24.jpeg 22w, https:\/\/blogsaverroes.juntadeandalucia.es\/ceipenebral\/files\/2020\/12\/ana-logopeda-33x36.jpeg 33w, https:\/\/blogsaverroes.juntadeandalucia.es\/ceipenebral\/files\/2020\/12\/ana-logopeda-44x48.jpeg 44w\" sizes=\"(max-width: 166px) 100vw, 166px\" \/>ana.donoso.diez@ceipenebral.com<\/a><\/td>\n<td style=\"width: 50%;height: 24px\"><strong>Ana Mar\u00eda&nbsp;Donoso D\u00edez<\/strong><\/p>\n<p>Maestra de Audici\u00f3n y Lenguaje&nbsp;<\/td>\n<\/tr>\n<tr style=\"height: 24px\">\n<td style=\"width: 50%;height: 24px;text-align: center\"><strong><a href=\"https:\/\/blogsaverroes.juntadeandalucia.es\/ceipenebral\/files\/2020\/11\/rosa_JE_2.jpeg\"><img loading=\"lazy\" decoding=\"async\" class=\"aligncenter size-full wp-image-2289\" src=\"https:\/\/blogsaverroes.juntadeandalucia.es\/ceipenebral\/files\/2020\/11\/rosa_JE_2.jpeg\" alt=\"\" width=\"122\" height=\"163\" srcset=\"https:\/\/blogsaverroes.juntadeandalucia.es\/ceipenebral\/files\/2020\/11\/rosa_JE_2.jpeg 122w, https:\/\/blogsaverroes.juntadeandalucia.es\/ceipenebral\/files\/2020\/11\/rosa_JE_2-18x24.jpeg 18w, https:\/\/blogsaverroes.juntadeandalucia.es\/ceipenebral\/files\/2020\/11\/rosa_JE_2-27x36.jpeg 27w, https:\/\/blogsaverroes.juntadeandalucia.es\/ceipenebral\/files\/2020\/11\/rosa_JE_2-36x48.jpeg 36w\" sizes=\"(max-width: 122px) 100vw, 122px\" \/><\/a><\/strong><a href=\"https:\/\/blogsaverroes.juntadeandalucia.es\/ceipenebral\/files\/2020\/11\/rosa_JE_2.jpeg\">rosa.lopez.palenzuela@ceipenebral.com<\/a><\/td>\n<td style=\"width: 50%;height: 24px\"><strong>Rosa Mar\u00eda&nbsp;L\u00f3pez Palenzuela<\/strong><\/p>\n<p>Maestra de Apoyo<\/p>\n<p>Coordinadora de Programa \u00abEspacio de Paz\u00bb<\/p>\n<p>Jefa de Estudios<\/td>\n<\/tr>\n<tr style=\"height: 24px\">\n<td style=\"width: 50%;height: 24px;text-align: center\"><a href=\"https:\/\/blogsaverroes.juntadeandalucia.es\/ceipenebral\/files\/2021\/12\/granada.jpeg\"><img loading=\"lazy\" decoding=\"async\" class=\"aligncenter wp-image-2605\" src=\"https:\/\/blogsaverroes.juntadeandalucia.es\/ceipenebral\/files\/2021\/12\/granada.jpeg\" alt=\"\" width=\"120\" height=\"147\" srcset=\"https:\/\/blogsaverroes.juntadeandalucia.es\/ceipenebral\/files\/2021\/12\/granada.jpeg 633w, https:\/\/blogsaverroes.juntadeandalucia.es\/ceipenebral\/files\/2021\/12\/granada-245x300.jpeg 245w\" sizes=\"(max-width: 120px) 100vw, 120px\" \/><\/a><a href=\"mailto:granada.rodriguez.perez@ceipenebral.com\">granada.rodriguez.perez@ceipenebral.com<\/a><\/td>\n<td style=\"width: 50%;height: 24px\"><strong>Granada Rodr\u00edguez P\u00e9rez<\/strong><\/p>\n<p>Maestra de Apoyo \u00abCovid\u00bb<\/td>\n<\/tr>\n<\/tbody>\n<\/table>\n","protected":false},"excerpt":{"rendered":"<p>Maestros y maestras del curso 2024\/2025 \u200b rnieper250@g.educaand.es Raquel Nieto Peral Tutora de infantil de 3 a\u00f1os mmarmel280@g.educaand.es M\u00f3nica&nbsp;Mart\u00edn Melgarejo Tutora de Infantil de 4 a\u00f1os Coordinadora del Ciclo de Infantil Coordinadora del Programa&#46;&#46;&#46;<\/p>\n","protected":false},"author":11409,"featured_media":0,"parent":0,"menu_order":0,"comment_status":"closed","ping_status":"closed","template":"","meta":{"ngg_post_thumbnail":0,"footnotes":"","_mc_calendar":[]},"aioseo_notices":[],"_links":{"self":[{"href":"https:\/\/blogsaverroes.juntadeandalucia.es\/ceipenebral\/wp-json\/wp\/v2\/pages\/2326"}],"collection":[{"href":"https:\/\/blogsaverroes.juntadeandalucia.es\/ceipenebral\/wp-json\/wp\/v2\/pages"}],"about":[{"href":"https:\/\/blogsaverroes.juntadeandalucia.es\/ceipenebral\/wp-json\/wp\/v2\/types\/page"}],"author":[{"embeddable":true,"href":"https:\/\/blogsaverroes.juntadeandalucia.es\/ceipenebral\/wp-json\/wp\/v2\/users\/11409"}],"replies":[{"embeddable":true,"href":"https:\/\/blogsaverroes.juntadeandalucia.es\/ceipenebral\/wp-json\/wp\/v2\/comments?post=2326"}],"version-history":[{"count":12,"href":"https:\/\/blogsaverroes.juntadeandalucia.es\/ceipenebral\/wp-json\/wp\/v2\/pages\/2326\/revisions"}],"predecessor-version":[{"id":2680,"href":"https:\/\/blogsaverroes.juntadeandalucia.es\/ceipenebral\/wp-json\/wp\/v2\/pages\/2326\/revisions\/2680"}],"wp:attachment":[{"href":"https:\/\/blogsaverroes.juntadeandalucia.es\/ceipenebral\/wp-json\/wp\/v2\/media?parent=2326"}],"curies":[{"name":"wp","href":"https:\/\/api.w.org\/{rel}","templated":true}]}}