{"id":2511,"date":"2020-12-14T10:43:58","date_gmt":"2020-12-14T10:43:58","guid":{"rendered":"https:\/\/blogsaverroes.juntadeandalucia.es\/ceipenebral\/?page_id=2511"},"modified":"2022-01-14T10:24:12","modified_gmt":"2022-01-14T10:24:12","slug":"zona-covid","status":"publish","type":"page","link":"https:\/\/blogsaverroes.juntadeandalucia.es\/ceipenebral\/zona-covid\/","title":{"rendered":"Zona COVID"},"content":{"rendered":"<p><strong><span style=\"color: #339966\">INFOGRAF\u00cdA<\/span><\/strong><\/p>\n<p>&nbsp;<br \/>\n<iframe loading=\"lazy\" src=\"https:\/\/drive.google.com\/file\/d\/1Iey9tVnF-ck0qtluwdGN7IvbdFsVCumg\/preview\" width=\"640\" height=\"480\"><\/iframe><\/p>\n<p><strong><span style=\"color: #339966\">ANEXO del documento \u201cMEDIDAS DE PREVENCI\u00d3N, PROTECCI\u00d3N, VIGILANCIA Y PROMOCI\u00d3N DE LA SALUD COVID-19\u201d<\/span><\/strong><br \/>\n<strong><span style=\"color: #339966\">GESTI\u00d3N DE CASOS: Actuaciones ante sospecha y confirmaci\u00f3n.<\/span><\/strong><\/p>\n<p><strong><span style=\"color: #339966\">CURSO 2021\/2022<\/span><\/strong><br \/>\n13 Enero 2022<\/p>\n<p><iframe loading=\"lazy\" src=\"https:\/\/drive.google.com\/file\/d\/139BuQq5kQvXeSbn6FnMkhwS0ysKFiagr\/preview\" width=\"640\" height=\"480\"><\/iframe><\/p>\n<p><strong><span style=\"color: #339966\">Recomendaciones para la priorizaci\u00f3n de las actuaciones de prevenci\u00f3n y control<\/span><\/strong><br \/>\n<strong><span style=\"color: #339966\">en un escenario de alta transmisi\u00f3n comunitaria del SARS CoV-2 en Andaluc\u00eda<\/span><\/strong><br \/>\n3 de ENERO 2022<\/p>\n<p>&nbsp;<br \/>\n<iframe loading=\"lazy\" src=\"https:\/\/drive.google.com\/file\/d\/1x4kt_BAUdShdfUSXjXCoWrgIAWZRL5r9\/preview\" width=\"640\" height=\"480\"><\/iframe><\/p>\n<p>&nbsp;<\/p>\n<p><span style=\"color: #008000\"><span style=\"color: #008000\"><b>INFORMACI\u00d3N<\/b><\/span><strong style=\"color: #008000\">&nbsp;PARA LAS FAMILIAS. INICIO DE CURSO<\/strong><\/span><\/p>\n<p><iframe loading=\"lazy\" src=\"https:\/\/drive.google.com\/file\/d\/10vtdOFdC6SJ4LP1BezuEwZZ4lG5FgdQp\/preview\" width=\"640\" height=\"480\"><\/iframe>&nbsp;<\/p>\n<p>&nbsp;<\/p>\n<p><strong><span style=\"color: #008000\">INFORMACI\u00d3N A LAS FAMILIAS PARA LA INCORPORACI\u00d3N DEL ALUMNADO<iframe loading=\"lazy\" src=\"https:\/\/drive.google.com\/file\/d\/1-WkcWvM37O8XCCgKvkxY9AlW5fFMTuC-\/preview\" width=\"640\" height=\"480\"><\/iframe><\/span><\/strong><\/p>\n<p>&nbsp;<\/p>\n<p><strong><span style=\"color: #008000\">PROTOCOLO COVID-19 CURSO 21\/22<\/span><\/strong><\/p>\n<p><iframe loading=\"lazy\" src=\"https:\/\/drive.google.com\/file\/d\/1lcQipO4CFx5F96_m2xkbo2LXLPGciGls\/preview\" width=\"640\" height=\"480\"><\/iframe>&nbsp;<\/p>\n<p>&nbsp;<\/p>\n<table>\n<tbody>\n<tr>\n<td colspan=\"4\" width=\"754\">\n<p style=\"text-align: center\"><span style=\"color: #008000\"><strong>REUNIONES FAMILIAS<\/strong><\/span><\/p>\n<p style=\"text-align: center\"><span style=\"color: #008000\"><strong>INICIO CURSO 2020-2021<\/strong><\/span><\/p>\n<p style=\"text-align: center\"><span style=\"color: #008000\"><strong>JUEVES, 9 DE SEPTIEMBRE<\/strong><\/span><\/p>\n<\/td>\n<\/tr>\n<tr>\n<td width=\"189\">&nbsp;<\/td>\n<td colspan=\"3\" width=\"566\">\n<p style=\"text-align: center\">GRUPOS Y LUGAR<\/p>\n<\/td>\n<\/tr>\n<tr>\n<td width=\"189\"><strong>HORARIO<\/strong><\/td>\n<td style=\"text-align: center\" width=\"189\"><strong>ZONA TOLDO<\/strong><\/td>\n<td style=\"text-align: center\" width=\"189\"><strong>PATIO INFANTIL<\/strong><\/td>\n<td style=\"text-align: center\" width=\"189\"><strong>PISTA<\/strong><\/td>\n<\/tr>\n<tr>\n<td width=\"189\"><strong>09:00 A 09:45<\/strong><\/td>\n<td width=\"189\">4 A\u00d1OS<\/td>\n<td width=\"189\">5 A\u00d1OS<\/td>\n<td width=\"189\">1\u00ba PRIMARIA<\/td>\n<\/tr>\n<tr>\n<td width=\"189\"><strong>10:00 A 10:45<\/strong><\/td>\n<td width=\"189\">2\u00ba PRIMARIA<\/td>\n<td width=\"189\">3\u00ba PRIMARIA<\/td>\n<td width=\"189\">4\u00ba PRIMARIA<\/td>\n<\/tr>\n<tr>\n<td width=\"189\"><strong>11:00 A 11:45<\/strong><\/td>\n<td width=\"189\">5\u00ba PRIMARIA<\/td>\n<td width=\"189\">6\u00ba PRIMARIA<\/td>\n<td width=\"189\">&nbsp;<\/td>\n<\/tr>\n<\/tbody>\n<\/table>\n<ul>\n<li>En todas las reuniones estar\u00e1 presente alguien del Equipo Directivo.<\/li>\n<li>Cada tutor\/a explicar\u00e1 a las familias de su grupo las normas para la incorporaci\u00f3n del alumnado.&nbsp;<\/li>\n<\/ul>\n<p>&nbsp;<\/p>\n","protected":false},"excerpt":{"rendered":"<p>INFOGRAF\u00cdA &nbsp; ANEXO del documento \u201cMEDIDAS DE PREVENCI\u00d3N, PROTECCI\u00d3N, VIGILANCIA Y PROMOCI\u00d3N DE LA SALUD COVID-19\u201d GESTI\u00d3N DE CASOS: Actuaciones ante sospecha y confirmaci\u00f3n. CURSO 2021\/2022 13 Enero 2022 Recomendaciones para la priorizaci\u00f3n de&#46;&#46;&#46;<\/p>\n","protected":false},"author":11409,"featured_media":0,"parent":0,"menu_order":0,"comment_status":"closed","ping_status":"closed","template":"","meta":{"ngg_post_thumbnail":0,"footnotes":"","_mc_calendar":[]},"aioseo_notices":[],"_links":{"self":[{"href":"https:\/\/blogsaverroes.juntadeandalucia.es\/ceipenebral\/wp-json\/wp\/v2\/pages\/2511"}],"collection":[{"href":"https:\/\/blogsaverroes.juntadeandalucia.es\/ceipenebral\/wp-json\/wp\/v2\/pages"}],"about":[{"href":"https:\/\/blogsaverroes.juntadeandalucia.es\/ceipenebral\/wp-json\/wp\/v2\/types\/page"}],"author":[{"embeddable":true,"href":"https:\/\/blogsaverroes.juntadeandalucia.es\/ceipenebral\/wp-json\/wp\/v2\/users\/11409"}],"replies":[{"embeddable":true,"href":"https:\/\/blogsaverroes.juntadeandalucia.es\/ceipenebral\/wp-json\/wp\/v2\/comments?post=2511"}],"version-history":[{"count":12,"href":"https:\/\/blogsaverroes.juntadeandalucia.es\/ceipenebral\/wp-json\/wp\/v2\/pages\/2511\/revisions"}],"predecessor-version":[{"id":2633,"href":"https:\/\/blogsaverroes.juntadeandalucia.es\/ceipenebral\/wp-json\/wp\/v2\/pages\/2511\/revisions\/2633"}],"wp:attachment":[{"href":"https:\/\/blogsaverroes.juntadeandalucia.es\/ceipenebral\/wp-json\/wp\/v2\/media?parent=2511"}],"curies":[{"name":"wp","href":"https:\/\/api.w.org\/{rel}","templated":true}]}}