{"id":2648,"date":"2022-06-22T08:12:22","date_gmt":"2022-06-22T08:12:22","guid":{"rendered":"https:\/\/blogsaverroes.juntadeandalucia.es\/ceipenebral\/?page_id=2648"},"modified":"2024-11-08T10:05:09","modified_gmt":"2024-11-08T10:05:09","slug":"proyecto-educativo-2","status":"publish","type":"page","link":"https:\/\/blogsaverroes.juntadeandalucia.es\/ceipenebral\/proyecto-educativo-2\/","title":{"rendered":"Proyecto Educativo"},"content":{"rendered":"<p>&nbsp;<\/p>\n<p class=\"zfr3Q CDt4Ke \" dir=\"ltr\"><span class=\"C9DxTc aw5Odc \">01 CONCEPTO E \u00cdNDICE<\/span><span class=\"C9DxTc \">&nbsp;<\/span><\/p>\n<p class=\"zfr3Q CDt4Ke \" dir=\"ltr\"><span class=\"C9DxTc aw5Odc \">02 OBJETIVOS PROPIOS PARA LA MEJORA DEL DESARROLLO DE LAS COMPETENCIAS CLAVE PREVISTAS EN LOS PERFILES COMPETENCIALES.<\/span><span class=\"C9DxTc \">&nbsp;<\/span><\/p>\n<p class=\"zfr3Q CDt4Ke \" dir=\"ltr\"><span class=\"C9DxTc aw5Odc \">03 PRINCIPIOS GENERALES DE LAS DISTINTAS ETAPAS, PRINCIPIOS PEDAG\u00d3GICOS Y METADOL\u00d3GICOS DEL CENTRO.<\/span><\/p>\n<p class=\"zfr3Q CDt4Ke \" dir=\"ltr\"><span class=\"C9DxTc aw5Odc \">04 CRITERIOS GENERALES PARA LA ELABORACI\u00d3N Y REVISI\u00d3N DE LAS PROPUESTAS PEDAG\u00d3GICAS Y PROGRAMACIONES GENERALES.<\/span><span class=\"C9DxTc \">&nbsp;&nbsp;<\/span><\/p>\n<p class=\"zfr3Q CDt4Ke \" dir=\"ltr\"><span class=\"C9DxTc aw5Odc \">05 CRITERIOS PARA LA DETERMINACI\u00d3N DE LOS \u00d3RGANOS DE COORDINACI\u00d3N DOCENTE DEL CENTRO Y DEL HORARIO DE DEDICACI\u00d3N DE LAS PERSONAS RSPONSABLES DE LOS MISMO PARA LA REALIZACI\u00d3N DE SUS FUNCIONES.<\/span><span class=\"C9DxTc \">&nbsp;<\/span><\/p>\n<p class=\"zfr3Q CDt4Ke \" dir=\"ltr\"><span class=\"C9DxTc aw5Odc \">06 EVALUACI\u00d3N EN EDUCACI\u00d3N INFANTIL.<\/span><span class=\"C9DxTc \">&nbsp;<\/span><\/p>\n<p class=\"zfr3Q CDt4Ke \" dir=\"ltr\"><span class=\"C9DxTc aw5Odc \">07 EVALUACI\u00d3N EN EDUCACI\u00d3N PRIMARIA.<\/span><span class=\"C9DxTc \">&nbsp;<\/span><\/p>\n<p class=\"zfr3Q CDt4Ke \" dir=\"ltr\"><span class=\"C9DxTc aw5Odc \">08 EVALUACI\u00d3N EN EDUCACI\u00d3N SECUNDARIA.<\/span><\/p>\n<p class=\"zfr3Q CDt4Ke \" dir=\"ltr\"><span class=\"C9DxTc \">&nbsp;<\/span><span class=\"C9DxTc aw5Odc \">09 PLAN DE EVALUACI\u00d3N INTERNA.<\/span><span class=\"C9DxTc \">&nbsp;<\/span><\/p>\n<p class=\"zfr3Q CDt4Ke \" dir=\"ltr\"><span class=\"C9DxTc aw5Odc \">10 CRITERIOS PARA ORGANIZAR Y DISTRIBUIR ELTIEMPO ESCOLAR, AS\u00cd COMO LOS OBJETIVOS Y PROGRAMAS DE INTERVENCI\u00d3N EN EL TIEMPO ESCOLAR Y EXTRAESCOLAR, LAS ACTIVIDADES COMPLEMENTARIAS Y EXTRAESCOLARES. LA COLABORACI\u00d3N CON EL AMPA.&nbsp;<\/span><\/p>\n<p class=\"zfr3Q CDt4Ke \" dir=\"ltr\"><span class=\"C9DxTc aw5Odc \">11 PLAN DE FORMACI\u00d3N DEL PROFESORADO.<\/span><span class=\"C9DxTc \">&nbsp;<\/span><\/p>\n<p class=\"zfr3Q CDt4Ke \" dir=\"ltr\"><span class=\"C9DxTc aw5Odc \">12 PLAN DE ATENCI\u00d3N A LA DIVERSIDAD.<\/span><span class=\"C9DxTc \">&nbsp;<\/span><\/p>\n<p class=\"zfr3Q CDt4Ke \" dir=\"ltr\"><span class=\"C9DxTc aw5Odc \">13 PLAN DE ORIENTACI\u00d3N Y ACCI\u00d3N TUTORIAL.<\/span><span class=\"C9DxTc \">&nbsp;<\/span><\/p>\n<p class=\"zfr3Q CDt4Ke \" dir=\"ltr\"><span class=\"C9DxTc aw5Odc \">14 PLAN DE ACTUACI\u00d3N CONJUNTA EOE-CENTRO ESCOLAR.<\/span><span class=\"C9DxTc \">&nbsp;<\/span><\/p>\n<p class=\"zfr3Q CDt4Ke \" dir=\"ltr\"><span class=\"C9DxTc aw5Odc \">15 PROGRAMA DE ACOGIDA.<\/span><span class=\"C9DxTc \">&nbsp;<\/span><\/p>\n<p class=\"zfr3Q CDt4Ke \" dir=\"ltr\"><span class=\"C9DxTc aw5Odc \">16 PROGRAMA DE TR\u00c1NSITO INTERNOS Y EXTERNOS.<\/span><span class=\"C9DxTc \">&nbsp;<\/span><\/p>\n<p class=\"zfr3Q CDt4Ke \" dir=\"ltr\"><span class=\"C9DxTc aw5Odc \">17 PLAN DE IGUALDAD.<\/span><span class=\"C9DxTc \">&nbsp;<\/span><\/p>\n<p class=\"zfr3Q CDt4Ke \" dir=\"ltr\"><span class=\"C9DxTc aw5Odc \">18 PLAN DE CONVIVENCIA.<\/span><span class=\"C9DxTc \">&nbsp;<\/span><\/p>\n<p class=\"zfr3Q CDt4Ke \" dir=\"ltr\"><span class=\"C9DxTc aw5Odc \">19 PROYECTO LING\u00dc\u00cdSTICO DEL CENTRO.<\/span><span class=\"C9DxTc \">&nbsp;<\/span><\/p>\n<p class=\"zfr3Q CDt4Ke \" dir=\"ltr\"><span class=\"C9DxTc aw5Odc \">20 PROYECTO MATEM\u00c1TICO DEL CENTRO.<\/span><span class=\"C9DxTc \">&nbsp;<\/span><\/p>\n<p class=\"zfr3Q CDt4Ke \" dir=\"ltr\"><span class=\"C9DxTc aw5Odc \">21 PLAN DE RAZONAMIENTO MATEM\u00c1TICO.<\/span><span class=\"C9DxTc \">&nbsp;<\/span><\/p>\n<p class=\"zfr3Q CDt4Ke \" dir=\"ltr\"><span class=\"C9DxTc aw5Odc \">22 PROGRAMA CIMA.<\/span><span class=\"C9DxTc \">&nbsp;<\/span><\/p>\n<p class=\"zfr3Q CDt4Ke \" dir=\"ltr\"><span class=\"C9DxTc aw5Odc \">23 PATIOS ACTIVOS.<\/span><span class=\"C9DxTc \">&nbsp;<\/span><\/p>\n<p class=\"zfr3Q CDt4Ke \" dir=\"ltr\"><span class=\"C9DxTc aw5Odc \">24 PLAN DE LECTURA.<\/span><span class=\"C9DxTc \">&nbsp;<\/span><\/p>\n<p class=\"zfr3Q CDt4Ke \" dir=\"ltr\"><span class=\"C9DxTc aw5Odc \">25 PROYECTO DE BIBLIOTECA.<\/span><span class=\"C9DxTc \">&nbsp;<\/span><\/p>\n<p class=\"zfr3Q CDt4Ke \" dir=\"ltr\"><span class=\"C9DxTc aw5Odc \">26 PLAN DE ACTUACI\u00d3N DIGITAL.<\/span><span class=\"C9DxTc \">&nbsp;<\/span><\/p>\n","protected":false},"excerpt":{"rendered":"<p>&nbsp; 01 CONCEPTO E \u00cdNDICE&nbsp; 02 OBJETIVOS PROPIOS PARA LA MEJORA DEL DESARROLLO DE LAS COMPETENCIAS CLAVE PREVISTAS EN LOS PERFILES COMPETENCIALES.&nbsp; 03 PRINCIPIOS GENERALES DE LAS DISTINTAS ETAPAS, PRINCIPIOS PEDAG\u00d3GICOS Y METADOL\u00d3GICOS DEL&#46;&#46;&#46;<\/p>\n","protected":false},"author":11409,"featured_media":0,"parent":0,"menu_order":0,"comment_status":"closed","ping_status":"closed","template":"","meta":{"ngg_post_thumbnail":0,"footnotes":"","_mc_calendar":[]},"aioseo_notices":[],"_links":{"self":[{"href":"https:\/\/blogsaverroes.juntadeandalucia.es\/ceipenebral\/wp-json\/wp\/v2\/pages\/2648"}],"collection":[{"href":"https:\/\/blogsaverroes.juntadeandalucia.es\/ceipenebral\/wp-json\/wp\/v2\/pages"}],"about":[{"href":"https:\/\/blogsaverroes.juntadeandalucia.es\/ceipenebral\/wp-json\/wp\/v2\/types\/page"}],"author":[{"embeddable":true,"href":"https:\/\/blogsaverroes.juntadeandalucia.es\/ceipenebral\/wp-json\/wp\/v2\/users\/11409"}],"replies":[{"embeddable":true,"href":"https:\/\/blogsaverroes.juntadeandalucia.es\/ceipenebral\/wp-json\/wp\/v2\/comments?post=2648"}],"version-history":[{"count":3,"href":"https:\/\/blogsaverroes.juntadeandalucia.es\/ceipenebral\/wp-json\/wp\/v2\/pages\/2648\/revisions"}],"predecessor-version":[{"id":2674,"href":"https:\/\/blogsaverroes.juntadeandalucia.es\/ceipenebral\/wp-json\/wp\/v2\/pages\/2648\/revisions\/2674"}],"wp:attachment":[{"href":"https:\/\/blogsaverroes.juntadeandalucia.es\/ceipenebral\/wp-json\/wp\/v2\/media?parent=2648"}],"curies":[{"name":"wp","href":"https:\/\/api.w.org\/{rel}","templated":true}]}}