{"id":2224,"date":"2020-12-10T08:40:55","date_gmt":"2020-12-10T08:40:55","guid":{"rendered":"https:\/\/blogsaverroes.juntadeandalucia.es\/ceipescritoralfonsogrosso\/?page_id=2224"},"modified":"2025-10-20T11:51:56","modified_gmt":"2025-10-20T11:51:56","slug":"claustro-de-profesores-as","status":"publish","type":"page","link":"https:\/\/blogsaverroes.juntadeandalucia.es\/ceipescritoralfonsogrosso\/claustro-de-profesores-as\/","title":{"rendered":"Claustro de Profesores\/as"},"content":{"rendered":"<p>&nbsp;<\/p>\n<p>&nbsp;<\/p>\n<p>&nbsp;<\/p>\n<table style=\"width: 98.5792%;background-color: #58f592;height: 2890px\" border=\"4\" cellspacing=\"2\" cellpadding=\"2\">\n<tbody>\n<tr style=\"height: 90px\">\n<td style=\"width: 103.946%;background-color: #f00a0a;text-align: center;height: 90px\" colspan=\"2\" width=\"720\">\n<h1>CLAUSTRO DE PROFESORADO<\/h1>\n<\/td>\n<\/tr>\n<tr style=\"height: 75px\">\n<td style=\"width: 103.946%;background-color: #f77b79;text-align: center;height: 75px\" colspan=\"2\" width=\"720\">\n<h2>EQUIPO DIRECTIVO<\/h2>\n<\/td>\n<\/tr>\n<tr style=\"height: 65px\">\n<td style=\"width: 34.9783%;text-align: center;height: 65px\" width=\"360\">\n<h3>Director<\/h3>\n<\/td>\n<td style=\"width: 68.9673%;height: 65px\" width=\"360\">\n<h3>Jose Antonio Cabeza Andrades<\/h3>\n<\/td>\n<\/tr>\n<tr style=\"height: 65px\">\n<td style=\"width: 34.9783%;text-align: center;height: 65px\" width=\"360\">\n<h3>Jefe de Estudios<\/h3>\n<\/td>\n<td style=\"width: 68.9673%;height: 65px\" width=\"360\">\n<h3>Tamara Jim\u00e9nez Illanes<\/h3>\n<\/td>\n<\/tr>\n<tr style=\"height: 65px\">\n<td style=\"width: 34.9783%;text-align: center;height: 65px\" width=\"360\">\n<h3>Secretaria<\/h3>\n<\/td>\n<td style=\"width: 68.9673%;height: 65px\" width=\"360\">\n<h3>Silvia Retamal Ruiz<\/h3>\n<\/td>\n<\/tr>\n<tr style=\"height: 75px\">\n<td style=\"width: 103.946%;background-color: #0f69fa;height: 75px\" colspan=\"2\" width=\"720\">\n<h2 style=\"text-align: center\">EDUCACI\u00d3N INFANTIL<\/h2>\n<\/td>\n<\/tr>\n<tr style=\"height: 65px\">\n<td style=\"width: 34.9783%;text-align: center;height: 65px\" width=\"360\">\n<h3>E. Infantil 3 a\u00f1os A<\/h3>\n<\/td>\n<td style=\"width: 68.9673%;height: 65px\" width=\"360\">\n<h3>M\u00aa Jos\u00e9 Hern\u00e1ndez Rodr\u00edguez<\/h3>\n<\/td>\n<\/tr>\n<tr style=\"height: 65px\">\n<td style=\"width: 34.9783%;text-align: center;height: 65px\" width=\"360\">\n<h3>E. Infantil 3 a\u00f1os B<\/h3>\n<\/td>\n<td style=\"width: 68.9673%;height: 65px\" width=\"360\">\n<h3>Carlos Antonio L\u00f3pez Carrasco<\/h3>\n<\/td>\n<\/tr>\n<tr style=\"height: 65px\">\n<td style=\"width: 34.9783%;text-align: center;height: 65px\" width=\"360\">\n<h3>E. Infantil 4 a\u00f1os A<\/h3>\n<\/td>\n<td style=\"width: 68.9673%;height: 65px\" width=\"360\">\n<h3>M\u00aa Carmen Maldonado Cantero<\/h3>\n<\/td>\n<\/tr>\n<tr style=\"height: 65px\">\n<td style=\"width: 34.9783%;text-align: center;height: 65px\" width=\"360\">\n<h3>E. Infantil 4 a\u00f1os B<\/h3>\n<\/td>\n<td style=\"width: 68.9673%;height: 65px\" width=\"360\">\n<h3>M\u00aa Jos\u00e9 Mu\u00f1oz Cabello<\/h3>\n<\/td>\n<\/tr>\n<tr style=\"height: 65px\">\n<td style=\"width: 34.9783%;text-align: center;height: 65px\" width=\"360\">\n<h3>E. Infantil 5 a\u00f1os A<\/h3>\n<\/td>\n<td style=\"width: 68.9673%;height: 65px\" width=\"360\">\n<h3>Ana Mill\u00e1n Mill\u00e1n<\/h3>\n<\/td>\n<\/tr>\n<tr style=\"height: 65px\">\n<td style=\"width: 34.9783%;text-align: center;height: 65px\" width=\"360\">\n<h3>E. Infantil 5 a\u00f1os B<\/h3>\n<\/td>\n<td style=\"width: 68.9673%;height: 65px\" width=\"360\">\n<h3>Carolina Escudero Do\u00f1oro<\/h3>\n<\/td>\n<\/tr>\n<tr style=\"height: 65px\">\n<td style=\"width: 34.9783%;text-align: center;height: 65px\" width=\"360\">\n<h3>Apoyo Infantil<\/h3>\n<\/td>\n<td style=\"width: 68.9673%;height: 65px\" width=\"360\">\n<h3>Carlos Alem\u00e1n Cabrera<\/h3>\n<\/td>\n<\/tr>\n<tr style=\"height: 75px\">\n<td style=\"width: 103.946%;background-color: #0f69fa;text-align: center;height: 75px\" colspan=\"2\" width=\"720\">\n<h2>EDUCACI\u00d3N PRIMARIA<\/h2>\n<\/td>\n<\/tr>\n<tr style=\"height: 75px\">\n<td style=\"width: 103.946%;text-align: center;background-color: #f77b79;height: 75px\" colspan=\"2\" width=\"720\">\n<h2>PRIMER CICLO<\/h2>\n<\/td>\n<\/tr>\n<tr style=\"height: 65px\">\n<td style=\"width: 34.9783%;text-align: center;height: 65px\" width=\"360\">\n<h3>1\u00baA<\/h3>\n<\/td>\n<td style=\"width: 68.9673%;height: 65px\" width=\"360\">\n<h3>Rafael Rodr\u00edguez P\u00e9rez<\/h3>\n<\/td>\n<\/tr>\n<tr style=\"height: 65px\">\n<td style=\"width: 34.9783%;text-align: center;height: 65px\" width=\"360\">\n<h3>1\u00baB<\/h3>\n<\/td>\n<td style=\"width: 68.9673%;height: 65px\" width=\"360\">\n<h3>Luc\u00eda Ru\u00edz Fern\u00e1ndez<\/h3>\n<\/td>\n<\/tr>\n<tr style=\"height: 65px\">\n<td style=\"width: 34.9783%;text-align: center;height: 65px\" width=\"360\">\n<h3>2\u00baA<\/h3>\n<\/td>\n<td style=\"width: 68.9673%;height: 65px\" width=\"360\">\n<h3>In\u00e9s Rivodigo Carmona<\/h3>\n<\/td>\n<\/tr>\n<tr style=\"height: 65px\">\n<td style=\"width: 34.9783%;text-align: center;height: 65px\" width=\"360\">\n<h3>2\u00baB<\/h3>\n<\/td>\n<td style=\"width: 68.9673%;height: 65px\" width=\"360\">\n<h3>Natalia Serrano Calvete<\/h3>\n<\/td>\n<\/tr>\n<tr style=\"height: 75px\">\n<td style=\"width: 103.946%;background-color: #f77b79;height: 75px\" colspan=\"2\" width=\"720\">\n<h2 style=\"text-align: center\">SEGUNDO CICLO<\/h2>\n<\/td>\n<\/tr>\n<tr style=\"height: 65px\">\n<td style=\"width: 34.9783%;text-align: center;height: 65px\" width=\"360\">\n<h3>3\u00baA<\/h3>\n<\/td>\n<td style=\"width: 68.9673%;height: 65px\" width=\"360\">\n<h3>Miguel \u00c1ngel Mar\u00edn Luque<\/h3>\n<\/td>\n<\/tr>\n<tr style=\"height: 65px\">\n<td style=\"width: 34.9783%;text-align: center;height: 65px\" width=\"360\">\n<h3>3\u00baB<\/h3>\n<\/td>\n<td style=\"width: 68.9673%;height: 65px\" width=\"360\">\n<h3>M\u00aa Magdalena Torres El\u00edas<\/h3>\n<\/td>\n<\/tr>\n<tr style=\"height: 65px\">\n<td style=\"width: 34.9783%;text-align: center;height: 65px\" width=\"360\">\n<h3>4\u00baA<\/h3>\n<\/td>\n<td style=\"width: 68.9673%;height: 65px\" width=\"360\">\n<h3>M\u00aa Mercedes Mateos Cortijo<\/h3>\n<\/td>\n<\/tr>\n<tr style=\"height: 65px\">\n<td style=\"width: 34.9783%;text-align: center;height: 65px\" width=\"360\">\n<h3>4\u00baB<\/h3>\n<\/td>\n<td style=\"width: 68.9673%;height: 65px\" width=\"360\">\n<h3>Silvia Retamal Ruiz<\/h3>\n<\/td>\n<\/tr>\n<tr style=\"height: 75px\">\n<td style=\"width: 103.946%;background-color: #f77b79;height: 75px\" colspan=\"2\" width=\"720\">\n<h2 style=\"text-align: center\">TERCER CICLO<\/h2>\n<\/td>\n<\/tr>\n<tr style=\"height: 65px\">\n<td style=\"width: 34.9783%;text-align: center;height: 65px\" width=\"360\">\n<h3>5\u00baA<\/h3>\n<\/td>\n<td style=\"width: 68.9673%;height: 65px\" width=\"360\">\n<h3>Jer\u00f3nimo Garc\u00eda Saavedra<\/h3>\n<\/td>\n<\/tr>\n<tr style=\"height: 65px\">\n<td style=\"width: 34.9783%;text-align: center;height: 65px\" width=\"360\">\n<h3>5\u00baB<\/h3>\n<\/td>\n<td style=\"width: 68.9673%;height: 65px\" width=\"360\">\n<h3>Alejandro Moreno Segovia<\/h3>\n<\/td>\n<\/tr>\n<tr style=\"height: 65px\">\n<td style=\"width: 34.9783%;text-align: center;height: 65px\" width=\"360\">\n<h3>6\u00baA<\/h3>\n<\/td>\n<td style=\"width: 68.9673%;height: 65px\" width=\"360\">\n<h3>Bel\u00e9n Mar\u00edn Maceda<\/h3>\n<\/td>\n<\/tr>\n<tr style=\"height: 65px\">\n<td style=\"width: 34.9783%;text-align: center;height: 65px\" width=\"360\">\n<h3>6\u00baB<\/h3>\n<\/td>\n<td style=\"width: 68.9673%;height: 65px\" width=\"360\">\n<h3>Rosa M\u00aa Calzado Molina<\/h3>\n<\/td>\n<\/tr>\n<tr style=\"height: 75px\">\n<td style=\"width: 34.9783%;background-color: #f77b79;text-align: center;height: 75px\" colspan=\"2\">\n<h2>ESPECIALISTAS<\/h2>\n<\/td>\n<\/tr>\n<tr style=\"height: 65px\">\n<td style=\"width: 34.9783%;text-align: center;height: 65px\" width=\"360\">\n<h3>Pedagog\u00eda Terap\u00e9utica<\/h3>\n<\/td>\n<td style=\"width: 68.9673%;height: 65px\" width=\"360\">\n<h3>Mar\u00eda Robledo Antol\u00edn Mateo<\/h3>\n<\/td>\n<\/tr>\n<tr style=\"height: 65px\">\n<td style=\"width: 34.9783%;text-align: center;height: 65px\" width=\"360\">\n<h3>Audici\u00f3n y Lenguaje<\/h3>\n<\/td>\n<td style=\"width: 68.9673%;height: 65px\" width=\"360\">\n<h3>Gonzalo V\u00e9lez Barrios<\/h3>\n<\/td>\n<\/tr>\n<tr style=\"height: 65px\">\n<td style=\"width: 34.9783%;text-align: center;height: 65px\" width=\"360\">\n<h3>Ingl\u00e9s<\/h3>\n<\/td>\n<td style=\"width: 68.9673%;height: 65px\" width=\"360\">\n<h3>Rosa M\u00aa Calzado Molina<\/h3>\n<\/td>\n<\/tr>\n<tr style=\"height: 65px\">\n<td style=\"width: 34.9783%;text-align: center;height: 65px\" width=\"360\">\n<h3>Ingl\u00e9s<\/h3>\n<\/td>\n<td style=\"width: 68.9673%;height: 65px\" width=\"360\">\n<h3>Natalia Serrano Calvete<\/h3>\n<\/td>\n<\/tr>\n<tr>\n<td style=\"width: 34.9783%;text-align: center\">\n<h3>Ingl\u00e9s<\/h3>\n<\/td>\n<td style=\"width: 68.9673%\">\n<h3>Jer\u00f3nimo Garc\u00eda Saavedra<\/h3>\n<\/td>\n<\/tr>\n<tr style=\"height: 65px\">\n<td style=\"width: 34.9783%;text-align: center;height: 65px\" width=\"360\">\n<h3>Educaci\u00f3n F\u00edsica<\/h3>\n<\/td>\n<td style=\"width: 68.9673%;height: 65px\" width=\"360\">\n<h3>Jose Antonio Cabeza Andrades<\/h3>\n<\/td>\n<\/tr>\n<tr style=\"height: 65px\">\n<td style=\"width: 34.9783%;text-align: center;height: 65px\" width=\"360\">\n<h3>Educaci\u00f3n F\u00edsica<\/h3>\n<\/td>\n<td style=\"width: 68.9673%;height: 65px\" width=\"360\">\n<h3>Alejandro Moreno Segovia<\/h3>\n<\/td>\n<\/tr>\n<tr>\n<td style=\"width: 34.9783%;text-align: center\">\n<h3>Educaci\u00f3n F\u00edsica<\/h3>\n<\/td>\n<td style=\"width: 68.9673%\">\n<h3>Jaime S\u00e1nchez Fern\u00e1ndez<\/h3>\n<\/td>\n<\/tr>\n<tr style=\"height: 65px\">\n<td style=\"width: 34.9783%;text-align: center;height: 65px\" width=\"360\">\n<h3>Franc\u00e9s<\/h3>\n<\/td>\n<td style=\"width: 68.9673%;height: 65px\" width=\"360\">\n<h3>Bel\u00e9n Mar\u00edn Maceda<\/h3>\n<\/td>\n<\/tr>\n<tr style=\"height: 65px\">\n<td style=\"width: 34.9783%;text-align: center;height: 65px\" width=\"360\">\n<h3>M\u00fasica<\/h3>\n<\/td>\n<td style=\"width: 68.9673%;height: 65px\" width=\"360\">\n<h3>M\u00aa Magdalena Torres El\u00edas<\/h3>\n<\/td>\n<\/tr>\n<tr style=\"height: 65px\">\n<td style=\"width: 34.9783%;text-align: center;height: 65px\" width=\"360\">\n<h3>Religi\u00f3n<\/h3>\n<\/td>\n<td style=\"width: 68.9673%;height: 65px\" width=\"360\">\n<h3>Carmen Vicente Lago<\/h3>\n<\/td>\n<\/tr>\n<tr style=\"height: 65px\">\n<td style=\"width: 34.9783%;text-align: center;height: 65px\" width=\"360\">\n<h3>Religi\u00f3n<\/h3>\n<\/td>\n<td style=\"width: 68.9673%;height: 65px\" width=\"360\">\n<h3>Alicia Mart\u00ednez Utrera&nbsp;<\/h3>\n<\/td>\n<\/tr>\n<tr style=\"height: 65px\">\n<td style=\"width: 34.9783%;text-align: center;height: 65px\">\n<h3>Apoyo Primaria<\/h3>\n<\/td>\n<td style=\"width: 68.9673%;height: 65px\">\n<h3>Ana M\u00aa Romero Garc\u00eda<\/h3>\n<\/td>\n<\/tr>\n<tr style=\"height: 65px\">\n<td style=\"width: 34.9783%;text-align: center;height: 65px\">\n<h3>Educadora<\/h3>\n<\/td>\n<td style=\"width: 68.9673%;height: 65px\">\n<h3>Nieves Rivas Clemente<\/h3>\n<\/td>\n<\/tr>\n<\/tbody>\n<\/table>\n<p>&nbsp;<\/p>\n","protected":false},"excerpt":{"rendered":"<p>&nbsp; &nbsp; &nbsp; CLAUSTRO DE PROFESORADO EQUIPO DIRECTIVO Director Jose Antonio Cabeza Andrades Jefe de Estudios Tamara Jim\u00e9nez Illanes Secretaria Silvia Retamal Ruiz EDUCACI\u00d3N INFANTIL E. Infantil 3 a\u00f1os A M\u00aa Jos\u00e9 Hern\u00e1ndez Rodr\u00edguez&#46;&#46;&#46;<\/p>\n","protected":false},"author":10479,"featured_media":0,"parent":0,"menu_order":0,"comment_status":"closed","ping_status":"closed","template":"","meta":{"ngg_post_thumbnail":0,"footnotes":"","_mc_calendar":[]},"aioseo_notices":[],"post_mailing_queue_ids":[],"_links":{"self":[{"href":"https:\/\/blogsaverroes.juntadeandalucia.es\/ceipescritoralfonsogrosso\/wp-json\/wp\/v2\/pages\/2224"}],"collection":[{"href":"https:\/\/blogsaverroes.juntadeandalucia.es\/ceipescritoralfonsogrosso\/wp-json\/wp\/v2\/pages"}],"about":[{"href":"https:\/\/blogsaverroes.juntadeandalucia.es\/ceipescritoralfonsogrosso\/wp-json\/wp\/v2\/types\/page"}],"author":[{"embeddable":true,"href":"https:\/\/blogsaverroes.juntadeandalucia.es\/ceipescritoralfonsogrosso\/wp-json\/wp\/v2\/users\/10479"}],"replies":[{"embeddable":true,"href":"https:\/\/blogsaverroes.juntadeandalucia.es\/ceipescritoralfonsogrosso\/wp-json\/wp\/v2\/comments?post=2224"}],"version-history":[{"count":21,"href":"https:\/\/blogsaverroes.juntadeandalucia.es\/ceipescritoralfonsogrosso\/wp-json\/wp\/v2\/pages\/2224\/revisions"}],"predecessor-version":[{"id":3131,"href":"https:\/\/blogsaverroes.juntadeandalucia.es\/ceipescritoralfonsogrosso\/wp-json\/wp\/v2\/pages\/2224\/revisions\/3131"}],"wp:attachment":[{"href":"https:\/\/blogsaverroes.juntadeandalucia.es\/ceipescritoralfonsogrosso\/wp-json\/wp\/v2\/media?parent=2224"}],"curies":[{"name":"wp","href":"https:\/\/api.w.org\/{rel}","templated":true}]}}