{"id":2232,"date":"2020-12-21T08:26:40","date_gmt":"2020-12-21T08:26:40","guid":{"rendered":"https:\/\/blogsaverroes.juntadeandalucia.es\/ceipescritoralfonsogrosso\/?page_id=2232"},"modified":"2022-01-27T17:58:03","modified_gmt":"2022-01-27T17:58:03","slug":"junta-directiva","status":"publish","type":"page","link":"https:\/\/blogsaverroes.juntadeandalucia.es\/ceipescritoralfonsogrosso\/junta-directiva\/","title":{"rendered":"Junta Directiva"},"content":{"rendered":"<h2><b>PRESIDENTA<\/b><\/h2>\n<p><b>Ana Boza.<\/b>&nbsp;Analista funcional de sistemas inform\u00e1ticos y responsable de equipo. Amante de los&nbsp;&nbsp;patines&nbsp;&nbsp;y&nbsp;&nbsp;el senderismo.&nbsp;&nbsp;Colaboradora, mediadora y dispuesta siempre a ayudar a los dem\u00e1s. Mam\u00e1 de Eva y Edu Cordero, de 4\u00ba y 1\u00ba curso, respectivamente.<\/p>\n<h2><b>VICEPRESIDENTA<\/b><\/h2>\n<p><b>Paola Bravo<\/b>, con un hijo en 3\u00ba, aportar\u00e1 al grupo experiencia, pues desde hace seis a\u00f1os forma parte del AMPA. Un compromiso con la educaci\u00f3n que renueva en esta etapa, ahora como Vicepresidenta, esperando poder hacer mucho m\u00e1s por nuestro Colegio.<\/p>\n<h2><b>SECRETARIA<\/b><\/h2>\n<p><b>Roc\u00edo Cabral.<\/b>&nbsp;Licenciada en Derecho, abogada y servicial. Siempre dispuesta a echar una mano en todo lo que haga falta. En este grupo ser\u00e1 la encargada de los tr\u00e1mites administrativos. Ella es mam\u00e1 de Rub\u00e9n, de Primaria.<\/p>\n<h2><b>TESORERA<\/b><\/h2>\n<p><b>Nagore S\u00e1nchez<\/b>, Psic\u00f3loga, trabajando hace a\u00f1os en el movimiento asociativo en salud mental, comprometida, persistente y dispuesta a ayudar en lo que haga falta.&nbsp;&nbsp;Mam\u00e1 de Diego y Leire en Infantil.<\/p>\n<h2><b>VOCALES<\/b><\/h2>\n<p><b>Laura Rodr\u00edguez<\/b>&nbsp;es Pedagoga y tiene una gran vocaci\u00f3n por ayudar. Creativa e inquieta, ha llegado aqu\u00ed arrastrada por la educaci\u00f3n de sus hijos. Es mam\u00e1 de Abel y Mario.<\/p>\n<p><b>M Luisa Acosta.<\/b>&nbsp;Trabajadora Social y con formaci\u00f3n en lenguaje de signos. Sociable, participativa y siempre dispuesta a ayudar a los dem\u00e1s. Le encanta implicarse en todo aquello que tiene que ver con la educaci\u00f3n de sus hijos, para lo que no importa el tiempo que tenga que emplear. Es mam\u00e1 de dos peques del Centro.<\/p>\n<p><b>Irene Morales.<\/b>&nbsp;Diplomada en Relaciones Laborales y con experiencia en hacer que las empresas cumplan con sus trabajadores, es una persona inquieta, muy activa en redes sociales y con ganas de aportar mucho a este grupo. En estos momentos se encuentra&nbsp;&nbsp;enfocada en la educaci\u00f3n de sus tres hijos, uno de ellos en Primaria y otro en la etapa de Infantil.<\/p>\n<p><b>Elena Rodr\u00edguez.<\/b>&nbsp;Trabajadora Social en salud mental, resolutiva y con muchas ganas de prestar apoyo a las familias de nuestro Cole y aportar su granito de locura. Ella es mam\u00e1 de tres peques, \u00c1lvaro y Lucia, ambos en la etapa de Infantil, y otro a punto de entrar en el Centro.<\/p>\n<p><b>Montse \u00c1lvarez<\/b>, sevillana de adopci\u00f3n, gestora y enfermera. Comprometida con la educaci\u00f3n y la salud de nuestr@s ni\u00f1@s. Siempre dispuesta a encontar una soluci\u00f3n a los problemas y a colaborar con todo el mundo.&nbsp; Es mam\u00e1 de Claudia, de 4\u00ba de Primaria.<\/p>\n<p><b>Lidia Ruiz<\/b>, periodista y comunicadora profesional, le apasiona el mundo de las redes.&nbsp;&nbsp;Responsable y con much\u00edsimas ganas de trabajar por hacer de nuestro Colegio un centro vivo y participativo, para lo que considera esencial la comunicaci\u00f3n y el estar informados. Ella es mam\u00e1 de Daniela, de Infantil.<\/p>\n<p><b>Cristina Peinado.<\/b>&nbsp;Diplomada en Turismo, trabajadora, con ganas de aportar su entusiasmo para mejorar las actividades del Cole y fomentar la participaci\u00f3n de los ni\u00f1os.&nbsp; Mam\u00e1 de Luc\u00eda de Infantil.<\/p>\n<p><b>M\u00aa Carmen Guti\u00e9rrez.<\/b>&nbsp;Trabajadora Social y Antrop\u00f3loga. Comprometida con el medio ambiente y aficionada a la escritura. Implicada y trabajadora. Entiende el centro educativo como lugar de est\u00edmulo y crecimiento a todos los niveles. Mam\u00e1 de Luna de Infantil.<\/p>\n<p><b>M\u00aa Jos\u00e9 \u00c1vila<\/b>&nbsp;es Pedagoga y Profesora de clases de apoyo. Comprometida con la educaci\u00f3n y el desarrollo personal de los m\u00e1s peque\u00f1os de la casa. Es creativa y est\u00e1 dispuesta a ayudar. Su hijo es Hugo.<\/p>\n","protected":false},"excerpt":{"rendered":"<p>PRESIDENTA Ana Boza.&nbsp;Analista funcional de sistemas inform\u00e1ticos y responsable de equipo. Amante de los&nbsp;&nbsp;patines&nbsp;&nbsp;y&nbsp;&nbsp;el senderismo.&nbsp;&nbsp;Colaboradora, mediadora y dispuesta siempre a ayudar a los dem\u00e1s. Mam\u00e1 de Eva y Edu Cordero, de 4\u00ba y 1\u00ba&#46;&#46;&#46;<\/p>\n","protected":false},"author":10479,"featured_media":0,"parent":0,"menu_order":0,"comment_status":"closed","ping_status":"closed","template":"","meta":{"ngg_post_thumbnail":0,"footnotes":"","_mc_calendar":[]},"aioseo_notices":[],"post_mailing_queue_ids":[],"_links":{"self":[{"href":"https:\/\/blogsaverroes.juntadeandalucia.es\/ceipescritoralfonsogrosso\/wp-json\/wp\/v2\/pages\/2232"}],"collection":[{"href":"https:\/\/blogsaverroes.juntadeandalucia.es\/ceipescritoralfonsogrosso\/wp-json\/wp\/v2\/pages"}],"about":[{"href":"https:\/\/blogsaverroes.juntadeandalucia.es\/ceipescritoralfonsogrosso\/wp-json\/wp\/v2\/types\/page"}],"author":[{"embeddable":true,"href":"https:\/\/blogsaverroes.juntadeandalucia.es\/ceipescritoralfonsogrosso\/wp-json\/wp\/v2\/users\/10479"}],"replies":[{"embeddable":true,"href":"https:\/\/blogsaverroes.juntadeandalucia.es\/ceipescritoralfonsogrosso\/wp-json\/wp\/v2\/comments?post=2232"}],"version-history":[{"count":4,"href":"https:\/\/blogsaverroes.juntadeandalucia.es\/ceipescritoralfonsogrosso\/wp-json\/wp\/v2\/pages\/2232\/revisions"}],"predecessor-version":[{"id":2527,"href":"https:\/\/blogsaverroes.juntadeandalucia.es\/ceipescritoralfonsogrosso\/wp-json\/wp\/v2\/pages\/2232\/revisions\/2527"}],"wp:attachment":[{"href":"https:\/\/blogsaverroes.juntadeandalucia.es\/ceipescritoralfonsogrosso\/wp-json\/wp\/v2\/media?parent=2232"}],"curies":[{"name":"wp","href":"https:\/\/api.w.org\/{rel}","templated":true}]}}