{"id":9041,"date":"2025-07-04T11:24:37","date_gmt":"2025-07-04T09:24:37","guid":{"rendered":"https:\/\/blogsaverroes.juntadeandalucia.es\/ceipeuropamontequinto\/?page_id=9041"},"modified":"2025-07-26T19:58:09","modified_gmt":"2025-07-26T17:58:09","slug":"equipo-semillas","status":"publish","type":"page","link":"https:\/\/blogsaverroes.juntadeandalucia.es\/ceipeuropamontequinto\/equipo-semillas\/","title":{"rendered":"EQUIPO SEMILLAS."},"content":{"rendered":"<p>Nuestro centro cuenta con una coordinadora de Proyectos, que este curso 2025\/2026 estrenar\u00e1 nombre y logotipo:<\/p>\n<h2 style=\"text-align: center\"><span style=\"color: #008000\"><strong>EQUIPO SEMILLAS<\/strong><\/span><\/h2>\n<p><img loading=\"lazy\" decoding=\"async\" class=\"aligncenter size-medium wp-image-9042\" src=\"https:\/\/blogsaverroes.juntadeandalucia.es\/ceipeuropamontequinto\/files\/2025\/07\/WhatsApp-Image-2025-05-03-at-14.30.21-300x300.jpg\" alt=\"\" width=\"300\" height=\"300\" srcset=\"https:\/\/blogsaverroes.juntadeandalucia.es\/ceipeuropamontequinto\/files\/2025\/07\/WhatsApp-Image-2025-05-03-at-14.30.21-300x300.jpg 300w, https:\/\/blogsaverroes.juntadeandalucia.es\/ceipeuropamontequinto\/files\/2025\/07\/WhatsApp-Image-2025-05-03-at-14.30.21-150x150.jpg 150w, https:\/\/blogsaverroes.juntadeandalucia.es\/ceipeuropamontequinto\/files\/2025\/07\/WhatsApp-Image-2025-05-03-at-14.30.21-80x80.jpg 80w, https:\/\/blogsaverroes.juntadeandalucia.es\/ceipeuropamontequinto\/files\/2025\/07\/WhatsApp-Image-2025-05-03-at-14.30.21-320x320.jpg 320w, https:\/\/blogsaverroes.juntadeandalucia.es\/ceipeuropamontequinto\/files\/2025\/07\/WhatsApp-Image-2025-05-03-at-14.30.21.jpg 500w\" sizes=\"(max-width: 300px) 100vw, 300px\" \/><\/p>\n<p>En este equipo est\u00e1n representados los coordinadores de los siguientes Proyectos:<\/p>\n<p><strong><span style=\"color: #0000ff\">CIMA<\/span><\/strong>: Luc\u00eda Li\u00f1\u00e1n.<\/p>\n<p style=\"padding-left: 40px\"><strong><span style=\"color: #339966\">L\u00ednea de H\u00e1bitos de Vida Saludable<\/span><\/strong>: Laura Bosh<\/p>\n<p style=\"padding-left: 40px\"><strong>L\u00ednea STEAM (Ajedrez)<\/strong>: Mar\u00eda \u00c1ngeles Pedraza<\/p>\n<p style=\"padding-left: 40px\"><strong><span style=\"color: #339966\">L\u00ednea Aldea:<\/span><\/strong> Loles L\u00f3pez<\/p>\n<p><strong><span style=\"color: #008080\">ECOESCUELA:<\/span><\/strong> Luc\u00eda Li\u00f1\u00e1n<\/p>\n<p><strong><span style=\"color: #00ccff\">ESCUELA ESPACIO DE PAZ<\/span><\/strong>: M\u00f3nica Silva<\/p>\n<p><strong><span style=\"color: #cc99ff\">IGUALDAD:<\/span><\/strong> Mar\u00eda \u00c1ngeles Pedraza<\/p>\n<p><strong><span style=\"color: #800080\">TDE:<\/span><\/strong> Paco Herrera<\/p>\n<p><strong><span style=\"color: #ff0000\">BIBLIOTECA:<\/span> <\/strong>Mari Carmen Carrasco<\/p>\n<p><strong><span style=\"color: #ff6600\">AUTOPROTECCI\u00d3N<\/span><\/strong>: Luc\u00eda Li\u00f1\u00e1n<\/p>\n<p>En los siguientes apartados, podr\u00e1s ir viendo una presentaci\u00f3n de los mismos, en qu\u00e9 consisten y c\u00f3mo los vamos llevando a cabo (P\u00c1GINA EN CONSTRUCCI\u00d3N. PERDONEN LAS MOLESTIAS)<\/p>\n<p>&nbsp;<\/p>\n","protected":false},"excerpt":{"rendered":"<p>Nuestro centro cuenta con una coordinadora de Proyectos, que este curso 2025\/2026 estrenar\u00e1 nombre y logotipo: EQUIPO SEMILLAS En este equipo est\u00e1n representados los coordinadores de los siguientes Proyectos: CIMA: Luc\u00eda Li\u00f1\u00e1n. L\u00ednea de&#46;&#46;&#46;<\/p>\n","protected":false},"author":3791,"featured_media":9042,"parent":0,"menu_order":0,"comment_status":"closed","ping_status":"closed","template":"","meta":{"ngg_post_thumbnail":0,"footnotes":"","_mc_calendar":[]},"aioseo_notices":[],"_links":{"self":[{"href":"https:\/\/blogsaverroes.juntadeandalucia.es\/ceipeuropamontequinto\/wp-json\/wp\/v2\/pages\/9041"}],"collection":[{"href":"https:\/\/blogsaverroes.juntadeandalucia.es\/ceipeuropamontequinto\/wp-json\/wp\/v2\/pages"}],"about":[{"href":"https:\/\/blogsaverroes.juntadeandalucia.es\/ceipeuropamontequinto\/wp-json\/wp\/v2\/types\/page"}],"author":[{"embeddable":true,"href":"https:\/\/blogsaverroes.juntadeandalucia.es\/ceipeuropamontequinto\/wp-json\/wp\/v2\/users\/3791"}],"replies":[{"embeddable":true,"href":"https:\/\/blogsaverroes.juntadeandalucia.es\/ceipeuropamontequinto\/wp-json\/wp\/v2\/comments?post=9041"}],"version-history":[{"count":2,"href":"https:\/\/blogsaverroes.juntadeandalucia.es\/ceipeuropamontequinto\/wp-json\/wp\/v2\/pages\/9041\/revisions"}],"predecessor-version":[{"id":9210,"href":"https:\/\/blogsaverroes.juntadeandalucia.es\/ceipeuropamontequinto\/wp-json\/wp\/v2\/pages\/9041\/revisions\/9210"}],"wp:featuredmedia":[{"embeddable":true,"href":"https:\/\/blogsaverroes.juntadeandalucia.es\/ceipeuropamontequinto\/wp-json\/wp\/v2\/media\/9042"}],"wp:attachment":[{"href":"https:\/\/blogsaverroes.juntadeandalucia.es\/ceipeuropamontequinto\/wp-json\/wp\/v2\/media?parent=9041"}],"curies":[{"name":"wp","href":"https:\/\/api.w.org\/{rel}","templated":true}]}}