{"id":9142,"date":"2025-07-05T19:29:13","date_gmt":"2025-07-05T17:29:13","guid":{"rendered":"https:\/\/blogsaverroes.juntadeandalucia.es\/ceipeuropamontequinto\/?page_id=9142"},"modified":"2025-07-26T19:32:19","modified_gmt":"2025-07-26T17:32:19","slug":"pasen-ipasen-g-educaand","status":"publish","type":"page","link":"https:\/\/blogsaverroes.juntadeandalucia.es\/ceipeuropamontequinto\/pasen-ipasen-g-educaand\/","title":{"rendered":"PASEN, IPASEN, G.EDUCAAND"},"content":{"rendered":"<div id=\"contenido_principal\">\n<h2 style=\"text-align: center\"><span style=\"text-decoration: underline\"><span style=\"color: #339966\">PASEN\/IPASEN<\/span><\/span><\/h2>\n<p><strong>PARA LOS TUTORES\/AS LEGALES QUE ACCEDEN POR PRIMERA VEZ: Procedimiento de \u201cautologin\u201d&nbsp;<\/strong><\/p>\n<p>A trav\u00e9s de este \u201cautologin\u201d podr\u00e1 obtener las credenciales de acceso a PASEN\/IPASEN simplemente facilitando su DNI y su n\u00famero de tel\u00e9fono m\u00f3vil (que debe estar registrado en su centro), y la fecha de nacimiento de su hijo\/a matriculado en el Centro.<\/p>\n<p>Para realizar el \u201cautologin\u201d, a trav\u00e9s de la aplicaci\u00f3n web o de la app, las familias deber\u00e1n pinchar en el enlace \u2018No tengo acceso\u2019 de la pantalla de login.<\/p>\n<p>El USUARIO de Pasen acepta las presentes condiciones y t\u00e9rminos de uso que tienen car\u00e1cter vinculante, entendi\u00e9ndose que el simple uso de la aplicaci\u00f3n supone la referida aceptaci\u00f3n con car\u00e1cter \u00edntegro y sin ning\u00fan tipo de reservas.&nbsp;<\/p>\n<p><a href=\"https:\/\/youtu.be\/cHLova48ULE\">https:\/\/youtu.be\/cHLova48ULE<\/a><\/p>\n<\/div>\n<p>&nbsp;<\/p>\n<p><strong>FAMILIAS DEL CENTRO&nbsp; QUE HAN OLVIDADO SU CONTRASE\u00d1A:<\/strong><\/p>\n<p>Las familias que olvidaron su contrase\u00f1a pueden tambi\u00e9n solicitarla con procedimiento \u201cautologin\u201d.<\/p>\n<p>Marcando \u201cOlvid\u00e9 la contrase\u00f1a\u201d e introduciendo su USUARIO (primera letra de su nombre, tres primeras letras de su primer apellido, tres primeras letras de su segundo apellido y los tres \u00faltimos d\u00edgitos de su DNI).<\/p>\n<p><a href=\"https:\/\/youtu.be\/QPYFwr2k0kQ\">https:\/\/youtu.be\/QPYFwr2k0kQ<\/a><\/p>\n<p>&nbsp;<\/p>\n<h2 style=\"text-align: center\"><span style=\"text-decoration: underline\"><span style=\"color: #0000ff\">G.EDUCAAND<\/span><\/span><\/h2>\n<p>El correo g.educaand.es de gmail del alumnado sirve tanto como correo electr\u00f3nico como enlace para clases telem\u00e1ticas en classroom y otras aplicaciones de gmail.<\/p>\n<p>El usuario y la clave del alumnado pueden verlos en este video-tutorial y pueden realizar autologin en el caso de que se olvide la contrase\u00f1a.<\/p>\n<p>Recuerden que, una vez que se acceda, deber\u00e1n cambiar la contrase\u00f1a.<\/p>\n<p><a href=\"https:\/\/youtu.be\/zOanzI08qSg\" target=\"_blank\" rel=\"noopener noreferrer\">https:\/\/youtu.be\/zOanzI08qSg<\/a><\/p>\n","protected":false},"excerpt":{"rendered":"<p>PASEN\/IPASEN PARA LOS TUTORES\/AS LEGALES QUE ACCEDEN POR PRIMERA VEZ: Procedimiento de \u201cautologin\u201d&nbsp; A trav\u00e9s de este \u201cautologin\u201d podr\u00e1 obtener las credenciales de acceso a PASEN\/IPASEN simplemente facilitando su DNI y su n\u00famero de&#46;&#46;&#46;<\/p>\n","protected":false},"author":3791,"featured_media":0,"parent":0,"menu_order":0,"comment_status":"closed","ping_status":"closed","template":"","meta":{"ngg_post_thumbnail":0,"footnotes":"","_mc_calendar":[]},"aioseo_notices":[],"_links":{"self":[{"href":"https:\/\/blogsaverroes.juntadeandalucia.es\/ceipeuropamontequinto\/wp-json\/wp\/v2\/pages\/9142"}],"collection":[{"href":"https:\/\/blogsaverroes.juntadeandalucia.es\/ceipeuropamontequinto\/wp-json\/wp\/v2\/pages"}],"about":[{"href":"https:\/\/blogsaverroes.juntadeandalucia.es\/ceipeuropamontequinto\/wp-json\/wp\/v2\/types\/page"}],"author":[{"embeddable":true,"href":"https:\/\/blogsaverroes.juntadeandalucia.es\/ceipeuropamontequinto\/wp-json\/wp\/v2\/users\/3791"}],"replies":[{"embeddable":true,"href":"https:\/\/blogsaverroes.juntadeandalucia.es\/ceipeuropamontequinto\/wp-json\/wp\/v2\/comments?post=9142"}],"version-history":[{"count":4,"href":"https:\/\/blogsaverroes.juntadeandalucia.es\/ceipeuropamontequinto\/wp-json\/wp\/v2\/pages\/9142\/revisions"}],"predecessor-version":[{"id":9197,"href":"https:\/\/blogsaverroes.juntadeandalucia.es\/ceipeuropamontequinto\/wp-json\/wp\/v2\/pages\/9142\/revisions\/9197"}],"wp:attachment":[{"href":"https:\/\/blogsaverroes.juntadeandalucia.es\/ceipeuropamontequinto\/wp-json\/wp\/v2\/media?parent=9142"}],"curies":[{"name":"wp","href":"https:\/\/api.w.org\/{rel}","templated":true}]}}