{"id":1369,"date":"2023-03-07T10:57:25","date_gmt":"2023-03-07T09:57:25","guid":{"rendered":"https:\/\/blogsaverroes.juntadeandalucia.es\/ceipfedericogarcialorca\/?page_id=1369"},"modified":"2023-03-13T15:27:35","modified_gmt":"2023-03-13T14:27:35","slug":"dia-del-carnaval-infantil","status":"publish","type":"page","link":"https:\/\/blogsaverroes.juntadeandalucia.es\/ceipfedericogarcialorca\/dia-del-carnaval-infantil\/","title":{"rendered":"D\u00eda del Carnaval (Infantil)"},"content":{"rendered":"<p><span style=\"font-family: 'courier new', courier, monospace;font-size: 12pt;color: #000000\">El alumnado de Educaci\u00f3n Infantil junto con las maestras han celebrado los carnavales con un peque\u00f1a fiesta donde han podido comer chucher\u00edas y bailar vestidos de avispas.<\/span><\/p>\n<div style=\"width: 640px;\" class=\"wp-video\"><!--[if lt IE 9]><script>document.createElement('video');<\/script><![endif]-->\n<video class=\"wp-video-shortcode\" id=\"video-1369-1\" width=\"640\" height=\"352\" loop=\"1\" autoplay=\"1\" preload=\"metadata\" controls=\"controls\"><source type=\"video\/mp4\" src=\"https:\/\/blogsaverroes.juntadeandalucia.es\/ceipfedericogarcialorca\/files\/2023\/03\/VID-20230309-WA0000.mp4?_=1\" \/><a href=\"https:\/\/blogsaverroes.juntadeandalucia.es\/ceipfedericogarcialorca\/files\/2023\/03\/VID-20230309-WA0000.mp4\">https:\/\/blogsaverroes.juntadeandalucia.es\/ceipfedericogarcialorca\/files\/2023\/03\/VID-20230309-WA0000.mp4<\/a><\/video><\/div>\n<p>&nbsp; &nbsp; &nbsp; &nbsp;<\/p>\n<p>&nbsp;<\/p>\n<p>&nbsp; &nbsp; &nbsp;<img loading=\"lazy\" decoding=\"async\" class=\"alignnone size-medium wp-image-1437\" src=\"https:\/\/blogsaverroes.juntadeandalucia.es\/ceipfedericogarcialorca\/files\/2023\/03\/IMG-20230307-WA0008-300x225.jpg\" alt=\"\" width=\"300\" height=\"225\">&nbsp; &nbsp; &nbsp; &nbsp; &nbsp; &nbsp; &nbsp; &nbsp; &nbsp; &nbsp; &nbsp; &nbsp; &nbsp; &nbsp; &nbsp; &nbsp; &nbsp; &nbsp; &nbsp; &nbsp; &nbsp; &nbsp; &nbsp;&nbsp; <img loading=\"lazy\" decoding=\"async\" class=\"alignnone size-medium wp-image-1438\" src=\"https:\/\/blogsaverroes.juntadeandalucia.es\/ceipfedericogarcialorca\/files\/2023\/03\/IMG-20230307-WA0009-300x225.jpg\" alt=\"\" width=\"300\" height=\"225\"><\/p>\n<p>&nbsp; &nbsp; &nbsp; &nbsp; &nbsp;<\/p>\n<p>&nbsp;<\/p>\n<p>&nbsp; &nbsp; <img loading=\"lazy\" decoding=\"async\" class=\"alignnone size-medium wp-image-1439\" src=\"https:\/\/blogsaverroes.juntadeandalucia.es\/ceipfedericogarcialorca\/files\/2023\/03\/IMG-20230307-WA0010-300x225.jpg\" alt=\"\" width=\"300\" height=\"225\">&nbsp; &nbsp; &nbsp; &nbsp; &nbsp; &nbsp; &nbsp; &nbsp; &nbsp; &nbsp; &nbsp; &nbsp; &nbsp; &nbsp; &nbsp; &nbsp; &nbsp; &nbsp; &nbsp; &nbsp; &nbsp; &nbsp; &nbsp; &nbsp; &nbsp; &nbsp; &nbsp; &nbsp; &nbsp; &nbsp; &nbsp; &nbsp; &nbsp; &nbsp; &nbsp; &nbsp; &nbsp;&nbsp; <img loading=\"lazy\" decoding=\"async\" class=\"alignnone size-medium wp-image-1440\" src=\"https:\/\/blogsaverroes.juntadeandalucia.es\/ceipfedericogarcialorca\/files\/2023\/03\/IMG-20230307-WA0011-300x225.jpg\" alt=\"\" width=\"300\" height=\"225\"><\/p>\n<p>&nbsp;<\/p>\n","protected":false},"excerpt":{"rendered":"<p>El alumnado de Educaci\u00f3n Infantil junto con las maestras han celebrado los carnavales con un peque\u00f1a fiesta donde han podido comer chucher\u00edas y bailar vestidos de avispas. &nbsp; &nbsp; &nbsp; &nbsp; &nbsp; &nbsp; &nbsp; &nbsp;&nbsp; &nbsp; &nbsp; &nbsp; &nbsp; &nbsp; &nbsp; &nbsp; &nbsp; &nbsp; &nbsp; &nbsp; &nbsp; &nbsp; &nbsp; &nbsp; &nbsp; &nbsp; &nbsp; &nbsp; &nbsp; [&hellip;]<\/p>\n","protected":false},"author":16967,"featured_media":0,"parent":0,"menu_order":0,"comment_status":"closed","ping_status":"closed","template":"","meta":{"_et_pb_use_builder":"","_et_pb_old_content":"","_et_gb_content_width":"","ngg_post_thumbnail":0,"footnotes":""},"aioseo_notices":[],"_links":{"self":[{"href":"https:\/\/blogsaverroes.juntadeandalucia.es\/ceipfedericogarcialorca\/wp-json\/wp\/v2\/pages\/1369"}],"collection":[{"href":"https:\/\/blogsaverroes.juntadeandalucia.es\/ceipfedericogarcialorca\/wp-json\/wp\/v2\/pages"}],"about":[{"href":"https:\/\/blogsaverroes.juntadeandalucia.es\/ceipfedericogarcialorca\/wp-json\/wp\/v2\/types\/page"}],"author":[{"embeddable":true,"href":"https:\/\/blogsaverroes.juntadeandalucia.es\/ceipfedericogarcialorca\/wp-json\/wp\/v2\/users\/16967"}],"replies":[{"embeddable":true,"href":"https:\/\/blogsaverroes.juntadeandalucia.es\/ceipfedericogarcialorca\/wp-json\/wp\/v2\/comments?post=1369"}],"version-history":[{"count":4,"href":"https:\/\/blogsaverroes.juntadeandalucia.es\/ceipfedericogarcialorca\/wp-json\/wp\/v2\/pages\/1369\/revisions"}],"predecessor-version":[{"id":1442,"href":"https:\/\/blogsaverroes.juntadeandalucia.es\/ceipfedericogarcialorca\/wp-json\/wp\/v2\/pages\/1369\/revisions\/1442"}],"wp:attachment":[{"href":"https:\/\/blogsaverroes.juntadeandalucia.es\/ceipfedericogarcialorca\/wp-json\/wp\/v2\/media?parent=1369"}],"curies":[{"name":"wp","href":"https:\/\/api.w.org\/{rel}","templated":true}]}}