{"id":80,"date":"2015-03-16T06:57:36","date_gmt":"2015-03-16T06:57:36","guid":{"rendered":"http:\/\/blogsaverroes.juntadeandalucia.es\/pre\/ceip\/?page_id=80"},"modified":"2025-09-08T21:49:27","modified_gmt":"2025-09-08T20:49:27","slug":"curso-escolar-2025-2026","status":"publish","type":"page","link":"https:\/\/blogsaverroes.juntadeandalucia.es\/ceipfernandofeliu\/curso-escolar-2025-2026\/","title":{"rendered":"Curso escolar 2025\/2026"},"content":{"rendered":"<h4 style=\"text-align: center\"><span style=\"text-decoration: underline\">INFORMACI\u00d3N DE INICIO DEL NUEVO CURSO ESCOLAR 2025\/2026<\/span><\/h4>\n<ol>\n<li><strong> REUNI\u00d3N CON FAMILIAS DE NUEVO INGRESO<\/strong><\/li>\n<\/ol>\n<p>El <strong>viernes 5 de septiembre<\/strong> de 2025 en el centro c\u00edvico tendr\u00e1n lugar las reuniones iniciales de presentaci\u00f3n del alumnado de nuevo ingreso en Infantil y Primaria.<\/p>\n<ul>\n<li>De <strong>9:30 a 11:00<\/strong> para las familias del alumnado de <strong>3 a\u00f1os<\/strong>.<\/li>\n<li>De <strong>11:30 a 13:00<\/strong> para el alumnado de <strong>1. \u00ba de Primaria<\/strong>.<\/li>\n<\/ul>\n<p><em>La asistencia est\u00e1 reservada a los progenitores legales del alumnado.<\/em><\/p>\n<p>&nbsp;<\/p>\n<ol start=\"2\">\n<li><strong> HORARIO DE COMIENZO DEL CURSO ESCOLAR<\/strong><\/li>\n<\/ol>\n<p>Mi\u00e9rcoles&nbsp;<strong>10 de septiembre<\/strong> de 2025 (Jornada de presentaci\u00f3n).<\/p>\n<p>Comienzo de las clases de <strong>12:00 h a 14:00 h<\/strong> para el alumnado de 4 a\u00f1os a 6. \u00ba de Primaria.<\/p>\n<p>A partir del jueves <strong>11 de septiembre<\/strong>: 4 a\u00f1os a 6. \u00ba &nbsp;de Primaria en horario de <strong>9:00 h a 14:00 h.<\/strong><\/p>\n<p><u>Alumnado de 3 a\u00f1os<\/u>:<\/p>\n<p><strong><em>Periodo de adaptaci\u00f3n del alumnado de 3 a\u00f1os<\/em><\/strong><\/p>\n<p>*Mi\u00e9rcoles&nbsp; 10 DE SEPTIEMBRE (SIN DESAYUNO)<\/p>\n<p>&#8211; GRUPO A: DE 10:00 A 11:00<\/p>\n<p>&#8211; GRUPO B: DE 12:30 A 13:30<\/p>\n<p>&nbsp;<\/p>\n<p>SEMANA DEL 11 AL 12 DE SEPTIEMBRE (SIN DESAYUNO)<\/p>\n<p>&#8211; GRUPO A: DE 9:30 A 11:00<\/p>\n<p>&#8211; GRUPO B: DE 12:00 A 13:30<\/p>\n<p>&nbsp;<\/p>\n<p>SEMANA DEL 15 AL 19 DE SEPTIEMBRE (CON DESAYUNO)<\/p>\n<p>&#8211; TODOS\/AS DE 10:30 A 13:30<\/p>\n<p>&nbsp;<\/p>\n<p>A PARTIR DEL 22 DE SEPTIEMBRE, TODOS\/AS DE 9:00 A 14.00 (HORARIO HABITUAL)<\/p>\n<p>&nbsp;<\/p>\n<p><strong><span style=\"text-decoration: underline\">Entradas y salidas <\/span><\/strong><em>(Pinchar el enlace para m\u00e1s informaci\u00f3n: <a href=\"https:\/\/blogsaverroes.juntadeandalucia.es\/ceipfernandofeliu\/files\/2025\/09\/ENTRADAS-Y-SALIDAS-25-26.pdf\">ENTRADAS Y SALIDAS 25 26)<\/a><\/em><\/p>\n<p><strong>IMPORTANTE<\/strong><strong>: <\/strong>Cumplimentar autorizaciones de recogida con personas suficientes ampliando la red de asistencia para recoger al alumnado.<\/p>\n<p><strong>Entrada de hermanos\/as en distintos edificios;<\/strong> siempre preferentemente entregar al <strong>hermano mayor<\/strong> y despu\u00e9s al menor.<\/p>\n<p><strong>Recogida de hermanos\/as en distintos edificios;<\/strong> siempre preferentemente recoger al <strong>hermano menor<\/strong> primero y despu\u00e9s al mayor.<\/p>\n<p>&nbsp;<\/p>\n<ol start=\"3\">\n<li><strong> LISTADO DE TUTOR\u00cdAS<\/strong><\/li>\n<\/ol>\n<p>La publicaci\u00f3n de las tutor\u00edas para el curso escolar 2025\/2026 se ha realizado el 4 de septiembre.&nbsp;<\/p>\n<p>Su consulta se puede realizar preferentemente a trav\u00e9s de IPasen. Si la consulta desde la app de IPasen les genera alg\u00fan error, pueden realizar la consulta a trav\u00e9s de la web de <a href=\"https:\/\/seneca.juntadeandalucia.es\/seneca\/jsp\/portalpasen\/\">Pasen<\/a>. Tambi\u00e9n pueden acceder a la publicaci\u00f3n una vez realizada en el edificio PUA.<\/p>\n<p>&nbsp;<\/p>\n<ol start=\"4\">\n<li><strong> COMEDOR<\/strong><\/li>\n<\/ol>\n<p>Comienzo: <strong>mi\u00e9rcoles 10<\/strong> de septiembre.<\/p>\n<p>El horario de recogida del alumnado se inicia a las 15:10 h para el alumnado que come en el primer turno, permaneciendo abierta la puerta hasta las 16:00 h.<\/p>\n<p>El alumnado que sea admitido en la Fase II deber\u00e1 esperar a la publicaci\u00f3n de las listas definitivas para poder comenzar a hacer uso del servicio, seg\u00fan marca la normativa actual.<\/p>\n<p>Se recuerda que el alumnado con deudas debe abonar las cantidades adeudadas para hacer uso del servicio y ser finalmente admitido o causar\u00e1 baja.<\/p>\n<p>&nbsp;<\/p>\n<ol start=\"5\">\n<li><strong> AULA MATINAL<\/strong><\/li>\n<\/ol>\n<p>Comienzo: <strong>jueves 11<\/strong> de septiembre.<\/p>\n<p>Horario de 7:30 h a 9:00 h. (8:45, hora l\u00edmite de recepci\u00f3n del alumnado)<\/p>\n<p>Lugar: <strong>PUA para todo el alumnado<\/strong> (en cuanto la asistencia de los usuarios nos permita desdoblar a la Estaci\u00f3n, lo comunicaremos).<\/p>\n<h4>&nbsp;<\/h4>\n<h4>&nbsp;<\/h4>\n<h4 style=\"text-align: center\"><span style=\"color: #333399\">CALENDARIO ESCOLAR&nbsp; 2025\/2026<\/span><\/h4>\n<p><img loading=\"lazy\" decoding=\"async\" class=\"aligncenter wp-image-3583\" src=\"https:\/\/blogsaverroes.juntadeandalucia.es\/ceipfernandofeliu\/files\/2025\/07\/CALENDARIO-25_26F-1_page-0001-724x1024.jpg\" alt=\"\" width=\"729\" height=\"1031\" srcset=\"https:\/\/blogsaverroes.juntadeandalucia.es\/ceipfernandofeliu\/files\/2025\/07\/CALENDARIO-25_26F-1_page-0001-724x1024.jpg 724w, https:\/\/blogsaverroes.juntadeandalucia.es\/ceipfernandofeliu\/files\/2025\/07\/CALENDARIO-25_26F-1_page-0001-212x300.jpg 212w, https:\/\/blogsaverroes.juntadeandalucia.es\/ceipfernandofeliu\/files\/2025\/07\/CALENDARIO-25_26F-1_page-0001-768x1087.jpg 768w, https:\/\/blogsaverroes.juntadeandalucia.es\/ceipfernandofeliu\/files\/2025\/07\/CALENDARIO-25_26F-1_page-0001-1085x1536.jpg 1085w, https:\/\/blogsaverroes.juntadeandalucia.es\/ceipfernandofeliu\/files\/2025\/07\/CALENDARIO-25_26F-1_page-0001.jpg 1240w\" sizes=\"(max-width: 729px) 100vw, 729px\" \/><\/p>\n<h4 style=\"text-align: center\"><a href=\"https:\/\/blogsaverroes.juntadeandalucia.es\/ceipfernandofeliu\/files\/2025\/07\/CALENDARIO-25_26F-1.pdf\" target=\"_blank\" rel=\"noopener\">CALENDARIO 25_26<\/a><\/h4>\n<h4>&nbsp;<\/h4>\n<h4 style=\"text-align: center\"><span style=\"color: #333399\">TUTOR\u00cdAS 2025\/2026<\/span><\/h4>\n<p>&nbsp;<\/p>\n<table>\n<tbody>\n<tr>\n<td>Unidad<\/td>\n<td>Tutor\/a<\/td>\n<\/tr>\n<tr>\n<td>3 a\u00f1os A<\/td>\n<td>Mar\u00eda \u00c1ngeles Gallego Burgos<\/td>\n<\/tr>\n<tr>\n<td>3 a\u00f1os B<\/td>\n<td>Araceli Buz\u00f3n Hoyos<\/td>\n<\/tr>\n<tr>\n<td>4 a\u00f1os A<\/td>\n<td>Prudencia \u00c1lvarez Su\u00e1rez<\/td>\n<\/tr>\n<tr>\n<td>4 a\u00f1os B<\/td>\n<td>Ana Bejarano Guti\u00e9rrez<\/td>\n<\/tr>\n<tr>\n<td>4 a\u00f1os C<\/td>\n<td>\u00c1ngela Mar\u00eda Rojillas Vargas<\/td>\n<\/tr>\n<tr>\n<td>5 a\u00f1os A<\/td>\n<td>Manuela Fern\u00e1ndez Barril<\/td>\n<\/tr>\n<tr>\n<td>5 a\u00f1os B<\/td>\n<td>Irene Laura Campo V\u00e1zquez<\/td>\n<\/tr>\n<tr>\n<td>1\u00baA<\/td>\n<td>Mar\u00eda Elo\u00edsa Mateos Falantes<\/td>\n<\/tr>\n<tr>\n<td>1\u00baB<\/td>\n<td>Mar\u00eda \u00c1ngeles Jaramillo Blanco<\/td>\n<\/tr>\n<tr>\n<td>1\u00baC<\/td>\n<td>Roc\u00edo P\u00e9rez Conejo<\/td>\n<\/tr>\n<tr>\n<td>1\u00baD<\/td>\n<td>Manuela M\u00e9ndez Carrasco<\/td>\n<\/tr>\n<tr>\n<td>2\u00baA<\/td>\n<td>Encarnaci\u00f3n Chaves Romero<\/td>\n<\/tr>\n<tr>\n<td>2\u00baB<\/td>\n<td>Esperanza M\u00e9ndez Carrasco<\/td>\n<\/tr>\n<tr>\n<td>2\u00baC<\/td>\n<td>Rosa Mar\u00eda Ram\u00edrez \u00c1lvarez<\/td>\n<\/tr>\n<tr>\n<td>3\u00baA<\/td>\n<td>Patricia Feria Revilla<\/td>\n<\/tr>\n<tr>\n<td>3\u00baB<\/td>\n<td>Ana P\u00e9rez Nistal<\/td>\n<\/tr>\n<tr>\n<td>3\u00baC<\/td>\n<td>Francisco Jos\u00e9 Molinero D\u00edaz<\/td>\n<\/tr>\n<tr>\n<td>4\u00baA<\/td>\n<td>Mar\u00eda \u00c1ngeles Pacheco Pareja<\/td>\n<\/tr>\n<tr>\n<td>4\u00baB<\/td>\n<td>Encarnaci\u00f3n Alberj\u00f3n Gal\u00e1n<\/td>\n<\/tr>\n<tr>\n<td>4\u00baC<\/td>\n<td>Encarnaci\u00f3n Rom\u00e1n Romero<\/td>\n<\/tr>\n<tr>\n<td>4\u00baD<\/td>\n<td>Jos\u00e9 Luis Donaire Almansa<\/td>\n<\/tr>\n<tr>\n<td>5\u00baA<\/td>\n<td>Roberto Carlos Flores Gal\u00e1n<\/td>\n<\/tr>\n<tr>\n<td>5\u00baB<\/td>\n<td>Mar\u00eda Jer\u00f3nima de los Reyes Carmona<\/td>\n<\/tr>\n<tr>\n<td>5\u00baC<\/td>\n<td>Elena Ram\u00edrez Alonso<\/td>\n<\/tr>\n<tr>\n<td>5\u00baD<\/td>\n<td>Ignacio Rodr\u00edguez Moreno<\/td>\n<\/tr>\n<tr>\n<td>6\u00baA<\/td>\n<td>Ana Mar\u00eda Mora Vidal<\/td>\n<\/tr>\n<tr>\n<td>6\u00baB<\/td>\n<td>Salud P\u00e9rez Garc\u00eda<\/td>\n<\/tr>\n<tr>\n<td>6\u00baC<\/td>\n<td>Alicia Rial Fulgado<\/td>\n<\/tr>\n<tr>\n<td>6\u00baD<\/td>\n<td>Jes\u00fas Coto Herrera<\/td>\n<\/tr>\n<tr>\n<td>AULA ESPEC\u00cdFICA<\/td>\n<td>Cristina Cort\u00e9s Cid<\/td>\n<\/tr>\n<\/tbody>\n<\/table>\n<p style=\"text-align: center\">&nbsp;<\/p>\n<p style=\"text-align: center\">&nbsp;<\/p>\n<p>&nbsp;<\/p>\n","protected":false},"excerpt":{"rendered":"<p>&#46;&#46;&#46;<\/p>\n","protected":false},"author":1,"featured_media":0,"parent":0,"menu_order":0,"comment_status":"closed","ping_status":"open","template":"","meta":{"ngg_post_thumbnail":0,"footnotes":"","_mc_calendar":[]},"aioseo_notices":[],"_links":{"self":[{"href":"https:\/\/blogsaverroes.juntadeandalucia.es\/ceipfernandofeliu\/wp-json\/wp\/v2\/pages\/80"}],"collection":[{"href":"https:\/\/blogsaverroes.juntadeandalucia.es\/ceipfernandofeliu\/wp-json\/wp\/v2\/pages"}],"about":[{"href":"https:\/\/blogsaverroes.juntadeandalucia.es\/ceipfernandofeliu\/wp-json\/wp\/v2\/types\/page"}],"author":[{"embeddable":true,"href":"https:\/\/blogsaverroes.juntadeandalucia.es\/ceipfernandofeliu\/wp-json\/wp\/v2\/users\/1"}],"replies":[{"embeddable":true,"href":"https:\/\/blogsaverroes.juntadeandalucia.es\/ceipfernandofeliu\/wp-json\/wp\/v2\/comments?post=80"}],"version-history":[{"count":11,"href":"https:\/\/blogsaverroes.juntadeandalucia.es\/ceipfernandofeliu\/wp-json\/wp\/v2\/pages\/80\/revisions"}],"predecessor-version":[{"id":3609,"href":"https:\/\/blogsaverroes.juntadeandalucia.es\/ceipfernandofeliu\/wp-json\/wp\/v2\/pages\/80\/revisions\/3609"}],"wp:attachment":[{"href":"https:\/\/blogsaverroes.juntadeandalucia.es\/ceipfernandofeliu\/wp-json\/wp\/v2\/media?parent=80"}],"curies":[{"name":"wp","href":"https:\/\/api.w.org\/{rel}","templated":true}]}}