{"id":1226,"date":"2016-02-29T10:00:53","date_gmt":"2016-02-29T09:00:53","guid":{"rendered":"https:\/\/blogsaverroes.juntadeandalucia.es\/ceipfernandogavilan\/?page_id=1226"},"modified":"2024-04-09T10:03:37","modified_gmt":"2024-04-09T09:03:37","slug":"himno","status":"publish","type":"page","link":"https:\/\/blogsaverroes.juntadeandalucia.es\/ceipfernandogavilan\/himno\/","title":{"rendered":"Himno"},"content":{"rendered":"<p>Durante los d\u00edas 26, 27 y 28 de febrero de 2016, el CEIP Fernando Gavil\u00e1n fue el escenario de la grabaci\u00f3n de su himno por parte de estudiantes de la Escuela Municipal de M\u00fasica, un proyecto colaborativo entre ambas instituciones que involucr\u00f3 a m\u00e1s de cien personas durante todo el fin de semana. El himno, una composici\u00f3n de casi 4 minutos de duraci\u00f3n para Banda y Coro, se enfoca en valores escolares y prescinde de referencias ideol\u00f3gicas. La grabaci\u00f3n cont\u00f3 con la participaci\u00f3n del Coro de Voces Blancas, el Coro Polif\u00f3nico Adulto y la Banda de la Escuela de M\u00fasica, y se llev\u00f3 a cabo con el apoyo log\u00edstico del colegio y la colaboraci\u00f3n de la AMPA, utilizando una amplia gama de equipos de sonido y megafon\u00eda facilitados por el centro. Los compositores del himno fueron <strong>Seraf\u00edn Maza<\/strong>, exmaestro del Fernando Gavil\u00e1n, autor de la letra, y <strong>Juan Antonio Aibar Rubira<\/strong>, actual Jefe de Estudios de la EMMU, responsable de la m\u00fasica y la instrumentaci\u00f3n.<\/p>\nngg_shortcode_0_placeholder\n<p>Himno del CEIP Fernando Gavil\u00e1n:<\/p>\n<!--[if lt IE 9]><script>document.createElement('audio');<\/script><![endif]-->\n<audio class=\"wp-audio-shortcode\" id=\"audio-1226-1\" preload=\"none\" style=\"width: 100%;\" controls=\"controls\"><source type=\"audio\/mpeg\" src=\"https:\/\/blogsaverroes.juntadeandalucia.es\/ceipfernandogavilan\/files\/2024\/04\/Himno-Fernando-Gavil\u00c3\u00a1n-Mezcla-final.mp3?_=1\" \/><a href=\"https:\/\/blogsaverroes.juntadeandalucia.es\/ceipfernandogavilan\/files\/2024\/04\/Himno-Fernando-Gavil\u00c3\u00a1n-Mezcla-final.mp3\">https:\/\/blogsaverroes.juntadeandalucia.es\/ceipfernandogavilan\/files\/2024\/04\/Himno-Fernando-Gavil\u00c3\u00a1n-Mezcla-final.mp3<\/a><\/audio>\n<p>Fuente de la informaci\u00f3n y las fotos: <a href=\"https:\/\/actualidad.radioubrique.com\/2016\/02\/24\/el-ceip-fernando-gavilan-ya-cuenta-con-su-propio-himno-grabado-por-la-escuela-municipal-de-musica.html\" target=\"_blank\" rel=\"noopener noreferrer\">Blog de Radio Ubrique<\/a>.<\/p>\n","protected":false},"excerpt":{"rendered":"<p>Durante los d\u00edas 26, 27 y 28 de febrero de 2016, el CEIP Fernando Gavil\u00e1n fue el escenario de la grabaci\u00f3n de su himno por parte de estudiantes de la Escuela Municipal de M\u00fasica, un proyecto colaborativo entre ambas instituciones que involucr\u00f3 a m\u00e1s de cien personas durante todo el fin de semana. El himno, [&hellip;]<\/p>\n","protected":false},"author":18083,"featured_media":0,"parent":0,"menu_order":0,"comment_status":"closed","ping_status":"closed","template":"","meta":{"_et_pb_use_builder":"","_et_pb_old_content":"","_et_gb_content_width":"","ngg_post_thumbnail":0,"footnotes":""},"aioseo_notices":[],"_links":{"self":[{"href":"https:\/\/blogsaverroes.juntadeandalucia.es\/ceipfernandogavilan\/wp-json\/wp\/v2\/pages\/1226"}],"collection":[{"href":"https:\/\/blogsaverroes.juntadeandalucia.es\/ceipfernandogavilan\/wp-json\/wp\/v2\/pages"}],"about":[{"href":"https:\/\/blogsaverroes.juntadeandalucia.es\/ceipfernandogavilan\/wp-json\/wp\/v2\/types\/page"}],"author":[{"embeddable":true,"href":"https:\/\/blogsaverroes.juntadeandalucia.es\/ceipfernandogavilan\/wp-json\/wp\/v2\/users\/18083"}],"replies":[{"embeddable":true,"href":"https:\/\/blogsaverroes.juntadeandalucia.es\/ceipfernandogavilan\/wp-json\/wp\/v2\/comments?post=1226"}],"version-history":[{"count":4,"href":"https:\/\/blogsaverroes.juntadeandalucia.es\/ceipfernandogavilan\/wp-json\/wp\/v2\/pages\/1226\/revisions"}],"predecessor-version":[{"id":1237,"href":"https:\/\/blogsaverroes.juntadeandalucia.es\/ceipfernandogavilan\/wp-json\/wp\/v2\/pages\/1226\/revisions\/1237"}],"wp:attachment":[{"href":"https:\/\/blogsaverroes.juntadeandalucia.es\/ceipfernandogavilan\/wp-json\/wp\/v2\/media?parent=1226"}],"curies":[{"name":"wp","href":"https:\/\/api.w.org\/{rel}","templated":true}]}}