{"id":845,"date":"2020-12-18T08:40:01","date_gmt":"2020-12-18T07:40:01","guid":{"rendered":"https:\/\/blogsaverroes.juntadeandalucia.es\/pre\/plantilla-pencil\/?page_id=845"},"modified":"2022-02-16T13:32:49","modified_gmt":"2022-02-16T12:32:49","slug":"aula-matinal","status":"publish","type":"page","link":"https:\/\/blogsaverroes.juntadeandalucia.es\/ceipfranciscovillaespesa\/aula-matinal\/","title":{"rendered":"Aula matinal"},"content":{"rendered":"<p>[et_pb_section fb_built=&#8221;1&#8243; _builder_version=&#8221;3.23.3&#8243; custom_padding=&#8221;0px||0px|&#8221; z_index_tablet=&#8221;500&#8243; box_shadow_horizontal_tablet=&#8221;0px&#8221; box_shadow_vertical_tablet=&#8221;0px&#8221; box_shadow_blur_tablet=&#8221;40px&#8221; box_shadow_spread_tablet=&#8221;0px&#8221; global_colors_info=&#8221;{}&#8221;][et_pb_row _builder_version=&#8221;3.25&#8243; background_size=&#8221;initial&#8221; background_position=&#8221;top_left&#8221; background_repeat=&#8221;repeat&#8221; custom_margin=&#8221;|auto||142px||&#8221; global_colors_info=&#8221;{}&#8221;][et_pb_column type=&#8221;4_4&#8243; _builder_version=&#8221;3.25&#8243; custom_padding=&#8221;|||&#8221; global_colors_info=&#8221;{}&#8221; custom_padding__hover=&#8221;|||&#8221;][et_pb_image src=&#8221;https:\/\/blogsaverroes.juntadeandalucia.es\/ceipfranciscovillaespesa\/files\/2020\/01\/cabecera-interior-2-1.jpg&#8221; title_text=&#8221;cabecera-interior-2-1&#8243; admin_label=&#8221;Imagen de la portada&#8221; _builder_version=&#8221;4.5.0&#8243; z_index_tablet=&#8221;500&#8243; box_shadow_horizontal_tablet=&#8221;0px&#8221; box_shadow_vertical_tablet=&#8221;0px&#8221; box_shadow_blur_tablet=&#8221;40px&#8221; box_shadow_spread_tablet=&#8221;0px&#8221; global_colors_info=&#8221;{}&#8221;][\/et_pb_image][et_pb_text admin_label=&#8221;Texto descriptivo&#8221; _builder_version=&#8221;3.27.4&#8243; z_index_tablet=&#8221;500&#8243; text_text_shadow_horizontal_length_tablet=&#8221;0px&#8221; text_text_shadow_vertical_length_tablet=&#8221;0px&#8221; text_text_shadow_blur_strength_tablet=&#8221;1px&#8221; link_text_shadow_horizontal_length_tablet=&#8221;0px&#8221; link_text_shadow_vertical_length_tablet=&#8221;0px&#8221; link_text_shadow_blur_strength_tablet=&#8221;1px&#8221; ul_text_shadow_horizontal_length_tablet=&#8221;0px&#8221; ul_text_shadow_vertical_length_tablet=&#8221;0px&#8221; ul_text_shadow_blur_strength_tablet=&#8221;1px&#8221; ol_text_shadow_horizontal_length_tablet=&#8221;0px&#8221; ol_text_shadow_vertical_length_tablet=&#8221;0px&#8221; ol_text_shadow_blur_strength_tablet=&#8221;1px&#8221; quote_text_shadow_horizontal_length_tablet=&#8221;0px&#8221; quote_text_shadow_vertical_length_tablet=&#8221;0px&#8221; quote_text_shadow_blur_strength_tablet=&#8221;1px&#8221; header_text_shadow_horizontal_length_tablet=&#8221;0px&#8221; header_text_shadow_vertical_length_tablet=&#8221;0px&#8221; header_text_shadow_blur_strength_tablet=&#8221;1px&#8221; header_2_text_shadow_horizontal_length_tablet=&#8221;0px&#8221; header_2_text_shadow_vertical_length_tablet=&#8221;0px&#8221; header_2_text_shadow_blur_strength_tablet=&#8221;1px&#8221; header_3_text_shadow_horizontal_length_tablet=&#8221;0px&#8221; header_3_text_shadow_vertical_length_tablet=&#8221;0px&#8221; header_3_text_shadow_blur_strength_tablet=&#8221;1px&#8221; header_4_text_shadow_horizontal_length_tablet=&#8221;0px&#8221; header_4_text_shadow_vertical_length_tablet=&#8221;0px&#8221; header_4_text_shadow_blur_strength_tablet=&#8221;1px&#8221; header_5_text_shadow_horizontal_length_tablet=&#8221;0px&#8221; header_5_text_shadow_vertical_length_tablet=&#8221;0px&#8221; header_5_text_shadow_blur_strength_tablet=&#8221;1px&#8221; header_6_text_shadow_horizontal_length_tablet=&#8221;0px&#8221; header_6_text_shadow_vertical_length_tablet=&#8221;0px&#8221; header_6_text_shadow_blur_strength_tablet=&#8221;1px&#8221; box_shadow_horizontal_tablet=&#8221;0px&#8221; box_shadow_vertical_tablet=&#8221;0px&#8221; box_shadow_blur_tablet=&#8221;40px&#8221; box_shadow_spread_tablet=&#8221;0px&#8221; global_colors_info=&#8221;{}&#8221;]<\/p>\n<p><em><strong>BIENVENIDOS Y BIENVENIDAS\u00a0<\/strong><\/em><\/p>\n<p><em>\u00a0<\/em><em><strong>AL CURSO 2021 &#8211; 2022<\/strong><\/em><\/p>\n<p>Comenzamos el curso escolar 2021\/2022 con ilusi\u00f3n y ganas,pero sin bajar la guardia y con much\u00edsima precauci\u00f3n, por ello, vamos a continuar trabajando toda la comunidad educativa y dar\u00a0\u00a0lo mejor de nosotros\/as y enfrentarnos a este curso para tener un comienzo de forma PRESENCIAL Y SEGURA y gestionar\u00a0<em>con\u00a0\u00a0<\/em><strong>corresponsabilidad y\u00a0 colaboraci\u00f3n constructiva pero siendo respetuosos\/as.<\/strong><\/p>\n<p>&nbsp;<\/p>\n<p>El claustro de profesorado y el personal del C.E.I.P. FRANCISCO VILLAESPESA les agradece el trabajo y esfuerzo realizado en el curso pasado, as\u00ed como a toda la comunidad educativa,\u00a0 queremos\u00a0 darles la bienvenida a este curso que va a seguir siendo especial,en cuanto a las recomendaciones de medidas y directrices frente al COVID-19, creando as\u00ed un entorno saludable y seguro<\/p>\n<p>La\u00a0<strong>responsabilidad individual<\/strong>\u00a0incide y repercute en la\u00a0<strong>corresponsabilidad grupal<\/strong>\u00a0a la hora de cumplir con las normas establecidas en los protocolos sanitarios(temperatura, mascarilla, higiene de manos, distancia) y adem\u00e1s cumplir con las directrices del protocolo que se est\u00e1 actualizando\u00a0 y que podr\u00e1n leer\u00a0 a trav\u00e9s de la web del centro\u00a0 una vez se apruebe por la COMISI\u00d3N COVID, en estos d\u00edas antes del comienzo del alumnado. Esta comisi\u00f3n incluye\u00a0 todos los sectores de la comunidad educativa: familias (AMPA), profesorado, Ayuntamiento, Sanidad, PAS.<\/p>\n<p>&nbsp;<\/p>\n<p>\u00a0Por otra parte, el\u00a0<strong>PROTOCOLO<\/strong>\u00a0de actuaci\u00f3n se ha elaborado por la\u00a0<strong>Comisi\u00f3n COVID<\/strong>\u00a0,que incluye otros sectores de la comunidad educativa. En breve se publicar\u00e1, en la p\u00e1gina del centro el documento https:\/\/blogsaverroes.juntadeandalucia.es\/ceipfranciscovillaespesa\/ y se ir\u00e1 modificando por esta comisi\u00f3n cuando lo estime oportuno, seg\u00fan la evoluci\u00f3n de la pandemia durante este curso.<\/p>\n<p>&nbsp;<\/p>\n<p><strong>&#8211; Este curso CONTINUAREMOS con todas las medidas sanitarias necesarias y\u00a0 con metodolog\u00edas que favorezcan la motivaci\u00f3n y\u00a0 sigan disfrutando de su periodo escolar de\u00a0 forma segura y feliz.<\/strong><\/p>\n<p>&nbsp;<\/p>\n<p><strong>A LAS FAMILIAS DE ALUMNOS\/AS:<\/strong><\/p>\n<p>&nbsp;<\/p>\n<p>\u00a0 \u00a0 \u00a0 \u00a0 &#8211; La<strong>\u00a0<\/strong><strong>participaci\u00f3n en el centro<\/strong>\u00a0puede ser a trav\u00e9s de:<\/p>\n<ul>\n<li>Sus representantes de Consejo Escolar.<\/li>\n<li>La AMPA \u201cCampanilla \u201d.\u00a0<\/li>\n<li>Los\/as delegadas\/os de familias.<\/li>\n<li>Las tutor\u00edas ser\u00e1n los lunes de 16:00 a 17:00 horas.<\/li>\n<\/ul>\n<p>&nbsp;<\/p>\n<p><strong>&#8211; Horario de atenci\u00f3n a las familias:<\/strong><\/p>\n<p>&nbsp;<\/p>\n<ul>\n<li>Horario de secretar\u00eda del centro<strong>:\u00a0<\/strong>Todos los d\u00edas de 9:00h a 11:00h. V\u00eda telef\u00f3nica,<\/li>\n<\/ul>\n<p>presencialmente se atender\u00e1 desde ventanilla y previa petici\u00f3n de cita\u00a0<strong>TF: 950156765<\/strong><\/p>\n<p>Horario de direcci\u00f3n: V\u00eda telef\u00f3nica, presencialmente previa petici\u00f3n de cita\u00a0<strong>TF: 950156766.<\/strong><\/p>\n<p>&nbsp;<\/p>\n<p><strong>\u00a0 \u00a0 \u00a0 \u00a0 \u00a0 \u00a0<\/strong><strong>&#8211; Plan familias.(Comienzo desde el d\u00eda 13 de septiembre aula matinal y comedor)<\/strong><\/p>\n<p>&nbsp;<\/p>\n<p>\u00a0<strong>Aula matinal:<\/strong>\u00a0de 7:30 a 9:00h.\u00a0ENTRADA Y SALIDA PUERTA CORREDERA C\/ESCUELAS<strong>.(Se admitir\u00e1n ni\u00f1os hasta las 8,40 horas.M\u00e1s tarde de ese horario, no se admitir\u00e1 m\u00e1s alumnado).<\/strong><\/p>\n<p><strong>\u00a0<\/strong><strong>Comedor escola<\/strong>r: de 14:00 a 16:00h. Por turnos, ENTRADA Y SALIDA PUERTA CORREDERA C\/ESCUELAS.<\/p>\n<p>\u00a0 \u00a0 \u00a0 \u00a0 \u00a0 \u00a0\u00a0<strong>\u00a0<\/strong><strong>(La recogida del alumnado del comedor ser\u00e1 a partir de las 15,30 horas, pr\u00f3ximamente se dar\u00e1 m\u00e1s informaci\u00f3n).<\/strong><\/p>\n<h2><\/h2>\n<h2><\/h2>\n<h2><\/h2>\n<h2>Aula Matinal<\/h2>\n<p>Es una actividad\u00a0atendido por monitores especializadas\u00a0promovida por la Junta de Andaluc\u00eda para dar respuesta a la creciente demanda originada por las exigencias laborales de los padres, quienes se ven en la necesidad de delegar el cuidado de sus hijos durante el horario de\u00a0 7:30 a 9:00 h., momento en el que da comienzo la actividad escolar.<\/p>\n<p>Por tanto, de acuerdo con lo establecido con el art\u00edculo 14 del Decreto 137\/2002, en los<em>\u00a0<strong>centros de educaci\u00f3n infantil\u00a0<\/strong><\/em>y primaria el periodo de tiempo comprendido entre las 7 horas 30 minutos y el inicio de la actividad lectiva ser\u00e1 considerado como\u00a0<strong>Aula Matinal<\/strong>\u00a0sin actividad reglada. El proyecto establecer\u00e1 las medidas de vigilancia y atenci\u00f3n educativa que precisen los menores en funci\u00f3n de su edad y discapacidad.<\/p>\n<p>Para usar este servicio es necesaria la inscripci\u00f3n previa. Deber\u00e1n abonar el pago de una cuota mensual. Las familias de los alumnos usuarios pueden solicitar ayuda (bonificaci\u00f3n) a la Administraci\u00f3n.<\/p>\n<table>\n<tbody>\n<tr>\n<td rowspan=\"2\" width=\"186\">\n<p><strong>TIPOS DE BONIFICACIONES<\/strong><\/p>\n<\/td>\n<td colspan=\"2\" width=\"272\">\n<p><strong>CANTIDAD APORTADA POR EL USUARIO<\/strong><\/p>\n<\/td>\n<\/tr>\n<tr>\n<td width=\"129\">\n<p><strong>PRECIO POR DIA<\/strong><\/p>\n<\/td>\n<td width=\"143\">\n<p><strong>PRECIO POR MES<\/strong>\u00a0<\/p>\n<\/td>\n<\/tr>\n<tr>\n<td width=\"186\">\n<p><strong>100%<\/strong><\/p>\n<\/td>\n<td width=\"129\">\n<p><strong>0 \u20ac<\/strong><\/p>\n<\/td>\n<td width=\"143\">\n<p><strong>0<\/strong>\u00a0\u20ac<\/p>\n<\/td>\n<\/tr>\n<tr>\n<td width=\"186\">\n<p><strong>50 %<\/strong><\/p>\n<\/td>\n<td width=\"129\">\n<p><strong>0,59\u00a0\u20ac<\/strong><\/p>\n<\/td>\n<td width=\"143\">\n<p><strong>7,70<\/strong><strong>\u00a0<\/strong>\u20ac<\/p>\n<\/td>\n<\/tr>\n<tr>\n<td width=\"186\">\n<p><strong>42 %<\/strong><\/p>\n<\/td>\n<td width=\"129\">\n<p><strong>0,68\u00a0\u20ac<\/strong><\/p>\n<\/td>\n<td width=\"143\">\n<p><strong>8,93<\/strong><strong>\u00a0<\/strong>\u20ac<\/p>\n<\/td>\n<\/tr>\n<tr>\n<td width=\"186\">\n<p><strong>34 %<\/strong><\/p>\n<\/td>\n<td width=\"129\">\n<p><strong>0,78\u00a0\u20ac<\/strong><\/p>\n<\/td>\n<td width=\"143\">\n<p><strong>10,16<\/strong><strong>\u00a0<\/strong>\u20ac<\/p>\n<\/td>\n<\/tr>\n<tr>\n<td width=\"186\">\n<p><strong>26 %<\/strong><\/p>\n<\/td>\n<td width=\"129\">\n<p><strong>0,87\u00a0\u20ac<\/strong><\/p>\n<\/td>\n<td width=\"143\">\n<p><strong>11,40<\/strong><strong>\u00a0<\/strong>\u20ac<\/p>\n<\/td>\n<\/tr>\n<tr>\n<td width=\"186\">\n<p><strong>18 %<\/strong><\/p>\n<\/td>\n<td width=\"129\">\n<p><strong>0,97\u00a0\u20ac<\/strong><\/p>\n<\/td>\n<td width=\"143\">\n<p><strong>12,63<\/strong><strong>\u00a0<\/strong>\u20ac<\/p>\n<\/td>\n<\/tr>\n<tr>\n<td width=\"186\">\n<p><strong>10 %<\/strong><\/p>\n<\/td>\n<td width=\"129\">\n<p><strong>1,06\u00a0\u20ac<\/strong><\/p>\n<\/td>\n<td width=\"143\">\n<p><strong>13,86<\/strong><strong>\u00a0<\/strong>\u20ac<\/p>\n<\/td>\n<\/tr>\n<tr>\n<td width=\"186\">\n<p><strong>0 %<\/strong><\/p>\n<\/td>\n<td width=\"129\">\n<p><strong>1,18\u00a0\u20ac<\/strong><\/p>\n<\/td>\n<td width=\"143\">\n<p><strong>15,40<\/strong><strong>\u00a0<\/strong>\u20ac<\/p>\n<\/td>\n<\/tr>\n<\/tbody>\n<\/table>\n<p>.<\/p>\n<p>&nbsp;<\/p>\n<p>[\/et_pb_text][\/et_pb_column][\/et_pb_row][\/et_pb_section]<\/p>\n","protected":false},"excerpt":{"rendered":"<p>BIENVENIDOS Y BIENVENIDAS\u00a0 \u00a0AL CURSO 2021 &#8211; 2022 Comenzamos el curso escolar 2021\/2022 con ilusi\u00f3n y ganas,pero sin bajar la guardia y con much\u00edsima precauci\u00f3n, por ello, vamos a continuar trabajando toda la comunidad educativa y dar\u00a0\u00a0lo mejor de nosotros\/as y enfrentarnos a este curso para tener un comienzo de forma PRESENCIAL Y SEGURA y [&hellip;]<\/p>\n","protected":false},"author":14008,"featured_media":0,"parent":0,"menu_order":0,"comment_status":"closed","ping_status":"closed","template":"","meta":{"_et_pb_use_builder":"on","_et_pb_old_content":"","_et_gb_content_width":"","ngg_post_thumbnail":0,"footnotes":""},"aioseo_notices":[],"_links":{"self":[{"href":"https:\/\/blogsaverroes.juntadeandalucia.es\/ceipfranciscovillaespesa\/wp-json\/wp\/v2\/pages\/845"}],"collection":[{"href":"https:\/\/blogsaverroes.juntadeandalucia.es\/ceipfranciscovillaespesa\/wp-json\/wp\/v2\/pages"}],"about":[{"href":"https:\/\/blogsaverroes.juntadeandalucia.es\/ceipfranciscovillaespesa\/wp-json\/wp\/v2\/types\/page"}],"author":[{"embeddable":true,"href":"https:\/\/blogsaverroes.juntadeandalucia.es\/ceipfranciscovillaespesa\/wp-json\/wp\/v2\/users\/14008"}],"replies":[{"embeddable":true,"href":"https:\/\/blogsaverroes.juntadeandalucia.es\/ceipfranciscovillaespesa\/wp-json\/wp\/v2\/comments?post=845"}],"version-history":[{"count":4,"href":"https:\/\/blogsaverroes.juntadeandalucia.es\/ceipfranciscovillaespesa\/wp-json\/wp\/v2\/pages\/845\/revisions"}],"predecessor-version":[{"id":1049,"href":"https:\/\/blogsaverroes.juntadeandalucia.es\/ceipfranciscovillaespesa\/wp-json\/wp\/v2\/pages\/845\/revisions\/1049"}],"wp:attachment":[{"href":"https:\/\/blogsaverroes.juntadeandalucia.es\/ceipfranciscovillaespesa\/wp-json\/wp\/v2\/media?parent=845"}],"curies":[{"name":"wp","href":"https:\/\/api.w.org\/{rel}","templated":true}]}}