{"id":853,"date":"2020-12-18T08:50:47","date_gmt":"2020-12-18T07:50:47","guid":{"rendered":"https:\/\/blogsaverroes.juntadeandalucia.es\/pre\/plantilla-pencil\/?page_id=853"},"modified":"2022-02-15T18:41:25","modified_gmt":"2022-02-15T17:41:25","slug":"nuestra-historia","status":"publish","type":"page","link":"https:\/\/blogsaverroes.juntadeandalucia.es\/ceipfranciscovillaespesa\/nuestra-historia\/","title":{"rendered":"Nuestra Historia"},"content":{"rendered":"<p>[et_pb_section fb_built=&#8221;1&#8243; _builder_version=&#8221;3.22&#8243; global_colors_info=&#8221;{}&#8221;][et_pb_row _builder_version=&#8221;3.25&#8243; background_size=&#8221;initial&#8221; background_position=&#8221;top_left&#8221; background_repeat=&#8221;repeat&#8221; global_colors_info=&#8221;{}&#8221;][et_pb_column type=&#8221;4_4&#8243; _builder_version=&#8221;3.25&#8243; custom_padding=&#8221;|||&#8221; global_colors_info=&#8221;{}&#8221; custom_padding__hover=&#8221;|||&#8221;][et_pb_image src=&#8221;https:\/\/blogsaverroes.juntadeandalucia.es\/ceipfranciscovillaespesa\/files\/2020\/02\/elcentro.png&#8221; title_text=&#8221;elcentro&#8221; admin_label=&#8221;Imagen de la portada&#8221; _builder_version=&#8221;4.5.0&#8243; z_index_tablet=&#8221;500&#8243; box_shadow_horizontal_tablet=&#8221;0px&#8221; box_shadow_vertical_tablet=&#8221;0px&#8221; box_shadow_blur_tablet=&#8221;40px&#8221; box_shadow_spread_tablet=&#8221;0px&#8221; global_colors_info=&#8221;{}&#8221;][\/et_pb_image][et_pb_text admin_label=&#8221;Texto descriptivo&#8221; _builder_version=&#8221;3.27.4&#8243; z_index_tablet=&#8221;500&#8243; text_text_shadow_horizontal_length_tablet=&#8221;0px&#8221; text_text_shadow_vertical_length_tablet=&#8221;0px&#8221; text_text_shadow_blur_strength_tablet=&#8221;1px&#8221; link_text_shadow_horizontal_length_tablet=&#8221;0px&#8221; link_text_shadow_vertical_length_tablet=&#8221;0px&#8221; link_text_shadow_blur_strength_tablet=&#8221;1px&#8221; ul_text_shadow_horizontal_length_tablet=&#8221;0px&#8221; ul_text_shadow_vertical_length_tablet=&#8221;0px&#8221; ul_text_shadow_blur_strength_tablet=&#8221;1px&#8221; ol_text_shadow_horizontal_length_tablet=&#8221;0px&#8221; ol_text_shadow_vertical_length_tablet=&#8221;0px&#8221; ol_text_shadow_blur_strength_tablet=&#8221;1px&#8221; quote_text_shadow_horizontal_length_tablet=&#8221;0px&#8221; quote_text_shadow_vertical_length_tablet=&#8221;0px&#8221; quote_text_shadow_blur_strength_tablet=&#8221;1px&#8221; header_text_shadow_horizontal_length_tablet=&#8221;0px&#8221; header_text_shadow_vertical_length_tablet=&#8221;0px&#8221; header_text_shadow_blur_strength_tablet=&#8221;1px&#8221; header_2_text_shadow_horizontal_length_tablet=&#8221;0px&#8221; header_2_text_shadow_vertical_length_tablet=&#8221;0px&#8221; header_2_text_shadow_blur_strength_tablet=&#8221;1px&#8221; header_3_text_shadow_horizontal_length_tablet=&#8221;0px&#8221; header_3_text_shadow_vertical_length_tablet=&#8221;0px&#8221; header_3_text_shadow_blur_strength_tablet=&#8221;1px&#8221; header_4_text_shadow_horizontal_length_tablet=&#8221;0px&#8221; header_4_text_shadow_vertical_length_tablet=&#8221;0px&#8221; header_4_text_shadow_blur_strength_tablet=&#8221;1px&#8221; header_5_text_shadow_horizontal_length_tablet=&#8221;0px&#8221; header_5_text_shadow_vertical_length_tablet=&#8221;0px&#8221; header_5_text_shadow_blur_strength_tablet=&#8221;1px&#8221; header_6_text_shadow_horizontal_length_tablet=&#8221;0px&#8221; header_6_text_shadow_vertical_length_tablet=&#8221;0px&#8221; header_6_text_shadow_blur_strength_tablet=&#8221;1px&#8221; box_shadow_horizontal_tablet=&#8221;0px&#8221; box_shadow_vertical_tablet=&#8221;0px&#8221; box_shadow_blur_tablet=&#8221;40px&#8221; box_shadow_spread_tablet=&#8221;0px&#8221; global_colors_info=&#8221;{}&#8221;]<\/p>\n<h2>Nuestra Historia<\/h2>\n<p><strong>La historia de mi pueblo\u00a0 y mi escuela<\/strong><\/p>\n<p><strong>\u00a0<\/strong>El Parador de la Asunci\u00f3n o de las Hortichuelas constituye un antiguo cruce de comunicaciones entre el municipio de Roquetas de Mar y otras poblaciones de la Comarca del Poniente. Se form\u00f3 a partir de los a\u00f1os cincuenta, siendo un lugar de recepci\u00f3n de familias procedentes de distintos lugares de la provincia de Almer\u00eda, Espa\u00f1a y otros pa\u00edses. Por ello, es un punto de encuentro entre distintas culturas.<\/p>\n<p>\u00a0La vivienda en la localidad de El Parador de las Hortichuelas ha ido cambiando con el paso del tiempo y adapt\u00e1ndose a las necesidades de sus ocupantes.<\/p>\n<p>\u00a0En \u00e9pocas anteriores las casas eran de planta baja, con un patio y un almac\u00e9n, utilizado para guardar enseres agr\u00edcolas y como cochera.<\/p>\n<p>Con el paso del tiempo estas casas se han transformado en casas de dos plantas, en la planta baja cocina, sal\u00f3n y almac\u00e9n y en la planta altos los dormitorios y terrazas para disfrutar del buen clima de la localidad.<\/p>\n<p>M\u00e1s recientemente se han construido d\u00faplex y triples, los triples tienen toda la planta baja de almac\u00e9n y en las otras dos plantas la vivienda propiamente dicha.<\/p>\n<p>En la actualidad, se est\u00e1n construyendo bloques de pisos que en las zonas m\u00e1s antiguas no sobrepasan tres o cuatro plantas conservando as\u00ed la homogeneidad de las viviendas de estas zonas.<\/p>\n<p><strong>Los Parques<\/strong><\/p>\n<p>Los parques son las zonas verdes de la ciudad. Tienen \u00e1rboles, flores, espacios libres para correr, hacer deporte y banco donde podemos descansar, hablar, leer\u2026<\/p>\n<p>En los parques suele haber una zona dedicada a los ni\u00f1os\/as. En ella hay columpios, toboganes, sube-baja, castillos de madera. Estas zonas est\u00e1n protegidas con vallas de colores.<\/p>\n<p>Nuestra localidad ha crecido mucho en los \u00faltimos a\u00f1os y han procurado dejar zonas espaciosas y verdes entre tanto edificio para que sus habitantes puedan salir a disfrutar de la naturaleza, a jugar, a convivir y a hacer amigos.<\/p>\n<p>Por tanto, no tenemos un parque emblem\u00e1tico sino peque\u00f1os parques repartidos por la localidad. Los parques son de todos y para todos debemos cuidarlos y mantenerlos limpios usando sus papeleras y contenedores de reciclaje.<\/p>\n<p><strong>Centros Culturales<\/strong><\/p>\n<p>En Roquetas de Mar hay un gran sentimiento y un gran orgullo por el desarrollo de la cultura. En los \u00faltimos a\u00f1os se ha hecho un nuevo centro cultural, el Teatro Auditorio, en \u00e9l podemos disfrutar de actuaciones de diversa \u00edndole durante todo el a\u00f1o, ya que aqu\u00ed acuden las mayores figuras del momento.<\/p>\n<p>Tambi\u00e9n tiene una escuela de m\u00fasica en el que hay muchos escolares y j\u00f3venes que aprenden a hacer sus logros con cualquier tipo de instrumento.<\/p>\n<p>De todos modos, el cambio para mejor, est\u00e1 siendo muy importante para todas las personas, influyendo notablemente en su calidad de vida.<\/p>\n<p><strong>Parques, jardines y mobiliario urbano<\/strong><\/p>\n<p>Desde siempre, en todos los pueblos y localidades han existido los parques y jardines. En la actualidad, con el desarrollo urbano tambi\u00e9n se est\u00e1 dotando a nuestras ciudades de abundante mobiliario urbano: bancos, papeleras, farolas, etc.<\/p>\n<p>Nuestro municipio, Roquetas de Mar, cuenta con uno de los mejores espacios p\u00fablicos de parques y jardines de nuestra geograf\u00eda, quiz\u00e1s, debido a su car\u00e1cter eminentemente tur\u00edstico.<\/p>\n<p>Gracias a esto, todos los ciudadanos, especialmente los ni\u00f1os y ni\u00f1as de nuestro pueblo, pueden divertirse relacion\u00e1ndose con otros ni\u00f1os y con la naturaleza, aprendiendo el valor del respeto a los dem\u00e1s y a su entorno.<\/p>\n<p><strong>La inmigraci\u00f3n en El Parador.<\/strong><\/p>\n<p>Hoy la escuela abre sus puertas a todos los ni\u00f1os y las ni\u00f1as del mundo. Vienen alumnos y alumnas de Marruecos,\u00a0 Argentina, Rumania, Ghana, Senegal, Rusia, Brasil\u2026<\/p>\n<p>Los ni\u00f1os y ni\u00f1as traen su lengua, sus juegos, sus conocimientos, sus canciones y, lo que es m\u00e1s importante, sus sue\u00f1os. Aqu\u00ed todos sabemos que tenemos los mismos Derechos y Deberes hayamos nacido en Espa\u00f1a o en otros lugares, sean nuestros padres y madres espa\u00f1oles o de otros pa\u00edses.<\/p>\n<p><strong>\u00bfC\u00d3MO ES NUESTRA ESCUELA?<\/strong><\/p>\n<p>Es una escuela con las puertas abiertas al mundo, en las que todos y todas aprendemos de los dem\u00e1s. Es un espacio donde los ni\u00f1os y las ni\u00f1as que vienen de diferentes familias, pa\u00edses, pueblos o ciudades, pueden contar lo que han vivido y compartirlo. As\u00ed, todos y todas juntos, construimos una nueva sociedad.<\/p>\n<p>Compartimos nuevas formas de hablar, de contar historias o de re\u00edr. Ahora tenemos muchas m\u00e1s canciones, cuentos y juegos. Tenemos amigos y amigas nuevos\/as y aprendemos a ver el mundo con otra mirada. Juntos construimos un mundo mejor, m\u00e1s solidario y feliz. Ahora sabemos que no importa lo lejos que vivamos porque tenemos mucho en com\u00fan, mucho que compartir y que vivir juntos. Y es que todos somos ciudadanos y ciudadanas de esta peque\u00f1a aldea global que es el mundo.<\/p>\n<p><strong>Los deportes<\/strong><\/p>\n<p>Todos sabemos la importancia que tiene el deporte en todos los \u00e1mbitos de nuestra vida, tanto en la edad escolar como en la edad adulta son evidentes los beneficios para nuestra salud.<\/p>\n<p>En nuestro municipio tenemos la suerte de poder practicar cualquier actividad f\u00edsica puesto que re\u00fane los requisitos necesarios para hacer rutas a pie, senderismo, bicicleta, etc. Y tambi\u00e9n hay posibilidad de pr\u00e1cticas otros deportes como nataci\u00f3n, f\u00fatbol, balonmano o baloncesto. (Hay buenas instalaciones)<\/p>\n<p>Tanto desde la escuela a trav\u00e9s de proyectos como \u201cel deporte en la escuela\u201d como desde el \u00e1rea municipal se est\u00e1n realizando una gran labor para que todos los ni\u00f1os tengan la oportunidad de practicar el deporte que deseen y de este modo trabajar en una cantera de deportistas que en un futuro nos puede dar muchas alegr\u00edas, de hecho, ya hay ni\u00f1os del municipio que destacan y est\u00e1n siendo requeridos por equipos importantes. Finalmente, para terminar, decir que el deporte y la actividad f\u00edsica es importante y necesario para todos y todas.\u00a0<\/p>\n<p>&nbsp;<\/p>\n<p>&nbsp;<\/p>\n<p>[\/et_pb_text][\/et_pb_column][\/et_pb_row][et_pb_row column_structure=&#8221;1_3,1_3,1_3&#8243; _builder_version=&#8221;3.25&#8243; background_size=&#8221;initial&#8221; background_position=&#8221;top_left&#8221; background_repeat=&#8221;repeat&#8221; global_colors_info=&#8221;{}&#8221;][et_pb_column type=&#8221;1_3&#8243; _builder_version=&#8221;3.25&#8243; custom_padding=&#8221;|||&#8221; global_colors_info=&#8221;{}&#8221; custom_padding__hover=&#8221;|||&#8221;][et_pb_blurb title=&#8221;Innovaci\u00f3n&#8221; use_icon=&#8221;on&#8221; font_icon=&#8221;&#xe01c;||divi||400&#8243; image_icon_background_color=&#8221;#5d58ef&#8221; image_icon_width=&#8221;48px&#8221; admin_label=&#8221;Informaci\u00f3n innovaci\u00f3n (icono, titulo y texto)&#8221; _builder_version=&#8221;4.13.0&#8243; image_icon_custom_padding=&#8221;25px|25px|25px|25px|false|false&#8221; text_orientation=&#8221;center&#8221; z_index_tablet=&#8221;500&#8243; header_text_shadow_horizontal_length_tablet=&#8221;0px&#8221; header_text_shadow_vertical_length_tablet=&#8221;0px&#8221; header_text_shadow_blur_strength_tablet=&#8221;1px&#8221; body_text_shadow_horizontal_length_tablet=&#8221;0px&#8221; body_text_shadow_vertical_length_tablet=&#8221;0px&#8221; body_text_shadow_blur_strength_tablet=&#8221;1px&#8221; body_link_text_shadow_horizontal_length_tablet=&#8221;0px&#8221; body_link_text_shadow_vertical_length_tablet=&#8221;0px&#8221; body_link_text_shadow_blur_strength_tablet=&#8221;1px&#8221; body_ul_text_shadow_horizontal_length_tablet=&#8221;0px&#8221; body_ul_text_shadow_vertical_length_tablet=&#8221;0px&#8221; body_ul_text_shadow_blur_strength_tablet=&#8221;1px&#8221; body_ol_text_shadow_horizontal_length_tablet=&#8221;0px&#8221; body_ol_text_shadow_vertical_length_tablet=&#8221;0px&#8221; body_ol_text_shadow_blur_strength_tablet=&#8221;1px&#8221; body_quote_text_shadow_horizontal_length_tablet=&#8221;0px&#8221; body_quote_text_shadow_vertical_length_tablet=&#8221;0px&#8221; body_quote_text_shadow_blur_strength_tablet=&#8221;1px&#8221; border_radii_image=&#8221;on|100%|100%|100%|100%&#8221; box_shadow_horizontal_tablet=&#8221;0px&#8221; box_shadow_vertical_tablet=&#8221;0px&#8221; box_shadow_blur_tablet=&#8221;40px&#8221; box_shadow_spread_tablet=&#8221;0px&#8221; box_shadow_horizontal_image_tablet=&#8221;0px&#8221; box_shadow_vertical_image_tablet=&#8221;0px&#8221; box_shadow_blur_image_tablet=&#8221;40px&#8221; box_shadow_spread_image_tablet=&#8221;0px&#8221; text_shadow_horizontal_length_tablet=&#8221;0px&#8221; text_shadow_vertical_length_tablet=&#8221;0px&#8221; text_shadow_blur_strength_tablet=&#8221;1px&#8221; use_circle=&#8221;on&#8221; circle_color=&#8221;#5d58ef&#8221; global_colors_info=&#8221;{}&#8221; image_icon_background_color__sticky_enabled=&#8221;#241f59&#8243; image_icon_background_color__sticky=&#8221;#241f59&#8243;]<\/p>\n<p>Nuevas tecnolog\u00edas en el centro<\/p>\n<p>[\/et_pb_blurb][\/et_pb_column][et_pb_column type=&#8221;1_3&#8243; _builder_version=&#8221;3.25&#8243; custom_padding=&#8221;|||&#8221; global_colors_info=&#8221;{}&#8221; custom_padding__hover=&#8221;|||&#8221;][et_pb_blurb title=&#8221;centro biling\u00fce&#8221; use_icon=&#8221;on&#8221; font_icon=&#8221;&#xe0de;||divi||400&#8243; image_icon_background_color=&#8221;#ff236c&#8221; image_icon_width=&#8221;48px&#8221; admin_label=&#8221;Informaci\u00f3n centro biling\u00fce (icono, titulo y texto)&#8221; _builder_version=&#8221;4.13.0&#8243; image_icon_custom_padding=&#8221;25px|25px|25px|25px|false|false&#8221; text_orientation=&#8221;center&#8221; z_index_tablet=&#8221;500&#8243; header_text_shadow_horizontal_length_tablet=&#8221;0px&#8221; header_text_shadow_vertical_length_tablet=&#8221;0px&#8221; header_text_shadow_blur_strength_tablet=&#8221;1px&#8221; body_text_shadow_horizontal_length_tablet=&#8221;0px&#8221; body_text_shadow_vertical_length_tablet=&#8221;0px&#8221; body_text_shadow_blur_strength_tablet=&#8221;1px&#8221; body_link_text_shadow_horizontal_length_tablet=&#8221;0px&#8221; body_link_text_shadow_vertical_length_tablet=&#8221;0px&#8221; body_link_text_shadow_blur_strength_tablet=&#8221;1px&#8221; body_ul_text_shadow_horizontal_length_tablet=&#8221;0px&#8221; body_ul_text_shadow_vertical_length_tablet=&#8221;0px&#8221; body_ul_text_shadow_blur_strength_tablet=&#8221;1px&#8221; body_ol_text_shadow_horizontal_length_tablet=&#8221;0px&#8221; body_ol_text_shadow_vertical_length_tablet=&#8221;0px&#8221; body_ol_text_shadow_blur_strength_tablet=&#8221;1px&#8221; body_quote_text_shadow_horizontal_length_tablet=&#8221;0px&#8221; body_quote_text_shadow_vertical_length_tablet=&#8221;0px&#8221; body_quote_text_shadow_blur_strength_tablet=&#8221;1px&#8221; border_radii_image=&#8221;on|100%|100%|100%|100%&#8221; box_shadow_horizontal_tablet=&#8221;0px&#8221; box_shadow_vertical_tablet=&#8221;0px&#8221; box_shadow_blur_tablet=&#8221;40px&#8221; box_shadow_spread_tablet=&#8221;0px&#8221; box_shadow_horizontal_image_tablet=&#8221;0px&#8221; box_shadow_vertical_image_tablet=&#8221;0px&#8221; box_shadow_blur_image_tablet=&#8221;40px&#8221; box_shadow_spread_image_tablet=&#8221;0px&#8221; text_shadow_horizontal_length_tablet=&#8221;0px&#8221; text_shadow_vertical_length_tablet=&#8221;0px&#8221; text_shadow_blur_strength_tablet=&#8221;1px&#8221; use_circle=&#8221;on&#8221; circle_color=&#8221;#ff236c&#8221; global_colors_info=&#8221;{}&#8221; image_icon_background_color__sticky_enabled=&#8221;#241f59&#8243; image_icon_background_color__sticky=&#8221;#241f59&#8243;]<\/p>\n<p>Impartimos las materias en Ingl\u00e9s y Castellano<\/p>\n<p>[\/et_pb_blurb][\/et_pb_column][et_pb_column type=&#8221;1_3&#8243; _builder_version=&#8221;3.25&#8243; custom_padding=&#8221;|||&#8221; global_colors_info=&#8221;{}&#8221; custom_padding__hover=&#8221;|||&#8221;][et_pb_blurb title=&#8221;Contacta&#8221; use_icon=&#8221;on&#8221; font_icon=&#8221;&#xe010;||divi||400&#8243; image_icon_background_color=&#8221;#ffc259&#8243; image_icon_width=&#8221;48px&#8221; admin_label=&#8221;Informaci\u00f3n de contacto (icono, titulo y texto)&#8221; _builder_version=&#8221;4.13.0&#8243; image_icon_custom_padding=&#8221;25px|25px|25px|25px|false|false&#8221; text_orientation=&#8221;center&#8221; z_index_tablet=&#8221;500&#8243; header_text_shadow_horizontal_length_tablet=&#8221;0px&#8221; header_text_shadow_vertical_length_tablet=&#8221;0px&#8221; header_text_shadow_blur_strength_tablet=&#8221;1px&#8221; body_text_shadow_horizontal_length_tablet=&#8221;0px&#8221; body_text_shadow_vertical_length_tablet=&#8221;0px&#8221; body_text_shadow_blur_strength_tablet=&#8221;1px&#8221; body_link_text_shadow_horizontal_length_tablet=&#8221;0px&#8221; body_link_text_shadow_vertical_length_tablet=&#8221;0px&#8221; body_link_text_shadow_blur_strength_tablet=&#8221;1px&#8221; body_ul_text_shadow_horizontal_length_tablet=&#8221;0px&#8221; body_ul_text_shadow_vertical_length_tablet=&#8221;0px&#8221; body_ul_text_shadow_blur_strength_tablet=&#8221;1px&#8221; body_ol_text_shadow_horizontal_length_tablet=&#8221;0px&#8221; body_ol_text_shadow_vertical_length_tablet=&#8221;0px&#8221; body_ol_text_shadow_blur_strength_tablet=&#8221;1px&#8221; body_quote_text_shadow_horizontal_length_tablet=&#8221;0px&#8221; body_quote_text_shadow_vertical_length_tablet=&#8221;0px&#8221; body_quote_text_shadow_blur_strength_tablet=&#8221;1px&#8221; border_radii_image=&#8221;on|100%|100%|100%|100%&#8221; box_shadow_horizontal_tablet=&#8221;0px&#8221; box_shadow_vertical_tablet=&#8221;0px&#8221; box_shadow_blur_tablet=&#8221;40px&#8221; box_shadow_spread_tablet=&#8221;0px&#8221; box_shadow_horizontal_image_tablet=&#8221;0px&#8221; box_shadow_vertical_image_tablet=&#8221;0px&#8221; box_shadow_blur_image_tablet=&#8221;40px&#8221; box_shadow_spread_image_tablet=&#8221;0px&#8221; text_shadow_horizontal_length_tablet=&#8221;0px&#8221; text_shadow_vertical_length_tablet=&#8221;0px&#8221; text_shadow_blur_strength_tablet=&#8221;1px&#8221; use_circle=&#8221;on&#8221; circle_color=&#8221;#ffc259&#8243; global_colors_info=&#8221;{}&#8221; image_icon_background_color__sticky_enabled=&#8221;#241f59&#8243; image_icon_background_color__sticky=&#8221;#241f59&#8243;]<\/p>\n<p>Tenemos abierto nuestro buz\u00f3n de sugerencias<\/p>\n<p>[\/et_pb_blurb][\/et_pb_column][\/et_pb_row][\/et_pb_section]<\/p>\n","protected":false},"excerpt":{"rendered":"<p>Nuestra Historia La historia de mi pueblo\u00a0 y mi escuela \u00a0El Parador de la Asunci\u00f3n o de las Hortichuelas constituye un antiguo cruce de comunicaciones entre el municipio de Roquetas de Mar y otras poblaciones de la Comarca del Poniente. Se form\u00f3 a partir de los a\u00f1os cincuenta, siendo un lugar de recepci\u00f3n de familias [&hellip;]<\/p>\n","protected":false},"author":14008,"featured_media":0,"parent":0,"menu_order":0,"comment_status":"closed","ping_status":"closed","template":"","meta":{"_et_pb_use_builder":"on","_et_pb_old_content":"","_et_gb_content_width":"","ngg_post_thumbnail":0,"footnotes":""},"aioseo_notices":[],"_links":{"self":[{"href":"https:\/\/blogsaverroes.juntadeandalucia.es\/ceipfranciscovillaespesa\/wp-json\/wp\/v2\/pages\/853"}],"collection":[{"href":"https:\/\/blogsaverroes.juntadeandalucia.es\/ceipfranciscovillaespesa\/wp-json\/wp\/v2\/pages"}],"about":[{"href":"https:\/\/blogsaverroes.juntadeandalucia.es\/ceipfranciscovillaespesa\/wp-json\/wp\/v2\/types\/page"}],"author":[{"embeddable":true,"href":"https:\/\/blogsaverroes.juntadeandalucia.es\/ceipfranciscovillaespesa\/wp-json\/wp\/v2\/users\/14008"}],"replies":[{"embeddable":true,"href":"https:\/\/blogsaverroes.juntadeandalucia.es\/ceipfranciscovillaespesa\/wp-json\/wp\/v2\/comments?post=853"}],"version-history":[{"count":2,"href":"https:\/\/blogsaverroes.juntadeandalucia.es\/ceipfranciscovillaespesa\/wp-json\/wp\/v2\/pages\/853\/revisions"}],"predecessor-version":[{"id":1044,"href":"https:\/\/blogsaverroes.juntadeandalucia.es\/ceipfranciscovillaespesa\/wp-json\/wp\/v2\/pages\/853\/revisions\/1044"}],"wp:attachment":[{"href":"https:\/\/blogsaverroes.juntadeandalucia.es\/ceipfranciscovillaespesa\/wp-json\/wp\/v2\/media?parent=853"}],"curies":[{"name":"wp","href":"https:\/\/api.w.org\/{rel}","templated":true}]}}