{"id":4149,"date":"2018-03-03T01:47:42","date_gmt":"2018-03-03T00:47:42","guid":{"rendered":"http:\/\/blogsaverroes.juntadeandalucia.es\/ceipgabrielcara\/?page_id=4149"},"modified":"2025-05-28T11:40:31","modified_gmt":"2025-05-28T09:40:31","slug":"matriculacion-2","status":"publish","type":"page","link":"https:\/\/blogsaverroes.juntadeandalucia.es\/ceipgabrielcara\/matriculacion-2\/","title":{"rendered":"Matriculaci\u00f3n"},"content":{"rendered":"<p>El plazo para realizar la matr\u00edcula del alumnado para el curso 2025-2026, ser\u00e1 del 1 al 9 de junio de 2025, ambos inclusive. Por otro lado, el plazo para solicitar los servicios de aula matinal, comedor y actividades extraescolares ser\u00e1 tambi\u00e9n del 1 al 10 de junio de 2025, ambos inclusive.<\/p>\n<p>Se priorizar\u00e1 la realizaci\u00f3n de la matr\u00edcula de manera telem\u00e1tica (tambi\u00e9n pueden solicitar los servicios de Comedor, Aula Matinal y Actividades Extraescolares en el mismo tr\u00e1mite), a trav\u00e9s del siguiente enlace:<\/p>\n<p><a href=\"https:\/\/www.juntadeandalucia.es\/educacion\/secretariavirtual\/solicitudes\/\">https:\/\/www.juntadeandalucia.es\/educacion\/secretariavirtual\/solicitudes\/<\/a><\/p>\n<p>Para ello, ser\u00e1 necesario que las familias tengan activada la aplicaci\u00f3n de iPasen.<\/p>\n<p>&nbsp;<\/p>\n<p><strong>IMPRESOS MATRICULACI\u00d3N:<\/strong><\/p>\n<p>&nbsp;<\/p>\n<p><a href=\"https:\/\/blogsaverroes.juntadeandalucia.es\/ceipgabrielcara\/files\/2021\/10\/desc-pdf.jpg\"><img loading=\"lazy\" decoding=\"async\" class=\"alignleft wp-image-5396 size-thumbnail\" src=\"https:\/\/blogsaverroes.juntadeandalucia.es\/ceipgabrielcara\/files\/2021\/10\/desc-pdf-150x150.jpg\" alt=\"\" width=\"150\" height=\"150\" srcset=\"https:\/\/blogsaverroes.juntadeandalucia.es\/ceipgabrielcara\/files\/2021\/10\/desc-pdf-150x150.jpg 150w, https:\/\/blogsaverroes.juntadeandalucia.es\/ceipgabrielcara\/files\/2021\/10\/desc-pdf-300x300.jpg 300w, https:\/\/blogsaverroes.juntadeandalucia.es\/ceipgabrielcara\/files\/2021\/10\/desc-pdf.jpg 450w\" sizes=\"(max-width: 150px) 100vw, 150px\" \/><\/a>*<a href=\"https:\/\/blogsaverroes.juntadeandalucia.es\/ceipgabrielcara\/files\/2024\/05\/6_MATRICULA-TEA-1.pdf\">Solicitud de matr\u00edcula Aula Espec\u00edfica<\/a><\/p>\n<p>*<a href=\"https:\/\/blogsaverroes.juntadeandalucia.es\/ceipgabrielcara\/files\/2024\/05\/4_MATRICULA-INFANTIL.pdf\">Solicitud de matr\u00edcula Educaci\u00f3n Infantil<\/a><\/p>\n<p>*<a href=\"https:\/\/blogsaverroes.juntadeandalucia.es\/ceipgabrielcara\/files\/2024\/05\/5_MATRICULA-PRIMARIA.pdf\">Solicitud de matr\u00edcula Educaci\u00f3n Primaria<\/a><\/p>\n<p>*<a href=\"https:\/\/blogsaverroes.juntadeandalucia.es\/ceipgabrielcara\/files\/2024\/05\/06.-ANEXO-RELIGION.pdf\">Solicitud Ense\u00f1anza Religi\u00f3n<\/a><\/p>\n<p>&nbsp;<\/p>\n<p><a href=\"https:\/\/blogsaverroes.juntadeandalucia.es\/ceipgabrielcara\/files\/2021\/10\/desc-pdf.jpg\"><img loading=\"lazy\" decoding=\"async\" class=\"wp-image-5396 size-thumbnail alignleft\" src=\"https:\/\/blogsaverroes.juntadeandalucia.es\/ceipgabrielcara\/files\/2021\/10\/desc-pdf-150x150.jpg\" alt=\"\" width=\"150\" height=\"150\" srcset=\"https:\/\/blogsaverroes.juntadeandalucia.es\/ceipgabrielcara\/files\/2021\/10\/desc-pdf-150x150.jpg 150w, https:\/\/blogsaverroes.juntadeandalucia.es\/ceipgabrielcara\/files\/2021\/10\/desc-pdf-300x300.jpg 300w, https:\/\/blogsaverroes.juntadeandalucia.es\/ceipgabrielcara\/files\/2021\/10\/desc-pdf.jpg 450w\" sizes=\"(max-width: 150px) 100vw, 150px\" \/><\/a>*<a href=\"https:\/\/blogsaverroes.juntadeandalucia.es\/ceipgabrielcara\/files\/2023\/05\/AUTORIZACI\u00d3N-RECOGIDA.pdf\">Autorizaci\u00f3n de recogida por terceras personas<\/a> (solo alumnado de nueva admisi\u00f3n o en caso de modificaci\u00f3n de datos)<\/p>\n<p>*<a href=\"https:\/\/blogsaverroes.juntadeandalucia.es\/ceipgabrielcara\/files\/2025\/05\/Anexo-Proteccio\u00bfn-de-datos.pdf\">Autorizaci\u00f3n para publicaci\u00f3n de im\u00e1genes<\/a><\/p>\n<p>* <a href=\"https:\/\/blogsaverroes.juntadeandalucia.es\/ceipgabrielcara\/files\/2024\/05\/SOLICITUD-SERVICIOS-COMPLEMENTARIOS.pdf\">Solicitud aula matinal, comedor y actividades extraescolares<\/a> (opcional)<\/p>\n<p>*<a href=\"https:\/\/blogsaverroes.juntadeandalucia.es\/ceipgabrielcara\/files\/2025\/05\/Cuestionario-Fondo-Social-Europeo.pdf\">Cuestionario Fondo Social Europeo<\/a><\/p>\n<p>&nbsp;<\/p>\n<p>La documentaci\u00f3n a aportar en este caso ser\u00e1 la siguiente:<\/p>\n<p><strong>Renovaci\u00f3n de matr\u00edcula (alumnado que contin\u00faa en el centro):<\/strong><\/p>\n<ul>\n<li>Solicitud de matr\u00edcula (aula espec\u00edfica, educaci\u00f3n infantil o educaci\u00f3n primaria)<\/li>\n<li>En el caso de solicitar alguno de los servicios ofertados puede consultar la documentaci\u00f3n a aportar en la secci\u00f3n correspondiente:\n<ul>\n<li><a href=\"https:\/\/blogsaverroes.juntadeandalucia.es\/ceipgabrielcara\/aula-matinal-2\/\">Aula matinal<\/a><\/li>\n<li><a href=\"https:\/\/blogsaverroes.juntadeandalucia.es\/ceipgabrielcara\/comedor\/\">Comedor<\/a><\/li>\n<li><a href=\"https:\/\/blogsaverroes.juntadeandalucia.es\/ceipgabrielcara\/documentos-e-impresos\/\">Actividades extraescolares<\/a><\/li>\n<\/ul>\n<\/li>\n<\/ul>\n<p><strong>Nueva matriculaci\u00f3n (alumnado que se matricula por primera vez en el centro):<\/strong><\/p>\n<ul>\n<li>Solicitud de matr\u00edcula (infantil o primaria)<\/li>\n<li>Fotocopia de la cartilla de vacunaci\u00f3n.<\/li>\n<li>Una foto tama\u00f1o carnet.<\/li>\n<li>En el caso de solicitar alguno de los servicios ofertados puede consultar la documentaci\u00f3n a aportar en la secci\u00f3n correspondiente:<\/li>\n<\/ul>\n<ul>\n<li style=\"list-style-type: none\">\n<ul>\n<li><a href=\"https:\/\/blogsaverroes.juntadeandalucia.es\/ceipgabrielcara\/aula-matinal-2\/\">Aula matinal<\/a><\/li>\n<li><a href=\"https:\/\/blogsaverroes.juntadeandalucia.es\/ceipgabrielcara\/comedor\/\">Comedor<\/a><\/li>\n<li><a href=\"https:\/\/blogsaverroes.juntadeandalucia.es\/ceipgabrielcara\/documentos-e-impresos\/\">Actividades extraescolares<\/a><\/li>\n<\/ul>\n<\/li>\n<\/ul>\n<p>&nbsp;<\/p>\n<p>&nbsp;<\/p>\n<p><strong>SOLICITUD DE BONIFICACI\u00d3N (AULA MATINAL, COMEDOR Y ACTIVIDADES EXTRAESCOLARES)<\/strong><\/p>\n<p>Les recordamos que la solicitud de <strong>bonificaciones<\/strong> de los servicios de comedor, material y actividades extraescolares se realizar\u00e1 del <strong>1 al 8 de septiembre<\/strong>.<\/p>\n<p>&nbsp;<\/p>\n<p><strong>CAMBIO DE DATOS<\/strong><\/p>\n<p>Es de suma importancia que el centro disponga de los datos de contacto de la familia actualizados. Por ello, si cambian de n\u00famero de tel\u00e9fono o domicilio, rogamos lo notifiquen al centro.<\/p>\n<p>&nbsp;<\/p>\n","protected":false},"excerpt":{"rendered":"<p>El plazo para realizar la matr\u00edcula del alumnado para el curso 2025-2026, ser\u00e1 del 1 al 9 de junio de 2025, ambos inclusive. Por otro lado, el plazo para solicitar los servicios de aula&#46;&#46;&#46;<\/p>\n","protected":false},"author":1904,"featured_media":0,"parent":0,"menu_order":0,"comment_status":"closed","ping_status":"closed","template":"","meta":{"ngg_post_thumbnail":0,"footnotes":""},"aioseo_notices":[],"_links":{"self":[{"href":"https:\/\/blogsaverroes.juntadeandalucia.es\/ceipgabrielcara\/wp-json\/wp\/v2\/pages\/4149"}],"collection":[{"href":"https:\/\/blogsaverroes.juntadeandalucia.es\/ceipgabrielcara\/wp-json\/wp\/v2\/pages"}],"about":[{"href":"https:\/\/blogsaverroes.juntadeandalucia.es\/ceipgabrielcara\/wp-json\/wp\/v2\/types\/page"}],"author":[{"embeddable":true,"href":"https:\/\/blogsaverroes.juntadeandalucia.es\/ceipgabrielcara\/wp-json\/wp\/v2\/users\/1904"}],"replies":[{"embeddable":true,"href":"https:\/\/blogsaverroes.juntadeandalucia.es\/ceipgabrielcara\/wp-json\/wp\/v2\/comments?post=4149"}],"version-history":[{"count":36,"href":"https:\/\/blogsaverroes.juntadeandalucia.es\/ceipgabrielcara\/wp-json\/wp\/v2\/pages\/4149\/revisions"}],"predecessor-version":[{"id":6011,"href":"https:\/\/blogsaverroes.juntadeandalucia.es\/ceipgabrielcara\/wp-json\/wp\/v2\/pages\/4149\/revisions\/6011"}],"wp:attachment":[{"href":"https:\/\/blogsaverroes.juntadeandalucia.es\/ceipgabrielcara\/wp-json\/wp\/v2\/media?parent=4149"}],"curies":[{"name":"wp","href":"https:\/\/api.w.org\/{rel}","templated":true}]}}