{"id":2274,"date":"2024-08-31T13:50:36","date_gmt":"2024-08-31T13:50:36","guid":{"rendered":"https:\/\/blogsaverroes.juntadeandalucia.es\/ceipgandhi\/?page_id=2274"},"modified":"2025-09-04T09:44:21","modified_gmt":"2025-09-04T09:44:21","slug":"profesorado","status":"publish","type":"page","link":"https:\/\/blogsaverroes.juntadeandalucia.es\/ceipgandhi\/?page_id=2274","title":{"rendered":"Profesorado"},"content":{"rendered":"<table style=\"width: 98%;height: 483px\" border=\"3\" cellpadding=\"7\" align=\"center\">\n<thead>\n<tr style=\"height: 30px\" align=\"\" valign=\"\" bgcolor=\"\">\n<td style=\"height: 30px\">\n<h3>Nombre<\/h3>\n<\/td>\n<td style=\"height: 30px\">\n<h3>Posici\u00f3n<\/h3>\n<\/td>\n<\/tr>\n<\/thead>\n<tbody>\n<tr style=\"height: 36px\">\n<td style=\"height: 36px\">Mar\u00eda Luisa Fern\u00e1ndez Leiva&nbsp;<\/td>\n<td style=\"height: 36px\">Infantil 3 a\u00f1os<\/td>\n<\/tr>\n<tr style=\"height: 22px\">\n<td style=\"height: 22px\">Ana Alba Mart\u00ednez<\/td>\n<td style=\"height: 22px\">Infantil 4 a\u00f1os<\/td>\n<\/tr>\n<tr style=\"height: 22px\">\n<td style=\"height: 22px\">Ana Mar\u00eda Garc\u00eda G\u00f3mez<\/td>\n<td style=\"height: 22px\">Infantil 5 a\u00f1os<\/td>\n<\/tr>\n<tr style=\"height: 24px\">\n<td style=\"height: 24px\">M\u00aa Soledad Mancilla Pardo<\/td>\n<td style=\"height: 24px\">1\u00ba Educci\u00f3n Primaria<\/td>\n<\/tr>\n<tr style=\"height: 22px\">\n<td style=\"height: 22px\">Lourdes Romero Alarc\u00f3n<\/td>\n<td style=\"height: 22px\">2\u00ba Educaci\u00f3n Primaria<\/td>\n<\/tr>\n<tr style=\"height: 22px\">\n<td style=\"height: 22px\">Enrique Javier Garc\u00eda Ram\u00edrez<\/td>\n<td style=\"height: 22px\">3\u00ba Educaci\u00f3n Primaria<\/td>\n<\/tr>\n<tr style=\"height: 22px\">\n<td style=\"height: 22px\">M\u00aa Carmen Ortiz Rodr\u00edguez<\/td>\n<td style=\"height: 22px\">4\u00ba Educaci\u00f3n Primaria<\/td>\n<\/tr>\n<tr style=\"height: 36px\">\n<td style=\"height: 36px\">Carmen Puertas Sanz<\/td>\n<td style=\"height: 36px\">5\u00ba Educaci\u00f3n Primaria<\/td>\n<\/tr>\n<tr style=\"height: 22px\">\n<td style=\"height: 22px\">Amparo V\u00e1zquez Mar\u00edn<\/td>\n<td style=\"height: 22px\">6\u00ba Educaci\u00f3n Primaria<\/td>\n<\/tr>\n<tr style=\"height: 29px\">\n<td style=\"height: 29px\">Raquel Paneque Ben\u00edtez<\/td>\n<td style=\"height: 29px\">Apoyo Educaci\u00f3n Primaria<\/td>\n<\/tr>\n<tr style=\"height: 10px\">\n<td style=\"height: 10px\">Ana Plaza Gonz\u00e1lez<\/td>\n<td style=\"height: 10px\">Apoyo Educaci\u00f3n Primaria (ZTS)<\/td>\n<\/tr>\n<tr>\n<td>M\u00aa Jos\u00e9 G\u00f3mez Bueno<\/td>\n<td>Apoyo Educaci\u00f3n Primaria<\/td>\n<\/tr>\n<tr>\n<td>Miguel \u00c1ngel Arias Riveras<\/td>\n<td>Interculturalidad (ATAL)<\/td>\n<\/tr>\n<tr style=\"height: 22px\">\n<td style=\"height: 22px\">Amparo V\u00e1zquez Mar\u00edn<\/td>\n<td style=\"height: 22px\">M\u00fasica<\/td>\n<\/tr>\n<tr style=\"height: 22px\">\n<td style=\"height: 22px\">M\u00aa Isabel Van Eyk Jara<\/td>\n<td style=\"height: 22px\">Ingl\u00e9s<\/td>\n<\/tr>\n<tr style=\"height: 22px\">\n<td style=\"height: 22px\">Carmen Puertas Sanz<\/td>\n<td style=\"height: 22px\">Franc\u00e9s<\/td>\n<\/tr>\n<tr style=\"height: 22px\">\n<td style=\"height: 22px\">Bego\u00f1a Nieves Ojea Ortega<\/td>\n<td style=\"height: 22px\">Educaci\u00f3n F\u00edsica<\/td>\n<\/tr>\n<tr style=\"height: 22px\">\n<td style=\"height: 22px\">&nbsp;<\/td>\n<td style=\"height: 22px\">Religi\u00f3n<\/td>\n<\/tr>\n<tr style=\"height: 22px\">\n<td style=\"height: 10px\">Mar\u00eda Jes\u00fas S\u00e1nchez Molina<\/td>\n<td style=\"height: 10px\">Pedagog\u00eda Terap\u00e9utica<\/td>\n<\/tr>\n<tr style=\"height: 22px\">\n<td style=\"height: 22px\">Sandra Rosa Burgos<\/td>\n<td style=\"height: 22px\">Orientadora<\/td>\n<\/tr>\n<tr style=\"height: 22px\">\n<td style=\"height: 22px\">&nbsp;<\/td>\n<td style=\"height: 22px\">Audici\u00f3n y Lenguaje<\/td>\n<\/tr>\n<\/tbody>\n<\/table>\n","protected":false},"excerpt":{"rendered":"<p>Nombre Posici\u00f3n Mar\u00eda Luisa Fern\u00e1ndez Leiva&nbsp; Infantil 3 a\u00f1os Ana Alba Mart\u00ednez&#46;&#46;&#46;<\/p>\n","protected":false},"author":8489,"featured_media":0,"parent":0,"menu_order":0,"comment_status":"closed","ping_status":"closed","template":"","meta":{"ngg_post_thumbnail":0,"footnotes":"","_mc_calendar":[]},"aioseo_notices":[],"_links":{"self":[{"href":"https:\/\/blogsaverroes.juntadeandalucia.es\/ceipgandhi\/index.php?rest_route=\/wp\/v2\/pages\/2274"}],"collection":[{"href":"https:\/\/blogsaverroes.juntadeandalucia.es\/ceipgandhi\/index.php?rest_route=\/wp\/v2\/pages"}],"about":[{"href":"https:\/\/blogsaverroes.juntadeandalucia.es\/ceipgandhi\/index.php?rest_route=\/wp\/v2\/types\/page"}],"author":[{"embeddable":true,"href":"https:\/\/blogsaverroes.juntadeandalucia.es\/ceipgandhi\/index.php?rest_route=\/wp\/v2\/users\/8489"}],"replies":[{"embeddable":true,"href":"https:\/\/blogsaverroes.juntadeandalucia.es\/ceipgandhi\/index.php?rest_route=%2Fwp%2Fv2%2Fcomments&post=2274"}],"version-history":[{"count":18,"href":"https:\/\/blogsaverroes.juntadeandalucia.es\/ceipgandhi\/index.php?rest_route=\/wp\/v2\/pages\/2274\/revisions"}],"predecessor-version":[{"id":8078,"href":"https:\/\/blogsaverroes.juntadeandalucia.es\/ceipgandhi\/index.php?rest_route=\/wp\/v2\/pages\/2274\/revisions\/8078"}],"wp:attachment":[{"href":"https:\/\/blogsaverroes.juntadeandalucia.es\/ceipgandhi\/index.php?rest_route=%2Fwp%2Fv2%2Fmedia&parent=2274"}],"curies":[{"name":"wp","href":"https:\/\/api.w.org\/{rel}","templated":true}]}}