{"id":2349,"date":"2020-03-10T12:08:02","date_gmt":"2020-03-10T12:08:02","guid":{"rendered":"https:\/\/blogsaverroes.juntadeandalucia.es\/ceipgenarorincon\/?page_id=2349"},"modified":"2024-12-02T11:14:05","modified_gmt":"2024-12-02T11:14:05","slug":"plan-de-igualdad","status":"publish","type":"page","link":"https:\/\/blogsaverroes.juntadeandalucia.es\/ceipgenarorincon\/plan-de-igualdad\/","title":{"rendered":"Plan de Igualdad"},"content":{"rendered":"<p style=\"text-align: center\">&nbsp;<\/p>\n<p>&nbsp;<\/p>\n<p><a href=\"https:\/\/blogsaverroes.juntadeandalucia.es\/ceipgenarorincon\/files\/2022\/06\/MIGU.Gob_-scaled.jpg\"><img loading=\"lazy\" decoding=\"async\" class=\"alignnone wp-image-5397\" src=\"https:\/\/blogsaverroes.juntadeandalucia.es\/ceipgenarorincon\/files\/2022\/06\/MIGU.Gob_-300x97.jpg\" alt=\"\" width=\"597\" height=\"193\" srcset=\"https:\/\/blogsaverroes.juntadeandalucia.es\/ceipgenarorincon\/files\/2022\/06\/MIGU.Gob_-300x97.jpg 300w, https:\/\/blogsaverroes.juntadeandalucia.es\/ceipgenarorincon\/files\/2022\/06\/MIGU.Gob_-1024x331.jpg 1024w, https:\/\/blogsaverroes.juntadeandalucia.es\/ceipgenarorincon\/files\/2022\/06\/MIGU.Gob_-768x248.jpg 768w, https:\/\/blogsaverroes.juntadeandalucia.es\/ceipgenarorincon\/files\/2022\/06\/MIGU.Gob_-1536x496.jpg 1536w, https:\/\/blogsaverroes.juntadeandalucia.es\/ceipgenarorincon\/files\/2022\/06\/MIGU.Gob_-2048x662.jpg 2048w, https:\/\/blogsaverroes.juntadeandalucia.es\/ceipgenarorincon\/files\/2022\/06\/MIGU.Gob_-scaled.jpg 1600w\" sizes=\"(max-width: 597px) 100vw, 597px\" \/><\/a><a href=\"https:\/\/blogsaverroes.juntadeandalucia.es\/ceipgenarorincon\/files\/2022\/06\/logopactoestadocolor.png\"><img loading=\"lazy\" decoding=\"async\" class=\" wp-image-5398 alignright\" src=\"https:\/\/blogsaverroes.juntadeandalucia.es\/ceipgenarorincon\/files\/2022\/06\/logopactoestadocolor-300x230.png\" alt=\"\" width=\"326\" height=\"250\" srcset=\"https:\/\/blogsaverroes.juntadeandalucia.es\/ceipgenarorincon\/files\/2022\/06\/logopactoestadocolor-300x230.png 300w, https:\/\/blogsaverroes.juntadeandalucia.es\/ceipgenarorincon\/files\/2022\/06\/logopactoestadocolor-768x589.png 768w, https:\/\/blogsaverroes.juntadeandalucia.es\/ceipgenarorincon\/files\/2022\/06\/logopactoestadocolor.png 882w\" sizes=\"(max-width: 326px) 100vw, 326px\" \/><\/a><\/p>\n<h5 style=\"text-align: left\"><strong>Como centro educativo p\u00fablico, enfocamos&nbsp; nuestra <\/strong><strong>labor docente hacia la transmisi\u00f3n de una cultura y unos valores y formas de <\/strong><strong>pensamiento que fomenten la igualdad real y el respeto mutuo entre personas, <\/strong><strong>haciendo frente a los estereotipos sociales que todav\u00eda persisten, promoviendo <\/strong><strong>toda acci\u00f3n de repulsa contra ellos.<\/strong><\/h5>\n<h5 style=\"text-align: left\"><strong>Como sociedad plural, potenciaremos el respeto a la diversidad, la concordia y <\/strong><strong>la convivencia pac\u00edfica entre todos y todas quienes la formamos, protegiendo a <\/strong><strong>quienes m\u00e1s protecci\u00f3n necesitan y corrigiendo actitudes contrarias al respeto<\/strong><br \/>\n<strong>de los derechos fundamentales de todos y todas nosotros, la igualdad, la <\/strong><strong>equidad y la libertad, recogidos en nuestras leyes.<\/strong><\/h5>\n<h5 style=\"text-align: left\"><strong>Ante una sociedad que camina en dos direcciones opuestas, ante una lacra <\/strong><strong>social como es la violencia de g\u00e9nero, la violencia entre personas, la violencia <\/strong><strong>ejercida contra los ni\u00f1os y ni\u00f1as o las situaciones de desigualdad, nuestro<\/strong><br \/>\n<strong>centro debe tener un compromiso f\u00e9rreo con una educaci\u00f3n abocada hacia un <\/strong><strong>cambio en las conciencias y actos de todas aquellas personas que ejercen <\/strong><strong>cualquier tipo de violencia o discriminaci\u00f3n. <\/strong><\/h5>\n<h1>&nbsp;<\/h1>\n<h1><span style=\"color: #993366\">CURSO 2024-2025<\/span><\/h1>\n<p><span style=\"color: #ff00ff\"><strong>25 de Noviembre. D\u00eda Internacional de la eliminaci\u00f3n de la violencia contra la mujer<\/strong><\/span><\/p>\n<p>Lemas de Primaria y ESO<\/p>\n<p><a href=\"https:\/\/blogsaverroes.juntadeandalucia.es\/ceipgenarorincon\/files\/2024\/12\/IMG_7010.jpeg\"><img loading=\"lazy\" decoding=\"async\" class=\"alignnone size-medium wp-image-5767\" src=\"https:\/\/blogsaverroes.juntadeandalucia.es\/ceipgenarorincon\/files\/2024\/12\/IMG_7010-300x212.jpeg\" alt=\"\" width=\"300\" height=\"212\"><\/a><a href=\"https:\/\/blogsaverroes.juntadeandalucia.es\/ceipgenarorincon\/files\/2024\/12\/IMG_7011.jpeg\"><img loading=\"lazy\" decoding=\"async\" class=\"alignnone size-medium wp-image-5768\" src=\"https:\/\/blogsaverroes.juntadeandalucia.es\/ceipgenarorincon\/files\/2024\/12\/IMG_7011-300x212.jpeg\" alt=\"\" width=\"300\" height=\"212\" srcset=\"https:\/\/blogsaverroes.juntadeandalucia.es\/ceipgenarorincon\/files\/2024\/12\/IMG_7011-300x212.jpeg 300w, https:\/\/blogsaverroes.juntadeandalucia.es\/ceipgenarorincon\/files\/2024\/12\/IMG_7011-1024x724.jpeg 1024w, https:\/\/blogsaverroes.juntadeandalucia.es\/ceipgenarorincon\/files\/2024\/12\/IMG_7011-768x543.jpeg 768w, https:\/\/blogsaverroes.juntadeandalucia.es\/ceipgenarorincon\/files\/2024\/12\/IMG_7011-1536x1086.jpeg 1536w, https:\/\/blogsaverroes.juntadeandalucia.es\/ceipgenarorincon\/files\/2024\/12\/IMG_7011-2048x1449.jpeg 2048w, https:\/\/blogsaverroes.juntadeandalucia.es\/ceipgenarorincon\/files\/2024\/12\/IMG_7011.jpeg 1600w\" sizes=\"(max-width: 300px) 100vw, 300px\" \/><\/a><\/p>\n<p>&nbsp;<\/p>\n<h1><span style=\"color: #993366\">CURSO 2022-2023<\/span><\/h1>\n<p><strong>Este Proyecto est\u00e1 coordinado por la maestra D\u00aa Cristina Solano Al\u00e1ez.&nbsp;<\/strong><\/p>\n<p>&nbsp;<\/p>\n<p>En el mes de diciembre lanzamos el III CONCURSO FOTOGR\u00c1FICO \u00bb JUGANDO IGUALES , SEREMOS IGUALES \u00ab.<\/p>\n<p><a href=\"https:\/\/blogsaverroes.juntadeandalucia.es\/ceipgenarorincon\/files\/2023\/01\/1.png\"><img loading=\"lazy\" decoding=\"async\" class=\" wp-image-5544 aligncenter\" src=\"https:\/\/blogsaverroes.juntadeandalucia.es\/ceipgenarorincon\/files\/2023\/01\/1-212x300.png\" alt=\"\" width=\"313\" height=\"443\" srcset=\"https:\/\/blogsaverroes.juntadeandalucia.es\/ceipgenarorincon\/files\/2023\/01\/1-212x300.png 212w, https:\/\/blogsaverroes.juntadeandalucia.es\/ceipgenarorincon\/files\/2023\/01\/1-724x1024.png 724w, https:\/\/blogsaverroes.juntadeandalucia.es\/ceipgenarorincon\/files\/2023\/01\/1-768x1086.png 768w, https:\/\/blogsaverroes.juntadeandalucia.es\/ceipgenarorincon\/files\/2023\/01\/1-1086x1536.png 1086w, https:\/\/blogsaverroes.juntadeandalucia.es\/ceipgenarorincon\/files\/2023\/01\/1-1448x2048.png 1448w, https:\/\/blogsaverroes.juntadeandalucia.es\/ceipgenarorincon\/files\/2023\/01\/1.png 1131w\" sizes=\"(max-width: 313px) 100vw, 313px\" \/><\/a><\/p>\n<h1><a href=\"https:\/\/blogsaverroes.juntadeandalucia.es\/ceipgenarorincon\/files\/2023\/01\/DIPLOMAS-DEFINITIVOS.pdf\">DIPLOMAS DEFINITIVOS<\/a><\/h1>\n<p>Aqu\u00ed pod\u00e9is ver a los ganadores y todos los participantes.&nbsp;<\/p>\n<h3 style=\"text-align: center\"><span style=\"color: #ff00ff\"><em>GRACIAS A LAS FAMILIAS POR PARTICIPAR.&nbsp;<\/em><\/span><\/h3>\n<p>&nbsp;<\/p>\n<h1>&nbsp;<\/h1>\n<h1>&nbsp;<\/h1>\n<h1>&nbsp;<\/h1>\n<h1>&nbsp;<\/h1>\n<h1>&nbsp;<\/h1>\n<h1>&nbsp;<\/h1>\n<h1>&nbsp;<\/h1>\n<h1 style=\"text-align: center\"><span style=\"color: #cc99ff\">CURSO 2021-2022<a href=\"https:\/\/blogsaverroes.juntadeandalucia.es\/ceipgenarorincon\/files\/2020\/04\/WhatsApp-Image-2020-04-09-at-19.46.25.jpeg\"><img loading=\"lazy\" decoding=\"async\" class=\"wp-image-2725 alignright\" src=\"https:\/\/blogsaverroes.juntadeandalucia.es\/ceipgenarorincon\/files\/2020\/04\/WhatsApp-Image-2020-04-09-at-19.46.25-150x300.jpeg\" alt=\"\" width=\"159\" height=\"318\" srcset=\"https:\/\/blogsaverroes.juntadeandalucia.es\/ceipgenarorincon\/files\/2020\/04\/WhatsApp-Image-2020-04-09-at-19.46.25-150x300.jpeg 150w, https:\/\/blogsaverroes.juntadeandalucia.es\/ceipgenarorincon\/files\/2020\/04\/WhatsApp-Image-2020-04-09-at-19.46.25-768x1536.jpeg 768w, https:\/\/blogsaverroes.juntadeandalucia.es\/ceipgenarorincon\/files\/2020\/04\/WhatsApp-Image-2020-04-09-at-19.46.25-512x1024.jpeg 512w, https:\/\/blogsaverroes.juntadeandalucia.es\/ceipgenarorincon\/files\/2020\/04\/WhatsApp-Image-2020-04-09-at-19.46.25-12x24.jpeg 12w, https:\/\/blogsaverroes.juntadeandalucia.es\/ceipgenarorincon\/files\/2020\/04\/WhatsApp-Image-2020-04-09-at-19.46.25-18x36.jpeg 18w, https:\/\/blogsaverroes.juntadeandalucia.es\/ceipgenarorincon\/files\/2020\/04\/WhatsApp-Image-2020-04-09-at-19.46.25-24x48.jpeg 24w, https:\/\/blogsaverroes.juntadeandalucia.es\/ceipgenarorincon\/files\/2020\/04\/WhatsApp-Image-2020-04-09-at-19.46.25.jpeg 800w\" sizes=\"(max-width: 159px) 100vw, 159px\" \/><\/a><\/span><\/h1>\n<p>Este Proyecto est\u00e1 coordinado por la maestra <strong>D\u00aa Juana Mu\u00f1oz T\u00e9llez<\/strong><\/p>\n<p>&nbsp;<\/p>\n<p><a href=\"https:\/\/blogsaverroes.juntadeandalucia.es\/ceipgenarorincon\/files\/2021\/11\/PLAN-DE-IGUALDAD_2021-2022.docx.pdf\">PLAN DE IGUALDAD_2021-2022.docx<\/a><\/p>\n<p>&nbsp;<\/p>\n<p>&nbsp;<\/p>\n<h2>&nbsp;<\/h2>\n<h2>&nbsp;<\/h2>\n<h2><span style=\"color: #cc99ff\"><strong>25 DE NOVIEMBRE, DIA INTERNACIONAL CONTRA LA VIOLENCIA HACIA LAS MUJERES<\/strong><\/span><\/h2>\n<p>Dentro del Plan de Igualdad se han programado varias actividades para la celebraci\u00f3n del D\u00eda contra la violencia hacia las mujeres. La coordinadora Do\u00f1a Juanita Mu\u00f1oz, ha planificado todos los trabajos que se&nbsp; han realizado.<\/p>\n<p>Han elaborado banderines con frases alusivas y est\u00e1n decorando la entrada del colegio. Adem\u00e1s se ha realizado un acto en las pistas donde el alumnado de secundaria han le\u00eddo un manifiesto alegando la igualdad entre hombres y mujeres.&nbsp;<\/p>\n<p style=\"background: white;vertical-align: baseline;margin: 3.0pt 0cm 9.0pt 0cm\"><span style=\"font-size: 11.5pt;font-family: 'Arial',sans-serif;color: #303030\">El alumnado de infantil ha hecho fotograf\u00edas en blanco y negro actitudes negativas, y en color las positivas a favor de la igualdad.&nbsp;<\/span><\/p>\n<p><a href=\"https:\/\/blogsaverroes.juntadeandalucia.es\/ceipgenarorincon\/files\/2022\/04\/pi.jpg\"><img loading=\"lazy\" decoding=\"async\" class=\"alignnone size-medium wp-image-5319\" src=\"https:\/\/blogsaverroes.juntadeandalucia.es\/ceipgenarorincon\/files\/2022\/04\/pi-300x300.jpg\" alt=\"\" width=\"300\" height=\"300\" srcset=\"https:\/\/blogsaverroes.juntadeandalucia.es\/ceipgenarorincon\/files\/2022\/04\/pi-300x300.jpg 300w, https:\/\/blogsaverroes.juntadeandalucia.es\/ceipgenarorincon\/files\/2022\/04\/pi-1024x1024.jpg 1024w, https:\/\/blogsaverroes.juntadeandalucia.es\/ceipgenarorincon\/files\/2022\/04\/pi-150x150.jpg 150w, https:\/\/blogsaverroes.juntadeandalucia.es\/ceipgenarorincon\/files\/2022\/04\/pi-768x768.jpg 768w, https:\/\/blogsaverroes.juntadeandalucia.es\/ceipgenarorincon\/files\/2022\/04\/pi.jpg 1080w\" sizes=\"(max-width: 300px) 100vw, 300px\" \/><\/a> <a href=\"https:\/\/blogsaverroes.juntadeandalucia.es\/ceipgenarorincon\/files\/2022\/04\/ppp.jpg\"><img loading=\"lazy\" decoding=\"async\" class=\"alignnone size-medium wp-image-5318\" src=\"https:\/\/blogsaverroes.juntadeandalucia.es\/ceipgenarorincon\/files\/2022\/04\/ppp-300x204.jpg\" alt=\"\" width=\"300\" height=\"204\" srcset=\"https:\/\/blogsaverroes.juntadeandalucia.es\/ceipgenarorincon\/files\/2022\/04\/ppp-300x204.jpg 300w, https:\/\/blogsaverroes.juntadeandalucia.es\/ceipgenarorincon\/files\/2022\/04\/ppp-1024x695.jpg 1024w, https:\/\/blogsaverroes.juntadeandalucia.es\/ceipgenarorincon\/files\/2022\/04\/ppp-768x521.jpg 768w, https:\/\/blogsaverroes.juntadeandalucia.es\/ceipgenarorincon\/files\/2022\/04\/ppp-474x324.jpg 474w, https:\/\/blogsaverroes.juntadeandalucia.es\/ceipgenarorincon\/files\/2022\/04\/ppp.jpg 1484w\" sizes=\"(max-width: 300px) 100vw, 300px\" \/><\/a> <a href=\"https:\/\/blogsaverroes.juntadeandalucia.es\/ceipgenarorincon\/files\/2022\/04\/ppppp.jpg\"><img loading=\"lazy\" decoding=\"async\" class=\"alignnone size-medium wp-image-5317\" src=\"https:\/\/blogsaverroes.juntadeandalucia.es\/ceipgenarorincon\/files\/2022\/04\/ppppp-300x260.jpg\" alt=\"\" width=\"300\" height=\"260\" srcset=\"https:\/\/blogsaverroes.juntadeandalucia.es\/ceipgenarorincon\/files\/2022\/04\/ppppp-300x260.jpg 300w, https:\/\/blogsaverroes.juntadeandalucia.es\/ceipgenarorincon\/files\/2022\/04\/ppppp-1024x888.jpg 1024w, https:\/\/blogsaverroes.juntadeandalucia.es\/ceipgenarorincon\/files\/2022\/04\/ppppp-768x666.jpg 768w, https:\/\/blogsaverroes.juntadeandalucia.es\/ceipgenarorincon\/files\/2022\/04\/ppppp-1536x1332.jpg 1536w, https:\/\/blogsaverroes.juntadeandalucia.es\/ceipgenarorincon\/files\/2022\/04\/ppppp.jpg 1600w\" sizes=\"(max-width: 300px) 100vw, 300px\" \/><\/a> <a href=\"https:\/\/blogsaverroes.juntadeandalucia.es\/ceipgenarorincon\/files\/2022\/04\/iiiiooo.jpg\"><img loading=\"lazy\" decoding=\"async\" class=\"alignnone size-medium wp-image-5316\" src=\"https:\/\/blogsaverroes.juntadeandalucia.es\/ceipgenarorincon\/files\/2022\/04\/iiiiooo-300x300.jpg\" alt=\"\" width=\"300\" height=\"300\" srcset=\"https:\/\/blogsaverroes.juntadeandalucia.es\/ceipgenarorincon\/files\/2022\/04\/iiiiooo-300x300.jpg 300w, https:\/\/blogsaverroes.juntadeandalucia.es\/ceipgenarorincon\/files\/2022\/04\/iiiiooo-1024x1024.jpg 1024w, https:\/\/blogsaverroes.juntadeandalucia.es\/ceipgenarorincon\/files\/2022\/04\/iiiiooo-150x150.jpg 150w, https:\/\/blogsaverroes.juntadeandalucia.es\/ceipgenarorincon\/files\/2022\/04\/iiiiooo-768x768.jpg 768w, https:\/\/blogsaverroes.juntadeandalucia.es\/ceipgenarorincon\/files\/2022\/04\/iiiiooo.jpg 1080w\" sizes=\"(max-width: 300px) 100vw, 300px\" \/><\/a> <a href=\"https:\/\/blogsaverroes.juntadeandalucia.es\/ceipgenarorincon\/files\/2022\/04\/ppppa.jpg\"><img loading=\"lazy\" decoding=\"async\" class=\" wp-image-5315 aligncenter\" src=\"https:\/\/blogsaverroes.juntadeandalucia.es\/ceipgenarorincon\/files\/2022\/04\/ppppa-300x169.jpg\" alt=\"\" width=\"465\" height=\"262\" srcset=\"https:\/\/blogsaverroes.juntadeandalucia.es\/ceipgenarorincon\/files\/2022\/04\/ppppa-300x169.jpg 300w, https:\/\/blogsaverroes.juntadeandalucia.es\/ceipgenarorincon\/files\/2022\/04\/ppppa-1024x577.jpg 1024w, https:\/\/blogsaverroes.juntadeandalucia.es\/ceipgenarorincon\/files\/2022\/04\/ppppa-768x432.jpg 768w, https:\/\/blogsaverroes.juntadeandalucia.es\/ceipgenarorincon\/files\/2022\/04\/ppppa-1536x865.jpg 1536w, https:\/\/blogsaverroes.juntadeandalucia.es\/ceipgenarorincon\/files\/2022\/04\/ppppa.jpg 1600w\" sizes=\"(max-width: 465px) 100vw, 465px\" \/><\/a><\/p>\n<p>&nbsp;<\/p>\n<p>&nbsp;<\/p>\n<h2>II CONCURSO DE FOTOGRAF\u00cdA EN EL GENARO<\/h2>\n<p>&nbsp;<\/p>\n<blockquote><p><strong><em><span style=\"color: #ff00ff\">\u00abLOS JUGUETES NO TIENEN G\u00c9NERO PORQUE JUGAMOS TODOS\u00bb<\/span><\/em><\/strong><\/p><\/blockquote>\n<p style=\"background: white;vertical-align: baseline;margin: 3.0pt 0cm 9.0pt 0cm\"><span style=\"font-size: 11.5pt;font-family: 'Arial',sans-serif;color: #303030\">\u00abLos juguetes no tienen g\u00e9nero\u00bb<\/span><\/p>\n<p style=\"background: white;vertical-align: baseline;text-align: start;margin: 3.0pt 0cm 9.0pt 0cm\"><span style=\"font-size: 11.5pt;font-family: 'Arial',sans-serif;color: #303030\">En esta \u00e9poca prenavide\u00f1a,&nbsp; volvemos a lanzar el II CONCURSO DE FOTOGRAF\u00cdA enmarcado dentro del Plan de Igualdad. Se trata de involucrar a las familias y concienciarlas sobre la compra de regalos no sexista para estas fiestas venideras.&nbsp;<\/span><\/p>\n<p style=\"background: white;vertical-align: baseline;text-align: start;margin: 3.0pt 0cm 9.0pt 0cm\"><span style=\"font-size: 11.5pt;font-family: 'Arial',sans-serif;color: #303030\">Los juguetes no tienen sexo, todos y todas pueden jugar, disfrutar y&nbsp; emocionarse con ellos.<\/span><\/p>\n<p style=\"background: white;vertical-align: baseline;text-align: start;margin: 3.0pt 0cm 9.0pt 0cm\"><span style=\"font-size: 11.5pt;font-family: 'Arial',sans-serif;color: #303030\">En el siguiente enlace podr\u00e9is encontrar las bases.<\/span><\/p>\n<p style=\"background: white;vertical-align: baseline;text-align: start;margin: 3.0pt 0cm 9.0pt 0cm\"><span style=\"font-size: 11.5pt;font-family: 'Arial',sans-serif;color: #303030\">Os animamos a que particip\u00e9is con vuestros hijos e hijas.&nbsp;<\/span><\/p>\n<p><a href=\"https:\/\/blogsaverroes.juntadeandalucia.es\/ceipgenarorincon\/files\/2021\/12\/Bases-del-II-concurso-de-fotograf\u00eda-.pdf\">Bases-del-II-concurso-de-fotograf\u00eda-<\/a><\/p>\n<p>&nbsp;<\/p>\n<p><a href=\"https:\/\/blogsaverroes.juntadeandalucia.es\/ceipgenarorincon\/files\/2021\/12\/Concurso-Fotogra\u0301fico-igualdad.png\"><img loading=\"lazy\" decoding=\"async\" class=\" wp-image-5017 aligncenter\" src=\"https:\/\/blogsaverroes.juntadeandalucia.es\/ceipgenarorincon\/files\/2021\/12\/Concurso-Fotogra\u0301fico-igualdad-212x300.png\" alt=\"\" width=\"409\" height=\"579\" srcset=\"https:\/\/blogsaverroes.juntadeandalucia.es\/ceipgenarorincon\/files\/2021\/12\/Concurso-Fotogra\u0301fico-igualdad-212x300.png 212w, https:\/\/blogsaverroes.juntadeandalucia.es\/ceipgenarorincon\/files\/2021\/12\/Concurso-Fotogra\u0301fico-igualdad.png 452w\" sizes=\"(max-width: 409px) 100vw, 409px\" \/><\/a><\/p>\n<p>&nbsp;<\/p>\n<p>&nbsp;<\/p>\n<p>&nbsp;<\/p>\n<p><a href=\"https:\/\/blogsaverroes.juntadeandalucia.es\/ceipgenarorincon\/files\/2021\/12\/Bases-del-II-concurso-de-fotograf%C3%ADa-.pdf\">Bases-del-II-concurso-de-fotograf\u00eda-<\/a><\/p>\n<p><a href=\"https:\/\/blogsaverroes.juntadeandalucia.es\/ceipgenarorincon\/files\/2021\/12\/PREMIO-UNATABLET.png\"><img loading=\"lazy\" decoding=\"async\" class=\" wp-image-4922 aligncenter\" src=\"https:\/\/blogsaverroes.juntadeandalucia.es\/ceipgenarorincon\/files\/2021\/12\/PREMIO-UNATABLET-212x300.png\" alt=\"\" width=\"268\" height=\"379\" srcset=\"https:\/\/blogsaverroes.juntadeandalucia.es\/ceipgenarorincon\/files\/2021\/12\/PREMIO-UNATABLET-212x300.png 212w, https:\/\/blogsaverroes.juntadeandalucia.es\/ceipgenarorincon\/files\/2021\/12\/PREMIO-UNATABLET-724x1024.png 724w, https:\/\/blogsaverroes.juntadeandalucia.es\/ceipgenarorincon\/files\/2021\/12\/PREMIO-UNATABLET-768x1086.png 768w, https:\/\/blogsaverroes.juntadeandalucia.es\/ceipgenarorincon\/files\/2021\/12\/PREMIO-UNATABLET-1086x1536.png 1086w, https:\/\/blogsaverroes.juntadeandalucia.es\/ceipgenarorincon\/files\/2021\/12\/PREMIO-UNATABLET-1448x2048.png 1448w, https:\/\/blogsaverroes.juntadeandalucia.es\/ceipgenarorincon\/files\/2021\/12\/PREMIO-UNATABLET.png 1131w\" sizes=\"(max-width: 268px) 100vw, 268px\" \/><\/a><\/p>\n<h2 style=\"text-align: center\">Gracias por tu participaci\u00f3n<\/h2>\n<p><a href=\"https:\/\/blogsaverroes.juntadeandalucia.es\/ceipgenarorincon\/files\/2021\/12\/Adriana-Arillo-Rivas.jpeg\"><img loading=\"lazy\" decoding=\"async\" class=\"alignnone size-medium wp-image-4980\" src=\"https:\/\/blogsaverroes.juntadeandalucia.es\/ceipgenarorincon\/files\/2021\/12\/Adriana-Arillo-Rivas-142x300.jpeg\" alt=\"\" width=\"142\" height=\"300\" srcset=\"https:\/\/blogsaverroes.juntadeandalucia.es\/ceipgenarorincon\/files\/2021\/12\/Adriana-Arillo-Rivas-142x300.jpeg 142w, https:\/\/blogsaverroes.juntadeandalucia.es\/ceipgenarorincon\/files\/2021\/12\/Adriana-Arillo-Rivas-485x1024.jpeg 485w, https:\/\/blogsaverroes.juntadeandalucia.es\/ceipgenarorincon\/files\/2021\/12\/Adriana-Arillo-Rivas-768x1623.jpeg 768w, https:\/\/blogsaverroes.juntadeandalucia.es\/ceipgenarorincon\/files\/2021\/12\/Adriana-Arillo-Rivas-727x1536.jpeg 727w, https:\/\/blogsaverroes.juntadeandalucia.es\/ceipgenarorincon\/files\/2021\/12\/Adriana-Arillo-Rivas.jpeg 757w\" sizes=\"(max-width: 142px) 100vw, 142px\" \/><\/a>&nbsp;<a href=\"https:\/\/blogsaverroes.juntadeandalucia.es\/ceipgenarorincon\/files\/2021\/12\/Agustin-Luc%C3%ADa-y-Carla-Garcia-Martinez.jpeg\"><img loading=\"lazy\" decoding=\"async\" class=\"alignnone size-medium wp-image-4981\" src=\"https:\/\/blogsaverroes.juntadeandalucia.es\/ceipgenarorincon\/files\/2021\/12\/Agustin-Luc%C3%ADa-y-Carla-Garcia-Martinez-225x300.jpeg\" alt=\"\" width=\"225\" height=\"300\"><\/a>&nbsp;<a href=\"https:\/\/blogsaverroes.juntadeandalucia.es\/ceipgenarorincon\/files\/2021\/12\/Ana-Quintana-Ramos-1%C2%BA-Primaria.jpeg\"><img loading=\"lazy\" decoding=\"async\" class=\"alignnone size-medium wp-image-4982\" src=\"https:\/\/blogsaverroes.juntadeandalucia.es\/ceipgenarorincon\/files\/2021\/12\/Ana-Quintana-Ramos-1%C2%BA-Primaria-300x167.jpeg\" alt=\"\" width=\"300\" height=\"167\"><\/a>&nbsp;<a href=\"https:\/\/blogsaverroes.juntadeandalucia.es\/ceipgenarorincon\/files\/2021\/12\/Andy-S%C3%A1nchez-Mart%C3%ADn-4-A%C3%B1os-B.jpeg\"><img loading=\"lazy\" decoding=\"async\" class=\"alignnone size-medium wp-image-4983\" src=\"https:\/\/blogsaverroes.juntadeandalucia.es\/ceipgenarorincon\/files\/2021\/12\/Andy-S%C3%A1nchez-Mart%C3%ADn-4-A%C3%B1os-B-225x300.jpeg\" alt=\"\" width=\"225\" height=\"300\"><\/a>&nbsp;<a href=\"https:\/\/blogsaverroes.juntadeandalucia.es\/ceipgenarorincon\/files\/2021\/12\/Ariadna-Carballo-Vallejo-2.jpeg\"><img loading=\"lazy\" decoding=\"async\" class=\"alignnone size-medium wp-image-4984\" src=\"https:\/\/blogsaverroes.juntadeandalucia.es\/ceipgenarorincon\/files\/2021\/12\/Ariadna-Carballo-Vallejo-2-225x300.jpeg\" alt=\"\" width=\"225\" height=\"300\" srcset=\"https:\/\/blogsaverroes.juntadeandalucia.es\/ceipgenarorincon\/files\/2021\/12\/Ariadna-Carballo-Vallejo-2-225x300.jpeg 225w, https:\/\/blogsaverroes.juntadeandalucia.es\/ceipgenarorincon\/files\/2021\/12\/Ariadna-Carballo-Vallejo-2-768x1024.jpeg 768w, https:\/\/blogsaverroes.juntadeandalucia.es\/ceipgenarorincon\/files\/2021\/12\/Ariadna-Carballo-Vallejo-2-300x400.jpeg 300w, https:\/\/blogsaverroes.juntadeandalucia.es\/ceipgenarorincon\/files\/2021\/12\/Ariadna-Carballo-Vallejo-2-1152x1536.jpeg 1152w, https:\/\/blogsaverroes.juntadeandalucia.es\/ceipgenarorincon\/files\/2021\/12\/Ariadna-Carballo-Vallejo-2.jpeg 1200w\" sizes=\"(max-width: 225px) 100vw, 225px\" \/><\/a>&nbsp;<a href=\"https:\/\/blogsaverroes.juntadeandalucia.es\/ceipgenarorincon\/files\/2021\/12\/Ariadna-Carballo-Vallejo.jpeg\"><img loading=\"lazy\" decoding=\"async\" class=\"alignnone size-medium wp-image-4985\" src=\"https:\/\/blogsaverroes.juntadeandalucia.es\/ceipgenarorincon\/files\/2021\/12\/Ariadna-Carballo-Vallejo-225x300.jpeg\" alt=\"\" width=\"225\" height=\"300\" srcset=\"https:\/\/blogsaverroes.juntadeandalucia.es\/ceipgenarorincon\/files\/2021\/12\/Ariadna-Carballo-Vallejo-225x300.jpeg 225w, https:\/\/blogsaverroes.juntadeandalucia.es\/ceipgenarorincon\/files\/2021\/12\/Ariadna-Carballo-Vallejo-768x1024.jpeg 768w, https:\/\/blogsaverroes.juntadeandalucia.es\/ceipgenarorincon\/files\/2021\/12\/Ariadna-Carballo-Vallejo-300x400.jpeg 300w, https:\/\/blogsaverroes.juntadeandalucia.es\/ceipgenarorincon\/files\/2021\/12\/Ariadna-Carballo-Vallejo-1152x1536.jpeg 1152w, https:\/\/blogsaverroes.juntadeandalucia.es\/ceipgenarorincon\/files\/2021\/12\/Ariadna-Carballo-Vallejo.jpeg 1200w\" sizes=\"(max-width: 225px) 100vw, 225px\" \/><\/a>&nbsp;<a href=\"https:\/\/blogsaverroes.juntadeandalucia.es\/ceipgenarorincon\/files\/2021\/12\/Benicio-4-A%C3%B1os-A.jpeg\"><img loading=\"lazy\" decoding=\"async\" class=\"alignnone size-medium wp-image-4986\" src=\"https:\/\/blogsaverroes.juntadeandalucia.es\/ceipgenarorincon\/files\/2021\/12\/Benicio-4-A%C3%B1os-A-300x235.jpeg\" alt=\"\" width=\"300\" height=\"235\"><\/a>&nbsp;<a href=\"https:\/\/blogsaverroes.juntadeandalucia.es\/ceipgenarorincon\/files\/2021\/12\/Blanca-Arag%C3%B3n-Le%C3%B3n-5-A%C3%B1os-B.jpeg\"><img loading=\"lazy\" decoding=\"async\" class=\"alignnone size-medium wp-image-4987\" src=\"https:\/\/blogsaverroes.juntadeandalucia.es\/ceipgenarorincon\/files\/2021\/12\/Blanca-Arag%C3%B3n-Le%C3%B3n-5-A%C3%B1os-B-225x300.jpeg\" alt=\"\" width=\"225\" height=\"300\"><\/a>&nbsp;<a href=\"https:\/\/blogsaverroes.juntadeandalucia.es\/ceipgenarorincon\/files\/2021\/12\/Blanca-Ruiz-Arillo-4-A%C3%B1os-B.jpeg\"><img loading=\"lazy\" decoding=\"async\" class=\"alignnone size-medium wp-image-4988\" src=\"https:\/\/blogsaverroes.juntadeandalucia.es\/ceipgenarorincon\/files\/2021\/12\/Blanca-Ruiz-Arillo-4-A%C3%B1os-B-139x300.jpeg\" alt=\"\" width=\"139\" height=\"300\"><\/a>&nbsp;<a href=\"https:\/\/blogsaverroes.juntadeandalucia.es\/ceipgenarorincon\/files\/2021\/12\/Eugenia-Ruiz-Arillo.jpeg\"><img loading=\"lazy\" decoding=\"async\" class=\"alignnone size-medium wp-image-4989\" src=\"https:\/\/blogsaverroes.juntadeandalucia.es\/ceipgenarorincon\/files\/2021\/12\/Eugenia-Ruiz-Arillo-139x300.jpeg\" alt=\"\" width=\"139\" height=\"300\" srcset=\"https:\/\/blogsaverroes.juntadeandalucia.es\/ceipgenarorincon\/files\/2021\/12\/Eugenia-Ruiz-Arillo-139x300.jpeg 139w, https:\/\/blogsaverroes.juntadeandalucia.es\/ceipgenarorincon\/files\/2021\/12\/Eugenia-Ruiz-Arillo-473x1024.jpeg 473w, https:\/\/blogsaverroes.juntadeandalucia.es\/ceipgenarorincon\/files\/2021\/12\/Eugenia-Ruiz-Arillo-768x1663.jpeg 768w, https:\/\/blogsaverroes.juntadeandalucia.es\/ceipgenarorincon\/files\/2021\/12\/Eugenia-Ruiz-Arillo-709x1536.jpeg 709w, https:\/\/blogsaverroes.juntadeandalucia.es\/ceipgenarorincon\/files\/2021\/12\/Eugenia-Ruiz-Arillo.jpeg 739w\" sizes=\"(max-width: 139px) 100vw, 139px\" \/><\/a>&nbsp;<a href=\"https:\/\/blogsaverroes.juntadeandalucia.es\/ceipgenarorincon\/files\/2021\/12\/Eugenia-y-Javier-Ruiz-Arillo-1%C2%BA-Primaria.jpeg\"><img loading=\"lazy\" decoding=\"async\" class=\"alignnone size-medium wp-image-4990\" src=\"https:\/\/blogsaverroes.juntadeandalucia.es\/ceipgenarorincon\/files\/2021\/12\/Eugenia-y-Javier-Ruiz-Arillo-1%C2%BA-Primaria-139x300.jpeg\" alt=\"\" width=\"139\" height=\"300\"><\/a>&nbsp;<a href=\"https:\/\/blogsaverroes.juntadeandalucia.es\/ceipgenarorincon\/files\/2021\/12\/Irene-Bautista-Moreno-5-a%C3%B1os-A.jpeg\"><img loading=\"lazy\" decoding=\"async\" class=\"alignnone size-medium wp-image-4991\" src=\"https:\/\/blogsaverroes.juntadeandalucia.es\/ceipgenarorincon\/files\/2021\/12\/Irene-Bautista-Moreno-5-a%C3%B1os-A-300x231.jpeg\" alt=\"\" width=\"300\" height=\"231\"><\/a>&nbsp;<a href=\"https:\/\/blogsaverroes.juntadeandalucia.es\/ceipgenarorincon\/files\/2021\/12\/Isaac-Monta%C3%B1o-Betancur.jpeg\"><img loading=\"lazy\" decoding=\"async\" class=\"alignnone size-medium wp-image-4992\" src=\"https:\/\/blogsaverroes.juntadeandalucia.es\/ceipgenarorincon\/files\/2021\/12\/Isaac-Monta%C3%B1o-Betancur-240x300.jpeg\" alt=\"\" width=\"240\" height=\"300\"><\/a>&nbsp;<a href=\"https:\/\/blogsaverroes.juntadeandalucia.es\/ceipgenarorincon\/files\/2021\/12\/Javier-P%C3%A9rez-Rubio-2-3%C2%BA-A.jpeg\"><img loading=\"lazy\" decoding=\"async\" class=\"alignnone size-medium wp-image-4993\" src=\"https:\/\/blogsaverroes.juntadeandalucia.es\/ceipgenarorincon\/files\/2021\/12\/Javier-P%C3%A9rez-Rubio-2-3%C2%BA-A-169x300.jpeg\" alt=\"\" width=\"169\" height=\"300\"><\/a>&nbsp;<a href=\"https:\/\/blogsaverroes.juntadeandalucia.es\/ceipgenarorincon\/files\/2021\/12\/Javier-P%C3%A9rez-Rubio-3%C2%BA-A.jpeg\"><img loading=\"lazy\" decoding=\"async\" class=\"alignnone size-medium wp-image-4994\" src=\"https:\/\/blogsaverroes.juntadeandalucia.es\/ceipgenarorincon\/files\/2021\/12\/Javier-P%C3%A9rez-Rubio-3%C2%BA-A-169x300.jpeg\" alt=\"\" width=\"169\" height=\"300\"><\/a>&nbsp;<a href=\"https:\/\/blogsaverroes.juntadeandalucia.es\/ceipgenarorincon\/files\/2021\/12\/Leo-Salcedo-Checa-2%C2%BAB.jpeg\"><img loading=\"lazy\" decoding=\"async\" class=\"alignnone size-medium wp-image-4995\" src=\"https:\/\/blogsaverroes.juntadeandalucia.es\/ceipgenarorincon\/files\/2021\/12\/Leo-Salcedo-Checa-2%C2%BAB-225x300.jpeg\" alt=\"\" width=\"225\" height=\"300\"><\/a>&nbsp;<a href=\"https:\/\/blogsaverroes.juntadeandalucia.es\/ceipgenarorincon\/files\/2021\/12\/Lucas-Gil-Pend%C3%B3n-1%C2%BA.jpeg\"><img loading=\"lazy\" decoding=\"async\" class=\"alignnone size-medium wp-image-4996\" src=\"https:\/\/blogsaverroes.juntadeandalucia.es\/ceipgenarorincon\/files\/2021\/12\/Lucas-Gil-Pend%C3%B3n-1%C2%BA-225x300.jpeg\" alt=\"\" width=\"225\" height=\"300\"><\/a>&nbsp;<a href=\"https:\/\/blogsaverroes.juntadeandalucia.es\/ceipgenarorincon\/files\/2021\/12\/Lucas-R%C3%ADos-Capilla-1%C2%BA-B.jpeg\"><img loading=\"lazy\" decoding=\"async\" class=\"alignnone size-medium wp-image-4997\" src=\"https:\/\/blogsaverroes.juntadeandalucia.es\/ceipgenarorincon\/files\/2021\/12\/Lucas-R%C3%ADos-Capilla-1%C2%BA-B-300x225.jpeg\" alt=\"\" width=\"300\" height=\"225\"><\/a>&nbsp;<a href=\"https:\/\/blogsaverroes.juntadeandalucia.es\/ceipgenarorincon\/files\/2021\/12\/Lucas-y-Mario-Doblas-Navas.jpeg\"><img loading=\"lazy\" decoding=\"async\" class=\"alignnone size-medium wp-image-4998\" src=\"https:\/\/blogsaverroes.juntadeandalucia.es\/ceipgenarorincon\/files\/2021\/12\/Lucas-y-Mario-Doblas-Navas-300x242.jpeg\" alt=\"\" width=\"300\" height=\"242\" srcset=\"https:\/\/blogsaverroes.juntadeandalucia.es\/ceipgenarorincon\/files\/2021\/12\/Lucas-y-Mario-Doblas-Navas-300x242.jpeg 300w, https:\/\/blogsaverroes.juntadeandalucia.es\/ceipgenarorincon\/files\/2021\/12\/Lucas-y-Mario-Doblas-Navas-1024x825.jpeg 1024w, https:\/\/blogsaverroes.juntadeandalucia.es\/ceipgenarorincon\/files\/2021\/12\/Lucas-y-Mario-Doblas-Navas-768x619.jpeg 768w, https:\/\/blogsaverroes.juntadeandalucia.es\/ceipgenarorincon\/files\/2021\/12\/Lucas-y-Mario-Doblas-Navas-1536x1238.jpeg 1536w, https:\/\/blogsaverroes.juntadeandalucia.es\/ceipgenarorincon\/files\/2021\/12\/Lucas-y-Mario-Doblas-Navas.jpeg 1600w\" sizes=\"(max-width: 300px) 100vw, 300px\" \/><\/a>&nbsp;<a href=\"https:\/\/blogsaverroes.juntadeandalucia.es\/ceipgenarorincon\/files\/2021\/12\/Luc%C3%ADa-P%C3%A9rez-Rubio-2-2%C2%BAB.jpeg\"><img loading=\"lazy\" decoding=\"async\" class=\"alignnone size-medium wp-image-4999\" src=\"https:\/\/blogsaverroes.juntadeandalucia.es\/ceipgenarorincon\/files\/2021\/12\/Luc%C3%ADa-P%C3%A9rez-Rubio-2-2%C2%BAB-225x300.jpeg\" alt=\"\" width=\"225\" height=\"300\"><\/a>&nbsp;<a href=\"https:\/\/blogsaverroes.juntadeandalucia.es\/ceipgenarorincon\/files\/2021\/12\/Luc%C3%ADa-P%C3%A9rez-Rubio-2%C2%BAB.jpeg\"><img loading=\"lazy\" decoding=\"async\" class=\"alignnone size-medium wp-image-5000\" src=\"https:\/\/blogsaverroes.juntadeandalucia.es\/ceipgenarorincon\/files\/2021\/12\/Luc%C3%ADa-P%C3%A9rez-Rubio-2%C2%BAB-169x300.jpeg\" alt=\"\" width=\"169\" height=\"300\"><\/a>&nbsp;<a href=\"https:\/\/blogsaverroes.juntadeandalucia.es\/ceipgenarorincon\/files\/2021\/12\/Manuel-Rodr%C3%ADguez-Florido-2%C2%BA-B.jpeg\"><img loading=\"lazy\" decoding=\"async\" class=\"alignnone size-medium wp-image-5001\" src=\"https:\/\/blogsaverroes.juntadeandalucia.es\/ceipgenarorincon\/files\/2021\/12\/Manuel-Rodr%C3%ADguez-Florido-2%C2%BA-B-300x225.jpeg\" alt=\"\" width=\"300\" height=\"225\"><\/a>&nbsp;<a href=\"https:\/\/blogsaverroes.juntadeandalucia.es\/ceipgenarorincon\/files\/2021\/12\/MARTA-RUBIO-6%C2%BAA.jpeg\"><img loading=\"lazy\" decoding=\"async\" class=\"alignnone size-medium wp-image-5002\" src=\"https:\/\/blogsaverroes.juntadeandalucia.es\/ceipgenarorincon\/files\/2021\/12\/MARTA-RUBIO-6%C2%BAA-156x300.jpeg\" alt=\"\" width=\"156\" height=\"300\"><\/a>&nbsp;<a href=\"https:\/\/blogsaverroes.juntadeandalucia.es\/ceipgenarorincon\/files\/2021\/12\/Mart%C3%ADn-Rodr%C3%ADguez-Florido-2%C2%BA-B.jpeg\"><img loading=\"lazy\" decoding=\"async\" class=\"alignnone size-medium wp-image-5003\" src=\"https:\/\/blogsaverroes.juntadeandalucia.es\/ceipgenarorincon\/files\/2021\/12\/Mart%C3%ADn-Rodr%C3%ADguez-Florido-2%C2%BA-B-225x300.jpeg\" alt=\"\" width=\"225\" height=\"300\"><\/a>&nbsp;<a href=\"https:\/\/blogsaverroes.juntadeandalucia.es\/ceipgenarorincon\/files\/2021\/12\/Mart%C3%ADn-y-Mateo-Izquierdo-Cabanilla.jpeg\"><img loading=\"lazy\" decoding=\"async\" class=\"alignnone size-medium wp-image-5004\" src=\"https:\/\/blogsaverroes.juntadeandalucia.es\/ceipgenarorincon\/files\/2021\/12\/Mart%C3%ADn-y-Mateo-Izquierdo-Cabanilla-300x300.jpeg\" alt=\"\" width=\"300\" height=\"300\"><\/a>&nbsp;<a href=\"https:\/\/blogsaverroes.juntadeandalucia.es\/ceipgenarorincon\/files\/2021\/12\/Mireia-Fern%C3%A1dez-Trujillo-2.jpeg\"><img loading=\"lazy\" decoding=\"async\" class=\"alignnone size-medium wp-image-5005\" src=\"https:\/\/blogsaverroes.juntadeandalucia.es\/ceipgenarorincon\/files\/2021\/12\/Mireia-Fern%C3%A1dez-Trujillo-2-225x300.jpeg\" alt=\"\" width=\"225\" height=\"300\"><\/a>&nbsp;<a href=\"https:\/\/blogsaverroes.juntadeandalucia.es\/ceipgenarorincon\/files\/2021\/12\/Mireia-F%C3%A9rn%C3%A1ndez-Trujillo-3%C2%BA-A.jpeg\"><img loading=\"lazy\" decoding=\"async\" class=\"alignnone size-medium wp-image-5006\" src=\"https:\/\/blogsaverroes.juntadeandalucia.es\/ceipgenarorincon\/files\/2021\/12\/Mireia-F%C3%A9rn%C3%A1ndez-Trujillo-3%C2%BA-A-232x300.jpeg\" alt=\"\" width=\"232\" height=\"300\"><\/a>&nbsp;<a href=\"https:\/\/blogsaverroes.juntadeandalucia.es\/ceipgenarorincon\/files\/2021\/12\/PEDRO-FRANCISCO-GODOY-MARTIN-2%C2%BAA.jpeg\"><img loading=\"lazy\" decoding=\"async\" class=\"alignnone size-medium wp-image-5007\" src=\"https:\/\/blogsaverroes.juntadeandalucia.es\/ceipgenarorincon\/files\/2021\/12\/PEDRO-FRANCISCO-GODOY-MARTIN-2%C2%BAA-158x300.jpeg\" alt=\"\" width=\"158\" height=\"300\"><\/a>&nbsp;<a href=\"https:\/\/blogsaverroes.juntadeandalucia.es\/ceipgenarorincon\/files\/2021\/12\/PHOTO-2021-12-16-13-09-54.jpg\"><img loading=\"lazy\" decoding=\"async\" class=\"alignnone size-medium wp-image-5008\" src=\"https:\/\/blogsaverroes.juntadeandalucia.es\/ceipgenarorincon\/files\/2021\/12\/PHOTO-2021-12-16-13-09-54-225x300.jpg\" alt=\"\" width=\"225\" height=\"300\" srcset=\"https:\/\/blogsaverroes.juntadeandalucia.es\/ceipgenarorincon\/files\/2021\/12\/PHOTO-2021-12-16-13-09-54-225x300.jpg 225w, https:\/\/blogsaverroes.juntadeandalucia.es\/ceipgenarorincon\/files\/2021\/12\/PHOTO-2021-12-16-13-09-54-768x1024.jpg 768w, https:\/\/blogsaverroes.juntadeandalucia.es\/ceipgenarorincon\/files\/2021\/12\/PHOTO-2021-12-16-13-09-54-300x400.jpg 300w, https:\/\/blogsaverroes.juntadeandalucia.es\/ceipgenarorincon\/files\/2021\/12\/PHOTO-2021-12-16-13-09-54-1152x1536.jpg 1152w, https:\/\/blogsaverroes.juntadeandalucia.es\/ceipgenarorincon\/files\/2021\/12\/PHOTO-2021-12-16-13-09-54.jpg 1200w\" sizes=\"(max-width: 225px) 100vw, 225px\" \/><\/a>&nbsp;<a href=\"https:\/\/blogsaverroes.juntadeandalucia.es\/ceipgenarorincon\/files\/2021\/12\/PHOTO-2021-12-16-13-09-55.jpg\"><img loading=\"lazy\" decoding=\"async\" class=\"alignnone size-medium wp-image-5009\" src=\"https:\/\/blogsaverroes.juntadeandalucia.es\/ceipgenarorincon\/files\/2021\/12\/PHOTO-2021-12-16-13-09-55-225x300.jpg\" alt=\"\" width=\"225\" height=\"300\" srcset=\"https:\/\/blogsaverroes.juntadeandalucia.es\/ceipgenarorincon\/files\/2021\/12\/PHOTO-2021-12-16-13-09-55-225x300.jpg 225w, https:\/\/blogsaverroes.juntadeandalucia.es\/ceipgenarorincon\/files\/2021\/12\/PHOTO-2021-12-16-13-09-55-768x1024.jpg 768w, https:\/\/blogsaverroes.juntadeandalucia.es\/ceipgenarorincon\/files\/2021\/12\/PHOTO-2021-12-16-13-09-55-300x400.jpg 300w, https:\/\/blogsaverroes.juntadeandalucia.es\/ceipgenarorincon\/files\/2021\/12\/PHOTO-2021-12-16-13-09-55-1152x1536.jpg 1152w, https:\/\/blogsaverroes.juntadeandalucia.es\/ceipgenarorincon\/files\/2021\/12\/PHOTO-2021-12-16-13-09-55.jpg 1200w\" sizes=\"(max-width: 225px) 100vw, 225px\" \/><\/a>&nbsp;<a href=\"https:\/\/blogsaverroes.juntadeandalucia.es\/ceipgenarorincon\/files\/2021\/12\/PHOTO-2021-12-17-12-24-361.jpg\"><img loading=\"lazy\" decoding=\"async\" class=\"alignnone size-medium wp-image-5010\" src=\"https:\/\/blogsaverroes.juntadeandalucia.es\/ceipgenarorincon\/files\/2021\/12\/PHOTO-2021-12-17-12-24-361-300x190.jpg\" alt=\"\" width=\"300\" height=\"190\" srcset=\"https:\/\/blogsaverroes.juntadeandalucia.es\/ceipgenarorincon\/files\/2021\/12\/PHOTO-2021-12-17-12-24-361-300x190.jpg 300w, https:\/\/blogsaverroes.juntadeandalucia.es\/ceipgenarorincon\/files\/2021\/12\/PHOTO-2021-12-17-12-24-361-1024x648.jpg 1024w, https:\/\/blogsaverroes.juntadeandalucia.es\/ceipgenarorincon\/files\/2021\/12\/PHOTO-2021-12-17-12-24-361-768x486.jpg 768w, https:\/\/blogsaverroes.juntadeandalucia.es\/ceipgenarorincon\/files\/2021\/12\/PHOTO-2021-12-17-12-24-361-1536x972.jpg 1536w, https:\/\/blogsaverroes.juntadeandalucia.es\/ceipgenarorincon\/files\/2021\/12\/PHOTO-2021-12-17-12-24-361.jpg 1600w\" sizes=\"(max-width: 300px) 100vw, 300px\" \/><\/a>&nbsp;<a href=\"https:\/\/blogsaverroes.juntadeandalucia.es\/ceipgenarorincon\/files\/2021\/12\/PHOTO-2021-12-17-12-24-36.jpg\"><img loading=\"lazy\" decoding=\"async\" class=\"alignnone size-medium wp-image-5011\" src=\"https:\/\/blogsaverroes.juntadeandalucia.es\/ceipgenarorincon\/files\/2021\/12\/PHOTO-2021-12-17-12-24-36-169x300.jpg\" alt=\"\" width=\"169\" height=\"300\" srcset=\"https:\/\/blogsaverroes.juntadeandalucia.es\/ceipgenarorincon\/files\/2021\/12\/PHOTO-2021-12-17-12-24-36-169x300.jpg 169w, https:\/\/blogsaverroes.juntadeandalucia.es\/ceipgenarorincon\/files\/2021\/12\/PHOTO-2021-12-17-12-24-36-576x1024.jpg 576w, https:\/\/blogsaverroes.juntadeandalucia.es\/ceipgenarorincon\/files\/2021\/12\/PHOTO-2021-12-17-12-24-36-768x1365.jpg 768w, https:\/\/blogsaverroes.juntadeandalucia.es\/ceipgenarorincon\/files\/2021\/12\/PHOTO-2021-12-17-12-24-36-864x1536.jpg 864w, https:\/\/blogsaverroes.juntadeandalucia.es\/ceipgenarorincon\/files\/2021\/12\/PHOTO-2021-12-17-12-24-36.jpg 900w\" sizes=\"(max-width: 169px) 100vw, 169px\" \/><\/a>&nbsp;<a href=\"https:\/\/blogsaverroes.juntadeandalucia.es\/ceipgenarorincon\/files\/2021\/12\/Santiago-Arag%C3%B3n-Le%C3%B3n-4-A%C3%B1os-B.jpeg\"><img loading=\"lazy\" decoding=\"async\" class=\"alignnone size-medium wp-image-5012\" src=\"https:\/\/blogsaverroes.juntadeandalucia.es\/ceipgenarorincon\/files\/2021\/12\/Santiago-Arag%C3%B3n-Le%C3%B3n-4-A%C3%B1os-B-225x300.jpeg\" alt=\"\" width=\"225\" height=\"300\"><\/a><\/p>\n<p>&nbsp;<\/p>\n<p>&nbsp;<\/p>\n<p><a href=\"https:\/\/blogsaverroes.juntadeandalucia.es\/ceipgenarorincon\/files\/2021\/12\/Sara-Selene-Corcode-1%C2%BA-Primaria.jpeg\"><img loading=\"lazy\" decoding=\"async\" class=\"alignnone size-medium wp-image-5013\" src=\"https:\/\/blogsaverroes.juntadeandalucia.es\/ceipgenarorincon\/files\/2021\/12\/Sara-Selene-Corcode-1%C2%BA-Primaria-300x300.jpeg\" alt=\"\" width=\"300\" height=\"300\"><\/a>&nbsp;<a href=\"https:\/\/blogsaverroes.juntadeandalucia.es\/ceipgenarorincon\/files\/2021\/12\/WhatsApp-Image-2021-12-10-at-7.50.12-PM.jpeg\"><img loading=\"lazy\" decoding=\"async\" class=\"alignnone size-medium wp-image-5014\" src=\"https:\/\/blogsaverroes.juntadeandalucia.es\/ceipgenarorincon\/files\/2021\/12\/WhatsApp-Image-2021-12-10-at-7.50.12-PM-300x169.jpeg\" alt=\"\" width=\"300\" height=\"169\" srcset=\"https:\/\/blogsaverroes.juntadeandalucia.es\/ceipgenarorincon\/files\/2021\/12\/WhatsApp-Image-2021-12-10-at-7.50.12-PM-300x169.jpeg 300w, https:\/\/blogsaverroes.juntadeandalucia.es\/ceipgenarorincon\/files\/2021\/12\/WhatsApp-Image-2021-12-10-at-7.50.12-PM-1024x576.jpeg 1024w, https:\/\/blogsaverroes.juntadeandalucia.es\/ceipgenarorincon\/files\/2021\/12\/WhatsApp-Image-2021-12-10-at-7.50.12-PM-768x432.jpeg 768w, https:\/\/blogsaverroes.juntadeandalucia.es\/ceipgenarorincon\/files\/2021\/12\/WhatsApp-Image-2021-12-10-at-7.50.12-PM-1536x864.jpeg 1536w, https:\/\/blogsaverroes.juntadeandalucia.es\/ceipgenarorincon\/files\/2021\/12\/WhatsApp-Image-2021-12-10-at-7.50.12-PM.jpeg 1600w\" sizes=\"(max-width: 300px) 100vw, 300px\" \/><\/a>&nbsp;<a href=\"https:\/\/blogsaverroes.juntadeandalucia.es\/ceipgenarorincon\/files\/2021\/12\/WhatsApp-Image-2021-12-10-at-9.56.57-PM-1.jpeg\"><img loading=\"lazy\" decoding=\"async\" class=\"alignnone size-medium wp-image-5015\" src=\"https:\/\/blogsaverroes.juntadeandalucia.es\/ceipgenarorincon\/files\/2021\/12\/WhatsApp-Image-2021-12-10-at-9.56.57-PM-1-139x300.jpeg\" alt=\"\" width=\"139\" height=\"300\" srcset=\"https:\/\/blogsaverroes.juntadeandalucia.es\/ceipgenarorincon\/files\/2021\/12\/WhatsApp-Image-2021-12-10-at-9.56.57-PM-1-139x300.jpeg 139w, https:\/\/blogsaverroes.juntadeandalucia.es\/ceipgenarorincon\/files\/2021\/12\/WhatsApp-Image-2021-12-10-at-9.56.57-PM-1-473x1024.jpeg 473w, https:\/\/blogsaverroes.juntadeandalucia.es\/ceipgenarorincon\/files\/2021\/12\/WhatsApp-Image-2021-12-10-at-9.56.57-PM-1-768x1663.jpeg 768w, https:\/\/blogsaverroes.juntadeandalucia.es\/ceipgenarorincon\/files\/2021\/12\/WhatsApp-Image-2021-12-10-at-9.56.57-PM-1-709x1536.jpeg 709w, https:\/\/blogsaverroes.juntadeandalucia.es\/ceipgenarorincon\/files\/2021\/12\/WhatsApp-Image-2021-12-10-at-9.56.57-PM-1.jpeg 739w\" sizes=\"(max-width: 139px) 100vw, 139px\" \/><\/a><\/p>\n<p>&nbsp;<\/p>\n<h2 style=\"text-align: center\"><span style=\"color: #cc99ff\">8 DE MARZO D\u00cdA DE LA MUJER&nbsp;<\/span><\/h2>\n<p>Dentro del Plan de Igualdad seguimos realizando actividades para celebrar el <strong><span style=\"color: #cc99ff\">D\u00cdA DE LA MUJER.<\/span> <\/strong>Este a\u00f1o hemos sembrado \u00e1rboles violetas de igualdad.<\/p>\n<p><a href=\"https:\/\/blogsaverroes.juntadeandalucia.es\/ceipgenarorincon\/files\/2022\/04\/IIII.jpg\"><img loading=\"lazy\" decoding=\"async\" class=\"alignnone size-medium wp-image-5279\" src=\"https:\/\/blogsaverroes.juntadeandalucia.es\/ceipgenarorincon\/files\/2022\/04\/IIII-169x300.jpg\" alt=\"\" width=\"169\" height=\"300\" srcset=\"https:\/\/blogsaverroes.juntadeandalucia.es\/ceipgenarorincon\/files\/2022\/04\/IIII-169x300.jpg 169w, https:\/\/blogsaverroes.juntadeandalucia.es\/ceipgenarorincon\/files\/2022\/04\/IIII.jpg 540w\" sizes=\"(max-width: 169px) 100vw, 169px\" \/><\/a> <a href=\"https:\/\/blogsaverroes.juntadeandalucia.es\/ceipgenarorincon\/files\/2022\/04\/IIL.jpg\"><img loading=\"lazy\" decoding=\"async\" class=\"size-medium wp-image-5278 alignright\" src=\"https:\/\/blogsaverroes.juntadeandalucia.es\/ceipgenarorincon\/files\/2022\/04\/IIL-169x300.jpg\" alt=\"\" width=\"169\" height=\"300\" srcset=\"https:\/\/blogsaverroes.juntadeandalucia.es\/ceipgenarorincon\/files\/2022\/04\/IIL-169x300.jpg 169w, https:\/\/blogsaverroes.juntadeandalucia.es\/ceipgenarorincon\/files\/2022\/04\/IIL-576x1024.jpg 576w, https:\/\/blogsaverroes.juntadeandalucia.es\/ceipgenarorincon\/files\/2022\/04\/IIL-768x1366.jpg 768w, https:\/\/blogsaverroes.juntadeandalucia.es\/ceipgenarorincon\/files\/2022\/04\/IIL-864x1536.jpg 864w, https:\/\/blogsaverroes.juntadeandalucia.es\/ceipgenarorincon\/files\/2022\/04\/IIL.jpg 899w\" sizes=\"(max-width: 169px) 100vw, 169px\" \/><\/a><\/p>\n<p>&nbsp;<\/p>\n<h1 style=\"text-align: center\"><span style=\"color: #993366\">CURSOS ANTERIORES&nbsp;<\/span><\/h1>\n<p><a href=\"https:\/\/blogsaverroes.juntadeandalucia.es\/ceipgenarorincon\/files\/2020\/03\/plan-de-igualdad-2019-2020.pdf\" target=\"_blank\" rel=\"noopener noreferrer\">plan de igualdad <\/a><\/p>\n<p><a href=\"https:\/\/blogsaverroes.juntadeandalucia.es\/ceipgenarorincon\/files\/2020\/11\/Bases-del-I-concurso-de-fotograf\u00eda-.pdf\">Bases del I concurso de fotograf\u00eda<\/a><\/p>\n<p><a href=\"https:\/\/blogsaverroes.juntadeandalucia.es\/ceipgenarorincon\/files\/2020\/11\/Exposici\u00f3n-puertas-violetas.mp4\">Exposici\u00f3n puertas violetas<\/a><\/p>\n<div style=\"width: 480px;\" class=\"wp-video\"><!--[if lt IE 9]><script>document.createElement('video');<\/script><![endif]-->\n<video class=\"wp-video-shortcode\" id=\"video-2349-1\" width=\"480\" height=\"640\" preload=\"metadata\" controls=\"controls\"><source type=\"video\/mp4\" src=\"https:\/\/blogsaverroes.juntadeandalucia.es\/ceipgenarorincon\/files\/2020\/11\/V\u00eddeo-puertas-violetas.mp4?_=1\" \/><a href=\"https:\/\/blogsaverroes.juntadeandalucia.es\/ceipgenarorincon\/files\/2020\/11\/V\u00eddeo-puertas-violetas.mp4\">https:\/\/blogsaverroes.juntadeandalucia.es\/ceipgenarorincon\/files\/2020\/11\/V\u00eddeo-puertas-violetas.mp4<\/a><\/video><\/div>\n<p>&nbsp;<\/p>\n<p><span style=\"font-weight: 400\">A todas las clases se le entrega un diploma de participaci\u00f3n a modo de reconocimiento .<\/span><\/p>\n<p><span style=\"font-weight: 400\">En el&nbsp; enlace hay&nbsp; una peque\u00f1a representaci\u00f3n que se public\u00f3 en la p\u00e1gina de facebook y en la p\u00e1gina web del centro ,pues cada clase hizo una puerta violeta.&nbsp;<\/span><\/p>\n<p><a title=\"Puertas violetas\" href=\"https:\/\/www.facebook.com\/112467410123596\/posts\/404943954209 272\/?sfnsn=scwsp\">https:\/\/www.facebook.com\/112467410123596\/posts\/404943954209 272\/?sfnsn=scwsp<\/a><\/p>\n<p>&nbsp;<\/p>\n<p><span style=\"font-weight: 400\">Tambi\u00e9n adjuntamos&nbsp; el v\u00eddeo montaje que se realiz\u00f3 con las im\u00e1genes de todos los trabajos realizados por nuestro alumnado.&nbsp;<\/span><\/p>\n<p><span style=\"font-weight: 400\"><a title=\"Puertas violetas\" href=\"https:\/\/drive.google.com\/file\/d\/1SriDYO0vypTkYTir3zeeASyI29hMB Nlt\/view?usp=sharing\">https:\/\/drive.google.com\/file\/d\/1SriDYO0vypTkYTir3zeeASyI29hMB Nlt\/view?usp=sharing<\/a>&nbsp;<\/span><\/p>\n<p>&nbsp;<\/p>\n<h2 style=\"text-align: center\"><b>I CONCURSO de FOTOGRAF\u00cdA EN EL GENARO:<\/b><\/h2>\n<h2 style=\"text-align: center\"><b> \u201cLOS JUGUETES NO TIENEN G\u00c9NERO, PORQUE JUGAMOS <\/b><\/h2>\n<h2 style=\"text-align: center\"><b>TODOS Y TODAS\u201d&nbsp;<\/b><\/h2>\n<p><b>&nbsp;<\/b><span style=\"font-weight: 400\">Coincidiendo con la campa\u00f1a del juguete no sexista se presentan unas bases para el concurso que aparecer\u00e1n en la web del cole. Dicho concurso ir\u00e1 dirigido a todas las familias del cole.&nbsp;<\/span><\/p>\n<p><span style=\"font-weight: 400\">A todos los participantes se les hace entrega de un diploma de participaci\u00f3n .&nbsp;<\/span><\/p>\n<p><span style=\"font-weight: 400\">&nbsp;Hay un primer premio que consiste en <\/span><b>UNA TABLET y <\/b><span style=\"font-weight: 400\">un segundo y tercero consistente en material escolar.<\/span><\/p>\n<p>&nbsp;<\/p>\n<p><a href=\"https:\/\/blogsaverroes.juntadeandalucia.es\/ceipgenarorincon\/files\/2020\/11\/I-CONCURSO-DE-FOTOGRAF\u00cdA-EN-EL-GENARO-1.jpg\"><img loading=\"lazy\" decoding=\"async\" class=\"size-medium wp-image-3728 aligncenter\" src=\"https:\/\/blogsaverroes.juntadeandalucia.es\/ceipgenarorincon\/files\/2020\/11\/I-CONCURSO-DE-FOTOGRAF\u00cdA-EN-EL-GENARO-1-212x300.jpg\" alt=\"\" width=\"212\" height=\"300\" srcset=\"https:\/\/blogsaverroes.juntadeandalucia.es\/ceipgenarorincon\/files\/2020\/11\/I-CONCURSO-DE-FOTOGRAF\u00cdA-EN-EL-GENARO-1-212x300.jpg 212w, https:\/\/blogsaverroes.juntadeandalucia.es\/ceipgenarorincon\/files\/2020\/11\/I-CONCURSO-DE-FOTOGRAF\u00cdA-EN-EL-GENARO-1-724x1024.jpg 724w, https:\/\/blogsaverroes.juntadeandalucia.es\/ceipgenarorincon\/files\/2020\/11\/I-CONCURSO-DE-FOTOGRAF\u00cdA-EN-EL-GENARO-1-768x1086.jpg 768w, https:\/\/blogsaverroes.juntadeandalucia.es\/ceipgenarorincon\/files\/2020\/11\/I-CONCURSO-DE-FOTOGRAF\u00cdA-EN-EL-GENARO-1-1086x1536.jpg 1086w, https:\/\/blogsaverroes.juntadeandalucia.es\/ceipgenarorincon\/files\/2020\/11\/I-CONCURSO-DE-FOTOGRAF\u00cdA-EN-EL-GENARO-1-1448x2048.jpg 1448w, https:\/\/blogsaverroes.juntadeandalucia.es\/ceipgenarorincon\/files\/2020\/11\/I-CONCURSO-DE-FOTOGRAF\u00cdA-EN-EL-GENARO-1-17x24.jpg 17w, https:\/\/blogsaverroes.juntadeandalucia.es\/ceipgenarorincon\/files\/2020\/11\/I-CONCURSO-DE-FOTOGRAF\u00cdA-EN-EL-GENARO-1-25x36.jpg 25w, https:\/\/blogsaverroes.juntadeandalucia.es\/ceipgenarorincon\/files\/2020\/11\/I-CONCURSO-DE-FOTOGRAF\u00cdA-EN-EL-GENARO-1-34x48.jpg 34w, https:\/\/blogsaverroes.juntadeandalucia.es\/ceipgenarorincon\/files\/2020\/11\/I-CONCURSO-DE-FOTOGRAF\u00cdA-EN-EL-GENARO-1.jpg 1131w\" sizes=\"(max-width: 212px) 100vw, 212px\" \/><\/a><\/p>\n<p>&nbsp;<\/p>\n<p>&nbsp;<\/p>\n<blockquote>\n<p style=\"text-align: center\"><strong>NUESTROS GANADORES DEL CONCURSO DE FOTOGRAF\u00cdA&nbsp;<\/strong><\/p>\n<\/blockquote>\n<p><a href=\"https:\/\/blogsaverroes.juntadeandalucia.es\/ceipgenarorincon\/files\/2020\/12\/Cartel-premios-fotografia.png\"><img loading=\"lazy\" decoding=\"async\" class=\"wp-image-3883 aligncenter\" src=\"https:\/\/blogsaverroes.juntadeandalucia.es\/ceipgenarorincon\/files\/2020\/12\/Cartel-premios-fotografia-169x300.png\" alt=\"\" width=\"393\" height=\"697\" srcset=\"https:\/\/blogsaverroes.juntadeandalucia.es\/ceipgenarorincon\/files\/2020\/12\/Cartel-premios-fotografia-169x300.png 169w, https:\/\/blogsaverroes.juntadeandalucia.es\/ceipgenarorincon\/files\/2020\/12\/Cartel-premios-fotografia-14x24.png 14w, https:\/\/blogsaverroes.juntadeandalucia.es\/ceipgenarorincon\/files\/2020\/12\/Cartel-premios-fotografia-20x36.png 20w, https:\/\/blogsaverroes.juntadeandalucia.es\/ceipgenarorincon\/files\/2020\/12\/Cartel-premios-fotografia-27x48.png 27w\" sizes=\"(max-width: 393px) 100vw, 393px\" \/><\/a><\/p>\n<p>En la pesta\u00f1a de GALERIA, pod\u00e9is ver todas las fotos participantes.&nbsp;<\/p>\n<blockquote class=\"wp-embedded-content\" data-secret=\"uPn4PAwPMU\"><p><a href=\"https:\/\/blogsaverroes.juntadeandalucia.es\/ceipgenarorincon\/galeria\/\">Galeria<\/a><\/p><\/blockquote>\n<p><iframe class=\"wp-embedded-content\" sandbox=\"allow-scripts\" security=\"restricted\" style=\"position: absolute; clip: rect(1px, 1px, 1px, 1px);\" title=\"\u00abGaleria\u00bb \u2014 CEIP Maestro Genaro Rinc\u00f3n                                         (Caleta de V\u00e9lez)\" src=\"https:\/\/blogsaverroes.juntadeandalucia.es\/ceipgenarorincon\/galeria\/embed\/#?secret=tN2nToq1cr#?secret=uPn4PAwPMU\" data-secret=\"uPn4PAwPMU\" width=\"500\" height=\"282\" frameborder=\"0\" marginwidth=\"0\" marginheight=\"0\" scrolling=\"no\"><\/iframe><\/p>\n<ul>\n<li>\n<h2>CHARLA ON LINE&nbsp; GAME OVER &#8211; STOP MACHISMO&nbsp;<\/h2>\n<\/li>\n<\/ul>\n<p>El alumnado de 6\u00ba&nbsp; ha tenido la oportunidad de participar en una charla organizada por el Ayto de V\u00e9lez M\u00e1laga, y enmarcado dentro del Plan de Igualdad.<\/p>\n<h2><b>D\u00cdA DE LA PAZ&nbsp;<\/b><\/h2>\n<p><b>Wangari Maathai&nbsp;<\/b><\/p>\n<p><span style=\"font-weight: 400\">Se investiga sobre la figura de Wangari Maathai (Biograf\u00eda e importancia de su trabajo como mujer comprometida con el medio ambiente y con su cultura) a la que se le concede el Premio Nobel de la Paz.. Se realiza un mural en el segundo ciclo, un baile ,su retrato y una peque\u00f1a monograf\u00eda sobre esta mujer.<\/span><\/p>\n<p>&nbsp;<\/p>\n<p>&nbsp;<\/p>\n<p><b>Malala&nbsp;<\/b><\/p>\n<p><span style=\"font-weight: 400\">Se realizan distintas din\u00e1micas desde el \u00e1rea de Valores Sociales y C\u00edvicos sobre la importancia de la educaci\u00f3n, Y de como \u00e9sta no es un derecho en algunos pa\u00edses del mundo entre ni\u00f1os y ni\u00f1as de manera igualitaria. Se investiga sobre la figura el papel de Malala.<\/span><\/p>\n<h2><b>D\u00cdA DE LA MUJER Y LA NI\u00d1A EN LA CIENCIA.&nbsp;<\/b><\/h2>\n<p><span style=\"font-weight: 400\">Se le ofrecen al profesorado recursos de reflexi\u00f3n sobre esta efem\u00e9ride mediante v\u00eddeos y cuadernos de trabajo para que el alumnado realice distintas din\u00e1micas.&nbsp;<\/span><\/p>\n<p><span style=\"font-weight: 400\">Se hacen cuadernillos, murales y comecocos de mujeres cient\u00edficas<\/span><\/p>\n<p>&nbsp;<\/p>\n<h2><b>ACTIVIDADES 8-M&nbsp;<\/b><\/h2>\n<p><b>&nbsp;<\/b><span style=\"font-weight: 400\">Se realizar\u00e1 un mural colectivo a modo de puzzle en el que cada clase participa haciendo una pieza.<\/span><\/p>\n<p>&nbsp;<\/p>\n<p><img decoding=\"async\" class=\"aligncenter\" src=\"https:\/\/scontent-mad1-1.xx.fbcdn.net\/v\/t1.6435-0\/p180x540\/158378815_478944920142508_3265260665626992729_n.jpg?_nc_cat=101&amp;ccb=1-3&amp;_nc_sid=8bfeb9&amp;_nc_ohc=ybsGP4TaS38AX_tJRRQ&amp;_nc_ht=scontent-mad1-1.xx&amp;tp=6&amp;oh=f276bb0808338b1b0e23b4d44e21a3a3&amp;oe=60DBB4AF\" alt=\"No hay ninguna descripci\u00f3n de la foto disponible.\"><\/p>\n<p>&nbsp;<\/p>\n<h2><b>PRINCESAS AL PODER<\/b><\/h2>\n<p><span style=\"font-weight: 400\">Una de las maneras que tienen los valores patriarcales de perpetuarse es a trav\u00e9s de los cuentos tradicionales, especialmente a trav\u00e9s de los de princesas.&nbsp;<\/span><\/p>\n<p><span style=\"font-weight: 400\">La propuesta de trabajo es la lectura de un solo cuento de este libro por clase. Los m\u00e1s conocidos y populares ofrecen mayor oportunidad para el contraste y para lo que queremos conseguir que es hacer pensar al alumnado.&nbsp;<\/span><\/p>\n<p><span style=\"font-weight: 400\">&nbsp;Leyendo alguno de los cuentos de este libro descubriremos , por ejemplo, que Caperucita termin\u00f3 convertida en animalista y creando una fundaci\u00f3n contra la extinci\u00f3n del lobo. A partir de aqu\u00ed, reflexionaremos sobre el papel de los cuentos tradicionales: \u00bfQu\u00e9&nbsp;<\/span><span style=\"font-weight: 400\">hubiera pasado si Cenicienta se hubiera negado a probarse el zapato? \u00bfY si Blancanieves no hubiera querido limpiar la casa de los enanitos? Con todas esas reflexiones en la cabeza, el alumnado escribir\u00e1 otros finales para cuentos ya conocidos. Bajo el t\u00edtulo \u00ab\u00bfQu\u00e9 pasar\u00eda si\u2026?\u00bb, modificar\u00e1n su historia y su realidad para darnos otro punto de vista:<\/span><\/p>\n<p><span style=\"font-weight: 400\">Todos los cuentos escritos por el alumnado se expondr\u00e1n en los corchos de los pasillos.&nbsp;<\/span><\/p>\n<h3><b>Participaci\u00f3n del concurso que organiza <\/b><b>Aqualia en coordinaci\u00f3n con el Centro Municipal de<\/b> <b>Informaci\u00f3n a la Mujer del Ayuntamiento de<\/b> <b>V\u00e9lez-M\u00e1laga, con motivo del \u00ab<\/b><b><i>8 de Marzo, D\u00eda<\/i><\/b> <b><i>Internacional de la Mujer<\/i><\/b><b><i>\u00ab<\/i><\/b><span style=\"font-weight: 400\">. <\/span><\/h3>\n<p><span style=\"font-weight: 400\">Est\u00e1 destinado a todo el<\/span> <span style=\"font-weight: 400\">alumnado de Primero de Primaria de nuestro municipio. El<\/span> <span style=\"font-weight: 400\">alumnado decorar\u00e1 una mascarilla higi\u00e9nica con la t\u00e9cnica que<\/span> <span style=\"font-weight: 400\">ellos y ellas prefieran. Con un dibujo alusivo al d\u00eda y que promueva<\/span> <span style=\"font-weight: 400\">la igualdad de oportunidades entre mujeres y hombres.<\/span><span style=\"font-weight: 400\">&nbsp;<\/span><\/p>\n<h1 style=\"text-align: center\"><b>ACTIVIDADES A REALIZAR DURANTE TODO EL A\u00d1O. <\/b><\/h1>\n<p><b>Conjuntamente con el Plan de Biblioteca<\/b><span style=\"font-weight: 400\">:&nbsp;<\/span><\/p>\n<p><span style=\"font-weight: 400\">-Se construir\u00e1n unas CAJAS LECTORAS POR LA IGUALDAD . Ir\u00e1 de clase&nbsp; cajas ir\u00e1n de clase en clase para poder as\u00ed trabajar con los libros que el a\u00f1o pasado se compraron con la dotaci\u00f3n econ\u00f3mica que recibi\u00f3 el Plan.&nbsp;<\/span><\/p>\n<p><span style=\"font-weight: 400\">-A<\/span><b>udiolibros y video-lecturas coeducativas<\/b><span style=\"font-weight: 400\">, que se ir\u00e1n compartiendo a los docentes del centro a lo largo de todo el a\u00f1o<\/span><span style=\"font-weight: 400\">.<\/span><\/p>\n<p><span style=\"font-weight: 400\">&nbsp;En el curso pasado y este , el centro ha comprado algunos libros para hacernos con un fondo de lecturas coeductivas. Este curso debido a la Covid de forma conjunta con el Plan de Biblioteca, se han hecho dos cajas de lecturas para compartir por semanas .<\/span><\/p>\n<p><a href=\"https:\/\/blogsaverroes.juntadeandalucia.es\/ceipgenarorincon\/files\/2021\/03\/WhatsApp-Image-2021-03-16-at-10.22.40.jpeg\"><img loading=\"lazy\" decoding=\"async\" class=\"alignnone size-medium wp-image-4178\" src=\"https:\/\/blogsaverroes.juntadeandalucia.es\/ceipgenarorincon\/files\/2021\/03\/WhatsApp-Image-2021-03-16-at-10.22.40-300x154.jpeg\" alt=\"\" width=\"300\" height=\"154\" srcset=\"https:\/\/blogsaverroes.juntadeandalucia.es\/ceipgenarorincon\/files\/2021\/03\/WhatsApp-Image-2021-03-16-at-10.22.40-300x154.jpeg 300w, https:\/\/blogsaverroes.juntadeandalucia.es\/ceipgenarorincon\/files\/2021\/03\/WhatsApp-Image-2021-03-16-at-10.22.40-1024x525.jpeg 1024w, https:\/\/blogsaverroes.juntadeandalucia.es\/ceipgenarorincon\/files\/2021\/03\/WhatsApp-Image-2021-03-16-at-10.22.40-768x393.jpeg 768w, https:\/\/blogsaverroes.juntadeandalucia.es\/ceipgenarorincon\/files\/2021\/03\/WhatsApp-Image-2021-03-16-at-10.22.40-1536x787.jpeg 1536w, https:\/\/blogsaverroes.juntadeandalucia.es\/ceipgenarorincon\/files\/2021\/03\/WhatsApp-Image-2021-03-16-at-10.22.40.jpeg 1600w\" sizes=\"(max-width: 300px) 100vw, 300px\" \/><\/a><\/p>\n","protected":false},"excerpt":{"rendered":"<p>&nbsp; &nbsp; Como centro educativo p\u00fablico, enfocamos&nbsp; nuestra labor docente hacia la transmisi\u00f3n de una cultura y unos valores y formas de pensamiento que fomenten la igualdad real y el respeto mutuo entre personas,&#46;&#46;&#46;<\/p>\n","protected":false},"author":2037,"featured_media":0,"parent":0,"menu_order":0,"comment_status":"closed","ping_status":"closed","template":"","meta":{"ngg_post_thumbnail":0,"footnotes":"","_mc_calendar":[]},"aioseo_notices":[],"_links":{"self":[{"href":"https:\/\/blogsaverroes.juntadeandalucia.es\/ceipgenarorincon\/wp-json\/wp\/v2\/pages\/2349"}],"collection":[{"href":"https:\/\/blogsaverroes.juntadeandalucia.es\/ceipgenarorincon\/wp-json\/wp\/v2\/pages"}],"about":[{"href":"https:\/\/blogsaverroes.juntadeandalucia.es\/ceipgenarorincon\/wp-json\/wp\/v2\/types\/page"}],"author":[{"embeddable":true,"href":"https:\/\/blogsaverroes.juntadeandalucia.es\/ceipgenarorincon\/wp-json\/wp\/v2\/users\/2037"}],"replies":[{"embeddable":true,"href":"https:\/\/blogsaverroes.juntadeandalucia.es\/ceipgenarorincon\/wp-json\/wp\/v2\/comments?post=2349"}],"version-history":[{"count":27,"href":"https:\/\/blogsaverroes.juntadeandalucia.es\/ceipgenarorincon\/wp-json\/wp\/v2\/pages\/2349\/revisions"}],"predecessor-version":[{"id":5769,"href":"https:\/\/blogsaverroes.juntadeandalucia.es\/ceipgenarorincon\/wp-json\/wp\/v2\/pages\/2349\/revisions\/5769"}],"wp:attachment":[{"href":"https:\/\/blogsaverroes.juntadeandalucia.es\/ceipgenarorincon\/wp-json\/wp\/v2\/media?parent=2349"}],"curies":[{"name":"wp","href":"https:\/\/api.w.org\/{rel}","templated":true}]}}