{"id":2350,"date":"2020-03-10T12:08:02","date_gmt":"2020-03-10T12:08:02","guid":{"rendered":"https:\/\/blogsaverroes.juntadeandalucia.es\/ceipgenarorincon\/?page_id=2350"},"modified":"2023-02-15T12:35:54","modified_gmt":"2023-02-15T12:35:54","slug":"escuela-espacio-y-paz","status":"publish","type":"page","link":"https:\/\/blogsaverroes.juntadeandalucia.es\/ceipgenarorincon\/escuela-espacio-y-paz\/","title":{"rendered":"Escuela Espacio y Paz"},"content":{"rendered":"<p>&nbsp;<\/p>\n<blockquote>\n<h1 style=\"text-align: center\"><span style=\"color: #339966\">CURSO 2022-2023<\/span><\/h1>\n<h1 style=\"text-align: center\"><span style=\"color: #ff0000\">IV MARCHA SOLIDARIA&nbsp;<\/span><\/h1>\n<h1 style=\"text-align: center\"><span style=\"color: #ff0000\">CAMINA CONMIGO&nbsp;<\/span><\/h1>\n<p>Gran parte de la comunidad educativa ha realizado un v\u00eddeo promocionando el D\u00cdA DE LA PAZ,&nbsp; con m\u00fasico de R\u00cdO ROMA.&nbsp;<\/p>\n<p><a title=\"VIDEO DIA DE LA PAZ\" href=\"https:\/\/www.youtube.com\/watch?v=af81nCsHXLg\" target=\"_blank\" rel=\"noopener noreferrer\">VIDEO D\u00cdA DE LA PAZ<\/a><\/p>\n<p>&nbsp;<\/p>\n<p>Dentro de las actividades enmarcadas en el <strong>\u201cD\u00eda de la Paz\u201d<\/strong>, hemos programado y organizado la <strong>\u201cIV MARCHA SOLIDARIA POR LA PAZ CEIP MAESTRO GENARO RINC\u00d3N\u201d, <\/strong>la cual se celebrar\u00e1 el <strong>DOMINGO 29 DE ENERO &nbsp;de 2023<\/strong>, con la colaboraci\u00f3n del <strong>AMPA<\/strong>, <strong>Tenencia de Alcald\u00eda, AVOI y ADAPA.<\/strong><\/p>\n<p>Esta actividad constar\u00e1 de una caminata con salida y llegada al puerto de Caleta de V\u00e9lez, a su t\u00e9rmino podremos disfrutar de una jornada de convivencia toda la comunidad educativa, en la que tendremos paella gratis, barra, actividades de animaci\u00f3n , t\u00f3mbola solidaria, actuaciones etc. . Lo recaudado ir\u00e1 destinado a dos asociaciones: <strong>AVOI y ADAPA<\/strong>.<\/p>\n<p>Para participar debes adquirir un <strong>DORSAL SOLIDARIO<\/strong> el cual incluye <u>camiseta t\u00e9cnica, plato de paella y avituallamiento<\/u><strong>.<\/strong> Con el fin de que participe el mayor n\u00famero de personas posible se ha fijado un precio simb\u00f3lico de <strong>5\u20ac por dorsal.<\/strong> Tanto la hoja de pedido como el dinero de cada participante se entregar\u00e1n a los tutores\/as.<\/p>\n<p>A cada alumno se le va a entregar una hoja de recogida de n\u00famero de camisetas y talla (alumnos y sus&nbsp; familiares) que deber\u00e1 entregar junto al dinero a la <strong>mayor brevedad<\/strong> a su tutor\/a. Rogamos \u00fanicamente entreguen una hoja de pedido por familia.<\/p>\n<p>Como novedades tenemos una T\u00f3mbola Solidaria donde se rifar\u00e1n los distintos regalos donados por las empresas a dos euros el tiquet. Adem\u00e1s de la paella gratuita podremos degustar hamburguesas y montaditos a precios econ\u00f3micos.<\/p>\n<p>Tendremos diferentes&nbsp; talleres: pintacaras, pintacamisetas, globoflexia, etc. Habr\u00e1 tambi\u00e9n una muestra de baile moderno a cargo de la academia&nbsp; STYLE DANCE;&nbsp; entrenamiento f\u00edsico por parte de ENTR\u00c9NATE; espect\u00e1culo de magia; etc.&nbsp;<\/p>\n<p>El viernes 27 de 17 a 21 horas en los salones parroquiales de Caleta, llevaremos a cabo un <strong>MARAT\u00d3N DE DONACI\u00d3N DE SANGRE Y M\u00c9DULA \u00d3SEA<\/strong>. Todo el que acuda recibir\u00e1 un tiquet para la t\u00f3mbola solidaria.<\/p>\n<p>Esperamos poder superar el \u00e9xito alcanzado en las ediciones anteriores, as\u00ed que os animamos a que particip\u00e9is en la <strong>IV MARCHA SOLIDARIA CEIP MAESTRO GENARO RINC\u00d3N 2023.<\/strong><\/p>\n<p><strong>\u00a1\u00a1\u00a1\u00a1 CAMINA CONMIGO!!! <\/strong><strong><em>POR PAZ, POR RESPETO, POR CONVIVENCIA, POR SOLIDARIDAD, POR DEPORTE, POR AMISTAD, POR IGUALDAD, POR SUPERACI\u00d3N\u2026<\/em><\/strong><\/p>\n<p><strong>TODOS Y JUNTOS\u2026.SOMOS INVENCIBLES<\/strong><\/p>\n<p><img decoding=\"async\" class=\"aligncenter\" src=\"https:\/\/external-mad1-1.xx.fbcdn.net\/emg1\/v\/t13\/8610716050582606981?url=https%3A%2F%2Fstatic.wixstatic.com%2Fmedia%2F5e8080_ce7cc1dd53d3485ba8038ce65f233cb8%7Emv2.jpg%2Fv1%2Ffit%2Fw_1000%252Ch_1000%252Cal_c%252Cq_80%2Ffile.jpg&amp;fb_obo=1&amp;utld=wixstatic.com&amp;stp=c0.5000x0.5000f_dst-jpg_flffffff_p500x261_q75&amp;ccb=13-1&amp;oh=06_AbGpEZIsl6K0d4BakDktwzUDgIiIx1Vjj3c0DODnfUCaaA&amp;oe=63EE8DD8&amp;_nc_sid=7ca135\" alt=\"La Caleta espera volver a sobrepasar los 1.000 inscritos en su tradicional Carrera Solidaria\"><\/p>\n<p>&nbsp;<\/p>\n<p><a href=\"https:\/\/blogsaverroes.juntadeandalucia.es\/ceipgenarorincon\/files\/2023\/01\/CARTEL-MARCHA-SOLIDARIA_page-0001.jpg\"><img loading=\"lazy\" decoding=\"async\" class=\"alignnone size-medium wp-image-5553\" src=\"https:\/\/blogsaverroes.juntadeandalucia.es\/ceipgenarorincon\/files\/2023\/01\/CARTEL-MARCHA-SOLIDARIA_page-0001-208x300.jpg\" alt=\"\" width=\"208\" height=\"300\" srcset=\"https:\/\/blogsaverroes.juntadeandalucia.es\/ceipgenarorincon\/files\/2023\/01\/CARTEL-MARCHA-SOLIDARIA_page-0001-208x300.jpg 208w, https:\/\/blogsaverroes.juntadeandalucia.es\/ceipgenarorincon\/files\/2023\/01\/CARTEL-MARCHA-SOLIDARIA_page-0001-709x1024.jpg 709w, https:\/\/blogsaverroes.juntadeandalucia.es\/ceipgenarorincon\/files\/2023\/01\/CARTEL-MARCHA-SOLIDARIA_page-0001-768x1109.jpg 768w, https:\/\/blogsaverroes.juntadeandalucia.es\/ceipgenarorincon\/files\/2023\/01\/CARTEL-MARCHA-SOLIDARIA_page-0001-1063x1536.jpg 1063w, https:\/\/blogsaverroes.juntadeandalucia.es\/ceipgenarorincon\/files\/2023\/01\/CARTEL-MARCHA-SOLIDARIA_page-0001.jpg 1108w\" sizes=\"(max-width: 208px) 100vw, 208px\" \/><\/a><a href=\"https:\/\/blogsaverroes.juntadeandalucia.es\/ceipgenarorincon\/files\/2023\/01\/PHOTO-2023-01-23-16-56-17.jpg\"><img loading=\"lazy\" decoding=\"async\" class=\"size-medium wp-image-5554 alignright\" src=\"https:\/\/blogsaverroes.juntadeandalucia.es\/ceipgenarorincon\/files\/2023\/01\/PHOTO-2023-01-23-16-56-17-169x300.jpg\" alt=\"\" width=\"169\" height=\"300\" srcset=\"https:\/\/blogsaverroes.juntadeandalucia.es\/ceipgenarorincon\/files\/2023\/01\/PHOTO-2023-01-23-16-56-17-169x300.jpg 169w, https:\/\/blogsaverroes.juntadeandalucia.es\/ceipgenarorincon\/files\/2023\/01\/PHOTO-2023-01-23-16-56-17-576x1024.jpg 576w, https:\/\/blogsaverroes.juntadeandalucia.es\/ceipgenarorincon\/files\/2023\/01\/PHOTO-2023-01-23-16-56-17-768x1365.jpg 768w, https:\/\/blogsaverroes.juntadeandalucia.es\/ceipgenarorincon\/files\/2023\/01\/PHOTO-2023-01-23-16-56-17-864x1536.jpg 864w, https:\/\/blogsaverroes.juntadeandalucia.es\/ceipgenarorincon\/files\/2023\/01\/PHOTO-2023-01-23-16-56-17.jpg 900w\" sizes=\"(max-width: 169px) 100vw, 169px\" \/><\/a><\/p>\n<p>&nbsp;<\/p>\n<p>&nbsp;<\/p>\n<p>&nbsp;<\/p>\n<p><a title=\"VIDEO DONACI\u00d3N DE SANGRE\" href=\"https:\/\/fb.watch\/iIvTYG16gS\/\" target=\"_blank\" rel=\"noopener noreferrer\">VIDEO DONACI\u00d3N DE SANGRE<\/a><\/p>\n<p>&nbsp;<\/p>\n<p><strong>Entrevista sobre la IV Marcha Solidaria de alumnos de 2\u00ba Eso a Dulce (Directora) y Diego (Secretario)<\/strong><\/p>\n<!--[if lt IE 9]><script>document.createElement('audio');<\/script><![endif]-->\n<audio class=\"wp-audio-shortcode\" id=\"audio-2350-1\" preload=\"none\" style=\"width: 100%;\" controls=\"controls\"><source type=\"audio\/mpeg\" src=\"https:\/\/blogsaverroes.juntadeandalucia.es\/ceipgenarorincon\/files\/2023\/01\/Entrevista-IV-Marcha-Solidaria.mp3?_=1\" \/><a href=\"https:\/\/blogsaverroes.juntadeandalucia.es\/ceipgenarorincon\/files\/2023\/01\/Entrevista-IV-Marcha-Solidaria.mp3\">https:\/\/blogsaverroes.juntadeandalucia.es\/ceipgenarorincon\/files\/2023\/01\/Entrevista-IV-Marcha-Solidaria.mp3<\/a><\/audio>\n<p>En el siguiente enlace pod\u00e9is ver fotos del evento.&nbsp;<\/p>\n<p><a title=\"FOTOS MARCHA SOLIDARIA\" href=\"\\Users\\Usuario\\Downloads\\qrcode_www.facebook.com.png\" target=\"_blank\" rel=\"noopener noreferrer\">FOTOS IV MARCHA <\/a><\/p>\n<p>&nbsp;<\/p>\n<p>La comisi\u00f3n se la Marcha Solidaria se reuni\u00f3 la semana posterior, y tras analizar las dificultades encontradas, se hacen propuestas de mejora.&nbsp;<\/p>\n<p>La parte econ\u00f3mica ha quedado as\u00ed:<br \/>\nAPORTACI\u00d3N PARA AVOI<br \/>\n3500 euros<br \/>\nAPORTACI\u00d3N PARA ADAPA<br \/>\n1526,55 euros<\/p>\n<p>La campa\u00f1a de donaci\u00f3n de sangre se duplic\u00f3 y tambi\u00e9n hubo donaciones de m\u00e9dula \u00f3sea.&nbsp;<\/p>\n<p>Podemos estar muy contentos por esta campa\u00f1a solidaria!!!<\/p>\n<p><img loading=\"lazy\" decoding=\"async\" class=\"\" src=\"https:\/\/scontent-mad1-1.xx.fbcdn.net\/v\/t39.30808-6\/329631033_886982409293615_2658945221996884649_n.jpg?stp=dst-jpg_p600x600&amp;_nc_cat=103&amp;ccb=1-7&amp;_nc_sid=730e14&amp;_nc_ohc=TpJ2QZS5YvUAX93eXEz&amp;_nc_ht=scontent-mad1-1.xx&amp;oh=00_AfC0FY4C96GjaULZVTbDA_fOupcYhDVzmkZfe7RX-u9xgg&amp;oe=63F26BB1\" width=\"323\" height=\"323\"><img loading=\"lazy\" decoding=\"async\" class=\"alignright\" src=\"https:\/\/scontent-mad1-1.xx.fbcdn.net\/v\/t39.30808-6\/329384946_514525484035612_977310962639100331_n.jpg?stp=dst-jpg_p600x600&amp;_nc_cat=104&amp;ccb=1-7&amp;_nc_sid=730e14&amp;_nc_ohc=utOLi-gBLmoAX8zYnsP&amp;_nc_ht=scontent-mad1-1.xx&amp;oh=00_AfAFeKF3HpMw68ZMOY3ZBcALa1H6-LrOzmcxgEPQDZzrVg&amp;oe=63F0F3D0\" width=\"310\" height=\"310\"><\/p>\n<p>&nbsp;<\/p>\n<p><img loading=\"lazy\" decoding=\"async\" class=\"\" src=\"https:\/\/scontent-mad1-1.xx.fbcdn.net\/v\/t39.30808-6\/327977428_1294768907970506_4268737517219580956_n.jpg?stp=dst-jpg_p600x600&amp;_nc_cat=101&amp;ccb=1-7&amp;_nc_sid=730e14&amp;_nc_ohc=VJa889r6Z_gAX-1MXef&amp;_nc_ht=scontent-mad1-1.xx&amp;oh=00_AfCKUv7jiA0Km9EtQWmqXuBqNG6ROxoj-lyRFhfs-kURrw&amp;oe=63F1BAE6\" width=\"304\" height=\"304\"><img loading=\"lazy\" decoding=\"async\" class=\"alignright\" src=\"https:\/\/scontent-mad1-1.xx.fbcdn.net\/v\/t39.30808-6\/327579536_1576915039422617_4765171837461978826_n.jpg?_nc_cat=100&amp;ccb=1-7&amp;_nc_sid=730e14&amp;_nc_ohc=qy6zme1FiR4AX9-en1x&amp;_nc_ht=scontent-mad1-1.xx&amp;oh=00_AfBmociZVa1p14AhB3gafmCoR0lAaRkmIM8rEsV-rpt2HA&amp;oe=63F21BDB\" alt=\"Puede ser una imagen de 1 persona, de pie e interior\" width=\"297\" height=\"297\"><\/p>\n<p><img loading=\"lazy\" decoding=\"async\" class=\"\" src=\"https:\/\/scontent-mad1-1.xx.fbcdn.net\/v\/t39.30808-6\/327814184_720243302962209_8097736394232465721_n.jpg?_nc_cat=107&amp;ccb=1-7&amp;_nc_sid=730e14&amp;_nc_ohc=zhWW7wT-gh4AX80oUf1&amp;_nc_ht=scontent-mad1-1.xx&amp;oh=00_AfCPH-cm3JC7KezrPdy5He4uMQWd9odG8UpF4_gGUiGrmw&amp;oe=63F1BDC4\" alt=\"Puede ser una imagen de 7 personas, personas de pie y al aire libre\" width=\"326\" height=\"326\"><\/p><\/blockquote>\n<h2>&nbsp;<\/h2>\n<p style=\"text-align: center\"><span style=\"color: #ff6600\">\u00a1\u00a1\u00a1\u00a1 NUESTRA MARCHA SOLIDARIA SE HACE VIRAL \u00a1\u00a1\u00a1\u00a1<\/span><\/p>\n<p>&nbsp;<\/p>\n<p>&nbsp;<\/p>\n<p>&nbsp;<\/p>\n<blockquote>\n<h1 style=\"text-align: center\"><span style=\"color: #ff0000\">CURSO 2021-2022<\/span><\/h1>\n<\/blockquote>\n<p><strong>Como se &nbsp;expresa en el Plan Andaluz de Educaci\u00f3n para la Cultura de Paz y No violencia, \u201cno cabe duda que la educaci\u00f3n cumple un importante papel hacia el pleno desarrollo de la Cultura de Paz, caracterizada por la convivencia y la participaci\u00f3n y sostenida por los principios de libertad, justicia social, democracia, tolerancia y solidaridad, que rechaza la violencia, se dedica a prevenir los conflictos en sus ra\u00edces y busca soluciones positivas y alternativas a los grandes desaf\u00edos del mundo moderno\u201d.<\/strong><\/p>\n<p><strong>Por tanto, Nuestro Sistema Educativo tiene, entre otras finalidades, la formaci\u00f3n en el respeto de los derechos y libertades fundamentales y en el ejercicio de la tolerancia y de la libertad dentro de los principios democr\u00e1ticos de convivencia, la paz, la cooperaci\u00f3n y la solidaridad entre los pueblos.<\/strong><\/p>\n<p><strong>Un curso m\u00e1s, el proyecto Escuela: espacio de Paz forma parte de nuestro Proyecto Educativo implicando en sus procesos de participaci\u00f3n a toda la comunidad educativa, quedando comprometido profesorado del Centro a realizar todas las actividades propuestas que desarrollar\u00e1n dicho proyecto. Finalmente, no podemos concebir este proyecto al margen de los distintos Planes y Proyectos seguidos en el Centro.<\/strong><\/p>\n<p><a href=\"https:\/\/blogsaverroes.juntadeandalucia.es\/ceipgenarorincon\/files\/2021\/11\/Proyecto-Escuela-Espacio-de-Paz-2021-2022.pdf\">Proyecto Escuela Espacio de Paz 2021-2022<\/a><\/p>\n<p><a href=\"https:\/\/www.youtube.com\/watch?v=9waySGMZeXI\">VOY A INVENTARME UN CAMINO (V\u00eddeo)<\/a><\/p>\n<p>&nbsp;<\/p>\n<p><img decoding=\"async\" class=\"aligncenter\" src=\"https:\/\/scontent-mad1-1.xx.fbcdn.net\/v\/t1.6435-9\/c0.50.511.266a\/p417x417\/69016309_112473710122966_7238865247933562880_n.jpg?_nc_cat=108&amp;ccb=1-5&amp;_nc_sid=e3f864&amp;_nc_ohc=VkLw0gtSL4sAX_CgfDt&amp;tn=EQlAjCRpCGmljRXj&amp;_nc_ht=scontent-mad1-1.xx&amp;oh=8a70c4f3865610485533178df6bcfd98&amp;oe=61ADE65F\" alt=\"Ahora es m\u00e1s f\u00e1cil enviar mensajes a CEIP Maestro Genaro Rinc\u00f3n.\"><\/p>\n<p>&nbsp;<\/p>\n<h1 style=\"text-align: center\"><span style=\"color: #003300\">CURSOS ANTERIORES&nbsp;<\/span><\/h1>\n<p><a href=\"https:\/\/blogsaverroes.juntadeandalucia.es\/ceipgenarorincon\/files\/2020\/03\/Proyecto-Escuela-Espacio-de-Paz-2019-20202415.pdf\" target=\"_blank\" rel=\"noopener noreferrer\">Proyecto Escuela Espacio de Paz 2019-2020<\/a><\/p>\n<p><a href=\"https:\/\/blogsaverroes.juntadeandalucia.es\/ceipgenarorincon\/files\/2020\/05\/FICHA-DESCRIPTIVA-DE-LA-EXPERIENCIA-1.pdf\" target=\"_blank\" rel=\"noopener noreferrer\">FICHA DESCRIPTIVA DE LA EXPERIENCIA<\/a><\/p>\n<p><a href=\"https:\/\/blogsaverroes.juntadeandalucia.es\/ceipgenarorincon\/files\/2020\/05\/Relaci\u00f3n-de-Materiales.pdf\" target=\"_blank\" rel=\"noopener noreferrer\">Relaci\u00f3n de Materiales<\/a><\/p>\n","protected":false},"excerpt":{"rendered":"<p>&nbsp; CURSO 2022-2023 IV MARCHA SOLIDARIA&nbsp; CAMINA CONMIGO&nbsp; Gran parte de la comunidad educativa ha realizado un v\u00eddeo promocionando el D\u00cdA DE LA PAZ,&nbsp; con m\u00fasico de R\u00cdO ROMA.&nbsp; VIDEO D\u00cdA DE LA PAZ&#46;&#46;&#46;<\/p>\n","protected":false},"author":2037,"featured_media":0,"parent":0,"menu_order":0,"comment_status":"closed","ping_status":"closed","template":"","meta":{"ngg_post_thumbnail":0,"footnotes":"","_mc_calendar":[]},"aioseo_notices":[],"_links":{"self":[{"href":"https:\/\/blogsaverroes.juntadeandalucia.es\/ceipgenarorincon\/wp-json\/wp\/v2\/pages\/2350"}],"collection":[{"href":"https:\/\/blogsaverroes.juntadeandalucia.es\/ceipgenarorincon\/wp-json\/wp\/v2\/pages"}],"about":[{"href":"https:\/\/blogsaverroes.juntadeandalucia.es\/ceipgenarorincon\/wp-json\/wp\/v2\/types\/page"}],"author":[{"embeddable":true,"href":"https:\/\/blogsaverroes.juntadeandalucia.es\/ceipgenarorincon\/wp-json\/wp\/v2\/users\/2037"}],"replies":[{"embeddable":true,"href":"https:\/\/blogsaverroes.juntadeandalucia.es\/ceipgenarorincon\/wp-json\/wp\/v2\/comments?post=2350"}],"version-history":[{"count":17,"href":"https:\/\/blogsaverroes.juntadeandalucia.es\/ceipgenarorincon\/wp-json\/wp\/v2\/pages\/2350\/revisions"}],"predecessor-version":[{"id":5586,"href":"https:\/\/blogsaverroes.juntadeandalucia.es\/ceipgenarorincon\/wp-json\/wp\/v2\/pages\/2350\/revisions\/5586"}],"wp:attachment":[{"href":"https:\/\/blogsaverroes.juntadeandalucia.es\/ceipgenarorincon\/wp-json\/wp\/v2\/media?parent=2350"}],"curies":[{"name":"wp","href":"https:\/\/api.w.org\/{rel}","templated":true}]}}