{"id":2447,"date":"2020-03-13T17:55:09","date_gmt":"2020-03-13T17:55:09","guid":{"rendered":"https:\/\/blogsaverroes.juntadeandalucia.es\/ceipgenarorincon\/?page_id=2447"},"modified":"2022-06-01T07:35:31","modified_gmt":"2022-06-01T07:35:31","slug":"admision","status":"publish","type":"page","link":"https:\/\/blogsaverroes.juntadeandalucia.es\/ceipgenarorincon\/admision\/","title":{"rendered":"Admisi\u00f3n"},"content":{"rendered":"<h2>Se abre el abre el plazo de entrega de las solicitudes de admisi\u00f3n para el alumnado nuevo. Ser\u00e1 del 2 de marzo al 31 de marzo.<\/h2>\n<h2>Debe hacerse , prioritariamente,&nbsp; de forma telem\u00e1tica. En la p\u00e1gina principal de este blog , pueden encontrar los distintos medios&nbsp; que pueden utilizar.<\/h2>\n<h2>No obstante, el centro permanecer\u00e1 abierto de 9:15 a 11:00 horas para la atenci\u00f3n de aquellas familias que, excepcionalmente, no puedan realizar las solicitudes de manera telem\u00e1tica.<\/h2>\n<blockquote>\n<p style=\"text-align: center\"><strong> CITA TELEF\u00d3NICA O CONSULTA PERSONAL&nbsp;<\/strong><\/p>\n<h1 style=\"text-align: center\"><strong>951289933&#8212;&#8212;-677902177 <\/strong><\/h1>\n<\/blockquote>\n<p>&nbsp;<\/p>\n<h5>En el siguiente enlace pueden descargar el documento de admisi\u00f3n que deben rellenar y entregar seg\u00fan la forma que hayan elegido.<\/h5>\n<h5>Impresos relacionados con el procedimiento de admisi\u00f3n del alumnado en los centros docentes p\u00fablicos&nbsp; y privados concertados para cursar las ense\u00f1anzas de segundo ciclo de educaci\u00f3n infantil, educaci\u00f3n primaria, educaci\u00f3n especial, educaci\u00f3n secundaria obligatoria y bachillerato.<\/h5>\n<h5>Adem\u00e1s de la solicitud de admisi\u00f3n , deber\u00e1n entregar:<\/h5>\n<ul>\n<li><strong>FOTOCOPIA DNI DE LOS PADRES<\/strong><\/li>\n<li><strong>LIBRO DE FAMILIA<\/strong><\/li>\n<li><strong>EN CASO DE DIVORCIO, CONVENIO REGULADOR<\/strong><\/li>\n<li><strong>N\u00daMERO DE IDENFICACI\u00d3N ESCOLAR, FACILITADO POR LA GUARDER\u00cdA.<\/strong><\/li>\n<\/ul>\n<p><a href=\"https:\/\/drive.google.com\/file\/d\/1aUiwg3s_qq9xN-unURfa5IuviO6uk3OH\/view?usp=sharing\">Documentaci\u00f3n admisi\u00f3n<\/a><\/p>\n<p>&nbsp;<\/p>\n<p>&nbsp;<\/p>\n<div style=\"width: 1280px;\" class=\"wp-video\"><!--[if lt IE 9]><script>document.createElement('video');<\/script><![endif]-->\n<video class=\"wp-video-shortcode\" id=\"video-2447-1\" width=\"1280\" height=\"720\" preload=\"metadata\" controls=\"controls\"><source type=\"video\/mp4\" src=\"https:\/\/blogsaverroes.juntadeandalucia.es\/ceipgenarorincon\/files\/2020\/03\/Procedimiento-Admisi\u00f3n-en-Centros-Andaluces.mp4?_=1\" \/><a href=\"https:\/\/blogsaverroes.juntadeandalucia.es\/ceipgenarorincon\/files\/2020\/03\/Procedimiento-Admisi\u00f3n-en-Centros-Andaluces.mp4\">https:\/\/blogsaverroes.juntadeandalucia.es\/ceipgenarorincon\/files\/2020\/03\/Procedimiento-Admisi\u00f3n-en-Centros-Andaluces.mp4<\/a><\/video><\/div>\n<p>&nbsp;<\/p>\n<p>&nbsp;&nbsp;&nbsp;&nbsp;&nbsp;&nbsp;&nbsp;&nbsp;&nbsp;&nbsp;&nbsp;&nbsp;&nbsp;&nbsp;&nbsp;&nbsp;&nbsp;&nbsp;&nbsp;&nbsp;&nbsp;&nbsp;&nbsp;&nbsp;&nbsp;&nbsp;&nbsp;&nbsp;&nbsp;&nbsp;&nbsp;&nbsp;&nbsp;&nbsp;&nbsp;&nbsp;&nbsp;&nbsp;&nbsp;&nbsp;&nbsp;&nbsp;&nbsp;&nbsp;&nbsp;&nbsp;&nbsp;&nbsp;&nbsp;&nbsp;&nbsp;&nbsp;&nbsp;&nbsp;&nbsp;&nbsp;&nbsp;&nbsp;&nbsp;&nbsp;&nbsp;&nbsp;&nbsp;&nbsp;&nbsp;&nbsp;&nbsp;&nbsp;&nbsp;&nbsp;&nbsp;&nbsp;&nbsp;&nbsp;&nbsp;&nbsp;&nbsp;<\/p>\n","protected":false},"excerpt":{"rendered":"<p>Se abre el abre el plazo de entrega de las solicitudes de admisi\u00f3n para el alumnado nuevo. Ser\u00e1 del 2 de marzo al 31 de marzo. Debe hacerse , prioritariamente,&nbsp; de forma telem\u00e1tica. En&#46;&#46;&#46;<\/p>\n","protected":false},"author":2037,"featured_media":0,"parent":0,"menu_order":0,"comment_status":"closed","ping_status":"closed","template":"","meta":{"ngg_post_thumbnail":0,"footnotes":"","_mc_calendar":[]},"aioseo_notices":[],"_links":{"self":[{"href":"https:\/\/blogsaverroes.juntadeandalucia.es\/ceipgenarorincon\/wp-json\/wp\/v2\/pages\/2447"}],"collection":[{"href":"https:\/\/blogsaverroes.juntadeandalucia.es\/ceipgenarorincon\/wp-json\/wp\/v2\/pages"}],"about":[{"href":"https:\/\/blogsaverroes.juntadeandalucia.es\/ceipgenarorincon\/wp-json\/wp\/v2\/types\/page"}],"author":[{"embeddable":true,"href":"https:\/\/blogsaverroes.juntadeandalucia.es\/ceipgenarorincon\/wp-json\/wp\/v2\/users\/2037"}],"replies":[{"embeddable":true,"href":"https:\/\/blogsaverroes.juntadeandalucia.es\/ceipgenarorincon\/wp-json\/wp\/v2\/comments?post=2447"}],"version-history":[{"count":10,"href":"https:\/\/blogsaverroes.juntadeandalucia.es\/ceipgenarorincon\/wp-json\/wp\/v2\/pages\/2447\/revisions"}],"predecessor-version":[{"id":5400,"href":"https:\/\/blogsaverroes.juntadeandalucia.es\/ceipgenarorincon\/wp-json\/wp\/v2\/pages\/2447\/revisions\/5400"}],"wp:attachment":[{"href":"https:\/\/blogsaverroes.juntadeandalucia.es\/ceipgenarorincon\/wp-json\/wp\/v2\/media?parent=2447"}],"curies":[{"name":"wp","href":"https:\/\/api.w.org\/{rel}","templated":true}]}}