{"id":1146,"date":"2023-02-09T18:50:19","date_gmt":"2023-02-09T18:50:19","guid":{"rendered":"https:\/\/blogsaverroes.juntadeandalucia.es\/ceipgenil\/?page_id=1146"},"modified":"2025-05-10T16:54:10","modified_gmt":"2025-05-10T16:54:10","slug":"proa-transformate","status":"publish","type":"page","link":"https:\/\/blogsaverroes.juntadeandalucia.es\/ceipgenil\/proa-transformate\/","title":{"rendered":"PROA+ TRANSF\u00d3RMATE"},"content":{"rendered":"<p>Es un P<strong>rograma de Cooperaci\u00f3n Territorial<\/strong>, de car\u00e1cter plurianual (<strong>2024-2028<\/strong>), para la orientaci\u00f3n, el avance y el enriquecimiento educativo&nbsp;<strong>PROA+<\/strong>, Fondo Social Europeo+, \u201c<strong>Transf\u00f3rmate<\/strong>\u201d, a desarrollar en centros docentes p\u00fablicos dependientes de la Consejer\u00eda de Educaci\u00f3n y Deporte.<\/p>\n<p>Asimismo, se establece la organizaci\u00f3n y el funcionamiento del Programa con el objetivo final de potenciar la mejora de los resultados escolares de todo el alumnado, especialmente de aquel m\u00e1s vulnerable, incrementando el porcentaje del mismo que permanece en el Sistema Educativo de los centros p\u00fablicos que presentan una mayor complejidad educativa.<\/p>\n<p><img fetchpriority=\"high\" decoding=\"async\" class=\" wp-image-1553 aligncenter\" src=\"https:\/\/blogsaverroes.juntadeandalucia.es\/ceipgenil\/files\/2025\/05\/Captura-de-pantalla-2025-05-10-a-las-18.51.42-300x213.png\" alt=\"\" width=\"445\" height=\"316\" srcset=\"https:\/\/blogsaverroes.juntadeandalucia.es\/ceipgenil\/files\/2025\/05\/Captura-de-pantalla-2025-05-10-a-las-18.51.42-300x213.png 300w, https:\/\/blogsaverroes.juntadeandalucia.es\/ceipgenil\/files\/2025\/05\/Captura-de-pantalla-2025-05-10-a-las-18.51.42-1024x728.png 1024w, https:\/\/blogsaverroes.juntadeandalucia.es\/ceipgenil\/files\/2025\/05\/Captura-de-pantalla-2025-05-10-a-las-18.51.42-768x546.png 768w, https:\/\/blogsaverroes.juntadeandalucia.es\/ceipgenil\/files\/2025\/05\/Captura-de-pantalla-2025-05-10-a-las-18.51.42-1536x1091.png 1536w, https:\/\/blogsaverroes.juntadeandalucia.es\/ceipgenil\/files\/2025\/05\/Captura-de-pantalla-2025-05-10-a-las-18.51.42-2048x1455.png 2048w, https:\/\/blogsaverroes.juntadeandalucia.es\/ceipgenil\/files\/2025\/05\/Captura-de-pantalla-2025-05-10-a-las-18.51.42.png 1600w\" sizes=\"(max-width: 445px) 100vw, 445px\" \/><\/p>\n","protected":false},"excerpt":{"rendered":"<p>Es un Programa de Cooperaci\u00f3n Territorial, de car\u00e1cter plurianual (2024-2028), para la orientaci\u00f3n, el avance y el enriquecimiento educativo&nbsp;PROA+, Fondo Social Europeo+, \u201cTransf\u00f3rmate\u201d, a desarrollar en centros docentes p\u00fablicos dependientes de la Consejer\u00eda de&#46;&#46;&#46;<\/p>\n","protected":false},"author":7415,"featured_media":0,"parent":0,"menu_order":0,"comment_status":"closed","ping_status":"closed","template":"","meta":{"ngg_post_thumbnail":0,"footnotes":""},"aioseo_notices":[],"_links":{"self":[{"href":"https:\/\/blogsaverroes.juntadeandalucia.es\/ceipgenil\/wp-json\/wp\/v2\/pages\/1146"}],"collection":[{"href":"https:\/\/blogsaverroes.juntadeandalucia.es\/ceipgenil\/wp-json\/wp\/v2\/pages"}],"about":[{"href":"https:\/\/blogsaverroes.juntadeandalucia.es\/ceipgenil\/wp-json\/wp\/v2\/types\/page"}],"author":[{"embeddable":true,"href":"https:\/\/blogsaverroes.juntadeandalucia.es\/ceipgenil\/wp-json\/wp\/v2\/users\/7415"}],"replies":[{"embeddable":true,"href":"https:\/\/blogsaverroes.juntadeandalucia.es\/ceipgenil\/wp-json\/wp\/v2\/comments?post=1146"}],"version-history":[{"count":3,"href":"https:\/\/blogsaverroes.juntadeandalucia.es\/ceipgenil\/wp-json\/wp\/v2\/pages\/1146\/revisions"}],"predecessor-version":[{"id":1554,"href":"https:\/\/blogsaverroes.juntadeandalucia.es\/ceipgenil\/wp-json\/wp\/v2\/pages\/1146\/revisions\/1554"}],"wp:attachment":[{"href":"https:\/\/blogsaverroes.juntadeandalucia.es\/ceipgenil\/wp-json\/wp\/v2\/media?parent=1146"}],"curies":[{"name":"wp","href":"https:\/\/api.w.org\/{rel}","templated":true}]}}