{"id":122,"date":"2025-02-11T10:14:13","date_gmt":"2025-02-11T09:14:13","guid":{"rendered":"https:\/\/blogsaverroes.juntadeandalucia.es\/ceiphogarsol\/?page_id=122"},"modified":"2025-04-08T10:36:33","modified_gmt":"2025-04-08T08:36:33","slug":"escuela-espacio-de-paz","status":"publish","type":"page","link":"https:\/\/blogsaverroes.juntadeandalucia.es\/ceiphogarsol\/planes-y-proyectos\/escuela-espacio-de-paz\/","title":{"rendered":"Escuela \u00abEspacio de Paz\u00bb"},"content":{"rendered":"\t\t<div data-elementor-type=\"wp-page\" data-elementor-id=\"122\" class=\"elementor elementor-122\">\n\t\t\t\t<div class=\"elementor-element elementor-element-25c0ac2 e-flex e-con-boxed e-con e-parent\" data-id=\"25c0ac2\" data-element_type=\"container\">\n\t\t\t\t\t<div class=\"e-con-inner\">\n\t\t<div class=\"elementor-element elementor-element-cedcf81 e-con-full e-flex e-con e-child\" data-id=\"cedcf81\" data-element_type=\"container\">\n\t\t\t\t<div class=\"elementor-element elementor-element-aa3a8b5 elementor-widget elementor-widget-html\" data-id=\"aa3a8b5\" data-element_type=\"widget\" data-widget_type=\"html.default\">\n\t\t\t\t<div class=\"elementor-widget-container\">\n\t\t\t\t\t<p>Selecciona tu idioma:<\/p>\r\n<a href=\"https:\/\/translate.google.com\/translate?hl=en&amp;sl=auto&amp;tl=en&amp;u=https:\/\/blogsaverroes.juntadeandalucia.es\/ceiphogarsol\/planes-y-proyectos\/escuela-espacio-de-paz\/\">English<\/a> |\r\n<a href=\"https:\/\/translate.google.com\/translate?hl=fr&amp;sl=auto&amp;tl=fr&amp;u=https:\/\/blogsaverroes.juntadeandalucia.es\/ceiphogarsol\/planes-y-proyectos\/escuela-espacio-de-paz\/\">Fran\u00e7ais<\/a> |\r\n<a href=\"https:\/\/translate.google.com\/translate?hl=de&amp;sl=auto&amp;tl=de&amp;u=https:\/\/blogsaverroes.juntadeandalucia.es\/ceiphogarsol\/planes-y-proyectos\/escuela-espacio-de-paz\/\">Deutsch<\/a> |\r\n<a href=\"https:\/\/translate.google.com\/translate?hl=it&amp;sl=auto&amp;tl=it&amp;u=https:\/\/blogsaverroes.juntadeandalucia.es\/ceiphogarsol\/planes-y-proyectos\/escuela-espacio-de-paz\/\">Italiano<\/a>\t\t\t\t<\/div>\n\t\t\t\t<\/div>\n\t\t\t\t<div class=\"elementor-element elementor-element-60e3527 elementor-widget elementor-widget-heading\" data-id=\"60e3527\" data-element_type=\"widget\" data-widget_type=\"heading.default\">\n\t\t\t\t<div class=\"elementor-widget-container\">\n\t\t\t\t\t<h2 class=\"elementor-heading-title elementor-size-default\">Escuela \"Espacio de Paz\"<\/h2>\t\t\t\t<\/div>\n\t\t\t\t<\/div>\n\t\t\t\t<div class=\"elementor-element elementor-element-d2c1463 elementor-widget-divider--view-line elementor-widget elementor-widget-divider\" data-id=\"d2c1463\" data-element_type=\"widget\" data-widget_type=\"divider.default\">\n\t\t\t\t<div class=\"elementor-widget-container\">\n\t\t\t\t\t\t\t<div class=\"elementor-divider\">\n\t\t\t<span class=\"elementor-divider-separator\">\n\t\t\t\t\t\t<\/span>\n\t\t<\/div>\n\t\t\t\t\t\t<\/div>\n\t\t\t\t<\/div>\n\t\t\t\t<\/div>\n\t\t\t\t\t<\/div>\n\t\t\t\t<\/div>\n\t\t<div class=\"elementor-element elementor-element-43f9c28 e-flex e-con-boxed e-con e-parent\" data-id=\"43f9c28\" data-element_type=\"container\">\n\t\t\t\t\t<div class=\"e-con-inner\">\n\t\t\t\t<div class=\"elementor-element elementor-element-d585f8e elementor-widget elementor-widget-image\" data-id=\"d585f8e\" data-element_type=\"widget\" data-widget_type=\"image.default\">\n\t\t\t\t<div class=\"elementor-widget-container\">\n\t\t\t\t\t\t\t\t\t\t\t\t\t\t\t<img fetchpriority=\"high\" decoding=\"async\" width=\"768\" height=\"354\" src=\"https:\/\/blogsaverroes.juntadeandalucia.es\/ceiphogarsol\/files\/2025\/03\/logo-convinado-raep-768x354.jpg\" class=\"attachment-medium_large size-medium_large wp-image-320\" alt=\"logo-convinado-raep\" srcset=\"https:\/\/blogsaverroes.juntadeandalucia.es\/ceiphogarsol\/files\/2025\/03\/logo-convinado-raep-768x354.jpg 768w, https:\/\/blogsaverroes.juntadeandalucia.es\/ceiphogarsol\/files\/2025\/03\/logo-convinado-raep-300x138.jpg 300w, https:\/\/blogsaverroes.juntadeandalucia.es\/ceiphogarsol\/files\/2025\/03\/logo-convinado-raep-1024x472.jpg 1024w, https:\/\/blogsaverroes.juntadeandalucia.es\/ceiphogarsol\/files\/2025\/03\/logo-convinado-raep.jpg 1036w\" sizes=\"(max-width: 768px) 100vw, 768px\" \/>\t\t\t\t\t\t\t\t\t\t\t\t\t\t\t<\/div>\n\t\t\t\t<\/div>\n\t\t\t\t<div class=\"elementor-element elementor-element-ba24e49 elementor-widget elementor-widget-text-editor\" data-id=\"ba24e49\" data-element_type=\"widget\" data-widget_type=\"text-editor.default\">\n\t\t\t\t<div class=\"elementor-widget-container\">\n\t\t\t\t\t\t\t\t\t<p style=\"text-align: justify\">El Plan de Convivencia (<strong>Escuela \u00abEspacio de Paz\u00bb)<\/strong>\u00a0es una de la se\u00f1as de identidad de nuestro centro. Se viene desarrollando desde el curso 2012\/2013 y supone un compromiso de toda las Comunidad Educativa por convivir de forma positiva. Cada a\u00f1o dise\u00f1amos un plan de trabajo que nos permita asumir diferentes \u00e1mbitos de la convivencia:<\/p><ul><li>Eduaci\u00f3n Medioambiental.<\/li><li>Ciudadan\u00eda Digital.<\/li><li>Resoluci\u00f3n pacifica de conflictos.<\/li><li>Reflexi\u00f3n sobre las diferencias individuales.<\/li><li>Promoci\u00f3n de la Igualdad de G\u00e9nero.<\/li><li>Participaci\u00f3n del alumnado en la gesti\u00f3n del centro.<\/li><li>Participaci\u00f3n activa de las familias.<\/li><li>Colaboraci\u00f3n con entorno.<\/li><\/ul><p>Dicho plan ha supuesto que nuestro centro reciba el reconocimiento como \u00ab<strong>Centro Promotor de Convivencia +<\/strong>\u00bb lo que nos ha aportado adem\u00e1s, una peque\u00f1a dotaci\u00f3n econ\u00f3mica que nos ha permitido seguir trabajando nuevos \u00e1mbitos de la convivencia.<\/p><p>Algunos proyectos:<\/p><p><a title=\"Proyecto de Inteligencia Emocional\" href=\"https:\/\/blogsaverroes.juntadeandalucia.es\/ceiphogarsol\/planes-y-proyectos\/proyecto-de-inteligencia-emocional\/\">Proyecto de Inteligencia Emocional<\/a><\/p><p><a title=\"Proyecto Free Time in Positive\" href=\"https:\/\/blogsaverroes.juntadeandalucia.es\/ceiphogarsol\/planes-y-proyectos\/proyecto-free-time-in-positive\/\">Proyecto Free Time in Positive<\/a><\/p>\t\t\t\t\t\t\t\t<\/div>\n\t\t\t\t<\/div>\n\t\t\t\t\t<\/div>\n\t\t\t\t<\/div>\n\t\t\t\t<\/div>\n\t\t","protected":false},"excerpt":{"rendered":"<p>Selecciona tu idioma: English | Fran\u00e7ais | Deutsch | Italiano Escuela \u00abEspacio de Paz\u00bb El Plan de Convivencia (Escuela \u00abEspacio de Paz\u00bb)\u00a0es una de la&hellip;<\/p>\n","protected":false},"author":20684,"featured_media":0,"parent":116,"menu_order":0,"comment_status":"closed","ping_status":"closed","template":"elementor_header_footer","meta":{"footnotes":""},"aioseo_notices":[],"_links":{"self":[{"href":"https:\/\/blogsaverroes.juntadeandalucia.es\/ceiphogarsol\/wp-json\/wp\/v2\/pages\/122"}],"collection":[{"href":"https:\/\/blogsaverroes.juntadeandalucia.es\/ceiphogarsol\/wp-json\/wp\/v2\/pages"}],"about":[{"href":"https:\/\/blogsaverroes.juntadeandalucia.es\/ceiphogarsol\/wp-json\/wp\/v2\/types\/page"}],"author":[{"embeddable":true,"href":"https:\/\/blogsaverroes.juntadeandalucia.es\/ceiphogarsol\/wp-json\/wp\/v2\/users\/20684"}],"replies":[{"embeddable":true,"href":"https:\/\/blogsaverroes.juntadeandalucia.es\/ceiphogarsol\/wp-json\/wp\/v2\/comments?post=122"}],"version-history":[{"count":15,"href":"https:\/\/blogsaverroes.juntadeandalucia.es\/ceiphogarsol\/wp-json\/wp\/v2\/pages\/122\/revisions"}],"predecessor-version":[{"id":940,"href":"https:\/\/blogsaverroes.juntadeandalucia.es\/ceiphogarsol\/wp-json\/wp\/v2\/pages\/122\/revisions\/940"}],"up":[{"embeddable":true,"href":"https:\/\/blogsaverroes.juntadeandalucia.es\/ceiphogarsol\/wp-json\/wp\/v2\/pages\/116"}],"wp:attachment":[{"href":"https:\/\/blogsaverroes.juntadeandalucia.es\/ceiphogarsol\/wp-json\/wp\/v2\/media?parent=122"}],"curies":[{"name":"wp","href":"https:\/\/api.w.org\/{rel}","templated":true}]}}