{"id":125,"date":"2025-02-11T10:15:07","date_gmt":"2025-02-11T09:15:07","guid":{"rendered":"https:\/\/blogsaverroes.juntadeandalucia.es\/ceiphogarsol\/?page_id=125"},"modified":"2025-03-28T10:17:45","modified_gmt":"2025-03-28T09:17:45","slug":"proyecto-de-inteligencia-emocional","status":"publish","type":"page","link":"https:\/\/blogsaverroes.juntadeandalucia.es\/ceiphogarsol\/planes-y-proyectos\/proyecto-de-inteligencia-emocional\/","title":{"rendered":"Proyecto de Inteligencia Emocional"},"content":{"rendered":"\t\t<div data-elementor-type=\"wp-page\" data-elementor-id=\"125\" class=\"elementor elementor-125\">\n\t\t\t\t<div class=\"elementor-element elementor-element-494de6d e-flex e-con-boxed e-con e-parent\" data-id=\"494de6d\" data-element_type=\"container\">\n\t\t\t\t\t<div class=\"e-con-inner\">\n\t\t\t\t<div class=\"elementor-element elementor-element-2279256 elementor-widget elementor-widget-html\" data-id=\"2279256\" data-element_type=\"widget\" data-widget_type=\"html.default\">\n\t\t\t\t<div class=\"elementor-widget-container\">\n\t\t\t\t\t<p>Selecciona tu idioma:<\/p>\r\n<a href=\"https:\/\/translate.google.com\/translate?hl=en&amp;sl=auto&amp;tl=en&amp;u=https:\/\/blogsaverroes.juntadeandalucia.es\/ceiphogarsol\/planes-y-proyectos\/proyecto-de-inteligencia-emocional\/\">English<\/a> |\r\n<a href=\"https:\/\/translate.google.com\/translate?hl=fr&amp;sl=auto&amp;tl=fr&amp;u=https:\/\/blogsaverroes.juntadeandalucia.es\/ceiphogarsol\/planes-y-proyectos\/proyecto-de-inteligencia-emocional\/\">Fran\u00e7ais<\/a> |\r\n<a href=\"https:\/\/translate.google.com\/translate?hl=de&amp;sl=auto&amp;tl=de&amp;u=https:\/\/blogsaverroes.juntadeandalucia.es\/ceiphogarsol\/planes-y-proyectos\/proyecto-de-inteligencia-emocional\/\">Deutsch<\/a> |\r\n<a href=\"https:\/\/translate.google.com\/translate?hl=it&amp;sl=auto&amp;tl=it&amp;u=https:\/\/blogsaverroes.juntadeandalucia.es\/ceiphogarsol\/planes-y-proyectos\/proyecto-de-inteligencia-emocional\/\">Italiano<\/a>\t\t\t\t<\/div>\n\t\t\t\t<\/div>\n\t\t\t\t<div class=\"elementor-element elementor-element-2bd6c70 elementor-widget elementor-widget-heading\" data-id=\"2bd6c70\" data-element_type=\"widget\" data-widget_type=\"heading.default\">\n\t\t\t\t<div class=\"elementor-widget-container\">\n\t\t\t\t\t<h2 class=\"elementor-heading-title elementor-size-default\">Proyecto de Inteligencia Emocional<\/h2>\t\t\t\t<\/div>\n\t\t\t\t<\/div>\n\t\t\t\t<div class=\"elementor-element elementor-element-0d796e9 elementor-widget-divider--view-line elementor-widget elementor-widget-divider\" data-id=\"0d796e9\" data-element_type=\"widget\" data-widget_type=\"divider.default\">\n\t\t\t\t<div class=\"elementor-widget-container\">\n\t\t\t\t\t\t\t<div class=\"elementor-divider\">\n\t\t\t<span class=\"elementor-divider-separator\">\n\t\t\t\t\t\t<\/span>\n\t\t<\/div>\n\t\t\t\t\t\t<\/div>\n\t\t\t\t<\/div>\n\t\t\t\t\t<\/div>\n\t\t\t\t<\/div>\n\t\t<div class=\"elementor-element elementor-element-304c47a e-flex e-con-boxed e-con e-parent\" data-id=\"304c47a\" data-element_type=\"container\">\n\t\t\t\t\t<div class=\"e-con-inner\">\n\t\t\t\t<div class=\"elementor-element elementor-element-36fc85f elementor-widget elementor-widget-image\" data-id=\"36fc85f\" data-element_type=\"widget\" data-widget_type=\"image.default\">\n\t\t\t\t<div class=\"elementor-widget-container\">\n\t\t\t\t\t\t\t\t\t\t\t\t\t\t\t<img fetchpriority=\"high\" decoding=\"async\" width=\"300\" height=\"254\" src=\"https:\/\/blogsaverroes.juntadeandalucia.es\/ceiphogarsol\/files\/2025\/03\/inteligencia-emocional-liderazgo-300x254.jpg\" class=\"attachment-medium size-medium wp-image-494\" alt=\"inteligencia-emocional-liderazgo\" srcset=\"https:\/\/blogsaverroes.juntadeandalucia.es\/ceiphogarsol\/files\/2025\/03\/inteligencia-emocional-liderazgo-300x254.jpg 300w, https:\/\/blogsaverroes.juntadeandalucia.es\/ceiphogarsol\/files\/2025\/03\/inteligencia-emocional-liderazgo-768x650.jpg 768w, https:\/\/blogsaverroes.juntadeandalucia.es\/ceiphogarsol\/files\/2025\/03\/inteligencia-emocional-liderazgo.jpg 778w\" sizes=\"(max-width: 300px) 100vw, 300px\" \/>\t\t\t\t\t\t\t\t\t\t\t\t\t\t\t<\/div>\n\t\t\t\t<\/div>\n\t\t\t\t<div class=\"elementor-element elementor-element-f328ed6 elementor-widget elementor-widget-text-editor\" data-id=\"f328ed6\" data-element_type=\"widget\" data-widget_type=\"text-editor.default\">\n\t\t\t\t<div class=\"elementor-widget-container\">\n\t\t\t\t\t\t\t\t\t<p style=\"text-align: justify\"><span style=\"color: #252525;font-family: system-ui, -apple-system, 'Segoe UI', Roboto, 'Helvetica Neue', 'Noto Sans', 'Liberation Sans', Arial, sans-serif, 'Apple Color Emoji', 'Segoe UI Emoji', 'Segoe UI Symbol', 'Noto Color Emoji';font-size: 16px;text-align: justify\">La\u00a0<\/span><span style=\"font-weight: bolder;color: #252525;font-family: system-ui, -apple-system, 'Segoe UI', Roboto, 'Helvetica Neue', 'Noto Sans', 'Liberation Sans', Arial, sans-serif, 'Apple Color Emoji', 'Segoe UI Emoji', 'Segoe UI Symbol', 'Noto Color Emoji';font-size: 16px;text-align: justify\">Inteligencia Emocional<\/span><span style=\"color: #252525;font-family: system-ui, -apple-system, 'Segoe UI', Roboto, 'Helvetica Neue', 'Noto Sans', 'Liberation Sans', Arial, sans-serif, 'Apple Color Emoji', 'Segoe UI Emoji', 'Segoe UI Symbol', 'Noto Color Emoji';font-size: 16px;text-align: justify\">\u00a0supone, seg\u00fan D. Goleman, la capacidad de reconocer nuestros propios sentimientos, los sentimientos de los dem\u00e1s, motivarnos y manejar adecuadamente las relaciones que sostenemos con los dem\u00e1s y con nosotros mismos. Desde nuestro proyecto\u00a0<\/span><span style=\"font-weight: bolder;color: #252525;font-family: system-ui, -apple-system, 'Segoe UI', Roboto, 'Helvetica Neue', 'Noto Sans', 'Liberation Sans', Arial, sans-serif, 'Apple Color Emoji', 'Segoe UI Emoji', 'Segoe UI Symbol', 'Noto Color Emoji';font-size: 16px;text-align: justify\">pretendemos trabajar sus diferentes \u00e1mbitos para favorecer la capacidad de nuestro alumnado de Aprender a Ser.<\/span><\/p>\t\t\t\t\t\t\t\t<\/div>\n\t\t\t\t<\/div>\n\t\t\t\t<div class=\"elementor-element elementor-element-3e60f20 elementor-widget elementor-widget-image\" data-id=\"3e60f20\" data-element_type=\"widget\" data-widget_type=\"image.default\">\n\t\t\t\t<div class=\"elementor-widget-container\">\n\t\t\t\t\t\t\t\t\t\t\t\t\t\t\t<img decoding=\"async\" width=\"300\" height=\"161\" src=\"https:\/\/blogsaverroes.juntadeandalucia.es\/ceiphogarsol\/files\/2025\/03\/INTELIGENCIA-EMOCIONAL1-e1551205599172-300x161.jpg\" class=\"attachment-medium size-medium wp-image-493\" alt=\"estructura inteligencia emocional\" srcset=\"https:\/\/blogsaverroes.juntadeandalucia.es\/ceiphogarsol\/files\/2025\/03\/INTELIGENCIA-EMOCIONAL1-e1551205599172-300x161.jpg 300w, https:\/\/blogsaverroes.juntadeandalucia.es\/ceiphogarsol\/files\/2025\/03\/INTELIGENCIA-EMOCIONAL1-e1551205599172-768x413.jpg 768w, https:\/\/blogsaverroes.juntadeandalucia.es\/ceiphogarsol\/files\/2025\/03\/INTELIGENCIA-EMOCIONAL1-e1551205599172.jpg 800w\" sizes=\"(max-width: 300px) 100vw, 300px\" \/>\t\t\t\t\t\t\t\t\t\t\t\t\t\t\t<\/div>\n\t\t\t\t<\/div>\n\t\t\t\t\t<\/div>\n\t\t\t\t<\/div>\n\t\t\t\t<\/div>\n\t\t","protected":false},"excerpt":{"rendered":"<p>Selecciona tu idioma: English | Fran\u00e7ais | Deutsch | Italiano Proyecto de Inteligencia Emocional La\u00a0Inteligencia Emocional\u00a0supone, seg\u00fan D. Goleman, la capacidad de reconocer nuestros propios&hellip;<\/p>\n","protected":false},"author":20684,"featured_media":0,"parent":116,"menu_order":0,"comment_status":"closed","ping_status":"closed","template":"elementor_header_footer","meta":{"footnotes":""},"aioseo_notices":[],"_links":{"self":[{"href":"https:\/\/blogsaverroes.juntadeandalucia.es\/ceiphogarsol\/wp-json\/wp\/v2\/pages\/125"}],"collection":[{"href":"https:\/\/blogsaverroes.juntadeandalucia.es\/ceiphogarsol\/wp-json\/wp\/v2\/pages"}],"about":[{"href":"https:\/\/blogsaverroes.juntadeandalucia.es\/ceiphogarsol\/wp-json\/wp\/v2\/types\/page"}],"author":[{"embeddable":true,"href":"https:\/\/blogsaverroes.juntadeandalucia.es\/ceiphogarsol\/wp-json\/wp\/v2\/users\/20684"}],"replies":[{"embeddable":true,"href":"https:\/\/blogsaverroes.juntadeandalucia.es\/ceiphogarsol\/wp-json\/wp\/v2\/comments?post=125"}],"version-history":[{"count":4,"href":"https:\/\/blogsaverroes.juntadeandalucia.es\/ceiphogarsol\/wp-json\/wp\/v2\/pages\/125\/revisions"}],"predecessor-version":[{"id":497,"href":"https:\/\/blogsaverroes.juntadeandalucia.es\/ceiphogarsol\/wp-json\/wp\/v2\/pages\/125\/revisions\/497"}],"up":[{"embeddable":true,"href":"https:\/\/blogsaverroes.juntadeandalucia.es\/ceiphogarsol\/wp-json\/wp\/v2\/pages\/116"}],"wp:attachment":[{"href":"https:\/\/blogsaverroes.juntadeandalucia.es\/ceiphogarsol\/wp-json\/wp\/v2\/media?parent=125"}],"curies":[{"name":"wp","href":"https:\/\/api.w.org\/{rel}","templated":true}]}}