{"id":141,"date":"2015-03-17T07:13:24","date_gmt":"2015-03-17T07:13:24","guid":{"rendered":"http:\/\/blogsaverroes.juntadeandalucia.es\/pre\/ceip\/?page_id=141"},"modified":"2026-02-11T12:20:44","modified_gmt":"2026-02-11T12:20:44","slug":"escolarizacion","status":"publish","type":"page","link":"https:\/\/blogsaverroes.juntadeandalucia.es\/ceipibros\/escolarizacion\/","title":{"rendered":"Escolarizaci\u00f3n"},"content":{"rendered":"<header class=\"portlet-topper\"><\/header>\n<div class=\"portlet-content\">\n<div class=\" portlet-content-container\">\n<div class=\"portlet-body\">\n<div class=\"contenido_portlet \">\n<div class=\"portlet_web\">\n<div class=\"detalle web\">\n<div class=\"contenido_detalle\">\n<section class=\"cuerpo detalle_html\">\n<div class=\"inner_cuerpo\">\n<p><img decoding=\"async\" src=\"http:\/\/www.juntadeandalucia.es\/educacion\/portals\/image\/layout_set_logo?img_id=22116&amp;t=1587203129479\" alt=\"Escolarizaci\u00f3n 2020\/2021\"><\/p>\n<p><a href=\"https:\/\/www.juntadeandalucia.es\/educacion\/portales\/web\/eshttps:\/\/www.juntadeandalucia.es\/educacion\/portales\/web\/escolarizacioncolarizacion\">Enlace al portal de escolarizaci\u00f3n.<\/a><\/p>\n<p>Periodo de admisi\u00f3n: del 1 al 31 de marzo de 2026.<\/p>\n<p>Periodo de matriculaci\u00f3n: Por determinar<\/p>\n<\/div>\n<p>IMPRESOS DE ADMISI\u00d3N:<\/p>\n<div class=\"documento-entry__datos\">\n<h5 class=\"documento-entry__datos__title\"><a class=\"documento-entry__datos--titulo\" title=\"Ver documento Anexo III\" href=\"https:\/\/www.juntadeandalucia.es\/educacion\/portales\/documents\/100629\/669352\/3_Anexo III_002535_5.pdf\/16050806-cd1f-89da-678f-001bb54aab73?version=1.1\" target=\"_blank\" rel=\"noopener\"> Anexo III <\/a>&nbsp;Solicitud de admisi\u00f3n en 2\u00ba Ciclo de Educaci\u00f3n Infantil, Educaci\u00f3n Primaria, Educaci\u00f3n Especial, ESO y Bachillerato (v\u00e1lido del 1 al 31 de marzo, ambos inclusive).<\/h5>\n<div class=\"documento-entry__datos\">\n<h5 class=\"documento-entry__datos__title\"><a class=\"documento-entry__datos--titulo\" title=\"Ver documento Anexo IX\" href=\"https:\/\/www.juntadeandalucia.es\/educacion\/portales\/documents\/100629\/669352\/9_Anexo IX_002541_4.pdf\/fdf4344b-6c9e-be16-e927-4e63760f0992?version=1.0\" target=\"_blank\" rel=\"noopener\"> Anexo IX&nbsp; <\/a>Solicitud Procedimiento Extraordinario de Admisi\u00f3n<\/h5>\n<p>&nbsp;<\/p>\n<p>IMPRESOS DE MATR\u00cdCULA<\/p>\n<div class=\"documento-entry__datos\">\n<h5 class=\"documento-entry__datos__title\"><a class=\"documento-entry__datos--titulo\" title=\"Ver documento Anexo IV\" href=\"https:\/\/www.juntadeandalucia.es\/educacion\/portales\/documents\/100629\/669349\/4_Anexo IV_002536_4.pdf\/2857e311-abaf-10f1-c03a-b980ff594de5?version=1.0\" target=\"_blank\" rel=\"noopener\"> Anexo IV <\/a>&nbsp;Matr\u00edcula en 2\u00ba Ciclo de Educaci\u00f3n Infantil.<\/h5>\n<div class=\"documento-entry__datos\">\n<h5 class=\"documento-entry__datos__title\"><a class=\"documento-entry__datos--titulo\" title=\"Ver documento Anexo V\" href=\"https:\/\/www.juntadeandalucia.es\/educacion\/portales\/documents\/100629\/669349\/5_Anexo V_002537_4.pdf\/acd7344a-e127-4e2c-5be7-b1f12b0a07c2?version=1.1\" target=\"_blank\" rel=\"noopener\"> Anexo V&nbsp; <\/a>Matr\u00edcula en Primaria.<\/h5>\n<div class=\"documento-entry__datos\">\n<h5 class=\"documento-entry__datos__title\"><a class=\"documento-entry__datos--titulo\" title=\"Ver documento Anexo VI\" href=\"https:\/\/www.juntadeandalucia.es\/educacion\/portales\/documents\/100629\/669349\/6_Anexo VI_002538_4.pdf\/f1ed4477-b8d8-c190-5578-7125d1ab2074?version=1.0\" target=\"_blank\" rel=\"noopener\"> Anexo VI <\/a>Matr\u00edcula en Educaci\u00f3n Especial: Aula espec\u00edfica o Centro Espec\u00edfico.<\/h5>\n<\/div>\n<p>&nbsp;<\/p>\n<\/div>\n<\/div>\n<\/div>\n<\/div>\n<div class=\"inner_cuerpo\">\n<p>&nbsp;<\/p>\n<\/div>\n<\/section>\n<\/div>\n<\/div>\n<\/div>\n<\/div>\n<\/div>\n<\/div>\n<\/div>\n","protected":false},"excerpt":{"rendered":"<p>Enlace al portal de escolarizaci\u00f3n. Periodo de admisi\u00f3n: del 1 al 31 de marzo de 2026. Periodo de matriculaci\u00f3n: Por determinar IMPRESOS DE ADMISI\u00d3N: Anexo&hellip;<\/p>\n","protected":false},"author":1,"featured_media":0,"parent":0,"menu_order":0,"comment_status":"closed","ping_status":"open","template":"","meta":{"ngg_post_thumbnail":0,"footnotes":"","_mc_calendar":[]},"aioseo_notices":[],"_links":{"self":[{"href":"https:\/\/blogsaverroes.juntadeandalucia.es\/ceipibros\/wp-json\/wp\/v2\/pages\/141"}],"collection":[{"href":"https:\/\/blogsaverroes.juntadeandalucia.es\/ceipibros\/wp-json\/wp\/v2\/pages"}],"about":[{"href":"https:\/\/blogsaverroes.juntadeandalucia.es\/ceipibros\/wp-json\/wp\/v2\/types\/page"}],"author":[{"embeddable":true,"href":"https:\/\/blogsaverroes.juntadeandalucia.es\/ceipibros\/wp-json\/wp\/v2\/users\/1"}],"replies":[{"embeddable":true,"href":"https:\/\/blogsaverroes.juntadeandalucia.es\/ceipibros\/wp-json\/wp\/v2\/comments?post=141"}],"version-history":[{"count":16,"href":"https:\/\/blogsaverroes.juntadeandalucia.es\/ceipibros\/wp-json\/wp\/v2\/pages\/141\/revisions"}],"predecessor-version":[{"id":3492,"href":"https:\/\/blogsaverroes.juntadeandalucia.es\/ceipibros\/wp-json\/wp\/v2\/pages\/141\/revisions\/3492"}],"wp:attachment":[{"href":"https:\/\/blogsaverroes.juntadeandalucia.es\/ceipibros\/wp-json\/wp\/v2\/media?parent=141"}],"curies":[{"name":"wp","href":"https:\/\/api.w.org\/{rel}","templated":true}]}}