{"id":3862,"date":"2023-10-15T16:47:30","date_gmt":"2023-10-15T15:47:30","guid":{"rendered":"https:\/\/blogsaverroes.juntadeandalucia.es\/ceipjimena\/?page_id=3862"},"modified":"2023-10-26T14:17:01","modified_gmt":"2023-10-26T13:17:01","slug":"tutorias-23-24","status":"publish","type":"page","link":"https:\/\/blogsaverroes.juntadeandalucia.es\/ceipjimena\/?page_id=3862","title":{"rendered":"Tutor\u00edas 23\/24"},"content":{"rendered":"<h1><span style=\"font-weight: 400\">EDUCACI\u00d3N INFANTIL&nbsp;<\/span><\/h1>\n<p><span style=\"font-weight: 400\">3 A\u00d1OS INFANTIL: MAR\u00cdA DEL CARMEN MARTOS MENDOZA.<\/span><\/p>\n<p><iframe src=\"https:\/\/drive.google.com\/file\/d\/1LYVHCLCFoKs2PO04byn56CfYs4_yn4HI\/preview\" width=\"640\" height=\"480\"><\/iframe><\/p>\n<p><span style=\"font-weight: 400\">4 A\u00d1OS INFANTIL: M\u00aa JOS\u00c9 TORRES TORTOSA<\/span><\/p>\n<p><iframe src=\"https:\/\/drive.google.com\/file\/d\/1YyGJSDkaVSq6zFIWrSxRPmz_l0Tx2OQs\/preview\" width=\"640\" height=\"480\"><\/iframe><\/p>\n<p><span style=\"font-weight: 400\">5 A\u00d1OS INFANTIL: VIRGINA ARROYO ESCOBAR<\/span><\/p>\n<p><iframe src=\"https:\/\/drive.google.com\/file\/d\/19UAFyLEFP3SLwcm82yzjwSbu0Y9ZXx_5\/preview\" width=\"640\" height=\"480\"><\/iframe><\/p>\n<h1><span style=\"font-weight: 400\">1\u00ba CICLO<\/span><\/h1>\n<p><span style=\"font-weight: 400\">1\u00ba DE PRIMARIA: ANA CRISTINA HERRERA GARC\u00cdA<\/span><\/p>\n<p><iframe src=\"https:\/\/drive.google.com\/file\/d\/1uUsWgfIyevFHchGqJ-2TKAjmF9bEudKL\/preview\" width=\"640\" height=\"480\"><\/iframe><\/p>\n<p><span style=\"font-weight: 400\">2\u00ba DE PRIMARIA: MARI CARMEN RUIZ \u00c1VILA<\/span><\/p>\n<p><span style=\"font-weight: 400\"><iframe src=\"https:\/\/drive.google.com\/file\/d\/1Nepb5GjnISgJPsOk0-SyzfzqYPxH1rBp\/preview\" width=\"640\" height=\"480\"><\/iframe><br \/>\n&nbsp;<\/span><\/p>\n<h1><span style=\"font-weight: 400\">2\u00ba CICLO<\/span><\/h1>\n<p><span style=\"font-weight: 400\">&nbsp;<\/span><\/p>\n<p><span style=\"font-weight: 400\">3\u00ba DE PRIMARIA: ANTONIA GARC\u00cdA HERRERA<\/span><\/p>\n<p><iframe src=\"https:\/\/drive.google.com\/file\/d\/1q8Iqi53W6VnGvFiuqczFKPQAW3rvY10y\/preview\" width=\"640\" height=\"480\"><\/iframe><\/p>\n<p><span style=\"font-weight: 400\">4\u00ba DE PRIMARIA: M\u00aa DOLORES L\u00d3PEZ TROYANO<\/span><\/p>\n<p><span style=\"font-weight: 400\"><iframe src=\"https:\/\/drive.google.com\/file\/d\/16lacIBYsz0_Jr69WjnVBPwFP3mw6Y77h\/preview\" width=\"640\" height=\"480\"><\/iframe><br \/>\n&nbsp;<\/span><\/p>\n<h1><span style=\"font-weight: 400\">3\u00ba CICLO<\/span><\/h1>\n<p><span style=\"font-weight: 400\">5\u00ba DE PRIMARIA SONIA VILCHEZ TRIGUERO<\/span><\/p>\n<p><iframe src=\"https:\/\/drive.google.com\/file\/d\/12h5Ofg4I0NZiHRHfKT-UkPOUvKplIZ7V\/preview\" width=\"640\" height=\"480\"><\/iframe><\/p>\n<p><span style=\"font-weight: 400\">6\u00ba DE PRIMARIA RA\u00daL TORRES GARC\u00cdA<\/span><\/p>\n<p><iframe src=\"https:\/\/drive.google.com\/file\/d\/1bA78ffzllXXNLMrl1riUhqBxfEidvAae\/preview\" width=\"640\" height=\"480\"><\/iframe><\/p>\n<h1><span style=\"font-weight: 400\">1\u00ba CICLO ESO<\/span><\/h1>\n<p><span style=\"font-weight: 400\">1\u00ba ESO: M\u00aa VICTORIA MOLINA MART\u00cdNEZ<\/span><\/p>\n<p><iframe src=\"https:\/\/drive.google.com\/file\/d\/1jpo2qMPJlkpXGSkSoIIfOeTx5za6TUhg\/preview\" width=\"640\" height=\"480\"><\/iframe><\/p>\n<p><span style=\"font-weight: 400\">2\u00baESO: MAR\u00cdA JOS\u00c9 TORRES GUTI\u00c9RREZ<\/span><\/p>\n<p><iframe src=\"https:\/\/drive.google.com\/file\/d\/1_qT9SkIC2-B6senCR-pcHI_AM7kHuODE\/preview\" width=\"640\" height=\"480\"><\/iframe><br \/>\n&nbsp;<\/p>\n<p>&nbsp;<\/p>\n","protected":false},"excerpt":{"rendered":"<p>EDUCACI\u00d3N INFANTIL&nbsp; 3 A\u00d1OS INFANTIL: MAR\u00cdA DEL CARMEN MARTOS MENDOZA. 4 A\u00d1OS INFANTIL: M\u00aa JOS\u00c9 TORRES TORTOSA 5 A\u00d1OS INFANTIL: VIRGINA ARROYO ESCOBAR 1\u00ba CICLO&#46;&#46;&#46;<\/p>\n","protected":false},"author":3027,"featured_media":0,"parent":0,"menu_order":0,"comment_status":"closed","ping_status":"closed","template":"","meta":{"ngg_post_thumbnail":0,"footnotes":"","_mc_calendar":[]},"aioseo_notices":[],"_links":{"self":[{"href":"https:\/\/blogsaverroes.juntadeandalucia.es\/ceipjimena\/index.php?rest_route=\/wp\/v2\/pages\/3862"}],"collection":[{"href":"https:\/\/blogsaverroes.juntadeandalucia.es\/ceipjimena\/index.php?rest_route=\/wp\/v2\/pages"}],"about":[{"href":"https:\/\/blogsaverroes.juntadeandalucia.es\/ceipjimena\/index.php?rest_route=\/wp\/v2\/types\/page"}],"author":[{"embeddable":true,"href":"https:\/\/blogsaverroes.juntadeandalucia.es\/ceipjimena\/index.php?rest_route=\/wp\/v2\/users\/3027"}],"replies":[{"embeddable":true,"href":"https:\/\/blogsaverroes.juntadeandalucia.es\/ceipjimena\/index.php?rest_route=%2Fwp%2Fv2%2Fcomments&post=3862"}],"version-history":[{"count":13,"href":"https:\/\/blogsaverroes.juntadeandalucia.es\/ceipjimena\/index.php?rest_route=\/wp\/v2\/pages\/3862\/revisions"}],"predecessor-version":[{"id":4454,"href":"https:\/\/blogsaverroes.juntadeandalucia.es\/ceipjimena\/index.php?rest_route=\/wp\/v2\/pages\/3862\/revisions\/4454"}],"wp:attachment":[{"href":"https:\/\/blogsaverroes.juntadeandalucia.es\/ceipjimena\/index.php?rest_route=%2Fwp%2Fv2%2Fmedia&parent=3862"}],"curies":[{"name":"wp","href":"https:\/\/api.w.org\/{rel}","templated":true}]}}