{"id":4816,"date":"2024-09-23T09:30:39","date_gmt":"2024-09-23T08:30:39","guid":{"rendered":"https:\/\/blogsaverroes.juntadeandalucia.es\/ceipjimena\/?page_id=4816"},"modified":"2024-11-19T20:28:44","modified_gmt":"2024-11-19T19:28:44","slug":"tutorias-2024-25","status":"publish","type":"page","link":"https:\/\/blogsaverroes.juntadeandalucia.es\/ceipjimena\/?page_id=4816","title":{"rendered":"Tutor\u00edas 2024\/25"},"content":{"rendered":"<p style=\"text-align: center\">TUTORA: VIRGINA ARROYO 3 A\u00d1OS INTANTIL.<\/p>\n<p>&nbsp;<a href=\"https:\/\/blogsaverroes.juntadeandalucia.es\/ceipjimena\/files\/2024\/10\/infantil-3-anos-1-scaled.jpeg\"><img fetchpriority=\"high\" decoding=\"async\" class=\"alignnone size-large wp-image-4828\" src=\"https:\/\/blogsaverroes.juntadeandalucia.es\/ceipjimena\/files\/2024\/10\/infantil-3-anos-1-1024x768.jpeg\" alt=\"\" width=\"1024\" height=\"768\" srcset=\"https:\/\/blogsaverroes.juntadeandalucia.es\/ceipjimena\/files\/2024\/10\/infantil-3-anos-1-1024x768.jpeg 1024w, https:\/\/blogsaverroes.juntadeandalucia.es\/ceipjimena\/files\/2024\/10\/infantil-3-anos-1-300x225.jpeg 300w, https:\/\/blogsaverroes.juntadeandalucia.es\/ceipjimena\/files\/2024\/10\/infantil-3-anos-1-768x576.jpeg 768w, https:\/\/blogsaverroes.juntadeandalucia.es\/ceipjimena\/files\/2024\/10\/infantil-3-anos-1-1536x1152.jpeg 1536w, https:\/\/blogsaverroes.juntadeandalucia.es\/ceipjimena\/files\/2024\/10\/infantil-3-anos-1-2048x1536.jpeg 2048w\" sizes=\"(max-width: 1024px) 100vw, 1024px\" \/><\/a><\/p>\n<p style=\"text-align: center\">TUTORA: ANA M\u00ba JIM\u00c9NEZ 4 A\u00d1OS INFANTIL&nbsp;<\/p>\n<p><a href=\"https:\/\/blogsaverroes.juntadeandalucia.es\/ceipjimena\/files\/2024\/10\/Infantil-4-anos-curso-24-25-scaled.jpg\"><img decoding=\"async\" class=\"size-large wp-image-4820 aligncenter\" src=\"https:\/\/blogsaverroes.juntadeandalucia.es\/ceipjimena\/files\/2024\/10\/Infantil-4-anos-curso-24-25-1024x752.jpg\" alt=\"\" width=\"1024\" height=\"752\" srcset=\"https:\/\/blogsaverroes.juntadeandalucia.es\/ceipjimena\/files\/2024\/10\/Infantil-4-anos-curso-24-25-1024x752.jpg 1024w, https:\/\/blogsaverroes.juntadeandalucia.es\/ceipjimena\/files\/2024\/10\/Infantil-4-anos-curso-24-25-300x220.jpg 300w, https:\/\/blogsaverroes.juntadeandalucia.es\/ceipjimena\/files\/2024\/10\/Infantil-4-anos-curso-24-25-768x564.jpg 768w, https:\/\/blogsaverroes.juntadeandalucia.es\/ceipjimena\/files\/2024\/10\/Infantil-4-anos-curso-24-25-1536x1128.jpg 1536w, https:\/\/blogsaverroes.juntadeandalucia.es\/ceipjimena\/files\/2024\/10\/Infantil-4-anos-curso-24-25-2048x1504.jpg 2048w\" sizes=\"(max-width: 1024px) 100vw, 1024px\" \/><\/a><\/p>\n<p>&nbsp;<\/p>\n<p style=\"text-align: center\">TUTORA: M\u00aa CARMEN COBO 1\u00ba EP<\/p>\n<p><a href=\"https:\/\/blogsaverroes.juntadeandalucia.es\/ceipjimena\/files\/2024\/10\/1oE.P.png\"><img decoding=\"async\" class=\"size-large wp-image-4822 aligncenter\" src=\"https:\/\/blogsaverroes.juntadeandalucia.es\/ceipjimena\/files\/2024\/10\/1oE.P-768x1024.png\" alt=\"\" width=\"768\" height=\"1024\" srcset=\"https:\/\/blogsaverroes.juntadeandalucia.es\/ceipjimena\/files\/2024\/10\/1oE.P-768x1024.png 768w, https:\/\/blogsaverroes.juntadeandalucia.es\/ceipjimena\/files\/2024\/10\/1oE.P-225x300.png 225w, https:\/\/blogsaverroes.juntadeandalucia.es\/ceipjimena\/files\/2024\/10\/1oE.P-1152x1536.png 1152w, https:\/\/blogsaverroes.juntadeandalucia.es\/ceipjimena\/files\/2024\/10\/1oE.P-1536x2048.png 1536w\" sizes=\"(max-width: 768px) 100vw, 768px\" \/><\/a><\/p>\n<p style=\"text-align: center\">TUTORA: CRISTINA HERRERA 2\u00ba EP<\/p>\n<p><a href=\"https:\/\/blogsaverroes.juntadeandalucia.es\/ceipjimena\/files\/2024\/10\/2oEP.jpeg\"><img loading=\"lazy\" decoding=\"async\" class=\"alignnone size-large wp-image-4827\" src=\"https:\/\/blogsaverroes.juntadeandalucia.es\/ceipjimena\/files\/2024\/10\/2oEP-1024x836.jpeg\" alt=\"\" width=\"1024\" height=\"836\" srcset=\"https:\/\/blogsaverroes.juntadeandalucia.es\/ceipjimena\/files\/2024\/10\/2oEP-1024x836.jpeg 1024w, https:\/\/blogsaverroes.juntadeandalucia.es\/ceipjimena\/files\/2024\/10\/2oEP-300x245.jpeg 300w, https:\/\/blogsaverroes.juntadeandalucia.es\/ceipjimena\/files\/2024\/10\/2oEP-768x627.jpeg 768w, https:\/\/blogsaverroes.juntadeandalucia.es\/ceipjimena\/files\/2024\/10\/2oEP-1536x1255.jpeg 1536w, https:\/\/blogsaverroes.juntadeandalucia.es\/ceipjimena\/files\/2024\/10\/2oEP.jpeg 1600w\" sizes=\"(max-width: 1024px) 100vw, 1024px\" \/><\/a><\/p>\n<p>&nbsp;<\/p>\n<p style=\"text-align: center\">TUTORA: M\u00ba DOLORES L\u00d3PEZ TROYANO 3\u00ba EP<\/p>\n<p><a href=\"https:\/\/blogsaverroes.juntadeandalucia.es\/ceipjimena\/files\/2024\/10\/de9a36ee-30a9-4476-8bb3-93c892239ad1.jpg\"><img loading=\"lazy\" decoding=\"async\" class=\"size-large wp-image-4823 aligncenter\" src=\"https:\/\/blogsaverroes.juntadeandalucia.es\/ceipjimena\/files\/2024\/10\/de9a36ee-30a9-4476-8bb3-93c892239ad1-1024x768.jpg\" alt=\"3\u00ba EP\" width=\"1024\" height=\"768\" srcset=\"https:\/\/blogsaverroes.juntadeandalucia.es\/ceipjimena\/files\/2024\/10\/de9a36ee-30a9-4476-8bb3-93c892239ad1-1024x768.jpg 1024w, https:\/\/blogsaverroes.juntadeandalucia.es\/ceipjimena\/files\/2024\/10\/de9a36ee-30a9-4476-8bb3-93c892239ad1-300x225.jpg 300w, https:\/\/blogsaverroes.juntadeandalucia.es\/ceipjimena\/files\/2024\/10\/de9a36ee-30a9-4476-8bb3-93c892239ad1-768x576.jpg 768w, https:\/\/blogsaverroes.juntadeandalucia.es\/ceipjimena\/files\/2024\/10\/de9a36ee-30a9-4476-8bb3-93c892239ad1-1536x1152.jpg 1536w, https:\/\/blogsaverroes.juntadeandalucia.es\/ceipjimena\/files\/2024\/10\/de9a36ee-30a9-4476-8bb3-93c892239ad1.jpg 2000w\" sizes=\"(max-width: 1024px) 100vw, 1024px\" \/><\/a><\/p>\n<p style=\"text-align: center\">TUTORA: ANTONIA GARC\u00cdA 4\u00ba EP<\/p>\n<p><a href=\"https:\/\/blogsaverroes.juntadeandalucia.es\/ceipjimena\/files\/2024\/10\/3a3bb20e-a90d-4326-b4b3-c4f94112f373.jpg\"><img loading=\"lazy\" decoding=\"async\" class=\"alignnone size-large wp-image-4824\" src=\"https:\/\/blogsaverroes.juntadeandalucia.es\/ceipjimena\/files\/2024\/10\/3a3bb20e-a90d-4326-b4b3-c4f94112f373-1024x758.jpg\" alt=\"\" width=\"1024\" height=\"758\" srcset=\"https:\/\/blogsaverroes.juntadeandalucia.es\/ceipjimena\/files\/2024\/10\/3a3bb20e-a90d-4326-b4b3-c4f94112f373-1024x758.jpg 1024w, https:\/\/blogsaverroes.juntadeandalucia.es\/ceipjimena\/files\/2024\/10\/3a3bb20e-a90d-4326-b4b3-c4f94112f373-300x222.jpg 300w, https:\/\/blogsaverroes.juntadeandalucia.es\/ceipjimena\/files\/2024\/10\/3a3bb20e-a90d-4326-b4b3-c4f94112f373-768x568.jpg 768w, https:\/\/blogsaverroes.juntadeandalucia.es\/ceipjimena\/files\/2024\/10\/3a3bb20e-a90d-4326-b4b3-c4f94112f373-1536x1136.jpg 1536w, https:\/\/blogsaverroes.juntadeandalucia.es\/ceipjimena\/files\/2024\/10\/3a3bb20e-a90d-4326-b4b3-c4f94112f373.jpg 2048w\" sizes=\"(max-width: 1024px) 100vw, 1024px\" \/><\/a><\/p>\n<p style=\"text-align: center\">TUTOR: RA\u00daL TORRES GARC\u00cdA<\/p>\n<p><a href=\"https:\/\/blogsaverroes.juntadeandalucia.es\/ceipjimena\/files\/2024\/11\/20241004_104708-scaled.jpg\"><img loading=\"lazy\" decoding=\"async\" class=\"alignnone size-large wp-image-4844\" src=\"https:\/\/blogsaverroes.juntadeandalucia.es\/ceipjimena\/files\/2024\/11\/20241004_104708-1024x878.jpg\" alt=\"\" width=\"1024\" height=\"878\" srcset=\"https:\/\/blogsaverroes.juntadeandalucia.es\/ceipjimena\/files\/2024\/11\/20241004_104708-1024x878.jpg 1024w, https:\/\/blogsaverroes.juntadeandalucia.es\/ceipjimena\/files\/2024\/11\/20241004_104708-300x257.jpg 300w, https:\/\/blogsaverroes.juntadeandalucia.es\/ceipjimena\/files\/2024\/11\/20241004_104708-768x658.jpg 768w, https:\/\/blogsaverroes.juntadeandalucia.es\/ceipjimena\/files\/2024\/11\/20241004_104708-1536x1316.jpg 1536w, https:\/\/blogsaverroes.juntadeandalucia.es\/ceipjimena\/files\/2024\/11\/20241004_104708-2048x1755.jpg 2048w\" sizes=\"(max-width: 1024px) 100vw, 1024px\" \/><\/a><\/p>\n<p style=\"text-align: center\">TUTORA 1\u00ba ESO: MAR\u00cdA ORTEGA S\u00c1NCHEZ<\/p>\n<p><a href=\"https:\/\/blogsaverroes.juntadeandalucia.es\/ceipjimena\/files\/2024\/11\/IMG_2104-scaled.jpg\"><img loading=\"lazy\" decoding=\"async\" class=\"alignnone size-large wp-image-4845\" src=\"https:\/\/blogsaverroes.juntadeandalucia.es\/ceipjimena\/files\/2024\/11\/IMG_2104-1024x768.jpg\" alt=\"\" width=\"1024\" height=\"768\" srcset=\"https:\/\/blogsaverroes.juntadeandalucia.es\/ceipjimena\/files\/2024\/11\/IMG_2104-1024x768.jpg 1024w, https:\/\/blogsaverroes.juntadeandalucia.es\/ceipjimena\/files\/2024\/11\/IMG_2104-300x225.jpg 300w, https:\/\/blogsaverroes.juntadeandalucia.es\/ceipjimena\/files\/2024\/11\/IMG_2104-768x576.jpg 768w, https:\/\/blogsaverroes.juntadeandalucia.es\/ceipjimena\/files\/2024\/11\/IMG_2104-1536x1152.jpg 1536w, https:\/\/blogsaverroes.juntadeandalucia.es\/ceipjimena\/files\/2024\/11\/IMG_2104-2048x1536.jpg 2048w\" sizes=\"(max-width: 1024px) 100vw, 1024px\" \/><\/a><\/p>\n<p style=\"text-align: center\">TUTORA: M\u00aa JOS\u00c9 TORRES 2\u00ba ESO<\/p>\n<p><a href=\"https:\/\/blogsaverroes.juntadeandalucia.es\/ceipjimena\/files\/2024\/10\/2oESO.png\"><img loading=\"lazy\" decoding=\"async\" class=\"alignnone size-large wp-image-4825\" src=\"https:\/\/blogsaverroes.juntadeandalucia.es\/ceipjimena\/files\/2024\/10\/2oESO-1024x576.png\" alt=\"\" width=\"1024\" height=\"576\" srcset=\"https:\/\/blogsaverroes.juntadeandalucia.es\/ceipjimena\/files\/2024\/10\/2oESO-1024x576.png 1024w, https:\/\/blogsaverroes.juntadeandalucia.es\/ceipjimena\/files\/2024\/10\/2oESO-300x169.png 300w, https:\/\/blogsaverroes.juntadeandalucia.es\/ceipjimena\/files\/2024\/10\/2oESO-768x432.png 768w, https:\/\/blogsaverroes.juntadeandalucia.es\/ceipjimena\/files\/2024\/10\/2oESO-1536x864.png 1536w, https:\/\/blogsaverroes.juntadeandalucia.es\/ceipjimena\/files\/2024\/10\/2oESO.png 1920w\" sizes=\"(max-width: 1024px) 100vw, 1024px\" \/><\/a><\/p>\n<p>&nbsp;<\/p>\n<p style=\"text-align: center\">ESPECIALISTAS 24\/25<\/p>\n<p>&nbsp;<\/p>\n<div class=\"mceTemp\">&nbsp;<\/div>\n<div id=\"attachment_4834\" style=\"width: 287px\" class=\"wp-caption alignnone\"><a href=\"https:\/\/blogsaverroes.juntadeandalucia.es\/ceipjimena\/files\/2024\/10\/IMG_0236-scaled-e1728019584394.jpg\"><img loading=\"lazy\" decoding=\"async\" aria-describedby=\"caption-attachment-4834\" class=\"wp-image-4834 size-medium\" src=\"https:\/\/blogsaverroes.juntadeandalucia.es\/ceipjimena\/files\/2024\/10\/IMG_0236-scaled-e1728019584394-277x300.jpg\" alt=\"Matem\u00e1ticas ESOFrancisco Ballesteros\" width=\"277\" height=\"300\" srcset=\"https:\/\/blogsaverroes.juntadeandalucia.es\/ceipjimena\/files\/2024\/10\/IMG_0236-scaled-e1728019584394-277x300.jpg 277w, https:\/\/blogsaverroes.juntadeandalucia.es\/ceipjimena\/files\/2024\/10\/IMG_0236-scaled-e1728019584394.jpg 622w\" sizes=\"(max-width: 277px) 100vw, 277px\" \/><\/a><p id=\"caption-attachment-4834\" class=\"wp-caption-text\">Matem\u00e1ticas ESO Francisco Ballesteros<\/p><\/div>\n<div id=\"attachment_4836\" style=\"width: 235px\" class=\"wp-caption alignnone\"><a href=\"https:\/\/blogsaverroes.juntadeandalucia.es\/ceipjimena\/files\/2024\/10\/Imagen-de-WhatsApp-2023-06-07-a-las-10.25.02-1.jpg\"><img loading=\"lazy\" decoding=\"async\" aria-describedby=\"caption-attachment-4836\" class=\"wp-image-4836 size-medium\" src=\"https:\/\/blogsaverroes.juntadeandalucia.es\/ceipjimena\/files\/2024\/10\/Imagen-de-WhatsApp-2023-06-07-a-las-10.25.02-1-225x300.jpg\" alt=\"M\u00fasica Jos\u00e9 Luis Garc\u00eda\" width=\"225\" height=\"300\" srcset=\"https:\/\/blogsaverroes.juntadeandalucia.es\/ceipjimena\/files\/2024\/10\/Imagen-de-WhatsApp-2023-06-07-a-las-10.25.02-1-225x300.jpg 225w, https:\/\/blogsaverroes.juntadeandalucia.es\/ceipjimena\/files\/2024\/10\/Imagen-de-WhatsApp-2023-06-07-a-las-10.25.02-1.jpg 768w\" sizes=\"(max-width: 225px) 100vw, 225px\" \/><\/a><p id=\"caption-attachment-4836\" class=\"wp-caption-text\">M\u00fasica: Jos\u00e9 Luis Garc\u00eda<\/p><\/div>\n<div id=\"attachment_4833\" style=\"width: 235px\" class=\"wp-caption alignnone\"><a href=\"https:\/\/blogsaverroes.juntadeandalucia.es\/ceipjimena\/files\/2024\/10\/Nando-scaled.jpg\"><img loading=\"lazy\" decoding=\"async\" aria-describedby=\"caption-attachment-4833\" class=\"wp-image-4833 size-medium\" src=\"https:\/\/blogsaverroes.juntadeandalucia.es\/ceipjimena\/files\/2024\/10\/Nando-225x300.jpg\" alt=\"E.F. y EPVFernando G\u00f3mez\" width=\"225\" height=\"300\" srcset=\"https:\/\/blogsaverroes.juntadeandalucia.es\/ceipjimena\/files\/2024\/10\/Nando-225x300.jpg 225w, https:\/\/blogsaverroes.juntadeandalucia.es\/ceipjimena\/files\/2024\/10\/Nando-768x1024.jpg 768w, https:\/\/blogsaverroes.juntadeandalucia.es\/ceipjimena\/files\/2024\/10\/Nando-1152x1536.jpg 1152w, https:\/\/blogsaverroes.juntadeandalucia.es\/ceipjimena\/files\/2024\/10\/Nando-1536x2048.jpg 1536w, https:\/\/blogsaverroes.juntadeandalucia.es\/ceipjimena\/files\/2024\/10\/Nando-scaled.jpg 1920w\" sizes=\"(max-width: 225px) 100vw, 225px\" \/><\/a><p id=\"caption-attachment-4833\" class=\"wp-caption-text\">E.F. y EPV: Fernando G\u00f3mez<\/p><\/div>\n<div id=\"attachment_4837\" style=\"width: 235px\" class=\"wp-caption alignnone\"><a href=\"https:\/\/blogsaverroes.juntadeandalucia.es\/ceipjimena\/files\/2024\/10\/Juan-scaled.jpg\"><img loading=\"lazy\" decoding=\"async\" aria-describedby=\"caption-attachment-4837\" class=\"wp-image-4837 size-medium\" src=\"https:\/\/blogsaverroes.juntadeandalucia.es\/ceipjimena\/files\/2024\/10\/Juan-225x300.jpg\" alt=\"Ingl\u00e9s Juan Roca\" width=\"225\" height=\"300\" srcset=\"https:\/\/blogsaverroes.juntadeandalucia.es\/ceipjimena\/files\/2024\/10\/Juan-225x300.jpg 225w, https:\/\/blogsaverroes.juntadeandalucia.es\/ceipjimena\/files\/2024\/10\/Juan-768x1024.jpg 768w, https:\/\/blogsaverroes.juntadeandalucia.es\/ceipjimena\/files\/2024\/10\/Juan-1152x1536.jpg 1152w, https:\/\/blogsaverroes.juntadeandalucia.es\/ceipjimena\/files\/2024\/10\/Juan-1536x2048.jpg 1536w, https:\/\/blogsaverroes.juntadeandalucia.es\/ceipjimena\/files\/2024\/10\/Juan-scaled.jpg 1920w\" sizes=\"(max-width: 225px) 100vw, 225px\" \/><\/a><p id=\"caption-attachment-4837\" class=\"wp-caption-text\">Ingl\u00e9s: Juan Roca<\/p><\/div>\n<div id=\"attachment_4831\" style=\"width: 310px\" class=\"wp-caption alignnone\"><a href=\"https:\/\/blogsaverroes.juntadeandalucia.es\/ceipjimena\/files\/2024\/10\/WhatsApp-Image-2024-10-03-at-15.36.00.jpeg\"><img loading=\"lazy\" decoding=\"async\" aria-describedby=\"caption-attachment-4831\" class=\"size-medium wp-image-4831\" src=\"https:\/\/blogsaverroes.juntadeandalucia.es\/ceipjimena\/files\/2024\/10\/WhatsApp-Image-2024-10-03-at-15.36.00-300x246.jpeg\" alt=\"PT: Sonia Ramiro\" width=\"300\" height=\"246\" srcset=\"https:\/\/blogsaverroes.juntadeandalucia.es\/ceipjimena\/files\/2024\/10\/WhatsApp-Image-2024-10-03-at-15.36.00-300x246.jpeg 300w, https:\/\/blogsaverroes.juntadeandalucia.es\/ceipjimena\/files\/2024\/10\/WhatsApp-Image-2024-10-03-at-15.36.00-1024x839.jpeg 1024w, https:\/\/blogsaverroes.juntadeandalucia.es\/ceipjimena\/files\/2024\/10\/WhatsApp-Image-2024-10-03-at-15.36.00-768x629.jpeg 768w, https:\/\/blogsaverroes.juntadeandalucia.es\/ceipjimena\/files\/2024\/10\/WhatsApp-Image-2024-10-03-at-15.36.00-1536x1259.jpeg 1536w, https:\/\/blogsaverroes.juntadeandalucia.es\/ceipjimena\/files\/2024\/10\/WhatsApp-Image-2024-10-03-at-15.36.00.jpeg 1600w\" sizes=\"(max-width: 300px) 100vw, 300px\" \/><\/a><p id=\"caption-attachment-4831\" class=\"wp-caption-text\">PT Sonia Ramiro<\/p><\/div>\n<p>&nbsp;<\/p>\n<p>&nbsp;<\/p>\n<p>&nbsp;<\/p>\n","protected":false},"excerpt":{"rendered":"<p>TUTORA: VIRGINA ARROYO 3 A\u00d1OS INTANTIL. &nbsp; TUTORA: ANA M\u00ba JIM\u00c9NEZ 4 A\u00d1OS INFANTIL&nbsp; &nbsp; TUTORA: M\u00aa CARMEN COBO 1\u00ba EP TUTORA: CRISTINA HERRERA 2\u00ba&#46;&#46;&#46;<\/p>\n","protected":false},"author":4108,"featured_media":0,"parent":0,"menu_order":0,"comment_status":"closed","ping_status":"closed","template":"","meta":{"ngg_post_thumbnail":0,"footnotes":"","_mc_calendar":[]},"aioseo_notices":[],"_links":{"self":[{"href":"https:\/\/blogsaverroes.juntadeandalucia.es\/ceipjimena\/index.php?rest_route=\/wp\/v2\/pages\/4816"}],"collection":[{"href":"https:\/\/blogsaverroes.juntadeandalucia.es\/ceipjimena\/index.php?rest_route=\/wp\/v2\/pages"}],"about":[{"href":"https:\/\/blogsaverroes.juntadeandalucia.es\/ceipjimena\/index.php?rest_route=\/wp\/v2\/types\/page"}],"author":[{"embeddable":true,"href":"https:\/\/blogsaverroes.juntadeandalucia.es\/ceipjimena\/index.php?rest_route=\/wp\/v2\/users\/4108"}],"replies":[{"embeddable":true,"href":"https:\/\/blogsaverroes.juntadeandalucia.es\/ceipjimena\/index.php?rest_route=%2Fwp%2Fv2%2Fcomments&post=4816"}],"version-history":[{"count":6,"href":"https:\/\/blogsaverroes.juntadeandalucia.es\/ceipjimena\/index.php?rest_route=\/wp\/v2\/pages\/4816\/revisions"}],"predecessor-version":[{"id":4846,"href":"https:\/\/blogsaverroes.juntadeandalucia.es\/ceipjimena\/index.php?rest_route=\/wp\/v2\/pages\/4816\/revisions\/4846"}],"wp:attachment":[{"href":"https:\/\/blogsaverroes.juntadeandalucia.es\/ceipjimena\/index.php?rest_route=%2Fwp%2Fv2%2Fmedia&parent=4816"}],"curies":[{"name":"wp","href":"https:\/\/api.w.org\/{rel}","templated":true}]}}