{"id":6833,"date":"2024-12-27T19:31:07","date_gmt":"2024-12-27T18:31:07","guid":{"rendered":"https:\/\/blogsaverroes.juntadeandalucia.es\/ceipjosecalderon\/?page_id=6833"},"modified":"2026-01-02T19:48:40","modified_gmt":"2026-01-02T18:48:40","slug":"periodico-escolar","status":"publish","type":"page","link":"https:\/\/blogsaverroes.juntadeandalucia.es\/ceipjosecalderon\/periodico-escolar\/","title":{"rendered":"\u201cD\u00eda a d\u00eda\u201d. Peri\u00f3dico Digital del CEIP Jos\u00e9 Calder\u00f3n"},"content":{"rendered":"<p style=\"text-align: center\"><span style=\"font-size: 24pt\">Cuarto n\u00famero. Diciembre 2025<\/span><\/p>\n<p style=\"font-weight: 400\"><strong>Nuestro colegio comenz\u00f3 el curso 2024\/2025 la publicaci\u00f3n del Peri\u00f3dico Digital \u201cD\u00eda a D\u00eda\u201d con participaci\u00f3n de la Comunidad Educativa y la coordinaci\u00f3n de la maestra Ruth Collados P\u00e9rez. Form\u00f3 parte del Programa CIMA, dentro del \u00e1mbito \u201cEducomunicaci\u00f3n\u201d. Se publicaron tres ediciones, una por cada trimestre.<\/strong><\/p>\n<p style=\"font-weight: 400\"><strong>Al obtener Ruth otro destino docente, la maestra Mar\u00eda Jos\u00e9 Criado Hern\u00e1ndez, destinada en nuestro centro, ha cogido el testigo y la edici\u00f3n n\u00ba 4 ha visto la luz coincidiendo con el fin del primer trimestre del presente curso.<\/strong><\/p>\n<p style=\"font-weight: 400\"><strong>Desde este blog y web agradecemos a Ruth que iniciara esta publicaci\u00f3n y a Mar\u00eda Jos\u00e9 que contin\u00fae con nuestro Peri\u00f3dico Digital.<\/strong><\/p>\n<table style=\"border-collapse: collapse;width: 100%\">\n<tbody>\n<tr>\n<td style=\"width: 100%\"><a href=\"https:\/\/www.flipbookpdf.net\/web\/site\/c36147f5255853776ab25e42fd79242b1810247b202601.pdf.html#page\/1\" target=\"_blank\" rel=\"noopener\"><img decoding=\"async\" class=\"aligncenter\" src=\"https:\/\/blogger.googleusercontent.com\/img\/b\/R29vZ2xl\/AVvXsEiQDSa6TqQULehT355i0AuEwXUwuV7c1NCIHsw1TfM_2EubrhALf2s8HzHIlh3ZHybrTkTqRqywVV6l_zYtsrofc1gm1HWx_1qMyyPNV31SHuhlybGPhXsXaTcMiwCMfd2sfMp9QsPMPHjfW12LpVzmJXgILAniDz9yzpd-UrxQ3LOxJ4sMMPjm1r4myOM\/w528-h656\/Portada%20Peri%C3%B3dico%20Digital%204.jpg\"><\/a><\/td>\n<\/tr>\n<tr>\n<td style=\"width: 100%;text-align: center\"><b><a href=\"https:\/\/drive.google.com\/file\/d\/123lYmit7wCPemhdaOD4tUaca9-umx962\/view?usp=sharing\">Pulsa la imagen para ver el Peri\u00f3dico Digital<\/a><\/b><\/td>\n<\/tr>\n<\/tbody>\n<\/table>\n<p>&nbsp;<\/p>\n<p>&nbsp;<\/p>\n<p style=\"text-align: center\"><span style=\"font-size: 24pt\">Tercer n\u00famero. Junio 2025&nbsp;<\/span><\/p>\n<p style=\"font-weight: 400\"><strong>Como hemos venido informando desde nuestro Blog y de nuestra Web, este curso 24\/25 hemos participado en el Programa CIMA en tres \u00e1mbitos. Uno de ellos es el \u00e1mbito Educomunicaci\u00f3n, coordinado por la maestra Ruth Collados.<\/strong><\/p>\n<p style=\"font-weight: 400\"><strong>Una de las tareas de este programa ha sido la confecci\u00f3n de un peri\u00f3dico digital. Ya se han publicado los n\u00fameros 1 y 2, correspondientes al 1er y 2\u00ba trimestre respectivamente.<\/strong><\/p>\n<p style=\"font-weight: 400\"><strong>Pulsando en la imagen de abajo se puede ver el n\u00famero 3, correspondiente al 3er trimestre.<\/strong><\/p>\n<p style=\"font-weight: 400\"><strong>Queremos agradecer a Ruth y al alumnado y profesorado colaborador, la magn\u00edfica redacci\u00f3n y consecuci\u00f3n final de los tres n\u00fameros de nuestro peri\u00f3dico digital \u201cD\u00eda a D\u00eda\u201d en el presente curso 2024\/2025.<\/strong><\/p>\n<table style=\"border-collapse: collapse;width: 100%\">\n<tbody>\n<tr>\n<td style=\"width: 100%\"><a href=\"https:\/\/drive.google.com\/file\/d\/1BkxR5QgK_N4f-ylwrAsyXnVy-viXTkbp\/view?usp=sharing\" target=\"_blank\" rel=\"noopener\"><img loading=\"lazy\" decoding=\"async\" class=\"aligncenter\" src=\"https:\/\/blogger.googleusercontent.com\/img\/b\/R29vZ2xl\/AVvXsEjslKFos0vBa9JI09NlzeXjmFYb7QHqId1bAHgmmBeLukUe4LNoNnw9V4k7dBjqQj7a7gDfee4y5J4mUuOt7jLyAu9Ponm6Pd1HeC0jfj3u-s6GOvxWKqOWNMZn9-18MWYrrlfFR9873TCjlRMdKSPbruH79n5rhpRukp7yLn9qN5bBmVH27pim_3Flni8\/w457-h195\/Portada%20Peri%C3%B3dico%20digital%203.jpg\" width=\"554\" height=\"238\"><\/a><\/td>\n<\/tr>\n<tr>\n<td style=\"width: 100%;text-align: center\"><b>Pulsa la imagen para acceder al peri\u00f3dico digital<\/b><\/td>\n<\/tr>\n<\/tbody>\n<\/table>\n<p>&nbsp;<\/p>\n<p style=\"text-align: center\"><span style=\"font-size: 24pt\">Segundo n\u00famero . Abril 2025<\/span><\/p>\n<p><b>Con el final del segundo trimestre se ha publicado la segunda edici\u00f3n del peri\u00f3dico digital de nuestro colegio \u201cD\u00cdA A D\u00cdA\u201d, editado por el grupo coordinador de 6\u00ba y coordinadora del \u00e1mbito Educomunicaci\u00f3n, dentro del programa CIMA. Desde este Blog y Web queremos dar la enhorabuena a Ruth Collados y al grupo coordinador de alumnado de 6\u00ba, adem\u00e1s del profesorado colaborador en esta magn\u00edfica publicaci\u00f3n.<\/b><\/p>\n<table style=\"border-collapse: collapse;width: 100%;height: 765px\">\n<tbody>\n<tr style=\"height: 742px\">\n<td style=\"width: 100%;height: 742px\"><a href=\"https:\/\/drive.google.com\/file\/d\/1wRyuavWEAJnC5WO4ERvNOEV5h-TVLJz3\/view?usp=sharing\" target=\"_blank\" rel=\"noopener\"><img loading=\"lazy\" decoding=\"async\" class=\"aligncenter\" src=\"https:\/\/blogger.googleusercontent.com\/img\/b\/R29vZ2xl\/AVvXsEjoQPTyzXGKkQSTd7me-_8ySNXapFiHVMnRvAUT8WjCA508W2hrA__TYb75WnauCCNB7JoiEEUsbWiivpEqPrb-Hfo6o8sfwWJOr3e6lIObklBAal9arnb8QQWJPnPu0jqxrRlmbXYWw_PPBBeKbX-4Z9AlwCCwqqaoQyCot-Dm_Nx0yxxAFS4D6SSjOiI\/w460-h647\/Portada%20Peri%C3%B3dico%20Digital.2.jpg\" width=\"545\" height=\"765\"><\/a><\/td>\n<\/tr>\n<tr style=\"height: 23px\">\n<td style=\"width: 100%;text-align: center;height: 23px\"><b>Pulsa la imagen para acceder al peri\u00f3dico digital<\/b><\/td>\n<\/tr>\n<\/tbody>\n<\/table>\n<p>&nbsp;<\/p>\n<p style=\"text-align: center\"><span style=\"font-size: 24pt\">Primer n\u00famero. Diciembre 2024<\/span><\/p>\n<p style=\"font-weight: 400\"><strong>Nuestro colegio participa en el \u00c1mbito Educomunicaci\u00f3n dentro del Programa CIMA de la Consejer\u00eda de Educaci\u00f3n de la Junta de Andaluc\u00eda. La coordinadora de este programa es Ruth Collados, maestra de nuestro colegio. El viernes 20 de diciembre se ha publicado la primera edici\u00f3n del Peri\u00f3dico Digital \u201cD\u00eda a d\u00eda\u201d. En \u00e9l ha participado alumnado de tercer ciclo de Primaria, con la coordinaci\u00f3n de Ruth.<\/strong><\/p>\n<p style=\"font-weight: 400\"><strong>Desde este blog y web felicitamos a Ruth y al alumnado participante por esta primera edici\u00f3n de \u201cD\u00eda a d\u00eda\u201d, ya estamos esperando la publicaci\u00f3n del n\u00famero 2. \u00a1Enhorabuena!<\/strong><\/p>\n<table style=\"border-collapse: collapse;width: 100%\">\n<tbody>\n<tr>\n<td style=\"width: 50%\"><a href=\"https:\/\/flipbookpdf.net\/web\/site\/a07cc46be978059757600b60fdc39818c88d26bd202412.pdf.html\" target=\"_blank\" rel=\"noopener\"><img decoding=\"async\" class=\"aligncenter\" src=\"https:\/\/blogger.googleusercontent.com\/img\/b\/R29vZ2xl\/AVvXsEjJY2XaqVWSh8g-vAq_tnSp8eco6poHLJhOp7O8HS8zQucfVUeROKvos8bFyfiDWLlXYkJcA4mEGziSjzvv_HNSDzd78tzwgCwTdBmfy-J59l1stdSWs_NZJJovzUG8whJijmClFyO3uVagJegql2QF-quGxYkvtKpDlYVa3R8MAUdfgPRxu5uPHxx_Wvc\/w463-h635\/Portada%20peri%C3%B3dico.jpg\"><\/a><\/td>\n<td style=\"width: 50%\"><a href=\"https:\/\/drive.google.com\/file\/d\/199L4bV1cwp8k37WxWZIxRfaGejbqlcz6\/view?usp=sharing\" target=\"_blank\" rel=\"noopener\"><img decoding=\"async\" class=\"aligncenter\" src=\"https:\/\/blogger.googleusercontent.com\/img\/b\/R29vZ2xl\/AVvXsEhTRlpP9e0dRnYVDND5Wozyoo88NQp0Qi4PzMtNFsukKTzudCGOfnk4q1vY0ZKhi9mcTx0kV1fzP2YA3M95QdSF2VtmADt65llxt2UUDZh6Vv7Tz3oZivujR0QfTqOjz-GLuUY5-FrhEy-WLlV6hNtW3_GLpa9mtzr_yazoaVCL8_hXXDhJwnz1pKuIDIQ\/w459-h698\/Hoja%20peri%C3%B3dico%20digital.jpg\"><\/a><\/td>\n<\/tr>\n<tr>\n<td style=\"width: 50%;text-align: center\"><b>Pulsa la imagen para ver el peri\u00f3dico en formato Flipbook<\/b><\/td>\n<td style=\"width: 50%;text-align: center\"><b>Pulsa la imagen para ver el peri\u00f3dico en formato PDF<\/b><\/td>\n<\/tr>\n<\/tbody>\n<\/table>\n","protected":false},"excerpt":{"rendered":"<p>Cuarto n\u00famero. Diciembre 2025 Nuestro colegio comenz\u00f3 el curso 2024\/2025 la publicaci\u00f3n del Peri\u00f3dico Digital \u201cD\u00eda a D\u00eda\u201d con participaci\u00f3n de la Comunidad Educativa y la coordinaci\u00f3n de la maestra Ruth Collados P\u00e9rez. Form\u00f3 parte del Programa CIMA, dentro del \u00e1mbito \u201cEducomunicaci\u00f3n\u201d. Se publicaron tres ediciones, una por cada trimestre. Al obtener Ruth otro destino [&hellip;]<\/p>\n","protected":false},"author":18127,"featured_media":0,"parent":0,"menu_order":0,"comment_status":"closed","ping_status":"closed","template":"","meta":{"_et_pb_use_builder":"","_et_pb_old_content":"","_et_gb_content_width":"","ngg_post_thumbnail":0,"footnotes":""},"aioseo_notices":[],"_links":{"self":[{"href":"https:\/\/blogsaverroes.juntadeandalucia.es\/ceipjosecalderon\/wp-json\/wp\/v2\/pages\/6833"}],"collection":[{"href":"https:\/\/blogsaverroes.juntadeandalucia.es\/ceipjosecalderon\/wp-json\/wp\/v2\/pages"}],"about":[{"href":"https:\/\/blogsaverroes.juntadeandalucia.es\/ceipjosecalderon\/wp-json\/wp\/v2\/types\/page"}],"author":[{"embeddable":true,"href":"https:\/\/blogsaverroes.juntadeandalucia.es\/ceipjosecalderon\/wp-json\/wp\/v2\/users\/18127"}],"replies":[{"embeddable":true,"href":"https:\/\/blogsaverroes.juntadeandalucia.es\/ceipjosecalderon\/wp-json\/wp\/v2\/comments?post=6833"}],"version-history":[{"count":6,"href":"https:\/\/blogsaverroes.juntadeandalucia.es\/ceipjosecalderon\/wp-json\/wp\/v2\/pages\/6833\/revisions"}],"predecessor-version":[{"id":7795,"href":"https:\/\/blogsaverroes.juntadeandalucia.es\/ceipjosecalderon\/wp-json\/wp\/v2\/pages\/6833\/revisions\/7795"}],"wp:attachment":[{"href":"https:\/\/blogsaverroes.juntadeandalucia.es\/ceipjosecalderon\/wp-json\/wp\/v2\/media?parent=6833"}],"curies":[{"name":"wp","href":"https:\/\/api.w.org\/{rel}","templated":true}]}}