{"id":1259,"date":"2023-03-06T13:23:29","date_gmt":"2023-03-06T12:23:29","guid":{"rendered":"https:\/\/blogsaverroes.juntadeandalucia.es\/ceipjosefafrias\/?page_id=1259"},"modified":"2023-05-25T09:06:29","modified_gmt":"2023-05-25T08:06:29","slug":"radio-italico","status":"publish","type":"page","link":"https:\/\/blogsaverroes.juntadeandalucia.es\/ceipjosefafrias\/radio-italico\/","title":{"rendered":"Radio It\u00e1lico"},"content":{"rendered":"<p><span style=\"font-size: 12pt;font-family: arial, helvetica, sans-serif;color: #000000\">En el presente curso escolar 2022-23 nuestro colegio ha puesto en marcha su primera radio escolar &#8220;Radio It\u00e1lico&#8221; desde el \u00e1rea de Atenci\u00f3n Educativa en el nivel de 5\u00ba de Educaci\u00f3n Primaria. Os dejamos el primer programa:<\/span><\/p>\n<p><span style=\"font-size: 18pt\"><strong><span style=\"color: #ff0000\">1\u00ba PROGRAMA &#8220;LA PAZ&#8221;<\/span><\/strong><\/span><\/p>\n<p><iframe loading=\"lazy\" title=\"Radio It\u00e1lico  Programa 1 &quot;La Paz&quot;\" width=\"1080\" height=\"608\" src=\"https:\/\/www.youtube.com\/embed\/m6B5UQLY2dM?feature=oembed\"  allow=\"accelerometer; autoplay; clipboard-write; encrypted-media; gyroscope; picture-in-picture; web-share\" allowfullscreen><\/iframe><\/p>\n<p><strong><span style=\"color: #ff0000;font-size: 18pt\">2\u00ba PROGRAMA &#8220;AMOR Y AMISTAD&#8221;<\/span><\/strong><\/p>\n<p><iframe loading=\"lazy\" title=\"Radio It\u00e1lico Programa 2 &quot;Amor y amistad&quot;\" width=\"1080\" height=\"608\" src=\"https:\/\/www.youtube.com\/embed\/QgSZmCcpoyo?feature=oembed\"  allow=\"accelerometer; autoplay; clipboard-write; encrypted-media; gyroscope; picture-in-picture; web-share\" allowfullscreen><\/iframe><\/p>\n<p><strong><span style=\"color: #ff0000;font-size: 18pt\">3\u00ba PROGRAMA &#8220;\u00a1BIENVENIDO ABRIL!&#8221;<\/span><\/strong><\/p>\n<p><iframe loading=\"lazy\" title=\"PROGRAMA 3  &quot;\u00a1BIENVENIDO ABRIL!&quot;\" width=\"1080\" height=\"608\" src=\"https:\/\/www.youtube.com\/embed\/jozP4ReVg8c?feature=oembed\"  allow=\"accelerometer; autoplay; clipboard-write; encrypted-media; gyroscope; picture-in-picture; web-share\" allowfullscreen><\/iframe><\/p>\n<p><strong><span style=\"color: #ff0000;font-size: 18pt\">4\u00ba PROGRAMA &#8220;\u00a1FINAL DE TEMPORADA!&#8221;<\/span><\/strong><\/p>\n<p><iframe loading=\"lazy\" title=\"Programa 4 &quot;\u00a1FINAL DE TEMPORADA!&quot;\" width=\"1080\" height=\"608\" src=\"https:\/\/www.youtube.com\/embed\/KHBOLfs1IZo?feature=oembed\"  allow=\"accelerometer; autoplay; clipboard-write; encrypted-media; gyroscope; picture-in-picture; web-share\" allowfullscreen><\/iframe><\/p>\n<p>&nbsp;<\/p>\n","protected":false},"excerpt":{"rendered":"<p>En el presente curso escolar 2022-23 nuestro colegio ha puesto en marcha su primera radio escolar &#8220;Radio It\u00e1lico&#8221; desde el \u00e1rea de Atenci\u00f3n Educativa en el nivel de 5\u00ba de Educaci\u00f3n Primaria. Os dejamos el primer programa: 1\u00ba PROGRAMA &#8220;LA PAZ&#8221; 2\u00ba PROGRAMA &#8220;AMOR Y AMISTAD&#8221; 3\u00ba PROGRAMA &#8220;\u00a1BIENVENIDO ABRIL!&#8221; 4\u00ba PROGRAMA &#8220;\u00a1FINAL DE TEMPORADA!&#8221; [&hellip;]<\/p>\n","protected":false},"author":2217,"featured_media":0,"parent":0,"menu_order":0,"comment_status":"closed","ping_status":"closed","template":"","meta":{"_et_pb_use_builder":"","_et_pb_old_content":"","_et_gb_content_width":"","ngg_post_thumbnail":0,"footnotes":""},"aioseo_notices":[],"_links":{"self":[{"href":"https:\/\/blogsaverroes.juntadeandalucia.es\/ceipjosefafrias\/wp-json\/wp\/v2\/pages\/1259"}],"collection":[{"href":"https:\/\/blogsaverroes.juntadeandalucia.es\/ceipjosefafrias\/wp-json\/wp\/v2\/pages"}],"about":[{"href":"https:\/\/blogsaverroes.juntadeandalucia.es\/ceipjosefafrias\/wp-json\/wp\/v2\/types\/page"}],"author":[{"embeddable":true,"href":"https:\/\/blogsaverroes.juntadeandalucia.es\/ceipjosefafrias\/wp-json\/wp\/v2\/users\/2217"}],"replies":[{"embeddable":true,"href":"https:\/\/blogsaverroes.juntadeandalucia.es\/ceipjosefafrias\/wp-json\/wp\/v2\/comments?post=1259"}],"version-history":[{"count":6,"href":"https:\/\/blogsaverroes.juntadeandalucia.es\/ceipjosefafrias\/wp-json\/wp\/v2\/pages\/1259\/revisions"}],"predecessor-version":[{"id":1329,"href":"https:\/\/blogsaverroes.juntadeandalucia.es\/ceipjosefafrias\/wp-json\/wp\/v2\/pages\/1259\/revisions\/1329"}],"wp:attachment":[{"href":"https:\/\/blogsaverroes.juntadeandalucia.es\/ceipjosefafrias\/wp-json\/wp\/v2\/media?parent=1259"}],"curies":[{"name":"wp","href":"https:\/\/api.w.org\/{rel}","templated":true}]}}