{"id":10522,"date":"2018-11-27T18:57:33","date_gmt":"2018-11-27T18:57:33","guid":{"rendered":"https:\/\/blogsaverroes.juntadeandalucia.es\/ceipjosefinaaldecoa\/?page_id=10522"},"modified":"2018-12-27T19:26:22","modified_gmt":"2018-12-27T19:26:22","slug":"consejo-escolar-20182020","status":"publish","type":"page","link":"https:\/\/blogsaverroes.juntadeandalucia.es\/ceipjosefinaaldecoa\/consejo-escolar-20182020\/","title":{"rendered":"Consejo Escolar 2018\/2020"},"content":{"rendered":"<div>&nbsp;<\/div>\n<div>\n<table style=\"width: 794px;height: 1173px;border: 5px solid #030000\" cellspacing=\"4\" cellpadding=\"4\" border=\"5\">\n<tbody>\n<tr style=\"background-color: #006400\">\n<td style=\"background-color: #008000;height: 25px;border-color: #050000;width: 742px\" colspan=\"2\">\n<div style=\"text-align: center\"><span style=\"font-family: Verdana, Arial, Helvetica, sans-serif;color: #ffffff;font-size: 24pt\"><strong>Consejo Escolar<\/strong><\/span><\/div>\n<\/td>\n<\/tr>\n<tr style=\"background-color: #98fb98\">\n<td style=\"height: 25px;border-color: #050000;text-align: left;background-color: #98fb98;width: 328.067px\">\n<div><span style=\"color: #000000;font-size: 14pt;font-family: 'book antiqua', palatino, serif\">Presidenta del C.E y <\/span><\/div>\n<div><span style=\"color: #000000;font-size: 14pt;font-family: 'book antiqua', palatino, serif\">Directora del CEIP<\/span><\/div>\n<\/td>\n<td style=\"height: 25px;border-color: #050000;background-color: #98fb98;text-align: center;width: 413.933px\"><span style=\"color: #000000;font-size: 14pt;font-family: 'book antiqua', palatino, serif\">Carmen Garnica Ram\u00edrez<\/span><\/td>\n<\/tr>\n<tr style=\"background-color: #98fb98\">\n<td style=\"height: 25px;border-color: #050000;text-align: left;background-color: #98fb98;width: 328.067px\"><span style=\"color: #000000;font-size: 14pt;font-family: 'book antiqua', palatino, serif\">Jefa de estudios<\/span><\/td>\n<td style=\"height: 25px;border-color: #050000;background-color: #98fb98;text-align: center;width: 413.933px\"><span style=\"color: #000000;font-size: 14pt;font-family: 'book antiqua', palatino, serif\">Lorena G\u00e1mez Co\u00edn <\/span><\/td>\n<\/tr>\n<tr style=\"background-color: #98fb98\">\n<td style=\"height: 25px;border-color: #050000;text-align: left;background-color: #98fb98;width: 328.067px\"><span style=\"color: #000000;font-size: 14pt;font-family: 'book antiqua', palatino, serif\">Secretaria<\/span><\/td>\n<td style=\"height: 25px;border-color: #050000;background-color: #98fb98;text-align: center;width: 413.933px\"><span style=\"color: #000000;font-size: 14pt;font-family: 'book antiqua', palatino, serif\">&nbsp;M\u00aa Gracia C\u00f3rdoba&nbsp;Medinaa<br \/>\n<\/span><\/td>\n<\/tr>\n<tr style=\"background-color: #98fb98\">\n<td style=\"height: 25px;border-color: #050000;text-align: left;background-color: #98fb98;width: 328.067px\">\n<div><span style=\"color: #000000;font-size: 14pt;font-family: 'book antiqua', palatino, serif\">Representaci\u00f3n del profesorado<\/span><\/div>\n<\/td>\n<td style=\"height: 25px;border-color: #050000;text-align: left;background-color: #98fb98;width: 413.933px\">\n<p style=\"text-align: center\"><span style=\"font-family: 'book antiqua', palatino, serif\"><span style=\"color: #000000;font-size: 14pt\">Pedro J. Bonilla<\/span><\/span><\/p>\n<p style=\"text-align: center\"><span style=\"font-family: 'book antiqua', palatino, serif\"><span style=\"font-size: 14pt\"><span style=\"color: #000000\">Zita Galiana<\/span><\/span><\/span><\/p>\n<p style=\"text-align: center\"><span style=\"color: #000000;font-size: 14pt;font-family: 'book antiqua', palatino, serif\">Pilar Manzano<\/span><\/p>\n<p style=\"text-align: center\"><span style=\"color: #000000;font-size: 14pt;font-family: 'book antiqua', palatino, serif\">Raquel Mu\u00f1oz <\/span><\/p>\n<p style=\"text-align: center\"><span style=\"color: #000000;font-size: 14pt;font-family: 'book antiqua', palatino, serif\">Adela O\u00f1a <\/span><\/p>\n<p style=\"text-align: center\"><span style=\"color: #000000;font-size: 14pt;font-family: 'book antiqua', palatino, serif\">M\u00aa Jos\u00e9 Palma <\/span><\/p>\n<p style=\"text-align: center\"><span style=\"color: #000000;font-size: 14pt;font-family: 'book antiqua', palatino, serif\">Yolanda Palomo <\/span><\/p>\n<p style=\"text-align: center\"><span style=\"color: #000000;font-size: 14pt;font-family: 'book antiqua', palatino, serif\">Rosa M\u00aa S\u00e1nchez<\/span><\/p>\n<\/td>\n<\/tr>\n<tr style=\"background-color: #98fb98\">\n<td style=\"height: 25px;border-color: #050000;text-align: left;background-color: #98fb98;width: 328.067px\">\n<div><span style=\"color: #000000;font-size: 14pt;font-family: 'book antiqua', palatino, serif\">Representaci\u00f3n de Madres y Padres<\/span><\/div>\n<\/td>\n<td style=\"height: 25px;border-color: #050000;text-align: left;background-color: #98fb98;width: 413.933px\">\n<p style=\"text-align: center\"><span style=\"font-family: 'book antiqua', palatino, serif\"><span style=\"color: #000000;font-size: 14pt\">Sergio Atencia<\/span><\/span><\/p>\n<p style=\"text-align: center\"><span style=\"font-family: 'book antiqua', palatino, serif\"><span style=\"color: #000000;font-size: 14pt\">Karim El-Abdellah<\/span><\/span><\/p>\n<p style=\"text-align: center\"><span style=\"font-family: 'book antiqua', palatino, serif\"><span style=\"color: #000000;font-size: 14pt\">Elena D. Flores<\/span><\/span><span style=\"font-family: 'book antiqua', palatino, serif\"><span style=\"color: #000000;font-size: 14pt\"><br \/>\n<\/span><\/span><\/p>\n<p style=\"text-align: center\"><span style=\"color: #000000;font-size: 14pt;font-family: 'book antiqua', palatino, serif\">\u00c1ngel Gal\u00e1n<\/span><\/p>\n<p style=\"text-align: center\"><span style=\"color: #000000;font-size: 14pt;font-family: 'book antiqua', palatino, serif\">Sheila Garc\u00eda<\/span><\/p>\n<p style=\"text-align: center\"><span style=\"color: #000000;font-size: 14pt;font-family: 'book antiqua', palatino, serif\">Amparo Marina<\/span><\/p>\n<p style=\"text-align: center\"><span style=\"color: #000000;font-size: 14pt;font-family: 'book antiqua', palatino, serif\">M\u00aa Bel\u00e9n Valverde<\/span><\/p>\n<p style=\"text-align: center\"><span style=\"color: #000000;font-size: 14pt;font-family: 'book antiqua', palatino, serif\">Beatriz Villagrasa<br \/>\n<\/span><\/p>\n<p style=\"text-align: center\"><span style=\"color: #000000;font-size: 14pt;font-family: 'book antiqua', palatino, serif\">In\u00e9s Valpuesta (AMPA)<\/span><\/p>\n<\/td>\n<\/tr>\n<tr style=\"background-color: #98fb98\">\n<td style=\"height: 25px;border-color: #050000;text-align: left;background-color: #98fb98;width: 328.067px\">\n<div>\n<p>&nbsp;<\/p>\n<p style=\"text-align: left\"><span style=\"color: #000000\"><span style=\"font-size: 14pt;font-family: 'book antiqua', palatino, serif\">Representaci\u00f3n <\/span><span style=\"font-size: 14pt;font-family: 'book antiqua', palatino, serif\">personal de administraci\u00f3n y servicio.<\/span><\/span><\/p>\n<p>&nbsp;<\/p>\n<\/div>\n<\/td>\n<td style=\"height: 25px;border-color: #050000;background-color: #98fb98;text-align: center;width: 413.933px\"><span style=\"color: #000000;font-size: 14pt;font-family: 'book antiqua', palatino, serif\">&nbsp;&nbsp; J. Guillermo Rando<\/span><\/td>\n<\/tr>\n<tr style=\"background-color: #98fb98\">\n<td style=\"height: 25px;border-color: #050000;text-align: left;background-color: #98fb98;width: 328.067px\">\n<div>&nbsp;<\/div>\n<div>&nbsp;<\/div>\n<div><span style=\"font-size: 14pt;font-family: 'book antiqua', palatino, serif;color: #000000\">Representaci\u00f3n de la administraci\u00f3n local<\/span><\/div>\n<p>&nbsp;<\/td>\n<td style=\"height: 25px;border-color: #050000;background-color: #98fb98;text-align: center;width: 413.933px\"><span style=\"font-size: 14pt;font-family: 'book antiqua', palatino, serif;color: #000000\">&nbsp;&nbsp; Jos\u00e9 Luis P\u00e9rez (Concejal del Ayuntamiento)<br \/>\n<\/span><\/td>\n<\/tr>\n<\/tbody>\n<\/table>\n<\/div>\n","protected":false},"excerpt":{"rendered":"<p>&nbsp; Consejo Escolar Presidenta del C.E y Directora del CEIP Carmen Garnica Ram\u00edrez Jefa de estudios Lorena G\u00e1mez Co\u00edn Secretaria &nbsp;M\u00aa Gracia C\u00f3rdoba&nbsp;Medinaa Representaci\u00f3n del profesorado Pedro J. Bonilla Zita Galiana Pilar Manzano Raquel Mu\u00f1oz Adela O\u00f1a M\u00aa Jos\u00e9 Palma Yolanda Palomo&#46;&#46;&#46;<\/p>\n","protected":false},"author":2825,"featured_media":0,"parent":0,"menu_order":0,"comment_status":"closed","ping_status":"closed","template":"","meta":{"ngg_post_thumbnail":0,"footnotes":"","_mc_calendar":[]},"aioseo_notices":[],"_links":{"self":[{"href":"https:\/\/blogsaverroes.juntadeandalucia.es\/ceipjosefinaaldecoa\/wp-json\/wp\/v2\/pages\/10522"}],"collection":[{"href":"https:\/\/blogsaverroes.juntadeandalucia.es\/ceipjosefinaaldecoa\/wp-json\/wp\/v2\/pages"}],"about":[{"href":"https:\/\/blogsaverroes.juntadeandalucia.es\/ceipjosefinaaldecoa\/wp-json\/wp\/v2\/types\/page"}],"author":[{"embeddable":true,"href":"https:\/\/blogsaverroes.juntadeandalucia.es\/ceipjosefinaaldecoa\/wp-json\/wp\/v2\/users\/2825"}],"replies":[{"embeddable":true,"href":"https:\/\/blogsaverroes.juntadeandalucia.es\/ceipjosefinaaldecoa\/wp-json\/wp\/v2\/comments?post=10522"}],"version-history":[{"count":3,"href":"https:\/\/blogsaverroes.juntadeandalucia.es\/ceipjosefinaaldecoa\/wp-json\/wp\/v2\/pages\/10522\/revisions"}],"predecessor-version":[{"id":10527,"href":"https:\/\/blogsaverroes.juntadeandalucia.es\/ceipjosefinaaldecoa\/wp-json\/wp\/v2\/pages\/10522\/revisions\/10527"}],"wp:attachment":[{"href":"https:\/\/blogsaverroes.juntadeandalucia.es\/ceipjosefinaaldecoa\/wp-json\/wp\/v2\/media?parent=10522"}],"curies":[{"name":"wp","href":"https:\/\/api.w.org\/{rel}","templated":true}]}}