{"id":11801,"date":"2018-09-02T00:16:39","date_gmt":"2018-09-02T00:16:39","guid":{"rendered":"https:\/\/blogsaverroes.juntadeandalucia.es\/ceipjosefinaaldecoa\/?page_id=11801"},"modified":"2021-03-01T00:42:58","modified_gmt":"2021-03-01T00:42:58","slug":"habitos-de-vida-saludable","status":"publish","type":"page","link":"https:\/\/blogsaverroes.juntadeandalucia.es\/ceipjosefinaaldecoa\/habitos-de-vida-saludable\/","title":{"rendered":"H\u00e1bitos de vida saludable"},"content":{"rendered":"<p><img loading=\"lazy\" decoding=\"async\" class=\"aligncenter size-large wp-image-14341\" src=\"https:\/\/blogsaverroes.juntadeandalucia.es\/ceipjosefinaaldecoa\/files\/2021\/03\/Banner-portal-HVS-1024x390.png\" alt=\"H\u00e1bitos de vida saludable\" width=\"1024\" height=\"390\" srcset=\"https:\/\/blogsaverroes.juntadeandalucia.es\/ceipjosefinaaldecoa\/files\/2021\/03\/Banner-portal-HVS-1024x390.png 1024w, https:\/\/blogsaverroes.juntadeandalucia.es\/ceipjosefinaaldecoa\/files\/2021\/03\/Banner-portal-HVS-300x114.png 300w, https:\/\/blogsaverroes.juntadeandalucia.es\/ceipjosefinaaldecoa\/files\/2021\/03\/Banner-portal-HVS-768x292.png 768w, https:\/\/blogsaverroes.juntadeandalucia.es\/ceipjosefinaaldecoa\/files\/2021\/03\/Banner-portal-HVS-1536x584.png 1536w, https:\/\/blogsaverroes.juntadeandalucia.es\/ceipjosefinaaldecoa\/files\/2021\/03\/Banner-portal-HVS-2048x779.png 2048w, https:\/\/blogsaverroes.juntadeandalucia.es\/ceipjosefinaaldecoa\/files\/2021\/03\/Banner-portal-HVS.png 1600w\" sizes=\"(max-width: 1024px) 100vw, 1024px\" \/><\/p>\n<p style=\"text-align: right\"><strong>Coordinadora :&nbsp; M\u00aa Jos\u00e9 <\/strong><b>Palma<\/b><\/p>\n<p style=\"text-align: justify\"><span style=\"font-size: 14pt\">El Programa Educativo para la Promoci\u00f3n de H\u00e1bitos de Vida Saludable est\u00e1 destinado a los centros docentes de Andaluc\u00eda sostenidos con fondos p\u00fablicos, con excepci\u00f3n de los universitarios en sus dos modalidades: <strong><span style=\"text-decoration: underline\">Creciendo en Salud<\/span> para centros que imparten ense\u00f1anzas de educaci\u00f3n infantil, educaci\u00f3n especial y educaci\u00f3n primaria<\/strong>, o Forma Joven en el \u00e1mbito educativo para centros educativos que imparten ense\u00f1anzas de educaci\u00f3n secundaria (obligatoria y postobligatoria).&nbsp;<\/span><\/p>\n<p style=\"text-align: justify\"><span style=\"font-size: 14pt\"><strong><span style=\"color: #000000\">OBJETIVOS GENERALES<\/span><\/strong><\/span><\/p>\n<p style=\"text-align: justify\"><span style=\"color: #000000;font-size: 14pt\">Las personas podemos tomar decisiones sobre nuestros propios estilos y condiciones de vida, por ello, resulta&nbsp;fundamental capacitar al alumnado en esta toma de decisiones, para que la elecci\u00f3n m\u00e1s sencilla sea la m\u00e1s saludable,&nbsp;promoviendo el aprendizaje activo, la interacci\u00f3n y la integraci\u00f3n social, el desarrollo de la capacidad cr\u00edtica y creativa, as\u00ed como,&nbsp;la b\u00fasqueda de soluciones ante situaciones de riesgo para la salud.<\/span><br \/>\n<span style=\"color: #000000;font-size: 14pt\">Con esta finalidad se plantean los siguientes objetivos:<\/span><br \/>\n<span style=\"color: #000000;font-size: 14pt\">\u2022 Contribuir al desarrollo de competencias y capacidades que permitan al alumnado afrontar los riesgos para la salud m\u00e1s&nbsp;frecuentes en estas edades, favoreciendo la elecci\u00f3n de conductas saludables.<\/span><br \/>\n<span style=\"color: #000000;font-size: 14pt\">\u2022 Promover aptitudes que permitan tomar conciencia de las emociones propias y de los dem\u00e1s, as\u00ed como aprender a&nbsp;regularlas, mediante estrategias que favorezcan el desarrollo personal y social.<\/span><br \/>\n<span style=\"color: #000000;font-size: 14pt\">\u2022 Desarrollar habilidades que potencien la autonom\u00eda emocional, una actitud positiva hacia uno mismo y hacia los dem\u00e1s,&nbsp;as\u00ed como estrategias que permitan afrontar los retos de la vida de forma sana y equilibrada.<\/span><br \/>\n<span style=\"color: #000000;font-size: 14pt\">\u2022 Sensibilizar sobre la importancia de realizar actividad f\u00edsica y llevar una alimentaci\u00f3n variada y equilibrada basada en la&nbsp;dieta mediterr\u00e1nea, haciendo especial \u00e9nfasis en el aumento del consumo de frutas y hortalizas y en la disminuci\u00f3n del&nbsp;consumo de bebidas azucaradas.<\/span><br \/>\n<span style=\"color: #000000;font-size: 14pt\">\u2022 Promover la adquisici\u00f3n de h\u00e1bitos relacionados con la higiene y el autocuidado.<\/span><br \/>\n<span style=\"color: #000000;font-size: 14pt\">\u2022 Favorecer el desarrollo de competencias relacionadas con el sentido vial: la observaci\u00f3n visual o auditiva, la noci\u00f3n&nbsp;espacial, la prudencia o la pronta decisi\u00f3n.<\/span><br \/>\n<span style=\"color: #000000;font-size: 14pt\">\u2022 Ofrecer estrategias para un uso responsable de las tecnolog\u00edas de la informaci\u00f3n y comunicaci\u00f3n, fortaleciendo la&nbsp;relaci\u00f3n entre padres, madres, hijos e hijas y fomentando valores y actitudes positivas hacia las mismas.<\/span><br \/>\n<span style=\"color: #000000;font-size: 14pt\">\u2022 Retrasar la edad de inicio de consumo de sustancias adictivas, incidiendo en los factores de riesgo y de protecci\u00f3n que&nbsp;se relacionan con la probabilidad de uso de tabaco, de alcohol y de otras sustancias o conductas adictivas.<\/span><br \/>\n<span style=\"color: #000000;font-size: 14pt\">\u2022 Facilitar el intercambio, el di\u00e1logo y la discusi\u00f3n productiva entre los grupos de iguales, dotando de estrategias de&nbsp;difusi\u00f3n de las opiniones.<\/span><br \/>\n<span style=\"color: #000000;font-size: 14pt\">\u2022 Hacer part\u00edcipes a las familias, fomentando su colaboraci\u00f3n en la promoci\u00f3n de la salud y la prevenci\u00f3n de adicciones.<\/span><br \/>\n<span style=\"color: #000000;font-size: 14pt\">\u2022 Mejorar el entorno del centro en su dimensi\u00f3n f\u00edsica, y social y medioambiental mediante estrategias de estudio, valoraci\u00f3n y actuaci\u00f3n para la promoci\u00f3n de la salud y el bienestar general de la comunidad, de cara a incrementar los activos que protegen y mejoran la salud hacia entornos m\u00e1s sostenibles y saludables.<\/span><\/p>\n<p style=\"text-align: justify\"><span style=\"font-size: 14pt\"><strong> L\u00cdNEAS DE INTERVENCI\u00d3N. BLOQUES TEM\u00c1TICOS<\/strong><\/span><\/p>\n<p style=\"text-align: justify\"><span style=\"color: #000000;font-size: 14pt\">Creciendo en Salud pone a disposici\u00f3n de los centros docentes destinatarios las siguientes L\u00edneas de Intervenci\u00f3n:<\/span><\/p>\n<p style=\"text-align: justify\"><span style=\"color: #000000;font-size: 14pt\">\u2022 <strong>Educaci\u00f3n Emocional.<\/strong> La educaci\u00f3n emocional consiste en un proceso educativo, continuo y permanente que&nbsp;<\/span><span style=\"color: #000000;font-size: 14pt\">pretende potenciar en el alumnado la adquisici\u00f3n de competencias emocionales tales como: conciencia emocional,&nbsp;<\/span><span style=\"color: #000000;font-size: 14pt\">regulaci\u00f3n emocional, autonom\u00eda emocional, competencia social y competencias para la vida y el bienestar, con objeto&nbsp;<\/span><span style=\"color: #000000;font-size: 14pt\">de capacitarle para la vida y aumentar su bienestar personal y social.<\/span><br \/>\n<span style=\"color: #000000;font-size: 14pt\">Dada su relevancia, el desarrollo de esta L\u00ednea de Intervenci\u00f3n es imprescindible para alcanzar&nbsp;<\/span><span style=\"color: #000000;font-size: 14pt\">cualquier objetivo en la promoci\u00f3n de la salud y prevenci\u00f3n de drogodependencias y adicciones, por lo&nbsp;<\/span><span style=\"color: #000000;font-size: 14pt\">que su desarrollo ser\u00e1 de car\u00e1cter obligatorio.<\/span><\/p>\n<p style=\"text-align: justify\"><span style=\"color: #000000;font-size: 14pt\">\u2022 <strong>Estilos de Vida Saludable.<\/strong> Los estilos de vida de las personas, es decir, el conjunto de conductas habituales que<\/span><br \/>\n<span style=\"color: #000000;font-size: 14pt\">configuran su modo de vivir es uno de los factores que m\u00e1s influye en la salud.<\/span><br \/>\n<span style=\"color: #000000;font-size: 14pt\">Los cambios sociales y laborales de la sociedad espa\u00f1ola han provocado importantes modificaciones en estos estilos de&nbsp;<\/span><span style=\"color: #000000;font-size: 14pt\">vida que han llevado a un alejamiento de la dieta mediterr\u00e1nea y al incremento del sedentarismo, lo que ha supuesto un&nbsp;<\/span><span style=\"color: #000000;font-size: 14pt\">aumento de la obesidad infantil. Por ello, resulta imprescindible facilitar al alumnado las claves para una alimentaci\u00f3n<\/span><br \/>\n<span style=\"color: #000000;font-size: 14pt\">saludable a la vez que se potencia la pr\u00e1ctica de actividad f\u00edsica, por los beneficios f\u00edsicos, mentales y sociales que&nbsp;<\/span><span style=\"color: #000000;font-size: 14pt\">proporciona, facilitando pautas para combatir la presi\u00f3n medi\u00e1tica y publicitaria de productos y alimentos poco&nbsp;<\/span><span style=\"color: #000000;font-size: 14pt\">saludables, y contrarrestando los malos h\u00e1bitos que por desinformaci\u00f3n se dan en muchas familias.<\/span><\/p>\n<p style=\"text-align: justify\"><span style=\"color: #000000;font-size: 14pt\">\u2022 <strong>Autocuidados y Accidentalidad.<\/strong> La edad adecuada para asimilar una serie de conceptos sobre el cuidado y la&nbsp;<\/span><span style=\"color: #000000;font-size: 14pt\">higiene corporal y convertirlos en h\u00e1bitos de conducta saludable se sit\u00faa entre los 6 y 14 a\u00f1os. Estos h\u00e1bitos se&nbsp;<\/span><span style=\"color: #000000;font-size: 14pt\">adquieren en la infancia a trav\u00e9s de un proceso de educaci\u00f3n que corresponde fundamentalmente a las familias,&nbsp; pero&nbsp;<\/span><span style=\"color: #000000;font-size: 14pt\">en el que la colaboraci\u00f3n del profesorado es imprescindible con estrategias de aprendizaje que favorezcan su&nbsp;<\/span><span style=\"color: #000000;font-size: 14pt\">adquisici\u00f3n y que perduren durante toda la vida, y desarrollando en muchos casos labores compensatorias ante la&nbsp;<\/span><span style=\"color: #000000;font-size: 14pt\">imposibilidad de que la familia otorgue la formaci\u00f3n b\u00e1sica en lo referente al cuidado de la salud y, en particular, a los&nbsp;<\/span><span style=\"color: #000000;font-size: 14pt\">autocuidados.<\/span><\/p>\n<p style=\"text-align: justify\"><span style=\"color: #000000;font-size: 14pt\">\u25aa <strong>Educaci\u00f3n Vial.<\/strong> Dada la complejidad del tr\u00e1fico en las v\u00edas urbanas e interurbanas y que la poblaci\u00f3n infantil&nbsp;<\/span><span style=\"color: #000000;font-size: 14pt\">constituye uno de los principales grupos de riesgo, se hace necesario a trav\u00e9s de esta L\u00ednea de Intervenci\u00f3n,&nbsp;<\/span><span style=\"color: #000000;font-size: 14pt\">dar a conocer al alumnado determinadas medidas de defensa y seguridad que les protejan de los peligros&nbsp;<\/span><span style=\"color: #000000;font-size: 14pt\">derivados del uso de las v\u00edas p\u00fablicas, bien como peatones, ciclistas o como usuarios y usuarias de los medios&nbsp;<\/span><span style=\"color: #000000;font-size: 14pt\">de transporte.<\/span><\/p>\n<p style=\"text-align: justify\"><span style=\"color: #000000;font-size: 14pt\">\u2022 <strong>Uso Positivo de las Tecnolog\u00edas de la Informaci\u00f3n y de la Comunicaci\u00f3n.<\/strong> Las Tecnolog\u00edas de la Informaci\u00f3n y&nbsp;<\/span><span style=\"color: #000000;font-size: 14pt\">de la Comunicaci\u00f3n (TIC) han supuesto la modificaci\u00f3n de las pautas de interacci\u00f3n social y redefinici\u00f3n radical del&nbsp;<\/span><span style=\"color: #000000;font-size: 14pt\">funcionamiento de la sociedad, generando una nueva forma de comunicarse y establecer relaciones entre las personas&nbsp;<\/span><span style=\"color: #000000;font-size: 14pt\">que incide de manera directa en el desarrollo de los ni\u00f1os y las ni\u00f1as que crecen y se socializan en un contexto&nbsp;<\/span><span style=\"color: #000000;font-size: 14pt\">tecnol\u00f3gico; con grandes potencialidades, pero no exento de riesgos.<\/span><br \/>\n<span style=\"color: #000000;font-size: 14pt\">Las TIC no son de por s\u00ed buenas o malas, son simplemente instrumentos al servicio de lo humano y dependen del&nbsp; so&nbsp;<\/span><span style=\"color: #000000;font-size: 14pt\">que de ellas hagamos. Por ello, resulta imprescindible la prevenci\u00f3n, la protecci\u00f3n y la atenci\u00f3n a los ni\u00f1os y las ni\u00f1as,&nbsp;<\/span><span style=\"color: #000000;font-size: 14pt\">proporcionando informaci\u00f3n, as\u00ed como, estrategias y habilidades cognitivas, psicol\u00f3gicas y afectivas que permitan un uso&nbsp;<\/span><span style=\"color: #000000;font-size: 14pt\">positivo y responsable basado en el respeto y en la promoci\u00f3n de la dignidad humana y de la integridad f\u00edsica y&nbsp;<\/span><span style=\"color: #000000;font-size: 14pt\">psicol\u00f3gica del menor.<\/span><\/p>\n<p>&nbsp;<\/p>\n<p style=\"text-align: justify\"><span style=\"font-size: 16pt;color: #000000\"><strong>METODOLOG\u00cdA Y DESARROLLO<\/strong><\/span><\/p>\n<p style=\"text-align: justify\"><span style=\"color: #000000\"><span style=\"font-size: 14pt\">Creciendo en Salud se pone a disposici\u00f3n de la comunidad educativa con el objetivo de promover, entrenar y capacitar a&nbsp;<\/span><span style=\"font-size: 14pt\">las personas para el desarrollo de habilidades cognitivo-conductuales que, de forma adaptada a cada edad, les permitan la&nbsp;<\/span><span style=\"font-size: 14pt\">adquisici\u00f3n y consolidaci\u00f3n de h\u00e1bitos saludables, mediante la toma de decisiones razonadas y desarrolladas en el marco&nbsp;<\/span><span style=\"font-size: 14pt\">de entornos no siempre favorables a la protecci\u00f3n y al fomento de la salud y permitiendo el logro de una educaci\u00f3n integral, que&nbsp;<\/span><span style=\"font-size: 14pt\">comparte y se asienta en los cuatro pilares educativos que propone la UNESCO:<\/span><\/span><\/p>\n<ul style=\"list-style-type: disc\">\n<li style=\"text-align: justify\"><span style=\"font-size: 14pt;color: #000000\">Aprender a ser.<\/span><\/li>\n<li style=\"text-align: justify\"><span style=\"font-size: 14pt;color: #000000\">Aprender a convivir.<\/span><\/li>\n<li style=\"text-align: justify\"><span style=\"font-size: 14pt;color: #000000\">Aprender a conocer.<\/span><\/li>\n<li style=\"text-align: justify\"><span style=\"font-size: 14pt;color: #000000\">Aprender a hacer.<\/span><\/li>\n<\/ul>\n<p style=\"text-align: justify\"><span style=\"color: #000000\"><span style=\"font-size: 14pt\">En este sentido, constituye una herramienta para la innovaci\u00f3n educativa y el desarrollo de las competencias clave&nbsp;<\/span><span style=\"font-size: 14pt\">del alumnado en materia de promoci\u00f3n de la salud, facilitando el tratamiento de los contenidos curriculares relacionados con la&nbsp;<\/span><span style=\"font-size: 14pt\">educaci\u00f3n emocional, la alimentaci\u00f3n y la actividad f\u00edsica, los h\u00e1bitos de higiene y autocuidado, la educaci\u00f3n vial, el uso&nbsp;<\/span><span style=\"font-size: 14pt\">responsable de las tecnolog\u00edas o la prevenci\u00f3n de adicciones incluidos en el Proyecto Educativo del Centro, y a trav\u00e9s de la que el&nbsp;<\/span><span style=\"font-size: 14pt\">profesorado, partiendo del an\u00e1lisis del entorno y de una metodolog\u00eda de investigaci\u00f3n, democr\u00e1tica y participativa en la que el&nbsp;<\/span><span style=\"font-size: 14pt\">alumnado tiene un papel protagonista en su proceso de ense\u00f1anza aprendizaje, enfatiza los aspectos positivos de mantener un&nbsp;<\/span><span style=\"font-size: 14pt\">estilo de vida saludable.<\/span><\/span><\/p>\n<p style=\"text-align: justify\"><span style=\"color: #000000\"><span style=\"font-size: 14pt\">Permite a su vez realizar un trabajo en el \u00e1mbito de la Promoci\u00f3n y la Educaci\u00f3n para la Salud en la escuela capaz de&nbsp;<\/span><span style=\"font-size: 14pt\">ampliar el conocimiento de toda la comunidad educativa (alumnado, profesorado, familias y grupos relevantes del&nbsp; entorno&nbsp;<\/span><span style=\"font-size: 14pt\">inmediato) en relaci\u00f3n con la salud, y desarrollar los valores y las habilidades personales y sociales necesarias para sentar las&nbsp;<\/span><span style=\"font-size: 14pt\">bases del cuidado y mantenimiento de la salud desde los tres a\u00f1os de edad y a lo largo de la vida de cada persona.<\/span><\/span><\/p>\n<p><img loading=\"lazy\" decoding=\"async\" class=\"aligncenter\" src=\"https:\/\/4.bp.blogspot.com\/-Ps_ubJdh2a4\/Wowa3k69VjI\/AAAAAAAAKA8\/8mK4JPUaRgoTU1bxOv6B4PizGL1yk4QswCLcBGAs\/s1600\/logo_creciendosalud.png\" width=\"458\" height=\"163\"><\/p>\n","protected":false},"excerpt":{"rendered":"<p>Coordinadora :&nbsp; M\u00aa Jos\u00e9 Palma El Programa Educativo para la Promoci\u00f3n de H\u00e1bitos de Vida Saludable est\u00e1 destinado a los centros docentes de Andaluc\u00eda sostenidos con fondos p\u00fablicos, con excepci\u00f3n de los universitarios en sus dos modalidades: Creciendo en Salud para centros&#46;&#46;&#46;<\/p>\n","protected":false},"author":2825,"featured_media":0,"parent":0,"menu_order":0,"comment_status":"closed","ping_status":"closed","template":"","meta":{"ngg_post_thumbnail":0,"footnotes":"","_mc_calendar":[]},"aioseo_notices":[],"_links":{"self":[{"href":"https:\/\/blogsaverroes.juntadeandalucia.es\/ceipjosefinaaldecoa\/wp-json\/wp\/v2\/pages\/11801"}],"collection":[{"href":"https:\/\/blogsaverroes.juntadeandalucia.es\/ceipjosefinaaldecoa\/wp-json\/wp\/v2\/pages"}],"about":[{"href":"https:\/\/blogsaverroes.juntadeandalucia.es\/ceipjosefinaaldecoa\/wp-json\/wp\/v2\/types\/page"}],"author":[{"embeddable":true,"href":"https:\/\/blogsaverroes.juntadeandalucia.es\/ceipjosefinaaldecoa\/wp-json\/wp\/v2\/users\/2825"}],"replies":[{"embeddable":true,"href":"https:\/\/blogsaverroes.juntadeandalucia.es\/ceipjosefinaaldecoa\/wp-json\/wp\/v2\/comments?post=11801"}],"version-history":[{"count":6,"href":"https:\/\/blogsaverroes.juntadeandalucia.es\/ceipjosefinaaldecoa\/wp-json\/wp\/v2\/pages\/11801\/revisions"}],"predecessor-version":[{"id":14344,"href":"https:\/\/blogsaverroes.juntadeandalucia.es\/ceipjosefinaaldecoa\/wp-json\/wp\/v2\/pages\/11801\/revisions\/14344"}],"wp:attachment":[{"href":"https:\/\/blogsaverroes.juntadeandalucia.es\/ceipjosefinaaldecoa\/wp-json\/wp\/v2\/media?parent=11801"}],"curies":[{"name":"wp","href":"https:\/\/api.w.org\/{rel}","templated":true}]}}