{"id":13394,"date":"2020-03-16T08:15:05","date_gmt":"2020-03-16T08:15:05","guid":{"rendered":"https:\/\/blogsaverroes.juntadeandalucia.es\/ceipjosefinaaldecoa\/?page_id=13394"},"modified":"2020-05-31T20:50:56","modified_gmt":"2020-05-31T20:50:56","slug":"recomendaciones-para-casa-infantil-4-anos","status":"publish","type":"page","link":"https:\/\/blogsaverroes.juntadeandalucia.es\/ceipjosefinaaldecoa\/educacion-infantil\/recomendaciones-para-casa-infantil-4-anos\/","title":{"rendered":"Recomendaciones para Casa-Infantil 4 a\u00f1os-"},"content":{"rendered":"<p><img loading=\"lazy\" decoding=\"async\" class=\"aligncenter wp-image-13397\" src=\"https:\/\/blogsaverroes.juntadeandalucia.es\/ceipjosefinaaldecoa\/files\/2020\/03\/cartel-4a1.jpg\" alt=\"\" width=\"449\" height=\"330\" srcset=\"https:\/\/blogsaverroes.juntadeandalucia.es\/ceipjosefinaaldecoa\/files\/2020\/03\/cartel-4a1.jpg 640w, https:\/\/blogsaverroes.juntadeandalucia.es\/ceipjosefinaaldecoa\/files\/2020\/03\/cartel-4a1-300x221.jpg 300w, https:\/\/blogsaverroes.juntadeandalucia.es\/ceipjosefinaaldecoa\/files\/2020\/03\/cartel-4a1-24x18.jpg 24w, https:\/\/blogsaverroes.juntadeandalucia.es\/ceipjosefinaaldecoa\/files\/2020\/03\/cartel-4a1-36x27.jpg 36w, https:\/\/blogsaverroes.juntadeandalucia.es\/ceipjosefinaaldecoa\/files\/2020\/03\/cartel-4a1-48x35.jpg 48w\" sizes=\"(max-width: 449px) 100vw, 449px\" \/><\/p>\n<table class=\" alignright\" style=\"height: 74px;width: 430px\">\n<tbody>\n<tr style=\"height: 30.9375px\">\n<td style=\"width: 420.8px;text-align: center;height: 30.9375px\" colspan=\"2\"><strong><span style=\"color: #ff00ff\">ESPECIALIDADES EN INFANTIL<\/span><\/strong><\/td>\n<\/tr>\n<tr style=\"height: 31px\">\n<td style=\"width: 200.8px;text-align: center;height: 31px\"><strong><span style=\"color: #ff0000\">Clic&#8212;&#8211;&gt;<\/span><span style=\"color: #0000ff\">&nbsp;<a style=\"color: #0000ff\" href=\"https:\/\/blogsaverroes.juntadeandalucia.es\/ceipjosefinaaldecoa\/educacion-infantil\/ingles-recomendaciones-para-casa-en-infantil\/\" target=\"_blank\" rel=\"noopener noreferrer\">INGL\u00c9S<\/a><\/span><\/strong><\/td>\n<td style=\"width: 214.4px;text-align: center;height: 31px\"><strong>&nbsp; <span style=\"color: #0000ff\"><a style=\"color: #0000ff\" href=\"https:\/\/blogsaverroes.juntadeandalucia.es\/ceipjosefinaaldecoa\/educacion-infantil\/religion-catolica-recomendaciones-para-casa-en-infantil\/\" target=\"_blank\" rel=\"noopener noreferrer\">RELIGI\u00d3N<\/a><\/span>&nbsp; <span style=\"color: #ff0000\">&lt;&#8212;- Clic<\/span><\/strong><\/td>\n<\/tr>\n<\/tbody>\n<\/table>\n<p>&nbsp;<\/p>\n<p>&nbsp;<\/p>\n<p><span style=\"font-size: 24pt\"><span style=\"color: #ff00ff\"><span style=\"font-size: 32px\"><b>Tutor\u00edas<\/b><\/span><\/span><strong style=\"font-size: 24pt\"><span style=\"color: #ff00ff\">&nbsp;I-4 a\u00f1os A y B<\/span><\/strong><\/span><\/p>\n<p><span style=\"font-size: 24pt\"><strong><span style=\"color: #000000\">TAREAS (Semanas del 1 al 12 de junio) <span style=\"color: #ff0000;font-size: 12pt\">( Publicado el 31\/05\/2020)<\/span><\/span><\/strong><\/span><\/p>\n<p><span style=\"color: #000000\">Muy buenas familia,<\/span><\/p>\n<p><span style=\"color: #000000\">Para estas semanas, las se\u00f1os de 4 a\u00f1os proponemos las siguientes actividades:<\/span><\/p>\n<p><span style=\"font-size: 24pt\"><a href=\"https:\/\/drive.google.com\/drive\/folders\/1wvXGvLq0ckYK1VWsgyH-htJlc0ShSDdY?usp=sharing\" target=\"_blank\" rel=\"noopener noreferrer\">ACCESO A LA CARPETA DE MATERIALES INFANTIL 4 A\u00d1OS&nbsp;<\/a><\/span><\/p>\n<p>&#8212;&#8212;&#8212;&#8212;&#8212;&#8212;&#8212;&#8212;&#8212;&#8212;&#8212;&#8212;&#8212;&#8212;&#8212;&#8212;&#8212;&#8212;&#8212;&#8212;&#8212;&#8212;&#8212;&#8212;&#8212;&#8212;&#8212;&#8212;&#8212;&#8212;&#8212;&#8212;&#8212;&#8212;&#8212;&#8212;&#8212;&#8212;&#8212;&#8212;&#8212;&#8212;&#8212;&#8212;&#8212;&#8212;&#8212;&#8212;&#8212;-<\/p>\n<p><span style=\"font-size: 24pt\"><strong><span style=\"color: #000000\">TAREAS (Semanas del 18 al 29 de mayo) <span style=\"color: #ff0000;font-size: 12pt\">( Publicado el 18\/05\/2020)<\/span><\/span><\/strong><\/span><\/p>\n<p style=\"text-align: justify\"><span style=\"color: #000000;font-size: 14pt\">Muy buenas familia, <\/span><\/p>\n<p style=\"text-align: justify\"><span style=\"color: #000000;font-size: 14pt\">Para estas semana, las se\u00f1os de 4 a\u00f1os proponemos las siguientes actividades:<\/span><\/p>\n<p style=\"text-align: justify\"><span style=\"color: #000000;font-size: 14pt\"><strong>( Sigue en la carta explicativa dentro de la carpeta de materiales para estas semanas)<\/strong><\/span><\/p>\n<p><a href=\"https:\/\/drive.google.com\/drive\/folders\/1wvXGvLq0ckYK1VWsgyH-htJlc0ShSDdY?usp=sharing\" target=\"_blank\" rel=\"noopener noreferrer\"><span style=\"font-size: 18pt\">ACCESO A LA CARPETA DE MATERIALES INFANTIL 4 A\u00d1OS&nbsp;<\/span><\/a><\/p>\n<p>&#8212;&#8212;&#8212;&#8212;&#8212;&#8212;&#8212;&#8212;&#8212;&#8212;&#8212;&#8212;&#8212;&#8212;&#8212;&#8212;&#8212;&#8212;&#8212;&#8212;&#8212;&#8212;&#8212;&#8212;&#8212;&#8212;&#8212;&#8212;&#8212;&#8212;&#8212;&#8212;&#8212;&#8212;&#8212;&#8212;&#8212;&#8212;&#8212;&#8211;<\/p>\n<p><span style=\"font-size: 24pt\"><strong><span style=\"color: #000000\">TAREAS (Semanas del 4 al 15 de mayo) <span style=\"color: #ff0000;font-size: 12pt\">( Publicado el 3\/05\/2020)<\/span><\/span><\/strong><\/span><\/p>\n<p style=\"text-align: justify\"><span style=\"color: #000000;font-size: 14pt\">Muy buenas familia, ya queda menos, pero no por ello vamos a olvidar nuestro trabajo y rutina.<\/span><br \/>\n<span style=\"color: #000000;font-size: 14pt\">Para esta semana, las se\u00f1os de 4 a\u00f1os proponemos las siguientes actividades:<\/span><\/p>\n<p style=\"text-align: justify\"><span style=\"color: #000000;font-size: 14pt\"><strong>( Sigue en la carta explicativa dentro de la carpeta de materiales para estas semanas)<\/strong><\/span><\/p>\n<p><a href=\"https:\/\/drive.google.com\/drive\/folders\/1wvXGvLq0ckYK1VWsgyH-htJlc0ShSDdY?usp=sharing\" target=\"_blank\" rel=\"noopener noreferrer\"><span style=\"font-size: 18pt\">ACCESO A LA CARPETA DE MATERIALES INFANTIL 4 A\u00d1OS&nbsp;<\/span><\/a><\/p>\n<p>&#8212;&#8212;&#8212;&#8212;&#8212;&#8212;&#8212;&#8212;&#8212;&#8212;&#8212;&#8212;&#8212;&#8212;&#8212;&#8212;&#8212;&#8212;&#8212;&#8212;&#8212;&#8212;&#8212;&#8212;&#8212;&#8212;&#8212;&#8212;&#8212;&#8212;&#8212;&#8212;&#8212;&#8212;&#8212;&#8212;&#8212;&#8212;&#8212;&#8212;-<\/p>\n<p><span style=\"font-size: 24pt\"><strong><span style=\"color: #000000\">TAREAS (Semanas del 20 al 30 de abril) <span style=\"color: #ff0000;font-size: 12pt\">( Publicado el 19\/04\/2020)<\/span><\/span><\/strong><\/span><\/p>\n<p style=\"text-align: justify\">Muy buenas familia:<br \/>\nEn esta semana vamos a introducir un cuento con unos personajes muy vistosos y amigables para los ni\u00f1os y ni\u00f1as. Se trata de los fantasmitas.<br \/>\nLas profes de 4 a\u00f1os hemos organizado una serie de actividades, en las que, adem\u00e1s de otros objetos cotidianos, se pueden ir incluyendo los personajes de este cuento&#8230;.<\/p>\n<p style=\"text-align: justify\"><strong>( Sigue en la carta explicativa dentro de la carpeta de materiales para estas semanas)<\/strong><\/p>\n<p><a href=\"https:\/\/drive.google.com\/drive\/folders\/1wvXGvLq0ckYK1VWsgyH-htJlc0ShSDdY?usp=sharing\" target=\"_blank\" rel=\"noopener noreferrer\"><span style=\"font-size: 18pt\">ACCESO A LA CARPETA DE MATERIALES INFANTIL 4 A\u00d1OS&nbsp;<\/span><\/a><\/p>\n<p>&nbsp;<\/p>\n<p><span style=\"font-size: 24pt\"><strong><span style=\"color: #000000\">TAREAS (Semana del 14 al 17 de abril) <span style=\"color: #ff0000;font-size: 12pt\">( Publicado el 16\/04\/2020)<\/span><\/span><\/strong><\/span><\/p>\n<p><span style=\"font-size: 14pt\">Las tareas propuestas para Infantil 4 a\u00f1os A y B en la semana en curso ser\u00e1n:<\/span><\/p>\n<ul>\n<li>&nbsp;<span style=\"font-size: 22pt\"><a href=\"https:\/\/blogsaverroes.juntadeandalucia.es\/ceipjosefinaaldecoa\/educacion-infantil\/recomendaciones-para-casa-infantil-4-anos\/leo-y-formo-palabras-de-2-silabas-pdf\/\" target=\"_blank\" rel=\"attachment noopener wp-att-13712 noreferrer\">Leo-y-formo-palabras-de-2-s\u00edlabas-PDF-<\/a><\/span><\/li>\n<li><span style=\"font-size: 22pt\">&nbsp;<a href=\"https:\/\/blogsaverroes.juntadeandalucia.es\/ceipjosefinaaldecoa\/files\/2020\/04\/MATES.pdf\" target=\"_blank\" rel=\"attachment noopener wp-att-13711 noreferrer\">MATES<\/a><\/span><\/li>\n<li><span style=\"font-size: 22pt\"><a href=\"https:\/\/blogsaverroes.juntadeandalucia.es\/ceipjosefinaaldecoa\/files\/2020\/04\/PROYECTO-EL-HUERTO.pdf\" target=\"_blank\" rel=\"attachment noopener wp-att-13710 noreferrer\">PROYECTO EL HUERTO<\/a><\/span><\/li>\n<li><span style=\"font-size: 22pt\"><a href=\"https:\/\/blogsaverroes.juntadeandalucia.es\/ceipjosefinaaldecoa\/files\/2020\/04\/GRAFO.pdf\" target=\"_blank\" rel=\"attachment noopener wp-att-13709 noreferrer\">GRAFO<\/a><\/span><\/li>\n<\/ul>\n<p>&nbsp;<\/p>\n<p><span style=\"color: #ff0000\"><strong><span style=\"font-size: 20pt\">Anteriores Semanas<\/span><\/strong><\/span><\/p>\n<p><span style=\"color: #000000;font-size: 14pt\">Estimadas familias, y aunque estamos en contacto v\u00eda Familias delegadas de clase&#8230;<\/span><br \/>\n<span style=\"color: #000000;font-size: 14pt\">Como ya sab\u00e9is desde el lunes 16\/03\/20 se han suspendido las clases, os mandamos algunas recomendaciones que pod\u00e9is hacer con vuestros hijos estos d\u00edas:<\/span><\/p>\n<p>&nbsp;<\/p>\n<ul>\n<li><span style=\"font-size: 18pt\"><a href=\"https:\/\/blogsaverroes.juntadeandalucia.es\/ceipjosefinaaldecoa\/files\/2020\/04\/Comunicado-y-deberes-se\u00f1o-Olga-I3a\u00f1osB.pdf\" target=\"_blank\" rel=\"attachment noopener wp-att-13652 noreferrer\">Comunicado y deberes se\u00f1o Olga I-3a\u00f1os_B<\/a><\/span><\/li>\n<li><span style=\"font-size: 18pt\"><a href=\"https:\/\/blogsaverroes.juntadeandalucia.es\/ceipjosefinaaldecoa\/files\/2020\/04\/Completo-alfabeto-para-colorear-1-7.pdf\" target=\"_blank\" rel=\"attachment noopener wp-att-13644 noreferrer\">Completo-alfabeto-para-colorear-1-7<\/a><\/span><\/li>\n<li><span style=\"font-size: 18pt\"><a href=\"https:\/\/blogsaverroes.juntadeandalucia.es\/ceipjosefinaaldecoa\/files\/2020\/04\/Completo-alfabeto-para-colorear-8-14.pdf\" target=\"_blank\" rel=\"attachment noopener wp-att-13645 noreferrer\">Completo-alfabeto-para-colorear-8-14<\/a><\/span><\/li>\n<li><span style=\"font-size: 18pt\"><a href=\"https:\/\/blogsaverroes.juntadeandalucia.es\/ceipjosefinaaldecoa\/files\/2020\/04\/Completo-alfabeto-para-colorear-15-21.pdf\" target=\"_blank\" rel=\"attachment noopener wp-att-13646 noreferrer\">Completo-alfabeto-para-colorear-15-21<\/a> <\/span><\/li>\n<li><span style=\"font-size: 18pt\"><a href=\"https:\/\/blogsaverroes.juntadeandalucia.es\/ceipjosefinaaldecoa\/files\/2020\/04\/Completo-alfabeto-para-colorear-22-26.pdf\" target=\"_blank\" rel=\"attachment noopener wp-att-13647 noreferrer\">Completo-alfabeto-para-colorear-22-26<\/a> <\/span><\/li>\n<li><span style=\"font-size: 18pt\"><a href=\"https:\/\/blogsaverroes.juntadeandalucia.es\/ceipjosefinaaldecoa\/files\/2020\/04\/inferencias.pdf\" target=\"_blank\" rel=\"attachment noopener wp-att-13649 noreferrer\">Inferencias<\/a> <\/span><\/li>\n<li><span style=\"font-size: 18pt\"><a href=\"https:\/\/blogsaverroes.juntadeandalucia.es\/ceipjosefinaaldecoa\/files\/2020\/04\/INFERENCIAS-VERBALESVISUALES.pdf\" target=\"_blank\" rel=\"attachment noopener wp-att-13650 noreferrer\">INFERENCIAS-VERBALESVISUALES<\/a> <\/span><\/li>\n<li><span style=\"font-size: 18pt\"><a href=\"https:\/\/blogsaverroes.juntadeandalucia.es\/ceipjosefinaaldecoa\/files\/2020\/04\/mandalas-del-abecedario-paquete-completomandalas.pdf\" target=\"_blank\" rel=\"attachment noopener wp-att-13651 noreferrer\">mandalas-del-abecedario-paquete-completomandalas<\/a><\/span><\/li>\n<\/ul>\n<h1><span style=\"color: #000000\">CAMPUS DIGITAL ALGAIDA<\/span> <span style=\"font-size: 12pt;color: #ff0000\">(COLGADO el 26\/03\/2020)<\/span><\/h1>\n<p><a href=\"https:\/\/www.algaida.es\/campusdigitalinfantil\/\" target=\"_blank\" rel=\"noopener noreferrer\">https:\/\/www.algaida.es\/campusdigitalinfantil\/<\/a><\/p>\n<p><a href=\"https:\/\/www.algaida.es\/campusdigitalinfantil\/m04.html\" target=\"_blank\" rel=\"attachment noopener wp-att-13562 noreferrer\"><img loading=\"lazy\" decoding=\"async\" class=\"aligncenter wp-image-13562 size-large\" src=\"https:\/\/blogsaverroes.juntadeandalucia.es\/ceipjosefinaaldecoa\/files\/2020\/03\/algaida-1024x487.png\" alt=\"\" width=\"1024\" height=\"487\" srcset=\"https:\/\/blogsaverroes.juntadeandalucia.es\/ceipjosefinaaldecoa\/files\/2020\/03\/algaida-1024x487.png 1024w, https:\/\/blogsaverroes.juntadeandalucia.es\/ceipjosefinaaldecoa\/files\/2020\/03\/algaida-300x143.png 300w, https:\/\/blogsaverroes.juntadeandalucia.es\/ceipjosefinaaldecoa\/files\/2020\/03\/algaida-768x365.png 768w, https:\/\/blogsaverroes.juntadeandalucia.es\/ceipjosefinaaldecoa\/files\/2020\/03\/algaida-24x11.png 24w, https:\/\/blogsaverroes.juntadeandalucia.es\/ceipjosefinaaldecoa\/files\/2020\/03\/algaida-36x17.png 36w, https:\/\/blogsaverroes.juntadeandalucia.es\/ceipjosefinaaldecoa\/files\/2020\/03\/algaida-48x23.png 48w, https:\/\/blogsaverroes.juntadeandalucia.es\/ceipjosefinaaldecoa\/files\/2020\/03\/algaida.png 1600w\" sizes=\"(max-width: 1024px) 100vw, 1024px\" \/><\/a><\/p>\n<p>&nbsp;<\/p>\n","protected":false},"excerpt":{"rendered":"<p>ESPECIALIDADES EN INFANTIL Clic&#8212;&#8211;&gt;&nbsp;INGL\u00c9S &nbsp; RELIGI\u00d3N&nbsp; &lt;&#8212;- Clic &nbsp; &nbsp; Tutor\u00edas&nbsp;I-4 a\u00f1os A y B TAREAS (Semanas del 1 al 12 de junio) ( Publicado el 31\/05\/2020) Muy buenas familia, Para estas semanas, las se\u00f1os de 4 a\u00f1os proponemos las siguientes actividades:&#46;&#46;&#46;<\/p>\n","protected":false},"author":2825,"featured_media":0,"parent":424,"menu_order":0,"comment_status":"closed","ping_status":"closed","template":"","meta":{"ngg_post_thumbnail":0,"footnotes":"","_mc_calendar":[]},"aioseo_notices":[],"_links":{"self":[{"href":"https:\/\/blogsaverroes.juntadeandalucia.es\/ceipjosefinaaldecoa\/wp-json\/wp\/v2\/pages\/13394"}],"collection":[{"href":"https:\/\/blogsaverroes.juntadeandalucia.es\/ceipjosefinaaldecoa\/wp-json\/wp\/v2\/pages"}],"about":[{"href":"https:\/\/blogsaverroes.juntadeandalucia.es\/ceipjosefinaaldecoa\/wp-json\/wp\/v2\/types\/page"}],"author":[{"embeddable":true,"href":"https:\/\/blogsaverroes.juntadeandalucia.es\/ceipjosefinaaldecoa\/wp-json\/wp\/v2\/users\/2825"}],"replies":[{"embeddable":true,"href":"https:\/\/blogsaverroes.juntadeandalucia.es\/ceipjosefinaaldecoa\/wp-json\/wp\/v2\/comments?post=13394"}],"version-history":[{"count":17,"href":"https:\/\/blogsaverroes.juntadeandalucia.es\/ceipjosefinaaldecoa\/wp-json\/wp\/v2\/pages\/13394\/revisions"}],"predecessor-version":[{"id":13855,"href":"https:\/\/blogsaverroes.juntadeandalucia.es\/ceipjosefinaaldecoa\/wp-json\/wp\/v2\/pages\/13394\/revisions\/13855"}],"up":[{"embeddable":true,"href":"https:\/\/blogsaverroes.juntadeandalucia.es\/ceipjosefinaaldecoa\/wp-json\/wp\/v2\/pages\/424"}],"wp:attachment":[{"href":"https:\/\/blogsaverroes.juntadeandalucia.es\/ceipjosefinaaldecoa\/wp-json\/wp\/v2\/media?parent=13394"}],"curies":[{"name":"wp","href":"https:\/\/api.w.org\/{rel}","templated":true}]}}