{"id":13612,"date":"2020-03-18T08:31:40","date_gmt":"2020-03-18T08:31:40","guid":{"rendered":"https:\/\/blogsaverroes.juntadeandalucia.es\/ceipjosefinaaldecoa\/?page_id=13612"},"modified":"2020-04-19T03:15:36","modified_gmt":"2020-04-19T03:15:36","slug":"ed-fisica-recomendaciones-para-1o-2o-y-3o-de-ed-primaria","status":"publish","type":"page","link":"https:\/\/blogsaverroes.juntadeandalucia.es\/ceipjosefinaaldecoa\/ed-fisica-recomendaciones-para-1o-2o-y-3o-de-ed-primaria\/","title":{"rendered":"-Ed. F\u00edsica -Recomendaciones para 1\u00ba, 2\u00ba y 3\u00ba de Ed. Primaria"},"content":{"rendered":"<p style=\"text-align: center\"><img loading=\"lazy\" decoding=\"async\" class=\"aligncenter wp-image-13613 size-full\" src=\"https:\/\/blogsaverroes.juntadeandalucia.es\/ceipjosefinaaldecoa\/files\/2020\/03\/educacion-f\u00edsica.jpg\" alt=\"\" width=\"509\" height=\"302\" srcset=\"https:\/\/blogsaverroes.juntadeandalucia.es\/ceipjosefinaaldecoa\/files\/2020\/03\/educacion-f\u00edsica.jpg 509w, https:\/\/blogsaverroes.juntadeandalucia.es\/ceipjosefinaaldecoa\/files\/2020\/03\/educacion-f\u00edsica-300x178.jpg 300w, https:\/\/blogsaverroes.juntadeandalucia.es\/ceipjosefinaaldecoa\/files\/2020\/03\/educacion-f\u00edsica-24x14.jpg 24w, https:\/\/blogsaverroes.juntadeandalucia.es\/ceipjosefinaaldecoa\/files\/2020\/03\/educacion-f\u00edsica-36x21.jpg 36w, https:\/\/blogsaverroes.juntadeandalucia.es\/ceipjosefinaaldecoa\/files\/2020\/03\/educacion-f\u00edsica-48x28.jpg 48w\" sizes=\"(max-width: 509px) 100vw, 509px\" \/><\/p>\n<p style=\"text-align: justify\"><span style=\"color: #000000;font-size: 14pt\">Estimadas familias, y aunque estamos en contacto v\u00eda Tutoras y familias delegadas de clase\u2026<\/span><\/p>\n<p style=\"text-align: right\">&nbsp;<\/p>\n<p><span style=\"color: #000000;font-size: 14pt\">Para este 3er Trimestre el seguimiento del \u00e1rea se realizar\u00e1 a trav\u00e9s de:&nbsp; <span style=\"color: #ff0000\"><strong>( publicado el 17\/04\/2020)<\/strong><\/span><\/span><\/p>\n<ul>\n<li><span style=\"color: #000000;font-size: 14pt\"><strong>1\u00ba y 2\u00ba de Ed.Primaria<\/strong> v\u00eda aulas de <strong>Ed. F\u00edsica en Classroom: <a href=\"https:\/\/classroom.google.com\/\" target=\"_blank\" rel=\"noopener noreferrer\">https:\/\/classroom.google.com\/<\/a><\/strong><\/span><\/li>\n<li><span style=\"font-size: 14pt;color: #000000\"><strong>3\u00ba Educaci\u00f3n Primaria <\/strong>v\u00eda curso en<strong> Moodle Centros ( en breve): <a href=\"https:\/\/educacionadistancia.juntadeandalucia.es\/centros\/\" target=\"_blank\" rel=\"noopener noreferrer\"><span style=\"color: #0000ff\">https:\/\/educacionadistancia.juntadeandalucia.es\/centros\/<\/span><\/a><\/strong><\/span><\/li>\n<\/ul>\n<p style=\"text-align: right\"><span style=\"color: #000000\">Profesor: Jose Antonio Campos<\/span><\/p>\n<p><span style=\"color: #000000\"><strong><span style=\"font-size: 24pt\"><span style=\"text-decoration: underline\"><span style=\"font-size: 18pt\">RECOMENDACIONES<\/span><\/span>: <span style=\"font-size: 14pt\">(16 de marzo- 3 de Abril)&nbsp; <span style=\"color: #ff0000\">Publicado 18\/036\/2020<\/span><\/span><\/span><\/strong><\/span><\/p>\n<p style=\"text-align: justify\"><span style=\"color: #000000;font-size: 14pt\">Como ya sab\u00e9is desde el lunes 16\/03\/20 se han suspendido las clases, os dejamos recomendaciones para el \u00e1rea de Ed. F\u00edsica para 1\u00ba, 2\u00ba y 3\u00ba de Ed. Primaria.<\/span><\/p>\n<p style=\"text-align: right\"><span style=\"color: #000000\">Profesor: Jose Antonio Campos<\/span><\/p>\n<ul>\n<li><span style=\"font-size: 20pt\"><a href=\"https:\/\/blogsaverroes.juntadeandalucia.es\/ceipjosefinaaldecoa\/ed-fisica-recomendaciones-para-1o-2o-y-3o-de-ed-primaria\/oca-ef-en-casa-pdf\/\" rel=\"attachment wp-att-13620\">OCA EF EN CASA.pdf<\/a><\/span><\/li>\n<li class=\"title entry-title\"><span style=\"font-size: 20pt\"><a href=\"https:\/\/efimullins.blogspot.com\/2017\/02\/actividades-y-juegos-para-dias-de.html\" target=\"_blank\" rel=\"bookmark noopener noreferrer\" data-item-type=\"post\" data-id=\"1388523155437891634\">Actividades y juegos para d\u00edas de lluvia en espacios reducidos<\/a><\/span><strong>&nbsp; Blog<\/strong><\/li>\n<\/ul>\n<p><span style=\"color: #000000;font-size: 18pt\"><strong>Otros:<\/strong><\/span><\/p>\n<div style=\"width: 384px;\" class=\"wp-video\"><!--[if lt IE 9]><script>document.createElement('video');<\/script><![endif]-->\n<video class=\"wp-video-shortcode\" id=\"video-13612-1\" width=\"384\" height=\"480\" preload=\"metadata\" controls=\"controls\"><source type=\"video\/mp4\" src=\"https:\/\/blogsaverroes.juntadeandalucia.es\/ceipjosefinaaldecoa\/files\/2020\/03\/ejercicio-en-casa.mp4?_=1\" \/><a href=\"https:\/\/blogsaverroes.juntadeandalucia.es\/ceipjosefinaaldecoa\/files\/2020\/03\/ejercicio-en-casa.mp4\">https:\/\/blogsaverroes.juntadeandalucia.es\/ceipjosefinaaldecoa\/files\/2020\/03\/ejercicio-en-casa.mp4<\/a><\/video><\/div>\n<p>&nbsp;<\/p>\n<p>&nbsp;<\/p>\n<p><iframe loading=\"lazy\" title=\"Zumba Kids - La Libertad- Alvaro Soler\" width=\"500\" height=\"281\" src=\"https:\/\/www.youtube.com\/embed\/WEa967SFOa8?feature=oembed&#038;wmode=opaque\" frameborder=\"0\" allow=\"accelerometer; autoplay; encrypted-media; gyroscope; picture-in-picture\" allowfullscreen><\/iframe><\/p>\n<p>&nbsp;<\/p>\n<p><strong><span style=\"font-size: 24pt\"><span style=\"font-size: 18pt\">Pincha en las im\u00e1genes para agrandar:<\/span><\/span><\/strong><\/p>\n<p style=\"text-align: center\"><a href=\"https:\/\/blogsaverroes.juntadeandalucia.es\/ceipjosefinaaldecoa\/files\/2020\/03\/611bc33a-d5da-4bd4-8e34-ff4ed8766ef3.jpg\" target=\"_blank\" rel=\"attachment noopener wp-att-13617 noreferrer\"><img loading=\"lazy\" decoding=\"async\" class=\"aligncenter wp-image-13617 \" src=\"https:\/\/blogsaverroes.juntadeandalucia.es\/ceipjosefinaaldecoa\/files\/2020\/03\/611bc33a-d5da-4bd4-8e34-ff4ed8766ef3.jpg\" alt=\"\" width=\"504\" height=\"516\" srcset=\"https:\/\/blogsaverroes.juntadeandalucia.es\/ceipjosefinaaldecoa\/files\/2020\/03\/611bc33a-d5da-4bd4-8e34-ff4ed8766ef3.jpg 720w, https:\/\/blogsaverroes.juntadeandalucia.es\/ceipjosefinaaldecoa\/files\/2020\/03\/611bc33a-d5da-4bd4-8e34-ff4ed8766ef3-293x300.jpg 293w, https:\/\/blogsaverroes.juntadeandalucia.es\/ceipjosefinaaldecoa\/files\/2020\/03\/611bc33a-d5da-4bd4-8e34-ff4ed8766ef3-24x24.jpg 24w, https:\/\/blogsaverroes.juntadeandalucia.es\/ceipjosefinaaldecoa\/files\/2020\/03\/611bc33a-d5da-4bd4-8e34-ff4ed8766ef3-36x36.jpg 36w, https:\/\/blogsaverroes.juntadeandalucia.es\/ceipjosefinaaldecoa\/files\/2020\/03\/611bc33a-d5da-4bd4-8e34-ff4ed8766ef3-48x48.jpg 48w\" sizes=\"(max-width: 504px) 100vw, 504px\" \/><\/a><\/p>\n<p>&nbsp;<\/p>\n<p style=\"text-align: center\"><a href=\"https:\/\/blogsaverroes.juntadeandalucia.es\/ceipjosefinaaldecoa\/files\/2020\/03\/0b3b1be7-9bcc-49f5-aa9b-7a0555f9946f.jpg\" target=\"_blank\" rel=\"attachment noopener wp-att-13614 noreferrer\"><img loading=\"lazy\" decoding=\"async\" class=\"aligncenter wp-image-13614 size-full\" src=\"https:\/\/blogsaverroes.juntadeandalucia.es\/ceipjosefinaaldecoa\/files\/2020\/03\/0b3b1be7-9bcc-49f5-aa9b-7a0555f9946f.jpg\" alt=\"\" width=\"374\" height=\"388\" srcset=\"https:\/\/blogsaverroes.juntadeandalucia.es\/ceipjosefinaaldecoa\/files\/2020\/03\/0b3b1be7-9bcc-49f5-aa9b-7a0555f9946f.jpg 374w, https:\/\/blogsaverroes.juntadeandalucia.es\/ceipjosefinaaldecoa\/files\/2020\/03\/0b3b1be7-9bcc-49f5-aa9b-7a0555f9946f-289x300.jpg 289w, https:\/\/blogsaverroes.juntadeandalucia.es\/ceipjosefinaaldecoa\/files\/2020\/03\/0b3b1be7-9bcc-49f5-aa9b-7a0555f9946f-24x24.jpg 24w, https:\/\/blogsaverroes.juntadeandalucia.es\/ceipjosefinaaldecoa\/files\/2020\/03\/0b3b1be7-9bcc-49f5-aa9b-7a0555f9946f-36x36.jpg 36w, https:\/\/blogsaverroes.juntadeandalucia.es\/ceipjosefinaaldecoa\/files\/2020\/03\/0b3b1be7-9bcc-49f5-aa9b-7a0555f9946f-46x48.jpg 46w\" sizes=\"(max-width: 374px) 100vw, 374px\" \/><\/a><\/p>\n<p>&nbsp;<\/p>\n<p style=\"text-align: center\"><a href=\"https:\/\/blogsaverroes.juntadeandalucia.es\/ceipjosefinaaldecoa\/files\/2020\/03\/2fbb260e-6e35-4981-aa70-88a506c5b999.jpg\" target=\"_blank\" rel=\"attachment noopener wp-att-13615 noreferrer\"><img loading=\"lazy\" decoding=\"async\" class=\"aligncenter wp-image-13615 \" src=\"https:\/\/blogsaverroes.juntadeandalucia.es\/ceipjosefinaaldecoa\/files\/2020\/03\/2fbb260e-6e35-4981-aa70-88a506c5b999-300x240.jpg\" alt=\"\" width=\"393\" height=\"314\" srcset=\"https:\/\/blogsaverroes.juntadeandalucia.es\/ceipjosefinaaldecoa\/files\/2020\/03\/2fbb260e-6e35-4981-aa70-88a506c5b999-300x240.jpg 300w, https:\/\/blogsaverroes.juntadeandalucia.es\/ceipjosefinaaldecoa\/files\/2020\/03\/2fbb260e-6e35-4981-aa70-88a506c5b999-768x614.jpg 768w, https:\/\/blogsaverroes.juntadeandalucia.es\/ceipjosefinaaldecoa\/files\/2020\/03\/2fbb260e-6e35-4981-aa70-88a506c5b999-24x19.jpg 24w, https:\/\/blogsaverroes.juntadeandalucia.es\/ceipjosefinaaldecoa\/files\/2020\/03\/2fbb260e-6e35-4981-aa70-88a506c5b999-36x29.jpg 36w, https:\/\/blogsaverroes.juntadeandalucia.es\/ceipjosefinaaldecoa\/files\/2020\/03\/2fbb260e-6e35-4981-aa70-88a506c5b999-48x38.jpg 48w, https:\/\/blogsaverroes.juntadeandalucia.es\/ceipjosefinaaldecoa\/files\/2020\/03\/2fbb260e-6e35-4981-aa70-88a506c5b999.jpg 960w\" sizes=\"(max-width: 393px) 100vw, 393px\" \/><\/a><\/p>\n<p>&nbsp;<\/p>\n<p style=\"text-align: center\"><a href=\"https:\/\/blogsaverroes.juntadeandalucia.es\/ceipjosefinaaldecoa\/files\/2020\/03\/506c7880-39f8-4a10-be38-3d3fc250b1b1.jpg\" target=\"_blank\" rel=\"attachment noopener wp-att-13616 noreferrer\"><img loading=\"lazy\" decoding=\"async\" class=\"aligncenter wp-image-13616 \" src=\"https:\/\/blogsaverroes.juntadeandalucia.es\/ceipjosefinaaldecoa\/files\/2020\/03\/506c7880-39f8-4a10-be38-3d3fc250b1b1-768x1024.jpg\" alt=\"\" width=\"413\" height=\"550\" srcset=\"https:\/\/blogsaverroes.juntadeandalucia.es\/ceipjosefinaaldecoa\/files\/2020\/03\/506c7880-39f8-4a10-be38-3d3fc250b1b1.jpg 768w, https:\/\/blogsaverroes.juntadeandalucia.es\/ceipjosefinaaldecoa\/files\/2020\/03\/506c7880-39f8-4a10-be38-3d3fc250b1b1-225x300.jpg 225w, https:\/\/blogsaverroes.juntadeandalucia.es\/ceipjosefinaaldecoa\/files\/2020\/03\/506c7880-39f8-4a10-be38-3d3fc250b1b1-18x24.jpg 18w, https:\/\/blogsaverroes.juntadeandalucia.es\/ceipjosefinaaldecoa\/files\/2020\/03\/506c7880-39f8-4a10-be38-3d3fc250b1b1-27x36.jpg 27w, https:\/\/blogsaverroes.juntadeandalucia.es\/ceipjosefinaaldecoa\/files\/2020\/03\/506c7880-39f8-4a10-be38-3d3fc250b1b1-36x48.jpg 36w\" sizes=\"(max-width: 413px) 100vw, 413px\" \/><\/a><\/p>\n<p>&nbsp;<\/p>\n<p style=\"text-align: center\"><a href=\"https:\/\/blogsaverroes.juntadeandalucia.es\/ceipjosefinaaldecoa\/files\/2020\/03\/be6f0532-7e28-432e-84a1-10ce06778e36.jpg\" target=\"_blank\" rel=\"attachment noopener wp-att-13618 noreferrer\"><img loading=\"lazy\" decoding=\"async\" class=\"aligncenter wp-image-13618 \" src=\"https:\/\/blogsaverroes.juntadeandalucia.es\/ceipjosefinaaldecoa\/files\/2020\/03\/be6f0532-7e28-432e-84a1-10ce06778e36.jpg\" alt=\"\" width=\"547\" height=\"729\" srcset=\"https:\/\/blogsaverroes.juntadeandalucia.es\/ceipjosefinaaldecoa\/files\/2020\/03\/be6f0532-7e28-432e-84a1-10ce06778e36.jpg 768w, https:\/\/blogsaverroes.juntadeandalucia.es\/ceipjosefinaaldecoa\/files\/2020\/03\/be6f0532-7e28-432e-84a1-10ce06778e36-225x300.jpg 225w, https:\/\/blogsaverroes.juntadeandalucia.es\/ceipjosefinaaldecoa\/files\/2020\/03\/be6f0532-7e28-432e-84a1-10ce06778e36-18x24.jpg 18w, https:\/\/blogsaverroes.juntadeandalucia.es\/ceipjosefinaaldecoa\/files\/2020\/03\/be6f0532-7e28-432e-84a1-10ce06778e36-27x36.jpg 27w, https:\/\/blogsaverroes.juntadeandalucia.es\/ceipjosefinaaldecoa\/files\/2020\/03\/be6f0532-7e28-432e-84a1-10ce06778e36-36x48.jpg 36w\" sizes=\"(max-width: 547px) 100vw, 547px\" \/><\/a><\/p>\n<p>&nbsp;<\/p>\n","protected":false},"excerpt":{"rendered":"<p>Estimadas familias, y aunque estamos en contacto v\u00eda Tutoras y familias delegadas de clase\u2026 &nbsp; Para este 3er Trimestre el seguimiento del \u00e1rea se realizar\u00e1 a trav\u00e9s de:&nbsp; ( publicado el 17\/04\/2020) 1\u00ba y 2\u00ba de Ed.Primaria v\u00eda aulas de Ed. F\u00edsica&#46;&#46;&#46;<\/p>\n","protected":false},"author":2825,"featured_media":0,"parent":0,"menu_order":0,"comment_status":"closed","ping_status":"closed","template":"","meta":{"ngg_post_thumbnail":0,"footnotes":"","_mc_calendar":[]},"aioseo_notices":[],"_links":{"self":[{"href":"https:\/\/blogsaverroes.juntadeandalucia.es\/ceipjosefinaaldecoa\/wp-json\/wp\/v2\/pages\/13612"}],"collection":[{"href":"https:\/\/blogsaverroes.juntadeandalucia.es\/ceipjosefinaaldecoa\/wp-json\/wp\/v2\/pages"}],"about":[{"href":"https:\/\/blogsaverroes.juntadeandalucia.es\/ceipjosefinaaldecoa\/wp-json\/wp\/v2\/types\/page"}],"author":[{"embeddable":true,"href":"https:\/\/blogsaverroes.juntadeandalucia.es\/ceipjosefinaaldecoa\/wp-json\/wp\/v2\/users\/2825"}],"replies":[{"embeddable":true,"href":"https:\/\/blogsaverroes.juntadeandalucia.es\/ceipjosefinaaldecoa\/wp-json\/wp\/v2\/comments?post=13612"}],"version-history":[{"count":5,"href":"https:\/\/blogsaverroes.juntadeandalucia.es\/ceipjosefinaaldecoa\/wp-json\/wp\/v2\/pages\/13612\/revisions"}],"predecessor-version":[{"id":13701,"href":"https:\/\/blogsaverroes.juntadeandalucia.es\/ceipjosefinaaldecoa\/wp-json\/wp\/v2\/pages\/13612\/revisions\/13701"}],"wp:attachment":[{"href":"https:\/\/blogsaverroes.juntadeandalucia.es\/ceipjosefinaaldecoa\/wp-json\/wp\/v2\/media?parent=13612"}],"curies":[{"name":"wp","href":"https:\/\/api.w.org\/{rel}","templated":true}]}}