{"id":14359,"date":"2021-01-25T00:02:09","date_gmt":"2021-01-25T00:02:09","guid":{"rendered":"https:\/\/blogsaverroes.juntadeandalucia.es\/ceipjosefinaaldecoa\/?page_id=14359"},"modified":"2024-12-23T05:41:22","modified_gmt":"2024-12-23T05:41:22","slug":"comedor-escolar-2","status":"publish","type":"page","link":"https:\/\/blogsaverroes.juntadeandalucia.es\/ceipjosefinaaldecoa\/comedor-escolar-2\/","title":{"rendered":"COMEDOR ESCOLAR"},"content":{"rendered":"<p style=\"text-align: center\"><strong>CATERING HERMANOS GONZ\u00c1LEZ<\/strong><\/p>\n<p><img loading=\"lazy\" decoding=\"async\" class=\"aligncenter size-full wp-image-14360\" src=\"https:\/\/blogsaverroes.juntadeandalucia.es\/ceipjosefinaaldecoa\/files\/2021\/03\/cat-hnos-gonzalez.png\" alt=\"\" width=\"350\" height=\"214\" srcset=\"https:\/\/blogsaverroes.juntadeandalucia.es\/ceipjosefinaaldecoa\/files\/2021\/03\/cat-hnos-gonzalez.png 350w, https:\/\/blogsaverroes.juntadeandalucia.es\/ceipjosefinaaldecoa\/files\/2021\/03\/cat-hnos-gonzalez-300x183.png 300w\" sizes=\"(max-width: 350px) 100vw, 350px\" \/><\/p>\n<p>&nbsp;<\/p>\n<h5 style=\"text-align: center\"><span style=\"font-size: 14pt;color: #000000\">Alcolea del R\u00edo, Sevilla<\/span><\/h5>\n<h6 style=\"text-align: center\"><span style=\"font-size: 14pt;color: #000000\">Telf: 95 564 46 48 \u00b7 Opci\u00f3n 4 (Informaci\u00f3n Comercial)<\/span><\/h6>\n<p style=\"text-align: center\"><span style=\"font-size: 14pt;color: #000000\">Pol\u00edgono Canama C\/D.<\/span><\/p>\n<p style=\"text-align: center\"><span style=\"color: #000000\">EMAIL:<\/span><\/p>\n<p style=\"text-align: center\"><a href=\"mailto:comercial@cateringhgonzalez.com\">comercial@cateringhgonzalez.com<\/a><br \/>\n<a href=\"mailto:nutricion@cateringhgonzalez.com\">nutricion@cateringhgonzalez.com<\/a><\/p>\n<p>&nbsp;<\/p>\n<p class=\"x_MsoNormal\"><span style=\"color: #000000\"><strong>El enlace donde encontrar tanto el men\u00fa basal como los al\u00e9rgicos en formato PDF.&nbsp;<\/strong><\/span><span style=\"color: #000000\"><strong>Se actualizar\u00e1n todos los meses y <span style=\"text-decoration: underline\">podr\u00e1n descargarlos desde ah\u00ed<\/span>.<\/strong><\/span><\/p>\n<p class=\"x_MsoNormal\"><span style=\"font-size: 14pt\"><strong><a href=\"http:\/\/www.cateringhgonzalez.com\/consultatumenu\" target=\"_blank\" rel=\"noopener noreferrer\" data-auth=\"NotApplicable\" data-linkindex=\"0\">http:\/\/www.cateringhgonzalez.com\/consultatumenu<\/a><\/strong><\/span><\/p>\n<p class=\"x_MsoNormal\"><span style=\"color: #000000\"><strong>Deben escribir las siguientes <span style=\"text-decoration: underline\">claves de acceso<\/span>:<\/strong><\/span><\/p>\n<p class=\"x_MsoNormal\"><span style=\"color: #000000\"><strong>USUARIO:&nbsp;hgonzalez399<\/strong><\/span><\/p>\n<p class=\"x_MsoNormal\"><span style=\"color: #000000\"><strong>CONTRASE\u00d1A: colegio<\/strong><\/span><\/p>\n<p>&nbsp;<\/p>\n<p><span style=\"font-size: 16pt\"><a href=\"https:\/\/blogsaverroes.juntadeandalucia.es\/ceipjosefinaaldecoa\/comedor-escolar-2\/planilla-4-dic-ene\/\" target=\"_blank\" rel=\"noopener\">Planilla 4 Dic-Ene<\/a><\/span><br \/>\n<iframe src=\"https:\/\/blogsaverroes.juntadeandalucia.es\/ceipjosefinaaldecoa\/comedor-escolar-2\/planilla-4-dic-ene\/\" frameborder=\"0\"><span data-mce-type=\"bookmark\" style=\"width: 0px;overflow: hidden;line-height: 0\" class=\"mce_SELRES_start\">\ufeff<\/span><\/iframe><\/p>\n<p><span style=\"font-size: 16pt\"><a href=\"https:\/\/blogsaverroes.juntadeandalucia.es\/ceipjosefinaaldecoa\/comedor-escolar-2\/infografias-diciembre\/\" target=\"_blank\" rel=\"noopener\">Infografias diciembre<\/a><\/span><br \/>\n<iframe src=\"https:\/\/blogsaverroes.juntadeandalucia.es\/ceipjosefinaaldecoa\/comedor-escolar-2\/infografias-diciembre\/\" frameborder=\"0\"><span data-mce-type=\"bookmark\" style=\"width: 0px;overflow: hidden;line-height: 0\" class=\"mce_SELRES_start\">\ufeff<\/span><span data-mce-type=\"bookmark\" style=\"width: 0px;overflow: hidden;line-height: 0\" class=\"mce_SELRES_start\">\ufeff<\/span><span data-mce-type=\"bookmark\" style=\"width: 0px;overflow: hidden;line-height: 0\" class=\"mce_SELRES_start\">\ufeff<\/span><\/iframe><br \/>\n&nbsp;<\/p>\n<header class=\"portlet-topper\">\n<h1 class=\"portlet-title fittexted_for_content_h1\"><span style=\"color: #000000\"><span style=\"text-decoration: underline\"><span class=\"portlet-title-text\">Impresos&nbsp;<\/span>Servicios complementarios<\/span>:<\/span><\/h1>\n<\/header>\n<div class=\"portlet-content\">\n<div class=\" portlet-content-container\">\n<div class=\"portlet-body\">\n<div class=\"contenido_portlet \">\n<div class=\"portlet_documentos\">\n<div class=\"document-list\">\n<div class=\"documentos\">\n<ul class=\"listado\">\n<li class=\"item\">\n<p class=\"title icopdf\"><a title=\"Pulse para visualizar el documento:&nbsp;Anexo II.- Servicio de Aula Matinal, Comedor Escolar y actividades Extraescolares\" href=\"https:\/\/www.juntadeandalucia.es\/educacion\/portals\/delegate\/content\/6c4342f7-1581-4c26-bc7e-2e49b4b64cee\/Anexo%20II.-%20Servicio%20de%20Aula%20Matinal,%20Comedor%20Escolar%20y%20actividades%20Extraescolares\" target=\"_blank\" rel=\"noopener noreferrer\">Anexo II.- Servicio de Aula Matinal, Comedor Escolar y actividades Extraescolares.<\/a>&nbsp;<span style=\"color: #000000\">(En sobre de matr\u00edcula de junio y durante el curso)<\/span><\/p>\n<\/li>\n<li class=\"item\">\n<p class=\"title icopdf\"><a title=\"Pulse para visualizar el documento:&nbsp;Anexo V.- Gratuidad\/bonificaci\u00f3n del precio p\u00fablico por los servicios complementarios de Aula Matinal, Comedor Escolar y Actividades Extraescolares\" href=\"https:\/\/www.juntadeandalucia.es\/educacion\/portals\/delegate\/content\/fcc8b9c5-53ad-46ca-9098-80d7b3c81097\/Anexo%20V.-%20Gratuidad\/bonificaci%C3%B3n%20del%20precio%20p%C3%BAblico%20por%20los%20servicios%20complementarios%20de%20Aula%20Matinal,%20Comedor%20Escolar%20y%20Actividades%20Extraescolares\" target=\"_blank\" rel=\"noopener noreferrer\">Anexo V.- Gratuidad\/bonificaci\u00f3n del precio p\u00fablico por los servicios complementarios de Aula Matinal, Comedor Escolar y Actividades Extraescolares<\/a>&nbsp;<span style=\"color: #000000\">(Periodo solicitud&nbsp; del 1 al 7 de septiembre)<\/span><\/p>\n<\/li>\n<\/ul>\n<\/div>\n<\/div>\n<\/div>\n<\/div>\n<\/div>\n<\/div>\n<\/div>\n<ul>\n<li><a href=\"https:\/\/blogsaverroes.juntadeandalucia.es\/ceipjosefinaaldecoa\/files\/2021\/09\/solicitud_baja_paf.pdf\">SOLICITUD BAJA SERVICIOS COMPLEMENTARIOS<\/a><\/li>\n<\/ul>\n","protected":false},"excerpt":{"rendered":"<p>CATERING HERMANOS GONZ\u00c1LEZ &nbsp; Alcolea del R\u00edo, Sevilla Telf: 95 564 46 48 \u00b7 Opci\u00f3n 4 (Informaci\u00f3n Comercial) Pol\u00edgono Canama C\/D. EMAIL: comercial@cateringhgonzalez.com nutricion@cateringhgonzalez.com &nbsp; El enlace donde encontrar tanto el men\u00fa basal como los al\u00e9rgicos en formato PDF.&nbsp;Se actualizar\u00e1n todos los&#46;&#46;&#46;<\/p>\n","protected":false},"author":2825,"featured_media":0,"parent":0,"menu_order":0,"comment_status":"closed","ping_status":"closed","template":"","meta":{"ngg_post_thumbnail":0,"footnotes":"","_mc_calendar":[]},"aioseo_notices":[],"_links":{"self":[{"href":"https:\/\/blogsaverroes.juntadeandalucia.es\/ceipjosefinaaldecoa\/wp-json\/wp\/v2\/pages\/14359"}],"collection":[{"href":"https:\/\/blogsaverroes.juntadeandalucia.es\/ceipjosefinaaldecoa\/wp-json\/wp\/v2\/pages"}],"about":[{"href":"https:\/\/blogsaverroes.juntadeandalucia.es\/ceipjosefinaaldecoa\/wp-json\/wp\/v2\/types\/page"}],"author":[{"embeddable":true,"href":"https:\/\/blogsaverroes.juntadeandalucia.es\/ceipjosefinaaldecoa\/wp-json\/wp\/v2\/users\/2825"}],"replies":[{"embeddable":true,"href":"https:\/\/blogsaverroes.juntadeandalucia.es\/ceipjosefinaaldecoa\/wp-json\/wp\/v2\/comments?post=14359"}],"version-history":[{"count":7,"href":"https:\/\/blogsaverroes.juntadeandalucia.es\/ceipjosefinaaldecoa\/wp-json\/wp\/v2\/pages\/14359\/revisions"}],"predecessor-version":[{"id":18303,"href":"https:\/\/blogsaverroes.juntadeandalucia.es\/ceipjosefinaaldecoa\/wp-json\/wp\/v2\/pages\/14359\/revisions\/18303"}],"wp:attachment":[{"href":"https:\/\/blogsaverroes.juntadeandalucia.es\/ceipjosefinaaldecoa\/wp-json\/wp\/v2\/media?parent=14359"}],"curies":[{"name":"wp","href":"https:\/\/api.w.org\/{rel}","templated":true}]}}