{"id":14424,"date":"2022-05-28T21:41:28","date_gmt":"2022-05-28T21:41:28","guid":{"rendered":"https:\/\/blogsaverroes.juntadeandalucia.es\/ceipjosefinaaldecoa\/?page_id=14424"},"modified":"2025-05-31T02:25:48","modified_gmt":"2025-05-31T02:25:48","slug":"solicitar-servicios-complementarios","status":"publish","type":"page","link":"https:\/\/blogsaverroes.juntadeandalucia.es\/ceipjosefinaaldecoa\/solicitar-servicios-complementarios\/","title":{"rendered":"SOLICITAR SERVICIOS COMPLEMENTARIOS"},"content":{"rendered":"<section id=\"h.42ef74f4684d52ad_109\" class=\"yaqOZd\">\n<div class=\"mYVXT\">\n<div class=\"LS81yb VICjCf\">\n<div class=\"hJDwNd-AhqUyc-uQSCkd purZT-AhqUyc-II5mzb pSzOP-AhqUyc-qWD73c JNdkSc\">\n<div class=\"JNdkSc-SmKAyb\">\n<div class=\"\">\n<div class=\"oKdM2c Kzv0Me\">\n<div id=\"h.42ef74f4684d52ad_106\" class=\"hJDwNd-AhqUyc-uQSCkd jXK9ad D2fZ2 OjCsFc wHaque GNzUNc\">\n<div class=\"jXK9ad-SmKAyb\">\n<div class=\"tyJCtd mGzaTb baZpAe\">\n<div><img loading=\"lazy\" decoding=\"async\" class=\"wp-image-13634 alignright\" src=\"https:\/\/blogsaverroes.juntadeandalucia.es\/ceipjosefinaaldecoa\/files\/2020\/04\/Escudo-silueta2-1024x998.png\" alt=\"\" width=\"159\" height=\"155\" srcset=\"https:\/\/blogsaverroes.juntadeandalucia.es\/ceipjosefinaaldecoa\/files\/2020\/04\/Escudo-silueta2-1024x998.png 1024w, https:\/\/blogsaverroes.juntadeandalucia.es\/ceipjosefinaaldecoa\/files\/2020\/04\/Escudo-silueta2-300x292.png 300w, https:\/\/blogsaverroes.juntadeandalucia.es\/ceipjosefinaaldecoa\/files\/2020\/04\/Escudo-silueta2-768x748.png 768w, https:\/\/blogsaverroes.juntadeandalucia.es\/ceipjosefinaaldecoa\/files\/2020\/04\/Escudo-silueta2-24x24.png 24w, https:\/\/blogsaverroes.juntadeandalucia.es\/ceipjosefinaaldecoa\/files\/2020\/04\/Escudo-silueta2-36x36.png 36w, https:\/\/blogsaverroes.juntadeandalucia.es\/ceipjosefinaaldecoa\/files\/2020\/04\/Escudo-silueta2-48x48.png 48w, https:\/\/blogsaverroes.juntadeandalucia.es\/ceipjosefinaaldecoa\/files\/2020\/04\/Escudo-silueta2.png 1600w\" sizes=\"(max-width: 159px) 100vw, 159px\" \/><\/div>\n<div>\n<h1 id=\"h.l0a83j806xoz\" class=\"CDt4Ke zfr3Q duRjpb\" style=\"text-align: center\"><span style=\"color: #000000;font-size: 20pt\">PLAN APERTURA<\/span><\/h1>\n<h1 id=\"h.wznfxknt3ml4\" class=\"CDt4Ke zfr3Q duRjpb\" style=\"text-align: center\"><span style=\"color: #000000;font-size: 20pt\">2025\/2026<\/span><\/h1>\n<\/div>\n<div style=\"text-align: justify\"><img loading=\"lazy\" decoding=\"async\" class=\"wp-image-13639 aligncenter\" src=\"https:\/\/blogsaverroes.juntadeandalucia.es\/ceipjosefinaaldecoa\/files\/2020\/04\/SERVICIOS-COMPLEMENTARIOS-03.jpg\" alt=\"\" width=\"595\" height=\"446\" srcset=\"https:\/\/blogsaverroes.juntadeandalucia.es\/ceipjosefinaaldecoa\/files\/2020\/04\/SERVICIOS-COMPLEMENTARIOS-03.jpg 960w, https:\/\/blogsaverroes.juntadeandalucia.es\/ceipjosefinaaldecoa\/files\/2020\/04\/SERVICIOS-COMPLEMENTARIOS-03-300x225.jpg 300w, https:\/\/blogsaverroes.juntadeandalucia.es\/ceipjosefinaaldecoa\/files\/2020\/04\/SERVICIOS-COMPLEMENTARIOS-03-768x576.jpg 768w, https:\/\/blogsaverroes.juntadeandalucia.es\/ceipjosefinaaldecoa\/files\/2020\/04\/SERVICIOS-COMPLEMENTARIOS-03-24x18.jpg 24w, https:\/\/blogsaverroes.juntadeandalucia.es\/ceipjosefinaaldecoa\/files\/2020\/04\/SERVICIOS-COMPLEMENTARIOS-03-36x27.jpg 36w, https:\/\/blogsaverroes.juntadeandalucia.es\/ceipjosefinaaldecoa\/files\/2020\/04\/SERVICIOS-COMPLEMENTARIOS-03-48x36.jpg 48w\" sizes=\"(max-width: 595px) 100vw, 595px\" \/><\/div>\n<div>&nbsp;<\/div>\n<div class=\"CjVfdc\" style=\"text-align: justify\"><span style=\"color: #000000;font-size: 14pt\">Durante la matr\u00edcula online tambi\u00e9n se pueden <span style=\"text-decoration: underline\"><strong>solicitar los servicios complementarios<\/strong><\/span> del centro: <strong>Aula Matinal, Comedor o Actividades Extraescolares<\/strong>. Para ello <strong>debemos <span style=\"text-decoration: underline\">justificar<\/span><\/strong><span style=\"text-decoration: underline\"> documentalmente todo lo que aleguemos en el impreso online<\/span>.<\/span><\/div>\n<div id=\"h.kvxj0z2rspp9\" class=\"CobnVe aP9Z7e\" style=\"text-align: justify\">&nbsp;<\/div>\n<div class=\"CjVfdc\"><span style=\"color: #000000;font-size: 14pt\">Dichos documentos se deben aportar al final de la solicitud online en PDF, os <strong>aconsejamos <span style=\"text-decoration: underline\">tenerlos preparados<\/span><\/strong> previamente en el dispositivo que utilic\u00e9is para rellenar la matr\u00edcula del curso 2023\/2024.<\/span><\/div>\n<\/div>\n<\/div>\n<\/div>\n<\/div>\n<\/div>\n<\/div>\n<\/div>\n<\/div>\n<\/div>\n<\/section>\n<section id=\"h.42ef74f4684d52ad_110\" class=\"yaqOZd lQAHbd\">\n<div class=\"mYVXT\">\n<div class=\"LS81yb VICjCf\">\n<div class=\"hJDwNd-AhqUyc-uQSCkd purZT-AhqUyc-II5mzb pSzOP-AhqUyc-qWD73c JNdkSc\">\n<div class=\"JNdkSc-SmKAyb\">\n<div class=\"\">\n<div class=\"oKdM2c Kzv0Me\">\n<div id=\"h.42ef74f4684d52ad_113\" class=\"hJDwNd-AhqUyc-uQSCkd jXK9ad D2fZ2 OjCsFc wHaque GNzUNc\">\n<div class=\"jXK9ad-SmKAyb\">\n<div class=\"tyJCtd mGzaTb baZpAe\">\n<div class=\"CjVfdc\">\n<div class=\"PPhIP rviiZ\">\n<div class=\"U26fgb mUbCce fKz7Od LRAOtb Znu9nd M9Bg4d\" role=\"presentation\" aria-describedby=\"h.2vbiwbmfutse\" aria-label=\"Copiar v\u00ednculo de encabezado\" data-tooltip=\"Copiar v\u00ednculo de encabezado\" aria-hidden=\"true\" data-tooltip-position=\"top\" data-tooltip-vertical-offset=\"12\" data-tooltip-horizontal-offset=\"0\">\n<div class=\"VTBa7b MbhUzd\">&nbsp;<\/div>\n<\/div>\n<\/div>\n<p><span style=\"text-decoration: underline;font-size: 16pt\"><span style=\"color: #000000;text-decoration: underline\"><strong>DOCUMENTOS NECESARIOS SEG\u00daN LO DECLARADO EN LA MATR\u00cdCULA<\/strong><\/span><\/span><\/p>\n<\/div>\n<\/div>\n<\/div>\n<\/div>\n<\/div>\n<\/div>\n<\/div>\n<\/div>\n<\/div>\n<\/div>\n<\/section>\n<section id=\"h.42ef74f4684d52ad_117\" class=\"yaqOZd\">\n<div class=\"mYVXT\">\n<div class=\"LS81yb VICjCf\">\n<div class=\"hJDwNd-AhqUyc-uQSCkd purZT-AhqUyc-II5mzb pSzOP-AhqUyc-qWD73c JNdkSc\">\n<div class=\"JNdkSc-SmKAyb\">\n<div class=\"\">\n<div class=\"oKdM2c Kzv0Me\">\n<div id=\"h.42ef74f4684d52ad_114\" class=\"hJDwNd-AhqUyc-uQSCkd jXK9ad D2fZ2 OjCsFc wHaque GNzUNc\">\n<div class=\"jXK9ad-SmKAyb\">\n<div class=\"tyJCtd mGzaTb baZpAe\">\n<div class=\"CjVfdc\">\n<p><span style=\"color: #000000;font-size: 14pt\"><span class=\" jgG6ef\">En el caso de aula matinal y comedor escolar, al marcar las circunstancias que se indican en la solicitud se nos va a pedir al final <\/span><span class=\" jgG6ef\"><strong>un documento acreditativo por cada una de las circunstancias en pdf.<\/strong><\/span> <span class=\" jgG6ef\">Seg\u00fan se indique en la pantalla que ten\u00e9is en la imagen de abajo.<\/span><\/span><\/p>\n<\/div>\n<div>&nbsp;<\/div>\n<div style=\"text-align: center\"><img loading=\"lazy\" decoding=\"async\" class=\"aligncenter wp-image-14425\" src=\"https:\/\/blogsaverroes.juntadeandalucia.es\/ceipjosefinaaldecoa\/files\/2021\/05\/doc-matricula-serv-complementarios.png\" alt=\"\" width=\"1108\" height=\"593\" srcset=\"https:\/\/blogsaverroes.juntadeandalucia.es\/ceipjosefinaaldecoa\/files\/2021\/05\/doc-matricula-serv-complementarios.png 988w, https:\/\/blogsaverroes.juntadeandalucia.es\/ceipjosefinaaldecoa\/files\/2021\/05\/doc-matricula-serv-complementarios-300x161.png 300w, https:\/\/blogsaverroes.juntadeandalucia.es\/ceipjosefinaaldecoa\/files\/2021\/05\/doc-matricula-serv-complementarios-768x411.png 768w\" sizes=\"(max-width: 1108px) 100vw, 1108px\" \/><\/div>\n<\/div>\n<\/div>\n<\/div>\n<\/div>\n<\/div>\n<\/div>\n<\/div>\n<\/div>\n<\/div>\n<\/section>\n<section id=\"h.42ef74f4684d52ad_121\" class=\"yaqOZd\">\n<div class=\"IFuOkc\">&nbsp;<\/div>\n<div class=\"mYVXT\">\n<div class=\"LS81yb VICjCf\">\n<div class=\"hJDwNd-AhqUyc-uQSCkd purZT-AhqUyc-II5mzb pSzOP-AhqUyc-qWD73c JNdkSc\">\n<div class=\"JNdkSc-SmKAyb\">\n<div class=\"\">\n<div class=\"oKdM2c Kzv0Me\">\n<div id=\"h.42ef74f4684d52ad_118\" class=\"hJDwNd-AhqUyc-uQSCkd jXK9ad D2fZ2 OjCsFc wHaque\">\n<div class=\"jXK9ad-SmKAyb\">\n<div class=\"tyJCtd baZpAe\">\n<div class=\"t3iYD\"><span style=\"font-size: 16pt\"><span class=\" jgG6ef\" style=\"color: #000000\"><strong>1.- <span style=\"text-decoration: underline\">ACREDITACI\u00d3N DE GUARDA Y CUSTODIA EJERCIDA POR SOLO UNO DE LOS REPRESENTANTES LEGALES<\/span><\/strong><\/span><span style=\"color: #000000\">.<\/span><\/span><\/div>\n<\/div>\n<\/div>\n<\/div>\n<\/div>\n<\/div>\n<\/div>\n<\/div>\n<\/div>\n<\/div>\n<\/section>\n<section id=\"h.42ef74f4684d52ad_135\" class=\"yaqOZd\">\n<div class=\"IFuOkc\">&nbsp;<\/div>\n<div class=\"mYVXT\">\n<div class=\"LS81yb VICjCf\">\n<div class=\"hJDwNd-AhqUyc-uQSCkd purZT-AhqUyc-II5mzb pSzOP-AhqUyc-qWD73c JNdkSc\">\n<div class=\"JNdkSc-SmKAyb\">\n<div class=\"\">\n<div class=\"oKdM2c Kzv0Me\">\n<div id=\"h.42ef74f4684d52ad_132\" class=\"hJDwNd-AhqUyc-uQSCkd jXK9ad D2fZ2 OjCsFc wHaque GNzUNc\">\n<div class=\"jXK9ad-SmKAyb\">\n<div class=\"tyJCtd mGzaTb baZpAe\">\n<div class=\"CjVfdc\"><span class=\" jgG6ef\" style=\"color: #000000;font-size: 14pt\">Presentar una copia compulsada del libro de familia o el documento judicial acreditativo de esa circunstancia.<\/span><\/div>\n<\/div>\n<\/div>\n<\/div>\n<\/div>\n<\/div>\n<\/div>\n<\/div>\n<\/div>\n<\/div>\n<\/section>\n<div class=\"IFuOkc\">&nbsp;<\/div>\n<div><strong style=\"color: #000000;font-size: 16pt\">2.- <span style=\"text-decoration: underline\">ACREDITACI\u00d3N DE LA ACTIVIDAD LABORAL O PROFESIONAL DE LAS PERSONAS QUE OSTENTAN LA GUARDA Y CUSTODIA DEL ALUMNO\/A.<\/span><\/strong><\/div>\n<section id=\"h.42ef74f4684d52ad_143\" class=\"yaqOZd\">\n<div class=\"IFuOkc\">&nbsp;<\/div>\n<div class=\"mYVXT\">\n<div class=\"LS81yb VICjCf\">\n<div class=\"hJDwNd-AhqUyc-uQSCkd purZT-AhqUyc-II5mzb pSzOP-AhqUyc-qWD73c JNdkSc\">\n<div class=\"JNdkSc-SmKAyb\">\n<div class=\"\">\n<div class=\"oKdM2c Kzv0Me\">\n<div id=\"h.42ef74f4684d52ad_140\" class=\"hJDwNd-AhqUyc-uQSCkd jXK9ad D2fZ2 OjCsFc wHaque GNzUNc\">\n<div class=\"jXK9ad-SmKAyb\">\n<div class=\"tyJCtd mGzaTb baZpAe\">\n<div class=\"CjVfdc\"><span style=\"color: #000000;font-size: 14pt\"><span class=\" jgG6ef\">Debe presentar <strong>cada uno de los progenitores que lo al<\/strong><\/span><strong>e<\/strong><span class=\" jgG6ef\"><strong>guen<\/strong> en la solicitud, uno o los dos, seg\u00fan cada caso:<\/span><\/span><\/div>\n<\/div>\n<\/div>\n<\/div>\n<\/div>\n<\/div>\n<\/div>\n<\/div>\n<\/div>\n<\/div>\n<\/section>\n<section id=\"h.42ef74f4684d52ad_147\" class=\"yaqOZd\">\n<div class=\"IFuOkc\">&nbsp;<\/div>\n<div class=\"mYVXT\">\n<div class=\"LS81yb VICjCf\">\n<div class=\"hJDwNd-AhqUyc-uQSCkd purZT-AhqUyc-II5mzb pSzOP-AhqUyc-qWD73c JNdkSc\">\n<div class=\"JNdkSc-SmKAyb\">\n<div class=\"\">\n<div class=\"oKdM2c Kzv0Me\">\n<div id=\"h.42ef74f4684d52ad_144\" class=\"hJDwNd-AhqUyc-uQSCkd jXK9ad D2fZ2 OjCsFc wHaque GNzUNc\">\n<div class=\"jXK9ad-SmKAyb\">\n<div class=\"tyJCtd mGzaTb baZpAe\">\n<div class=\"CjVfdc\"><span class=\" jgG6ef\" style=\"color: #000000;font-size: 14pt\"><strong>TRABAJADORES POR CUENTA AJENA:<\/strong><\/span><\/div>\n<div id=\"h.mrktveo7koem\" class=\"CobnVe aP9Z7e\">&nbsp;<\/div>\n<div class=\"CjVfdc\"><span style=\"color: #000000;font-size: 14pt\"><span class=\" jgG6ef\">a) <\/span><span class=\" jgG6ef\">Informe de <\/span><span class=\" jgG6ef\"><strong>vida laboral o certificado de la unidad de personal<\/strong><\/span><span class=\" jgG6ef\"> de su destino como funcionario.<\/span><\/span><\/div>\n<div id=\"h.kz8r38h1pldf\" class=\"CobnVe aP9Z7e\">&nbsp;<\/div>\n<div class=\"CjVfdc\"><span style=\"color: #000000;font-size: 14pt\"><span class=\" jgG6ef\">b) <\/span><span class=\" jgG6ef\"><strong>Certificaci\u00f3n de la empresa<\/strong><\/span><span class=\" jgG6ef\"> justificativo de la <\/span><span class=\" jgG6ef\"><strong>duraci\u00f3n<\/strong><\/span><span class=\" jgG6ef\"> de la jornada<\/span><span class=\" jgG6ef\">, as\u00ed como el <\/span><span class=\" jgG6ef\"><strong>horario<\/strong><\/span><span class=\" jgG6ef\"> de trabajo.<\/span><\/span><\/div>\n<div id=\"h.3umma7alvkf0\" class=\"CobnVe aP9Z7e\">&nbsp;<\/div>\n<div class=\"CjVfdc\">\n<div class=\"PPhIP rviiZ\">\n<div class=\"U26fgb mUbCce fKz7Od LRAOtb Znu9nd M9Bg4d\" role=\"presentation\" aria-describedby=\"h.3umma7alvkf0\" aria-label=\"Copiar v\u00ednculo de encabezado\" data-tooltip=\"Copiar v\u00ednculo de encabezado\" aria-hidden=\"true\" data-tooltip-position=\"top\" data-tooltip-vertical-offset=\"12\" data-tooltip-horizontal-offset=\"0\">\n<div class=\"VTBa7b MbhUzd\"><span style=\"color: #000000;font-size: 14pt\">EN <\/span><strong style=\"color: #000000;font-size: 14pt\"><span class=\" aw5Odc\" style=\"color: #0000ff\"><a class=\"XqQF9c\" style=\"color: #0000ff\" href=\"https:\/\/youtu.be\/dykYaYMwjrg\" target=\"_blank\" rel=\"noopener noreferrer\">ESTE V\u00cdDEO<\/a> <\/span><\/strong><span style=\"color: #000000;font-size: 14pt\">PUEDES VER COMO SOLICITAR LA VIDA LABORAL SIN CERTIFICADO ELECTR\u00d3NICO.<\/span><\/div>\n<\/div>\n<\/div>\n<\/div>\n<\/div>\n<\/div>\n<\/div>\n<\/div>\n<\/div>\n<\/div>\n<\/div>\n<\/div>\n<\/div>\n<\/section>\n<section id=\"h.42ef74f4684d52ad_155\" class=\"yaqOZd\">\n<div class=\"IFuOkc\">&nbsp;<\/div>\n<div class=\"mYVXT\">\n<div class=\"LS81yb VICjCf\">\n<div class=\"hJDwNd-AhqUyc-uQSCkd purZT-AhqUyc-II5mzb pSzOP-AhqUyc-qWD73c JNdkSc\">\n<div class=\"JNdkSc-SmKAyb\">\n<div class=\"\">\n<div class=\"oKdM2c Kzv0Me\">\n<div id=\"h.42ef74f4684d52ad_152\" class=\"hJDwNd-AhqUyc-uQSCkd jXK9ad D2fZ2 OjCsFc wHaque GNzUNc\">\n<div class=\"jXK9ad-SmKAyb\">\n<div class=\"tyJCtd mGzaTb baZpAe\">\n<div class=\"CjVfdc\">\n<div class=\"PPhIP rviiZ\">\n<div class=\"U26fgb mUbCce fKz7Od LRAOtb Znu9nd M9Bg4d\" role=\"presentation\" aria-describedby=\"h.hb18z9ruf2jf\" aria-label=\"Copiar v\u00ednculo de encabezado\" data-tooltip=\"Copiar v\u00ednculo de encabezado\" aria-hidden=\"true\" data-tooltip-position=\"top\" data-tooltip-vertical-offset=\"12\" data-tooltip-horizontal-offset=\"0\">\n<div>&nbsp;<\/div>\n<div class=\"VTBa7b MbhUzd\"><strong style=\"color: #000000;font-size: 16pt\">TRABAJADORES POR CUENTA PROPIA:<\/strong><\/div>\n<\/div>\n<\/div>\n<\/div>\n<div class=\"CjVfdc\"><span style=\"color: #000000;font-size: 14pt\"><span class=\" jgG6ef\">1.- Certificaci\u00f3n demostrativa del <\/span><span class=\" jgG6ef\"><strong>alta en el Impuesto de Actividades Econ\u00f3micas <\/strong><\/span><span class=\" jgG6ef\">y una <\/span><span class=\" jgG6ef\"><strong>declaraci\u00f3n responsable<\/strong><\/span><span class=\" jgG6ef\"> de la persona interesada sobre la vigencia de la misma y del <\/span><span class=\" jgG6ef\"><strong>horario<\/strong><\/span><span class=\" jgG6ef\"> que requiere la actividad<\/span><span class=\" jgG6ef\">.<\/span><\/span><\/div>\n<div id=\"h.3a9rxk28lwbi\" class=\"CobnVe aP9Z7e\">&nbsp;<\/div>\n<div class=\"CjVfdc\"><span style=\"color: #000000;font-size: 14pt\"><span class=\" jgG6ef\">2.- En el supuesto de que <\/span><span class=\" jgG6ef\"><strong>no exista obligaci\u00f3n legal de estar dado de alta en el Impuesto de Actividades Econ\u00f3micas, se acreditar\u00e1 mediante<\/strong><\/span><span class=\" jgG6ef\"> la presentaci\u00f3n de alguno de los siguientes documentos:<\/span><\/span><\/div>\n<div class=\"CjVfdc\">\n<div class=\"PPhIP rviiZ\">\n<div class=\"U26fgb mUbCce fKz7Od LRAOtb Znu9nd M9Bg4d\" role=\"presentation\" aria-describedby=\"h.lyf2n4epmlnc\" aria-label=\"Copiar v\u00ednculo de encabezado\" data-tooltip=\"Copiar v\u00ednculo de encabezado\" aria-hidden=\"true\" data-tooltip-position=\"top\" data-tooltip-vertical-offset=\"12\" data-tooltip-horizontal-offset=\"0\">\n<div class=\"VTBa7b MbhUzd\">&nbsp;<\/div>\n<\/div>\n<\/div>\n<p><span style=\"color: #000000;font-size: 14pt\"><span class=\" jgG6ef\">a) <\/span><span class=\" jgG6ef\">Alta en el Censo de empresarios<\/span><span class=\" jgG6ef\">, profesionales y retenedores, para aquellas personas que desarrollen actividades empresariales o profesionales, incluidas las agr\u00edcolas, forestales, ganaderas o pesqueras.<\/span><\/span><\/p>\n<\/div>\n<div id=\"h.4gzjotljntpo\" class=\"CobnVe aP9Z7e\">&nbsp;<\/div>\n<div class=\"CjVfdc\"><span style=\"color: #000000;font-size: 14pt\"><span class=\" jgG6ef\">b) <\/span><span class=\" jgG6ef\">Copia autenticada de la correspondiente licencia de apertura expedida<\/span><span class=\" jgG6ef\"> por el Ayuntamiento respectivo.<\/span><\/span><\/div>\n<div id=\"h.dafcyl50d2ji\" class=\"CobnVe aP9Z7e\">&nbsp;<\/div>\n<div class=\"CjVfdc\"><span style=\"color: #000000;font-size: 14pt\"><span class=\" jgG6ef\">c) <\/span><span class=\" jgG6ef\">Copia sellada de la declaraci\u00f3n responsable o comunicaci\u00f3n previa correspondiente presentada ante el Ayuntamiento.<\/span><\/span><\/div>\n<div id=\"h.rwdtzfloisni\" class=\"CobnVe aP9Z7e\">&nbsp;<\/div>\n<div class=\"CjVfdc\"><span style=\"color: #000000;font-size: 14pt\"><span class=\" jgG6ef\">d) <\/span><span class=\" jgG6ef\">Alta en la Seguridad Social<\/span><span class=\" jgG6ef\"> y una declaraci\u00f3n responsable de la persona interesada sobre la vigencia de la misma.<\/span><\/span><\/div>\n<\/div>\n<\/div>\n<\/div>\n<\/div>\n<\/div>\n<\/div>\n<\/div>\n<\/div>\n<\/div>\n<\/section>\n<section id=\"h.42ef74f4684d52ad_159\" class=\"yaqOZd qeLZfd\">\n<div class=\"mYVXT\">\n<div class=\"LS81yb VICjCf\">\n<div class=\"hJDwNd-AhqUyc-uQSCkd purZT-AhqUyc-II5mzb pSzOP-AhqUyc-qWD73c JNdkSc\">\n<div class=\"JNdkSc-SmKAyb\">\n<div class=\"\">\n<div class=\"oKdM2c Kzv0Me\">\n<div id=\"h.42ef74f4684d52ad_156\" class=\"hJDwNd-AhqUyc-uQSCkd jXK9ad D2fZ2 OjCsFc wHaque GNzUNc\">\n<div class=\"jXK9ad-SmKAyb\">\n<div class=\"tyJCtd mGzaTb baZpAe\">\n<div id=\"h.jivvz44znf4z\" class=\"CobnVe aP9Z7e\">&nbsp;<\/div>\n<div class=\"CjVfdc\">\n<div class=\"PPhIP rviiZ\">\n<div class=\"U26fgb mUbCce fKz7Od LRAOtb Znu9nd M9Bg4d\" role=\"presentation\" aria-describedby=\"h.jivvz44znf4z\" aria-label=\"Copiar v\u00ednculo de encabezado\" data-tooltip=\"Copiar v\u00ednculo de encabezado\" aria-hidden=\"true\" data-tooltip-position=\"top\" data-tooltip-vertical-offset=\"12\" data-tooltip-horizontal-offset=\"0\">\n<div>&nbsp;<\/div>\n<div class=\"VTBa7b MbhUzd\"><strong style=\"color: #000000;font-size: 16pt\">3.- <span style=\"text-decoration: underline\">ACREDITACI\u00d3N DE CURSAR ESTUDIOS CONDUCENTES A TITULACI\u00d3N ACAD\u00c9MICA OFICIAL.<\/span><\/strong><\/div>\n<\/div>\n<\/div>\n<\/div>\n<\/div>\n<\/div>\n<\/div>\n<\/div>\n<\/div>\n<\/div>\n<\/div>\n<\/div>\n<\/div>\n<\/section>\n<section id=\"h.42ef74f4684d52ad_163\" class=\"yaqOZd\">\n<div class=\"mYVXT\">\n<div class=\"LS81yb VICjCf\">\n<div class=\"hJDwNd-AhqUyc-uQSCkd purZT-AhqUyc-II5mzb pSzOP-AhqUyc-qWD73c JNdkSc\">\n<div class=\"JNdkSc-SmKAyb\">\n<div class=\"\">\n<div class=\"oKdM2c Kzv0Me\">\n<div id=\"h.42ef74f4684d52ad_160\" class=\"hJDwNd-AhqUyc-uQSCkd jXK9ad D2fZ2 OjCsFc wHaque GNzUNc\">\n<div class=\"jXK9ad-SmKAyb\">\n<div class=\"tyJCtd mGzaTb baZpAe\">\n<div class=\"CjVfdc\"><span class=\" jgG6ef\" style=\"color: #000000;font-size: 14pt\">Presentar certificado expedido por el centro docente donde figure estar matriculado y el horario lectivo.<\/span><\/div>\n<\/div>\n<\/div>\n<\/div>\n<\/div>\n<\/div>\n<\/div>\n<\/div>\n<\/div>\n<\/div>\n<\/section>\n<section id=\"h.42ef74f4684d52ad_167\" class=\"yaqOZd qeLZfd\">\n<div class=\"IFuOkc\">&nbsp;<\/div>\n<div class=\"mYVXT\">\n<div class=\"LS81yb VICjCf\">\n<div class=\"hJDwNd-AhqUyc-uQSCkd purZT-AhqUyc-II5mzb pSzOP-AhqUyc-qWD73c JNdkSc\">\n<div class=\"JNdkSc-SmKAyb\">\n<div class=\"\">\n<div class=\"oKdM2c Kzv0Me\">\n<div id=\"h.42ef74f4684d52ad_164\" class=\"hJDwNd-AhqUyc-uQSCkd jXK9ad D2fZ2 OjCsFc wHaque GNzUNc\">\n<div class=\"jXK9ad-SmKAyb\">\n<div class=\"tyJCtd mGzaTb baZpAe\">\n<div class=\"CjVfdc\"><span class=\" jgG6ef\" style=\"color: #000000;font-size: 14pt\"><strong>4.- <span style=\"text-decoration: underline\">ACREDITACI\u00d3N DE SITUACI\u00d3N DE DIFICULTAD SOCIAL EXTREMA O RIESGO DE EXCLUSI\u00d3N<\/span>.<\/strong><\/span><\/div>\n<\/div>\n<\/div>\n<\/div>\n<\/div>\n<\/div>\n<\/div>\n<\/div>\n<\/div>\n<\/div>\n<\/section>\n<section id=\"h.42ef74f4684d52ad_171\" class=\"yaqOZd\">\n<div class=\"IFuOkc\"><span style=\"color: #000000;font-size: 14pt\">Certificaci\u00f3n expedida al efecto por la persona titular de los servicios sociales provinciales donde resida la persona solicitante.<\/span><\/div>\n<div class=\"mYVXT\">\n<div class=\"LS81yb VICjCf\">\n<div class=\"hJDwNd-AhqUyc-uQSCkd purZT-AhqUyc-II5mzb pSzOP-AhqUyc-qWD73c JNdkSc\">\n<div class=\"JNdkSc-SmKAyb\">\n<div class=\"\">\n<div class=\"oKdM2c Kzv0Me\">\n<div id=\"h.42ef74f4684d52ad_168\" class=\"hJDwNd-AhqUyc-uQSCkd jXK9ad D2fZ2 OjCsFc wHaque GNzUNc\">\n<div class=\"jXK9ad-SmKAyb\">\n<div class=\"tyJCtd mGzaTb baZpAe\">\n<div>&nbsp;<\/div>\n<\/div>\n<\/div>\n<\/div>\n<\/div>\n<\/div>\n<\/div>\n<\/div>\n<\/div>\n<\/div>\n<\/section>\n<section id=\"h.42ef74f4684d52ad_175\" class=\"yaqOZd qeLZfd\">\n<div class=\"mYVXT\">\n<div class=\"LS81yb VICjCf\">\n<div class=\"hJDwNd-AhqUyc-uQSCkd purZT-AhqUyc-II5mzb pSzOP-AhqUyc-qWD73c JNdkSc\">\n<div class=\"JNdkSc-SmKAyb\">\n<div class=\"\">\n<div class=\"oKdM2c Kzv0Me\">\n<div id=\"h.42ef74f4684d52ad_172\" class=\"hJDwNd-AhqUyc-uQSCkd jXK9ad D2fZ2 OjCsFc wHaque GNzUNc\">\n<div class=\"jXK9ad-SmKAyb\">\n<div class=\"tyJCtd mGzaTb baZpAe\">\n<div class=\"CjVfdc\">\n<p><span class=\" jgG6ef\" style=\"color: #000000;font-size: 14pt\"><strong>5.- <span style=\"text-decoration: underline\">ACREDITACI\u00d3N DE SITUACI\u00d3N DE TUTELA O GUARDA DE LA ADMINISTRACI\u00d3N DE LA JUNTA DE ANDALUC\u00cdA<\/span>.<\/strong><\/span><\/p>\n<\/div>\n<\/div>\n<\/div>\n<\/div>\n<\/div>\n<\/div>\n<\/div>\n<\/div>\n<\/div>\n<\/div>\n<\/section>\n<section id=\"h.42ef74f4684d52ad_179\" class=\"yaqOZd\">\n<div class=\"mYVXT\">\n<div class=\"LS81yb VICjCf\">\n<div class=\"hJDwNd-AhqUyc-uQSCkd purZT-AhqUyc-II5mzb pSzOP-AhqUyc-qWD73c JNdkSc\">\n<div class=\"JNdkSc-SmKAyb\">\n<div class=\"\">\n<div class=\"oKdM2c Kzv0Me\">\n<div id=\"h.42ef74f4684d52ad_176\" class=\"hJDwNd-AhqUyc-uQSCkd jXK9ad D2fZ2 OjCsFc wHaque GNzUNc\">\n<div class=\"jXK9ad-SmKAyb\">\n<div class=\"tyJCtd mGzaTb baZpAe\">\n<div class=\"CjVfdc\">\n<p><span class=\" jgG6ef\" style=\"color: #000000;font-size: 14pt\">Certificaci\u00f3n expedida por la Consejer\u00eda competente en materia de protecci\u00f3n de menores.<\/span><\/p>\n<\/div>\n<\/div>\n<\/div>\n<\/div>\n<\/div>\n<\/div>\n<\/div>\n<\/div>\n<\/div>\n<\/div>\n<\/section>\n<section id=\"h.42ef74f4684d52ad_183\" class=\"yaqOZd qeLZfd\">\n<div class=\"mYVXT\">\n<div class=\"LS81yb VICjCf\">\n<div class=\"hJDwNd-AhqUyc-uQSCkd purZT-AhqUyc-II5mzb pSzOP-AhqUyc-qWD73c JNdkSc\">\n<div class=\"JNdkSc-SmKAyb\">\n<div class=\"\">\n<div class=\"oKdM2c Kzv0Me\">\n<div id=\"h.42ef74f4684d52ad_180\" class=\"hJDwNd-AhqUyc-uQSCkd jXK9ad D2fZ2 OjCsFc wHaque GNzUNc\">\n<div class=\"jXK9ad-SmKAyb\">\n<div class=\"tyJCtd mGzaTb baZpAe\">\n<div class=\"CjVfdc\">\n<div class=\"PPhIP rviiZ\">\n<div class=\"U26fgb mUbCce fKz7Od LRAOtb Znu9nd M9Bg4d\" role=\"presentation\" aria-describedby=\"h.iiiag3w1e0qo\" aria-label=\"Copiar v\u00ednculo de encabezado\" data-tooltip=\"Copiar v\u00ednculo de encabezado\" aria-hidden=\"true\" data-tooltip-position=\"top\" data-tooltip-vertical-offset=\"12\" data-tooltip-horizontal-offset=\"0\">\n<div class=\"VTBa7b MbhUzd\"><strong style=\"color: #000000;font-size: 14pt\">6.- <span style=\"text-decoration: underline\">ACREDITACI\u00d3N DE HIJO\/A DE MUJERES V\u00cdCTIMAS DE LA VIOLENCIA DE G\u00c9NERO<\/span>.<\/strong><\/div>\n<\/div>\n<\/div>\n<\/div>\n<\/div>\n<\/div>\n<\/div>\n<\/div>\n<\/div>\n<\/div>\n<\/div>\n<\/div>\n<\/div>\n<\/section>\n<section id=\"h.42ef74f4684d52ad_187\" class=\"yaqOZd\">\n<div class=\"mYVXT\">\n<div class=\"LS81yb VICjCf\">\n<div class=\"hJDwNd-AhqUyc-uQSCkd purZT-AhqUyc-II5mzb pSzOP-AhqUyc-qWD73c JNdkSc\">\n<div class=\"JNdkSc-SmKAyb\">\n<div class=\"\">\n<div class=\"oKdM2c Kzv0Me\">\n<div id=\"h.42ef74f4684d52ad_184\" class=\"hJDwNd-AhqUyc-uQSCkd jXK9ad D2fZ2 OjCsFc wHaque GNzUNc\">\n<div class=\"jXK9ad-SmKAyb\">\n<div class=\"tyJCtd mGzaTb baZpAe\">\n<div class=\"CjVfdc\"><span class=\" jgG6ef\" style=\"color: #000000;font-size: 14pt\">En el caso de hijos o hijas de mujeres atendidas en centros de acogida para mujeres v\u00edctimas de la violencia de g\u00e9nero, ser\u00e1 necesaria la certificaci\u00f3n de la entidad titular del centro de acogida.<\/span><\/div>\n<\/div>\n<\/div>\n<\/div>\n<\/div>\n<\/div>\n<\/div>\n<\/div>\n<\/div>\n<\/div>\n<\/section>\n<section id=\"h.42ef74f4684d52ad_191\" class=\"yaqOZd qeLZfd\">\n<div class=\"mYVXT\">\n<div class=\"LS81yb VICjCf\">\n<div class=\"hJDwNd-AhqUyc-uQSCkd purZT-AhqUyc-II5mzb pSzOP-AhqUyc-qWD73c JNdkSc\">\n<div class=\"JNdkSc-SmKAyb\">\n<div class=\"\">\n<div class=\"oKdM2c Kzv0Me\">\n<div id=\"h.42ef74f4684d52ad_188\" class=\"hJDwNd-AhqUyc-uQSCkd jXK9ad D2fZ2 OjCsFc wHaque GNzUNc\">\n<div class=\"jXK9ad-SmKAyb\">\n<div class=\"tyJCtd mGzaTb baZpAe\">\n<div class=\"CjVfdc\">\n<div class=\"PPhIP rviiZ\">\n<div class=\"U26fgb mUbCce fKz7Od LRAOtb Znu9nd M9Bg4d\" role=\"presentation\" aria-describedby=\"h.96qcgo4yhy2\" aria-label=\"Copiar v\u00ednculo de encabezado\" data-tooltip=\"Copiar v\u00ednculo de encabezado\" aria-hidden=\"true\" data-tooltip-position=\"top\" data-tooltip-vertical-offset=\"12\" data-tooltip-horizontal-offset=\"0\">\n<div class=\"VTBa7b MbhUzd\">&nbsp;<\/div>\n<\/div>\n<\/div>\n<p><span style=\"color: #000000;font-size: 14pt\"><span class=\" jgG6ef\"><strong>7.- <span style=\"text-decoration: underline\">ACREDITACI\u00d3N DE SITUACI\u00d3N DE V\u00cdCTIMA DE TERRORISMO<\/span><\/strong><\/span><span style=\"text-decoration: underline\">.<\/span><\/span><\/p>\n<\/div>\n<\/div>\n<\/div>\n<\/div>\n<\/div>\n<\/div>\n<\/div>\n<\/div>\n<\/div>\n<\/div>\n<\/section>\n<section id=\"h.42ef74f4684d52ad_195\" class=\"yaqOZd\">\n<div class=\"mYVXT\">\n<div class=\"LS81yb VICjCf\">\n<div class=\"hJDwNd-AhqUyc-uQSCkd purZT-AhqUyc-II5mzb pSzOP-AhqUyc-qWD73c JNdkSc\">\n<div class=\"JNdkSc-SmKAyb\">\n<div class=\"\">\n<div class=\"oKdM2c Kzv0Me\">\n<div id=\"h.42ef74f4684d52ad_192\" class=\"hJDwNd-AhqUyc-uQSCkd jXK9ad D2fZ2 OjCsFc wHaque GNzUNc\">\n<div class=\"jXK9ad-SmKAyb\">\n<div class=\"tyJCtd mGzaTb baZpAe\">\n<div class=\"CjVfdc\"><span class=\" jgG6ef\" style=\"color: #000000;font-size: 14pt\">Certificaci\u00f3n expedida por la Consejer\u00eda competente en materia de v\u00edctimas de terrorismo.<\/span><\/div>\n<\/div>\n<\/div>\n<\/div>\n<\/div>\n<\/div>\n<\/div>\n<\/div>\n<\/div>\n<\/div>\n<\/section>\n<section id=\"h.42ef74f4684d52ad_199\" class=\"yaqOZd qeLZfd\">\n<div class=\"IFuOkc\">&nbsp;<\/div>\n<div class=\"mYVXT\">\n<div class=\"LS81yb VICjCf\">\n<div class=\"hJDwNd-AhqUyc-uQSCkd purZT-AhqUyc-II5mzb pSzOP-AhqUyc-qWD73c JNdkSc\">\n<div class=\"JNdkSc-SmKAyb\">\n<div class=\"\">\n<div class=\"oKdM2c Kzv0Me\">\n<div id=\"h.42ef74f4684d52ad_196\" class=\"hJDwNd-AhqUyc-uQSCkd jXK9ad D2fZ2 OjCsFc wHaque GNzUNc\">\n<div class=\"jXK9ad-SmKAyb\">\n<div class=\"tyJCtd mGzaTb baZpAe\">\n<div class=\"CjVfdc\">\n<p><span class=\" jgG6ef\" style=\"color: #000000;font-size: 14pt\"><strong>8.- <span style=\"text-decoration: underline\">ACREDITACI\u00d3N DE SITUACI\u00d3N DE DEPENDENCIA<\/span>.<\/strong><\/span><\/p>\n<\/div>\n<\/div>\n<\/div>\n<\/div>\n<\/div>\n<\/div>\n<\/div>\n<\/div>\n<\/div>\n<\/div>\n<\/section>\n<section id=\"h.42ef74f4684d52ad_203\" class=\"yaqOZd\">\n<div class=\"mYVXT\">\n<div class=\"LS81yb VICjCf\">\n<div class=\"hJDwNd-AhqUyc-uQSCkd purZT-AhqUyc-II5mzb pSzOP-AhqUyc-qWD73c JNdkSc\">\n<div class=\"JNdkSc-SmKAyb\">\n<div class=\"\">\n<div class=\"oKdM2c Kzv0Me\">\n<div id=\"h.42ef74f4684d52ad_200\" class=\"hJDwNd-AhqUyc-uQSCkd jXK9ad D2fZ2 OjCsFc wHaque GNzUNc\">\n<div class=\"jXK9ad-SmKAyb\">\n<div class=\"tyJCtd mGzaTb baZpAe\">\n<div class=\"CjVfdc\"><span class=\" jgG6ef\" style=\"color: #000000;font-size: 14pt\">Certificaci\u00f3n expedida por la Consejer\u00eda competente en materia de dependencia y servicios sociales.<\/span><\/div>\n<\/div>\n<\/div>\n<\/div>\n<\/div>\n<\/div>\n<\/div>\n<\/div>\n<\/div>\n<\/div>\n<\/section>\n<section id=\"h.42ef74f4684d52ad_207\" class=\"yaqOZd qeLZfd\">\n<div class=\"IFuOkc\">&nbsp;<\/div>\n<div class=\"mYVXT\">\n<div class=\"LS81yb VICjCf\">\n<div class=\"hJDwNd-AhqUyc-uQSCkd purZT-AhqUyc-II5mzb pSzOP-AhqUyc-qWD73c JNdkSc\">\n<div class=\"JNdkSc-SmKAyb\">\n<div class=\"\">\n<div class=\"oKdM2c Kzv0Me\">\n<div id=\"h.42ef74f4684d52ad_204\" class=\"hJDwNd-AhqUyc-uQSCkd jXK9ad D2fZ2 OjCsFc wHaque GNzUNc\">\n<div class=\"jXK9ad-SmKAyb\">\n<div class=\"tyJCtd mGzaTb baZpAe\">\n<div class=\"CjVfdc\">\n<div class=\"PPhIP rviiZ\">\n<div class=\"U26fgb mUbCce fKz7Od LRAOtb Znu9nd M9Bg4d\" role=\"presentation\" aria-describedby=\"h.pm2xmhuqkead\" aria-label=\"Copiar v\u00ednculo de encabezado\" data-tooltip=\"Copiar v\u00ednculo de encabezado\" aria-hidden=\"true\" data-tooltip-position=\"top\" data-tooltip-vertical-offset=\"12\" data-tooltip-horizontal-offset=\"0\">\n<div class=\"VTBa7b MbhUzd\"><span class=\" jgG6ef\" style=\"color: #000000;font-size: 14pt\"><strong>9.- <span style=\"text-decoration: underline\">ACREDITACI\u00d3N DE PERTENECER A FAMILIA MONOPARENTAL<\/span><\/strong><\/span><span style=\"color: #000000;font-size: 14pt\">.<\/span><\/div>\n<\/div>\n<\/div>\n<\/div>\n<\/div>\n<\/div>\n<\/div>\n<\/div>\n<\/div>\n<\/div>\n<\/div>\n<\/div>\n<\/div>\n<\/section>\n<section id=\"h.42ef74f4684d52ad_211\" class=\"yaqOZd\">\n<div class=\"mYVXT\">\n<div class=\"LS81yb VICjCf\">\n<div class=\"hJDwNd-AhqUyc-uQSCkd purZT-AhqUyc-II5mzb pSzOP-AhqUyc-qWD73c JNdkSc\">\n<div class=\"JNdkSc-SmKAyb\">\n<div class=\"\">\n<div class=\"oKdM2c Kzv0Me\">\n<div id=\"h.42ef74f4684d52ad_208\" class=\"hJDwNd-AhqUyc-uQSCkd jXK9ad D2fZ2 OjCsFc wHaque GNzUNc\">\n<div class=\"jXK9ad-SmKAyb\">\n<div class=\"tyJCtd mGzaTb baZpAe\">\n<div class=\"CjVfdc\"><span class=\" jgG6ef\" style=\"color: #000000;font-size: 14pt\">Copia autenticada del libro de familia o documento judicial de monoparentalidad y, en su caso, la orden judicial de alejamiento en vigor.<\/span><\/div>\n<div>&nbsp;<\/div>\n<\/div>\n<\/div>\n<\/div>\n<\/div>\n<\/div>\n<\/div>\n<\/div>\n<\/div>\n<\/div>\n<\/section>\n","protected":false},"excerpt":{"rendered":"<p>PLAN APERTURA 2025\/2026 &nbsp; Durante la matr\u00edcula online tambi\u00e9n se pueden solicitar los servicios complementarios del centro: Aula Matinal, Comedor o Actividades Extraescolares. Para ello debemos justificar documentalmente todo lo que aleguemos en el impreso online. &nbsp; Dichos documentos se deben aportar&#46;&#46;&#46;<\/p>\n","protected":false},"author":2825,"featured_media":13639,"parent":0,"menu_order":0,"comment_status":"closed","ping_status":"closed","template":"","meta":{"ngg_post_thumbnail":0,"footnotes":"","_mc_calendar":[]},"aioseo_notices":[],"_links":{"self":[{"href":"https:\/\/blogsaverroes.juntadeandalucia.es\/ceipjosefinaaldecoa\/wp-json\/wp\/v2\/pages\/14424"}],"collection":[{"href":"https:\/\/blogsaverroes.juntadeandalucia.es\/ceipjosefinaaldecoa\/wp-json\/wp\/v2\/pages"}],"about":[{"href":"https:\/\/blogsaverroes.juntadeandalucia.es\/ceipjosefinaaldecoa\/wp-json\/wp\/v2\/types\/page"}],"author":[{"embeddable":true,"href":"https:\/\/blogsaverroes.juntadeandalucia.es\/ceipjosefinaaldecoa\/wp-json\/wp\/v2\/users\/2825"}],"replies":[{"embeddable":true,"href":"https:\/\/blogsaverroes.juntadeandalucia.es\/ceipjosefinaaldecoa\/wp-json\/wp\/v2\/comments?post=14424"}],"version-history":[{"count":12,"href":"https:\/\/blogsaverroes.juntadeandalucia.es\/ceipjosefinaaldecoa\/wp-json\/wp\/v2\/pages\/14424\/revisions"}],"predecessor-version":[{"id":18628,"href":"https:\/\/blogsaverroes.juntadeandalucia.es\/ceipjosefinaaldecoa\/wp-json\/wp\/v2\/pages\/14424\/revisions\/18628"}],"wp:featuredmedia":[{"embeddable":true,"href":"https:\/\/blogsaverroes.juntadeandalucia.es\/ceipjosefinaaldecoa\/wp-json\/wp\/v2\/media\/13639"}],"wp:attachment":[{"href":"https:\/\/blogsaverroes.juntadeandalucia.es\/ceipjosefinaaldecoa\/wp-json\/wp\/v2\/media?parent=14424"}],"curies":[{"name":"wp","href":"https:\/\/api.w.org\/{rel}","templated":true}]}}