{"id":15208,"date":"2022-04-13T16:41:43","date_gmt":"2022-04-13T16:41:43","guid":{"rendered":"https:\/\/blogsaverroes.juntadeandalucia.es\/ceipjosefinaaldecoa\/?page_id=15208"},"modified":"2025-03-06T11:14:04","modified_gmt":"2025-03-06T11:14:04","slug":"auxiliar-de-conversacion","status":"publish","type":"page","link":"https:\/\/blogsaverroes.juntadeandalucia.es\/ceipjosefinaaldecoa\/auxiliar-de-conversacion\/","title":{"rendered":"AUXILIAR DE CONVERSACI\u00d3N"},"content":{"rendered":"<p style=\"text-align: center\"><span style=\"font-size: 16pt\"><strong>INFORMACI\u00d3N PARA AUXILIARES DE CONVERSACI\u00d3N \/&nbsp;<\/strong><span style=\"color: #3366ff\"><strong>INFORMATION SHEET FOR LANGUAGE ASSISTANT<\/strong><\/span><\/span><\/p>\n<p style=\"text-align: center\"><img loading=\"lazy\" decoding=\"async\" class=\"aligncenter wp-image-15233\" src=\"https:\/\/blogsaverroes.juntadeandalucia.es\/ceipjosefinaaldecoa\/files\/2022\/04\/Consejer.png\" alt=\"\" width=\"259\" height=\"209\" srcset=\"https:\/\/blogsaverroes.juntadeandalucia.es\/ceipjosefinaaldecoa\/files\/2022\/04\/Consejer.png 545w, https:\/\/blogsaverroes.juntadeandalucia.es\/ceipjosefinaaldecoa\/files\/2022\/04\/Consejer-300x242.png 300w\" sizes=\"(max-width: 259px) 100vw, 259px\" \/><\/p>\n<table style=\"border-collapse: collapse;width: 100%\">\n<tbody>\n<tr>\n<td style=\"width: 50%\"><img loading=\"lazy\" decoding=\"async\" class=\"aligncenter wp-image-15213\" src=\"https:\/\/blogsaverroes.juntadeandalucia.es\/ceipjosefinaaldecoa\/files\/2022\/04\/logo3.jpg\" alt=\"\" width=\"197\" height=\"197\" srcset=\"https:\/\/blogsaverroes.juntadeandalucia.es\/ceipjosefinaaldecoa\/files\/2022\/04\/logo3.jpg 300w, https:\/\/blogsaverroes.juntadeandalucia.es\/ceipjosefinaaldecoa\/files\/2022\/04\/logo3-150x150.jpg 150w, https:\/\/blogsaverroes.juntadeandalucia.es\/ceipjosefinaaldecoa\/files\/2022\/04\/logo3-80x80.jpg 80w\" sizes=\"(max-width: 197px) 100vw, 197px\" \/><\/td>\n<td style=\"width: 50%;text-align: right\"><img loading=\"lazy\" decoding=\"async\" class=\"aligncenter wp-image-15232\" src=\"https:\/\/blogsaverroes.juntadeandalucia.es\/ceipjosefinaaldecoa\/files\/2022\/04\/Andalucia-Europa.png\" alt=\"\" width=\"147\" height=\"197\"><\/td>\n<\/tr>\n<\/tbody>\n<\/table>\n<p style=\"text-align: center\">&nbsp;<\/p>\n<p style=\"text-align: center\"><span style=\"font-size: 20pt\"><strong><a href=\"https:\/\/blogsaverroes.juntadeandalucia.es\/ceipjosefinaaldecoa\/auxiliar-de-conversacion\/informacion-para-auxiliares-de-conversacion-3\/\" target=\"_blank\" rel=\"noopener\">INFORMACI\u00d3N PARA AUXILIARES DE CONVERSACI\u00d3N (PDF)<\/a><\/strong><\/span><\/p>\n<p style=\"text-align: center\">&nbsp;<\/p>\n<p style=\"text-align: center\"><strong><span style=\"font-size: 20pt\"><a href=\"https:\/\/blogsaverroes.juntadeandalucia.es\/ceipjosefinaaldecoa\/auxiliar-de-conversacion\/information-sheet-for-language-assistant-3\/\" target=\"_blank\" rel=\"noopener\">INFORMATION SHEET FOR LANGUAGE ASSISTANT (PDF)<\/a><\/span><\/strong><\/p>\n<p>&nbsp;<\/p>\n<p style=\"text-align: left\"><span style=\"text-decoration: underline;font-size: 16pt;color: #000000\"><strong>INFORMACI\u00d3N PARA AUXILIARES DE CONVERSACI\u00d3N<\/strong><\/span><\/p>\n<table class=\"alignleft\" style=\"height: 240px;width: 72.6613%;border-collapse: collapse;border-style: solid;border-color: #000000;background-color: #faf7f7\" border=\"2\" cellspacing=\"2\" cellpadding=\"2\">\n<tbody>\n<tr style=\"height: 24px\">\n<td style=\"width: 15.6273%;height: 24px\"><span style=\"font-size: 14pt;color: #000000\"><strong>Datos del Centro<\/strong><\/span><\/td>\n<td style=\"width: 57.034%;height: 24px\">\n<p style=\"text-align: justify\"><span style=\"font-size: 14pt;color: #000000\"><strong>CEIP JOSEFINA ALDECOA<\/strong><\/span><\/p>\n<p style=\"text-align: justify\"><span style=\"color: #000000\">Direcci\u00f3n: <strong>C\/ Putt s\/n.&nbsp;Torre de Benagalb\u00f3n<\/strong>. 29738 (M\u00e1laga)<\/span><\/p>\n<p style=\"text-align: justify\"><span style=\"color: #000000\">Tel\u00e9fono: <strong>951 294 372<\/strong><\/span><\/p>\n<p style=\"text-align: justify\"><span style=\"color: #000000\">Email: <strong>29009417.edu@juntadeandalucia.es<\/strong><\/span><\/p>\n<p style=\"text-align: justify\"><a href=\"https:\/\/goo.gl\/maps\/ghueZW9JHd21yqsa6\" target=\"_blank\" rel=\"noopener noreferrer\">https:\/\/goo.gl\/maps\/ghueZW9JHd21yqsa6<\/a><\/p>\n<\/td>\n<\/tr>\n<tr style=\"height: 24px\">\n<td style=\"width: 15.6273%;height: 24px\"><span style=\"font-size: 14pt;color: #000000\"><strong>Contactos de las personas de referencia<\/strong><\/span><\/td>\n<td style=\"width: 57.034%;height: 24px\">\n<p style=\"text-align: justify\"><span style=\"color: #000000\">Direcci\u00f3n: D\u00aa. M\u00aa Gracia C\u00f3rdoba Medina,&nbsp; email: <span style=\"color: #0000ff\">mcormed241@g.educaand.es<\/span><\/span><\/p>\n<p style=\"text-align: justify\"><span style=\"color: #000000\">Coordinadora Biling\u00fce: M\u00aa Jos\u00e9 Palma, email: <span style=\"color: #0000ff\">mpalfer283q@g.educaand.es<\/span><\/span><\/p>\n<\/td>\n<\/tr>\n<tr style=\"height: 24px\">\n<td style=\"width: 15.6273%;height: 24px\"><span style=\"font-size: 14pt;color: #000000\"><strong>Nivel Educativo<\/strong><\/span><\/td>\n<td style=\"width: 57.034%\" width=\"387\">\n<p style=\"text-align: justify\"><span style=\"color: #000000\">&nbsp;&#8211; Educaci\u00f3n Infantil (de 3 a 5 a\u00f1os)<\/span><\/p>\n<p style=\"text-align: justify\"><span style=\"color: #000000\">&nbsp;&#8211; Educaci\u00f3n Primaria ( de 6 a 11 a\u00f1os)<\/span><\/p>\n<\/td>\n<\/tr>\n<tr style=\"height: 24px\">\n<td style=\"width: 15.6273%;height: 24px\"><span style=\"font-size: 14pt;color: #000000\"><strong>Materias\/m\u00f3dulos de colaboraci\u00f3n del Auxiliar de Conversaci\u00f3n<\/strong><\/span><\/td>\n<td style=\"width: 57.034%;text-align: justify\" width=\"387\"><span style=\"color: #000000\"><span style=\"font-size: 12pt\">&#8211; <\/span>Ciencias Sociales y Ciencias de la Naturaleza en Educaci\u00f3n Primaria.<\/span><\/p>\n<p><span style=\"color: #000000\">&#8211; Ingl\u00e9s en Educaci\u00f3n Infantil.<\/span><\/p>\n<p><span style=\"color: #000000\">&#8211; Educaci\u00f3n F\u00edsica en Educaci\u00f3n Primaria.<\/span><\/td>\n<\/tr>\n<tr style=\"height: 24px\">\n<td style=\"width: 15.6273%;height: 24px\"><span style=\"color: #000000;font-size: 14pt\"><strong>Informaci\u00f3n sobre la localidad y\/o barrio<\/strong><\/span><\/td>\n<td style=\"width: 57.034%\" width=\"387\">\n<p style=\"text-align: justify\" align=\"JUSTIFY\"><span style=\"font-size: 12pt;color: #000000\">&#8211; El colegio se encuentra en el municipio del Rinc\u00f3n de la Victoria, en la localidad de Torre de Benagalb\u00f3n. Est\u00e1 pr\u00f3xima a la capital malague\u00f1a (20Km) y posee facilidad de acceso desde la autov\u00eda A-7 y la MA-24.<\/span><\/p>\n<p style=\"text-align: justify\" align=\"JUSTIFY\"><span style=\"font-size: 12pt;color: #000000\">&#8211; Torre de Benagalb\u00f3n est\u00e1 enclavada junto a la costa. Localidad tranquila que se extiende entre la Playa del Rinc\u00f3n y la Playa de los Rubios. La playa es ideal para practicar deportes acu\u00e1ticos y tambi\u00e9n se puede jugar al golf en el campo de A\u00f1oreta, situado a escasos metros de la playa. Cerca, cuenta con rutas para practicar senderismo en familia y con un gran Centro Comercial con espacio de compras y ocio.<\/span><\/p>\n<\/td>\n<\/tr>\n<tr style=\"height: 24px\">\n<td style=\"width: 15.6273%;height: 24px\"><span style=\"font-size: 14pt;color: #000000\"><strong>Desplazarse al centro educativo\/localidad<\/strong><\/span><\/td>\n<td style=\"width: 57.034%;height: 24px\">\n<p style=\"text-align: justify\" align=\"JUSTIFY\"><span style=\"font-size: 12pt;color: #000000\">Hay una amplia gama de autobuses para ir y venir de M\u00e1laga capital:<\/span><\/p>\n<ul>\n<li style=\"text-align: justify\"><span style=\"color: #000000\">L\u00ednea de autob\u00fas <strong>M-260<\/strong> (M\u00e1laga- Torre de Benagalb\u00f3n-V\u00e9lez Malaga) que pasa cada hora.<\/span><\/li>\n<li style=\"text-align: justify\"><span style=\"color: #000000\">L\u00ednea de autob\u00fas <strong>M-163<\/strong> ( M\u00e1laga-Torre de Benagalb\u00f3n \u2013Los Rubios ) con una frecuencia de 90 minutos entre viajes y el trayecto dura alrededor de 45 min.<\/span><\/li>\n<\/ul>\n<\/td>\n<\/tr>\n<tr style=\"height: 24px\">\n<td style=\"width: 15.6273%;height: 24px\"><span style=\"font-size: 14pt;color: #000000\"><strong>Alojamiento<\/strong><\/span><\/p>\n<p><span style=\"color: #000000\">&#8211; \u00bfD\u00f3nde vivir en la localidad?<\/span><\/p>\n<p>&nbsp;<\/p>\n<p>&nbsp;<\/p>\n<p><span style=\"color: #000000\">&#8211; \u00bfPosibilidad de alojarse con alguna familia?<\/span><\/p>\n<p>&nbsp;<\/p>\n<p>&nbsp;<\/p>\n<p><span style=\"color: #000000\">&#8211; \u00bfPosibilidad de compartir piso con docentes?<\/span><\/td>\n<td style=\"width: 57.034%;height: 24px\">\n<p style=\"text-align: justify\">&nbsp;<\/p>\n<p style=\"margin-bottom: 0.0001pt;text-align: justify\"><span style=\"font-size: 12pt;color: #000000\">&#8211; Proveer enlaces a webs de alquiler compartido, foros o el medio m\u00e1s efectivo que haya en la localidad.<\/span><\/p>\n<p style=\"text-align: justify\">&nbsp;<\/p>\n<p style=\"margin-bottom: 0.0001pt;text-align: justify\">&nbsp;<\/p>\n<p style=\"margin-bottom: 0.0001pt;text-align: justify\"><span style=\"font-size: 12pt;color: #000000\">&#8211; Ser\u00eda bueno dar la oportunidad a la comunidad educativa de acoger al auxiliar en el seno familiar en condiciones convenientes para el\/la auxiliar y la propia familia\u2026<\/span><\/p>\n<p style=\"text-align: justify\">&nbsp;<\/p>\n<p style=\"text-align: justify\">&nbsp;<\/p>\n<p style=\"margin-bottom: 0.0001pt;text-align: justify\"><span style=\"color: #000000\"><strong>Grupos de Facebook:<\/strong><\/span><\/p>\n<p style=\"text-align: justify\"><span style=\"color: #000000\"><a style=\"color: #000000\" href=\"https:\/\/www.facebook.com\/groups\/PisosyhabitacionesdealquilerenMalaga\/?ref=share\" target=\"_blank\" rel=\"noopener noreferrer\">https:\/\/www.facebook.com\/groups\/PisosyhabitacionesdealquilerenMalaga\/?ref=share<\/a><\/span><\/p>\n<\/td>\n<\/tr>\n<tr style=\"height: 24px\">\n<td style=\"width: 15.6273%;height: 24px\"><span style=\"color: #000000;font-size: 14pt\"><strong>Contacto con otros Auxiliares de Conversaci\u00f3n<\/strong><\/span><\/td>\n<td style=\"width: 57.034%;height: 24px\">\n<p style=\"text-align: justify\"><span style=\"font-size: 12pt;color: #000000\">&#8211; Ser\u00eda recomendable facilitarle el contacto de auxiliares que han estado colaborando previamente en la localidad\/zona: enlace al grupo de facebook, grupo de Telegram\/Whatsapp\u2026<\/span><\/p>\n<p><span style=\"color: #000000\"><a style=\"color: #000000\" href=\"https:\/\/www.facebook.com\/groups\/690379255132\" target=\"_blank\" rel=\"noopener noreferrer\">https:\/\/www.facebook.com\/groups\/690379255132<\/a><\/span><\/p>\n<p><span style=\"color: #000000\"><a style=\"color: #000000\" href=\"https:\/\/www.facebook.com\/groups\/expatsmalaga\/\" target=\"_blank\" rel=\"noopener noreferrer\">https:\/\/www.facebook.com\/groups\/expatsmalaga\/<\/a><\/span><\/p>\n<p><span style=\"color: #000000\"><a style=\"color: #000000\" href=\"https:\/\/chat.whatsapp.com\/invite\/LIGe2L1Qykw1AZp3xMUY9R\" target=\"_blank\" rel=\"noopener noreferrer\">https:\/\/chat.whatsapp.com\/invite\/LIGe2L1Qykw1AZp3xMUY9R<\/a><\/span><\/td>\n<\/tr>\n<tr style=\"height: 24px\">\n<td style=\"width: 15.6273%;height: 24px\"><span style=\"color: #000000;font-size: 14pt\"><strong>Experiencias Previas con auxiliares de conversaci\u00f3n<\/strong><\/span><\/td>\n<td style=\"width: 57.034%;height: 24px\">\n<p style=\"text-align: justify\"><span style=\"color: #000000\"><span style=\"font-size: 12pt\">&#8211; Enlace a alguna p\u00e1gina web, blogs de auxiliares o del centro, canal de Youtube donde se muestren a antiguos Auxiliares de Conversaci\u00f3n. <\/span><span style=\"font-size: 12pt\">Ejemplos:<\/span><\/span><\/p>\n<p><span style=\"font-size: 16pt;color: #000000\"><strong>Curso 2022\/23:<\/strong><\/span><\/p>\n<p><span style=\"text-decoration: underline;color: #000000\"><strong><span style=\"font-size: 16pt\">Rebbeca Sherman<\/span><\/strong><\/span><\/p>\n<div style=\"width: 448px;\" class=\"wp-video\"><!--[if lt IE 9]><script>document.createElement('video');<\/script><![endif]-->\n<video class=\"wp-video-shortcode\" id=\"video-15208-1\" width=\"448\" height=\"280\" preload=\"metadata\" controls=\"controls\"><source type=\"video\/mp4\" src=\"https:\/\/blogsaverroes.juntadeandalucia.es\/ceipjosefinaaldecoa\/files\/2023\/03\/rebbeca.mp4?_=1\" \/><a href=\"https:\/\/blogsaverroes.juntadeandalucia.es\/ceipjosefinaaldecoa\/files\/2023\/03\/rebbeca.mp4\">https:\/\/blogsaverroes.juntadeandalucia.es\/ceipjosefinaaldecoa\/files\/2023\/03\/rebbeca.mp4<\/a><\/video><\/div>\n<p>&nbsp;<\/p>\n<p><span style=\"text-decoration: underline;color: #000000\"><span style=\"font-size: 16pt\"><strong>Madeline Pool<\/strong><\/span><\/span><\/p>\n<div style=\"width: 448px;\" class=\"wp-video\"><video class=\"wp-video-shortcode\" id=\"video-15208-2\" width=\"448\" height=\"280\" preload=\"metadata\" controls=\"controls\"><source type=\"video\/mp4\" src=\"https:\/\/blogsaverroes.juntadeandalucia.es\/ceipjosefinaaldecoa\/files\/2023\/03\/Madelane.mp4?_=2\" \/><a href=\"https:\/\/blogsaverroes.juntadeandalucia.es\/ceipjosefinaaldecoa\/files\/2023\/03\/Madelane.mp4\">https:\/\/blogsaverroes.juntadeandalucia.es\/ceipjosefinaaldecoa\/files\/2023\/03\/Madelane.mp4<\/a><\/video><\/div>\n<p>&nbsp;<\/p>\n<p><span style=\"color: #000000;font-size: 16pt\"><strong>Curso 2020\/21 y Curso 2021\/22:<\/strong><\/span><\/p>\n<blockquote class=\"wp-embedded-content\" data-secret=\"CtENQR9IpQ\"><p><a href=\"https:\/\/blogsaverroes.juntadeandalucia.es\/ceipjosefinaaldecoa\/2021\/06\/02\/muchas-gracias-joaquin\/\">\u00a1\u00a1Muchas Gracias!! Joaqu\u00edn<\/a><\/p><\/blockquote>\n<p><iframe class=\"wp-embedded-content\" sandbox=\"allow-scripts\" security=\"restricted\" style=\"position: absolute; clip: rect(1px, 1px, 1px, 1px);\" title=\"\u00ab\u00a1\u00a1Muchas Gracias!! Joaqu\u00edn\u00bb \u2014 CEIP Josefina Aldecoa (Torre de Benagalb\u00f3n-M\u00e1laga)\" src=\"https:\/\/blogsaverroes.juntadeandalucia.es\/ceipjosefinaaldecoa\/2021\/06\/02\/muchas-gracias-joaquin\/embed\/#?secret=BvH2Ru5e59#?secret=CtENQR9IpQ\" data-secret=\"CtENQR9IpQ\" width=\"500\" height=\"282\" frameborder=\"0\" marginwidth=\"0\" marginheight=\"0\" scrolling=\"no\"><\/iframe><\/p>\n<blockquote class=\"wp-embedded-content\" data-secret=\"oGOM0K047Z\"><p><a href=\"https:\/\/blogsaverroes.juntadeandalucia.es\/ceipjosefinaaldecoa\/2019\/06\/04\/muchas-gracias-mercedes-mingus\/\">!! Muchas Gracias !! Mercedes Mingus<\/a><\/p><\/blockquote>\n<p><iframe class=\"wp-embedded-content\" sandbox=\"allow-scripts\" security=\"restricted\" style=\"position: absolute; clip: rect(1px, 1px, 1px, 1px);\" title=\"\u00ab!! Muchas Gracias !! Mercedes Mingus\u00bb \u2014 CEIP Josefina Aldecoa (Torre de Benagalb\u00f3n-M\u00e1laga)\" src=\"https:\/\/blogsaverroes.juntadeandalucia.es\/ceipjosefinaaldecoa\/2019\/06\/04\/muchas-gracias-mercedes-mingus\/embed\/#?secret=4E6tYDe5T9#?secret=oGOM0K047Z\" data-secret=\"oGOM0K047Z\" width=\"500\" height=\"282\" frameborder=\"0\" marginwidth=\"0\" marginheight=\"0\" scrolling=\"no\"><\/iframe><\/p>\n<blockquote class=\"wp-embedded-content\" data-secret=\"BHSMO85IFH\"><p><a href=\"https:\/\/blogsaverroes.juntadeandalucia.es\/ceipjosefinaaldecoa\/2016\/06\/03\/gracias-lauren-quigley\/\">!!GRACIAS !! &#8230;Lauren Quigley<\/a><\/p><\/blockquote>\n<p><iframe class=\"wp-embedded-content\" sandbox=\"allow-scripts\" security=\"restricted\" style=\"position: absolute; clip: rect(1px, 1px, 1px, 1px);\" title=\"\u00ab!!GRACIAS !! &#8230;Lauren Quigley\u00bb \u2014 CEIP Josefina Aldecoa (Torre de Benagalb\u00f3n-M\u00e1laga)\" src=\"https:\/\/blogsaverroes.juntadeandalucia.es\/ceipjosefinaaldecoa\/2016\/06\/03\/gracias-lauren-quigley\/embed\/#?secret=RgdIbL4VED#?secret=BHSMO85IFH\" data-secret=\"BHSMO85IFH\" width=\"500\" height=\"282\" frameborder=\"0\" marginwidth=\"0\" marginheight=\"0\" scrolling=\"no\"><\/iframe><\/p>\n<p><span style=\"color: #3366ff\"><a style=\"color: #3366ff\" href=\"https:\/\/blogsaverroes.juntadeandalucia.es\/ceipjosefinaaldecoa\/category\/proyectos-educativos\/bilinguismo\/\" target=\"_blank\" rel=\"noopener noreferrer\">https:\/\/blogsaverroes.juntadeandalucia.es\/ceipjosefinaaldecoa\/category\/proyectos-educativos\/bilinguismo\/<\/a><\/span><\/td>\n<\/tr>\n<\/tbody>\n<\/table>\n<p>&nbsp;<\/p>\n<p>&nbsp;<\/p>\n<p>&nbsp;<\/p>\n<p>&nbsp;<\/p>\n<p>&nbsp;<\/p>\n<p>&nbsp;<\/p>\n<p>&nbsp;<\/p>\n<p>&nbsp;<\/p>\n<p>&nbsp;<\/p>\n<p>&nbsp;<\/p>\n<p>&nbsp;<\/p>\n<p>&nbsp;<\/p>\n<p>&nbsp;<\/p>\n<p>&nbsp;<\/p>\n<p>&nbsp;<\/p>\n<p>&nbsp;<\/p>\n<p>&nbsp;<\/p>\n<p>&nbsp;<\/p>\n<p>&nbsp;<\/p>\n<p>&nbsp;<\/p>\n<p>&nbsp;<\/p>\n<p>&nbsp;<\/p>\n<p>&nbsp;<\/p>\n<p>&nbsp;<\/p>\n<p>&nbsp;<\/p>\n<p>&nbsp;<\/p>\n<p>&nbsp;<\/p>\n<p>&nbsp;<\/p>\n<p>&nbsp;<\/p>\n<p>&nbsp;<\/p>\n<p>&nbsp;<\/p>\n<p>&nbsp;<\/p>\n<p>&nbsp;<\/p>\n<p>&nbsp;<\/p>\n<p>&nbsp;<\/p>\n<p>&nbsp;<\/p>\n<p>&nbsp;<\/p>\n<p>&nbsp;<\/p>\n<p>&nbsp;<\/p>\n<p>&nbsp;<\/p>\n<p>&nbsp;<\/p>\n<p>&nbsp;<\/p>\n<p>&nbsp;<\/p>\n<p>&nbsp;<\/p>\n<p>&nbsp;<\/p>\n<p>&nbsp;<\/p>\n<p>&nbsp;<\/p>\n<p>&nbsp;<\/p>\n<p>&nbsp;<\/p>\n<p>&nbsp;<\/p>\n<p>&nbsp;<\/p>\n<p>&nbsp;<\/p>\n<p>&nbsp;<\/p>\n<p>&nbsp;<\/p>\n<p>&nbsp;<\/p>\n<p>&nbsp;<\/p>\n<p>&nbsp;<\/p>\n<p>&nbsp;<\/p>\n<p>&nbsp;<\/p>\n<p>&nbsp;<\/p>\n<p>&nbsp;<\/p>\n<p>&nbsp;<\/p>\n<p>&nbsp;<\/p>\n<p>&nbsp;<\/p>\n<p>&nbsp;<\/p>\n<p>&nbsp;<\/p>\n<p>&nbsp;<\/p>\n<p>&nbsp;<\/p>\n<p>&nbsp;<\/p>\n<p>&nbsp;<\/p>\n<p>&nbsp;<\/p>\n<p>&nbsp;<\/p>\n<p>&nbsp;<\/p>\n<p>&nbsp;<\/p>\n<p>&nbsp;<\/p>\n<p>&nbsp;<\/p>\n<p>&nbsp;<\/p>\n<p>&nbsp;<\/p>\n<p>&nbsp;<\/p>\n<p>&nbsp;<\/p>\n<p>&nbsp;<\/p>\n<p>&nbsp;<\/p>\n<p>&nbsp;<\/p>\n<p>&nbsp;<\/p>\n<p>&nbsp;<\/p>\n<p>&nbsp;<\/p>\n<p>&nbsp;<\/p>\n<p>&nbsp;<\/p>\n<p>&nbsp;<\/p>\n<p>&nbsp;<\/p>\n<p>&nbsp;<\/p>\n<p>&nbsp;<\/p>\n<p>&nbsp;<\/p>\n<p>&nbsp;<\/p>\n<p>&nbsp;<\/p>\n<p>&nbsp;<\/p>\n<p>&nbsp;<\/p>\n<p>&nbsp;<\/p>\n<p>&nbsp;<\/p>\n<p>&nbsp;<\/p>\n<p>&nbsp;<\/p>\n<p>&nbsp;<\/p>\n<p>&nbsp;<\/p>\n<p>&nbsp;<\/p>\n<p>&nbsp;<\/p>\n<p>&nbsp;<\/p>\n<p>&nbsp;<\/p>\n<p>&nbsp;<\/p>\n<p>&nbsp;<\/p>\n<p>&nbsp;<\/p>\n<p>&nbsp;<\/p>\n<p>&nbsp;<\/p>\n<p>&nbsp;<\/p>\n<p>&nbsp;<\/p>\n<p>&nbsp;<\/p>\n<p>&nbsp;<\/p>\n<p>&nbsp;<\/p>\n<p>&nbsp;<\/p>\n<p>&nbsp;<\/p>\n<p>&nbsp;<\/p>\n<p>&nbsp;<\/p>\n<p>&nbsp;<\/p>\n<p>&nbsp;<\/p>\n<p>&nbsp;<\/p>\n<p>&nbsp;<\/p>\n<p>&nbsp;<\/p>\n<p>&nbsp;<\/p>\n<p>&nbsp;<\/p>\n<p>&nbsp;<\/p>\n<p><span style=\"text-decoration: underline;color: #0000ff\"><span style=\"font-size: 20pt\"><strong>INFORMATION SHEET FOR LANGUAGE ASSISTANT<\/strong><\/span><\/span><\/p>\n<table class=\"alignleft\" style=\"height: 240px;width: 72.6613%;border-collapse: collapse;border-style: solid;border-color: #000000;background-color: #faf7f7\" border=\"2\" cellspacing=\"2\" cellpadding=\"2\">\n<tbody>\n<tr style=\"height: 24px\">\n<td style=\"width: 15.6273%;height: 24px\"><span style=\"font-size: 14pt;color: #000000\"><strong>SCHOOL DATA<\/strong><\/span><\/td>\n<td style=\"width: 57.034%;height: 24px\">\n<p style=\"text-align: justify\"><span style=\"font-size: 14pt;color: #000000\"><strong>CEIP JOSEFINA ALDECOA<\/strong><\/span><\/p>\n<p style=\"text-align: justify\"><span style=\"color: #000000\">Address: <strong>C\/ Putt s\/n.&nbsp;Torre de Benagalb\u00f3n<\/strong>. 29738 (M\u00e1laga)<\/span><\/p>\n<p style=\"text-align: justify\"><span style=\"color: #000000\">Phone: <strong>951 294 372<\/strong><\/span><\/p>\n<p style=\"text-align: justify\"><span style=\"color: #000000\">Email: <strong>29009417.edu@juntadeandalucia.es<\/strong><\/span><\/p>\n<p style=\"text-align: justify\"><a href=\"https:\/\/goo.gl\/maps\/ghueZW9JHd21yqsa6\" target=\"_blank\" rel=\"noopener noreferrer\">https:\/\/goo.gl\/maps\/ghueZW9JHd21yqsa6<\/a><\/p>\n<\/td>\n<\/tr>\n<tr style=\"height: 24px\">\n<td style=\"width: 15.6273%;height: 24px\"><span style=\"font-size: 14pt;color: #000000\"><strong>REFERENCE PERSON<\/strong><\/span><\/p>\n<p><span style=\"font-size: 14pt;color: #000000\"><strong>People contact<\/strong><\/span><\/td>\n<td style=\"width: 57.034%;height: 24px\">\n<p style=\"text-align: justify\"><span style=\"color: #000000\">Direction: Mrs. M\u00aa Gracia C\u00f3rdoba Medina,&nbsp; email: <span style=\"color: #0000ff\">mcormed241@g.educaand.es<\/span><\/span><\/p>\n<p style=\"text-align: justify\"><span style=\"color: #000000\">Coordinator: Mrs. M\u00aa Jos\u00e9 Palma, email: <span style=\"color: #0000ff\">mpalfer283q@g.educaand.es<\/span><\/span><\/p>\n<\/td>\n<\/tr>\n<tr style=\"height: 24px\">\n<td style=\"width: 15.6273%;height: 24px\"><span style=\"font-size: 14pt;color: #000000\"><strong>Educational level<\/strong><\/span><\/td>\n<td style=\"width: 57.034%\" width=\"387\">\n<p style=\"text-align: justify\">&nbsp;<span style=\"color: #000000\">&#8211; Pre-school education (3 to 5 years)<\/span><\/p>\n<p style=\"text-align: justify\"><span style=\"color: #000000\">&nbsp;&#8211; Primary School education (6 to 11 years)<\/span><\/p>\n<\/td>\n<\/tr>\n<tr style=\"height: 24px\">\n<td style=\"width: 15.6273%;height: 24px\"><span style=\"font-size: 14pt;color: #000000\"><strong>Subjects implied in the bilingual project<\/strong><\/span><\/td>\n<td style=\"width: 57.034%;text-align: justify\" width=\"387\">&nbsp;<span style=\"color: #000000\">&#8211; Social&nbsp; and Natural Sciences in Primary Education.&nbsp;<\/span><\/p>\n<p><span style=\"color: #000000\">&nbsp;&#8211; English in Pre- Education. <\/span><br \/>\n<span style=\"color: #000000\">&nbsp;&#8211; Physical Education in Primary Education<\/span><\/td>\n<\/tr>\n<tr style=\"height: 24px\">\n<td style=\"width: 15.6273%;height: 24px\"><span style=\"color: #000000;font-size: 14pt\"><strong>Information about the town and\/or neighborhood<\/strong><\/span><\/td>\n<td style=\"width: 57.034%\" width=\"387\">\n<ul>\n<li style=\"text-align: justify\"><span style=\"color: #000000\">The school is located in a neighbourhood called Torre de Benagalb\u00f3n which belongs to El Rinc\u00f3n de la Victoria town. It is around 20km far from Malaga city, easily accessed through the A-7 and MA-24 highways.&nbsp;<\/span><\/li>\n<li style=\"text-align: justify\"><span style=\"color: #000000\">Torre de Benagalb\u00f3n is located along the coast between &nbsp;&nbsp;El Rinc\u00f3n de la Victoria and Los Rubios. The beach is a good spot to practice water sports and you can also play golf in the A\u00f1oreta Golf course just a bit further up. There are also many trails to go hiking. There are also a lot of stores and a big commercial center for families .<\/span><\/li>\n<\/ul>\n<\/td>\n<\/tr>\n<tr style=\"height: 24px\">\n<td style=\"width: 15.6273%;height: 24px\"><span style=\"font-size: 14pt\"><strong>Getting to school<\/strong><\/span><\/td>\n<td style=\"width: 57.034%;height: 24px\">\n<p style=\"text-align: justify\"><span style=\"color: #000000\">&nbsp;There is a wide range of buses to come and go to Malaga city: &nbsp;<\/span><\/p>\n<ul>\n<li style=\"text-align: justify\"><span style=\"color: #000000\">the M-260 bus (M\u00e1laga- Torre de Benagalb\u00f3n-V\u00e9lez Malaga) which passes by every hour, and<\/span><\/li>\n<li style=\"text-align: justify\"><span style=\"color: #000000\">the M-163 bus( M\u00e1laga-Torre de Benagalb\u00f3n \u2013Los Rubios )&nbsp; which has a frequency of 90 minutes between trips. The ride takes around 45 minutes.<\/span><\/li>\n<\/ul>\n<\/td>\n<\/tr>\n<tr style=\"height: 24px\">\n<td style=\"width: 15.6273%;height: 24px\"><span style=\"color: #000000;font-size: 14pt\"><strong>Accommodation<\/strong><\/span><\/p>\n<p><span style=\"color: #000000;font-size: 14pt\">&#8211; Where to live in town?<\/span><\/p>\n<p>&nbsp;<\/p>\n<p><span style=\"color: #000000;font-size: 14pt\">&#8211; Possibility of staying with a family?<\/span><\/p>\n<p><span style=\"color: #000000;font-size: 14pt\">&nbsp;&nbsp;&nbsp;&nbsp;&nbsp;&nbsp;&nbsp;&nbsp;&nbsp;&nbsp;&nbsp;<\/span><\/p>\n<p><span style=\"color: #000000;font-size: 14pt\">&#8211; Possibility Of sharing with teachers?<\/span><\/td>\n<td style=\"width: 57.034%;height: 24px\">\n<p style=\"text-align: justify\"><span style=\"color: #000000\">-It would be advisable to provide shared rent web links of the town\/area.<\/span><\/p>\n<p style=\"text-align: justify\">&nbsp;<\/p>\n<p style=\"text-align: justify\"><span style=\"color: #000000\">-It would be advisable to offer to the school community the possibility to have a language assistant.<\/span><\/p>\n<p style=\"text-align: justify\">&nbsp;<\/p>\n<p style=\"text-align: justify\">&nbsp;<\/p>\n<p style=\"text-align: justify\"><span style=\"color: #000000\">&#8211;<strong>Facebook groups:<\/strong><\/span><\/p>\n<p style=\"text-align: justify\"><a href=\"https:\/\/www.facebook.com\/groups\/PisosyhabitacionesdealquilerenMalaga\/?ref=share\" target=\"_blank\" rel=\"noopener noreferrer\">https:\/\/www.facebook.com\/groups\/PisosyhabitacionesdealquilerenMalaga\/?ref=share<\/a><\/p>\n<\/td>\n<\/tr>\n<tr style=\"height: 24px\">\n<td style=\"width: 15.6273%;height: 24px\"><span style=\"color: #000000;font-size: 14pt\"><strong>Contact with other Language Assistants<\/strong><\/span><\/td>\n<td style=\"width: 57.034%;height: 24px\">\n<p style=\"text-align: justify\"><span style=\"color: #000000\">&#8211; It would be advisable to provide the contact of assistants who have previously been collaborating in&nbsp; the&nbsp; town\/area:&nbsp; link&nbsp; to&nbsp; the&nbsp; Facebook&nbsp; group, Telegram\/Whatsapp group\u2026<\/span><\/p>\n<p><a href=\"https:\/\/www.facebook.com\/groups\/690379255132\" target=\"_blank\" rel=\"noopener noreferrer\">https:\/\/www.facebook.com\/groups\/690379255132<\/a><\/p>\n<p><a href=\"https:\/\/www.facebook.com\/groups\/expatsmalaga\/\" target=\"_blank\" rel=\"noopener noreferrer\">https:\/\/www.facebook.com\/groups\/expatsmalaga\/<\/a><\/p>\n<p><a href=\"https:\/\/chat.whatsapp.com\/invite\/LIGe2L1Qykw1AZp3xMUY9R\" target=\"_blank\" rel=\"noopener noreferrer\">https:\/\/chat.whatsapp.com\/invite\/LIGe2L1Qykw1AZp3xMUY9R<\/a><\/td>\n<\/tr>\n<tr style=\"height: 24px\">\n<td style=\"width: 15.6273%;height: 24px\"><span style=\"font-size: 14pt;color: #000000\"><strong>Previous&nbsp; Experiences with Language Assistants&nbsp;&nbsp;&nbsp;&nbsp;&nbsp;<\/strong>&nbsp;&nbsp;<\/span><\/td>\n<td style=\"width: 57.034%;height: 24px\">\n<p style=\"text-align: justify\">-Link to websites, assistants\u2019 blogs, school\u2019s blogs Youtube channels where former Language Assistants are shown.<\/p>\n<p><span style=\"font-size: 16pt\"><strong><span style=\"color: #000000\">Curso 2022\/23:<\/span><\/strong><\/span><\/p>\n<p><span style=\"text-decoration: underline\"><strong><span style=\"font-size: 16pt;color: #000000;text-decoration: underline\">Rebbeca Sherman<\/span><\/strong><\/span><\/p>\n<div style=\"width: 448px;\" class=\"wp-video\"><video class=\"wp-video-shortcode\" id=\"video-15208-3\" width=\"448\" height=\"280\" preload=\"metadata\" controls=\"controls\"><source type=\"video\/mp4\" src=\"https:\/\/blogsaverroes.juntadeandalucia.es\/ceipjosefinaaldecoa\/files\/2023\/03\/rebbeca.mp4?_=3\" \/><a href=\"https:\/\/blogsaverroes.juntadeandalucia.es\/ceipjosefinaaldecoa\/files\/2023\/03\/rebbeca.mp4\">https:\/\/blogsaverroes.juntadeandalucia.es\/ceipjosefinaaldecoa\/files\/2023\/03\/rebbeca.mp4<\/a><\/video><\/div>\n<p>&nbsp;<\/p>\n<p><span style=\"text-decoration: underline\"><span style=\"color: #000000;font-size: 16pt;text-decoration: underline\"><strong>Madeline Pool<\/strong><\/span><\/span><\/p>\n<div style=\"width: 448px;\" class=\"wp-video\"><video class=\"wp-video-shortcode\" id=\"video-15208-4\" width=\"448\" height=\"280\" preload=\"metadata\" controls=\"controls\"><source type=\"video\/mp4\" src=\"https:\/\/blogsaverroes.juntadeandalucia.es\/ceipjosefinaaldecoa\/files\/2023\/03\/Madelane.mp4?_=4\" \/><a href=\"https:\/\/blogsaverroes.juntadeandalucia.es\/ceipjosefinaaldecoa\/files\/2023\/03\/Madelane.mp4\">https:\/\/blogsaverroes.juntadeandalucia.es\/ceipjosefinaaldecoa\/files\/2023\/03\/Madelane.mp4<\/a><\/video><\/div>\n<p>&nbsp;<\/p>\n<p><span style=\"color: #000000;font-size: 16pt\"><strong>Curso 2020\/21 y Curso 2021\/22:<\/strong><\/span><\/p>\n<blockquote class=\"wp-embedded-content\" data-secret=\"CtENQR9IpQ\"><p><a href=\"https:\/\/blogsaverroes.juntadeandalucia.es\/ceipjosefinaaldecoa\/2021\/06\/02\/muchas-gracias-joaquin\/\">\u00a1\u00a1Muchas Gracias!! Joaqu\u00edn<\/a><\/p><\/blockquote>\n<p><iframe class=\"wp-embedded-content\" sandbox=\"allow-scripts\" security=\"restricted\" style=\"position: absolute; clip: rect(1px, 1px, 1px, 1px);\" title=\"\u00ab\u00a1\u00a1Muchas Gracias!! Joaqu\u00edn\u00bb \u2014 CEIP Josefina Aldecoa (Torre de Benagalb\u00f3n-M\u00e1laga)\" src=\"https:\/\/blogsaverroes.juntadeandalucia.es\/ceipjosefinaaldecoa\/2021\/06\/02\/muchas-gracias-joaquin\/embed\/#?secret=BvH2Ru5e59#?secret=CtENQR9IpQ\" data-secret=\"CtENQR9IpQ\" width=\"500\" height=\"282\" frameborder=\"0\" marginwidth=\"0\" marginheight=\"0\" scrolling=\"no\"><\/iframe><\/p>\n<blockquote class=\"wp-embedded-content\" data-secret=\"oGOM0K047Z\"><p><a href=\"https:\/\/blogsaverroes.juntadeandalucia.es\/ceipjosefinaaldecoa\/2019\/06\/04\/muchas-gracias-mercedes-mingus\/\">!! Muchas Gracias !! Mercedes Mingus<\/a><\/p><\/blockquote>\n<p><iframe class=\"wp-embedded-content\" sandbox=\"allow-scripts\" security=\"restricted\" style=\"position: absolute; clip: rect(1px, 1px, 1px, 1px);\" title=\"\u00ab!! Muchas Gracias !! Mercedes Mingus\u00bb \u2014 CEIP Josefina Aldecoa (Torre de Benagalb\u00f3n-M\u00e1laga)\" src=\"https:\/\/blogsaverroes.juntadeandalucia.es\/ceipjosefinaaldecoa\/2019\/06\/04\/muchas-gracias-mercedes-mingus\/embed\/#?secret=4E6tYDe5T9#?secret=oGOM0K047Z\" data-secret=\"oGOM0K047Z\" width=\"500\" height=\"282\" frameborder=\"0\" marginwidth=\"0\" marginheight=\"0\" scrolling=\"no\"><\/iframe><\/p>\n<blockquote class=\"wp-embedded-content\" data-secret=\"BHSMO85IFH\"><p><a href=\"https:\/\/blogsaverroes.juntadeandalucia.es\/ceipjosefinaaldecoa\/2016\/06\/03\/gracias-lauren-quigley\/\">!!GRACIAS !! &#8230;Lauren Quigley<\/a><\/p><\/blockquote>\n<p><iframe class=\"wp-embedded-content\" sandbox=\"allow-scripts\" security=\"restricted\" style=\"position: absolute; clip: rect(1px, 1px, 1px, 1px);\" title=\"\u00ab!!GRACIAS !! &#8230;Lauren Quigley\u00bb \u2014 CEIP Josefina Aldecoa (Torre de Benagalb\u00f3n-M\u00e1laga)\" src=\"https:\/\/blogsaverroes.juntadeandalucia.es\/ceipjosefinaaldecoa\/2016\/06\/03\/gracias-lauren-quigley\/embed\/#?secret=RgdIbL4VED#?secret=BHSMO85IFH\" data-secret=\"BHSMO85IFH\" width=\"500\" height=\"282\" frameborder=\"0\" marginwidth=\"0\" marginheight=\"0\" scrolling=\"no\"><\/iframe><\/p>\n<p><span style=\"color: #0000ff;font-size: 16pt\"><a style=\"color: #0000ff\" href=\"https:\/\/blogsaverroes.juntadeandalucia.es\/ceipjosefinaaldecoa\/category\/proyectos-educativos\/bilinguismo\/\" target=\"_blank\" rel=\"noopener\">https:\/\/blogsaverroes.juntadeandalucia.es\/ceipjosefinaaldecoa\/category\/proyectos-educativos\/bilinguismo\/<\/a><\/span><\/td>\n<\/tr>\n<\/tbody>\n<\/table>\n<p style=\"text-align: left\">&nbsp;<\/p>\n<p>&nbsp;<\/p>\n<p>&nbsp;<\/p>\n<p>&nbsp;<\/p>\n<p>&nbsp;<\/p>\n<p>&nbsp;<\/p>\n<p>&nbsp;<\/p>\n<p>&nbsp;<\/p>\n<p>&nbsp;<\/p>\n<p>&nbsp;<\/p>\n<p>&nbsp;<\/p>\n<p>&nbsp;<\/p>\n<p>&nbsp;<\/p>\n<p>&nbsp;<\/p>\n<p>&nbsp;<\/p>\n<p>&nbsp;<\/p>\n<p>&nbsp;<\/p>\n<p>&nbsp;<\/p>\n<p>&nbsp;<\/p>\n<p>&nbsp;<\/p>\n<p>&nbsp;<\/p>\n<p>&nbsp;<\/p>\n<p>&nbsp;<\/p>\n<p>&nbsp;<\/p>\n<p>&nbsp;<\/p>\n<p>&nbsp;<\/p>\n<p>&nbsp;<\/p>\n<p>&nbsp;<\/p>\n<p>&nbsp;<\/p>\n<p>&nbsp;<\/p>\n<p>&nbsp;<\/p>\n<p>&nbsp;<\/p>\n<p>&nbsp;<\/p>\n<p>&nbsp;<\/p>\n<p>&nbsp;<\/p>\n<p>&nbsp;<\/p>\n<p>&nbsp;<\/p>\n<p>&nbsp;<\/p>\n<p>&nbsp;<\/p>\n<p>&nbsp;<\/p>\n<p>&nbsp;<\/p>\n<p>&nbsp;<\/p>\n<p>&nbsp;<\/p>\n<p>&nbsp;<\/p>\n<p>&nbsp;<\/p>\n<p>&nbsp;<\/p>\n<p>&nbsp;<\/p>\n<p>&nbsp;<\/p>\n<p>&nbsp;<\/p>\n<p>&nbsp;<\/p>\n<p>&nbsp;<\/p>\n<p>&nbsp;<\/p>\n<p>&nbsp;<\/p>\n<p>&nbsp;<\/p>\n<p>&nbsp;<\/p>\n<p>&nbsp;<\/p>\n<p>&nbsp;<\/p>\n<p>&nbsp;<\/p>\n<p>&nbsp;<\/p>\n<p>&nbsp;<\/p>\n<p>&nbsp;<\/p>\n<p>&nbsp;<\/p>\n<p>&nbsp;<\/p>\n<p>&nbsp;<\/p>\n<p>&nbsp;<\/p>\n<p>&nbsp;<\/p>\n<p>&nbsp;<\/p>\n<p>&nbsp;<\/p>\n<p>&nbsp;<\/p>\n<p>&nbsp;<\/p>\n<p>&nbsp;<\/p>\n<p>&nbsp;<\/p>\n<p>&nbsp;<\/p>\n<p>&nbsp;<\/p>\n<p>&nbsp;<\/p>\n<p>&nbsp;<\/p>\n<p>&nbsp;<\/p>\n<p>&nbsp;<\/p>\n<p>&nbsp;<\/p>\n<p>&nbsp;<\/p>\n<p>&nbsp;<\/p>\n<p>&nbsp;<\/p>\n<p>&nbsp;<\/p>\n<p>&nbsp;<\/p>\n<p>&nbsp;<\/p>\n<p>&nbsp;<\/p>\n<p>&nbsp;<\/p>\n<p>&nbsp;<\/p>\n<p>&nbsp;<\/p>\n<p>&nbsp;<\/p>\n<p>&nbsp;<\/p>\n<p>&nbsp;<\/p>\n<p>&nbsp;<\/p>\n<p>&nbsp;<\/p>\n<p>&nbsp;<\/p>\n<p>&nbsp;<\/p>\n<p>&nbsp;<\/p>\n<p>&nbsp;<\/p>\n<p>&nbsp;<\/p>\n<p>&nbsp;<\/p>\n<p>&nbsp;<\/p>\n<p>&nbsp;<\/p>\n<p>&nbsp;<\/p>\n<p>&nbsp;<\/p>\n<p>&nbsp;<\/p>\n<p>&nbsp;<\/p>\n<p>&nbsp;<\/p>\n<p>&nbsp;<\/p>\n<p>&nbsp;<\/p>\n<p>&nbsp;<\/p>\n<p>&nbsp;<\/p>\n<p>&nbsp;<\/p>\n<p>&nbsp;<\/p>\n<p>&nbsp;<\/p>\n<p>&nbsp;<\/p>\n<p>&nbsp;<\/p>\n<p>&nbsp;<\/p>\n<p>&nbsp;<\/p>\n<p>&nbsp;<\/p>\n<p>&nbsp;<\/p>\n<p>&nbsp;<\/p>\n<p>&nbsp;<\/p>\n<p>&nbsp;<\/p>\n<p>&nbsp;<\/p>\n<p>&nbsp;<\/p>\n<p>&nbsp;<\/p>\n<p>&nbsp;<\/p>\n<p>&nbsp;<\/p>\n<p>&nbsp;<\/p>\n<p style=\"text-align: center\"><span style=\"font-size: 20pt;color: #0000ff\"><strong><a style=\"color: #0000ff\" href=\"https:\/\/blogsaverroes.juntadeandalucia.es\/ceipjosefinaaldecoa\/auxiliar-de-conversacion\/informacion-para-auxiliares-de-conversacion-3\/\" target=\"_blank\" rel=\"noopener\">INFORMACI\u00d3N PARA AUXILIARES DE CONVERSACI\u00d3N (PDF)<\/a><\/strong><\/span><\/p>\n<p style=\"text-align: center\">&nbsp;<\/p>\n<p style=\"text-align: center\"><span style=\"color: #0000ff\"><strong><span style=\"font-size: 20pt\"><a style=\"color: #0000ff\" href=\"https:\/\/blogsaverroes.juntadeandalucia.es\/ceipjosefinaaldecoa\/auxiliar-de-conversacion\/information-sheet-for-language-assistant-3\/\" target=\"_blank\" rel=\"noopener\">INFORMATION SHEET FOR LANGUAGE ASSISTANT (PDF)<\/a><\/span><\/strong><\/span><\/p>\n","protected":false},"excerpt":{"rendered":"<p>INFORMACI\u00d3N PARA AUXILIARES DE CONVERSACI\u00d3N \/&nbsp;INFORMATION SHEET FOR LANGUAGE ASSISTANT &nbsp; INFORMACI\u00d3N PARA AUXILIARES DE CONVERSACI\u00d3N (PDF) &nbsp; INFORMATION SHEET FOR LANGUAGE ASSISTANT (PDF) &nbsp; INFORMACI\u00d3N PARA AUXILIARES DE CONVERSACI\u00d3N Datos del Centro CEIP JOSEFINA ALDECOA Direcci\u00f3n: C\/ Putt s\/n.&nbsp;Torre de Benagalb\u00f3n.&#46;&#46;&#46;<\/p>\n","protected":false},"author":2825,"featured_media":0,"parent":0,"menu_order":0,"comment_status":"closed","ping_status":"closed","template":"","meta":{"ngg_post_thumbnail":0,"footnotes":"","_mc_calendar":[]},"aioseo_notices":[],"_links":{"self":[{"href":"https:\/\/blogsaverroes.juntadeandalucia.es\/ceipjosefinaaldecoa\/wp-json\/wp\/v2\/pages\/15208"}],"collection":[{"href":"https:\/\/blogsaverroes.juntadeandalucia.es\/ceipjosefinaaldecoa\/wp-json\/wp\/v2\/pages"}],"about":[{"href":"https:\/\/blogsaverroes.juntadeandalucia.es\/ceipjosefinaaldecoa\/wp-json\/wp\/v2\/types\/page"}],"author":[{"embeddable":true,"href":"https:\/\/blogsaverroes.juntadeandalucia.es\/ceipjosefinaaldecoa\/wp-json\/wp\/v2\/users\/2825"}],"replies":[{"embeddable":true,"href":"https:\/\/blogsaverroes.juntadeandalucia.es\/ceipjosefinaaldecoa\/wp-json\/wp\/v2\/comments?post=15208"}],"version-history":[{"count":29,"href":"https:\/\/blogsaverroes.juntadeandalucia.es\/ceipjosefinaaldecoa\/wp-json\/wp\/v2\/pages\/15208\/revisions"}],"predecessor-version":[{"id":18503,"href":"https:\/\/blogsaverroes.juntadeandalucia.es\/ceipjosefinaaldecoa\/wp-json\/wp\/v2\/pages\/15208\/revisions\/18503"}],"wp:attachment":[{"href":"https:\/\/blogsaverroes.juntadeandalucia.es\/ceipjosefinaaldecoa\/wp-json\/wp\/v2\/media?parent=15208"}],"curies":[{"name":"wp","href":"https:\/\/api.w.org\/{rel}","templated":true}]}}