{"id":17050,"date":"2022-12-21T18:56:57","date_gmt":"2022-12-21T18:56:57","guid":{"rendered":"https:\/\/blogsaverroes.juntadeandalucia.es\/ceipjosefinaaldecoa\/?page_id=17050"},"modified":"2023-09-11T23:55:24","modified_gmt":"2023-09-11T23:55:24","slug":"consejo-escolar-2022-2024","status":"publish","type":"page","link":"https:\/\/blogsaverroes.juntadeandalucia.es\/ceipjosefinaaldecoa\/consejo-escolar-2022-2024\/","title":{"rendered":"Consejo Escolar 2022\/2024"},"content":{"rendered":"<div>&nbsp;<\/div>\n<div>\n<table style=\"width: 794px;height: 1173px;border: 5px solid #030000\" border=\"5\" cellspacing=\"4\" cellpadding=\"4\">\n<tbody>\n<tr style=\"background-color: #006400\">\n<td style=\"background-color: #008000;height: 25px;border-color: #050000;width: 742px\" colspan=\"2\">\n<div style=\"text-align: center\"><span style=\"font-family: Verdana, Arial, Helvetica, sans-serif;color: #ffffff;font-size: 24pt\"><strong>Consejo Escolar<\/strong><\/span><\/div>\n<\/td>\n<\/tr>\n<tr style=\"background-color: #98fb98\">\n<td style=\"height: 25px;border-color: #050000;text-align: left;background-color: #98fb98;width: 328.067px\">\n<div><span style=\"color: #000000;font-size: 14pt;font-family: 'book antiqua', palatino, serif\">Presidenta del C.E y <\/span><\/div>\n<div><span style=\"color: #000000;font-size: 14pt;font-family: 'book antiqua', palatino, serif\">Directora del CEIP<\/span><\/div>\n<\/td>\n<td style=\"height: 25px;border-color: #050000;background-color: #98fb98;text-align: center;width: 413.933px\"><span style=\"color: #000000;font-size: 14pt;font-family: 'book antiqua', palatino, serif\">M\u00aa Gracia C\u00f3rdoba Medina<\/span><\/td>\n<\/tr>\n<tr style=\"background-color: #98fb98\">\n<td style=\"height: 25px;border-color: #050000;text-align: left;background-color: #98fb98;width: 328.067px\"><span style=\"color: #000000;font-size: 14pt;font-family: 'book antiqua', palatino, serif\">Jefa de estudios<\/span><\/td>\n<td style=\"height: 25px;border-color: #050000;background-color: #98fb98;text-align: center;width: 413.933px\"><span style=\"font-size: 14pt;font-family: 'book antiqua', palatino, serif;color: #000000\">Raquel Romero<\/span><\/td>\n<\/tr>\n<tr style=\"background-color: #98fb98\">\n<td style=\"height: 25px;border-color: #050000;text-align: left;background-color: #98fb98;width: 328.067px\"><span style=\"color: #000000;font-size: 14pt;font-family: 'book antiqua', palatino, serif\">Secretaria<\/span><\/td>\n<td style=\"height: 25px;border-color: #050000;background-color: #98fb98;text-align: center;width: 413.933px\"><span style=\"color: #000000;font-size: 14pt;font-family: 'book antiqua', palatino, serif\"> Mar\u00eda Jos\u00e9 Palma<br \/>\n<\/span><\/td>\n<\/tr>\n<tr style=\"background-color: #98fb98\">\n<td style=\"height: 25px;border-color: #050000;text-align: left;background-color: #98fb98;width: 328.067px\">\n<div><span style=\"color: #000000;font-size: 14pt;font-family: 'book antiqua', palatino, serif\">Representaci\u00f3n del profesorado<\/span><\/div>\n<\/td>\n<td style=\"height: 25px;border-color: #050000;text-align: left;background-color: #98fb98;width: 413.933px\">\n<p style=\"text-align: center\"><span style=\"font-family: 'book antiqua', palatino, serif;font-size: 14pt;color: #000000\">Pedro J. Bonilla<\/span><\/p>\n<p style=\"text-align: center\"><span style=\"font-size: 14pt;font-family: 'book antiqua', palatino, serif;color: #000000\">Ana Beatriz Cintas&nbsp;<\/span><\/p>\n<p style=\"text-align: center\"><span style=\"font-size: 14pt;font-family: 'book antiqua', palatino, serif;color: #000000\">Cristina Carrillo<\/span><\/p>\n<p style=\"text-align: center\"><span style=\"color: #000000;font-size: 14pt;font-family: 'book antiqua', palatino, serif\">Adriana del Moral<\/span><\/p>\n<p style=\"text-align: center\"><span style=\"color: #000000;font-size: 14pt;font-family: 'book antiqua', palatino, serif\">Luc\u00eda Robles<\/span><\/p>\n<p style=\"text-align: center\">&#8212;<\/p>\n<p style=\"text-align: center\"><span style=\"color: #000000;font-size: 14pt;font-family: 'book antiqua', palatino, serif\">Rosa M\u00aa S\u00e1nchez<\/span><\/p>\n<\/td>\n<\/tr>\n<tr style=\"background-color: #98fb98\">\n<td style=\"height: 25px;border-color: #050000;text-align: left;background-color: #98fb98;width: 328.067px\">\n<div><span style=\"color: #000000;font-size: 14pt;font-family: 'book antiqua', palatino, serif\">Representaci\u00f3n de Madres y Padres<\/span><\/div>\n<\/td>\n<td style=\"height: 25px;border-color: #050000;text-align: left;background-color: #98fb98;width: 413.933px\">\n<p style=\"text-align: center\"><span style=\"font-family: 'book antiqua', palatino, serif;font-size: 14pt;color: #000000\">Nieves Egea<\/span><\/p>\n<p style=\"text-align: center\"><span style=\"font-family: 'book antiqua', palatino, serif;font-size: 14pt;color: #000000\">Alicia Mart\u00edn<\/span><\/p>\n<p style=\"text-align: center\"><span style=\"color: #000000;font-size: 14pt;font-family: 'book antiqua', palatino, serif\">Ana Mateo<\/span><\/p>\n<p style=\"text-align: center\"><span style=\"font-family: 'book antiqua', palatino, serif;font-size: 14pt;color: #000000\">Igor Mu\u00f1iz<\/span><\/p>\n<p style=\"text-align: center\"><span style=\"font-family: 'book antiqua', palatino, serif;font-size: 14pt;color: #000000\"><span style=\"color: #000000;font-family: book antiqua, palatino, serif\">Benito Otero<\/span><\/span><\/p>\n<p style=\"text-align: center\"><span style=\"font-family: 'book antiqua', palatino, serif;font-size: 14pt;color: #000000\"><span style=\"color: #000000;font-family: book antiqua, palatino, serif\">Elia S\u00e1nchez<\/span><\/span><\/p>\n<p style=\"text-align: center\"><span style=\"color: #000000;font-size: 14pt;font-family: 'book antiqua', palatino, serif\">Carolina Salas (AMPA)<\/span><\/p>\n<\/td>\n<\/tr>\n<tr style=\"background-color: #98fb98\">\n<td style=\"height: 25px;border-color: #050000;text-align: left;background-color: #98fb98;width: 328.067px\">\n<div>\n<p>&nbsp;<\/p>\n<p style=\"text-align: left\"><span style=\"color: #000000\"><span style=\"font-size: 14pt;font-family: 'book antiqua', palatino, serif\">Representaci\u00f3n <\/span><span style=\"font-size: 14pt;font-family: 'book antiqua', palatino, serif\">personal de administraci\u00f3n y servicio.<\/span><\/span><\/p>\n<p>&nbsp;<\/p>\n<\/div>\n<\/td>\n<td style=\"height: 25px;border-color: #050000;background-color: #98fb98;text-align: center;width: 413.933px\"><span style=\"color: #000000;font-size: 14pt;font-family: 'book antiqua', palatino, serif\">Jos\u00e9 Guillermo Rando<\/span><\/td>\n<\/tr>\n<tr style=\"background-color: #98fb98\">\n<td style=\"height: 25px;border-color: #050000;text-align: left;background-color: #98fb98;width: 328.067px\">\n<div>&nbsp;<\/div>\n<div>&nbsp;<\/div>\n<div><span style=\"font-size: 14pt;font-family: 'book antiqua', palatino, serif;color: #000000\">Representaci\u00f3n de la administraci\u00f3n local<\/span><\/div>\n<p>&nbsp;<\/td>\n<td style=\"height: 25px;border-color: #050000;background-color: #98fb98;text-align: center;width: 413.933px\"><span style=\"font-size: 14pt;font-family: 'book antiqua', palatino, serif;color: #000000\">&nbsp; &nbsp;Ana Bel\u00e9n Palomo<\/span><\/p>\n<p><span style=\"font-size: 14pt;font-family: 'book antiqua', palatino, serif;color: #000000\"><span style=\"font-size: 12pt\">(Representante del Ayuntamiento)<\/span><br \/>\n<\/span><\/td>\n<\/tr>\n<\/tbody>\n<\/table>\n<\/div>\n","protected":false},"excerpt":{"rendered":"<p>&nbsp; Consejo Escolar Presidenta del C.E y Directora del CEIP M\u00aa Gracia C\u00f3rdoba Medina Jefa de estudios Raquel Romero Secretaria Mar\u00eda Jos\u00e9 Palma Representaci\u00f3n del profesorado Pedro J. Bonilla Ana Beatriz Cintas&nbsp; Cristina Carrillo Adriana del Moral Luc\u00eda Robles &#8212; Rosa M\u00aa&#46;&#46;&#46;<\/p>\n","protected":false},"author":2825,"featured_media":0,"parent":0,"menu_order":0,"comment_status":"closed","ping_status":"closed","template":"","meta":{"ngg_post_thumbnail":0,"footnotes":"","_mc_calendar":[]},"aioseo_notices":[],"_links":{"self":[{"href":"https:\/\/blogsaverroes.juntadeandalucia.es\/ceipjosefinaaldecoa\/wp-json\/wp\/v2\/pages\/17050"}],"collection":[{"href":"https:\/\/blogsaverroes.juntadeandalucia.es\/ceipjosefinaaldecoa\/wp-json\/wp\/v2\/pages"}],"about":[{"href":"https:\/\/blogsaverroes.juntadeandalucia.es\/ceipjosefinaaldecoa\/wp-json\/wp\/v2\/types\/page"}],"author":[{"embeddable":true,"href":"https:\/\/blogsaverroes.juntadeandalucia.es\/ceipjosefinaaldecoa\/wp-json\/wp\/v2\/users\/2825"}],"replies":[{"embeddable":true,"href":"https:\/\/blogsaverroes.juntadeandalucia.es\/ceipjosefinaaldecoa\/wp-json\/wp\/v2\/comments?post=17050"}],"version-history":[{"count":4,"href":"https:\/\/blogsaverroes.juntadeandalucia.es\/ceipjosefinaaldecoa\/wp-json\/wp\/v2\/pages\/17050\/revisions"}],"predecessor-version":[{"id":17187,"href":"https:\/\/blogsaverroes.juntadeandalucia.es\/ceipjosefinaaldecoa\/wp-json\/wp\/v2\/pages\/17050\/revisions\/17187"}],"wp:attachment":[{"href":"https:\/\/blogsaverroes.juntadeandalucia.es\/ceipjosefinaaldecoa\/wp-json\/wp\/v2\/media?parent=17050"}],"curies":[{"name":"wp","href":"https:\/\/api.w.org\/{rel}","templated":true}]}}