{"id":870,"date":"2015-01-01T07:24:27","date_gmt":"2015-01-01T07:24:27","guid":{"rendered":"http:\/\/blogsaverroes.juntadeandalucia.es\/pre\/ceip\/?page_id=103"},"modified":"2024-12-23T05:23:14","modified_gmt":"2024-12-23T05:23:14","slug":"aula-matinal","status":"publish","type":"page","link":"https:\/\/blogsaverroes.juntadeandalucia.es\/ceipjosefinaaldecoa\/aula-matinal\/","title":{"rendered":"Aula Matinal"},"content":{"rendered":"<p><img loading=\"lazy\" decoding=\"async\" class=\"aligncenter wp-image-3460 \" src=\"http:\/\/blogsaverroes.juntadeandalucia.es\/ceipjosefinaaldecoa\/files\/2015\/03\/20151117_0744221-1024x576.jpg\" alt=\"20151117_074422[1]\" width=\"624\" height=\"351\" srcset=\"https:\/\/blogsaverroes.juntadeandalucia.es\/ceipjosefinaaldecoa\/files\/2015\/03\/20151117_0744221-1024x576.jpg 1024w, https:\/\/blogsaverroes.juntadeandalucia.es\/ceipjosefinaaldecoa\/files\/2015\/03\/20151117_0744221-300x169.jpg 300w, https:\/\/blogsaverroes.juntadeandalucia.es\/ceipjosefinaaldecoa\/files\/2015\/03\/20151117_0744221.jpg 1600w\" sizes=\"(max-width: 624px) 100vw, 624px\" \/><\/p>\n<p style=\"text-align: justify\"><span style=\"font-size: 14pt;color: #000000;font-family: verdana, geneva, sans-serif\"><strong>Horario de Aula<\/strong> <strong>Matinal:<\/strong> De Lunes a Viernes, de 7,30 a 9 de la ma\u00f1ana<\/span><\/p>\n<p style=\"text-align: justify\"><span style=\"font-size: 14pt;color: #000000;font-family: verdana, geneva, sans-serif\">La finalidad del aula matinal es la <strong>atenci\u00f3n del alumnado<\/strong>, cuyos padres y madres no pueden atender a sus hijos\/as a primera hora de la ma\u00f1ana, principalmente por motivos laborales. Por lo tanto, para poder conciliar la vida familiar y laboral se les oferta este servicio que consiste en traerlos al colegio <strong>desde las 7:30 de la ma\u00f1ana<\/strong>, donde ser\u00e1n atendidos por los monitores, <strong>hasta las 9:00 horas<\/strong> que se incorporar\u00e1n a sus aulas correspondientes.<\/span><\/p>\n<p style=\"text-align: justify\"><span style=\"font-family: verdana, geneva, sans-serif;font-size: 14pt;color: #000000\">Pretende en todo momento ofrecer un servicio de calidad, para tal fin se analizan, planifican y estructuran unas actividades ya programadas. Este programa actividades educativas pretende transmitir valores a los\/as ni\u00f1os\/as que asisten al Aula Matinal <strong>gestionada este curso por GP Servicios educativos S.L<\/strong><\/span><\/p>\n<p>&nbsp;<\/p>\n<p><img decoding=\"async\" class=\"aligncenter\" src=\"https:\/\/gp.ateneaerp.es\/img\/20221021074046-empresa_logo.png\"><\/p>\n<p>&nbsp;<\/p>\n<p style=\"text-align: justify\"><span style=\"font-size: 14pt;color: #000000;font-family: verdana, geneva, sans-serif\"><strong><span style=\"text-decoration: underline\">Monitores<\/span><\/strong>:<\/span><\/p>\n<ul style=\"text-align: justify\">\n<li><span style=\"font-size: 14pt;color: #000000;font-family: verdana, geneva, sans-serif\">Susana Borrego <span style=\"color: #000000;font-family: verdana, geneva, sans-serif\"><span style=\"font-size: 14pt\">(Responsable del aula en el centro<\/span>)<\/span><br \/>\n<\/span><\/li>\n<li>\n<div><span style=\"font-size: 14pt;color: #000000;font-family: verdana, geneva, sans-serif\">Sonia Lujan<br \/>\n<\/span><\/div>\n<\/li>\n<li><span style=\"font-size: 14pt;color: #000000;font-family: verdana, geneva, sans-serif\">Pilar salas<\/span><\/li>\n<\/ul>\n<p style=\"text-align: justify\"><span style=\"font-size: 14pt;color: #000000;font-family: verdana, geneva, sans-serif\">Los monitores facilitan el acceso al <strong>Aula Matinal<\/strong>, acompa\u00f1an a los ni\u00f1os a sus grupos correspondientes y realizan talleres especialmente dise\u00f1ados para ellos. En estos talleres se realizan <strong>actividades l\u00fadico-recreativas<\/strong><strong> y formativas<\/strong> que fomentan el compa\u00f1erismo y la participaci\u00f3n despertando en ellos una predisposici\u00f3n a enfrentar la jornada escolar como una aventura en busca del&nbsp; aprendizaje.<\/span><\/p>\n<p>\n<div class=\"ngg-galleryoverview ngg-template-caption\" id=\"ngg-gallery-f9e07e8f6e38d680ce06dcc4f02a8425-870\">\n\n\t\t\n\t<!-- Thumbnails -->\n\t\t\t\t\n\t<div id=\"ngg-image-511\" class=\"ngg-gallery-thumbnail-box\"  >\n\t\t<div class=\"ngg-gallery-thumbnail\" >\n\t\t\t<a href=\"https:\/\/blogsaverroes.juntadeandalucia.es\/ceipjosefinaaldecoa\/wp-content\/uploads\/sites\/1530\/nggallery\/aula-matinal\/20151117_0744221.jpg\"\n\t\t\t\ttitle=\" \"\n\t\t\t\tclass=\"ngg-fancybox\" rel=\"f9e07e8f6e38d680ce06dcc4f02a8425\" data-image-id=\"511\" data-src=\"https:\/\/blogsaverroes.juntadeandalucia.es\/ceipjosefinaaldecoa\/wp-content\/uploads\/sites\/1530\/nggallery\/aula-matinal\/20151117_0744221.jpg\" data-thumbnail=\"https:\/\/blogsaverroes.juntadeandalucia.es\/ceipjosefinaaldecoa\/wp-content\/uploads\/sites\/1530\/nggallery\/aula-matinal\/thumbs\/thumbs_20151117_0744221.jpg\" data-title=\"20151117_074422[1]\" data-description=\" \" >\n\t\t\t\t\t\t\t\t<img title=\"20151117_074422[1]\" alt=\"20151117_074422[1]\" src=\"https:\/\/blogsaverroes.juntadeandalucia.es\/ceipjosefinaaldecoa\/wp-content\/uploads\/sites\/1530\/nggallery\/aula-matinal\/thumbs\/thumbs_20151117_0744221.jpg\" width='120' height='90' \/>\n\t\t\t\t\t\t\t<\/a>\n\t\t\t<span>\n\t\t\t \t\t\t<\/span>\n\t\t<\/div>\n\t<\/div>\n\t\t\t\t\t\t\t\n\t<div id=\"ngg-image-512\" class=\"ngg-gallery-thumbnail-box\"  >\n\t\t<div class=\"ngg-gallery-thumbnail\" >\n\t\t\t<a href=\"https:\/\/blogsaverroes.juntadeandalucia.es\/ceipjosefinaaldecoa\/wp-content\/uploads\/sites\/1530\/nggallery\/aula-matinal\/20151120_0818361.jpg\"\n\t\t\t\ttitle=\" \"\n\t\t\t\tclass=\"ngg-fancybox\" rel=\"f9e07e8f6e38d680ce06dcc4f02a8425\" data-image-id=\"512\" data-src=\"https:\/\/blogsaverroes.juntadeandalucia.es\/ceipjosefinaaldecoa\/wp-content\/uploads\/sites\/1530\/nggallery\/aula-matinal\/20151120_0818361.jpg\" data-thumbnail=\"https:\/\/blogsaverroes.juntadeandalucia.es\/ceipjosefinaaldecoa\/wp-content\/uploads\/sites\/1530\/nggallery\/aula-matinal\/thumbs\/thumbs_20151120_0818361.jpg\" data-title=\"20151120_081836[1]\" data-description=\" \" >\n\t\t\t\t\t\t\t\t<img title=\"20151120_081836[1]\" alt=\"20151120_081836[1]\" src=\"https:\/\/blogsaverroes.juntadeandalucia.es\/ceipjosefinaaldecoa\/wp-content\/uploads\/sites\/1530\/nggallery\/aula-matinal\/thumbs\/thumbs_20151120_0818361.jpg\" width='120' height='90' \/>\n\t\t\t\t\t\t\t<\/a>\n\t\t\t<span>\n\t\t\t \t\t\t<\/span>\n\t\t<\/div>\n\t<\/div>\n\t\t\t\t\t\t\t\n\t<div id=\"ngg-image-514\" class=\"ngg-gallery-thumbnail-box\"  >\n\t\t<div class=\"ngg-gallery-thumbnail\" >\n\t\t\t<a href=\"https:\/\/blogsaverroes.juntadeandalucia.es\/ceipjosefinaaldecoa\/wp-content\/uploads\/sites\/1530\/nggallery\/aula-matinal\/IMG-20160202-WA00001.jpeg\"\n\t\t\t\ttitle=\" \"\n\t\t\t\tclass=\"ngg-fancybox\" rel=\"f9e07e8f6e38d680ce06dcc4f02a8425\" data-image-id=\"514\" data-src=\"https:\/\/blogsaverroes.juntadeandalucia.es\/ceipjosefinaaldecoa\/wp-content\/uploads\/sites\/1530\/nggallery\/aula-matinal\/IMG-20160202-WA00001.jpeg\" data-thumbnail=\"https:\/\/blogsaverroes.juntadeandalucia.es\/ceipjosefinaaldecoa\/wp-content\/uploads\/sites\/1530\/nggallery\/aula-matinal\/thumbs\/thumbs_IMG-20160202-WA00001.jpeg\" data-title=\"IMG-20160202-WA0000[1]\" data-description=\" \" >\n\t\t\t\t\t\t\t\t<img title=\"IMG-20160202-WA0000[1]\" alt=\"IMG-20160202-WA0000[1]\" src=\"https:\/\/blogsaverroes.juntadeandalucia.es\/ceipjosefinaaldecoa\/wp-content\/uploads\/sites\/1530\/nggallery\/aula-matinal\/thumbs\/thumbs_IMG-20160202-WA00001.jpeg\" width='120' height='90' \/>\n\t\t\t\t\t\t\t<\/a>\n\t\t\t<span>\n\t\t\t \t\t\t<\/span>\n\t\t<\/div>\n\t<\/div>\n\t\t\t\t\t\t\t\n\t<div id=\"ngg-image-516\" class=\"ngg-gallery-thumbnail-box\"  >\n\t\t<div class=\"ngg-gallery-thumbnail\" >\n\t\t\t<a href=\"https:\/\/blogsaverroes.juntadeandalucia.es\/ceipjosefinaaldecoa\/wp-content\/uploads\/sites\/1530\/nggallery\/aula-matinal\/IMG-20160303-WA00021.jpg\"\n\t\t\t\ttitle=\" \"\n\t\t\t\tclass=\"ngg-fancybox\" rel=\"f9e07e8f6e38d680ce06dcc4f02a8425\" data-image-id=\"516\" data-src=\"https:\/\/blogsaverroes.juntadeandalucia.es\/ceipjosefinaaldecoa\/wp-content\/uploads\/sites\/1530\/nggallery\/aula-matinal\/IMG-20160303-WA00021.jpg\" data-thumbnail=\"https:\/\/blogsaverroes.juntadeandalucia.es\/ceipjosefinaaldecoa\/wp-content\/uploads\/sites\/1530\/nggallery\/aula-matinal\/thumbs\/thumbs_IMG-20160303-WA00021.jpg\" data-title=\"IMG-20160303-WA0002[1]\" data-description=\" \" >\n\t\t\t\t\t\t\t\t<img title=\"IMG-20160303-WA0002[1]\" alt=\"IMG-20160303-WA0002[1]\" src=\"https:\/\/blogsaverroes.juntadeandalucia.es\/ceipjosefinaaldecoa\/wp-content\/uploads\/sites\/1530\/nggallery\/aula-matinal\/thumbs\/thumbs_IMG-20160303-WA00021.jpg\" width='120' height='90' \/>\n\t\t\t\t\t\t\t<\/a>\n\t\t\t<span>\n\t\t\t \t\t\t<\/span>\n\t\t<\/div>\n\t<\/div>\n\t\t\t\t\t\t\t\n\t<div id=\"ngg-image-513\" class=\"ngg-gallery-thumbnail-box\"  >\n\t\t<div class=\"ngg-gallery-thumbnail\" >\n\t\t\t<a href=\"https:\/\/blogsaverroes.juntadeandalucia.es\/ceipjosefinaaldecoa\/wp-content\/uploads\/sites\/1530\/nggallery\/aula-matinal\/IMG-20160114-WA00001.jpg\"\n\t\t\t\ttitle=\" \"\n\t\t\t\tclass=\"ngg-fancybox\" rel=\"f9e07e8f6e38d680ce06dcc4f02a8425\" data-image-id=\"513\" data-src=\"https:\/\/blogsaverroes.juntadeandalucia.es\/ceipjosefinaaldecoa\/wp-content\/uploads\/sites\/1530\/nggallery\/aula-matinal\/IMG-20160114-WA00001.jpg\" data-thumbnail=\"https:\/\/blogsaverroes.juntadeandalucia.es\/ceipjosefinaaldecoa\/wp-content\/uploads\/sites\/1530\/nggallery\/aula-matinal\/thumbs\/thumbs_IMG-20160114-WA00001.jpg\" data-title=\"IMG-20160114-WA0000[1]\" data-description=\" \" >\n\t\t\t\t\t\t\t\t<img title=\"IMG-20160114-WA0000[1]\" alt=\"IMG-20160114-WA0000[1]\" src=\"https:\/\/blogsaverroes.juntadeandalucia.es\/ceipjosefinaaldecoa\/wp-content\/uploads\/sites\/1530\/nggallery\/aula-matinal\/thumbs\/thumbs_IMG-20160114-WA00001.jpg\" width='120' height='90' \/>\n\t\t\t\t\t\t\t<\/a>\n\t\t\t<span>\n\t\t\t \t\t\t<\/span>\n\t\t<\/div>\n\t<\/div>\n\t\t\t\t\t\t\t\n\t<div id=\"ngg-image-515\" class=\"ngg-gallery-thumbnail-box\"  >\n\t\t<div class=\"ngg-gallery-thumbnail\" >\n\t\t\t<a href=\"https:\/\/blogsaverroes.juntadeandalucia.es\/ceipjosefinaaldecoa\/wp-content\/uploads\/sites\/1530\/nggallery\/aula-matinal\/IMG-20160208-WA00011.jpg\"\n\t\t\t\ttitle=\" \"\n\t\t\t\tclass=\"ngg-fancybox\" rel=\"f9e07e8f6e38d680ce06dcc4f02a8425\" data-image-id=\"515\" data-src=\"https:\/\/blogsaverroes.juntadeandalucia.es\/ceipjosefinaaldecoa\/wp-content\/uploads\/sites\/1530\/nggallery\/aula-matinal\/IMG-20160208-WA00011.jpg\" data-thumbnail=\"https:\/\/blogsaverroes.juntadeandalucia.es\/ceipjosefinaaldecoa\/wp-content\/uploads\/sites\/1530\/nggallery\/aula-matinal\/thumbs\/thumbs_IMG-20160208-WA00011.jpg\" data-title=\"IMG-20160208-WA0001[1]\" data-description=\" \" >\n\t\t\t\t\t\t\t\t<img title=\"IMG-20160208-WA0001[1]\" alt=\"IMG-20160208-WA0001[1]\" src=\"https:\/\/blogsaverroes.juntadeandalucia.es\/ceipjosefinaaldecoa\/wp-content\/uploads\/sites\/1530\/nggallery\/aula-matinal\/thumbs\/thumbs_IMG-20160208-WA00011.jpg\" width='120' height='90' \/>\n\t\t\t\t\t\t\t<\/a>\n\t\t\t<span>\n\t\t\t \t\t\t<\/span>\n\t\t<\/div>\n\t<\/div>\n\t\t\t\t\t\t\t\n\t<!-- Pagination -->\n\t\t<div class='ngg-clear'><\/div>\n<\/div>\n\n\t<\/p>\n","protected":false},"excerpt":{"rendered":"<p>Horario de Aula Matinal: De Lunes a Viernes, de 7,30 a 9 de la ma\u00f1ana La finalidad del aula matinal es la atenci\u00f3n del alumnado, cuyos padres y madres no pueden atender a sus hijos\/as a primera hora de la ma\u00f1ana, principalmente&#46;&#46;&#46;<\/p>\n","protected":false},"author":1,"featured_media":0,"parent":0,"menu_order":0,"comment_status":"open","ping_status":"open","template":"page-templates\/child-menu.php","meta":{"ngg_post_thumbnail":0,"footnotes":"","_mc_calendar":[]},"aioseo_notices":[],"_links":{"self":[{"href":"https:\/\/blogsaverroes.juntadeandalucia.es\/ceipjosefinaaldecoa\/wp-json\/wp\/v2\/pages\/870"}],"collection":[{"href":"https:\/\/blogsaverroes.juntadeandalucia.es\/ceipjosefinaaldecoa\/wp-json\/wp\/v2\/pages"}],"about":[{"href":"https:\/\/blogsaverroes.juntadeandalucia.es\/ceipjosefinaaldecoa\/wp-json\/wp\/v2\/types\/page"}],"author":[{"embeddable":true,"href":"https:\/\/blogsaverroes.juntadeandalucia.es\/ceipjosefinaaldecoa\/wp-json\/wp\/v2\/users\/1"}],"replies":[{"embeddable":true,"href":"https:\/\/blogsaverroes.juntadeandalucia.es\/ceipjosefinaaldecoa\/wp-json\/wp\/v2\/comments?post=870"}],"version-history":[{"count":13,"href":"https:\/\/blogsaverroes.juntadeandalucia.es\/ceipjosefinaaldecoa\/wp-json\/wp\/v2\/pages\/870\/revisions"}],"predecessor-version":[{"id":18299,"href":"https:\/\/blogsaverroes.juntadeandalucia.es\/ceipjosefinaaldecoa\/wp-json\/wp\/v2\/pages\/870\/revisions\/18299"}],"wp:attachment":[{"href":"https:\/\/blogsaverroes.juntadeandalucia.es\/ceipjosefinaaldecoa\/wp-json\/wp\/v2\/media?parent=870"}],"curies":[{"name":"wp","href":"https:\/\/api.w.org\/{rel}","templated":true}]}}