{"id":648,"date":"2023-02-02T11:04:52","date_gmt":"2023-02-02T10:04:52","guid":{"rendered":"https:\/\/blogsaverroes.juntadeandalucia.es\/ceipjosehurtado\/?page_id=648"},"modified":"2025-09-23T09:35:30","modified_gmt":"2025-09-23T08:35:30","slug":"quienes-somos","status":"publish","type":"page","link":"https:\/\/blogsaverroes.juntadeandalucia.es\/ceipjosehurtado\/quienes-somos\/","title":{"rendered":"\u00bfQui\u00e9nes somos?"},"content":{"rendered":"<div style=\"background-color: #c56070;color: white;padding: 10px;text-align: center;font-weight: bold;font-size: 24px;border-radius: 10px;margin-bottom: 20px\">ORGANIGRAMA 2025\/2026<\/div>\n<div style=\"background-color: #93b6e7;padding: 15px;margin-bottom: 15px;border-radius: 10px\">\n<h3 style=\"color: #009245;margin-top: 0px;text-align: center\"><strong>EQUIPO DIRECTIVO<\/strong><\/h3>\n<p style=\"text-align: center\"><strong style=\"color: #5229f0\">Director:<\/strong> Daniel S\u00e1nchez<\/p>\n<p style=\"text-align: center\"><strong style=\"color: #c742d2\">Jefe de Estudios:<\/strong> Roberto Reinoso<\/p>\n<p style=\"text-align: center\"><strong style=\"color: #c742d2\">Secretaria:<\/strong> Mari Carmen S\u00e1nchez<\/p>\n<\/div>\n<div style=\"background-color: #8fd3c2;padding: 15px;margin-bottom: 15px;border-radius: 10px\">\n<h3 style=\"color: #0044cc;margin-top: 0px;text-align: center\"><strong>EDUCACI\u00d3N INFANTIL<\/strong><\/h3>\n<p style=\"text-align: center\"><span style=\"color: #d50000\">Tesa \u00c1lvarez de Cienfuegos&nbsp; &#8211; 3 y 4 a\u00f1os<\/span><\/p>\n<p style=\"color: #d50000;text-align: center\">Mari Carmen S\u00e1nchez &#8211; 5 a\u00f1os<\/p>\n<\/div>\n<div style=\"background-color: #083e94;color: white;padding: 15px;margin-bottom: 15px;border-radius: 10px\">\n<h3 style=\"color: #60f6f0;margin-top: 0px;text-align: center\"><strong>PRIMER CICLO<\/strong><\/h3>\n<p style=\"text-align: center\"><span style=\"text-align: center\">Mar\u00eda Jos\u00e9 S\u00e1nchez &#8211; Primero<\/span><\/p>\n<p style=\"text-align: center\">Ra\u00fal Castro &#8211; Segundo A<\/p>\n<p style=\"text-align: center\">Mar\u00eda Jos\u00e9 Palomino &#8211; Segundo B<\/p>\n<\/div>\n<div style=\"background-color: #d488f3;padding: 15px;margin-bottom: 15px;border-radius: 10px\">\n<h3 style=\"color: #0037a7;margin-top: 0px;text-align: center\"><strong>SEGUNDO CICLO<\/strong><\/h3>\n<p style=\"text-align: center\">Jos\u00e9 Antonio Navarro &#8211; Tercero&nbsp;<\/p>\n<p style=\"text-align: center\">Fabiola Molina &#8211; Cuarto A<\/p>\n<p style=\"text-align: center\">Roc\u00edo Quero &#8211; Cuarto B<\/p>\n<\/div>\n<div style=\"background-color: #fef056;padding: 15px;margin-bottom: 15px;border-radius: 10px;text-align: center\">\n<h3 style=\"color: #e836a2;margin-top: 0\"><strong>TERCER CICLO<\/strong><\/h3>\n<p>In\u00e9s Cano- Quinto A<\/p>\n<p>Vanesa Rodr\u00edguez &#8211; Quinto B<\/p>\n<p>Carmen Noguera- Sexto A<\/p>\n<p>Susana Bernab\u00e9u &#8211; Sexto B<\/p>\n<\/div>\n<div style=\"background-color: #ef6cbf;padding: 15px;margin-bottom: 15px;border-radius: 10px\">\n<h3 style=\"color: #a1e432;margin-top: 0px;text-align: center\"><strong>ESPECIALISTAS<\/strong><\/h3>\n<p style=\"color: #0037a7;text-align: center\">Susana Bernab\u00e9u &#8211; Lengua Extranjera Ingl\u00e9s<\/p>\n<p style=\"color: #0037a7;text-align: center\">Patricia Garc\u00eda &#8211; Lengua Extranjera Ingl\u00e9s<\/p>\n<p style=\"color: #0037a7;text-align: center\">Daniel S\u00e1nchez &#8211; Educaci\u00f3n F\u00edsica<\/p>\n<p style=\"color: #0037a7;text-align: center\">Ra\u00fal Castro &#8211; Educaci\u00f3n F\u00edsica<\/p>\n<p style=\"color: #0037a7;text-align: center\">Roberto Reinoso &#8211; Educaci\u00f3n F\u00edsica<\/p>\n<p style=\"color: #0037a7;text-align: center\">Esther Torres &#8211; Pedagog\u00eda Terap\u00e9utica<\/p>\n<p style=\"color: #0037a7;text-align: center\">Rosa Osa &#8211; Audici\u00f3n y Lenguaje<\/p>\n<p style=\"color: #0037a7;text-align: center\">Francisco Miranda &#8211; Religi\u00f3n Cat\u00f3lica<\/p>\n<p style=\"color: #0037a7;text-align: center\">Inmaculada Mor\u00f3n&nbsp; &#8211; Orientadora<\/p>\n<\/div>\n<div style=\"background-color: #d1ea6f;padding: 15px;margin-bottom: 15px;border-radius: 10px\">\n<h3 style=\"color: #8a22b4;margin-top: 0px;text-align: center\"><strong>PERSONAL LABORAL<\/strong><\/h3>\n<p style=\"color: #0037a7;text-align: center\">Luis Mart\u00ednez &#8211; Conserje<\/p>\n<p style=\"color: #0037a7;text-align: center\">Mercedes Molina &#8211; Administrativa<\/p>\n<p style=\"color: #0037a7;text-align: center\">Juanma Castillo &#8211; T\u00e9cnico Integraci\u00f3n Social<\/p>\n<\/div>\n","protected":false},"excerpt":{"rendered":"<p>ORGANIGRAMA 2025\/2026 EQUIPO DIRECTIVO Director: Daniel S\u00e1nchez Jefe de Estudios: Roberto Reinoso Secretaria: Mari Carmen S\u00e1nchez EDUCACI\u00d3N INFANTIL Tesa \u00c1lvarez de Cienfuegos&nbsp; &#8211; 3 y 4 a\u00f1os Mari Carmen S\u00e1nchez &#8211; 5 a\u00f1os PRIMER CICLO Mar\u00eda Jos\u00e9 S\u00e1nchez &#8211; Primero Ra\u00fal Castro &#8211; Segundo A Mar\u00eda Jos\u00e9 Palomino &#8211; Segundo B SEGUNDO CICLO Jos\u00e9 Antonio &hellip; <\/p>\n<p class=\"link-more\"><a href=\"https:\/\/blogsaverroes.juntadeandalucia.es\/ceipjosehurtado\/quienes-somos\/\" class=\"more-link\">Continuar leyendo<span class=\"screen-reader-text\"> &#8220;\u00bfQui\u00e9nes somos?&#8221;<\/span><\/a><\/p>\n","protected":false},"author":15504,"featured_media":0,"parent":0,"menu_order":0,"comment_status":"closed","ping_status":"closed","template":"","meta":{"ngg_post_thumbnail":0,"footnotes":""},"aioseo_notices":[],"_links":{"self":[{"href":"https:\/\/blogsaverroes.juntadeandalucia.es\/ceipjosehurtado\/wp-json\/wp\/v2\/pages\/648"}],"collection":[{"href":"https:\/\/blogsaverroes.juntadeandalucia.es\/ceipjosehurtado\/wp-json\/wp\/v2\/pages"}],"about":[{"href":"https:\/\/blogsaverroes.juntadeandalucia.es\/ceipjosehurtado\/wp-json\/wp\/v2\/types\/page"}],"author":[{"embeddable":true,"href":"https:\/\/blogsaverroes.juntadeandalucia.es\/ceipjosehurtado\/wp-json\/wp\/v2\/users\/15504"}],"replies":[{"embeddable":true,"href":"https:\/\/blogsaverroes.juntadeandalucia.es\/ceipjosehurtado\/wp-json\/wp\/v2\/comments?post=648"}],"version-history":[{"count":19,"href":"https:\/\/blogsaverroes.juntadeandalucia.es\/ceipjosehurtado\/wp-json\/wp\/v2\/pages\/648\/revisions"}],"predecessor-version":[{"id":1589,"href":"https:\/\/blogsaverroes.juntadeandalucia.es\/ceipjosehurtado\/wp-json\/wp\/v2\/pages\/648\/revisions\/1589"}],"wp:attachment":[{"href":"https:\/\/blogsaverroes.juntadeandalucia.es\/ceipjosehurtado\/wp-json\/wp\/v2\/media?parent=648"}],"curies":[{"name":"wp","href":"https:\/\/api.w.org\/{rel}","templated":true}]}}