{"id":2081,"date":"2021-02-17T13:47:53","date_gmt":"2021-02-17T12:47:53","guid":{"rendered":"https:\/\/blogsaverroes.juntadeandalucia.es\/ceipjosemariadelcampo\/?page_id=2081"},"modified":"2022-02-02T18:07:12","modified_gmt":"2022-02-02T17:07:12","slug":"nuestra-historia","status":"publish","type":"page","link":"https:\/\/blogsaverroes.juntadeandalucia.es\/ceipjosemariadelcampo\/nuestra-historia\/","title":{"rendered":"Nuestra historia"},"content":{"rendered":"<p>[et_pb_section fb_built=&#8221;1&#8243; _builder_version=&#8221;4.5.0&#8243; min_height=&#8221;686px&#8221; custom_padding=&#8221;6px|||||&#8221; collapsed=&#8221;off&#8221; global_colors_info=&#8221;{}&#8221;][et_pb_row _builder_version=&#8221;4.5.0&#8243; _module_preset=&#8221;default&#8221; global_colors_info=&#8221;{}&#8221;][et_pb_column type=&#8221;4_4&#8243; _builder_version=&#8221;4.5.0&#8243; _module_preset=&#8221;default&#8221; global_colors_info=&#8221;{}&#8221;][et_pb_image src=&#8221;https:\/\/blogsaverroes.juntadeandalucia.es\/ceipjosemariadelcampo\/files\/2020\/02\/elcentro.png&#8221; title_text=&#8221;elcentro&#8221; _builder_version=&#8221;4.5.0&#8243; _module_preset=&#8221;default&#8221; global_colors_info=&#8221;{}&#8221;][\/et_pb_image][\/et_pb_column][\/et_pb_row][et_pb_row _builder_version=&#8221;4.5.0&#8243; background_size=&#8221;initial&#8221; background_position=&#8221;top_left&#8221; background_repeat=&#8221;repeat&#8221; min_height=&#8221;260px&#8221; custom_margin=&#8221;5px|auto||auto||&#8221; global_colors_info=&#8221;{}&#8221;][et_pb_column type=&#8221;4_4&#8243; _builder_version=&#8221;3.25&#8243; custom_padding=&#8221;|||&#8221; global_colors_info=&#8221;{}&#8221; custom_padding__hover=&#8221;|||&#8221;][et_pb_text _builder_version=&#8221;4.5.0&#8243; background_size=&#8221;initial&#8221; background_position=&#8221;top_left&#8221; background_repeat=&#8221;repeat&#8221; width=&#8221;100%&#8221; custom_padding=&#8221;||0px|||&#8221; inline_fonts=&#8221;Aclonica&#8221; global_colors_info=&#8221;{}&#8221;]<\/p>\n<h1><span style=\"color: #008000;font-family: inherit;font-weight: normal;font-size: x-large\">Nuestra historia<\/span><\/h1>\n<p><span style=\"color: #008000;font-family: inherit;font-weight: normal;font-size: x-large\"><\/span><\/p>\n<p><span style=\"color: #008000;font-family: inherit;font-weight: normal;font-size: x-large\"><\/span><\/p>\n<p>[\/et_pb_text][et_pb_text _builder_version=&#8221;4.5.0&#8243; _module_preset=&#8221;default&#8221; custom_margin=&#8221;-40px||||false|false&#8221; global_colors_info=&#8221;{}&#8221;]<\/p>\n<p class=\"spip\" style=\"text-align: center\"><strong class=\"spip\">BARRIO DE TRIANA<\/strong><\/p>\n<p class=\"spip\" style=\"text-align: justify\">Se encuentra en la orilla occidental del r\u00edo Guadalquivir. Seg\u00fan la mitolog\u00eda fue fundada por la diosa Astart\u00e9. Pero el origen de su nombre tiene varias interpretaciones; unos nos cuentan que viene de Tri (origen romano) que significa tres y Ana (origen celt\u00edbero) que significa r\u00edo. Aunque otros nos dicen que procede de la palabra latina Trans amnem (m\u00e1s all\u00e1 del r\u00edo)<\/p>\n<p class=\"spip\" style=\"text-align: justify\">Triana ha sido siempre la puerta de entrada de los cereales, vinos y olivos del Aljarafe. Su cercan\u00eda al r\u00edo tiene su lado negativo, ya que desde muy antiguo sufri\u00f3 importantes inundaciones hasta que en el siglo XX se hicieron obras de remodelaci\u00f3n del cauce.<\/p>\n<p class=\"spip\" style=\"text-align: justify\">Tradicionalmente ha sido un barrio de marineros, obreros, alfareros e industriales; famosa por sus toreros, cantaores y bailaores de flamenco. En Triana se reclutaron y formaron las tripulaciones que partieron hacia Am\u00e9rica y se aprovisionaron los barcos, como el de Magallanes y Elcano en 1519, yendo Elcano y los suyos a orar a la Virgen de la Victoria, entonces en el convento de los Remedios.<\/p>\n<p class=\"spip\" style=\"text-align: justify\">Triana siempre fue, ante todo, marinera; una actividad que ha conservado hasta mitad de los a\u00f1os 60 y que ya est\u00e1 definitivamente extinguida.<\/p>\n<p class=\"spip\" style=\"text-align: justify\">Sin tener que ver mucho con los h\u00e1bitos y las formas de vida de sus vecinos de enfrente, su \u00fanico nexo de uni\u00f3n fue el puente de barcas que desde tiempos inmemoriales enlaz\u00f3 la plaza del Altozano con Sevilla, donde hasta 1852 no vendr\u00eda a construirse el primer puente de f\u00e1brica de la ciudad, el de Isabel II.<\/p>\n<p class=\"spip\" style=\"text-align: justify\">Es a trav\u00e9s de los viajeros rom\u00e1nticos cuando se realza el mito trianero, pues encuentran una Triana repleta de patios de vecinos, repartidos por sectores de payos y gitanos; talleres de Alfarer\u00eda, sus fiestas, leyendas y costumbres, el calor y acogida de sus gentes.<\/p>\n<p class=\"spip\" style=\"text-align: center\"><strong class=\"spip\"><\/strong><\/p>\n<p class=\"spip\" style=\"text-align: center\"><strong class=\"spip\">NUESTRO COLEGIO<\/strong><\/p>\n<p class=\"spip\" style=\"text-align: justify\">Se encuentra situado en la calle Pag\u00e9s del Corro, en la zona antiguamente denominada como Cava de los Gitanos. Nuestro Colegio se construy\u00f3 sobre la explanada de la Plaza de la Victoria. Fue mandado construir por el Alcalde de Sevilla D. Cayetano Luca de Tena en 1907. El arquitecto fue D. An\u00edbal Gonz\u00e1lez, insigne arquitecto de la Exposici\u00f3n del 29 en Sevilla.<\/p>\n<p class=\"spip\" style=\"text-align: justify\">Fue inaugurado por S.M el Rey Alfonso XIII y su esposa la Reina Victoria Eugenia el d\u00eda 24 de marzo de 1909, pues fue el regalo de bodas que la ciudad de Sevilla les hizo.<\/p>\n<p class=\"spip\" style=\"text-align: justify\">Destaca en \u00e9l sus grandes ventanales, sus pa\u00f1os de azulejer\u00eda trianera. En la fachada principal se encuentran unos r\u00f3tulos que hacen referencia a pedagogos y fil\u00f3sofos: Descartes, Montesinos, Arist\u00f3teles, Froebel, Fenel\u00f3n, Pestalozzi, Spencer y Plat\u00f3n. Es de destacar su teatro, donde se han representado obras de teatro, recitales y representaciones infantiles.<\/p>\n<p class=\"spip\" style=\"text-align: justify\">En un principio fue escuela de ni\u00f1os y ni\u00f1as, teniendo cada grupo, respectivamente, un director y una directora; de los ni\u00f1os fue D. Jos\u00e9 M\u00aa del Campo y de las ni\u00f1as D\u00aa Carlota de Castro. Adem\u00e1s de las clases ordinarias se impart\u00edan en un principio clases de mecanograf\u00eda, piano, encaje y blondas, carpinter\u00eda, repujado de metal, bordados, banda de m\u00fasica, bordado. Con el paso de los a\u00f1os, estos talleres se fueron consolidando teniendo una gran relevancia el taller de cer\u00e1mica, carpinter\u00eda y el de repujado de metal. De estos talleres han salido importantes ceramistas, carpinteros y repujadores de nuestra ciudad. En los a\u00f1os sucesivos a 1911, cuando el Barrio se arriaba las familias afectadas eran acogidas en el colegio, lleg\u00e1ndose\u00a0 a acoger\u00a0<span style=\"background-color: #ffffff;font-size: 14px\">en algunas ocasiones\u00a0<\/span><span style=\"font-size: 14px\">a 300 familias. Todo ello ocasionaba interrupci\u00f3n de las clases as\u00ed como la necesidad de realizar labores de desinfecci\u00f3n y acondicionamiento del Colegio.<\/span><\/p>\n<p class=\"spip\" style=\"text-align: justify\">Desde 1912 se forma un Batall\u00f3n Infantil de Mariner\u00eda a mando de un Teniente de Nav\u00edo y dirig\u00eda la banda D. Manuel Damas. Durante aquellos a\u00f1os en el Teatro se hac\u00edan representaciones por la tarde en dos sesiones, una para ni\u00f1os y otra para adultos.<\/p>\n<p class=\"spip\" style=\"text-align: justify\">Desde el a\u00f1o 1929 cont\u00f3 con comedor escolar, durante la Guerra Civil en los s\u00f3tanos del edificio se habilit\u00f3 un comedor social teniendo su entrada por la calle Rodrigo de Triana.\u00a0<\/p>\n<p class=\"spip\" style=\"text-align: justify\">En el a\u00f1o 1931 con la entrada de la Segunda Rep\u00fablica se ordena retirar el retrato del Rey Alfonso XIII y su esposa, as\u00ed como los crucifijos. Estos son cubiertos por cortinas y no se retiran.<\/p>\n<p class=\"spip\" style=\"text-align: justify\">Fue el primer colegio de Triana que se acondicion\u00f3 para recibir alumnado con dificultades mot\u00f3ricas. Ya en los a\u00f1os 40 exist\u00edan aulas de ni\u00f1os tracomatosos.<\/p>\n<p class=\"spip\" style=\"text-align: justify\">Durante la Rep\u00fablica se denomin\u00f3 Colegio Triana, y tras la muerte de D. Jos\u00e9 M\u00aa del Campo adquiere su actual nombre.<\/p>\n<p class=\"spip\" style=\"text-align: justify\">Tras la Guerra Civil el colegio celebra el Mes de Mar\u00eda (Mayo) y en las aperturas y clausuras de curso los ni\u00f1os\/as asist\u00edan a un oficio religioso a la Iglesia de Santa Ana.<\/p>\n<p class=\"spip\" style=\"text-align: justify\">En los a\u00f1os 60 las instalaciones est\u00e1 tan deterioradas que el Alcalde decide derribar el Colegio y enviar al alumnado en autob\u00fas al Pol\u00edgono San Pablo, gracias a las gestiones realizadas por la directora D\u00aa Emilia Mart\u00edn Mancera se decide realizar las obras de mejoras.<\/p>\n<p class=\"spip\" style=\"text-align: justify\">Los talleres continuaron hasta que aparecieron las Escuelas de Iniciaci\u00f3n Profesional.<\/p>\n<p class=\"spip\" style=\"text-align: justify\">En 1978 se le otorga a un alumno del Colegio, Francisco Javier Moreno de la Torre, el Premio Holanda por el descubrimiento de una nueva regla matem\u00e1tica de Divisi\u00f3n de Polinomios.<\/p>\n<p class=\"spip\" style=\"text-align: justify\">En estos a\u00f1os destacan las actividades deportivas de balonmano y futbito que otorgaron muchos premios a los equipos participantes. Se celebraban Veladas de exaltaci\u00f3n de la Semana Santa; as\u00ed como la participaci\u00f3n del alumnado en las Olimpiadas matem\u00e1ticas obteniendo muy buenos resultados.<\/p>\n<p class=\"spip\" style=\"text-align: justify\">El Colegio fue nombrado Trianero de Honor en el a\u00f1o 1989.<\/p>\n<p class=\"spip\" style=\"text-align: justify\">En el curso 1999\/2000 la Consejer\u00eda de Educaci\u00f3n determina que en sus aulas se imparta las Ense\u00f1anzas de Biling\u00fce Franc\u00e9s, esto hace que el n\u00famero de alumnos\/as aumente, interesadas las familias por estas ense\u00f1anzas. Este Programa permite que el alumnado se ponga en contactos con ni\u00f1os\/as de otra cultura manteniendo correspondencia tanto a trav\u00e9s de correo ordinario como electr\u00f3nico y la realizaci\u00f3n de viajes final de etapa a distintos lugares de Francia. Con este Programa el Colegio adquiere una dimensi\u00f3n internacional.<\/p>\n<p class=\"spip\" style=\"text-align: justify\">En estos a\u00f1os son numerosas las actividades que se desarrollan en el Colegio: actuaciones teatrales, celebraci\u00f3n del D\u00eda del Libro, Semanas Culturales del D\u00eda de Andaluc\u00eda, Encuentros Biling\u00fces, Concursos Gastron\u00f3micos, Actividades de Juegos Tradicionales, Semanas de la Alimentaci\u00f3n Saludable, participaci\u00f3n de las familias en el desarrollo de sus clases: dando charlas, contando cuentos, taller de matem\u00e1ticas; desarrollando temas de inter\u00e9s para el alumnado.<\/p>\n<p class=\"spip\" style=\"text-align: justify\">Se pone en funcionamiento un Programa Medioambiental creando un peque\u00f1o huerto y jard\u00edn donde se conciencia al alumnado sobre la naturaleza y la importancia de conocerla, amarla y respetarla.<\/p>\n<p class=\"spip\" style=\"text-align: justify\">En el a\u00f1o 2001 se monta la primera aula de inform\u00e1tica con ordenadores reciclados de distintas empresas, que posibilita al alumnado la utilizaci\u00f3n de esta herramienta para su aprendizaje de forma puntual. Ya en el curso 2004\/05 se dota al Colegio con cuatro aulas port\u00e1tiles de ordenadores y se monta una instalaci\u00f3n de red inal\u00e1mbrica, que permite al alumnado acceder a Internet, pero con dificultades dado que la red no funciona bien. En el 2006\/07 se instalan ordenadores por rincones en las aulas y un aula fija de ordenadores.<\/p>\n<p class=\"spip\" style=\"text-align: justify\">El comedor escolar empieza en el curso 2002\/2003 as\u00ed como el Aula Matinal y las Actividades Extraescolares que hac\u00eda muchos a\u00f1os que se ven\u00edan desarrollando en el Colegio organizadas por la AMPA. Todo ello permite una amplitud de horario y de servicios que facilita la inserci\u00f3n laboral de las familias.<\/p>\n<p class=\"spip\" style=\"text-align: justify\">En el curso 2003\/04 el Colegio se abre a otros Centros Europeos: franceses, h\u00fangaros, irlandeses, italianos, griegos\u2026 mediante un Programa Comenius basado en la \u201cConvivencia y la Interculturalidad\u201d. A trav\u00e9s del mismo, tanto el profesorado como el alumnado mantiene correspondencia y realiza intercambios de experiencias, cultura, lengua y propuestas.<\/p>\n<p class=\"spip\" style=\"text-align: justify\">Todas estas mejoras hacen que el Colegio aumente a una segunda l\u00ednea y se crea un Aula Espec\u00edfica de Plurideficientes en el curso 2006\/07.<\/p>\n<p class=\"spip\" style=\"text-align: justify\">En la actualidad se contin\u00faa en esa l\u00ednea de trabajo ofreciendo al alumnado programas y proyectos que les permiten adquirir una visi\u00f3n m\u00e1s amplia de las ense\u00f1anzas y aprendizajes. Ofreciendo una ense\u00f1anza de calidad que permita al alumnado formarse y adquirir las competencias necesarias para poder desenvolverse en una sociedad de profundos cambios<\/p>\n<p class=\"spip\" style=\"text-align: justify\"><strong>Curiosidades de su Historia:<\/strong><\/p>\n<p class=\"spip\" style=\"text-align: justify\">La construcci\u00f3n del Colegio se presupuest\u00f3 en 380.000 pesetas, unos 2.300 euros, aunque solo se gastaron 313.000 pesetas.<\/p>\n<p class=\"spip\" style=\"text-align: justify\">Se comenz\u00f3 la obra el 15 de octubre de 1907 y termin\u00f3 en agosto de 1908.<\/p>\n<p class=\"spip\" style=\"text-align: justify\">En 1913 la ratio por alumno y profesor era de 40, lleg\u00e1ndose a superar en ocasiones.<\/p>\n<p class=\"spip\" style=\"text-align: justify\">Las clases generales daban comienzo a las 11:00 hasta las 17:00, con una hora para comer. De 17:00 a 19:00 se impart\u00edan m\u00fasica, mecanograf\u00eda, etc. De 19:00 a 21:00 se impart\u00edan clases de Adultos.<\/p>\n<p class=\"spip\" style=\"text-align: justify\">Durante la d\u00e9cada de los a\u00f1os 10 y 20 quedaban muchos alumnos\/as sin matricular en el Colegio por falta de vacantes.<\/p>\n<p class=\"spip\" style=\"text-align: justify\">El men\u00fa semanal del comedor en los a\u00f1os 30 consist\u00eda : tres d\u00edas sopa, cocido con carne, tocino, morcilla y postre y los otros tres d\u00edas un plato de f\u00e9cula y otro de pescado o carne o huevo y postre.<\/p>\n<p>[\/et_pb_text][\/et_pb_column][\/et_pb_row][\/et_pb_section]<\/p>\n","protected":false},"excerpt":{"rendered":"<p>Nuestra historia BARRIO DE TRIANA Se encuentra en la orilla occidental del r\u00edo Guadalquivir. Seg\u00fan la mitolog\u00eda fue fundada por la diosa Astart\u00e9. Pero el origen de su nombre tiene varias interpretaciones; unos nos cuentan que viene de Tri (origen romano) que significa tres y Ana (origen celt\u00edbero) que significa r\u00edo. Aunque otros nos dicen [&hellip;]<\/p>\n","protected":false},"author":12093,"featured_media":0,"parent":0,"menu_order":0,"comment_status":"closed","ping_status":"closed","template":"","meta":{"_et_pb_use_builder":"on","_et_pb_old_content":"","_et_gb_content_width":"","ngg_post_thumbnail":0,"footnotes":""},"aioseo_notices":[],"_links":{"self":[{"href":"https:\/\/blogsaverroes.juntadeandalucia.es\/ceipjosemariadelcampo\/wp-json\/wp\/v2\/pages\/2081"}],"collection":[{"href":"https:\/\/blogsaverroes.juntadeandalucia.es\/ceipjosemariadelcampo\/wp-json\/wp\/v2\/pages"}],"about":[{"href":"https:\/\/blogsaverroes.juntadeandalucia.es\/ceipjosemariadelcampo\/wp-json\/wp\/v2\/types\/page"}],"author":[{"embeddable":true,"href":"https:\/\/blogsaverroes.juntadeandalucia.es\/ceipjosemariadelcampo\/wp-json\/wp\/v2\/users\/12093"}],"replies":[{"embeddable":true,"href":"https:\/\/blogsaverroes.juntadeandalucia.es\/ceipjosemariadelcampo\/wp-json\/wp\/v2\/comments?post=2081"}],"version-history":[{"count":8,"href":"https:\/\/blogsaverroes.juntadeandalucia.es\/ceipjosemariadelcampo\/wp-json\/wp\/v2\/pages\/2081\/revisions"}],"predecessor-version":[{"id":2928,"href":"https:\/\/blogsaverroes.juntadeandalucia.es\/ceipjosemariadelcampo\/wp-json\/wp\/v2\/pages\/2081\/revisions\/2928"}],"wp:attachment":[{"href":"https:\/\/blogsaverroes.juntadeandalucia.es\/ceipjosemariadelcampo\/wp-json\/wp\/v2\/media?parent=2081"}],"curies":[{"name":"wp","href":"https:\/\/api.w.org\/{rel}","templated":true}]}}