{"id":824,"date":"2020-12-18T08:31:23","date_gmt":"2020-12-18T07:31:23","guid":{"rendered":"https:\/\/blogsaverroes.juntadeandalucia.es\/pre\/plantilla-pencil\/?page_id=817"},"modified":"2025-11-06T12:07:05","modified_gmt":"2025-11-06T11:07:05","slug":"1o-ciclo-de-educacion-primaria","status":"publish","type":"page","link":"https:\/\/blogsaverroes.juntadeandalucia.es\/ceipjosemariadelcampo\/1o-ciclo-de-educacion-primaria\/","title":{"rendered":"1\u00ba Ciclo de Educaci\u00f3n Primaria"},"content":{"rendered":"<p>[et_pb_section fb_built=&#8221;1&#8243; _builder_version=&#8221;4.16&#8243; custom_padding=&#8221;0px||0px|&#8221; z_index_tablet=&#8221;500&#8243; box_shadow_horizontal_tablet=&#8221;0px&#8221; box_shadow_vertical_tablet=&#8221;0px&#8221; box_shadow_blur_tablet=&#8221;40px&#8221; box_shadow_spread_tablet=&#8221;0px&#8221; global_colors_info=&#8221;{}&#8221;][et_pb_row column_structure=&#8221;2_3,1_3&#8243; _builder_version=&#8221;4.16&#8243; _module_preset=&#8221;default&#8221; global_colors_info=&#8221;{}&#8221;][et_pb_column type=&#8221;2_3&#8243; _builder_version=&#8221;4.16&#8243; _module_preset=&#8221;default&#8221; global_colors_info=&#8221;{}&#8221;][et_pb_image src=&#8221;https:\/\/blogsaverroes.juntadeandalucia.es\/ceipjosemariadelcampo\/files\/2021\/02\/ENSEN\u0303ANZAS.png&#8221; title_text=&#8221;ENSEN\u0303ANZAS&#8221; _builder_version=&#8221;4.16&#8243; _module_preset=&#8221;default&#8221; global_colors_info=&#8221;{}&#8221;][\/et_pb_image][\/et_pb_column][et_pb_column type=&#8221;1_3&#8243; _builder_version=&#8221;4.16&#8243; _module_preset=&#8221;default&#8221; global_colors_info=&#8221;{}&#8221;][et_pb_text _builder_version=&#8221;4.16&#8243; _module_preset=&#8221;default&#8221; text_font_size=&#8221;19px&#8221; width=&#8221;100%&#8221; custom_margin=&#8221;50px|||||&#8221; global_colors_info=&#8221;{}&#8221;]<\/p>\n<p style=\"text-align: center\"><img loading=\"lazy\" decoding=\"async\" src=\"https:\/\/blogsaverroes.juntadeandalucia.es\/ceipjosemariadelcampo\/files\/2021\/02\/Captura-de-pantalla-2021-02-08-a-las-19.02.35.png\" alt=\"\" class=\"wp-image-1496 aligncenter size-full\" style=\"margin-left: auto;margin-right: auto\" width=\"369\" height=\"56\" \/><\/p>\n<h1 style=\"text-align: center\"><strong><\/strong><\/h1>\n<h1 style=\"text-align: center\"><strong><\/strong><\/h1>\n<h1 style=\"text-align: center\"><strong>EDUCACI\u00d3N PRIMARIA 1\u00ba CICLO<\/strong><\/h1>\n<p>[\/et_pb_text][\/et_pb_column][\/et_pb_row][et_pb_row _builder_version=&#8221;4.16&#8243; _module_preset=&#8221;default&#8221; min_height=&#8221;70px&#8221; global_colors_info=&#8221;{}&#8221;][et_pb_column type=&#8221;4_4&#8243; _builder_version=&#8221;4.16&#8243; _module_preset=&#8221;default&#8221; global_colors_info=&#8221;{}&#8221;][et_pb_text _builder_version=&#8221;4.24.2&#8243; _module_preset=&#8221;default&#8221; global_colors_info=&#8221;{}&#8221;]<\/p>\n<h1><span style=\"color: #008000\">Equipos docentes 2025\/26<br \/><\/span><\/h1>\n<p><span style=\"color: #000000\">Profesorado que imparte las distintas \u00e1reas en cada curso.<\/span><\/p>\n<p>[\/et_pb_text][\/et_pb_column][\/et_pb_row][et_pb_row column_structure=&#8221;1_2,1_2&#8243; _builder_version=&#8221;4.16&#8243; _module_preset=&#8221;default&#8221; global_colors_info=&#8221;{}&#8221;][et_pb_column type=&#8221;1_2&#8243; _builder_version=&#8221;4.16&#8243; _module_preset=&#8221;default&#8221; global_colors_info=&#8221;{}&#8221;][et_pb_toggle title=&#8221;1\u00baA&#8221; closed_toggle_text_color=&#8221;#000000&#8243; closed_toggle_background_color=&#8221;#e06b11&#8243; _builder_version=&#8221;4.24.2&#8243; _module_preset=&#8221;default&#8221; hover_enabled=&#8221;0&#8243; locked=&#8221;off&#8221; global_colors_info=&#8221;{}&#8221; sticky_enabled=&#8221;0&#8243;]<\/p>\n<table style=\"width: 614px;height: 308px\">\n<tbody>\n<tr style=\"height: 24px\">\n<td style=\"width: 235px;height: 24px\">PROFESORADO<\/td>\n<td style=\"width: 365.4px;height: 24px\">\u00c1REAS<\/td>\n<\/tr>\n<tr style=\"height: 39px\">\n<td style=\"width: 235px;height: 39px;text-align: left;vertical-align: top\">D. Francisco Carvajal G\u00f3mez<\/td>\n<td style=\"width: 365.4px;height: 39px\">\n<p>Lengua Castellana y Literatura<\/p>\n<p>Matem\u00e1ticas<\/p>\n<p><span>Conocimiento del Medio Natural, Social y Cultural<\/span><\/p>\n<\/td>\n<\/tr>\n<tr style=\"height: 55px\">\n<td style=\"width: 235px;text-align: left;vertical-align: top;height: 55px\">D\u00aa Irene Garc\u00eda Moral<\/td>\n<td style=\"width: 365.4px;height: 55px\">Lengua Extranjera (Franc\u00e9s)<\/td>\n<\/tr>\n<tr style=\"height: 10px\">\n<td style=\"width: 235px;text-align: left;vertical-align: top;height: 10px\">D\u00aa Isabel M\u00aa Contreras Medina<\/td>\n<td style=\"width: 365.4px;height: 10px\">\n<p>E. Art\u00edstica (Pl\u00e1stica)<\/p>\n<p>Atenci\u00f3n Educativa<\/p>\n<\/td>\n<\/tr>\n<tr style=\"height: 55px\">\n<td style=\"width: 235px;text-align: left;vertical-align: top;height: 55px\">D\u00aa Alicia L\u00f3pez Clavijo<\/td>\n<td style=\"width: 365.4px;height: 55px\">2\u00aa Lengua Extranjera (Ingl\u00e9s)<\/td>\n<\/tr>\n<tr style=\"height: 5px\">\n<td style=\"width: 235px;height: 5px;text-align: left;vertical-align: top\">D. Manuel Mateos Guill\u00e9n<\/td>\n<td style=\"width: 365.4px;height: 5px\">Educaci\u00f3n F\u00edsica<\/td>\n<\/tr>\n<tr style=\"height: 24px\">\n<td style=\"width: 235px;height: 24px\">D\u00aa Dolores Le\u00f3n Lanzas<\/td>\n<td style=\"width: 365.4px;height: 24px\">E. Art\u00edstica (M\u00fasica)<\/td>\n<\/tr>\n<tr style=\"height: 24px\">\n<td style=\"width: 235px;height: 24px\">D\u00aa Roc\u00edo Rodr\u00edguez P\u00e9rez<\/td>\n<td style=\"width: 365.4px;height: 24px\">Religi\u00f3n Cat\u00f3lica<\/td>\n<\/tr>\n<tr style=\"height: 24px\">\n<td style=\"width: 235px;height: 24px\">D\u00aa Josefa Boh\u00f3rquez M\u00e1rquez<\/td>\n<td style=\"width: 365.4px;height: 24px\">ZTS<\/td>\n<\/tr>\n<tr>\n<td style=\"width: 235px\">D\u00aa Roc\u00edo Iglesias Dom\u00ednguez<\/td>\n<td style=\"width: 365.4px\">Refuerzo Pedag\u00f3gico<\/td>\n<\/tr>\n<tr style=\"height: 24px\">\n<td style=\"width: 235px;height: 24px\">D\u00aa Beatriz Raposo L\u00f3pez<\/td>\n<td style=\"width: 365.4px;height: 24px\">Pedagog\u00eda Terap\u00e9utica<\/td>\n<\/tr>\n<tr style=\"height: 24px\">\n<td style=\"width: 235px;height: 24px\">D\u00aa Rosana Bello Mall\u00e9n<\/td>\n<td style=\"width: 365.4px;height: 24px\">Audici\u00f3n y Lenguaje<\/td>\n<\/tr>\n<\/tbody>\n<\/table>\n<p>[\/et_pb_toggle][\/et_pb_column][et_pb_column type=&#8221;1_2&#8243; _builder_version=&#8221;4.16&#8243; _module_preset=&#8221;default&#8221; global_colors_info=&#8221;{}&#8221;][et_pb_toggle title=&#8221;1\u00baB&#8221; closed_toggle_text_color=&#8221;#000000&#8243; closed_toggle_background_color=&#8221;#e06100&#8243; _builder_version=&#8221;4.24.2&#8243; _module_preset=&#8221;default&#8221; hover_enabled=&#8221;0&#8243; locked=&#8221;off&#8221; global_colors_info=&#8221;{}&#8221; sticky_enabled=&#8221;0&#8243;]<\/p>\n<p>&nbsp;<\/p>\n<table style=\"width: 630px;height: 336px\">\n<tbody>\n<tr style=\"height: 24px\">\n<td style=\"width: 236.988px;height: 24px\">PROFESORADO<\/td>\n<td style=\"width: 379.413px;height: 24px\">\u00c1REAS<\/td>\n<\/tr>\n<tr style=\"height: 72px\">\n<td style=\"width: 236.988px;height: 72px;text-align: left;vertical-align: top\">D\u00aa Isabel M\u00aa Contreras Medina<\/td>\n<td style=\"width: 379.413px;height: 72px\">\n<p>Lengua Castellana y Literatura<\/p>\n<p>Matem\u00e1ticas<\/p>\n<p>E. Art\u00edstica (Pl\u00e1stica)<\/p>\n<p>Atenci\u00f3n Educativa<\/p>\n<\/td>\n<\/tr>\n<tr style=\"height: 24px\">\n<td style=\"width: 236.988px;height: 24px\">D\u00aa Irene Garc\u00eda Moral<\/td>\n<td style=\"width: 379.413px;height: 24px\">Lengua Extranjera (Franc\u00e9s)<\/td>\n<\/tr>\n<tr style=\"height: 30px\">\n<td style=\"width: 236.988px;height: 30px\">D\u00aa Alicia L\u00f3pez Clavijo<\/td>\n<td style=\"width: 379.413px;height: 30px\">2\u00aa Lengua Extranjera (Ingl\u00e9s)<\/td>\n<\/tr>\n<tr style=\"height: 24px\">\n<td style=\"width: 236.988px;height: 24px\">D. Francisco Carvajal G\u00f3mez<\/td>\n<td style=\"width: 379.413px;height: 24px\"><span>Conocimiento del Medio Natural, Social y Cultural<\/span><\/td>\n<\/tr>\n<tr style=\"height: 30px\">\n<td style=\"width: 236.988px;height: 30px\">D\u00aa Dolores Le\u00f3n Lanzas<\/td>\n<td style=\"width: 379.413px;height: 30px\">E. Art\u00edstica (M\u00fasica)<\/td>\n<\/tr>\n<tr style=\"height: 24px\">\n<td style=\"width: 236.988px;height: 24px\">D. Manuel Mateos Guill\u00e9n<\/td>\n<td style=\"width: 379.413px;height: 24px\">Educaci\u00f3n F\u00edsica<\/td>\n<\/tr>\n<tr style=\"height: 30px\">\n<td style=\"width: 236.988px;height: 30px\">D\u00aa Roc\u00edo Rodr\u00edguez P\u00e9rez<\/td>\n<td style=\"width: 379.413px;height: 30px\">Religi\u00f3n Cat\u00f3lica<\/td>\n<\/tr>\n<tr style=\"height: 30px\">\n<td style=\"width: 236.988px;height: 30px\">D\u00aa Josefa Boh\u00f3rquez M\u00e1rquez<\/td>\n<td style=\"width: 379.413px;height: 30px\">ZTS<\/td>\n<\/tr>\n<tr>\n<td style=\"width: 236.988px\">D\u00aa Roc\u00edo Iglesias Dom\u00ednguez<\/td>\n<td style=\"width: 379.413px\">Refuerzo Pedag\u00f3gico<\/td>\n<\/tr>\n<tr style=\"height: 24px\">\n<td style=\"width: 236.988px;height: 24px\">D\u00aa Beatriz Raposo L\u00f3pez<\/td>\n<td style=\"width: 379.413px;height: 24px\">Pedagog\u00eda Terap\u00e9utica<\/td>\n<\/tr>\n<tr style=\"height: 24px\">\n<td style=\"width: 236.988px;height: 24px\">D\u00aa Rosana Bello Mall\u00e9n<\/td>\n<td style=\"width: 379.413px;height: 24px\">Audici\u00f3n y Lenguaje<\/td>\n<\/tr>\n<\/tbody>\n<\/table>\n<p>[\/et_pb_toggle][\/et_pb_column][\/et_pb_row][et_pb_row _builder_version=&#8221;4.16&#8243; _module_preset=&#8221;default&#8221; global_colors_info=&#8221;{}&#8221;][et_pb_column type=&#8221;4_4&#8243; _builder_version=&#8221;4.16&#8243; _module_preset=&#8221;default&#8221; global_colors_info=&#8221;{}&#8221;][et_pb_toggle title=&#8221;2\u00baA&#8221; closed_toggle_text_color=&#8221;#000000&#8243; closed_toggle_background_color=&#8221;#7cda24&#8243; _builder_version=&#8221;4.24.2&#8243; _module_preset=&#8221;default&#8221; hover_enabled=&#8221;0&#8243; global_colors_info=&#8221;{}&#8221; sticky_enabled=&#8221;0&#8243;]<\/p>\n<p>&nbsp;<\/p>\n<table style=\"width: 631px;height: 245px\">\n<tbody>\n<tr style=\"height: 24px\">\n<td style=\"width: 245.277px;height: 24px\">PROFESORADO<\/td>\n<td style=\"width: 370.831px;height: 24px\">\u00c1REAS<\/td>\n<\/tr>\n<tr style=\"height: 21px\">\n<td style=\"width: 245.277px;height: 21px;text-align: left;vertical-align: top\">D\u00aa Irene Garc\u00eda Moral<\/td>\n<td style=\"width: 370.831px;height: 21px;vertical-align: top\">\n<p style=\"text-align: left\">Lengua Castellana y Literatura<\/p>\n<p>Matem\u00e1ticas<span> <\/span><\/p>\n<p>L. Extranjera (Franc\u00e9s)<\/p>\n<\/td>\n<\/tr>\n<tr style=\"height: 23px\">\n<td style=\"width: 245.277px;height: 23px\">D. Manuel Mateos Guill\u00e9n<\/td>\n<td style=\"width: 370.831px;height: 23px\">Educaci\u00f3n F\u00edsica<\/td>\n<\/tr>\n<tr style=\"height: 30px\">\n<td style=\"width: 245.277px;height: 30px\">D\u00aa Isabel M\u00aa Contreras Medina<\/td>\n<td style=\"width: 370.831px;height: 30px\">\n<p>E. Art\u00edstica (Pl\u00e1stica)<\/p>\n<p>Atenci\u00f3n Educativa<\/p>\n<\/td>\n<\/tr>\n<tr style=\"height: 31px\">\n<td style=\"width: 245.277px;height: 31px\">D. Francisco Carvajal G\u00f3mez<\/td>\n<td style=\"width: 370.831px;height: 31px\"><span>Conocimiento del Medio Natural, Social y Cultural<\/span><\/td>\n<\/tr>\n<tr style=\"height: 24px\">\n<td style=\"width: 245.277px;height: 24px\">D\u00aa Alicia L\u00f3pez Clavijo<\/td>\n<td style=\"width: 370.831px;height: 24px\">2\u00aa L. Extranjera (Ingl\u00e9s)<\/td>\n<\/tr>\n<tr style=\"height: 24px\">\n<td style=\"width: 245.277px;height: 24px\">D\u00aa Dolores Le\u00f3n Lanzas<\/td>\n<td style=\"width: 370.831px;height: 24px\">E. Art\u00edstica (M\u00fasica)<\/td>\n<\/tr>\n<tr style=\"height: 24px\">\n<td style=\"width: 245.277px;height: 24px\">D\u00aa Roc\u00edo Rodr\u00edguez P\u00e9rez<\/td>\n<td style=\"width: 370.831px;height: 24px\">Religi\u00f3n Cat\u00f3lica<\/td>\n<\/tr>\n<tr style=\"height: 24px\">\n<td style=\"width: 245.277px;height: 24px\">D\u00aa Josefa Boh\u00f3rquez M\u00e1rquez<\/td>\n<td style=\"width: 370.831px;height: 24px\">ZTS<\/td>\n<\/tr>\n<tr>\n<td style=\"width: 245.277px\">D\u00aa Roc\u00edo Iglesias Dom\u00ednguez<\/td>\n<td style=\"width: 370.831px\">Refuerzo Pedag\u00f3gico<\/td>\n<\/tr>\n<tr style=\"height: 10px\">\n<td style=\"width: 245.277px;height: 10px\">D\u00aa ABeatriz Raposo L\u00f3pez<\/td>\n<td style=\"width: 370.831px;height: 10px\">Pedagog\u00eda Terap\u00e9utica<\/td>\n<\/tr>\n<tr style=\"height: 10px\">\n<td style=\"width: 245.277px;height: 10px\">D\u00aa Rosana Bello Mall\u00e9n<\/td>\n<td style=\"width: 370.831px;height: 10px\">Audici\u00f3n y Lenguaje<\/td>\n<\/tr>\n<\/tbody>\n<\/table>\n<p>[\/et_pb_toggle][\/et_pb_column][\/et_pb_row][et_pb_row _builder_version=&#8221;4.16&#8243; _module_preset=&#8221;default&#8221; min_height=&#8221;70px&#8221; global_colors_info=&#8221;{}&#8221;][et_pb_column type=&#8221;4_4&#8243; _builder_version=&#8221;4.16&#8243; _module_preset=&#8221;default&#8221; global_colors_info=&#8221;{}&#8221;][et_pb_text _builder_version=&#8221;4.24.2&#8243; _module_preset=&#8221;default&#8221; global_colors_info=&#8221;{}&#8221;]<\/p>\n<h1><span style=\"color: #008000\">Libros de texto (Curso 2025\/2026)<\/span><\/h1>\n<p>[\/et_pb_text][\/et_pb_column][\/et_pb_row][et_pb_row _builder_version=&#8221;4.16&#8243; _module_preset=&#8221;default&#8221; global_colors_info=&#8221;{}&#8221;][et_pb_column type=&#8221;4_4&#8243; _builder_version=&#8221;4.16&#8243; _module_preset=&#8221;default&#8221; global_colors_info=&#8221;{}&#8221;][et_pb_toggle title=&#8221;CURSO 1\u00ba&#8221; closed_toggle_background_color=&#8221;#7cda24&#8243; _builder_version=&#8221;4.24.2&#8243; _module_preset=&#8221;default&#8221; title_text_color=&#8221;#000000&#8243; global_colors_info=&#8221;{}&#8221;]<\/p>\n<table style=\"width: 768px;height: 240px\">\n<tbody>\n<tr style=\"height: 23px\">\n<td style=\"width: 138.651px;height: 23px\"><strong>\u00c1REAS<\/strong><\/td>\n<td style=\"width: 380.895px;height: 23px\"><strong>T\u00cdTULO<\/strong><\/td>\n<td style=\"width: 104.531px;height: 23px\"><strong>EDITORIAL<\/strong><\/td>\n<td style=\"width: 117.784px;height: 23px\"><strong>EAN<\/strong><\/td>\n<\/tr>\n<tr style=\"height: 47px\">\n<td style=\"width: 138.651px;height: 47px\">Lengua Castellana y Literatura<\/td>\n<td style=\"width: 380.895px;height: 47px\">Lengua 1. (Incluye Lectoescritura)<\/td>\n<td style=\"width: 104.531px;height: 47px\">Anaya<\/td>\n<td style=\"width: 117.784px;height: 47px\">9788469892565<\/td>\n<\/tr>\n<tr style=\"height: 23px\">\n<td style=\"width: 138.651px;height: 23px\">Matem\u00e1ticas<\/td>\n<td style=\"width: 380.895px;height: 23px\">Matem\u00e1ticas 1. (Incluye material manipulativo)<\/td>\n<td style=\"width: 104.531px;height: 23px\">Anaya<\/td>\n<td style=\"width: 117.784px;height: 23px\">9788469893845<\/td>\n<\/tr>\n<tr style=\"height: 23px\">\n<td style=\"width: 138.651px;height: 23px\"><span>Conocimiento del Medio Natural, Social y Cultural<\/span><\/td>\n<td style=\"width: 380.895px;height: 23px\">\n<p>Conocimiento del Medio 1<\/p>\n<p>&nbsp;<\/p>\n<\/td>\n<td style=\"width: 104.531px;height: 23px\">\n<p>Anaya<\/p>\n<p>&nbsp;<\/p>\n<\/td>\n<td style=\"width: 117.784px;height: 23px\">\n<p>9788469895405<\/p>\n<p>&nbsp;<\/p>\n<\/td>\n<\/tr>\n<tr style=\"height: 23px\">\n<td style=\"width: 138.651px;height: 23px\">Educaci\u00f3n Art\u00edstica<\/td>\n<td style=\"width: 380.895px;height: 23px\">\n<p>Pl\u00e1stica 1<\/p>\n<p>M\u00fasica 1<\/p>\n<\/td>\n<td style=\"width: 104.531px;height: 23px\">Anaya<\/td>\n<td style=\"width: 117.784px;height: 23px\">\n<p>9788414311769<\/p>\n<p>9788414311806<\/p>\n<\/td>\n<\/tr>\n<tr style=\"height: 23px\">\n<td style=\"width: 138.651px;height: 23px\">Franc\u00e9s<\/td>\n<td style=\"width: 380.895px;height: 23px\">Passe passe 1<\/td>\n<td style=\"width: 104.531px;height: 23px\">Santillana<\/td>\n<td style=\"width: 117.784px;height: 23px\">9788411900638<\/td>\n<\/tr>\n<tr style=\"height: 23px\">\n<td style=\"width: 138.651px;height: 23px\">Religi\u00f3n Cat\u00f3lica<\/td>\n<td style=\"width: 380.895px;height: 23px\">Religi\u00f3n Cat\u00f3lica\u00a0 1<\/td>\n<td style=\"width: 104.531px;height: 23px\">Anaya<\/td>\n<td style=\"width: 117.784px;height: 23px\">9788414311844<\/td>\n<\/tr>\n<\/tbody>\n<\/table>\n<p>[\/et_pb_toggle][et_pb_toggle title=&#8221;CURSO 2\u00ba&#8221; closed_toggle_text_color=&#8221;#000000&#8243; closed_toggle_background_color=&#8221;#e06100&#8243; _builder_version=&#8221;4.24.2&#8243; _module_preset=&#8221;default&#8221; locked=&#8221;off&#8221; global_colors_info=&#8221;{}&#8221;]<\/p>\n<p>&nbsp;<\/p>\n<table style=\"height: 267px;width: 682px\">\n<tbody>\n<tr style=\"height: 23px\">\n<td style=\"height: 23px;width: 117.162px\"><strong>\u00c1REAS<\/strong><\/td>\n<td style=\"height: 23px;width: 323.35px\"><strong>T\u00cdTULO<\/strong><\/td>\n<td style=\"height: 23px;width: 99.075px\"><strong>EDITORIAL<\/strong><\/td>\n<td style=\"height: 23px;width: 118.412px\"><strong>EAN<\/strong><\/td>\n<\/tr>\n<tr style=\"height: 47px\">\n<td style=\"width: 117.162px;height: 47px\">Lengua Castellana y Literatura<\/td>\n<td style=\"width: 323.35px\">Lengua 2. (Incluye Punto de lectura 2)<\/td>\n<td style=\"width: 99.075px;height: 47px\">Anaya<\/td>\n<td style=\"width: 118.412px\">9788469892671<\/td>\n<\/tr>\n<tr style=\"height: 23px\">\n<td style=\"width: 117.162px;height: 23px\">Matem\u00e1ticas<\/td>\n<td style=\"width: 323.35px;height: 23px\">Matem\u00e1ticas 2. (Incluye material manipulativo)<\/td>\n<td style=\"width: 99.075px;height: 23px\">Anaya<\/td>\n<td style=\"width: 118.412px\">9788469893968<\/td>\n<\/tr>\n<tr style=\"height: 23px\">\n<td style=\"width: 117.162px;height: 23px\"><span>Conocimiento del Medio Natural, Social y Cultural<\/span><\/td>\n<td style=\"width: 323.35px;height: 23px\">\n<p>Conocimiento del Medio 2<\/p>\n<p>&nbsp;<\/p>\n<\/td>\n<td style=\"width: 99.075px;height: 23px\">\n<p>Anaya<\/p>\n<p>&nbsp;<\/p>\n<\/td>\n<td style=\"width: 118.412px\">\n<p>9788414319192<\/p>\n<p>&nbsp;<\/p>\n<\/td>\n<\/tr>\n<tr style=\"height: 23px\">\n<td style=\"width: 117.162px;height: 23px\">Educaci\u00f3n Art\u00edstica<\/td>\n<td style=\"width: 323.35px;height: 23px\">\n<p>Pl\u00e1stica 2<\/p>\n<p>M\u00fasica 2<\/p>\n<\/td>\n<td style=\"width: 99.075px;height: 23px\">Anaya<\/td>\n<td style=\"width: 118.412px\">\n<p>9788414311783<\/p>\n<p>9788414311820<\/p>\n<\/td>\n<\/tr>\n<tr style=\"height: 23px\">\n<td style=\"width: 117.162px;height: 23px\">Franc\u00e9s<\/td>\n<td style=\"width: 323.35px;height: 23px\">Passe passe 2<\/td>\n<td style=\"width: 99.075px;height: 23px\">Santillana<\/td>\n<td style=\"width: 118.412px;height: 23px\">9788411900393<\/td>\n<\/tr>\n<tr style=\"height: 40px\">\n<td style=\"width: 117.162px;height: 40px\">Religi\u00f3n Cat\u00f3lica<\/td>\n<td style=\"width: 323.35px;height: 40px\">Religi\u00f3n Cat\u00f3lica\u00a0 2<\/td>\n<td style=\"width: 99.075px;height: 40px\">Anaya<\/td>\n<td style=\"width: 118.412px;height: 40px\">9788414311844<\/td>\n<\/tr>\n<\/tbody>\n<\/table>\n<p>[\/et_pb_toggle][\/et_pb_column][\/et_pb_row][et_pb_row _builder_version=&#8221;4.16&#8243; _module_preset=&#8221;default&#8221; min_height=&#8221;70px&#8221; global_colors_info=&#8221;{}&#8221;][et_pb_column type=&#8221;4_4&#8243; _builder_version=&#8221;4.16&#8243; _module_preset=&#8221;default&#8221; global_colors_info=&#8221;{}&#8221;][et_pb_text _builder_version=&#8221;4.24.2&#8243; _module_preset=&#8221;default&#8221; global_colors_info=&#8221;{}&#8221;]<\/p>\n<h1><span style=\"color: #008000\">Materiales (Curso 2025\/2026)<br \/><\/span><\/h1>\n<p>[\/et_pb_text][\/et_pb_column][\/et_pb_row][et_pb_row _builder_version=&#8221;4.16&#8243; _module_preset=&#8221;default&#8221; global_colors_info=&#8221;{}&#8221;][et_pb_column type=&#8221;4_4&#8243; _builder_version=&#8221;4.16&#8243; _module_preset=&#8221;default&#8221; global_colors_info=&#8221;{}&#8221;][et_pb_toggle title=&#8221;LISTA DE MATERIAL B\u00c1SICO PARA EL ALUMNADO DE PRIMER CURSO&#8221; open_toggle_background_color=&#8221;#ffffff&#8221; closed_toggle_text_color=&#8221;#000000&#8243; closed_toggle_background_color=&#8221;#7cda24&#8243; _builder_version=&#8221;4.24.2&#8243; _module_preset=&#8221;default&#8221; background_color=&#8221;#7cda24&#8243; global_colors_info=&#8221;{}&#8221;]<\/p>\n<p><a href=\"https:\/\/blogsaverroes.juntadeandalucia.es\/ceipjosemariadelcampo\/files\/2025\/05\/Material-1o.pdf\" target=\"_blank\" rel=\"noopener\">LISTA DE MATERIAL 1\u00ba E. PRIMARIA<\/a><\/p>\n<ul><\/ul>\n<p>[\/et_pb_toggle][et_pb_toggle title=&#8221;LISTA DE MATERIAL B\u00c1SICO PARA EL ALUMNADO DE SEGUNDO CURSO&#8221; closed_toggle_text_color=&#8221;#000000&#8243; closed_toggle_background_color=&#8221;#e06100&#8243; _builder_version=&#8221;4.24.2&#8243; _module_preset=&#8221;default&#8221; locked=&#8221;off&#8221; global_colors_info=&#8221;{}&#8221;]<\/p>\n<p><a href=\"https:\/\/blogsaverroes.juntadeandalucia.es\/ceipjosemariadelcampo\/files\/2025\/05\/Material-2o.pdf\" target=\"_blank\" rel=\"noopener\">LISTA DE MATERIAL 2\u00ba E. PRIMARIA<\/a><\/p>\n<p>[\/et_pb_toggle][\/et_pb_column][\/et_pb_row][\/et_pb_section]<\/p>\n","protected":false},"excerpt":{"rendered":"<p>EDUCACI\u00d3N PRIMARIA 1\u00ba CICLOEquipos docentes 2025\/26 Profesorado que imparte las distintas \u00e1reas en cada curso. PROFESORADO \u00c1REAS D. Francisco Carvajal G\u00f3mez Lengua Castellana y Literatura Matem\u00e1ticas Conocimiento del Medio Natural, Social y Cultural D\u00aa Irene Garc\u00eda Moral Lengua Extranjera (Franc\u00e9s) D\u00aa Isabel M\u00aa Contreras Medina E. Art\u00edstica (Pl\u00e1stica) Atenci\u00f3n Educativa D\u00aa Alicia L\u00f3pez Clavijo 2\u00aa [&hellip;]<\/p>\n","protected":false},"author":7051,"featured_media":0,"parent":0,"menu_order":0,"comment_status":"closed","ping_status":"closed","template":"","meta":{"_et_pb_use_builder":"on","_et_pb_old_content":"","_et_gb_content_width":"","ngg_post_thumbnail":0,"footnotes":""},"aioseo_notices":[],"_links":{"self":[{"href":"https:\/\/blogsaverroes.juntadeandalucia.es\/ceipjosemariadelcampo\/wp-json\/wp\/v2\/pages\/824"}],"collection":[{"href":"https:\/\/blogsaverroes.juntadeandalucia.es\/ceipjosemariadelcampo\/wp-json\/wp\/v2\/pages"}],"about":[{"href":"https:\/\/blogsaverroes.juntadeandalucia.es\/ceipjosemariadelcampo\/wp-json\/wp\/v2\/types\/page"}],"author":[{"embeddable":true,"href":"https:\/\/blogsaverroes.juntadeandalucia.es\/ceipjosemariadelcampo\/wp-json\/wp\/v2\/users\/7051"}],"replies":[{"embeddable":true,"href":"https:\/\/blogsaverroes.juntadeandalucia.es\/ceipjosemariadelcampo\/wp-json\/wp\/v2\/comments?post=824"}],"version-history":[{"count":60,"href":"https:\/\/blogsaverroes.juntadeandalucia.es\/ceipjosemariadelcampo\/wp-json\/wp\/v2\/pages\/824\/revisions"}],"predecessor-version":[{"id":3590,"href":"https:\/\/blogsaverroes.juntadeandalucia.es\/ceipjosemariadelcampo\/wp-json\/wp\/v2\/pages\/824\/revisions\/3590"}],"wp:attachment":[{"href":"https:\/\/blogsaverroes.juntadeandalucia.es\/ceipjosemariadelcampo\/wp-json\/wp\/v2\/media?parent=824"}],"curies":[{"name":"wp","href":"https:\/\/api.w.org\/{rel}","templated":true}]}}