{"id":831,"date":"2020-12-18T08:35:33","date_gmt":"2020-12-18T07:35:33","guid":{"rendered":"https:\/\/blogsaverroes.juntadeandalucia.es\/pre\/plantilla-pencil\/?page_id=831"},"modified":"2025-11-06T12:04:33","modified_gmt":"2025-11-06T11:04:33","slug":"3o-ciclo-de-educacion-primaria","status":"publish","type":"page","link":"https:\/\/blogsaverroes.juntadeandalucia.es\/ceipjosemariadelcampo\/3o-ciclo-de-educacion-primaria\/","title":{"rendered":"3\u00ba Ciclo de Educaci\u00f3n Primaria"},"content":{"rendered":"<p>[et_pb_section fb_built=&#8221;1&#8243; _builder_version=&#8221;4.16&#8243; custom_padding=&#8221;0px||0px|&#8221; z_index_tablet=&#8221;500&#8243; box_shadow_horizontal_tablet=&#8221;0px&#8221; box_shadow_vertical_tablet=&#8221;0px&#8221; box_shadow_blur_tablet=&#8221;40px&#8221; box_shadow_spread_tablet=&#8221;0px&#8221; locked=&#8221;off&#8221; global_colors_info=&#8221;{}&#8221;][et_pb_row column_structure=&#8221;2_3,1_3&#8243; _builder_version=&#8221;4.16&#8243; _module_preset=&#8221;default&#8221; global_colors_info=&#8221;{}&#8221;][et_pb_column type=&#8221;2_3&#8243; _builder_version=&#8221;4.16&#8243; _module_preset=&#8221;default&#8221; global_colors_info=&#8221;{}&#8221;][et_pb_image src=&#8221;https:\/\/blogsaverroes.juntadeandalucia.es\/ceipjosemariadelcampo\/files\/2021\/02\/ENSEN\u0303ANZAS.png&#8221; title_text=&#8221;ENSEN\u0303ANZAS&#8221; _builder_version=&#8221;4.16&#8243; _module_preset=&#8221;default&#8221; global_colors_info=&#8221;{}&#8221;][\/et_pb_image][\/et_pb_column][et_pb_column type=&#8221;1_3&#8243; _builder_version=&#8221;4.16&#8243; _module_preset=&#8221;default&#8221; global_colors_info=&#8221;{}&#8221;][et_pb_text _builder_version=&#8221;4.16&#8243; _module_preset=&#8221;default&#8221; text_font_size=&#8221;19px&#8221; width=&#8221;100%&#8221; global_colors_info=&#8221;{}&#8221;]<\/p>\n<p style=\"text-align: center\">\n<p style=\"text-align: center\">\n<p style=\"text-align: center\">\n<p style=\"text-align: center\">\n<p style=\"text-align: center\"><img loading=\"lazy\" decoding=\"async\" src=\"https:\/\/blogsaverroes.juntadeandalucia.es\/ceipjosemariadelcampo\/files\/2021\/02\/Captura-de-pantalla-2021-02-08-a-las-19.02.35.png\" alt=\"\" class=\"wp-image-1496 aligncenter size-full\" style=\"margin-left: auto;margin-right: auto\" width=\"369\" height=\"56\" \/><\/p>\n<h1 style=\"text-align: center\"><strong><\/strong><\/h1>\n<h1 style=\"text-align: center\"><strong>EDUCACI\u00d3N PRIMARIA 3\u00ba CICLO<\/strong><\/h1>\n<p>[\/et_pb_text][\/et_pb_column][\/et_pb_row][et_pb_row _builder_version=&#8221;4.16&#8243; _module_preset=&#8221;default&#8221; min_height=&#8221;70px&#8221; global_colors_info=&#8221;{}&#8221;][et_pb_column type=&#8221;4_4&#8243; _builder_version=&#8221;4.16&#8243; _module_preset=&#8221;default&#8221; global_colors_info=&#8221;{}&#8221;][et_pb_text _builder_version=&#8221;4.24.2&#8243; _module_preset=&#8221;default&#8221; hover_enabled=&#8221;0&#8243; global_colors_info=&#8221;{}&#8221; sticky_enabled=&#8221;0&#8243;]<\/p>\n<h1><span style=\"color: #008000\">Equipos docentes 2025\/26<br \/><\/span><\/h1>\n<p><span style=\"color: #000000\">Profesorado que imparte las distintas \u00e1reas en cada curso.<\/span><\/p>\n<p>[\/et_pb_text][\/et_pb_column][\/et_pb_row][et_pb_row column_structure=&#8221;1_2,1_2&#8243; _builder_version=&#8221;4.16&#8243; _module_preset=&#8221;default&#8221; global_colors_info=&#8221;{}&#8221;][et_pb_column type=&#8221;1_2&#8243; _builder_version=&#8221;4.16&#8243; _module_preset=&#8221;default&#8221; global_colors_info=&#8221;{}&#8221;][et_pb_toggle title=&#8221;5\u00baA&#8221; closed_toggle_background_color=&#8221;#e02b20&#8243; _builder_version=&#8221;4.24.2&#8243; _module_preset=&#8221;default&#8221; title_text_color=&#8221;#ffffff&#8221; hover_enabled=&#8221;0&#8243; global_colors_info=&#8221;{}&#8221; sticky_enabled=&#8221;0&#8243;]<\/p>\n<table style=\"width: 433px;height: 307px\">\n<tbody>\n<tr style=\"height: 24px\">\n<td style=\"width: 224.863px;height: 24px\">PROFESORADO<\/td>\n<td style=\"width: 194.538px;height: 24px\">\u00c1REAS<\/td>\n<\/tr>\n<tr style=\"height: 49px\">\n<td style=\"width: 224.863px;height: 49px;text-align: left;vertical-align: top\">\n<p>D\u00aa Dolores Le\u00f3n Lanzas<\/p>\n<p>&nbsp;<\/p>\n<\/td>\n<td style=\"width: 194.538px;height: 49px;text-align: left;vertical-align: top\">\n<p>Lengua Castellana y Literatura<\/p>\n<p>Matem\u00e1ticas<\/p>\n<p>E. Art\u00edstica (M\u00fasica)<\/p>\n<\/td>\n<\/tr>\n<tr style=\"height: 24px\">\n<td style=\"width: 224.863px;height: 24px\">D\u00aa Mar\u00eda S. Orihuela Espina<\/td>\n<td style=\"width: 194.538px;height: 24px\">Conocimiento Social, Natural y Cultural<\/td>\n<\/tr>\n<tr style=\"height: 24px\">\n<td style=\"width: 224.863px;height: 24px\">D\u00aa Gloria Garc\u00eda Balsera<\/td>\n<td style=\"width: 194.538px;height: 24px\">1\u00aa L. Extranjera (Franc\u00e9s)<\/td>\n<\/tr>\n<tr style=\"height: 24px\">\n<td style=\"width: 224.863px;height: 24px\">D\u00aa Alicia L\u00f3pez Clavijo<\/td>\n<td style=\"width: 194.538px;height: 24px\">2\u00aa L. Extranjera (Ingl\u00e9s)<\/td>\n<\/tr>\n<tr style=\"height: 24px\">\n<td style=\"width: 224.863px;height: 24px\">D. Manuel\u00a0 Mateos Guill\u00e9n<\/td>\n<td style=\"width: 194.538px;height: 24px\">Educaci\u00f3n F\u00edsica<\/td>\n<\/tr>\n<tr style=\"height: 24px\">\n<td style=\"width: 224.863px;height: 24px\">D\u00aa Bel\u00e9n Arcioles Sol\u00eds<\/td>\n<td style=\"width: 194.538px;height: 24px\">E. Art\u00edstica (Pl\u00e1stica)<\/td>\n<\/tr>\n<tr style=\"height: 25px\">\n<td style=\"width: 224.863px;height: 25px\">D\u00aa Roc\u00edo Rodr\u00edguez P\u00e9rez<\/td>\n<td style=\"width: 194.538px;height: 25px\">Religi\u00f3n Cat\u00f3lica<\/td>\n<\/tr>\n<tr style=\"height: 24px\">\n<td style=\"width: 224.863px;height: 24px\">D. Antonio Guzm\u00e1n Franco<\/td>\n<td style=\"width: 194.538px;height: 24px\">Atenci\u00f3n Educativa<\/td>\n<\/tr>\n<tr style=\"height: 21px\">\n<td style=\"width: 224.863px;height: 21px\">D\u00aa Roc\u00edo Iglesias Dom\u00ednguez<\/td>\n<td style=\"width: 194.538px;height: 21px\">Refuerzo Pedag\u00f3gico<\/td>\n<\/tr>\n<tr style=\"height: 24px\">\n<td style=\"width: 224.863px;height: 24px\">D\u00aa Josefa Boh\u00f3rquez M\u00e1rquez<\/td>\n<td style=\"width: 194.538px;height: 24px\">ZTS<\/td>\n<\/tr>\n<tr style=\"height: 10px\">\n<td style=\"width: 224.863px;height: 10px\">D\u00aa Beatriz Raposo L\u00f3pez<\/td>\n<td style=\"width: 194.538px;height: 10px\">Pedagog\u00eda Terap\u00e9utica<\/td>\n<\/tr>\n<tr style=\"height: 10px\">\n<td style=\"width: 224.863px;height: 10px\">D\u00aa Rosana Bello Mall\u00e9n<\/td>\n<td style=\"width: 194.538px;height: 10px\">Audici\u00f3n y Lenguaje<\/td>\n<\/tr>\n<tr>\n<td style=\"width: 224.863px\">D\u00aa Felisa Arias Cort\u00e9s<\/td>\n<td style=\"width: 194.538px\">Personal T\u00e9cnico de Integraci\u00f3n Social (PTIS)<\/td>\n<\/tr>\n<\/tbody>\n<\/table>\n<p>[\/et_pb_toggle][et_pb_toggle title=&#8221;6\u00baA&#8221; closed_toggle_text_color=&#8221;#ffffff&#8221; closed_toggle_background_color=&#8221;#0c71c3&#8243; _builder_version=&#8221;4.24.2&#8243; _module_preset=&#8221;default&#8221; hover_enabled=&#8221;0&#8243; locked=&#8221;off&#8221; global_colors_info=&#8221;{}&#8221; sticky_enabled=&#8221;0&#8243;]<\/p>\n<p>&nbsp;<\/p>\n<table style=\"width: 468.683px;height: 428px\">\n<tbody>\n<tr style=\"height: 23px\">\n<td style=\"width: 229.538px;height: 23px\">PROFESORADO<\/td>\n<td style=\"width: 225.538px;height: 23px\">\u00c1REAS<\/td>\n<\/tr>\n<tr style=\"height: 198px\">\n<td style=\"width: 229.538px;text-align: left;vertical-align: top;height: 198px\">\n<p>D\u00aa Mar\u00eda S. Orihuela Espina<\/p>\n<p>&nbsp;<\/p>\n<\/td>\n<td style=\"width: 225.538px;text-align: left;vertical-align: top;height: 198px\">\n<p>Lengua Castellana y Literatura<\/p>\n<p>Matem\u00e1ticas<\/p>\n<p>Ciencias Sociales y Ciencias de la Naturaleza<\/p>\n<p>EVCE<\/p>\n<p>Atenci\u00f3n Educativa<\/p>\n<\/td>\n<\/tr>\n<tr style=\"height: 23px\">\n<td style=\"width: 229.538px;height: 23px\">D\u00aa Gloria Garc\u00eda Balsera<\/td>\n<td style=\"width: 225.538px;height: 23px\">1\u00aa Lengua Extranjera (Franc\u00e9s)<\/td>\n<\/tr>\n<tr style=\"height: 23px\">\n<td style=\"width: 229.538px;height: 23px\">D\u00aa Alicia L\u00f3pez Clavijo<\/td>\n<td style=\"width: 225.538px;height: 23px\">2\u00aa Lengua Extranjera (Ingl\u00e9s)<\/td>\n<\/tr>\n<tr style=\"height: 23px\">\n<td style=\"width: 229.538px;height: 23px\">D. Manuel Mateos Guill\u00e9n<\/td>\n<td style=\"width: 225.538px;height: 23px\">Educaci\u00f3n F\u00edsica<\/td>\n<\/tr>\n<tr style=\"height: 23px\">\n<td style=\"width: 229.538px;height: 23px\">D\u00aa Dolores Le\u00f3n Lanzas<\/td>\n<td style=\"width: 225.538px;height: 23px\">E. Art\u00edstica (M\u00fasica)<\/td>\n<\/tr>\n<tr style=\"height: 23px\">\n<td style=\"width: 229.538px;height: 23px\">D\u00aa Bel\u00e9n Arcioles Sol\u00eds<\/td>\n<td style=\"width: 225.538px;height: 23px\">E. Art\u00edstica (Pl\u00e1stica)<\/td>\n<\/tr>\n<tr style=\"height: 23px\">\n<td style=\"width: 229.538px;height: 23px\">D\u00aa Roc\u00edo Rodr\u00edguez P\u00e9rez<\/td>\n<td style=\"width: 225.538px;height: 23px\">Religi\u00f3n Cat\u00f3lica<\/td>\n<\/tr>\n<tr style=\"height: 23px\">\n<td style=\"width: 229.538px;height: 23px\">D\u00aa Roc\u00edo Iglesias Dom\u00ednguez<\/td>\n<td style=\"width: 225.538px;height: 23px\">Refuerzo Pedag\u00f3gico<\/td>\n<\/tr>\n<tr style=\"height: 23px\">\n<td style=\"width: 229.538px;height: 23px\">D\u00aa Beatriz Raposo L\u00f3pez<\/td>\n<td style=\"width: 225.538px;height: 23px\">Pedagog\u00eda Terap\u00e9utica<\/td>\n<\/tr>\n<tr style=\"height: 23px\">\n<td style=\"width: 229.538px;height: 23px\">D\u00aa Rosana Bello Mall\u00e9n<\/td>\n<td style=\"width: 225.538px;height: 23px\">Audici\u00f3n y Lenguaje<\/td>\n<\/tr>\n<tr>\n<td style=\"width: 229.538px\">D\u00aa Felisa Arias Cort\u00e9s<\/td>\n<td style=\"width: 225.538px\">Personal T\u00e9cnico de Integraci\u00f3n Social (PTIS)<\/td>\n<\/tr>\n<\/tbody>\n<\/table>\n<p>&nbsp;<\/p>\n<p>[\/et_pb_toggle][\/et_pb_column][et_pb_column type=&#8221;1_2&#8243; _builder_version=&#8221;4.16&#8243; _module_preset=&#8221;default&#8221; global_colors_info=&#8221;{}&#8221;][et_pb_toggle title=&#8221;5\u00baB&#8221; closed_toggle_text_color=&#8221;#ffffff&#8221; closed_toggle_background_color=&#8221;#e02b20&#8243; _builder_version=&#8221;4.24.2&#8243; _module_preset=&#8221;default&#8221; hover_enabled=&#8221;0&#8243; global_colors_info=&#8221;{}&#8221; sticky_enabled=&#8221;0&#8243;]<\/p>\n<table style=\"width: 455.717px;height: 472px\">\n<tbody>\n<tr style=\"height: 24px\">\n<td style=\"width: 233.1px;height: 24px\">PROFESORADO<\/td>\n<td style=\"width: 209.012px;height: 24px\">\u00c1REAS<\/td>\n<\/tr>\n<tr style=\"height: 160px\">\n<td style=\"width: 233.1px;text-align: left;vertical-align: top;height: 160px\">\n<p>D\u00aa Alicia L\u00f3pez Clavijo<\/p>\n<p>&nbsp;<\/p>\n<\/td>\n<td style=\"width: 209.012px;height: 160px\">\n<p>Lengua Castellana y Literatura<\/p>\n<p>1\u00aa L. Extranjera (Ingl\u00e9s)<\/p>\n<\/td>\n<\/tr>\n<tr style=\"height: 48px\">\n<td style=\"width: 233.1px;height: 48px\">D\u00aa Inmaculada Ad\u00e1n Cordoncillo<\/td>\n<td style=\"width: 209.012px;height: 48px\"><span style=\"font-family: inherit;font-size: inherit\">Conocimiento del Medio Social, Natural y Cultural<\/span><\/td>\n<\/tr>\n<tr style=\"height: 24px\">\n<td style=\"width: 233.1px;height: 24px\">D. Antonio Guzm\u00e1n Franco<\/td>\n<td style=\"width: 209.012px;height: 24px\">\n<p>Matem\u00e1ticas<\/p>\n<p><span style=\"font-family: inherit;font-size: inherit\">Atenci\u00f3n Educativa<\/span><\/p>\n<\/td>\n<\/tr>\n<tr style=\"height: 24px\">\n<td style=\"width: 233.1px;height: 24px\">D\u00aa Gloria Garc\u00eda Balsera<\/td>\n<td style=\"width: 209.012px;height: 24px\">2\u00aa L. Extranjera (Franc\u00e9s)<\/td>\n<\/tr>\n<tr style=\"height: 24px\">\n<td style=\"width: 233.1px;height: 24px\">D. Manuel Mateos Guill\u00e9n<\/td>\n<td style=\"width: 209.012px;height: 24px\">Educaci\u00f3n F\u00edsica<\/td>\n<\/tr>\n<tr style=\"height: 24px\">\n<td style=\"width: 233.1px;height: 24px\">D\u00aa Dolores Le\u00f3n Lanzas<\/td>\n<td style=\"width: 209.012px;height: 24px\">E. Art\u00edstica (M\u00fasica)<\/td>\n<\/tr>\n<tr style=\"height: 24px\">\n<td style=\"width: 233.1px;height: 24px\">D\u00aa Mar\u00eda S. Orihuela Espina<\/td>\n<td style=\"width: 209.012px;height: 24px\">E. Art\u00edstica (Pl\u00e1stica)<\/td>\n<\/tr>\n<tr style=\"height: 24px\">\n<td style=\"width: 233.1px;height: 24px\">D\u00aa Roc\u00edo Rodr\u00edguez P\u00e9rez<\/td>\n<td style=\"width: 209.012px;height: 24px\">Religi\u00f3n Cat\u00f3lica<\/td>\n<\/tr>\n<tr style=\"height: 24px\">\n<td style=\"width: 233.1px;height: 24px\">D\u00aa Roc\u00edo Iglesias Dom\u00ednguez<\/td>\n<td style=\"width: 209.012px;height: 24px\">Refuerzo pedag\u00f3gico<\/td>\n<\/tr>\n<tr>\n<td style=\"width: 233.1px\">D\u00aa Josefa Boh\u00f3rquez M\u00e1rquez<\/td>\n<td style=\"width: 209.012px\">ZTS<\/td>\n<\/tr>\n<tr style=\"height: 24px\">\n<td style=\"width: 233.1px;height: 24px\">D\u00aa Beatriz Raposo L\u00f3pez<\/td>\n<td style=\"width: 209.012px;height: 24px\">Pedagog\u00eda Terap\u00e9utica<\/td>\n<\/tr>\n<tr style=\"height: 24px\">\n<td style=\"width: 233.1px;height: 24px\">D\u00aa Rosana Bello Mall\u00e9n<\/td>\n<td style=\"width: 209.012px;height: 24px\">Audici\u00f3n y Lenguaje<\/td>\n<\/tr>\n<tr>\n<td style=\"width: 233.1px\">D\u00aa Felisa Arias Cort\u00e9s<\/td>\n<td style=\"width: 209.012px\">Personal T\u00e9cnico de Integraci\u00f3n Social (PTIS)<\/td>\n<\/tr>\n<\/tbody>\n<\/table>\n<p>&nbsp;<\/p>\n<p>[\/et_pb_toggle][et_pb_toggle title=&#8221;6\u00baB&#8221; closed_toggle_text_color=&#8221;#ffffff&#8221; closed_toggle_background_color=&#8221;#0c71c3&#8243; _builder_version=&#8221;4.24.2&#8243; _module_preset=&#8221;default&#8221; hover_enabled=&#8221;0&#8243; locked=&#8221;off&#8221; global_colors_info=&#8221;{}&#8221; sticky_enabled=&#8221;0&#8243;]<\/p>\n<p>&nbsp;<\/p>\n<table style=\"width: 469.083px;height: 414px\">\n<tbody>\n<tr style=\"height: 24px\">\n<td style=\"width: 224.225px;height: 24px\">PROFESORADO<\/td>\n<td style=\"width: 231.25px;height: 24px\">\u00c1REAS<\/td>\n<\/tr>\n<tr style=\"height: 72px\">\n<td style=\"width: 224.225px;height: 72px;text-align: left;vertical-align: top\">D. Antonio Guzm\u00e1n Franco<\/td>\n<td style=\"width: 231.25px;height: 72px\">\n<p>Lengua Castellana y Literatura<\/p>\n<p>Matem\u00e1ticas<\/p>\n<p><span style=\"font-family: inherit;font-size: inherit\">EVCE<\/span><\/p>\n<p>Atenci\u00f3n Educativa<\/p>\n<\/td>\n<\/tr>\n<tr style=\"height: 48px\">\n<td style=\"width: 224.225px;height: 48px\">D\u00aa Bel\u00e9n Arcioles Sol\u00eds<\/td>\n<td style=\"width: 231.25px;height: 48px\">Ciencias Sociales y Ciencias de la Naturaleza<\/td>\n<\/tr>\n<tr style=\"height: 30px\">\n<td style=\"width: 224.225px;height: 30px\">D\u00aa Alicia L\u00f3pez Clavijo<\/td>\n<td style=\"width: 231.25px;height: 30px\">1\u00aa L. Extranjera (Ingl\u00e9s)<\/td>\n<\/tr>\n<tr style=\"height: 30px\">\n<td style=\"width: 224.225px;height: 30px\">D\u00aa Gloria Garc\u00eda Balsera<\/td>\n<td style=\"width: 231.25px;height: 30px\">2\u00aa L. Extranjera (Franc\u00e9s)<\/td>\n<\/tr>\n<tr style=\"height: 30px\">\n<td style=\"width: 224.225px;height: 30px\">D. Manuel Mateos Guill\u00e9n<\/td>\n<td style=\"width: 231.25px;height: 30px\">Educaci\u00f3n F\u00edsica<\/td>\n<\/tr>\n<tr style=\"height: 30px\">\n<td style=\"width: 224.225px;height: 30px\">D\u00aa Dolores Le\u00f3n Lanzas<\/td>\n<td style=\"width: 231.25px;height: 30px\">E. Art\u00edstica (M\u00fasica)<\/td>\n<\/tr>\n<tr style=\"height: 30px\">\n<td style=\"width: 224.225px;height: 30px\">D\u00aa Mar\u00eda S. Orihuela Espina<\/td>\n<td style=\"width: 231.25px;height: 30px\">E. Art\u00edstica (Pl\u00e1stica)<\/td>\n<\/tr>\n<tr style=\"height: 30px\">\n<td style=\"width: 224.225px;height: 30px\">D\u00aa Roc\u00edo Rodr\u00edguez P\u00e9rez<\/td>\n<td style=\"width: 231.25px;height: 30px\">Religi\u00f3n Cat\u00f3lica<\/td>\n<\/tr>\n<tr style=\"height: 30px\">\n<td style=\"width: 224.225px;height: 30px\">D\u00aa Roc\u00edo Iglesias Dom\u00ednguez<\/td>\n<td style=\"width: 231.25px;height: 30px\">Refuerzo pedag\u00f3gico<\/td>\n<\/tr>\n<tr>\n<td style=\"width: 224.225px\">D\u00aa Josefa Boh\u00f3rquez M\u00e1rquez<\/td>\n<td style=\"width: 231.25px\">ZTS<\/td>\n<\/tr>\n<tr style=\"height: 30px\">\n<td style=\"width: 224.225px;height: 30px\">D\u00aa Beatriz Raposo L\u00f3pez<\/td>\n<td style=\"width: 231.25px;height: 30px\">Pedagog\u00eda Terap\u00e9utica<\/td>\n<\/tr>\n<tr style=\"height: 30px\">\n<td style=\"width: 224.225px;height: 30px\">D\u00aa Rosana Bello Mall\u00e9n<\/td>\n<td style=\"width: 231.25px;height: 30px\">Audici\u00f3n y Lenguaje<\/td>\n<\/tr>\n<tr>\n<td style=\"width: 224.225px\">D\u00aa Felisa Arias Cort\u00e9s<\/td>\n<td style=\"width: 231.25px\">Personal T\u00e9cnico de Integraci\u00f3n Social (PTIS)<\/td>\n<\/tr>\n<\/tbody>\n<\/table>\n<p>&nbsp;<\/p>\n<p>[\/et_pb_toggle][\/et_pb_column][\/et_pb_row][et_pb_row _builder_version=&#8221;4.16&#8243; _module_preset=&#8221;default&#8221; min_height=&#8221;70px&#8221; global_colors_info=&#8221;{}&#8221;][et_pb_column type=&#8221;4_4&#8243; _builder_version=&#8221;4.16&#8243; _module_preset=&#8221;default&#8221; global_colors_info=&#8221;{}&#8221;][et_pb_text _builder_version=&#8221;4.24.2&#8243; _module_preset=&#8221;default&#8221; global_colors_info=&#8221;{}&#8221;]<\/p>\n<h1><span style=\"color: #008000\">Libros de texto (Curso 2025\/26)<br \/><\/span><\/h1>\n<p>[\/et_pb_text][et_pb_toggle title=&#8221;CURSO 5\u00ba&#8221; closed_toggle_text_color=&#8221;#ffffff&#8221; closed_toggle_background_color=&#8221;#e02b20&#8243; _builder_version=&#8221;4.16&#8243; _module_preset=&#8221;default&#8221; locked=&#8221;off&#8221; global_colors_info=&#8221;{}&#8221;]<\/p>\n<table style=\"width: 889px\">\n<tbody>\n<tr>\n<td style=\"width: 186px\"><strong>\u00c1REAS<\/strong><\/td>\n<td style=\"width: 270px\"><strong>T\u00cdTULO<\/strong><\/td>\n<td style=\"width: 96px\"><strong>EDITORIAL<\/strong><\/td>\n<td style=\"width: 130px\"><strong>ISBN<\/strong><\/td>\n<td style=\"width: 207px\"><strong>OBSERVACIONES<\/strong><\/td>\n<\/tr>\n<tr>\n<td width=\"425\" style=\"width: 186px\">Conocimiento del Medio Natural, Social y Cultural<\/td>\n<td width=\"425\" style=\"width: 270px\">Sciences de la Vie et de la Terre 5<\/td>\n<td style=\"width: 96px\">Anaya<\/td>\n<td width=\"165\" style=\"width: 130px\">9788467805222<\/td>\n<td style=\"width: 207px\">S\u00f3lo l\u00ednea Biling\u00fce\u00a0<strong>Franc\u00e9s<\/strong><\/td>\n<\/tr>\n<tr>\n<td width=\"425\" style=\"width: 186px\">Conocimiento del Medio Natural, Social y Cultural<\/td>\n<td width=\"425\" style=\"width: 270px\">CLIL Goals Natural &amp; Social Sciences 5<\/td>\n<td style=\"width: 96px\">Oxford<\/td>\n<td width=\"165\" style=\"width: 130px\">9780190550509<\/td>\n<td style=\"width: 207px\">S\u00f3lo l\u00ednea Biling\u00fce\u00a0<strong>Ingl\u00e9s<\/strong><\/td>\n<\/tr>\n<tr>\n<td style=\"width: 186px\">L. Extranjera (Franc\u00e9s)<\/td>\n<td width=\"425\" style=\"width: 270px\">D\u00e9lfis 1<\/td>\n<td style=\"width: 96px\">Santillana<\/td>\n<td width=\"165\" style=\"width: 130px\">9788490498415<\/td>\n<td style=\"width: 207px\">S\u00f3lo l\u00ednea Biling\u00fce\u00a0<strong>Franc\u00e9s<\/strong><\/td>\n<\/tr>\n<tr>\n<td style=\"width: 186px\">L. Extranjera (Ingl\u00e9s)<\/td>\n<td width=\"425\" style=\"width: 270px\">Open up 5<\/td>\n<td style=\"width: 96px\">Oxford<\/td>\n<td width=\"165\" style=\"width: 130px\">9780190550509<\/td>\n<td style=\"width: 207px\">S\u00f3lo l\u00ednea Biling\u00fce\u00a0<strong>Ingl\u00e9s<\/strong><\/td>\n<\/tr>\n<tr>\n<td style=\"width: 186px\">Educaci\u00f3n Art\u00edstica<\/td>\n<td style=\"width: 270px\">\n<p>Pl\u00e1stica 5<\/p>\n<p>M\u00fasica 5<\/p>\n<\/td>\n<td style=\"width: 96px\">\n<p>Anaya<\/p>\n<p>Anaya<\/p>\n<\/td>\n<td width=\"165\" style=\"width: 130px\">\n<p>9788414322499<\/p>\n<p>9788414313046<\/p>\n<\/td>\n<td style=\"width: 207px\"><\/td>\n<\/tr>\n<tr>\n<td style=\"width: 186px\">Lengua Castellana y Literatura<\/td>\n<td width=\"425\" style=\"width: 270px\">Lengua 5. (Incluye Punto de lectura 5)<\/td>\n<td style=\"width: 96px\">Anaya<\/td>\n<td width=\"165\" style=\"width: 130px\">9788414302033<\/td>\n<td style=\"width: 207px\"><\/td>\n<\/tr>\n<tr>\n<td style=\"width: 186px\">Matem\u00e1ticas<\/td>\n<td width=\"425\" style=\"width: 270px\">Matem\u00e1ticas 5. (Incluye material manipulativo)<\/td>\n<td style=\"width: 96px\">Anaya<\/td>\n<td width=\"165\" style=\"width: 130px\">9788414302484<\/td>\n<td style=\"width: 207px\"><\/td>\n<\/tr>\n<tr>\n<td style=\"width: 186px\">Religi\u00f3n Cat\u00f3lica<\/td>\n<td style=\"width: 270px\">Religi\u00f3n Cat\u00f3lica 5<\/td>\n<td style=\"width: 96px\">Anaya<\/td>\n<td width=\"165\" style=\"width: 130px\">9788414313053<\/td>\n<td style=\"width: 207px\"><\/td>\n<\/tr>\n<\/tbody>\n<\/table>\n<p>&nbsp;<\/p>\n<p>[\/et_pb_toggle][et_pb_toggle title=&#8221;CURSO 6\u00ba&#8221; closed_toggle_text_color=&#8221;#ffffff&#8221; closed_toggle_background_color=&#8221;#0c71c3&#8243; _builder_version=&#8221;4.16&#8243; _module_preset=&#8221;default&#8221; locked=&#8221;off&#8221; global_colors_info=&#8221;{}&#8221;]<\/p>\n<table style=\"background-color: transparent;width: 853px;height: 422px\">\n<tbody>\n<tr style=\"height: 23px\">\n<td style=\"width: 207.457px;height: 23px\"><strong>\u00c1REAS<\/strong><\/td>\n<td style=\"width: 212.905px;height: 23px\"><strong>T\u00cdTULO<\/strong><\/td>\n<td style=\"width: 99.0767px;height: 23px\"><strong>EDITORIAL<\/strong><\/td>\n<td style=\"width: 116.087px;height: 23px\"><strong>EAN<\/strong><\/td>\n<td style=\"width: 185.71px;height: 23px\"><strong>OBSERVACIONES<\/strong><\/td>\n<\/tr>\n<tr>\n<td style=\"width: 207.457px\">Conocimiento del Medio Natural, Social y Cultural<\/td>\n<td style=\"width: 212.905px;height: 47px\">Sciences de la Vie et de la Terre 6<\/td>\n<td style=\"width: 99.0767px;height: 47px\">Anaya<\/td>\n<td style=\"width: 116.087px;height: 47px\">978467805314<\/td>\n<td style=\"width: 185.71px;height: 47px\">S\u00f3lo l\u00ednea Biling\u00fce\u00a0<strong>Franc\u00e9s<\/strong><\/td>\n<\/tr>\n<tr>\n<td style=\"width: 207.457px\">Conocimiento del Medio Natural, Social y Cultural<\/td>\n<td style=\"width: 212.905px;height: 47px\">CLIL Goals Natural &amp; Social Sciences 6<\/td>\n<td style=\"width: 99.0767px;height: 47px\">Oxford<\/td>\n<td style=\"width: 116.087px;height: 47px\">9780190550516<\/td>\n<td style=\"width: 185.71px;height: 47px\">S\u00f3lo l\u00ednea Biling\u00fce\u00a0<strong>Ingl\u00e9s<\/strong><\/td>\n<\/tr>\n<tr style=\"height: 47px\">\n<td style=\"width: 207.457px;height: 47px\">L. Extranjera (Franc\u00e9s)<\/td>\n<td style=\"width: 212.905px;height: 47px\">D\u00e9lfis 2<\/td>\n<td style=\"width: 99.0767px;height: 47px\">Santillana<\/td>\n<td style=\"width: 116.087px;height: 47px\">9788490498415<\/td>\n<td style=\"width: 185.71px;height: 47px\">S\u00f3lo l\u00ednea Biling\u00fce\u00a0<strong>Franc\u00e9s<\/strong><\/td>\n<\/tr>\n<tr style=\"height: 23px\">\n<td style=\"width: 207.457px;height: 23px\">L. Extranjera (Ingl\u00e9s)<\/td>\n<td style=\"width: 212.905px;height: 23px\">Open up 6<\/td>\n<td style=\"width: 99.0767px;height: 23px\">Oxford<\/td>\n<td style=\"width: 116.087px;height: 23px\">9780194073479<\/td>\n<td style=\"width: 185.71px;height: 23px\">S\u00f3lo l\u00ednea Biling\u00fce\u00a0<strong>Ingl\u00e9s<\/strong><\/td>\n<\/tr>\n<tr style=\"height: 95px\">\n<td style=\"width: 207.457px;height: 95px\">Educaci\u00f3n Art\u00edstica<\/td>\n<td style=\"width: 212.905px;height: 95px\">\n<p>Pl\u00e1stica 6<\/p>\n<p>M\u00fasica 6<\/p>\n<\/td>\n<td style=\"width: 99.0767px;height: 95px\">\n<p>Anaya<\/p>\n<p>Anaya<\/p>\n<\/td>\n<td style=\"width: 116.087px\">\n<p>9788414323892<\/p>\n<p>9788414324911<\/p>\n<\/td>\n<td style=\"width: 185.71px;height: 95px\"><\/td>\n<\/tr>\n<tr style=\"height: 47px\">\n<td style=\"width: 207.457px;height: 47px\">Lengua Castellana y Literatura<\/td>\n<td style=\"width: 212.905px;height: 47px\">Lengua 6. (Incluye Punto de lectura 6<\/td>\n<td style=\"width: 99.0767px;height: 47px\">Anaya<\/td>\n<td style=\"width: 116.087px;height: 47px\">9788414321959<\/td>\n<td style=\"width: 185.71px;height: 47px\"><\/td>\n<\/tr>\n<tr style=\"height: 23px\">\n<td style=\"width: 207.457px;height: 23px\">Matem\u00e1ticas<\/td>\n<td style=\"width: 212.905px;height: 23px\">Matem\u00e1ticas 6. (Incluye material manipulativo)<\/td>\n<td style=\"width: 99.0767px;height: 23px\">Anaya<\/td>\n<td style=\"width: 116.087px;height: 23px\">9788414322468<\/td>\n<td style=\"width: 185.71px;height: 23px\"><\/td>\n<\/tr>\n<tr style=\"height: 23px\">\n<td style=\"width: 207.457px;height: 23px\">Religi\u00f3n Cat\u00f3lica<\/td>\n<td style=\"width: 212.905px;height: 23px\">Religi\u00f3n Cat\u00f3lica 6<\/td>\n<td style=\"width: 99.0767px;height: 23px\">Anaya<\/td>\n<td style=\"width: 116.087px\">9788414324172<\/td>\n<td style=\"width: 185.71px;height: 23px\"><\/td>\n<\/tr>\n<tr style=\"height: 47px\">\n<td style=\"width: 207.457px;height: 47px\">Educaci\u00f3n en Valores C\u00edvicos y \u00c9ticos<\/td>\n<td style=\"width: 212.905px;height: 47px\">Educaci\u00f3n en Valores C\u00edvicos y \u00c9ticos<\/td>\n<td style=\"width: 99.0767px;height: 47px\">Anaya<\/td>\n<td style=\"width: 116.087px;height: 47px\">9788414304662<\/td>\n<td style=\"width: 185.71px;height: 47px\"><\/td>\n<\/tr>\n<\/tbody>\n<\/table>\n<p>&nbsp;<\/p>\n<p>[\/et_pb_toggle][\/et_pb_column][\/et_pb_row][et_pb_row _builder_version=&#8221;4.16&#8243; _module_preset=&#8221;default&#8221; min_height=&#8221;70px&#8221; global_colors_info=&#8221;{}&#8221;][et_pb_column type=&#8221;4_4&#8243; _builder_version=&#8221;4.16&#8243; _module_preset=&#8221;default&#8221; global_colors_info=&#8221;{}&#8221;][et_pb_text _builder_version=&#8221;4.24.2&#8243; _module_preset=&#8221;default&#8221; custom_padding=&#8221;1px|||||&#8221; global_colors_info=&#8221;{}&#8221;]<\/p>\n<h1><span style=\"color: #008000\">Materiales (Curso 2025<\/span><span style=\"color: #008000\">\/26)<br \/><\/span><\/h1>\n<p>[\/et_pb_text][et_pb_toggle title=&#8221;LISTA DE MATERIAL B\u00c1SICO PARA EL ALUMNADO DE QUINTO Y SEXTO CURSO&#8221; closed_toggle_text_color=&#8221;#ffffff&#8221; closed_toggle_background_color=&#8221;rgba(31,186,54,0.85)&#8221; _builder_version=&#8221;4.24.2&#8243; _module_preset=&#8221;default&#8221; global_colors_info=&#8221;{}&#8221;]<\/p>\n<ul>\n<li><span style=\"font-size: 20px;font-family: sans-serif\">100 folios<\/span><\/li>\n<li><span style=\"font-size: 20px;font-family: sans-serif\">7 cuadernos de cuadritos tama\u00f1o A4<\/span><\/li>\n<li><span style=\"font-size: 20px;font-family: sans-serif\"><\/span><span style=\"font-size: 20px;font-family: sans-serif\">1 estuche conteniendo: l\u00e1piz, goma, sacapuntas, l\u00e1pices de colores, bol\u00edgrafos rojo y azul<\/span><span style=\"font-size: 20px;font-family: sans-serif\"> <\/span><span style=\"font-size: 20px;font-family: sans-serif\"><\/span><\/li>\n<li><span style=\"font-size: 20px;font-family: sans-serif\"><strong>Matem\u00e1ticas:\u00a0<\/strong> regla, escuadra, cartab\u00f3n, comp\u00e1s y transportador de \u00e1ngulos<\/span><span style=\"font-size: 20px;font-family: sans-serif\"><\/span><\/li>\n<li><span style=\"font-size: 20px;font-family: sans-serif\"><strong>Pl\u00e1stica<\/strong>:<\/span><span style=\"font-size: 20px;font-family: sans-serif\"> 1 barra de pegamento y tijeras. (A lo largo del curso se solicitar\u00e1 m\u00e1s material si se considera necesario<\/span><span style=\"font-size: 20px;font-family: sans-serif\">)<\/span><\/li>\n<li><span style=\"font-size: 20px;font-family: sans-serif\"><strong>M\u00fasica<\/strong>:<\/span><span style=\"font-size: 20px;font-family: sans-serif\"> 1 flauta y 1 carpeta de fundas de pl\u00e1stico<br \/><\/span><\/li>\n<li><span style=\"font-size: 20px;font-family: sans-serif\"><strong>Educaci\u00f3n F\u00edsica<\/strong>:<\/span><span style=\"font-size: 20px;font-family: sans-serif\"> <span style=\"font-size: 20px;font-family: sans-serif\">1 carpeta de fundas de pl\u00e1stico<\/span><\/span><\/li>\n<li><span style=\"font-size: 20px;font-family: sans-serif\"><span style=\"font-size: 20px;font-family: sans-serif\"><strong>Ingl\u00e9s<\/strong><\/span>: <\/span><span style=\"font-size: 20px;font-family: sans-serif\">1 carpeta de el\u00e1sticos<br \/><\/span><\/li>\n<\/ul>\n<div id=\"mainContainer\"><\/div>\n<p>[\/et_pb_toggle][\/et_pb_column][\/et_pb_row][\/et_pb_section]<\/p>\n","protected":false},"excerpt":{"rendered":"<p>EDUCACI\u00d3N PRIMARIA 3\u00ba CICLOEquipos docentes 2025\/26 Profesorado que imparte las distintas \u00e1reas en cada curso. PROFESORADO \u00c1REAS D\u00aa Dolores Le\u00f3n Lanzas &nbsp; Lengua Castellana y Literatura Matem\u00e1ticas E. Art\u00edstica (M\u00fasica) D\u00aa Mar\u00eda S. Orihuela Espina Conocimiento Social, Natural y Cultural D\u00aa Gloria Garc\u00eda Balsera 1\u00aa L. Extranjera (Franc\u00e9s) D\u00aa Alicia L\u00f3pez Clavijo 2\u00aa L. Extranjera [&hellip;]<\/p>\n","protected":false},"author":7051,"featured_media":0,"parent":0,"menu_order":0,"comment_status":"closed","ping_status":"closed","template":"","meta":{"_et_pb_use_builder":"on","_et_pb_old_content":"","_et_gb_content_width":"","ngg_post_thumbnail":0,"footnotes":""},"aioseo_notices":[],"_links":{"self":[{"href":"https:\/\/blogsaverroes.juntadeandalucia.es\/ceipjosemariadelcampo\/wp-json\/wp\/v2\/pages\/831"}],"collection":[{"href":"https:\/\/blogsaverroes.juntadeandalucia.es\/ceipjosemariadelcampo\/wp-json\/wp\/v2\/pages"}],"about":[{"href":"https:\/\/blogsaverroes.juntadeandalucia.es\/ceipjosemariadelcampo\/wp-json\/wp\/v2\/types\/page"}],"author":[{"embeddable":true,"href":"https:\/\/blogsaverroes.juntadeandalucia.es\/ceipjosemariadelcampo\/wp-json\/wp\/v2\/users\/7051"}],"replies":[{"embeddable":true,"href":"https:\/\/blogsaverroes.juntadeandalucia.es\/ceipjosemariadelcampo\/wp-json\/wp\/v2\/comments?post=831"}],"version-history":[{"count":28,"href":"https:\/\/blogsaverroes.juntadeandalucia.es\/ceipjosemariadelcampo\/wp-json\/wp\/v2\/pages\/831\/revisions"}],"predecessor-version":[{"id":3589,"href":"https:\/\/blogsaverroes.juntadeandalucia.es\/ceipjosemariadelcampo\/wp-json\/wp\/v2\/pages\/831\/revisions\/3589"}],"wp:attachment":[{"href":"https:\/\/blogsaverroes.juntadeandalucia.es\/ceipjosemariadelcampo\/wp-json\/wp\/v2\/media?parent=831"}],"curies":[{"name":"wp","href":"https:\/\/api.w.org\/{rel}","templated":true}]}}