{"id":853,"date":"2020-12-18T08:50:47","date_gmt":"2020-12-18T07:50:47","guid":{"rendered":"https:\/\/blogsaverroes.juntadeandalucia.es\/pre\/plantilla-pencil\/?page_id=853"},"modified":"2021-02-17T10:38:59","modified_gmt":"2021-02-17T09:38:59","slug":"colaboracion-proyectos-externos","status":"publish","type":"page","link":"https:\/\/blogsaverroes.juntadeandalucia.es\/ceipjosemariadelcampo\/colaboracion-proyectos-externos\/","title":{"rendered":"Colaboraci\u00f3n en proyectos externos"},"content":{"rendered":"<p>[et_pb_section fb_built=&#8221;1&#8243; _builder_version=&#8221;3.22&#8243;][et_pb_row column_structure=&#8221;1_2,1_2&#8243; _builder_version=&#8221;4.5.0&#8243; background_size=&#8221;initial&#8221; background_position=&#8221;top_left&#8221; background_repeat=&#8221;repeat&#8221; min_height=&#8221;209px&#8221; border_width_bottom=&#8221;7px&#8221;][et_pb_column type=&#8221;1_2&#8243; _builder_version=&#8221;3.25&#8243; custom_padding=&#8221;|||&#8221; custom_padding__hover=&#8221;|||&#8221;][et_pb_image src=&#8221;https:\/\/blogsaverroes.juntadeandalucia.es\/ceipjosemariadelcampo\/files\/2021\/02\/logo_brenboim-SOLO.jpg&#8221; title_text=&#8221;logo_brenboim SOLO&#8221; align=&#8221;center&#8221; _builder_version=&#8221;4.5.0&#8243; _module_preset=&#8221;default&#8221; module_alignment=&#8221;center&#8221;][\/et_pb_image][\/et_pb_column][et_pb_column type=&#8221;1_2&#8243; _builder_version=&#8221;3.25&#8243; custom_padding=&#8221;|||&#8221; custom_padding__hover=&#8221;|||&#8221;][et_pb_text _builder_version=&#8221;4.5.0&#8243; _module_preset=&#8221;default&#8221; text_font=&#8221;|800|||||||&#8221; text_font_size=&#8221;26px&#8221;]<\/p>\n<p style=\"text-align: center\">PROYECTO<\/p>\n<p style=\"text-align: center\"><span style=\"font-size: 26px\">EDUCACI\u00d3N MUSICAL INFANTIL<\/span><\/p>\n<p>[\/et_pb_text][\/et_pb_column][\/et_pb_row][et_pb_row _builder_version=&#8221;4.5.0&#8243; _module_preset=&#8221;default&#8221;][et_pb_column type=&#8221;4_4&#8243; _builder_version=&#8221;4.5.0&#8243; _module_preset=&#8221;default&#8221;][et_pb_text _builder_version=&#8221;4.5.0&#8243; _module_preset=&#8221;default&#8221; custom_margin=&#8221;||-25px||false|false&#8221;]<\/p>\n<table style=\"width: 998px\">\n<tbody>\n<tr>\n<td style=\"width: 784px\">\n<p style=\"text-align: justify\">Desde el a\u00f1o 2009, el CEIP Jos\u00e9 Mar\u00eda del Campo participa en el <strong>Proyecto de Educaci\u00f3n Musical Infantil <\/strong>de la Fundaci\u00f3n Barenboim-Said que se imparte en colaboraci\u00f3n con la Consejer\u00eda de Educaci\u00f3n de la Junta de Andaluc\u00eda y est\u00e1 dirigido a los ni\u00f1os y ni\u00f1as de 3 a 5 a\u00f1os que cursan el segundo ciclo de Educaci\u00f3n Infantil.<\/p>\n<p style=\"text-align: justify\">Esta iniciativa desarrollada a trav\u00e9s de <strong>Clases de M\u00fasica<\/strong> de una duraci\u00f3n de media hora al d\u00eda de lunes a jueves durante el horario lectivo como una asignatura m\u00e1s del curr\u00edculo escolar, posibilita la introducci\u00f3n de la ense\u00f1anza musical con divertidas clases que son impartidas por profesores y profesoras especialistas en m\u00fasica con la colaboraci\u00f3n de los docentes de infantil y suponen un acercamiento al universo musical e instrumental.<\/p>\n<\/td>\n<td style=\"width: 218px;text-align: center\"><img loading=\"lazy\" decoding=\"async\" class=\"wp-image-1975 aligncenter size-full\" src=\"https:\/\/blogsaverroes.juntadeandalucia.es\/ceipjosemariadelcampo\/files\/2021\/02\/violin_ninos.jpg\" alt=\"\" width=\"150\" height=\"225\"><\/td>\n<\/tr>\n<\/tbody>\n<\/table>\n<p>[\/et_pb_text][\/et_pb_column][\/et_pb_row][et_pb_row use_custom_gutter=&#8221;on&#8221; make_equal=&#8221;on&#8221; _builder_version=&#8221;4.5.0&#8243; background_size=&#8221;initial&#8221; background_position=&#8221;top_left&#8221; background_repeat=&#8221;repeat&#8221; min_height=&#8221;644px&#8221; custom_margin=&#8221;-40px||||false|false&#8221; custom_padding=&#8221;||0px|||&#8221;][et_pb_column type=&#8221;4_4&#8243; _builder_version=&#8221;3.25&#8243; custom_padding=&#8221;|||&#8221; custom_padding__hover=&#8221;|||&#8221;][et_pb_text _builder_version=&#8221;4.5.0&#8243; _module_preset=&#8221;default&#8221; width=&#8221;100%&#8221;]<\/p>\n<table style=\"background-color: transparent\" width=\"999\">\n<tbody>\n<tr>\n<td style=\"width: 989px\">\n<p style=\"text-align: justify\">El <strong>Proyecto de Educaci\u00f3n Musical Infantil<\/strong> tiene como intenci\u00f3n acercar la m\u00fasica a los ni\u00f1os y ni\u00f1as y educarles a trav\u00e9s de ella en valores human\u00edsticos como el respeto, la tolerancia y la paz. Adem\u00e1s, ayuda a desarrollar la expresi\u00f3n, la creatividad y la capacidad para relacionarse con su entorno y con los dem\u00e1s. Por ello, m\u00e1s que ofrecer una educaci\u00f3n puramente musical, lo que este proyecto pretende es educar a trav\u00e9s de la m\u00fasica.<\/p>\n<p style=\"text-align: justify\">Los objetivos del proyecto son:<\/p>\n<ul>\n<li style=\"text-align: justify\">Potenciar la formaci\u00f3n musical en los primeros a\u00f1os del proceso educativo y favorecer as\u00ed una visi\u00f3n human\u00edstica del mundo.<\/li>\n<li style=\"text-align: justify\">Despertar el inter\u00e9s y el amor por la m\u00fasica.<\/li>\n<li style=\"text-align: justify\">Ayudar a los ni\u00f1os y ni\u00f1as a expresar su musicalidad con m\u00e9todos y materiales espec\u00edficos, ofreciendo y coordinando un programa&nbsp; desarrollado por personal altamente cualificado.<\/li>\n<li style=\"text-align: justify\">Profundizar en el acercamiento a la m\u00fasica mediante conciertos did\u00e1cticos y otras actividades musicales.<\/li>\n<\/ul>\n<p style=\"text-align: justify\">&nbsp;Durante el a\u00f1o escolar se organizan representaciones musicales en las que los ni\u00f1os y ni\u00f1as ofrecen en el Teatro del Colegio una muestra de lo aprendido durante el curso con actuaciones a las que asisten las familias: Actuaci\u00f3n de Navidad, Primavera, Representaci\u00f3n de Fin de Curso.<\/p>\n<\/td>\n<\/tr>\n<\/tbody>\n<\/table>\n<p style=\"text-align: justify\">&nbsp;<\/p>\n<table style=\"width: 994px\">\n<tbody>\n<tr>\n<td style=\"width: 403px;text-align: center\"><img loading=\"lazy\" decoding=\"async\" class=\"wp-image-1972 aligncenter size-medium\" src=\"https:\/\/blogsaverroes.juntadeandalucia.es\/ceipjosemariadelcampo\/files\/2021\/02\/Teatro_Navidad_Infantil_1-1-300x225.jpg\" alt=\"\" width=\"300\" height=\"225\"><\/td>\n<td style=\"width: 595px\"><img loading=\"lazy\" decoding=\"async\" class=\"wp-image-1973 aligncenter size-medium\" src=\"https:\/\/blogsaverroes.juntadeandalucia.es\/ceipjosemariadelcampo\/files\/2021\/02\/Teatro_Navidad_Infantil_2-300x133.jpg\" alt=\"\" width=\"471\" height=\"209\"><\/td>\n<\/tr>\n<\/tbody>\n<\/table>\n<p style=\"padding-left: 30px\">La profesora en Educaci\u00f3n Musical de la Fundaci\u00f3n Barenboim-Said en nuestro Centro es <strong>D\u00aa<\/strong>&nbsp;<strong>Helena Cuaresma Maestre.<\/strong><\/p>\n<p>&nbsp;<\/p>\n<p style=\"text-align: center\"><strong><img loading=\"lazy\" decoding=\"async\" class=\"wp-image-1974 aligncenter size-medium\" src=\"https:\/\/blogsaverroes.juntadeandalucia.es\/ceipjosemariadelcampo\/files\/2021\/02\/logo_brenboim-300x76.jpg\" alt=\"\" width=\"300\" height=\"76\"><\/strong><\/p>\n<p>&nbsp;<\/p>\n<p style=\"text-align: center\"><strong>M\u00e1s informaci\u00f3n:<\/strong><\/p>\n<p style=\"text-align: center\"><span style=\"color: #0c71c3\"><a style=\"color: #0c71c3\" href=\"https:\/\/www.barenboim-said.es\/es\/educacion-musical-infantil\/\">https:\/\/www.barenboim-said.es\/es\/educacion-musical-infantil\/<\/a><\/span><\/p>\n<p>&nbsp;<br \/>\n[\/et_pb_text][\/et_pb_column][\/et_pb_row][\/et_pb_section]<\/p>\n","protected":false},"excerpt":{"rendered":"<p>PROYECTO EDUCACI\u00d3N MUSICAL INFANTIL Desde el a\u00f1o 2009, el CEIP Jos\u00e9 Mar\u00eda del Campo participa en el Proyecto de Educaci\u00f3n Musical Infantil de la Fundaci\u00f3n Barenboim-Said que se imparte en colaboraci\u00f3n con la Consejer\u00eda de Educaci\u00f3n de la Junta de Andaluc\u00eda y est\u00e1 dirigido a los ni\u00f1os y ni\u00f1as de 3 a 5 a\u00f1os que [&hellip;]<\/p>\n","protected":false},"author":7051,"featured_media":0,"parent":0,"menu_order":0,"comment_status":"closed","ping_status":"closed","template":"","meta":{"_et_pb_use_builder":"on","_et_pb_old_content":"","_et_gb_content_width":"","ngg_post_thumbnail":0,"footnotes":""},"aioseo_notices":[],"_links":{"self":[{"href":"https:\/\/blogsaverroes.juntadeandalucia.es\/ceipjosemariadelcampo\/wp-json\/wp\/v2\/pages\/853"}],"collection":[{"href":"https:\/\/blogsaverroes.juntadeandalucia.es\/ceipjosemariadelcampo\/wp-json\/wp\/v2\/pages"}],"about":[{"href":"https:\/\/blogsaverroes.juntadeandalucia.es\/ceipjosemariadelcampo\/wp-json\/wp\/v2\/types\/page"}],"author":[{"embeddable":true,"href":"https:\/\/blogsaverroes.juntadeandalucia.es\/ceipjosemariadelcampo\/wp-json\/wp\/v2\/users\/7051"}],"replies":[{"embeddable":true,"href":"https:\/\/blogsaverroes.juntadeandalucia.es\/ceipjosemariadelcampo\/wp-json\/wp\/v2\/comments?post=853"}],"version-history":[{"count":24,"href":"https:\/\/blogsaverroes.juntadeandalucia.es\/ceipjosemariadelcampo\/wp-json\/wp\/v2\/pages\/853\/revisions"}],"predecessor-version":[{"id":2070,"href":"https:\/\/blogsaverroes.juntadeandalucia.es\/ceipjosemariadelcampo\/wp-json\/wp\/v2\/pages\/853\/revisions\/2070"}],"wp:attachment":[{"href":"https:\/\/blogsaverroes.juntadeandalucia.es\/ceipjosemariadelcampo\/wp-json\/wp\/v2\/media?parent=853"}],"curies":[{"name":"wp","href":"https:\/\/api.w.org\/{rel}","templated":true}]}}