{"id":49,"date":"2015-03-13T08:47:05","date_gmt":"2015-03-13T08:47:05","guid":{"rendered":"http:\/\/blogsaverroes.juntadeandalucia.es\/pre\/ceip\/?page_id=49"},"modified":"2025-03-02T11:21:46","modified_gmt":"2025-03-02T09:21:46","slug":"proyecto-educativo","status":"publish","type":"page","link":"https:\/\/blogsaverroes.juntadeandalucia.es\/ceipjosemorenovilla\/proyecto-educativo\/","title":{"rendered":"Plan de centro"},"content":{"rendered":"<p><img loading=\"lazy\" decoding=\"async\" class=\"size-medium wp-image-1662 alignleft\" src=\"http:\/\/blogsaverroes.juntadeandalucia.es\/ceipjosemorenovilla\/files\/2015\/03\/proyecto-300x266.png\" alt=\"proyecto\" width=\"300\" height=\"266\" srcset=\"https:\/\/blogsaverroes.juntadeandalucia.es\/ceipjosemorenovilla\/files\/2015\/03\/proyecto-300x266.png 300w, https:\/\/blogsaverroes.juntadeandalucia.es\/ceipjosemorenovilla\/files\/2015\/03\/proyecto-332x295.png 332w, https:\/\/blogsaverroes.juntadeandalucia.es\/ceipjosemorenovilla\/files\/2015\/03\/proyecto.png 640w\" sizes=\"(max-width: 300px) 100vw, 300px\" \/><\/p>\n<p>El<a href=\"https:\/\/drive.google.com\/file\/d\/1tNFrvMVhZ9I5KqfnGdRENmz3zIMqZNMc\/view?usp=drive_link\" target=\"_blank\" rel=\"nofollow noopener ugc\"><strong> Plan de Centro<\/strong><\/a> lo constituye: El <em><strong>proyecto educativo<\/strong><\/em>, el <em><strong>reglamento de organizaci\u00f3n y funcionamiento<\/strong><\/em> y el <em><strong>proyecto de gesti\u00f3n<\/strong><\/em>.<\/p>\n<p>El <strong>Plan de Centro<\/strong> tendr\u00e1 un car\u00e1cter plurianual, obligar\u00e1 a todo el <strong>personal del centro<\/strong> y vincular\u00e1 a la <strong>Comunidad Educativa<\/strong> del mismo. Se podr\u00e1 actualizar o modificar, en su caso, tras los procesos de autoevaluaci\u00f3n o a propuesta del director en funci\u00f3n de su proyecto de direcci\u00f3n.<\/p>\n<table id=\"table1\" border=\"0\" align=\"center\">\n<tbody>\n<tr>\n<td>&nbsp;<\/td>\n<\/tr>\n<\/tbody>\n<\/table>\n<div>\n<table id=\"table2\" style=\"width: 80%;height: 68px\" border=\"0\" width=\"80%\" align=\"center\">\n<tbody>\n<tr style=\"height: 68px\" valign=\"middle\">\n<td style=\"height: 68px\" width=\"1%\">&nbsp;<\/td>\n<td style=\"height: 68px\" width=\"5%\"><a href=\"https:\/\/blogsaverroes.juntadeandalucia.es\/ceipjosemorenovilla\/files\/2024\/10\/16px-PDF_file_icon.svg_.png\"><img loading=\"lazy\" decoding=\"async\" class=\"aligncenter size-full wp-image-2590\" src=\"https:\/\/blogsaverroes.juntadeandalucia.es\/ceipjosemorenovilla\/files\/2024\/10\/16px-PDF_file_icon.svg_.png\" alt=\"\" width=\"16\" height=\"20\"><\/a><\/td>\n<td style=\"height: 68px;text-align: center\" align=\"left\" width=\"77%\"><a title=\"Plan de Centro 2024-2025\" href=\"https:\/\/drive.google.com\/file\/d\/1tNFrvMVhZ9I5KqfnGdRENmz3zIMqZNMc\/view?usp=drive_link\" target=\"_blank\" rel=\"nofollow noopener ugc\">PLAN DE CENTRO (Actualizaci\u00f3n 2024-2025)<\/a><\/td>\n<td style=\"height: 68px\" width=\"5%\">&nbsp;<\/td>\n<td style=\"height: 68px\" width=\"1%\"><img loading=\"lazy\" decoding=\"async\" src=\"http:\/\/www.juntadeandalucia.es\/averroes\/centros-tic\/29602050\/helvia\/sitio\/upload\/img\/1_nuevo.gif\" width=\"10\" height=\"10\" border=\"0\"><\/td>\n<td style=\"height: 68px\" width=\"5%\"><a href=\"https:\/\/drive.google.com\/file\/d\/1Klt_N3SFsHFc7oIPcybNVn-7fzw_rZMB\/view?usp=drive_link\"><img loading=\"lazy\" decoding=\"async\" class=\"aligncenter size-full wp-image-2590\" src=\"https:\/\/blogsaverroes.juntadeandalucia.es\/ceipjosemorenovilla\/files\/2024\/10\/16px-PDF_file_icon.svg_.png\" alt=\"\" width=\"16\" height=\"20\"><\/a><\/td>\n<td style=\"height: 68px\" width=\"1%\">&nbsp;<\/td>\n<\/tr>\n<\/tbody>\n<\/table>\n<\/div>\n<p>&nbsp;<\/p>\n","protected":false},"excerpt":{"rendered":"<p>El Plan de Centro lo constituye: El proyecto educativo, el reglamento de organizaci\u00f3n y funcionamiento y el proyecto de gesti\u00f3n. El Plan de Centro tendr\u00e1 un car\u00e1cter plurianual, obligar\u00e1 a todo el personal del centro y vincular\u00e1 a la Comunidad Educativa del mismo. Se podr\u00e1 actualizar o modificar, en su caso, tras los procesos de &hellip; <\/p>\n<p><a class=\"more-link btn\" href=\"https:\/\/blogsaverroes.juntadeandalucia.es\/ceipjosemorenovilla\/proyecto-educativo\/\">Seguir leyendo<\/a><\/p>\n","protected":false},"author":1,"featured_media":0,"parent":0,"menu_order":0,"comment_status":"closed","ping_status":"open","template":"","meta":{"ngg_post_thumbnail":0,"footnotes":""},"aioseo_notices":[],"_links":{"self":[{"href":"https:\/\/blogsaverroes.juntadeandalucia.es\/ceipjosemorenovilla\/wp-json\/wp\/v2\/pages\/49"}],"collection":[{"href":"https:\/\/blogsaverroes.juntadeandalucia.es\/ceipjosemorenovilla\/wp-json\/wp\/v2\/pages"}],"about":[{"href":"https:\/\/blogsaverroes.juntadeandalucia.es\/ceipjosemorenovilla\/wp-json\/wp\/v2\/types\/page"}],"author":[{"embeddable":true,"href":"https:\/\/blogsaverroes.juntadeandalucia.es\/ceipjosemorenovilla\/wp-json\/wp\/v2\/users\/1"}],"replies":[{"embeddable":true,"href":"https:\/\/blogsaverroes.juntadeandalucia.es\/ceipjosemorenovilla\/wp-json\/wp\/v2\/comments?post=49"}],"version-history":[{"count":21,"href":"https:\/\/blogsaverroes.juntadeandalucia.es\/ceipjosemorenovilla\/wp-json\/wp\/v2\/pages\/49\/revisions"}],"predecessor-version":[{"id":2687,"href":"https:\/\/blogsaverroes.juntadeandalucia.es\/ceipjosemorenovilla\/wp-json\/wp\/v2\/pages\/49\/revisions\/2687"}],"wp:attachment":[{"href":"https:\/\/blogsaverroes.juntadeandalucia.es\/ceipjosemorenovilla\/wp-json\/wp\/v2\/media?parent=49"}],"curies":[{"name":"wp","href":"https:\/\/api.w.org\/{rel}","templated":true}]}}