{"id":1359,"date":"2023-07-23T10:32:35","date_gmt":"2023-07-23T09:32:35","guid":{"rendered":"https:\/\/blogsaverroes.juntadeandalucia.es\/ceipjoseoliva\/?page_id=1359"},"modified":"2025-07-22T10:40:19","modified_gmt":"2025-07-22T09:40:19","slug":"claustro-2023-2024","status":"publish","type":"page","link":"https:\/\/blogsaverroes.juntadeandalucia.es\/ceipjoseoliva\/claustro-2023-2024\/","title":{"rendered":"Claustro 2025\/2026"},"content":{"rendered":"<p>[et_pb_section fb_built=&#8221;1&#8243; _builder_version=&#8221;4.16&#8243; _module_preset=&#8221;default&#8221; global_colors_info=&#8221;{}&#8221;][et_pb_row _builder_version=&#8221;4.16&#8243; _module_preset=&#8221;default&#8221; global_colors_info=&#8221;{}&#8221;][et_pb_column type=&#8221;4_4&#8243; _builder_version=&#8221;4.16&#8243; _module_preset=&#8221;default&#8221; global_colors_info=&#8221;{}&#8221;][et_pb_text _builder_version=&#8221;4.16&#8243; _module_preset=&#8221;default&#8221; global_colors_info=&#8221;{}&#8221;]<\/p>\n<p>&nbsp;<\/p>\n<p>&nbsp;<\/p>\n<p>&nbsp;<\/p>\n<p>&nbsp;<\/p>\n<ul>\n<li><strong>\u00a0 \u00a0Equipo Directivo:<\/strong>\n<ul>\n<li>Directora: Diana Antequera Beller\u00edn<\/li>\n<li>Jefa de Estudios: Celestina Vizca\u00edno Dom\u00ednguez<\/li>\n<li>Secretaria: Yolanda Dom\u00ednguez Escobar<\/li>\n<\/ul>\n<\/li>\n<\/ul>\n<p>&nbsp;<\/p>\n<ul>\n<li><strong>Coordinadores\/as<\/strong>:\n<ul>\n<li>Coordinadora de Infantil: Aurora Gil Monteagudo<\/li>\n<li>Coordinadora de Primer Ciclo:<\/li>\n<li>Coordinadora de Segundo Ciclo:\u00a0<\/li>\n<li>Coordinadora de Tercer Ciclo:\u00a0<\/li>\n<li>Coordinadora del Equipo de Orientaci\u00f3n: Miriam G\u00f3mez Ruiz<\/li>\n<li>Coordinadora del Proyecto &#8220;Escuela, Espacio de Paz&#8221;:\u00a0<\/li>\n<li>Coordinadora del Plan de &#8220;Igualdad de g\u00e9nero en Educaci\u00f3n&#8221;: Nani Mart\u00ednez Mojarro<\/li>\n<li>Coordinador\/a del Programa CIMA:\u00a0<\/li>\n<li>Coordinadora del Plan &#8220;Transformaci\u00f3n Digital Educativa&#8221;: Inmaculada N\u00fa\u00f1ez Ramos<\/li>\n<li>Coordinadora del Plan &#8220;Bibliotecas Escolares&#8221;: Miriam G\u00f3mez Ruiz<\/li>\n<\/ul>\n<\/li>\n<\/ul>\n<p>&nbsp;<\/p>\n<ul>\n<li><strong>INFANTIL:<\/strong>\n<ul>\n<li>Infantil de 3 a\u00f1os A:\u00a0<\/li>\n<li>Infantil de 3 a\u00f1os B:\u00a0<\/li>\n<li>Infantil de 4 a\u00f1os A:<\/li>\n<li>Infantil de 4 a\u00f1os B:\u00a0<\/li>\n<li>Infantil de 5 a\u00f1os A:\u00a0<\/li>\n<li>Infantil de 5 a\u00f1os B:\u00a0<\/li>\n<li>Apoyo de Infantil:\u00a0<\/li>\n<\/ul>\n<\/li>\n<\/ul>\n<ul>\n<li><strong>PRIMARIA<\/strong>:\n<ul>\n<li>Primero A:\u00a0<\/li>\n<li>Primero B:\u00a0<\/li>\n<li>Segundo A:\u00a0<\/li>\n<li>Segundo B:\u00a0<\/li>\n<li>Tercero A:\u00a0<\/li>\n<li>Tercero B:\u00a0<\/li>\n<li>Cuarto A:\u00a0<\/li>\n<li>Cuarto B:\u00a0<\/li>\n<li>Cuarto C:<\/li>\n<li>Quinto A:\u00a0<\/li>\n<li>Quinto B:\u00a0<\/li>\n<li>Sexto A:\u00a0<\/li>\n<li>Sexto B:\u00a0<\/li>\n<li>Sexto C:\u00a0<\/li>\n<li>Apoyo de Primaria: Jos\u00e9 Antonio Bona\u00f1os Mart\u00ednez.<\/li>\n<\/ul>\n<\/li>\n<\/ul>\n<p>&nbsp;<\/p>\n<p>&nbsp;<\/p>\n<ul>\n<li><strong>ESPECIALISTAS<\/strong>:<\/li>\n<li>Lengua extranjera- Ingl\u00e9s: Virginia Rino, Inmaculada Nu\u00f1ez.<\/li>\n<li>Lengua extranjera- Franc\u00e9s: Yani Beldades.<\/li>\n<li>M\u00fasica:\u00a0<\/li>\n<li>Educaci\u00f3n F\u00edsica: Juan Gonz\u00e1lez Fern\u00e1ndez, \u00c1lvaro Ruiz Cano y Celes Vizca\u00edno Dom\u00ednguez<\/li>\n<li>Religi\u00f3n Cat\u00f3lica: Diego Romero y\u00a0 M\u00aa Inmaculada Rodr\u00edguez<\/li>\n<li>Religi\u00f3n Evang\u00e9lica: Eufemia \u00c1lvarez Lorenzo<\/li>\n<li>Pedagog\u00eda Terap\u00e9utica: Roc\u00edo M\u00e1ntaras.<\/li>\n<li>Pedagog\u00eda Terap\u00e9utica Autismo: Esperanza Redondo<\/li>\n<li>Audici\u00f3n y lenguaje: Miriam G\u00f3mez Ruiz y\u00a0 M\u00f3nica \u00c1lvarez P\u00e9rez<\/li>\n<li>Personal T\u00e9cnico de Integraci\u00f3n Social: Manuel Vel\u00e1zquez<\/li>\n<li>Personal T\u00e9cnico de Integraci\u00f3n Social: Ana Mar\u00eda Dom\u00ednguez Mac\u00edas<\/li>\n<li>Orientadora ZTS: Roc\u00edo Cano Ram\u00edrez<\/li>\n<li>Orientador:\u00a0<\/li>\n<li>Maestra ZTS:\u00a0<\/li>\n<\/ul>\n<p>&nbsp;<\/p>\n<p>&nbsp;<\/p>\n<p>[\/et_pb_text][\/et_pb_column][\/et_pb_row][\/et_pb_section]<\/p>\n","protected":false},"excerpt":{"rendered":"<p>&nbsp; &nbsp; &nbsp; &nbsp; \u00a0 \u00a0Equipo Directivo: Directora: Diana Antequera Beller\u00edn Jefa de Estudios: Celestina Vizca\u00edno Dom\u00ednguez Secretaria: Yolanda Dom\u00ednguez Escobar &nbsp; Coordinadores\/as: Coordinadora de Infantil: Aurora Gil Monteagudo Coordinadora de Primer Ciclo: Coordinadora de Segundo Ciclo:\u00a0 Coordinadora de Tercer Ciclo:\u00a0 Coordinadora del Equipo de Orientaci\u00f3n: Miriam G\u00f3mez Ruiz Coordinadora del Proyecto &#8220;Escuela, Espacio de [&hellip;]<\/p>\n","protected":false},"author":18233,"featured_media":0,"parent":0,"menu_order":0,"comment_status":"closed","ping_status":"closed","template":"","meta":{"_et_pb_use_builder":"on","_et_pb_old_content":"","_et_gb_content_width":"","ngg_post_thumbnail":0,"footnotes":""},"aioseo_notices":[],"_links":{"self":[{"href":"https:\/\/blogsaverroes.juntadeandalucia.es\/ceipjoseoliva\/wp-json\/wp\/v2\/pages\/1359"}],"collection":[{"href":"https:\/\/blogsaverroes.juntadeandalucia.es\/ceipjoseoliva\/wp-json\/wp\/v2\/pages"}],"about":[{"href":"https:\/\/blogsaverroes.juntadeandalucia.es\/ceipjoseoliva\/wp-json\/wp\/v2\/types\/page"}],"author":[{"embeddable":true,"href":"https:\/\/blogsaverroes.juntadeandalucia.es\/ceipjoseoliva\/wp-json\/wp\/v2\/users\/18233"}],"replies":[{"embeddable":true,"href":"https:\/\/blogsaverroes.juntadeandalucia.es\/ceipjoseoliva\/wp-json\/wp\/v2\/comments?post=1359"}],"version-history":[{"count":25,"href":"https:\/\/blogsaverroes.juntadeandalucia.es\/ceipjoseoliva\/wp-json\/wp\/v2\/pages\/1359\/revisions"}],"predecessor-version":[{"id":1965,"href":"https:\/\/blogsaverroes.juntadeandalucia.es\/ceipjoseoliva\/wp-json\/wp\/v2\/pages\/1359\/revisions\/1965"}],"wp:attachment":[{"href":"https:\/\/blogsaverroes.juntadeandalucia.es\/ceipjoseoliva\/wp-json\/wp\/v2\/media?parent=1359"}],"curies":[{"name":"wp","href":"https:\/\/api.w.org\/{rel}","templated":true}]}}