{"id":2766,"date":"2024-05-13T10:11:44","date_gmt":"2024-05-13T10:11:44","guid":{"rendered":"https:\/\/blogsaverroes.juntadeandalucia.es\/ceipjosesalazar\/?page_id=2766"},"modified":"2024-05-13T10:11:44","modified_gmt":"2024-05-13T10:11:44","slug":"2766-2","status":"publish","type":"page","link":"https:\/\/blogsaverroes.juntadeandalucia.es\/ceipjosesalazar\/","title":{"rendered":""},"content":{"rendered":"<div class=\"pt-cv-wrapper\"><div class=\"pt-cv-view pt-cv-grid pt-cv-colsys\" id=\"pt-cv-view-9fecaba0h6\"><div data-id=\"pt-cv-page-1\" class=\"pt-cv-page\" data-cvc=\"2\"><div class=\"col-md-6 col-sm-12 col-xs-12 pt-cv-content-item pt-cv-1-col\" ><div class='pt-cv-ifield'><a href=\"https:\/\/blogsaverroes.juntadeandalucia.es\/ceipjosesalazar\/calendario-escolar\/\" class=\"_self pt-cv-href-thumbnail pt-cv-thumb-default\" target=\"_self\" ><img loading=\"lazy\" decoding=\"async\" width=\"300\" height=\"149\" src=\"https:\/\/blogsaverroes.juntadeandalucia.es\/ceipjosesalazar\/files\/2024\/05\/images-1-300x149.png\" class=\"pt-cv-thumbnail\" alt=\"\" srcset=\"https:\/\/blogsaverroes.juntadeandalucia.es\/ceipjosesalazar\/files\/2024\/05\/images-1-300x149.png 300w, https:\/\/blogsaverroes.juntadeandalucia.es\/ceipjosesalazar\/files\/2024\/05\/images-1.png 318w\" sizes=\"(max-width: 300px) 100vw, 300px\" \/><\/a>\n<div class=\"pt-cv-taxoterm above_title\"><\/div>\n<h4 class=\"pt-cv-title\"><a href=\"https:\/\/blogsaverroes.juntadeandalucia.es\/ceipjosesalazar\/calendario-escolar\/\" class=\"_self\" target=\"_self\" >Calendario escolar<\/a><\/h4>\n<div class=\"pt-cv-content\">Indicarles que seg\u00fan el acuerdo del Consejo Escolar Municipal del Excmo. Ayuntamiento de El Ejido, el d\u00eda 27 de abril ...<br \/><div class=\"pt-cv-rmwrap\"><a href=\"https:\/\/blogsaverroes.juntadeandalucia.es\/ceipjosesalazar\/calendario-escolar\/\" class=\"_self pt-cv-readmore btn btn-success\" target=\"_self\">Leer M\u00e1s<\/a><\/div><\/div><\/div><\/div>\n<div class=\"col-md-6 col-sm-12 col-xs-12 pt-cv-content-item pt-cv-1-col\" ><div class='pt-cv-ifield'><a href=\"https:\/\/blogsaverroes.juntadeandalucia.es\/ceipjosesalazar\/plurilinguismo\/\" class=\"_self pt-cv-href-thumbnail pt-cv-thumb-default\" target=\"_self\" ><img loading=\"lazy\" decoding=\"async\" width=\"300\" height=\"169\" src=\"https:\/\/blogsaverroes.juntadeandalucia.es\/ceipjosesalazar\/files\/2024\/05\/bilinguismo-os-benefc3adcios-alc3a9m-do-aprendizado-de-outro-idioma-300x169.png\" class=\"pt-cv-thumbnail\" alt=\"\" srcset=\"https:\/\/blogsaverroes.juntadeandalucia.es\/ceipjosesalazar\/files\/2024\/05\/bilinguismo-os-benefc3adcios-alc3a9m-do-aprendizado-de-outro-idioma-300x169.png 300w, https:\/\/blogsaverroes.juntadeandalucia.es\/ceipjosesalazar\/files\/2024\/05\/bilinguismo-os-benefc3adcios-alc3a9m-do-aprendizado-de-outro-idioma.png 730w\" sizes=\"(max-width: 300px) 100vw, 300px\" \/><\/a>\n<div class=\"pt-cv-taxoterm above_title\"><\/div>\n<h4 class=\"pt-cv-title\"><a href=\"https:\/\/blogsaverroes.juntadeandalucia.es\/ceipjosesalazar\/plurilinguismo\/\" class=\"_self\" target=\"_self\" >Biling\u00fcismo<\/a><\/h4>\n<div class=\"pt-cv-content\">En la Educaci\u00f3n Primaria el profesorado de la Secci\u00f3n Biling\u00fce que impartir\u00e1 el \u00e1rea o \u00e1reas no ling\u00fc\u00edstica(s) en la ...<br \/><div class=\"pt-cv-rmwrap\"><a href=\"https:\/\/blogsaverroes.juntadeandalucia.es\/ceipjosesalazar\/plurilinguismo\/\" class=\"_self pt-cv-readmore btn btn-success\" target=\"_self\">Leer M\u00e1s<\/a><\/div><\/div><\/div><\/div>\n<div class=\"col-md-6 col-sm-12 col-xs-12 pt-cv-content-item pt-cv-1-col\" ><div class='pt-cv-ifield'><a href=\"https:\/\/blogsaverroes.juntadeandalucia.es\/ceipjosesalazar\/covid-19\/\" class=\"_self pt-cv-href-thumbnail pt-cv-thumb-default\" target=\"_self\" ><img loading=\"lazy\" decoding=\"async\" width=\"300\" height=\"156\" src=\"https:\/\/blogsaverroes.juntadeandalucia.es\/ceipjosesalazar\/files\/2024\/05\/protocoloolascalor-1-300x156.jpg\" class=\"pt-cv-thumbnail\" alt=\"\" srcset=\"https:\/\/blogsaverroes.juntadeandalucia.es\/ceipjosesalazar\/files\/2024\/05\/protocoloolascalor-1-300x156.jpg 300w, https:\/\/blogsaverroes.juntadeandalucia.es\/ceipjosesalazar\/files\/2024\/05\/protocoloolascalor-1.jpg 728w\" sizes=\"(max-width: 300px) 100vw, 300px\" \/><\/a>\n<div class=\"pt-cv-taxoterm above_title\"><\/div>\n<h4 class=\"pt-cv-title\"><a href=\"https:\/\/blogsaverroes.juntadeandalucia.es\/ceipjosesalazar\/covid-19\/\" class=\"_self\" target=\"_self\" >PROTOCOLO OLAS DE CALOR<\/a><\/h4>\n<div class=\"pt-cv-content\">En el siguiente enlace pueden consultar y conocer el protocolo de actuaci\u00f3n ante olas de calor o altas temperaturas excepcionales ...<br \/><div class=\"pt-cv-rmwrap\"><a href=\"https:\/\/blogsaverroes.juntadeandalucia.es\/ceipjosesalazar\/covid-19\/\" class=\"_self pt-cv-readmore btn btn-success\" target=\"_self\">Leer M\u00e1s<\/a><\/div><\/div><\/div><\/div>\n<div class=\"col-md-6 col-sm-12 col-xs-12 pt-cv-content-item pt-cv-1-col\" ><div class='pt-cv-ifield'><a href=\"https:\/\/blogsaverroes.juntadeandalucia.es\/ceipjosesalazar\/el-centro-2\/\" class=\"_self pt-cv-href-thumbnail pt-cv-thumb-default\" target=\"_self\" ><img loading=\"lazy\" decoding=\"async\" width=\"300\" height=\"209\" src=\"https:\/\/blogsaverroes.juntadeandalucia.es\/ceipjosesalazar\/files\/2024\/05\/AdobeStock_306939993-1024x712-1-300x209.jpeg\" class=\"pt-cv-thumbnail\" alt=\"\" srcset=\"https:\/\/blogsaverroes.juntadeandalucia.es\/ceipjosesalazar\/files\/2024\/05\/AdobeStock_306939993-1024x712-1-300x209.jpeg 300w, https:\/\/blogsaverroes.juntadeandalucia.es\/ceipjosesalazar\/files\/2024\/05\/AdobeStock_306939993-1024x712-1-768x534.jpeg 768w, https:\/\/blogsaverroes.juntadeandalucia.es\/ceipjosesalazar\/files\/2024\/05\/AdobeStock_306939993-1024x712-1.jpeg 1024w\" sizes=\"(max-width: 300px) 100vw, 300px\" \/><\/a>\n<div class=\"pt-cv-taxoterm above_title\"><\/div>\n<h4 class=\"pt-cv-title\"><a href=\"https:\/\/blogsaverroes.juntadeandalucia.es\/ceipjosesalazar\/el-centro-2\/\" class=\"_self\" target=\"_self\" >Datos del centro<\/a><\/h4>\n<div class=\"pt-cv-content\">Bienvenidos a nuestro colegio. En este espacio, les facilitamos nuestros datos de contacto, ubicaci\u00f3n e informaci\u00f3n b\u00e1sica sobre nosotros. Datos ...<br \/><div class=\"pt-cv-rmwrap\"><a href=\"https:\/\/blogsaverroes.juntadeandalucia.es\/ceipjosesalazar\/el-centro-2\/\" class=\"_self pt-cv-readmore btn btn-success\" target=\"_self\">Leer M\u00e1s<\/a><\/div><\/div><\/div><\/div>\n<div class=\"col-md-6 col-sm-12 col-xs-12 pt-cv-content-item pt-cv-1-col\" ><div class='pt-cv-ifield'><a href=\"https:\/\/blogsaverroes.juntadeandalucia.es\/ceipjosesalazar\/aula-matinal\/\" class=\"_self pt-cv-href-thumbnail pt-cv-thumb-default\" target=\"_self\" ><img loading=\"lazy\" decoding=\"async\" width=\"267\" height=\"189\" src=\"https:\/\/blogsaverroes.juntadeandalucia.es\/ceipjosesalazar\/files\/2024\/05\/aula.png\" class=\"pt-cv-thumbnail\" alt=\"\" \/><\/a>\n<div class=\"pt-cv-taxoterm above_title\"><\/div>\n<h4 class=\"pt-cv-title\"><a href=\"https:\/\/blogsaverroes.juntadeandalucia.es\/ceipjosesalazar\/aula-matinal\/\" class=\"_self\" target=\"_self\" >Aula Matinal<\/a><\/h4>\n<div class=\"pt-cv-content\">El Aula Matinal abre a las 7:30 horas de lunes a viernes, ofreciendo actividades diversas a los estudiantes hasta el ...<br \/><div class=\"pt-cv-rmwrap\"><a href=\"https:\/\/blogsaverroes.juntadeandalucia.es\/ceipjosesalazar\/aula-matinal\/\" class=\"_self pt-cv-readmore btn btn-success\" target=\"_self\">Leer M\u00e1s<\/a><\/div><\/div><\/div><\/div>\n<div class=\"col-md-6 col-sm-12 col-xs-12 pt-cv-content-item pt-cv-1-col\" ><div class='pt-cv-ifield'><a href=\"https:\/\/blogsaverroes.juntadeandalucia.es\/ceipjosesalazar\/que-es-el-ampa\/\" class=\"_self pt-cv-href-thumbnail pt-cv-thumb-default\" target=\"_self\" ><img loading=\"lazy\" decoding=\"async\" width=\"300\" height=\"152\" src=\"https:\/\/blogsaverroes.juntadeandalucia.es\/ceipjosesalazar\/files\/2024\/05\/Diseno-sin-titulo-990x500-1-300x152.png\" class=\"pt-cv-thumbnail\" alt=\"\" srcset=\"https:\/\/blogsaverroes.juntadeandalucia.es\/ceipjosesalazar\/files\/2024\/05\/Diseno-sin-titulo-990x500-1-300x152.png 300w, https:\/\/blogsaverroes.juntadeandalucia.es\/ceipjosesalazar\/files\/2024\/05\/Diseno-sin-titulo-990x500-1-768x388.png 768w, https:\/\/blogsaverroes.juntadeandalucia.es\/ceipjosesalazar\/files\/2024\/05\/Diseno-sin-titulo-990x500-1.png 990w\" sizes=\"(max-width: 300px) 100vw, 300px\" \/><\/a>\n<div class=\"pt-cv-taxoterm above_title\"><\/div>\n<h4 class=\"pt-cv-title\"><a href=\"https:\/\/blogsaverroes.juntadeandalucia.es\/ceipjosesalazar\/que-es-el-ampa\/\" class=\"_self\" target=\"_self\" >\u00bfQu\u00e9 es el AMPA?<\/a><\/h4>\n<div class=\"pt-cv-content\">El AMPA es una asociaci\u00f3n sin \u00e1nimo de lucro que formada por los padres y madres de todo el alumnado ...<br \/><div class=\"pt-cv-rmwrap\"><a href=\"https:\/\/blogsaverroes.juntadeandalucia.es\/ceipjosesalazar\/que-es-el-ampa\/\" class=\"_self pt-cv-readmore btn btn-success\" target=\"_self\">Leer M\u00e1s<\/a><\/div><\/div><\/div><\/div>\n<div class=\"col-md-6 col-sm-12 col-xs-12 pt-cv-content-item pt-cv-1-col\" ><div class='pt-cv-ifield'><a href=\"https:\/\/blogsaverroes.juntadeandalucia.es\/ceipjosesalazar\/proyecto-educativo\/\" class=\"_self pt-cv-href-thumbnail pt-cv-thumb-default\" target=\"_self\" ><img loading=\"lazy\" decoding=\"async\" width=\"300\" height=\"272\" src=\"https:\/\/blogsaverroes.juntadeandalucia.es\/ceipjosesalazar\/files\/2024\/05\/PROYECTOEDUCATIVO-2-700x634-1-300x272.png\" class=\"pt-cv-thumbnail\" alt=\"\" srcset=\"https:\/\/blogsaverroes.juntadeandalucia.es\/ceipjosesalazar\/files\/2024\/05\/PROYECTOEDUCATIVO-2-700x634-1-300x272.png 300w, https:\/\/blogsaverroes.juntadeandalucia.es\/ceipjosesalazar\/files\/2024\/05\/PROYECTOEDUCATIVO-2-700x634-1.png 700w\" sizes=\"(max-width: 300px) 100vw, 300px\" \/><\/a>\n<div class=\"pt-cv-taxoterm above_title\"><\/div>\n<h4 class=\"pt-cv-title\"><a href=\"https:\/\/blogsaverroes.juntadeandalucia.es\/ceipjosesalazar\/proyecto-educativo\/\" class=\"_self\" target=\"_self\" >Proyecto Educativo<\/a><\/h4>\n<div class=\"pt-cv-content\">El proyecto educativo del centro define su identidad y los valores que gu\u00edan su labor educativa en un entorno espec\u00edfico ...<br \/><div class=\"pt-cv-rmwrap\"><a href=\"https:\/\/blogsaverroes.juntadeandalucia.es\/ceipjosesalazar\/proyecto-educativo\/\" class=\"_self pt-cv-readmore btn btn-success\" target=\"_self\">Leer M\u00e1s<\/a><\/div><\/div><\/div><\/div>\n<div class=\"col-md-6 col-sm-12 col-xs-12 pt-cv-content-item pt-cv-1-col\" ><div class='pt-cv-ifield'><a href=\"https:\/\/blogsaverroes.juntadeandalucia.es\/ceipjosesalazar\/contactar\/\" class=\"_self pt-cv-href-thumbnail pt-cv-thumb-default\" target=\"_self\" ><img loading=\"lazy\" decoding=\"async\" width=\"300\" height=\"169\" src=\"https:\/\/blogsaverroes.juntadeandalucia.es\/ceipjosesalazar\/files\/2024\/05\/240221_MINIATURA_BUZON_DE_SUGERENCIAS-300x169.jpg\" class=\"pt-cv-thumbnail\" alt=\"\" srcset=\"https:\/\/blogsaverroes.juntadeandalucia.es\/ceipjosesalazar\/files\/2024\/05\/240221_MINIATURA_BUZON_DE_SUGERENCIAS-300x169.jpg 300w, https:\/\/blogsaverroes.juntadeandalucia.es\/ceipjosesalazar\/files\/2024\/05\/240221_MINIATURA_BUZON_DE_SUGERENCIAS-768x432.jpg 768w, https:\/\/blogsaverroes.juntadeandalucia.es\/ceipjosesalazar\/files\/2024\/05\/240221_MINIATURA_BUZON_DE_SUGERENCIAS.jpg 800w\" sizes=\"(max-width: 300px) 100vw, 300px\" \/><\/a>\n<div class=\"pt-cv-taxoterm above_title\"><\/div>\n<h4 class=\"pt-cv-title\"><a href=\"https:\/\/blogsaverroes.juntadeandalucia.es\/ceipjosesalazar\/contactar\/\" class=\"_self\" target=\"_self\" >Buz\u00f3n de sugerencias<\/a><\/h4>\n<div class=\"pt-cv-content\">Si desea realizar alguna sugerencia, rellene el siguiente cuestionario. Intentaremos contestarle a la mayor brevedad posible. *(campo obligatorio) ...<br \/><div class=\"pt-cv-rmwrap\"><a href=\"https:\/\/blogsaverroes.juntadeandalucia.es\/ceipjosesalazar\/contactar\/\" class=\"_self pt-cv-readmore btn btn-success\" target=\"_self\">Leer M\u00e1s<\/a><\/div><\/div><\/div><\/div>\n<div class=\"col-md-6 col-sm-12 col-xs-12 pt-cv-content-item pt-cv-1-col\" ><div class='pt-cv-ifield'><a href=\"https:\/\/blogsaverroes.juntadeandalucia.es\/ceipjosesalazar\/equipo-directivo\/\" class=\"_self pt-cv-href-thumbnail pt-cv-thumb-default\" target=\"_self\" ><img loading=\"lazy\" decoding=\"async\" width=\"299\" height=\"168\" src=\"https:\/\/blogsaverroes.juntadeandalucia.es\/ceipjosesalazar\/files\/2024\/05\/images-2.png\" class=\"pt-cv-thumbnail\" alt=\"\" \/><\/a>\n<div class=\"pt-cv-taxoterm above_title\"><\/div>\n<h4 class=\"pt-cv-title\"><a href=\"https:\/\/blogsaverroes.juntadeandalucia.es\/ceipjosesalazar\/equipo-directivo\/\" class=\"_self\" target=\"_self\" >Equipo directivo<\/a><\/h4>\n<div class=\"pt-cv-content\">Direcci\u00f3n: Manuel Moral Mota. Contacto: 697950582 Jefatura de estudios: Mar\u00eda Rosario Trujillo L\u00f3pez. Contacto: 950579553 Secretar\u00eda: Pamela Lucena Campos. Contacto: ...<br \/><div class=\"pt-cv-rmwrap\"><a href=\"https:\/\/blogsaverroes.juntadeandalucia.es\/ceipjosesalazar\/equipo-directivo\/\" class=\"_self pt-cv-readmore btn btn-success\" target=\"_self\">Leer M\u00e1s<\/a><\/div><\/div><\/div><\/div>\n<div class=\"col-md-6 col-sm-12 col-xs-12 pt-cv-content-item pt-cv-1-col\" ><div class='pt-cv-ifield'><a href=\"https:\/\/blogsaverroes.juntadeandalucia.es\/ceipjosesalazar\/horarios\/\" class=\"_self pt-cv-href-thumbnail pt-cv-thumb-default\" target=\"_self\" ><img loading=\"lazy\" decoding=\"async\" width=\"300\" height=\"168\" src=\"https:\/\/blogsaverroes.juntadeandalucia.es\/ceipjosesalazar\/files\/2024\/05\/images.png\" class=\"pt-cv-thumbnail\" alt=\"\" \/><\/a>\n<div class=\"pt-cv-taxoterm above_title\"><\/div>\n<h4 class=\"pt-cv-title\"><a href=\"https:\/\/blogsaverroes.juntadeandalucia.es\/ceipjosesalazar\/horarios\/\" class=\"_self\" target=\"_self\" >Horarios<\/a><\/h4>\n<div class=\"pt-cv-content\">Horario Aula Matinal: de 07:30 a 09:00 horas, de lunes a viernes. Horario lectivo del centro: de 09:00 a 14:00 ...<br \/><div class=\"pt-cv-rmwrap\"><a href=\"https:\/\/blogsaverroes.juntadeandalucia.es\/ceipjosesalazar\/horarios\/\" class=\"_self pt-cv-readmore btn btn-success\" target=\"_self\">Leer M\u00e1s<\/a><\/div><\/div><\/div><\/div>\n<div class=\"col-md-6 col-sm-12 col-xs-12 pt-cv-content-item pt-cv-1-col\" ><div class='pt-cv-ifield'><a href=\"https:\/\/blogsaverroes.juntadeandalucia.es\/ceipjosesalazar\/actividades-extraescolares\/\" class=\"_self pt-cv-href-thumbnail pt-cv-thumb-default\" target=\"_self\" ><img loading=\"lazy\" decoding=\"async\" width=\"300\" height=\"141\" src=\"https:\/\/blogsaverroes.juntadeandalucia.es\/ceipjosesalazar\/files\/2024\/05\/extraescolares-apyma-ermitagana-300x141.jpg\" class=\"pt-cv-thumbnail\" alt=\"\" srcset=\"https:\/\/blogsaverroes.juntadeandalucia.es\/ceipjosesalazar\/files\/2024\/05\/extraescolares-apyma-ermitagana-300x141.jpg 300w, https:\/\/blogsaverroes.juntadeandalucia.es\/ceipjosesalazar\/files\/2024\/05\/extraescolares-apyma-ermitagana-768x362.jpg 768w, https:\/\/blogsaverroes.juntadeandalucia.es\/ceipjosesalazar\/files\/2024\/05\/extraescolares-apyma-ermitagana-640x300.jpg 640w, https:\/\/blogsaverroes.juntadeandalucia.es\/ceipjosesalazar\/files\/2024\/05\/extraescolares-apyma-ermitagana.jpg 1000w\" sizes=\"(max-width: 300px) 100vw, 300px\" \/><\/a>\n<div class=\"pt-cv-taxoterm above_title\"><\/div>\n<h4 class=\"pt-cv-title\"><a href=\"https:\/\/blogsaverroes.juntadeandalucia.es\/ceipjosesalazar\/actividades-extraescolares\/\" class=\"_self\" target=\"_self\" >Actividades extraescolares<\/a><\/h4>\n<div class=\"pt-cv-content\">Las actividades extraescolares tienen lugar en horario de tarde, hasta las 18.00, y abarcan aspectos como la lectura, el deporte, ...<br \/><div class=\"pt-cv-rmwrap\"><a href=\"https:\/\/blogsaverroes.juntadeandalucia.es\/ceipjosesalazar\/actividades-extraescolares\/\" class=\"_self pt-cv-readmore btn btn-success\" target=\"_self\">Leer M\u00e1s<\/a><\/div><\/div><\/div><\/div>\n<div class=\"col-md-6 col-sm-12 col-xs-12 pt-cv-content-item pt-cv-1-col\" ><div class='pt-cv-ifield'><a href=\"https:\/\/blogsaverroes.juntadeandalucia.es\/ceipjosesalazar\/financiacion-recibida-a-traves-del-fondo-social-europeo-en-el-ceip-jose-salazar\/\" class=\"_self pt-cv-href-thumbnail pt-cv-thumb-default\" target=\"_self\" ><img decoding=\"async\" src=\"https:\/\/blogsaverroes.juntadeandalucia.es\/ceipjosesalazar\/wp-content\/plugins\/content-views-query-and-display-post-page\/public\/assets\/images\/default_image.png\" class=\"pt-cv-thumbnail cv-default-img\" alt=\"FINANCIACI\u00d3N FSE\" title=\"\" \/><\/a>\n<div class=\"pt-cv-taxoterm above_title\"><\/div>\n<h4 class=\"pt-cv-title\"><a href=\"https:\/\/blogsaverroes.juntadeandalucia.es\/ceipjosesalazar\/financiacion-recibida-a-traves-del-fondo-social-europeo-en-el-ceip-jose-salazar\/\" class=\"_self\" target=\"_self\" >FINANCIACI\u00d3N FSE<\/a><\/h4>\n<div class=\"pt-cv-content\">FINANCIACI\u00d3N RECIBIDA A TRAV\u00c9S DEL FONDO SOCIAL EUROPEO EN EL CEIP JOS\u00c9 SALAZAR La Consejer\u00eda de Desarrollo Educativo y Formaci\u00f3n ...<br \/><div class=\"pt-cv-rmwrap\"><a href=\"https:\/\/blogsaverroes.juntadeandalucia.es\/ceipjosesalazar\/financiacion-recibida-a-traves-del-fondo-social-europeo-en-el-ceip-jose-salazar\/\" class=\"_self pt-cv-readmore btn btn-success\" target=\"_self\">Leer M\u00e1s<\/a><\/div><\/div><\/div><\/div><\/div><\/div><\/div>\n","protected":false},"excerpt":{"rendered":"","protected":false},"author":2025,"featured_media":0,"parent":0,"menu_order":0,"comment_status":"closed","ping_status":"closed","template":"","meta":{"ngg_post_thumbnail":0,"footnotes":"","_mc_calendar":[]},"aioseo_notices":[],"_links":{"self":[{"href":"https:\/\/blogsaverroes.juntadeandalucia.es\/ceipjosesalazar\/wp-json\/wp\/v2\/pages\/2766"}],"collection":[{"href":"https:\/\/blogsaverroes.juntadeandalucia.es\/ceipjosesalazar\/wp-json\/wp\/v2\/pages"}],"about":[{"href":"https:\/\/blogsaverroes.juntadeandalucia.es\/ceipjosesalazar\/wp-json\/wp\/v2\/types\/page"}],"author":[{"embeddable":true,"href":"https:\/\/blogsaverroes.juntadeandalucia.es\/ceipjosesalazar\/wp-json\/wp\/v2\/users\/2025"}],"replies":[{"embeddable":true,"href":"https:\/\/blogsaverroes.juntadeandalucia.es\/ceipjosesalazar\/wp-json\/wp\/v2\/comments?post=2766"}],"version-history":[{"count":1,"href":"https:\/\/blogsaverroes.juntadeandalucia.es\/ceipjosesalazar\/wp-json\/wp\/v2\/pages\/2766\/revisions"}],"predecessor-version":[{"id":2767,"href":"https:\/\/blogsaverroes.juntadeandalucia.es\/ceipjosesalazar\/wp-json\/wp\/v2\/pages\/2766\/revisions\/2767"}],"wp:attachment":[{"href":"https:\/\/blogsaverroes.juntadeandalucia.es\/ceipjosesalazar\/wp-json\/wp\/v2\/media?parent=2766"}],"curies":[{"name":"wp","href":"https:\/\/api.w.org\/{rel}","templated":true}]}}