{"id":42,"date":"2015-03-13T08:40:47","date_gmt":"2015-03-13T08:40:47","guid":{"rendered":"http:\/\/blogsaverroes.juntadeandalucia.es\/pre\/ceip\/?page_id=42"},"modified":"2025-02-10T18:12:27","modified_gmt":"2025-02-10T18:12:27","slug":"equipo-directivo","status":"publish","type":"page","link":"https:\/\/blogsaverroes.juntadeandalucia.es\/ceipjosevegabarrios\/equipo-directivo\/","title":{"rendered":"Equipo Directivo y Claustro"},"content":{"rendered":"<h1><span style=\"color: #266391\"><strong>EQUIPO DIRECTIVO:&nbsp;<\/strong><\/span><\/h1>\n<p style=\"text-align: center\"><strong>Direcci\u00f3n: <\/strong>Tom\u00e1s Ladr\u00f3n de Guevara Mar\u00edn<\/p>\n<p style=\"text-align: center\"><strong>Jefatura de Estudios:<\/strong> Auxiliadora Rueda Colch\u00f3n<\/p>\n<p style=\"text-align: center\"><strong>Secretar\u00eda:<\/strong> Sara S\u00e1nchez Garc\u00eda<\/p>\n<h1 style=\"text-align: left\"><span style=\"color: #266391\"><strong>CLAUSTRO:&nbsp;<\/strong><\/span><\/h1>\n<h2><span style=\"color: #639ad4\">Educaci\u00f3n Infantil.<\/span><\/h2>\n<h4><span style=\"color: #999999\"><em>Coordinadora: Nieves Do\u00f1oro Rodr\u00edguez.<\/em><\/span><\/h4>\n<table style=\"border-collapse: collapse;width: 100%;height: 221px\">\n<tbody>\n<tr style=\"height: 22px\">\n<td style=\"width: 51.8559%;height: 22px\"><strong>3 a\u00f1os A:<\/strong> Mar\u00eda Checa Mart\u00ednez<\/td>\n<td style=\"width: 48.1441%;height: 22px\"><strong>3 a\u00f1os B:<\/strong> Roc\u00edo Reyes Mu\u00f1oz<\/td>\n<\/tr>\n<tr style=\"height: 22px\">\n<td style=\"width: 51.8559%;height: 22px\"><strong>4 a\u00f1os A:<\/strong> M. Paz de la Flor Esquivel<\/td>\n<td style=\"width: 48.1441%;height: 22px\"><strong>4 a\u00f1os B:<\/strong> Lidia Andana Isa<\/td>\n<\/tr>\n<tr style=\"height: 22px\">\n<td style=\"width: 51.8559%;height: 22px\"><strong>5 a\u00f1os A: <\/strong>Juana M. Mora Fern\u00e1ndez<\/td>\n<td style=\"width: 48.1441%;height: 22px\"><strong>5 a\u00f1os B: <\/strong>Nieves Do\u00f1oro Rodr\u00edguez<\/td>\n<\/tr>\n<tr style=\"height: 22px\">\n<td style=\"width: 51.8559%;height: 22px\"><strong>Refuerzo Educativo:<\/strong> Juan Miguel Venegas Baz\u00e1n<\/td>\n<td style=\"width: 48.1441%;height: 22px\">&nbsp;<\/td>\n<\/tr>\n<tr style=\"height: 133px\">\n<td style=\"width: 51.8559%;height: 133px\"><strong>Pedagog\u00eda Terap\u00e9utica: <\/strong><\/p>\n<p>Isabel M\u00aa S\u00e1nchez Cebada<\/p>\n<p>Roc\u00edo Rodr\u00edguez Ru\u00edz<\/p>\n<p>Mar\u00eda Mart\u00ednez Molina<\/td>\n<td style=\"width: 48.1441%;height: 133px\"><strong>Audici\u00f3n y Lenguaje: <\/strong>M\u00aa del Mar D\u00edez Mart\u00edn<\/p>\n<p>Coordinadora del Equipo de Orientaci\u00f3n de Centro<\/td>\n<\/tr>\n<\/tbody>\n<\/table>\n<p>&nbsp;<\/p>\n<h2><span style=\"color: #639ad4\">Educaci\u00f3n Primaria.<\/span><\/h2>\n<h3><span style=\"color: #adc9e0\">Primer Ciclo.<\/span><\/h3>\n<h4><span style=\"color: #999999\"><em>Coordinadora: Vanesa D\u00edaz S\u00e1nchez.<\/em><\/span><\/h4>\n<table style=\"border-collapse: collapse;width: 100%;height: 125px\">\n<tbody>\n<tr style=\"height: 24px\">\n<td style=\"width: 33.3333%;height: 24px\"><strong>1\u00baA:<\/strong> Vanesa D\u00edaz S\u00e1nchez<\/td>\n<td style=\"width: 33.3333%;height: 24px\"><strong>1\u00baB:<\/strong> F\u00e1tima Cuadrado Reyes<\/td>\n<td style=\"width: 33.3333%;height: 24px\">&nbsp;<\/td>\n<\/tr>\n<tr style=\"height: 24px\">\n<td style=\"width: 33.3333%;height: 24px\"><strong>2\u00baA:<\/strong> Jesusa Curieses Llorente<\/td>\n<td style=\"width: 33.3333%;height: 24px\"><strong>2\u00baB:<\/strong> Rosario P\u00e9rez Santos<\/td>\n<td style=\"width: 33.3333%;height: 24px\"><strong>2\u00baC:<\/strong> Sonia Fern\u00e1ndez Carbal<\/td>\n<\/tr>\n<tr style=\"height: 23px\">\n<td style=\"width: 33.3333%;height: 23px;text-align: left\"><strong>Ref. Educativo:<\/strong> F\u00e1tima Cuadrado Reyes<\/td>\n<td style=\"width: 33.3333%;height: 23px\"><strong>1\u00aaLE (Ingl\u00e9s):<\/strong> M\u00aa Jes\u00fas Caro Castell<\/td>\n<td style=\"width: 33.3333%;height: 23px\"><strong>E. Art\u00edstica:<\/strong> Sara S\u00e1nchez Garc\u00eda<\/td>\n<\/tr>\n<tr style=\"height: 24px\">\n<td style=\"width: 66.6666%;height: 24px\" colspan=\"2\"><strong>Religi\u00f3n Cat\u00f3lica:<\/strong>Inmaculada Manzano Olmo y Mar\u00eda Vargas Mu\u00f1oz<\/td>\n<td style=\"width: 33.3333%;height: 24px\"><strong>E.F\u00edsica: <\/strong>Leticia \u00c1lvarez Mateo<\/td>\n<\/tr>\n<tr style=\"height: 30px\">\n<td style=\"width: 33.3333%;height: 30px;text-align: center\"><strong>Audi. y Leng.: <\/strong>M\u00aa del Mar D\u00edez Mart\u00edn<\/td>\n<td style=\"width: 66.6666%;height: 30px;text-align: center\" colspan=\"2\"><strong>Ped. Terap\u00e9utica: <\/strong>Isabel M\u00aa S\u00e1nchez- Ver\u00f3nica S\u00e1nchez- Davinia Casado S\u00e1nchez<\/td>\n<\/tr>\n<\/tbody>\n<\/table>\n<h3><span style=\"color: #adc9e0\">Segundo Ciclo.<\/span><\/h3>\n<h4><span style=\"color: #999999\"><em>Coordinadora: M\u00aa Felisa Alba Palop.<\/em><\/span><\/h4>\n<table style=\"border-collapse: collapse;width: 100.001%;height: 126px\">\n<tbody>\n<tr style=\"height: 24px\">\n<td style=\"width: 305.333px;height: 24px\"><strong>3\u00baA:<\/strong> Pedro Chaves Ariza<\/td>\n<td style=\"width: 305.333px;height: 24px\"><strong>3\u00baB:<\/strong> Rafael M\u00aa S\u00e1nchez Mill\u00e1n<\/td>\n<td style=\"width: 305.333px;height: 24px\">&nbsp;<\/td>\n<\/tr>\n<tr style=\"height: 24px\">\n<td style=\"width: 305.333px;height: 24px\"><strong>4\u00baA:<\/strong> Saturnino S\u00e1nchez Reyes<\/td>\n<td style=\"width: 305.333px;height: 24px\"><strong>4\u00baB:<\/strong> M\u00aa Carmen Romero Tajuelo<\/td>\n<td style=\"width: 305.333px;height: 24px\"><strong>4\u00baC:<\/strong> M\u00aa Felisa Alba Palop<\/td>\n<\/tr>\n<tr style=\"height: 48px\">\n<td style=\"width: 305.333px;height: 26px\"><strong>Ref. Educativo:<\/strong> F\u00e1tima Cuadrado Reyes<\/td>\n<td style=\"width: 305.333px;height: 26px\"><strong>1\u00aaLE (Ingl\u00e9s):<\/strong> Saturnino S\u00e1nchez Reyes<\/td>\n<td style=\"width: 305.333px;height: 26px\"><strong>E. Art\u00edstica:<\/strong> Pedro Chaves Ariza<\/td>\n<\/tr>\n<tr style=\"height: 24px\">\n<td style=\"width: 610.666px;height: 24px\" colspan=\"2\"><strong>Religi\u00f3n Cat\u00f3lica:<\/strong>Inmaculada Manzano Olmo y Mar\u00eda Vargas Mu\u00f1oz<\/td>\n<td style=\"width: 305.333px;height: 24px\"><strong>E.F\u00edsica:<\/strong>Rafael M\u00aa S\u00e1nchez Mill\u00e1n<\/td>\n<\/tr>\n<tr style=\"height: 48px\">\n<td style=\"width: 305.333px;height: 28px\"><strong>Aud. y Leng.: <\/strong>M\u00aa del Mar D\u00edez Mart\u00edn<\/td>\n<td style=\"width: 305.333px;height: 28px;text-align: center\" colspan=\"2\"><strong>Ped. Terap\u00e9utica: <\/strong>Isabel M\u00aa S\u00e1nchez- Ver\u00f3nica S\u00e1nchez- Davinia Casado S\u00e1nchez<\/td>\n<\/tr>\n<\/tbody>\n<\/table>\n<h3><span style=\"color: #adc9e0\">Tercer Ciclo.<\/span><\/h3>\n<h4><span style=\"color: #999999\"><em>Coordinadora: Josefa Ramos G\u00f3mez.<\/em><\/span><\/h4>\n<table style=\"border-collapse: collapse;width: 99.3492%;height: 159px\">\n<tbody>\n<tr style=\"height: 24px\">\n<td style=\"width: 33.3333%;height: 24px\"><strong>5\u00baA:<\/strong> Jos\u00e9 Alvarado S\u00e1nchez<\/td>\n<td style=\"width: 33.3333%;height: 24px\"><strong>5\u00baB:<\/strong> M\u00aa Dolores Sim\u00f3n Montserrat<\/td>\n<td style=\"width: 33.3333%;height: 24px\"><strong>5\u00baC: <\/strong>Avelina V\u00e1zquez Venegas<\/td>\n<\/tr>\n<tr style=\"height: 24px\">\n<td style=\"width: 33.3333%;height: 24px\"><strong>6\u00baA:<\/strong> Isabel M\u00aa Jim\u00e9nez Delf\u00edn<\/td>\n<td style=\"width: 33.3333%;height: 24px\"><strong>6\u00baB:<\/strong> Andr\u00e9s Galindo Lozano<\/td>\n<td style=\"width: 33.3333%;height: 24px\"><strong>6\u00baC:<\/strong> M\u00aa Teresa Barrena Calcy<\/td>\n<\/tr>\n<tr style=\"height: 24px\">\n<td style=\"width: 33.3333%;height: 24px\"><strong>6\u00baD: <\/strong>Miguel \u00c1ngel Palacios Garc\u00eda<\/td>\n<td style=\"width: 33.3333%;height: 24px\"><strong>1\u00aaLE (Ingl\u00e9s): <\/strong>Josefa Ramos G\u00f3mez<\/td>\n<td style=\"width: 33.3333%;height: 24px\"><strong>2\u00aaLE (Franc\u00e9s): <\/strong>M\u00aa Carmen Palmero<\/td>\n<\/tr>\n<tr style=\"height: 48px\">\n<td style=\"width: 33.3333%;height: 31px\"><strong>Ref. Educativo:<\/strong> F\u00e1tima Cuadrado Reyes<\/td>\n<td style=\"width: 33.3333%;height: 31px\"><strong>E. Valores:<\/strong> Tom\u00e1s Ladr\u00f3n de Guevara<\/td>\n<td style=\"width: 33.3333%;height: 31px\"><strong>E. Art\u00edstica:<\/strong> M\u00aa Teresa Barrena Calcy<\/td>\n<\/tr>\n<tr style=\"height: 24px\">\n<td style=\"width: 66.6666%;height: 24px\" colspan=\"2\"><strong>Religi\u00f3n Cat\u00f3lica:<\/strong>Inmaculada Manzano Olmo y Mar\u00eda Vargas Mu\u00f1oz<\/td>\n<td style=\"width: 33.3333%;height: 24px\"><strong>E.F\u00edsica: <\/strong>Jos\u00e9 Alvarado S\u00e1nchez<\/td>\n<\/tr>\n<tr style=\"height: 48px\">\n<td style=\"width: 33.3333%;height: 32px\"><strong>Aud. y Leng.: <\/strong>M\u00aa del Mar D\u00edez Mart\u00edn<\/td>\n<td style=\"width: 66.6666%;height: 32px\" colspan=\"2\"><strong>Ped. Terap\u00e9utica:<\/strong>&nbsp;Davinia Casado<\/td>\n<\/tr>\n<\/tbody>\n<\/table>\n<p>&nbsp;<\/p>\n<p>&nbsp;<\/p>\n<h3>Im\u00e1genes Relacionadas:<\/h3>","protected":false},"excerpt":{"rendered":"<p>EQUIPO DIRECTIVO:&nbsp; Direcci\u00f3n: Tom\u00e1s Ladr\u00f3n de Guevara Mar\u00edn Jefatura de Estudios: Auxiliadora Rueda Colch\u00f3n Secretar\u00eda: Sara S\u00e1nchez Garc\u00eda CLAUSTRO:&nbsp; Educaci\u00f3n Infantil. Coordinadora: Nieves Do\u00f1oro Rodr\u00edguez. 3 a\u00f1os A: Mar\u00eda Checa Mart\u00ednez 3 a\u00f1os B:&#46;&#46;&#46;<\/p>\n","protected":false},"author":1,"featured_media":0,"parent":0,"menu_order":0,"comment_status":"closed","ping_status":"open","template":"","meta":{"ngg_post_thumbnail":0,"footnotes":"","_mc_calendar":[]},"aioseo_notices":[],"_links":{"self":[{"href":"https:\/\/blogsaverroes.juntadeandalucia.es\/ceipjosevegabarrios\/wp-json\/wp\/v2\/pages\/42"}],"collection":[{"href":"https:\/\/blogsaverroes.juntadeandalucia.es\/ceipjosevegabarrios\/wp-json\/wp\/v2\/pages"}],"about":[{"href":"https:\/\/blogsaverroes.juntadeandalucia.es\/ceipjosevegabarrios\/wp-json\/wp\/v2\/types\/page"}],"author":[{"embeddable":true,"href":"https:\/\/blogsaverroes.juntadeandalucia.es\/ceipjosevegabarrios\/wp-json\/wp\/v2\/users\/1"}],"replies":[{"embeddable":true,"href":"https:\/\/blogsaverroes.juntadeandalucia.es\/ceipjosevegabarrios\/wp-json\/wp\/v2\/comments?post=42"}],"version-history":[{"count":30,"href":"https:\/\/blogsaverroes.juntadeandalucia.es\/ceipjosevegabarrios\/wp-json\/wp\/v2\/pages\/42\/revisions"}],"predecessor-version":[{"id":4589,"href":"https:\/\/blogsaverroes.juntadeandalucia.es\/ceipjosevegabarrios\/wp-json\/wp\/v2\/pages\/42\/revisions\/4589"}],"wp:attachment":[{"href":"https:\/\/blogsaverroes.juntadeandalucia.es\/ceipjosevegabarrios\/wp-json\/wp\/v2\/media?parent=42"}],"curies":[{"name":"wp","href":"https:\/\/api.w.org\/{rel}","templated":true}]}}