{"id":2625,"date":"2016-04-25T15:56:55","date_gmt":"2016-04-25T15:56:55","guid":{"rendered":"http:\/\/blogsaverroes.juntadeandalucia.es\/ceipjuancarrillo\/?page_id=2625"},"modified":"2016-11-15T13:20:43","modified_gmt":"2016-11-15T13:20:43","slug":"el-proyecto-de-gestion","status":"publish","type":"page","link":"https:\/\/blogsaverroes.juntadeandalucia.es\/ceipjuancarrillo\/el-proyecto-de-gestion\/","title":{"rendered":"Proyecto de Gesti\u00f3n"},"content":{"rendered":"<p style=\"text-align: justify\">\u00a0\u00a0\u00a0\u00a0\u00a0\u00a0\u00a0\u00a0\u00a0\u00a0 Este proyecto tiene como finalidad la gesti\u00f3n eficiente de los recursos humanos y materiales del centro. Esta gesti\u00f3n deber\u00e1 repercutir directamente en el alumnado, de forma que contribuya a que reciban una formaci\u00f3n acad\u00e9mica completa y que est\u00e9 impregnada del fomento de valores como el respeto al medio ambiente y el consumo reflexivo y prudente.<\/p>\n<p style=\"text-align: justify\">\u00a0\u00a0\u00a0\u00a0\u00a0\u00a0\u00a0\u00a0\u00a0\u00a0 El uso responsable de los recursos es, cada vez m\u00e1s, un deber de todos los ciudadanos\/as. Es muy importante que su organizaci\u00f3n repercuta en la mejora de la educaci\u00f3n, y en lo relacionado con los consumos es imprescindible reducirlos en todo lo que pueda ser prescindible.<\/p>\n<p style=\"text-align: justify\">\u00a0\u00a0\u00a0\u00a0\u00a0\u00a0\u00a0\u00a0\u00a0\u00a0 Debemos consumir con moderaci\u00f3n y responsabilidad recursos muy diversos, y nos vamos a centrar en algunos especialmente significativos: el papel y los consumibles de los sistemas de impresi\u00f3n, el gasoil para calefacci\u00f3n, la electricidad y el agua. Adem\u00e1s se trata de bienes que tenemos que utilizar de forma especialmente cuidadosa y fomentar en los alumnos\/as esa misma conciencia.<\/p>\n<p style=\"text-align: justify\">\u00a0\u00a0\u00a0\u00a0\u00a0\u00a0\u00a0\u00a0\u00a0\u00a0 Por todo ello el ahorro de los recursos b\u00e1sicos, sin perjuicio de la pr\u00e1ctica docente y del bienestar de los miembros de la comunidad educativa, permite liberar fondos que puedan dedicarse\u00a0 a\u00a0 que mejoren las instalaciones, los equipamientos y los materiales con el fin de mejorar la calidad de la ense\u00f1aza.<\/p>\n<p style=\"text-align: justify\">\u00a0\u00a0\u00a0\u00a0\u00a0\u00a0\u00a0\u00a0\u00a0\u00a0\u00a0 Para establecer los apoyos necesarios que garanticen los procesos de ense\u00f1anza y aprendizaje hay que aprovechar y dotar al centro de recursos y servicios. Por tanto, se actuar\u00e1 en relaci\u00f3n a los:<\/p>\n<ul style=\"text-align: justify\">\n<li><u>Recursos humanos:<\/u> profesorado, alumnado, personal no docente, familias, organizaciones,&#8230;<\/li>\n<li><u>Recursos materiales<\/u>: estado de las aulas, iluminaci\u00f3n, seguridad, uso e implicaciones did\u00e1cticas, inventarios, edificio, limpieza, mobiliario, adecuaci\u00f3n de la tecnolog\u00eda educativa y administrativa&#8230;<\/li>\n<li><u>Recursos espaciotemporales<\/u>: nueva ordenaci\u00f3n de espacios y aulas, si fuera necesario, nuevos usos, etc.<\/li>\n<li><u>Servicios<\/u>: reordenaci\u00f3n de los servicios, si los hubiere (comedor, transporte), apertura del Centro a la Comunidad,&#8230;<\/li>\n<\/ul>\n<p style=\"text-align: justify\">\u00a0\u00a0\u00a0\u00a0\u00a0\u00a0\u00a0\u00a0\u00a0\u00a0 Son\u00a0 \u00f3rganos\u00a0 competentes\u00a0 en\u00a0 materia\u00a0 de\u00a0 gesti\u00f3n\u00a0 el\u00a0 Consejo\u00a0 Escolar,\u00a0 el Equipo Directivo y el Director del centro docente. Las funciones de cada \u00f3rgano son las siguientes:<\/p>\n<p style=\"text-align: justify\"><strong>El Consejo Escolar:<\/strong><\/p>\n<ul style=\"text-align: justify\">\n<li>Aprobar el proyecto de gesti\u00f3n y sus modificaciones.<\/li>\n<li>Establecer las directrices de funcionamiento del centro.<\/li>\n<li>Efectuar el seguimiento del funcionamiento del centro.<\/li>\n<li>Aprobar la cuenta de gesti\u00f3n y el presupuesto.<\/li>\n<\/ul>\n<p style=\"text-align: justify\"><strong>El Equipo Directivo:<\/strong><\/p>\n<ul style=\"text-align: justify\">\n<li>Elabora el Proyecto de Gesti\u00f3n y el presupuesto a propuesta del Secretario\/a.<\/li>\n<li>Realiza las modificaciones se\u00f1aladas por la Delegaci\u00f3n Provincial.<\/li>\n<li>El DIRECTOR\/A: es el m\u00e1ximo responsable de la gesti\u00f3n.<\/li>\n<li>Dirige al\u00a0 equipo\u00a0 directivo\u00a0 en\u00a0 la elaboraci\u00f3n\u00a0 del\u00a0 proyecto\u00a0 de\u00a0 presupuesto\u00a0 y\u00a0 en todos los dem\u00e1s procesos de gesti\u00f3n econ\u00f3mica y de organizaci\u00f3n de los recursos humanos.<\/li>\n<li>El Director\u00a0 presentar\u00e1\u00a0 el\u00a0 proyecto\u00a0 de\u00a0 presupuesto\u00a0 anual al\u00a0 Consejo<\/li>\n<\/ul>\n","protected":false},"excerpt":{"rendered":"<p>\u00a0\u00a0\u00a0\u00a0\u00a0\u00a0\u00a0\u00a0\u00a0\u00a0 Este proyecto tiene como finalidad la gesti\u00f3n eficiente de los recursos humanos y materiales del centro. Esta gesti\u00f3n deber\u00e1 repercutir directamente en el alumnado, de forma que contribuya a que reciban una formaci\u00f3n&#46;&#46;&#46;<\/p>\n","protected":false},"author":2337,"featured_media":0,"parent":0,"menu_order":0,"comment_status":"open","ping_status":"closed","template":"page-templates\/child-menu.php","meta":{"ngg_post_thumbnail":0,"footnotes":"","_mc_calendar":[]},"aioseo_notices":[],"_links":{"self":[{"href":"https:\/\/blogsaverroes.juntadeandalucia.es\/ceipjuancarrillo\/wp-json\/wp\/v2\/pages\/2625"}],"collection":[{"href":"https:\/\/blogsaverroes.juntadeandalucia.es\/ceipjuancarrillo\/wp-json\/wp\/v2\/pages"}],"about":[{"href":"https:\/\/blogsaverroes.juntadeandalucia.es\/ceipjuancarrillo\/wp-json\/wp\/v2\/types\/page"}],"author":[{"embeddable":true,"href":"https:\/\/blogsaverroes.juntadeandalucia.es\/ceipjuancarrillo\/wp-json\/wp\/v2\/users\/2337"}],"replies":[{"embeddable":true,"href":"https:\/\/blogsaverroes.juntadeandalucia.es\/ceipjuancarrillo\/wp-json\/wp\/v2\/comments?post=2625"}],"version-history":[{"count":3,"href":"https:\/\/blogsaverroes.juntadeandalucia.es\/ceipjuancarrillo\/wp-json\/wp\/v2\/pages\/2625\/revisions"}],"predecessor-version":[{"id":3263,"href":"https:\/\/blogsaverroes.juntadeandalucia.es\/ceipjuancarrillo\/wp-json\/wp\/v2\/pages\/2625\/revisions\/3263"}],"wp:attachment":[{"href":"https:\/\/blogsaverroes.juntadeandalucia.es\/ceipjuancarrillo\/wp-json\/wp\/v2\/media?parent=2625"}],"curies":[{"name":"wp","href":"https:\/\/api.w.org\/{rel}","templated":true}]}}