{"id":35,"date":"2015-03-13T08:21:43","date_gmt":"2015-03-13T08:21:43","guid":{"rendered":"http:\/\/blogsaverroes.juntadeandalucia.es\/pre\/ceip\/?page_id=35"},"modified":"2020-09-19T13:09:32","modified_gmt":"2020-09-19T13:09:32","slug":"el-centro-2","status":"publish","type":"page","link":"https:\/\/blogsaverroes.juntadeandalucia.es\/ceipjuanporras\/el-centro-2\/","title":{"rendered":"Datos del centro"},"content":{"rendered":"<p><strong>Datos de contacto: CEIP JUAN PORRAS<\/strong><\/p>\n<p>Est\u00e1 visitando la p\u00e1gina Web de un Centro Educativo de Andaluc\u00eda (Espa\u00f1a).<\/p>\n<p>Triana es el n\u00facleo de poblaci\u00f3n del Norte del municipio m\u00e1s alejado del casco urbano<br \/>\nde V\u00e9lez M\u00e1laga. De car\u00e1cter eminentemente agr\u00edcola, Triana se ubica al borde de la<br \/>\ncarretera que comunica la C-335 (carretera del Arco) con el municipio de Benamargosa.<br \/>\nTriana es una pedan\u00eda que conforma una de las otras 11 del municipio de V\u00e9lez-M\u00e1laga.<br \/>\nConocida tambi\u00e9n como el coraz\u00f3n de la Axarqu\u00eda.<br \/>\nAproximadamente tiene unos 700 habitantes.<br \/>\nSu nombre procede de la barriada sevillana ya que como se dice se encuentra \u00abal otro<br \/>\nlado del r\u00edo\u00bb.<br \/>\nTriana es una aldea totalmente rural .Su actividad es eminentemente agraria, existiendo<br \/>\nuna reconversi\u00f3n de sus cultivos que anta\u00f1o vivieron de la vid, de la ca\u00f1a de az\u00facar y de<br \/>\nlas exquisitas hortalizas que en su ricas tierras se plantaban. Hoy sus campos y vi\u00f1edos<br \/>\nest\u00e1n cediendo terreno a las plantaciones subtropicales, como aguacates y mangos.<br \/>\nSiendo sus tierras las primeras que vieron llegar el Aguacate de tierras americanas.<br \/>\nPosteriormente estas tierras dieron cobijo a la planta americana a modo de grandes<br \/>\nexplotaciones al comprobarse la magn\u00edfica adaptaci\u00f3n a sus subsuelos, humedad y<br \/>\ntemperaturas de estos valles.<\/p>\n<p><strong>Ubicaci\u00f3n<\/strong><\/p>\n<h2 class=\"section-hero-header-title-subtitle\"><iframe loading=\"lazy\" src=\"\/\/www.google.com\/maps\/embed?pb=!1m18!1m12!1m3!1d1299.647679622136!2d-4.16573434201092!3d36.818181142206626!2m3!1f0!2f0!3f0!3m2!1i1024!2i768!4f13.1!3m3!1m2!1s0xd72efd1fe288639%3A0x4b49032ef42e1c21!2sColegio%20de%20Educaci%C3%B3n%20Primaria%20Juan%20Porras!5e1!3m2!1ses!2ses!4v1600520802518!5m2!1ses!2ses&quot;\" width=\"&quot;600&quot;\" height=\"&quot;450&quot;\" frameborder=\"&quot;0&quot;\"><\/iframe><\/h2>\n<p><strong>Direcci\u00f3n:<\/strong> &nbsp;Carretera de Benamargosa s\/n. Edif.&nbsp; 29718 Triana<\/p>\n<p><strong>Tel\u00e9fono: <\/strong>951289659<br \/>\n<strong>Email:<\/strong> 29008504.edu@juntadeandalucia.es<\/p>\n<h4><strong>HORARIOS<\/strong><\/h4>\n<p><strong>Actividades Lectivas<\/strong>: 9:00 a 14:00<\/p>\n<p><strong>Actividades Extraescolares: <\/strong><\/p>\n<ul>\n<li><strong>PALE:<\/strong><\/li>\n<li><strong>PROA:<\/strong><\/li>\n<\/ul>\n<h4><strong>Oferta educativa<\/strong><\/h4>\n<p>Centro de Infantil y Primaria<\/p>\n<h4>Instalaciones<\/h4>\n<p><!-- default-view.php -->\n<div\n\tclass=\"ngg-galleryoverview default-view\n\t ngg-ajax-pagination-none\t\"\n\tid=\"ngg-gallery-7bd57b0a1e84a07a972d91eb4118437e-1\">\n\n\t\t<!-- Thumbnails -->\n\t\t\t\t<div id=\"ngg-image-0\" class=\"ngg-gallery-thumbnail-box\n\t\t\t\t\t\t\t\t\t\t\t\"\n\t\t\t>\n\t\t\t\t\t\t<div class=\"ngg-gallery-thumbnail\">\n\t\t\t<a href=\"https:\/\/blogsaverroes.juntadeandalucia.es\/ceipjuanporras\/wp-content\/uploads\/sites\/797\/nggallery\/el-centro\/instalacion01.jpg\"\n\t\t\t\ttitle=\"\"\n\t\t\t\tdata-src=\"https:\/\/blogsaverroes.juntadeandalucia.es\/ceipjuanporras\/wp-content\/uploads\/sites\/797\/nggallery\/el-centro\/instalacion01.jpg\"\n\t\t\t\tdata-thumbnail=\"https:\/\/blogsaverroes.juntadeandalucia.es\/ceipjuanporras\/wp-content\/uploads\/sites\/797\/nggallery\/el-centro\/thumbs\/thumbs_instalacion01.jpg\"\n\t\t\t\tdata-image-id=\"14\"\n\t\t\t\tdata-title=\"instalacion01\"\n\t\t\t\tdata-description=\"\"\n\t\t\t\tdata-image-slug=\"instalacion01-1\"\n\t\t\t\tclass=\"ngg-fancybox\" rel=\"7bd57b0a1e84a07a972d91eb4118437e\">\n\t\t\t\t<img\n\t\t\t\t\ttitle=\"instalacion01\"\n\t\t\t\t\talt=\"instalacion01\"\n\t\t\t\t\tsrc=\"https:\/\/blogsaverroes.juntadeandalucia.es\/ceipjuanporras\/wp-content\/uploads\/sites\/797\/nggallery\/el-centro\/thumbs\/thumbs_instalacion01.jpg\"\n\t\t\t\t\twidth=\"120\"\n\t\t\t\t\theight=\"90\"\n\t\t\t\t\tstyle=\"max-width:100%;\"\n\t\t\t\t\/>\n\t\t\t<\/a>\n\t\t<\/div>\n\t\t\t\t\t\t\t<\/div>\n\t\t\t\n\t\t\t\t<div id=\"ngg-image-1\" class=\"ngg-gallery-thumbnail-box\n\t\t\t\t\t\t\t\t\t\t\t\"\n\t\t\t>\n\t\t\t\t\t\t<div class=\"ngg-gallery-thumbnail\">\n\t\t\t<a href=\"https:\/\/blogsaverroes.juntadeandalucia.es\/ceipjuanporras\/wp-content\/uploads\/sites\/797\/nggallery\/el-centro\/instalacion02.jpg\"\n\t\t\t\ttitle=\"\"\n\t\t\t\tdata-src=\"https:\/\/blogsaverroes.juntadeandalucia.es\/ceipjuanporras\/wp-content\/uploads\/sites\/797\/nggallery\/el-centro\/instalacion02.jpg\"\n\t\t\t\tdata-thumbnail=\"https:\/\/blogsaverroes.juntadeandalucia.es\/ceipjuanporras\/wp-content\/uploads\/sites\/797\/nggallery\/el-centro\/thumbs\/thumbs_instalacion02.jpg\"\n\t\t\t\tdata-image-id=\"15\"\n\t\t\t\tdata-title=\"instalacion02\"\n\t\t\t\tdata-description=\"\"\n\t\t\t\tdata-image-slug=\"instalacion02-1\"\n\t\t\t\tclass=\"ngg-fancybox\" rel=\"7bd57b0a1e84a07a972d91eb4118437e\">\n\t\t\t\t<img\n\t\t\t\t\ttitle=\"instalacion02\"\n\t\t\t\t\talt=\"instalacion02\"\n\t\t\t\t\tsrc=\"https:\/\/blogsaverroes.juntadeandalucia.es\/ceipjuanporras\/wp-content\/uploads\/sites\/797\/nggallery\/el-centro\/thumbs\/thumbs_instalacion02.jpg\"\n\t\t\t\t\twidth=\"120\"\n\t\t\t\t\theight=\"90\"\n\t\t\t\t\tstyle=\"max-width:100%;\"\n\t\t\t\t\/>\n\t\t\t<\/a>\n\t\t<\/div>\n\t\t\t\t\t\t\t<\/div>\n\t\t\t\n\t\t\t\t<div id=\"ngg-image-2\" class=\"ngg-gallery-thumbnail-box\n\t\t\t\t\t\t\t\t\t\t\t\"\n\t\t\t>\n\t\t\t\t\t\t<div class=\"ngg-gallery-thumbnail\">\n\t\t\t<a href=\"https:\/\/blogsaverroes.juntadeandalucia.es\/ceipjuanporras\/wp-content\/uploads\/sites\/797\/nggallery\/el-centro\/instalacion03.jpg\"\n\t\t\t\ttitle=\"\"\n\t\t\t\tdata-src=\"https:\/\/blogsaverroes.juntadeandalucia.es\/ceipjuanporras\/wp-content\/uploads\/sites\/797\/nggallery\/el-centro\/instalacion03.jpg\"\n\t\t\t\tdata-thumbnail=\"https:\/\/blogsaverroes.juntadeandalucia.es\/ceipjuanporras\/wp-content\/uploads\/sites\/797\/nggallery\/el-centro\/thumbs\/thumbs_instalacion03.jpg\"\n\t\t\t\tdata-image-id=\"16\"\n\t\t\t\tdata-title=\"instalacion03\"\n\t\t\t\tdata-description=\"\"\n\t\t\t\tdata-image-slug=\"instalacion03-1\"\n\t\t\t\tclass=\"ngg-fancybox\" rel=\"7bd57b0a1e84a07a972d91eb4118437e\">\n\t\t\t\t<img\n\t\t\t\t\ttitle=\"instalacion03\"\n\t\t\t\t\talt=\"instalacion03\"\n\t\t\t\t\tsrc=\"https:\/\/blogsaverroes.juntadeandalucia.es\/ceipjuanporras\/wp-content\/uploads\/sites\/797\/nggallery\/el-centro\/thumbs\/thumbs_instalacion03.jpg\"\n\t\t\t\t\twidth=\"120\"\n\t\t\t\t\theight=\"90\"\n\t\t\t\t\tstyle=\"max-width:100%;\"\n\t\t\t\t\/>\n\t\t\t<\/a>\n\t\t<\/div>\n\t\t\t\t\t\t\t<\/div>\n\t\t\t\n\t\t\t\t<div id=\"ngg-image-3\" class=\"ngg-gallery-thumbnail-box\n\t\t\t\t\t\t\t\t\t\t\t\"\n\t\t\t>\n\t\t\t\t\t\t<div class=\"ngg-gallery-thumbnail\">\n\t\t\t<a href=\"https:\/\/blogsaverroes.juntadeandalucia.es\/ceipjuanporras\/wp-content\/uploads\/sites\/797\/nggallery\/el-centro\/instalacion04.jpg\"\n\t\t\t\ttitle=\"\"\n\t\t\t\tdata-src=\"https:\/\/blogsaverroes.juntadeandalucia.es\/ceipjuanporras\/wp-content\/uploads\/sites\/797\/nggallery\/el-centro\/instalacion04.jpg\"\n\t\t\t\tdata-thumbnail=\"https:\/\/blogsaverroes.juntadeandalucia.es\/ceipjuanporras\/wp-content\/uploads\/sites\/797\/nggallery\/el-centro\/thumbs\/thumbs_instalacion04.jpg\"\n\t\t\t\tdata-image-id=\"17\"\n\t\t\t\tdata-title=\"instalacion04\"\n\t\t\t\tdata-description=\"\"\n\t\t\t\tdata-image-slug=\"instalacion04-1\"\n\t\t\t\tclass=\"ngg-fancybox\" rel=\"7bd57b0a1e84a07a972d91eb4118437e\">\n\t\t\t\t<img\n\t\t\t\t\ttitle=\"instalacion04\"\n\t\t\t\t\talt=\"instalacion04\"\n\t\t\t\t\tsrc=\"https:\/\/blogsaverroes.juntadeandalucia.es\/ceipjuanporras\/wp-content\/uploads\/sites\/797\/nggallery\/el-centro\/thumbs\/thumbs_instalacion04.jpg\"\n\t\t\t\t\twidth=\"120\"\n\t\t\t\t\theight=\"90\"\n\t\t\t\t\tstyle=\"max-width:100%;\"\n\t\t\t\t\/>\n\t\t\t<\/a>\n\t\t<\/div>\n\t\t\t\t\t\t\t<\/div>\n\t\t\t\n\t\n\t<br style=\"clear: both\" \/>\n\n\t\t<div class=\"slideshowlink\">\n\t\t<a href='https:\/\/blogsaverroes.juntadeandalucia.es\/ceipjuanporras\/el-centro-2\/nggallery\/slideshow'>[Mostrar presentaci\u00f3n de diapositivas]<\/a>\n\n\t<\/div>\n\t\n\t\t<!-- Pagination -->\n\t\t<div class='ngg-clear'><\/div>\t<\/div>\n<\/p>\n","protected":false},"excerpt":{"rendered":"<p>Datos de contacto: CEIP JUAN PORRAS Est\u00e1 visitando la p\u00e1gina Web de un Centro Educativo de Andaluc\u00eda (Espa\u00f1a). Triana es el n\u00facleo de poblaci\u00f3n del Norte del municipio m\u00e1s alejado del casco urbano de&#46;&#46;&#46;<\/p>\n","protected":false},"author":1,"featured_media":0,"parent":0,"menu_order":0,"comment_status":"closed","ping_status":"open","template":"page-cs.php","meta":{"ngg_post_thumbnail":0,"footnotes":"","_mc_calendar":[]},"aioseo_notices":[],"_links":{"self":[{"href":"https:\/\/blogsaverroes.juntadeandalucia.es\/ceipjuanporras\/wp-json\/wp\/v2\/pages\/35"}],"collection":[{"href":"https:\/\/blogsaverroes.juntadeandalucia.es\/ceipjuanporras\/wp-json\/wp\/v2\/pages"}],"about":[{"href":"https:\/\/blogsaverroes.juntadeandalucia.es\/ceipjuanporras\/wp-json\/wp\/v2\/types\/page"}],"author":[{"embeddable":true,"href":"https:\/\/blogsaverroes.juntadeandalucia.es\/ceipjuanporras\/wp-json\/wp\/v2\/users\/1"}],"replies":[{"embeddable":true,"href":"https:\/\/blogsaverroes.juntadeandalucia.es\/ceipjuanporras\/wp-json\/wp\/v2\/comments?post=35"}],"version-history":[{"count":27,"href":"https:\/\/blogsaverroes.juntadeandalucia.es\/ceipjuanporras\/wp-json\/wp\/v2\/pages\/35\/revisions"}],"predecessor-version":[{"id":2220,"href":"https:\/\/blogsaverroes.juntadeandalucia.es\/ceipjuanporras\/wp-json\/wp\/v2\/pages\/35\/revisions\/2220"}],"wp:attachment":[{"href":"https:\/\/blogsaverroes.juntadeandalucia.es\/ceipjuanporras\/wp-json\/wp\/v2\/media?parent=35"}],"curies":[{"name":"wp","href":"https:\/\/api.w.org\/{rel}","templated":true}]}}