{"id":44,"date":"2015-03-13T08:42:15","date_gmt":"2015-03-13T08:42:15","guid":{"rendered":"http:\/\/blogsaverroes.juntadeandalucia.es\/pre\/ceip\/?page_id=44"},"modified":"2024-12-05T11:59:19","modified_gmt":"2024-12-05T11:59:19","slug":"planes-y-proyectos","status":"publish","type":"page","link":"https:\/\/blogsaverroes.juntadeandalucia.es\/ceiplaalcazaba\/planes-y-proyectos\/","title":{"rendered":"Planes, Programas e Indicadores de Evaluaci\u00f3n"},"content":{"rendered":"<p><img decoding=\"async\" class=\"alignnone size-medium wp-image-1667\" src=\"http:\/\/blogsaverroes.juntadeandalucia.es\/ceiplaalcazaba\/files\/2015\/03\/planes-300x150.png\" alt=\"planes\" width=\"300\" height=\"150\" srcset=\"https:\/\/blogsaverroes.juntadeandalucia.es\/ceiplaalcazaba\/files\/2015\/03\/planes-300x150.png 300w, https:\/\/blogsaverroes.juntadeandalucia.es\/ceiplaalcazaba\/files\/2015\/03\/planes-332x166.png 332w, https:\/\/blogsaverroes.juntadeandalucia.es\/ceiplaalcazaba\/files\/2015\/03\/planes.png 640w\" sizes=\"(max-width: 300px) 100vw, 300px\" \/><\/p>\n<p>Cada centro personaliza y adapta su Proyecto Educativo adheriendose a diferentes <strong>Planes y Programas<\/strong> promovidos desde la Consejer\u00eda de Educaci\u00f3n, Cultura y Deporte. Nuestro centro cuenta con:<\/p>\n<ul>\n<li><a href=\"https:\/\/blogsaverroes.juntadeandalucia.es\/ceiplaalcazaba\/planes-y-proyectos\/proyecto-educativo-2\/\" rel=\"attachment wp-att-3726\">Proyecto Educativo<\/a><\/li>\n<li><strong>Proyecto Curricular de Centro<\/strong>\n<ul>\n<li><a href=\"https:\/\/blogsaverroes.juntadeandalucia.es\/ceiplaalcazaba\/planes-y-proyectos\/proyecto-curricular-primer-ciclo\/\" rel=\"attachment wp-att-3719\">PROYECTO CURRICULAR PRIMER CICLO<\/a><\/li>\n<li><a href=\"https:\/\/blogsaverroes.juntadeandalucia.es\/ceiplaalcazaba\/planes-y-proyectos\/proyecto-curricular-segundo-ciclo\/\" rel=\"attachment wp-att-3718\">PROYECTO CURRICULAR SEGUNDO CICLO<\/a><\/li>\n<li><a href=\"https:\/\/blogsaverroes.juntadeandalucia.es\/ceiplaalcazaba\/planes-y-proyectos\/proyecto-curricular-tercer-ciclo\/\" rel=\"attachment wp-att-3717\">PROYECTO CURRICULAR TERCER CICLO<\/a><\/li>\n<li><a href=\"https:\/\/blogsaverroes.juntadeandalucia.es\/ceiplaalcazaba\/planes-y-proyectos\/pcc-2a-lengua-extranjera-frances\/\" rel=\"attachment wp-att-3721\">PCC 2\u00aa LENGUA EXTRANJERA FR\u00c1NCES<\/a>.<\/li>\n<li><a href=\"https:\/\/blogsaverroes.juntadeandalucia.es\/ceiplaalcazaba\/files\/2023\/09\/INDICADORES-DE-EVALUACI\u00d3N-POR-\u00c1REA-Y-CURSO-1.docx.pdf\" rel=\"attachment wp-att-3722\">INDICADORES DE EVALUACI\u00d3N POR \u00c1REA Y CURSO<\/a>.<\/li>\n<\/ul>\n<\/li>\n<li><a href=\"https:\/\/blogsaverroes.juntadeandalucia.es\/ceiplaalcazaba\/planes-y-proyectos\/rof-18\/\" rel=\"attachment wp-att-3715\">ROF 20<\/a><\/li>\n<li><strong><a href=\"https:\/\/blogsaverroes.juntadeandalucia.es\/ceiplaalcazaba\/planes-y-proyectos\/proyecto-de-gestion-2016-revisado\/\" rel=\"attachment wp-att-3716\">Proyecto de Gesti\u00f3n.&nbsp;<\/a><\/strong><\/li>\n<li><a href=\"https:\/\/blogsaverroes.juntadeandalucia.es\/ceiplaalcazaba\/files\/2022\/01\/1-2-3-4-5-Actualizaci\u00f3n-plan-de-centro-2021-22.pdf\"><strong>Actualizaci\u00f3n Plan de Centro<\/strong><\/a><\/li>\n<li><a href=\"https:\/\/blogsaverroes.juntadeandalucia.es\/ceiplaalcazaba\/files\/2022\/01\/8.-Plan-de-mejora-21-22.pdf\"><strong>Plan de Mejora<\/strong><\/a><\/li>\n<li><strong><a href=\"https:\/\/blogsaverroes.juntadeandalucia.es\/ceiplaalcazaba\/files\/2022\/01\/6.-DISTRIBUCI\u00d3N-TEMPORAL-DE-LAS-REUNIONES-DE-LOS-\u00d3RGANOS-DE-COORDINACI\u00d3N-PEDAG\u00d3GICA-Y-GESTI\u00d3N-DEL-CENTRO-LA-ALCAZABA-2021-22.pdf\" rel=\"attachment wp-att-3685\">Distribuci\u00f3n temporal de las reuniones de los \u00d3rganos de Coordinaci\u00f3n Pedag\u00f3gica y Gesti\u00f3n del Centro.<\/a><\/strong><\/li>\n<li><strong><a href=\"https:\/\/blogsaverroes.juntadeandalucia.es\/ceiplaalcazaba\/files\/2022\/01\/11.-Curr\u00cdculo-integrado-segundo-ciclo.pdf\">Curr\u00edculo Integrado de las&nbsp; Lenguas Segundo Ciclo.<\/a><\/strong><strong><a href=\"https:\/\/blogsaverroes.juntadeandalucia.es\/ceiplaalcazaba\/files\/2020\/11\/15.Plan-trabajo-biblioteca-ludoteca-20-21.pdf\">Plan de trabajo <\/a><\/strong><\/li>\n<li><strong>Programa de Prevenci\u00f3n de violencia de G\u00e9nero y Valores Sociales y C\u00edvicos.&nbsp;<\/strong>\n<ul>\n<li><strong><a href=\"https:\/\/blogsaverroes.juntadeandalucia.es\/ceiplaalcazaba\/?page_id=3492&amp;preview=true\">D\u00eda Internacional de la No Violencia de G\u00e9nero.<\/a> <\/strong><\/li>\n<li><a href=\"https:\/\/blogsaverroes.juntadeandalucia.es\/ceiplaalcazaba\/banco-de-la-amistad\/\"><strong>Banco de la Amistad.<\/strong><\/a><\/li>\n<li><a href=\"https:\/\/blogsaverroes.juntadeandalucia.es\/ceiplaalcazaba\/galeria-de-dia-de-la-discapacidad\/\"><strong><strong>D\u00eda&nbsp; Internacional de las personas con discapacidad.<\/strong><\/strong><\/a><\/li>\n<li><a href=\"https:\/\/blogsaverroes.juntadeandalucia.es\/ceiplaalcazaba\/dia-de-la-discapacidad\/\">D\u00eda de la discapacidad (V\u00eddeo).<\/a><\/li>\n<li><a href=\"https:\/\/blogsaverroes.juntadeandalucia.es\/ceiplaalcazaba\/?page_id=3482&amp;preview=true\">Cuento Viajero con Valores Sociales y C\u00edvicos.<\/a>&nbsp;<\/li>\n<\/ul>\n<\/li>\n<li><a href=\"https:\/\/blogsaverroes.juntadeandalucia.es\/ceiplaalcazaba\/files\/2024\/12\/Proyecto-Bilingue-1.pdf\"><strong>Programa de centro Biling\u00fce. Enlace<\/strong><\/a><\/li>\n<li><a href=\"https:\/\/blogsaverroes.juntadeandalucia.es\/ceiplaalcazaba\/files\/2023\/03\/Ficha-Informativa-Auxiliares-de-Conversaci\u00f3n.pdf\">Information for language assistants. Enlace<\/a><\/li>\n<li><a href=\"https:\/\/blogsaverroes.juntadeandalucia.es\/ceiplaalcazaba\/files\/2022\/02\/modif_org_-y_flexibilizaci\u00f3n-curricular-2021F.pdf\">Medidas de flexibilizaci\u00f3n curricular.<\/a><\/li>\n<li><strong><a href=\"https:\/\/blogsaverroes.juntadeandalucia.es\/ceiplaalcazaba\/files\/2022\/01\/15.-Plan-trabajo-biblioteca-ludoteca-21-223924.pdf\">Biblioteca-ludoteca<\/a>.<\/strong><\/li>\n<li><strong>Plan de apertura: actividades extraescolares y aula matinal.<\/strong><\/li>\n<li><a href=\"https:\/\/blogsaverroes.juntadeandalucia.es\/ceiplaalcazaba\/files\/2022\/01\/16.-PLAN-CRECIENDO-EN-SALUD-2021-22.pdf\"><strong>Creciendo en Salud.&nbsp;<\/strong><strong>Plan de consumo de frutas y hortalizas en la escuela. Enlace<\/strong><\/a><\/li>\n<li><a href=\"https:\/\/blogsaverroes.juntadeandalucia.es\/ceiplaalcazaba\/files\/2022\/01\/14.-Plan-de-igualdad-Alcazaba-2021-22.pdf\"><strong>Plan de Igualdad entre hombres y mujeres.<\/strong><\/a><\/li>\n<li><a href=\"https:\/\/blogsaverroes.juntadeandalucia.es\/ceiplaalcazaba\/files\/2022\/01\/13.-PLAN-AUTOPROTECCI\u00d3N-2021-22.pdf\"><strong>Plan de Salud Laboral y P.R.L.<\/strong><\/a><\/li>\n<li><strong>Plan de Transformaci\u00f3n Digital Educativa de centros. TDE. <a href=\"https:\/\/blogsaverroes.juntadeandalucia.es\/ceiplaalcazaba\/files\/2024\/10\/Plan-Actuacion-Digital.pdf\" target=\"_blank\" rel=\"noopener noreferrer\">Enlace TDE 2024-25<\/a><\/strong><\/li>\n<li>&nbsp;<\/li>\n<li><a href=\"https:\/\/blogsaverroes.juntadeandalucia.es\/ceiplaalcazaba\/files\/2022\/01\/17.-PROA.pdf\"><strong>PROA. Programa de acompa\u00f1amiento escolar.<\/strong><\/a><\/li>\n<li><a href=\"https:\/\/blogsaverroes.juntadeandalucia.es\/ceiplaalcazaba\/files\/2022\/01\/18.-PROYECTO-COMUNICA-21-22.pdf\"><strong>Programa COMUNICA<\/strong><\/a><\/li>\n<li><strong>Practicum Grado Maestro.<\/strong><\/li>\n<li><strong>Pr\u00e1cticas alumnado universitario de magisterio.<\/strong><\/li>\n<\/ul>\n<p>Adem\u00e1s desde esta secci\u00f3n podr\u00e1s consultar los Indicadores de evaluaci\u00f3n por Ciclos y \u00e1reas de&nbsp; las diferentes asignaturas.&nbsp; Pincha en el enlace: <a href=\"https:\/\/blogsaverroes.juntadeandalucia.es\/ceiplaalcazaba\/files\/2023\/09\/INDICADORES-DE-EVALUACI\u00d3N-POR-\u00c1REA-Y-CURSO-1.docx.pdf\" target=\"_blank\" rel=\"attachment noopener wp-att-3263 noreferrer\">INDICADORES DE EVALUACI\u00d3N POR \u00c1REA Y CURSO.<\/a><\/p>\n","protected":false},"excerpt":{"rendered":"<p>Cada centro personaliza y adapta su Proyecto Educativo adheriendose a diferentes Planes y Programas promovidos desde la Consejer\u00eda de Educaci\u00f3n, Cultura y Deporte. Nuestro centro cuenta con: Proyecto Educativo Proyecto Curricular de Centro PROYECTO CURRICULAR PRIMER CICLO PROYECTO CURRICULAR SEGUNDO CICLO PROYECTO CURRICULAR TERCER CICLO PCC 2\u00aa LENGUA EXTRANJERA FR\u00c1NCES. INDICADORES DE EVALUACI\u00d3N POR \u00c1REA &hellip; <a href=\"https:\/\/blogsaverroes.juntadeandalucia.es\/ceiplaalcazaba\/planes-y-proyectos\/\" class=\"more-link\">Sigue leyendo <span class=\"screen-reader-text\">Planes, Programas e Indicadores de Evaluaci\u00f3n<\/span><\/a><\/p>\n","protected":false},"author":1,"featured_media":0,"parent":0,"menu_order":0,"comment_status":"closed","ping_status":"closed","template":"","meta":{"_exactmetrics_skip_tracking":false,"_exactmetrics_sitenote_active":false,"_exactmetrics_sitenote_note":"","_exactmetrics_sitenote_category":0,"ngg_post_thumbnail":0,"footnotes":"","_mc_calendar":[]},"aioseo_notices":[],"_links":{"self":[{"href":"https:\/\/blogsaverroes.juntadeandalucia.es\/ceiplaalcazaba\/wp-json\/wp\/v2\/pages\/44"}],"collection":[{"href":"https:\/\/blogsaverroes.juntadeandalucia.es\/ceiplaalcazaba\/wp-json\/wp\/v2\/pages"}],"about":[{"href":"https:\/\/blogsaverroes.juntadeandalucia.es\/ceiplaalcazaba\/wp-json\/wp\/v2\/types\/page"}],"author":[{"embeddable":true,"href":"https:\/\/blogsaverroes.juntadeandalucia.es\/ceiplaalcazaba\/wp-json\/wp\/v2\/users\/1"}],"replies":[{"embeddable":true,"href":"https:\/\/blogsaverroes.juntadeandalucia.es\/ceiplaalcazaba\/wp-json\/wp\/v2\/comments?post=44"}],"version-history":[{"count":60,"href":"https:\/\/blogsaverroes.juntadeandalucia.es\/ceiplaalcazaba\/wp-json\/wp\/v2\/pages\/44\/revisions"}],"predecessor-version":[{"id":3975,"href":"https:\/\/blogsaverroes.juntadeandalucia.es\/ceiplaalcazaba\/wp-json\/wp\/v2\/pages\/44\/revisions\/3975"}],"wp:attachment":[{"href":"https:\/\/blogsaverroes.juntadeandalucia.es\/ceiplaalcazaba\/wp-json\/wp\/v2\/media?parent=44"}],"curies":[{"name":"wp","href":"https:\/\/api.w.org\/{rel}","templated":true}]}}