{"id":44,"date":"2015-03-13T08:42:15","date_gmt":"2015-03-13T08:42:15","guid":{"rendered":"http:\/\/blogsaverroes.juntadeandalucia.es\/pre\/ceip\/?page_id=44"},"modified":"2025-08-08T10:14:12","modified_gmt":"2025-08-08T10:14:12","slug":"planes-y-proyectos","status":"publish","type":"page","link":"https:\/\/blogsaverroes.juntadeandalucia.es\/ceiplacampina\/planes-y-proyectos\/","title":{"rendered":"Planes y Programas CURSO 2025\/2026"},"content":{"rendered":"<p><img loading=\"lazy\" decoding=\"async\" class=\"alignnone size-medium wp-image-1667\" src=\"https:\/\/blogsaverroes.juntadeandalucia.es\/ceiplacampina\/files\/2015\/03\/planes-300x150.png\" alt=\"planes\" width=\"300\" height=\"150\" srcset=\"https:\/\/blogsaverroes.juntadeandalucia.es\/ceiplacampina\/files\/2015\/03\/planes-300x150.png 300w, https:\/\/blogsaverroes.juntadeandalucia.es\/ceiplacampina\/files\/2015\/03\/planes.png 640w\" sizes=\"(max-width: 300px) 100vw, 300px\" \/>&nbsp; &nbsp; &nbsp;<\/p>\n<h2><span style=\"color: #800080\"><strong>PLANES PERMANENTES:<\/strong><\/span><\/h2>\n<h2><strong>1- Salud Laboral y P.R.L<\/strong><\/h2>\n<p data-start=\"345\" data-end=\"366\"><span style=\"color: #ff6600\"><strong data-start=\"345\" data-end=\"366\">L\u00edneas de acci\u00f3n:<\/strong><\/span><\/p>\n<ol data-start=\"367\" data-end=\"1154\">\n<li data-start=\"367\" data-end=\"517\">\n<p data-start=\"370\" data-end=\"397\"><span style=\"color: #ff6600\"><strong data-start=\"370\" data-end=\"395\">Evaluaci\u00f3n de riesgos<\/strong><\/span><\/p>\n<\/li>\n<li data-start=\"519\" data-end=\"705\">\n<p data-start=\"522\" data-end=\"547\"><span style=\"color: #ff6600\"><strong data-start=\"522\" data-end=\"545\">Medidas preventivas<\/strong><\/span><\/p>\n<\/li>\n<li data-start=\"707\" data-end=\"864\">\n<p data-start=\"710\" data-end=\"743\"><span style=\"color: #ff6600\"><strong data-start=\"710\" data-end=\"741\">Formaci\u00f3n y sensibilizaci\u00f3n<\/strong><\/span><\/p>\n<\/li>\n<li data-start=\"866\" data-end=\"996\">\n<p data-start=\"869\" data-end=\"897\"><span style=\"color: #ff6600\"><strong data-start=\"869\" data-end=\"895\">Vigilancia de la salud<\/strong><\/span><\/p>\n<\/li>\n<li data-start=\"998\" data-end=\"1154\">\n<p data-start=\"1001\" data-end=\"1038\"><span style=\"color: #ff6600\"><strong data-start=\"1001\" data-end=\"1036\">Promoci\u00f3n del bienestar laboral<\/strong><\/span><\/p>\n<\/li>\n<\/ol>\n<h2><strong>2- Plan de Igualdad de G\u00e9nero en Educaci\u00f3n&nbsp;<\/strong><\/h2>\n<p data-start=\"290\" data-end=\"311\"><span style=\"color: #ff6600\"><strong data-start=\"290\" data-end=\"311\">L\u00edneas de acci\u00f3n:<\/strong><\/span><\/p>\n<ol data-start=\"312\" data-end=\"1125\">\n<li data-start=\"312\" data-end=\"464\">\n<p data-start=\"315\" data-end=\"348\"><span style=\"color: #ff6600\"><strong data-start=\"315\" data-end=\"346\">Sensibilizaci\u00f3n y formaci\u00f3n<\/strong><\/span><\/p>\n<\/li>\n<li data-start=\"466\" data-end=\"625\">\n<p data-start=\"469\" data-end=\"497\"><span style=\"color: #ff6600\"><strong data-start=\"469\" data-end=\"495\">Curr\u00edculo y materiales<\/strong><\/span><\/p>\n<\/li>\n<li data-start=\"627\" data-end=\"812\">\n<p data-start=\"630\" data-end=\"673\"><span style=\"color: #ff6600\"><strong data-start=\"630\" data-end=\"671\">Prevenci\u00f3n de la violencia y el acoso<\/strong><\/span><\/p>\n<\/li>\n<li data-start=\"814\" data-end=\"986\">\n<p data-start=\"817\" data-end=\"847\"><span style=\"color: #ff6600\"><strong data-start=\"817\" data-end=\"845\">Participaci\u00f3n equitativa<\/strong><\/span><\/p>\n<\/li>\n<li data-start=\"988\" data-end=\"1125\">\n<p data-start=\"991\" data-end=\"1021\"><span style=\"color: #ff6600\"><strong data-start=\"991\" data-end=\"1019\">Seguimiento y evaluaci\u00f3n<\/strong><\/span><\/p>\n<\/li>\n<\/ol>\n<h2><strong>3- Plan de Apertura de centros docentes<\/strong><\/h2>\n<p data-start=\"332\" data-end=\"353\"><span style=\"color: #ff6600\"><strong data-start=\"332\" data-end=\"353\">L\u00edneas de acci\u00f3n:<\/strong><\/span><\/p>\n<ol data-start=\"354\" data-end=\"1121\">\n<li data-start=\"354\" data-end=\"489\">\n<p data-start=\"357\" data-end=\"383\"><span style=\"color: #ff6600\"><strong data-start=\"357\" data-end=\"381\">Horario y calendario<\/strong><\/span><\/p>\n<\/li>\n<li data-start=\"491\" data-end=\"677\">\n<p data-start=\"494\" data-end=\"519\"><span style=\"color: #ff6600\"><strong data-start=\"494\" data-end=\"517\">Servicios ofrecidos<\/strong><\/span><\/p>\n<\/li>\n<li data-start=\"679\" data-end=\"864\">\n<p data-start=\"682\" data-end=\"710\"><span style=\"color: #ff6600\"><strong data-start=\"682\" data-end=\"708\">Gesti\u00f3n y coordinaci\u00f3n<\/strong><\/span><\/p>\n<\/li>\n<li data-start=\"866\" data-end=\"1000\">\n<p data-start=\"869\" data-end=\"897\"><span style=\"color: #ff6600\"><strong data-start=\"869\" data-end=\"895\">Seguridad y prevenci\u00f3n<\/strong><\/span><\/p>\n<\/li>\n<li data-start=\"1002\" data-end=\"1121\">\n<p data-start=\"1005\" data-end=\"1030\"><span style=\"color: #ff6600\"><strong data-start=\"1005\" data-end=\"1028\">Evaluaci\u00f3n y mejora<\/strong><\/span><\/p>\n<\/li>\n<\/ol>\n<h2><strong>4- Organizaci\u00f3n y funcionamiento de las Bibliotecas Escolares<\/strong><\/h2>\n<p data-start=\"360\" data-end=\"384\"><span style=\"color: #ff6600\"><strong data-start=\"360\" data-end=\"384\">L\u00edneas de actuaci\u00f3n:<\/strong><\/span><\/p>\n<ol data-start=\"386\" data-end=\"1488\">\n<li data-start=\"386\" data-end=\"613\">\n<p data-start=\"389\" data-end=\"415\"><span style=\"color: #ff6600\"><strong data-start=\"389\" data-end=\"413\">Estructura y gesti\u00f3n<\/strong><\/span><\/p>\n<\/li>\n<li data-start=\"615\" data-end=\"803\">\n<p data-start=\"618\" data-end=\"637\"><span style=\"color: #ff6600\"><strong data-start=\"618\" data-end=\"635\">Normas de uso<\/strong><\/span><\/p>\n<\/li>\n<li data-start=\"805\" data-end=\"978\">\n<p data-start=\"808\" data-end=\"833\"><span style=\"color: #ff6600\"><strong data-start=\"808\" data-end=\"831\">Servicios ofrecidos<\/strong><\/span><\/p>\n<\/li>\n<li data-start=\"980\" data-end=\"1159\">\n<p data-start=\"983\" data-end=\"1026\"><span style=\"color: #ff6600\"><strong data-start=\"983\" data-end=\"1024\">Actividades de animaci\u00f3n a la lectura<\/strong><\/span><\/p>\n<\/li>\n<li data-start=\"1161\" data-end=\"1328\">\n<p data-start=\"1164\" data-end=\"1182\"><span style=\"color: #ff6600\"><strong data-start=\"1164\" data-end=\"1180\">Colaboraci\u00f3n<\/strong><\/span><\/p>\n<\/li>\n<li data-start=\"1330\" data-end=\"1488\">\n<p data-start=\"1333\" data-end=\"1358\"><span style=\"color: #ff6600\"><strong data-start=\"1333\" data-end=\"1356\">Evaluaci\u00f3n y mejora<\/strong><\/span><\/p>\n<\/li>\n<\/ol>\n<h2><span style=\"color: #800080\"><strong>HASTA EL CURSO 2026<\/strong><\/span><\/h2>\n<h2><strong>5- Comunidad de Aprendizaje<\/strong><\/h2>\n<p data-start=\"444\" data-end=\"469\"><span style=\"color: #ff6600\"><strong data-start=\"444\" data-end=\"467\">Principios b\u00e1sicos:<\/strong><\/span><\/p>\n<ol data-start=\"470\" data-end=\"855\">\n<li data-start=\"470\" data-end=\"545\">\n<p data-start=\"473\" data-end=\"545\"><span style=\"color: #ff6600\"><strong data-start=\"473\" data-end=\"504\">Participaci\u00f3n e implicaci\u00f3n<\/strong>&nbsp;<\/span><\/p>\n<\/li>\n<li data-start=\"546\" data-end=\"643\">\n<p data-start=\"549\" data-end=\"643\"><span style=\"color: #ff6600\"><strong data-start=\"549\" data-end=\"574\">Aprendizaje dial\u00f3gico<\/strong><\/span><\/p>\n<\/li>\n<li data-start=\"644\" data-end=\"746\">\n<p data-start=\"647\" data-end=\"746\"><span style=\"color: #ff6600\"><strong data-start=\"647\" data-end=\"670\">Inclusi\u00f3n y equidad<\/strong><\/span><\/p>\n<\/li>\n<li data-start=\"747\" data-end=\"855\">\n<p data-start=\"750\" data-end=\"855\"><span style=\"color: #ff6600\"><strong data-start=\"750\" data-end=\"773\">Apertura al entorno<\/strong><\/span><\/p>\n<\/li>\n<\/ol>\n<p data-start=\"857\" data-end=\"895\"><span style=\"color: #ff6600\"><strong data-start=\"857\" data-end=\"893\">Actuaciones educativas de \u00e9xito:<\/strong><\/span><\/p>\n<ul data-start=\"896\" data-end=\"1349\">\n<li data-start=\"896\" data-end=\"982\">\n<p data-start=\"898\" data-end=\"982\"><span style=\"color: #ff6600\"><strong data-start=\"898\" data-end=\"921\">Grupos interactivos<\/strong><\/span><\/p>\n<\/li>\n<li data-start=\"983\" data-end=\"1083\">\n<p data-start=\"985\" data-end=\"1083\"><span style=\"color: #ff6600\"><strong data-start=\"985\" data-end=\"1009\">Tertulias dial\u00f3gicas<\/strong><\/span><\/p>\n<\/li>\n<li data-start=\"1084\" data-end=\"1168\">\n<p data-start=\"1086\" data-end=\"1168\"><span style=\"color: #ff6600\"><strong data-start=\"1086\" data-end=\"1126\">Participaci\u00f3n de familias en el aula<\/strong>:<\/span><\/p>\n<\/li>\n<li data-start=\"1084\" data-end=\"1168\">\n<p data-start=\"1086\" data-end=\"1168\"><span style=\"color: #ff6600\"><strong data-start=\"1171\" data-end=\"1198\">Formaci\u00f3n de familiares<\/strong><\/span><\/p>\n<\/li>\n<li data-start=\"1084\" data-end=\"1168\">\n<p data-start=\"1086\" data-end=\"1168\"><span style=\"color: #ff6600\"><strong data-start=\"1263\" data-end=\"1311\">Aprendizaje basado en proyectos comunitarios<\/strong><\/span><\/p>\n<\/li>\n<\/ul>\n<h2><strong>6- Programa de Atenci\u00f3n socio educativa ZTS<\/strong><\/h2>\n<p data-start=\"362\" data-end=\"388\"><span style=\"color: #ff6600\"><strong data-start=\"362\" data-end=\"386\">L\u00edneas de actuaci\u00f3n:<\/strong><\/span><\/p>\n<ol data-start=\"389\" data-end=\"1158\">\n<li data-start=\"389\" data-end=\"543\">\n<p data-start=\"392\" data-end=\"416\"><span style=\"color: #ff6600\"><strong data-start=\"392\" data-end=\"414\">Refuerzo educativo<\/strong><\/span><\/p>\n<\/li>\n<li data-start=\"545\" data-end=\"702\">\n<p data-start=\"548\" data-end=\"577\"><span style=\"color: #ff6600\"><strong data-start=\"548\" data-end=\"575\">Atenci\u00f3n socioemocional<\/strong><\/span><\/p>\n<\/li>\n<li data-start=\"545\" data-end=\"702\">\n<p data-start=\"548\" data-end=\"577\"><span style=\"color: #ff6600\"><strong data-start=\"707\" data-end=\"733\">Participaci\u00f3n familiar<\/strong><\/span><\/p>\n<\/li>\n<li data-start=\"858\" data-end=\"1002\">\n<p data-start=\"861\" data-end=\"892\"><span style=\"color: #ff6600\"><strong data-start=\"861\" data-end=\"890\">Prevenci\u00f3n del absentismo<\/strong><\/span><\/p>\n<\/li>\n<li data-start=\"858\" data-end=\"1002\">\n<p data-start=\"861\" data-end=\"892\"><span style=\"color: #ff6600\"><strong data-start=\"1007\" data-end=\"1035\">Actividades comunitarias<\/strong><\/span><\/p>\n<\/li>\n<\/ol>\n<h2><span style=\"color: #800080\"><strong>PROGRAMAS ANUALES<\/strong><\/span><\/h2>\n<h2><strong>7- Bienestar y Protecci\u00f3n Infancia y Adolescencia\/Convivencia Escolar<\/strong><\/h2>\n<p data-start=\"495\" data-end=\"521\"><span style=\"color: #ff6600\"><strong data-start=\"495\" data-end=\"519\">L\u00edneas de actuaci\u00f3n:<\/strong><\/span><\/p>\n<ol data-start=\"523\" data-end=\"1496\">\n<li data-start=\"523\" data-end=\"723\">\n<p data-start=\"526\" data-end=\"560\"><span style=\"color: #ff6600\"><strong data-start=\"526\" data-end=\"558\">Prevenci\u00f3n y sensibilizaci\u00f3n<\/strong><\/span><\/p>\n<\/li>\n<li data-start=\"523\" data-end=\"723\">\n<p data-start=\"526\" data-end=\"560\"><span style=\"color: #ff6600\"><strong data-start=\"728\" data-end=\"754\">Detecci\u00f3n y protecci\u00f3n<\/strong><\/span><\/p>\n<\/li>\n<li data-start=\"939\" data-end=\"1113\">\n<p data-start=\"942\" data-end=\"975\"><span style=\"color: #ff6600\"><strong data-start=\"942\" data-end=\"973\">Promoci\u00f3n de la convivencia<\/strong><\/span><\/p>\n<\/li>\n<li data-start=\"939\" data-end=\"1113\">\n<p data-start=\"942\" data-end=\"975\"><span style=\"color: #ff6600\"><strong data-start=\"1118\" data-end=\"1161\">Participaci\u00f3n de la comunidad educativa<\/strong><\/span><\/p>\n<\/li>\n<li data-start=\"1326\" data-end=\"1496\">\n<p data-start=\"1329\" data-end=\"1359\"><span style=\"color: #ff6600\"><strong data-start=\"1329\" data-end=\"1357\">Seguimiento y evaluaci\u00f3n<\/strong><\/span><\/p>\n<\/li>\n<\/ol>\n<h2><strong>8- M\u00e1s Equidad<\/strong><\/h2>\n<ul>\n<li data-start=\"360\" data-end=\"542\">\n<p data-start=\"363\" data-end=\"398\"><span style=\"color: #ff6600\"><strong data-start=\"363\" data-end=\"396\">Apoyo educativo personalizado<\/strong><\/span><\/p>\n<\/li>\n<li data-start=\"544\" data-end=\"729\">\n<p data-start=\"547\" data-end=\"574\"><span style=\"color: #ff6600\"><strong data-start=\"547\" data-end=\"572\">Recursos y materiale<\/strong><\/span><\/p>\n<\/li>\n<li data-start=\"544\" data-end=\"729\">\n<p data-start=\"547\" data-end=\"574\"><span style=\"color: #ff6600\"><strong data-start=\"734\" data-end=\"761\">Atenci\u00f3n socioemocional<\/strong><\/span><\/p>\n<\/li>\n<li data-start=\"895\" data-end=\"1071\">\n<p data-start=\"898\" data-end=\"933\"><span style=\"color: #ff6600\"><strong data-start=\"898\" data-end=\"931\">Participaci\u00f3n de las familias<\/strong><\/span><\/p>\n<\/li>\n<li data-start=\"895\" data-end=\"1071\">\n<p data-start=\"898\" data-end=\"933\"><span style=\"color: #ff6600\"><strong data-start=\"1076\" data-end=\"1107\">Colaboraci\u00f3n con el entorno<\/strong><\/span><\/p>\n<\/li>\n<\/ul>\n<h2><strong>9- Practicum grado maestro<\/strong><\/h2>\n<ul>\n<li data-start=\"398\" data-end=\"622\">\n<p data-start=\"401\" data-end=\"416\"><span style=\"color: #ff6600\"><strong data-start=\"401\" data-end=\"414\">Finalidad<\/strong><\/span><\/p>\n<ul data-start=\"420\" data-end=\"622\">\n<li data-start=\"420\" data-end=\"473\">\n<p data-start=\"422\" data-end=\"473\"><span style=\"color: #ff6600\">Conocer el funcionamiento de un centro educativo.<\/span><\/p>\n<\/li>\n<li data-start=\"477\" data-end=\"542\">\n<p data-start=\"479\" data-end=\"542\"><span style=\"color: #ff6600\">Observar, participar y reflexionar sobre la pr\u00e1ctica docente.<\/span><\/p>\n<\/li>\n<li data-start=\"546\" data-end=\"622\">\n<p data-start=\"548\" data-end=\"622\"><span style=\"color: #ff6600\">Desarrollar habilidades de planificaci\u00f3n, gesti\u00f3n del aula y evaluaci\u00f3n.<\/span><\/p>\n<\/li>\n<\/ul>\n<\/li>\n<li data-start=\"624\" data-end=\"902\">\n<p data-start=\"627\" data-end=\"643\"><span style=\"color: #ff6600\"><strong data-start=\"627\" data-end=\"641\">Estructura<\/strong><\/span><\/p>\n<ul data-start=\"647\" data-end=\"902\">\n<li data-start=\"647\" data-end=\"713\">\n<p data-start=\"649\" data-end=\"713\"><span style=\"color: #ff6600\"><strong data-start=\"649\" data-end=\"664\">Pr\u00e1cticum I<\/strong>: Observaci\u00f3n y an\u00e1lisis del centro y del aula.<\/span><\/p>\n<\/li>\n<li data-start=\"717\" data-end=\"794\">\n<p data-start=\"719\" data-end=\"794\"><span style=\"color: #ff6600\"><strong data-start=\"719\" data-end=\"735\">Pr\u00e1cticum II<\/strong>: Participaci\u00f3n activa en actividades y apoyo al docente.<\/span><\/p>\n<\/li>\n<li data-start=\"798\" data-end=\"902\">\n<p data-start=\"800\" data-end=\"902\"><span style=\"color: #ff6600\"><strong data-start=\"800\" data-end=\"817\">Pr\u00e1cticum III<\/strong>: Dise\u00f1o e implementaci\u00f3n de unidades did\u00e1cticas y asunci\u00f3n parcial de la docencia.<\/span><\/p>\n<\/li>\n<\/ul>\n<\/li>\n<li data-start=\"904\" data-end=\"1185\">\n<p data-start=\"907\" data-end=\"931\"><span style=\"color: #ff6600\"><strong data-start=\"907\" data-end=\"929\">Agentes implicados<\/strong><\/span><\/p>\n<ul data-start=\"935\" data-end=\"1185\">\n<li data-start=\"935\" data-end=\"1013\">\n<p data-start=\"937\" data-end=\"1013\"><span style=\"color: #ff6600\"><strong data-start=\"937\" data-end=\"958\">Tutor\/a de centro<\/strong>: maestro\/a que acompa\u00f1a al estudiante en el colegio.<\/span><\/p>\n<\/li>\n<li data-start=\"1017\" data-end=\"1098\">\n<p data-start=\"1019\" data-end=\"1098\"><span style=\"color: #ff6600\"><strong data-start=\"1019\" data-end=\"1044\">Tutor\/a universitario<\/strong>: profesor\/a que gu\u00eda y eval\u00faa el proceso acad\u00e9mico.<\/span><\/p>\n<\/li>\n<li data-start=\"1102\" data-end=\"1185\">\n<p data-start=\"1104\" data-end=\"1185\"><span style=\"color: #ff6600\"><strong data-start=\"1104\" data-end=\"1131\">Estudiante en pr\u00e1cticas<\/strong>: protagonista activo de su aprendizaje profesional.<\/span><\/p>\n<\/li>\n<\/ul>\n<\/li>\n<\/ul>\n<h2><strong>10- Prevenci\u00f3n de la Violencia de G\u00e9nero<\/strong><\/h2>\n<p><strong><span style=\"color: #ff6600\">L\u00edneas&nbsp; de actuaci\u00f3n<\/span><\/strong><\/p>\n<ul>\n<li data-start=\"374\" data-end=\"612\">\n<p data-start=\"377\" data-end=\"410\"><strong><span style=\"color: #ff6600\">Sensibilizaci\u00f3n y formaci\u00f3n<\/span><\/strong><\/p>\n<\/li>\n<li data-start=\"374\" data-end=\"612\">\n<p data-start=\"377\" data-end=\"410\"><strong><span style=\"color: #ff6600\">Educaci\u00f3n en valores<\/span><\/strong><\/p>\n<\/li>\n<li data-start=\"374\" data-end=\"612\">\n<p data-start=\"377\" data-end=\"410\"><strong><span style=\"color: #ff6600\">Detecci\u00f3n y actuaci\u00f3n<\/span><\/strong><\/p>\n<\/li>\n<li data-start=\"1039\" data-end=\"1218\">\n<p data-start=\"1042\" data-end=\"1087\"><strong><span style=\"color: #ff6600\">Participaci\u00f3n de la comunidad educativa<\/span><\/strong><\/p>\n<\/li>\n<li data-start=\"1220\" data-end=\"1376\">\n<p data-start=\"1223\" data-end=\"1253\"><strong><span style=\"color: #ff6600\">Seguimiento y evaluaci\u00f3n<\/span><\/strong><\/p>\n<\/li>\n<\/ul>\n<h2><span style=\"color: #000000\"><strong>11- PROA + Transf\u00f3rmate FSE+<\/strong><\/span><\/h2>\n<p data-start=\"379\" data-end=\"405\"><span style=\"color: #ff6600\"><strong data-start=\"379\" data-end=\"403\">L\u00edneas de actuaci\u00f3n:<\/strong><\/span><\/p>\n<ul data-start=\"406\" data-end=\"702\">\n<li data-start=\"406\" data-end=\"486\">\n<p data-start=\"408\" data-end=\"486\"><span style=\"color: #ff6600\">Refuerzo educativo en competencias b\u00e1sicas (lectura, matem\u00e1ticas, ciencias).<\/span><\/p>\n<\/li>\n<li data-start=\"487\" data-end=\"534\">\n<p data-start=\"489\" data-end=\"534\"><span style=\"color: #ff6600\">Apoyo socioemocional y orientaci\u00f3n escolar.<\/span><\/p>\n<\/li>\n<li data-start=\"535\" data-end=\"577\">\n<p data-start=\"537\" data-end=\"577\"><span style=\"color: #ff6600\">Participaci\u00f3n y formaci\u00f3n de familias.<\/span><\/p>\n<\/li>\n<li data-start=\"578\" data-end=\"639\">\n<p data-start=\"580\" data-end=\"639\"><span style=\"color: #ff6600\">Coordinaci\u00f3n con servicios sociales y entidades externas.<\/span><\/p>\n<\/li>\n<li data-start=\"640\" data-end=\"702\">\n<p data-start=\"642\" data-end=\"702\"><span style=\"color: #ff6600\">Uso de recursos TIC para la personalizaci\u00f3n del aprendizaje.<\/span><\/p>\n<\/li>\n<\/ul>\n<p data-start=\"704\" data-end=\"826\"><span style=\"color: #ff6600\"><strong data-start=\"704\" data-end=\"722\">Destinatarios:<\/strong><\/span><br data-start=\"722\" data-end=\"725\"\/><span style=\"color: #ff6600\">Alumnado en riesgo de fracaso escolar, principalmente en zonas con necesidades educativas especiales.<\/span><\/p>\n<h2><strong>12- Red Andaluza Escuela: \u00abEspacio de Paz\u00bb<\/strong><\/h2>\n<p data-start=\"338\" data-end=\"366\"><span style=\"color: #ff6600\"><strong data-start=\"338\" data-end=\"364\">Objetivos principales:<\/strong><\/span><\/p>\n<ul data-start=\"367\" data-end=\"674\">\n<li data-start=\"367\" data-end=\"431\">\n<p data-start=\"369\" data-end=\"431\"><span style=\"color: #ff6600\">Crear ambientes escolares seguros, inclusivos y respetuosos.<\/span><\/p>\n<\/li>\n<li data-start=\"432\" data-end=\"513\">\n<p data-start=\"434\" data-end=\"513\"><span style=\"color: #ff6600\">Promover la educaci\u00f3n en valores como el respeto, la empat\u00eda y la tolerancia.<\/span><\/p>\n<\/li>\n<li data-start=\"514\" data-end=\"587\">\n<p data-start=\"516\" data-end=\"587\"><span style=\"color: #ff6600\">Impulsar estrategias de mediaci\u00f3n y di\u00e1logo para resolver conflictos.<\/span><\/p>\n<\/li>\n<li data-start=\"588\" data-end=\"674\">\n<p data-start=\"590\" data-end=\"674\"><span style=\"color: #ff6600\">Involucrar a toda la comunidad educativa en la construcci\u00f3n de una cultura de paz.<\/span><\/p>\n<\/li>\n<\/ul>\n<p data-start=\"676\" data-end=\"702\"><span style=\"color: #ff6600\"><strong data-start=\"676\" data-end=\"700\">L\u00edneas de actuaci\u00f3n:<\/strong><\/span><\/p>\n<ol data-start=\"703\" data-end=\"1088\">\n<li data-start=\"703\" data-end=\"783\">\n<p data-start=\"706\" data-end=\"783\"><span style=\"color: #ff6600\">Formaci\u00f3n del profesorado en gesti\u00f3n de la convivencia y mediaci\u00f3n escolar.<\/span><\/p>\n<\/li>\n<li data-start=\"784\" data-end=\"864\">\n<p data-start=\"787\" data-end=\"864\"><span style=\"color: #ff6600\">Programas y talleres para alumnado sobre resoluci\u00f3n pac\u00edfica de conflictos.<\/span><\/p>\n<\/li>\n<li data-start=\"865\" data-end=\"936\">\n<p data-start=\"868\" data-end=\"936\"><span style=\"color: #ff6600\">Creaci\u00f3n de comit\u00e9s o equipos de convivencia y paz en los centros.<\/span><\/p>\n<\/li>\n<li data-start=\"937\" data-end=\"1016\">\n<p data-start=\"940\" data-end=\"1016\"><span style=\"color: #ff6600\">Participaci\u00f3n activa de familias y agentes externos (ayuntamientos, ONGs).<\/span><\/p>\n<\/li>\n<li data-start=\"1017\" data-end=\"1088\">\n<p data-start=\"1020\" data-end=\"1088\"><span style=\"color: #ff6600\">Promoci\u00f3n de actividades culturales y campa\u00f1as de sensibilizaci\u00f3n.<\/span><\/p>\n<\/li>\n<\/ol>\n<h2><strong>13- Transformaci\u00f3n Digital Educativa TDE<\/strong><\/h2>\n<p data-start=\"767\" data-end=\"793\"><span style=\"color: #ff6600\"><strong data-start=\"767\" data-end=\"791\">L\u00edneas de actuaci\u00f3n:<\/strong><\/span><\/p>\n<ol data-start=\"794\" data-end=\"1224\">\n<li data-start=\"794\" data-end=\"886\">\n<p data-start=\"797\" data-end=\"886\"><span style=\"color: #ff6600\"><strong data-start=\"797\" data-end=\"819\">Formaci\u00f3n continua<\/strong> del profesorado en competencias digitales y nuevas metodolog\u00edas.<\/span><\/p>\n<\/li>\n<li data-start=\"887\" data-end=\"975\">\n<p data-start=\"890\" data-end=\"975\"><span style=\"color: #ff6600\"><strong data-start=\"890\" data-end=\"914\">Dotaci\u00f3n tecnol\u00f3gica<\/strong> adecuada: dispositivos, conectividad y software educativo.<\/span><\/p>\n<\/li>\n<li data-start=\"976\" data-end=\"1066\">\n<p data-start=\"979\" data-end=\"1066\"><span style=\"color: #ff6600\"><strong data-start=\"979\" data-end=\"1012\">Implementaci\u00f3n de plataformas<\/strong> para la comunicaci\u00f3n, gesti\u00f3n y aprendizaje online.<\/span><\/p>\n<\/li>\n<li data-start=\"1067\" data-end=\"1143\">\n<p data-start=\"1070\" data-end=\"1143\"><span style=\"color: #ff6600\"><strong data-start=\"1070\" data-end=\"1108\">Desarrollo de contenidos digitales<\/strong> y recursos multimedia adaptados.<\/span><\/p>\n<\/li>\n<li data-start=\"1144\" data-end=\"1224\">\n<p data-start=\"1147\" data-end=\"1224\"><span style=\"color: #ff6600\"><strong data-start=\"1147\" data-end=\"1175\">Evaluaci\u00f3n y seguimiento<\/strong> del impacto de la digitalizaci\u00f3n en el centro.<\/span><\/p>\n<\/li>\n<\/ol>\n<h2><strong>14- Programa CIMA<\/strong><\/h2>\n<p><span style=\"color: #ff6600\"><strong data-start=\"165\" data-end=\"186\">Objetivo general:<\/strong><\/span><br data-start=\"186\" data-end=\"189\"\/><span style=\"color: #ff6600\">Impulsar la innovaci\u00f3n pedag\u00f3gica y mejorar la calidad educativa mediante la experimentaci\u00f3n y difusi\u00f3n de nuevas metodolog\u00edas, recursos y tecnolog\u00edas en los centros educativos.<\/span><\/p>\n<ul>\n<li>\n<h2><strong>Creciendo en Salud<\/strong><\/h2>\n<\/li>\n<li>\n<h2><strong>Aldea<\/strong><\/h2>\n<\/li>\n<li>\n<h2><strong>STEAM<\/strong><\/h2>\n<\/li>\n<li>\n<h2><strong>Arte y cultura<\/strong><\/h2>\n<\/li>\n<li>\n<h2><strong>PLC, comunicaci\u00f3n y alfabetizaci\u00f3nmedi\u00e1tica e informaciones<\/strong><\/h2>\n<\/li>\n<\/ul>\n<h2><strong>15- Programa Escolar de Consumo de Frutas, Hortalizas y Leche<\/strong><\/h2>\n<p data-start=\"363\" data-end=\"389\"><span style=\"color: #ff6600\"><strong data-start=\"363\" data-end=\"387\">L\u00edneas de actuaci\u00f3n:<\/strong><\/span><\/p>\n<ol data-start=\"391\" data-end=\"1209\">\n<li data-start=\"391\" data-end=\"589\">\n<p data-start=\"394\" data-end=\"422\"><span style=\"color: #ff6600\"><strong data-start=\"394\" data-end=\"420\">Distribuci\u00f3n y consumo<\/strong><\/span><\/p>\n<\/li>\n<li data-start=\"591\" data-end=\"814\">\n<p data-start=\"594\" data-end=\"621\"><span style=\"color: #ff6600\"><strong data-start=\"594\" data-end=\"619\">Educaci\u00f3n nutricional<\/strong><\/span><\/p>\n<\/li>\n<li data-start=\"591\" data-end=\"814\">\n<p data-start=\"594\" data-end=\"621\"><span style=\"color: #ff6600\"><strong data-start=\"819\" data-end=\"859\">Participaci\u00f3n familiar y comunitaria<\/strong><\/span><\/p>\n<\/li>\n<li data-start=\"1057\" data-end=\"1209\">\n<p data-start=\"1060\" data-end=\"1090\"><span style=\"color: #ff6600\"><strong data-start=\"1060\" data-end=\"1088\">Seguimiento y evaluaci\u00f3n<\/strong><\/span><\/p>\n<\/li>\n<\/ol>\n<h2>16 &#8211; Investiga y Descubre<\/h2>\n<p data-start=\"860\" data-end=\"886\"><span style=\"color: #ff6600\"><strong data-start=\"860\" data-end=\"884\">L\u00edneas de actuaci\u00f3n:<\/strong><\/span><\/p>\n<ol data-start=\"887\" data-end=\"1366\">\n<li data-start=\"887\" data-end=\"990\">\n<p data-start=\"890\" data-end=\"990\"><span style=\"color: #ff6600\"><strong data-start=\"890\" data-end=\"920\">Proyectos de investigaci\u00f3n<\/strong> sobre temas cient\u00edficos, tecnol\u00f3gicos, medioambientales o sociales.<\/span><\/p>\n<\/li>\n<li data-start=\"991\" data-end=\"1081\">\n<p data-start=\"994\" data-end=\"1081\"><span style=\"color: #ff6600\"><strong data-start=\"994\" data-end=\"1030\">Talleres y actividades pr\u00e1cticas<\/strong> que permitan experimentar y descubrir fen\u00f3menos.<\/span><\/p>\n<\/li>\n<li data-start=\"1082\" data-end=\"1171\">\n<p data-start=\"1085\" data-end=\"1171\"><span style=\"color: #ff6600\"><strong data-start=\"1085\" data-end=\"1138\">Uso de recursos digitales y materiales did\u00e1cticos<\/strong> para facilitar el aprendizaje.<\/span><\/p>\n<\/li>\n<li data-start=\"1172\" data-end=\"1266\">\n<p data-start=\"1175\" data-end=\"1266\"><span style=\"color: #ff6600\"><strong data-start=\"1175\" data-end=\"1208\">Exposiciones y presentaciones<\/strong> de los trabajos realizados ante la comunidad educativa.<\/span><\/p>\n<\/li>\n<li data-start=\"1267\" data-end=\"1366\">\n<p data-start=\"1270\" data-end=\"1366\"><span style=\"color: #ff6600\"><strong data-start=\"1270\" data-end=\"1309\">Colaboraci\u00f3n con entidades externas<\/strong> como museos, universidades o centros de investigaci\u00f3n.<\/span><\/p>\n<\/li>\n<\/ol>\n<h2><span style=\"color: #000000\"><strong>17- Aulas Verdes<\/strong><\/span><\/h2>\n<p data-start=\"578\" data-end=\"604\"><span style=\"color: #ff6600\"><strong data-start=\"578\" data-end=\"602\">L\u00edneas de actuaci\u00f3n:<\/strong><\/span><\/p>\n<ol data-start=\"605\" data-end=\"1120\">\n<li data-start=\"605\" data-end=\"706\">\n<p data-start=\"608\" data-end=\"706\"><span style=\"color: #ff6600\"><strong data-start=\"608\" data-end=\"641\">Actividades en la naturaleza:<\/strong> excursiones, talleres de campo, huertos escolares y reciclaje.<\/span><\/p>\n<\/li>\n<li data-start=\"707\" data-end=\"807\">\n<p data-start=\"710\" data-end=\"807\"><span style=\"color: #ff6600\"><strong data-start=\"710\" data-end=\"736\">Proyectos ambientales:<\/strong> cuidado de espacios verdes, compostaje, campa\u00f1as de sensibilizaci\u00f3n.<\/span><\/p>\n<\/li>\n<li data-start=\"808\" data-end=\"912\">\n<p data-start=\"811\" data-end=\"912\"><span style=\"color: #ff6600\"><strong data-start=\"811\" data-end=\"838\">Integraci\u00f3n curricular:<\/strong> incorporaci\u00f3n de contenidos medioambientales en diferentes asignaturas.<\/span><\/p>\n<\/li>\n<li data-start=\"913\" data-end=\"1030\">\n<p data-start=\"916\" data-end=\"1030\"><span style=\"color: #ff6600\"><strong data-start=\"916\" data-end=\"947\">Colaboraci\u00f3n con entidades:<\/strong> participaci\u00f3n de asociaciones ecologistas, ayuntamientos y t\u00e9cnicos ambientales.<\/span><\/p>\n<\/li>\n<li data-start=\"1031\" data-end=\"1120\">\n<p data-start=\"1034\" data-end=\"1120\"><span style=\"color: #ff6600\"><strong data-start=\"1034\" data-end=\"1076\">Concienciaci\u00f3n familiar y comunitaria:<\/strong> jornadas y charlas para familias y vecinos.<\/span><\/p>\n<\/li>\n<\/ol>\n<h2>&nbsp;<\/h2>\n","protected":false},"excerpt":{"rendered":"<p>&nbsp; &nbsp; &nbsp; PLANES PERMANENTES: 1- Salud Laboral y P.R.L L\u00edneas de acci\u00f3n: Evaluaci\u00f3n de riesgos Medidas preventivas Formaci\u00f3n y sensibilizaci\u00f3n Vigilancia de la salud Promoci\u00f3n del bienestar laboral 2- Plan de Igualdad de&#46;&#46;&#46;<\/p>\n","protected":false},"author":1,"featured_media":0,"parent":0,"menu_order":0,"comment_status":"closed","ping_status":"closed","template":"","meta":{"ngg_post_thumbnail":0,"footnotes":"","_mc_calendar":[]},"aioseo_notices":[],"_links":{"self":[{"href":"https:\/\/blogsaverroes.juntadeandalucia.es\/ceiplacampina\/wp-json\/wp\/v2\/pages\/44"}],"collection":[{"href":"https:\/\/blogsaverroes.juntadeandalucia.es\/ceiplacampina\/wp-json\/wp\/v2\/pages"}],"about":[{"href":"https:\/\/blogsaverroes.juntadeandalucia.es\/ceiplacampina\/wp-json\/wp\/v2\/types\/page"}],"author":[{"embeddable":true,"href":"https:\/\/blogsaverroes.juntadeandalucia.es\/ceiplacampina\/wp-json\/wp\/v2\/users\/1"}],"replies":[{"embeddable":true,"href":"https:\/\/blogsaverroes.juntadeandalucia.es\/ceiplacampina\/wp-json\/wp\/v2\/comments?post=44"}],"version-history":[{"count":13,"href":"https:\/\/blogsaverroes.juntadeandalucia.es\/ceiplacampina\/wp-json\/wp\/v2\/pages\/44\/revisions"}],"predecessor-version":[{"id":4019,"href":"https:\/\/blogsaverroes.juntadeandalucia.es\/ceiplacampina\/wp-json\/wp\/v2\/pages\/44\/revisions\/4019"}],"wp:attachment":[{"href":"https:\/\/blogsaverroes.juntadeandalucia.es\/ceiplacampina\/wp-json\/wp\/v2\/media?parent=44"}],"curies":[{"name":"wp","href":"https:\/\/api.w.org\/{rel}","templated":true}]}}